{"id":1252,"date":"2021-11-29T09:38:30","date_gmt":"2021-11-29T08:38:30","guid":{"rendered":"https:\/\/www.praha14.cz\/ctrnactka-podle-vas\/?page_id=1252"},"modified":"2023-01-19T10:46:50","modified_gmt":"2023-01-19T09:46:50","slug":"co-je-jiz-hotovo-4","status":"publish","type":"page","link":"https:\/\/www.praha14.cz\/ctrnactka-podle-vas\/centralni-park-cerny-most\/co-je-jiz-hotovo-4\/","title":{"rendered":"Co je ji\u017e hotovo"},"content":{"rendered":"<p><strong>P\u0159\u00edprava podklad\u016f a mapov\u00e1n\u00ed oblasti<\/strong><\/p>\n<ul>\n<li>V\u00a0roce 2016 prob\u011bhl soci\u00e1ln\u011b \u2013 antropologick\u00fd pr\u016fzkum pot\u0159eb u\u017eivatel\u016f a n\u00e1v\u0161t\u011bvn\u00edk\u016f parku.<\/li>\n<li>Na p\u0159elomu roku 2018\/2019 bylo p\u0159ipraveno zad\u00e1n\u00ed a podklady k\u00a0p\u0159\u00edprav\u011b architektonick\u00e9 sout\u011b\u017ee na budouc\u00ed podobu Centr\u00e1ln\u00edho parku \u010cern\u00fd Most.<\/li>\n<li>Prob\u011bhlo kontaktov\u00e1n\u00ed kl\u00ed\u010dov\u00fdch akt\u00e9r\u016f v\u00a0oblasti a ur\u010den\u00ed rozsahu revitalizace.<\/li>\n<\/ul>\n<p><strong>Architektonick\u00e1 sout\u011b\u017e<\/strong><\/p>\n<ul>\n<li>V\u00a0roce 2019 byla vyps\u00e1na architektonick\u00e1 sout\u011b\u017e na zpracov\u00e1n\u00ed revitalizace Centr\u00e1ln\u00edho parku \u010cern\u00fd Most.<\/li>\n<li>Porota \u0159e\u0161ila 3 n\u00e1vrhy od p\u0159ihl\u00e1\u0161en\u00fdch subjekt\u016f.<\/li>\n<\/ul>\n<p><strong>Ve\u0159ejn\u00e9 projedn\u00e1n\u00ed sout\u011b\u017en\u00edch n\u00e1vrh\u016f s\u00a0ve\u0159ejnost\u00ed &#8211; 2019<\/strong><\/p>\n<p><a href=\"https:\/\/www.praha14.cz\/app\/uploads\/sites\/5\/2021\/11\/Pozvanka_VP_2019.jpg\" target=\"_blank\" rel=\"noopener\" data-rel=\"lightbox-image-0\" data-rl_title=\"\" data-rl_caption=\"\" title=\"\"><img loading=\"lazy\" decoding=\"async\" class=\"alignnone wp-image-1282\" src=\"https:\/\/www.praha14.cz\/app\/uploads\/sites\/5\/2021\/11\/Pozvanka_VP_2019.jpg\" alt=\"\" width=\"122\" height=\"173\" srcset=\"https:\/\/www.praha14.cz\/app\/uploads\/sites\/5\/2021\/11\/Pozvanka_VP_2019.jpg 1240w, https:\/\/www.praha14.cz\/app\/uploads\/sites\/5\/2021\/11\/Pozvanka_VP_2019-212x300.jpg 212w, https:\/\/www.praha14.cz\/app\/uploads\/sites\/5\/2021\/11\/Pozvanka_VP_2019-724x1024.jpg 724w, https:\/\/www.praha14.cz\/app\/uploads\/sites\/5\/2021\/11\/Pozvanka_VP_2019-768x1086.jpg 768w, https:\/\/www.praha14.cz\/app\/uploads\/sites\/5\/2021\/11\/Pozvanka_VP_2019-1086x1536.jpg 1086w\" sizes=\"(max-width: 122px) 100vw, 122px\" \/><\/a>\u00a0 \u00a0 \u00a0 <a href=\"https:\/\/www.praha14.cz\/app\/uploads\/sites\/5\/2021\/11\/LokalniForum-Central-park-201605-scaled.jpg\" target=\"_blank\" rel=\"noopener\" data-rel=\"lightbox-image-1\" data-rl_title=\"\" data-rl_caption=\"\" title=\"\"><img loading=\"lazy\" decoding=\"async\" class=\"alignnone wp-image-1280\" src=\"https:\/\/www.praha14.cz\/app\/uploads\/sites\/5\/2021\/11\/LokalniForum-Central-park-201605-scaled.jpg\" alt=\"\" width=\"260\" height=\"173\" srcset=\"https:\/\/www.praha14.cz\/app\/uploads\/sites\/5\/2021\/11\/LokalniForum-Central-park-201605-scaled.jpg 2560w, https:\/\/www.praha14.cz\/app\/uploads\/sites\/5\/2021\/11\/LokalniForum-Central-park-201605-300x200.jpg 300w, https:\/\/www.praha14.cz\/app\/uploads\/sites\/5\/2021\/11\/LokalniForum-Central-park-201605-1024x683.jpg 1024w, https:\/\/www.praha14.cz\/app\/uploads\/sites\/5\/2021\/11\/LokalniForum-Central-park-201605-768x512.jpg 768w, https:\/\/www.praha14.cz\/app\/uploads\/sites\/5\/2021\/11\/LokalniForum-Central-park-201605-1536x1024.jpg 1536w, https:\/\/www.praha14.cz\/app\/uploads\/sites\/5\/2021\/11\/LokalniForum-Central-park-201605-2048x1365.jpg 2048w\" sizes=\"(max-width: 260px) 100vw, 260px\" \/><\/a><\/p>\n<ul>\n<li>Sout\u011b\u017en\u00ed n\u00e1vrhy byly 12. z\u00e1\u0159\u00ed 2019 p\u0159edstaveny ve\u0159ejnosti na ve\u0159ejn\u00e9m projedn\u00e1n\u00ed p\u0159\u00edmo v\u00a0\u0159e\u0161en\u00e9 lokalit\u011b. \u00da\u010dastnili se jej z\u00e1stupci M\u010cP14, m\u011bstsk\u00fd architekt a z\u00e1stupci jednotliv\u00fdch autor\u016f n\u00e1vrh\u016f.<\/li>\n<\/ul>\n<p><span style=\"color: #00ccff;\"><a style=\"color: #00ccff;\" href=\"https:\/\/www.praha14.cz\/app\/uploads\/sites\/5\/2021\/11\/Zprava-z-VP-Centraln-park-2019.pdf\" target=\"_blank\" rel=\"noopener\">Z\u00e1pis z ve\u0159ejn\u00e9ho projedn\u00e1n\u00ed 2019<\/a><\/span><\/p>\n<p><strong>Online ve\u0159ejn\u00e9 projedn\u00e1n\u00ed upraven\u00e9ho n\u00e1vrhu revitalizace Centr\u00e1ln\u00edho parku \u010cern\u00fd Most &#8211; 2021<\/strong><\/p>\n<p><a href=\"https:\/\/www.praha14.cz\/app\/uploads\/sites\/5\/2021\/11\/Central-park-1.png\" target=\"_blank\" rel=\"noopener\" data-rel=\"lightbox-image-2\" data-rl_title=\"\" data-rl_caption=\"\" title=\"\"><img loading=\"lazy\" decoding=\"async\" class=\"alignnone wp-image-1287\" src=\"https:\/\/www.praha14.cz\/app\/uploads\/sites\/5\/2021\/11\/Central-park-1.png\" alt=\"\" width=\"245\" height=\"173\" srcset=\"https:\/\/www.praha14.cz\/app\/uploads\/sites\/5\/2021\/11\/Central-park-1.png 2245w, https:\/\/www.praha14.cz\/app\/uploads\/sites\/5\/2021\/11\/Central-park-1-300x212.png 300w, https:\/\/www.praha14.cz\/app\/uploads\/sites\/5\/2021\/11\/Central-park-1-1024x724.png 1024w, https:\/\/www.praha14.cz\/app\/uploads\/sites\/5\/2021\/11\/Central-park-1-768x543.png 768w, https:\/\/www.praha14.cz\/app\/uploads\/sites\/5\/2021\/11\/Central-park-1-1536x1086.png 1536w, https:\/\/www.praha14.cz\/app\/uploads\/sites\/5\/2021\/11\/Central-park-1-2048x1448.png 2048w\" sizes=\"(max-width: 245px) 100vw, 245px\" \/><\/a><\/p>\n<ul>\n<li>Online setk\u00e1n\u00ed prob\u011bhlo 15. 11. 2021. Toto setk\u00e1n\u00ed navazovalo na prvn\u00ed projedn\u00e1n\u00ed zam\u011b\u0159en\u00e9 na p\u0159edstaven\u00ed t\u0159\u00ed architektonick\u00fdch n\u00e1vrh\u016f mo\u017en\u00e9ho \u0159e\u0161en\u00ed revitalizace Centr\u00e1ln\u00edho parku \u010cern\u00fd Most. Na setk\u00e1n\u00ed byl p\u0159edstaven v\u00a0kr\u00e1tk\u00e9 prezentaci upraven\u00fd n\u00e1vrh revitalizace parku.<\/li>\n<\/ul>\n<p><span style=\"color: #00ccff;\"><a style=\"color: #00ccff;\" href=\"https:\/\/www.praha14.cz\/app\/uploads\/sites\/5\/2021\/11\/Zprava-VP-2021-.pdf\" target=\"_blank\" rel=\"noopener\">Zpr\u00e1va z ve\u0159ejn\u00e9ho projedn\u00e1n\u00ed 2021<\/a><\/span><\/p>\n","protected":false},"excerpt":{"rendered":"<p>P\u0159\u00edprava podklad\u016f a mapov\u00e1n\u00ed oblasti V\u00a0roce 2016 prob\u011bhl soci\u00e1ln\u011b \u2013 antropologick\u00fd pr\u016fzkum pot\u0159eb u\u017eivatel\u016f a n\u00e1v\u0161t\u011bvn\u00edk\u016f parku. Na p\u0159elomu roku 2018\/2019 bylo p\u0159ipraveno zad\u00e1n\u00ed a podklady k\u00a0p\u0159\u00edprav\u011b architektonick\u00e9 sout\u011b\u017ee na budouc\u00ed podobu Centr\u00e1ln\u00edho parku \u010cern\u00fd Most. Prob\u011bhlo kontaktov\u00e1n\u00ed kl\u00ed\u010dov\u00fdch akt\u00e9r\u016f v\u00a0oblasti a ur\u010den\u00ed rozsahu revitalizace. Architektonick\u00e1 sout\u011b\u017e V\u00a0roce 2019 byla vyps\u00e1na architektonick\u00e1 sout\u011b\u017e na zpracov\u00e1n\u00ed&#8230;<\/p>\n","protected":false},"author":1057,"featured_media":0,"parent":1237,"menu_order":0,"comment_status":"closed","ping_status":"closed","template":"","meta":{"_acf_changed":false,"footnotes":""},"class_list":["post-1252","page","type-page","status-publish","hentry"],"acf":[],"yoast_head":"<!-- This site is optimized with the Yoast SEO plugin v27.2 - https:\/\/yoast.com\/product\/yoast-seo-wordpress\/ -->\n<title>Co je ji\u017e hotovo - M\u011b\u0148te s n\u00e1mi Prahu 14<\/title>\n<meta name=\"robots\" content=\"index, follow, max-snippet:-1, max-image-preview:large, max-video-preview:-1\" \/>\n<link rel=\"canonical\" href=\"https:\/\/www.praha14.cz\/ctrnactka-podle-vas\/centralni-park-cerny-most\/co-je-jiz-hotovo-4\/\" \/>\n<meta property=\"og:locale\" content=\"cs_CZ\" \/>\n<meta property=\"og:type\" content=\"article\" \/>\n<meta property=\"og:title\" content=\"Co je ji\u017e hotovo - M\u011b\u0148te s n\u00e1mi Prahu 14\" \/>\n<meta property=\"og:description\" content=\"P\u0159\u00edprava podklad\u016f a mapov\u00e1n\u00ed oblasti V\u00a0roce 2016 prob\u011bhl soci\u00e1ln\u011b \u2013 antropologick\u00fd pr\u016fzkum pot\u0159eb u\u017eivatel\u016f a n\u00e1v\u0161t\u011bvn\u00edk\u016f parku. Na p\u0159elomu roku 2018\/2019 bylo p\u0159ipraveno zad\u00e1n\u00ed a podklady k\u00a0p\u0159\u00edprav\u011b architektonick\u00e9 sout\u011b\u017ee na budouc\u00ed podobu Centr\u00e1ln\u00edho parku \u010cern\u00fd Most. Prob\u011bhlo kontaktov\u00e1n\u00ed kl\u00ed\u010dov\u00fdch akt\u00e9r\u016f v\u00a0oblasti a ur\u010den\u00ed rozsahu revitalizace. Architektonick\u00e1 sout\u011b\u017e V\u00a0roce 2019 byla vyps\u00e1na architektonick\u00e1 sout\u011b\u017e na zpracov\u00e1n\u00ed...\" \/>\n<meta property=\"og:url\" content=\"https:\/\/www.praha14.cz\/ctrnactka-podle-vas\/centralni-park-cerny-most\/co-je-jiz-hotovo-4\/\" \/>\n<meta property=\"og:site_name\" content=\"M\u011b\u0148te s n\u00e1mi Prahu 14\" \/>\n<meta property=\"article:modified_time\" content=\"2023-01-19T09:46:50+00:00\" \/>\n<meta property=\"og:image\" content=\"https:\/\/www.praha14.cz\/app\/uploads\/sites\/5\/2021\/11\/Pozvanka_VP_2019.jpg\" \/>\n<meta name=\"twitter:card\" content=\"summary_large_image\" \/>\n<meta name=\"twitter:label1\" content=\"Est. reading time\" \/>\n\t<meta name=\"twitter:data1\" content=\"1 minuta\" \/>\n<script type=\"application\/ld+json\" class=\"yoast-schema-graph\">{\"@context\":\"https:\/\/schema.org\",\"@graph\":[{\"@type\":\"WebPage\",\"@id\":\"https:\/\/www.praha14.cz\/ctrnactka-podle-vas\/centralni-park-cerny-most\/co-je-jiz-hotovo-4\/\",\"url\":\"https:\/\/www.praha14.cz\/ctrnactka-podle-vas\/centralni-park-cerny-most\/co-je-jiz-hotovo-4\/\",\"name\":\"Co je ji\u017e hotovo - M\u011b\u0148te s n\u00e1mi Prahu 14\",\"isPartOf\":{\"@id\":\"https:\/\/www.praha14.cz\/ctrnactka-podle-vas\/#website\"},\"primaryImageOfPage\":{\"@id\":\"https:\/\/www.praha14.cz\/ctrnactka-podle-vas\/centralni-park-cerny-most\/co-je-jiz-hotovo-4\/#primaryimage\"},\"image\":{\"@id\":\"https:\/\/www.praha14.cz\/ctrnactka-podle-vas\/centralni-park-cerny-most\/co-je-jiz-hotovo-4\/#primaryimage\"},\"thumbnailUrl\":\"https:\/\/www.praha14.cz\/app\/uploads\/sites\/5\/2021\/11\/Pozvanka_VP_2019.jpg\",\"datePublished\":\"2021-11-29T08:38:30+00:00\",\"dateModified\":\"2023-01-19T09:46:50+00:00\",\"breadcrumb\":{\"@id\":\"https:\/\/www.praha14.cz\/ctrnactka-podle-vas\/centralni-park-cerny-most\/co-je-jiz-hotovo-4\/#breadcrumb\"},\"inLanguage\":\"cs\",\"potentialAction\":[{\"@type\":\"ReadAction\",\"target\":[\"https:\/\/www.praha14.cz\/ctrnactka-podle-vas\/centralni-park-cerny-most\/co-je-jiz-hotovo-4\/\"]}]},{\"@type\":\"ImageObject\",\"inLanguage\":\"cs\",\"@id\":\"https:\/\/www.praha14.cz\/ctrnactka-podle-vas\/centralni-park-cerny-most\/co-je-jiz-hotovo-4\/#primaryimage\",\"url\":\"https:\/\/www.praha14.cz\/app\/uploads\/sites\/5\/2021\/11\/Pozvanka_VP_2019.jpg\",\"contentUrl\":\"https:\/\/www.praha14.cz\/app\/uploads\/sites\/5\/2021\/11\/Pozvanka_VP_2019.jpg\"},{\"@type\":\"BreadcrumbList\",\"@id\":\"https:\/\/www.praha14.cz\/ctrnactka-podle-vas\/centralni-park-cerny-most\/co-je-jiz-hotovo-4\/#breadcrumb\",\"itemListElement\":[{\"@type\":\"ListItem\",\"position\":1,\"name\":\"M\u011b\u0148te s n\u00e1mi Prahu 14\",\"item\":\"https:\/\/www.praha14.cz\/ctrnactka-podle-vas\/\"},{\"@type\":\"ListItem\",\"position\":2,\"name\":\"Centr\u00e1ln\u00ed park \u010cern\u00fd Most\",\"item\":\"https:\/\/www.praha14.cz\/ctrnactka-podle-vas\/centralni-park-cerny-most\/\"},{\"@type\":\"ListItem\",\"position\":3,\"name\":\"Co je ji\u017e hotovo\"}]},{\"@type\":\"WebSite\",\"@id\":\"https:\/\/www.praha14.cz\/ctrnactka-podle-vas\/#website\",\"url\":\"https:\/\/www.praha14.cz\/ctrnactka-podle-vas\/\",\"name\":\"M\u011b\u0148te s n\u00e1mi Prahu 14\",\"description\":\"\u010ctrn\u00e1ctka podle v\u00e1s\",\"potentialAction\":[{\"@type\":\"SearchAction\",\"target\":{\"@type\":\"EntryPoint\",\"urlTemplate\":\"https:\/\/www.praha14.cz\/ctrnactka-podle-vas\/?s={search_term_string}\"},\"query-input\":{\"@type\":\"PropertyValueSpecification\",\"valueRequired\":true,\"valueName\":\"search_term_string\"}}],\"inLanguage\":\"cs\"}]}<\/script>\n<!-- \/ Yoast SEO plugin. -->","yoast_head_json":{"title":"Co je ji\u017e hotovo - M\u011b\u0148te s n\u00e1mi Prahu 14","robots":{"index":"index","follow":"follow","max-snippet":"max-snippet:-1","max-image-preview":"max-image-preview:large","max-video-preview":"max-video-preview:-1"},"canonical":"https:\/\/www.praha14.cz\/ctrnactka-podle-vas\/centralni-park-cerny-most\/co-je-jiz-hotovo-4\/","og_locale":"cs_CZ","og_type":"article","og_title":"Co je ji\u017e hotovo - M\u011b\u0148te s n\u00e1mi Prahu 14","og_description":"P\u0159\u00edprava podklad\u016f a mapov\u00e1n\u00ed oblasti V\u00a0roce 2016 prob\u011bhl soci\u00e1ln\u011b \u2013 antropologick\u00fd pr\u016fzkum pot\u0159eb u\u017eivatel\u016f a n\u00e1v\u0161t\u011bvn\u00edk\u016f parku. Na p\u0159elomu roku 2018\/2019 bylo p\u0159ipraveno zad\u00e1n\u00ed a podklady k\u00a0p\u0159\u00edprav\u011b architektonick\u00e9 sout\u011b\u017ee na budouc\u00ed podobu Centr\u00e1ln\u00edho parku \u010cern\u00fd Most. Prob\u011bhlo kontaktov\u00e1n\u00ed kl\u00ed\u010dov\u00fdch akt\u00e9r\u016f v\u00a0oblasti a ur\u010den\u00ed rozsahu revitalizace. Architektonick\u00e1 sout\u011b\u017e V\u00a0roce 2019 byla vyps\u00e1na architektonick\u00e1 sout\u011b\u017e na zpracov\u00e1n\u00ed...","og_url":"https:\/\/www.praha14.cz\/ctrnactka-podle-vas\/centralni-park-cerny-most\/co-je-jiz-hotovo-4\/","og_site_name":"M\u011b\u0148te s n\u00e1mi Prahu 14","article_modified_time":"2023-01-19T09:46:50+00:00","og_image":[{"url":"https:\/\/www.praha14.cz\/app\/uploads\/sites\/5\/2021\/11\/Pozvanka_VP_2019.jpg","type":"","width":"","height":""}],"twitter_card":"summary_large_image","twitter_misc":{"Est. reading time":"1 minuta"},"schema":{"@context":"https:\/\/schema.org","@graph":[{"@type":"WebPage","@id":"https:\/\/www.praha14.cz\/ctrnactka-podle-vas\/centralni-park-cerny-most\/co-je-jiz-hotovo-4\/","url":"https:\/\/www.praha14.cz\/ctrnactka-podle-vas\/centralni-park-cerny-most\/co-je-jiz-hotovo-4\/","name":"Co je ji\u017e hotovo - M\u011b\u0148te s n\u00e1mi Prahu 14","isPartOf":{"@id":"https:\/\/www.praha14.cz\/ctrnactka-podle-vas\/#website"},"primaryImageOfPage":{"@id":"https:\/\/www.praha14.cz\/ctrnactka-podle-vas\/centralni-park-cerny-most\/co-je-jiz-hotovo-4\/#primaryimage"},"image":{"@id":"https:\/\/www.praha14.cz\/ctrnactka-podle-vas\/centralni-park-cerny-most\/co-je-jiz-hotovo-4\/#primaryimage"},"thumbnailUrl":"https:\/\/www.praha14.cz\/app\/uploads\/sites\/5\/2021\/11\/Pozvanka_VP_2019.jpg","datePublished":"2021-11-29T08:38:30+00:00","dateModified":"2023-01-19T09:46:50+00:00","breadcrumb":{"@id":"https:\/\/www.praha14.cz\/ctrnactka-podle-vas\/centralni-park-cerny-most\/co-je-jiz-hotovo-4\/#breadcrumb"},"inLanguage":"cs","potentialAction":[{"@type":"ReadAction","target":["https:\/\/www.praha14.cz\/ctrnactka-podle-vas\/centralni-park-cerny-most\/co-je-jiz-hotovo-4\/"]}]},{"@type":"ImageObject","inLanguage":"cs","@id":"https:\/\/www.praha14.cz\/ctrnactka-podle-vas\/centralni-park-cerny-most\/co-je-jiz-hotovo-4\/#primaryimage","url":"https:\/\/www.praha14.cz\/app\/uploads\/sites\/5\/2021\/11\/Pozvanka_VP_2019.jpg","contentUrl":"https:\/\/www.praha14.cz\/app\/uploads\/sites\/5\/2021\/11\/Pozvanka_VP_2019.jpg"},{"@type":"BreadcrumbList","@id":"https:\/\/www.praha14.cz\/ctrnactka-podle-vas\/centralni-park-cerny-most\/co-je-jiz-hotovo-4\/#breadcrumb","itemListElement":[{"@type":"ListItem","position":1,"name":"M\u011b\u0148te s n\u00e1mi Prahu 14","item":"https:\/\/www.praha14.cz\/ctrnactka-podle-vas\/"},{"@type":"ListItem","position":2,"name":"Centr\u00e1ln\u00ed park \u010cern\u00fd Most","item":"https:\/\/www.praha14.cz\/ctrnactka-podle-vas\/centralni-park-cerny-most\/"},{"@type":"ListItem","position":3,"name":"Co je ji\u017e hotovo"}]},{"@type":"WebSite","@id":"https:\/\/www.praha14.cz\/ctrnactka-podle-vas\/#website","url":"https:\/\/www.praha14.cz\/ctrnactka-podle-vas\/","name":"M\u011b\u0148te s n\u00e1mi Prahu 14","description":"\u010ctrn\u00e1ctka podle v\u00e1s","potentialAction":[{"@type":"SearchAction","target":{"@type":"EntryPoint","urlTemplate":"https:\/\/www.praha14.cz\/ctrnactka-podle-vas\/?s={search_term_string}"},"query-input":{"@type":"PropertyValueSpecification","valueRequired":true,"valueName":"search_term_string"}}],"inLanguage":"cs"}]}},"_links":{"self":[{"href":"https:\/\/www.praha14.cz\/ctrnactka-podle-vas\/wp-json\/wp\/v2\/pages\/1252","targetHints":{"allow":["GET"]}}],"collection":[{"href":"https:\/\/www.praha14.cz\/ctrnactka-podle-vas\/wp-json\/wp\/v2\/pages"}],"about":[{"href":"https:\/\/www.praha14.cz\/ctrnactka-podle-vas\/wp-json\/wp\/v2\/types\/page"}],"author":[{"embeddable":true,"href":"https:\/\/www.praha14.cz\/ctrnactka-podle-vas\/wp-json\/wp\/v2\/users\/1057"}],"replies":[{"embeddable":true,"href":"https:\/\/www.praha14.cz\/ctrnactka-podle-vas\/wp-json\/wp\/v2\/comments?post=1252"}],"version-history":[{"count":5,"href":"https:\/\/www.praha14.cz\/ctrnactka-podle-vas\/wp-json\/wp\/v2\/pages\/1252\/revisions"}],"predecessor-version":[{"id":1288,"href":"https:\/\/www.praha14.cz\/ctrnactka-podle-vas\/wp-json\/wp\/v2\/pages\/1252\/revisions\/1288"}],"up":[{"embeddable":true,"href":"https:\/\/www.praha14.cz\/ctrnactka-podle-vas\/wp-json\/wp\/v2\/pages\/1237"}],"wp:attachment":[{"href":"https:\/\/www.praha14.cz\/ctrnactka-podle-vas\/wp-json\/wp\/v2\/media?parent=1252"}],"curies":[{"name":"wp","href":"https:\/\/api.w.org\/{rel}","templated":true}]}}