{"id":1434,"date":"2023-02-01T14:02:23","date_gmt":"2023-02-01T13:02:23","guid":{"rendered":"https:\/\/www.praha14.cz\/ctrnactka-podle-vas\/?page_id=1434"},"modified":"2024-01-09T13:44:00","modified_gmt":"2024-01-09T12:44:00","slug":"o-projektu","status":"publish","type":"page","link":"https:\/\/www.praha14.cz\/ctrnactka-podle-vas\/participace-na-lehovci\/o-projektu\/","title":{"rendered":"O projektu"},"content":{"rendered":"<p>&nbsp;<\/p>\n<p><a href=\"https:\/\/www.praha14.cz\/app\/uploads\/sites\/5\/2023\/10\/lehovec_na-uvodni-stranku-projektu-scaled-e1617108723379.jpg\" target=\"_blank\" rel=\"noopener\" data-rel=\"lightbox-image-0\" data-rl_title=\"\" data-rl_caption=\"\" title=\"\"><img loading=\"lazy\" decoding=\"async\" class=\"alignnone wp-image-1555 \" src=\"https:\/\/www.praha14.cz\/app\/uploads\/sites\/5\/2023\/10\/lehovec_na-uvodni-stranku-projektu-scaled-e1617108723379.jpg\" alt=\"\" width=\"575\" height=\"406\" srcset=\"https:\/\/www.praha14.cz\/app\/uploads\/sites\/5\/2023\/10\/lehovec_na-uvodni-stranku-projektu-scaled-e1617108723379.jpg 800w, https:\/\/www.praha14.cz\/app\/uploads\/sites\/5\/2023\/10\/lehovec_na-uvodni-stranku-projektu-scaled-e1617108723379-300x212.jpg 300w, https:\/\/www.praha14.cz\/app\/uploads\/sites\/5\/2023\/10\/lehovec_na-uvodni-stranku-projektu-scaled-e1617108723379-768x542.jpg 768w\" sizes=\"(max-width: 575px) 100vw, 575px\" \/><\/a><\/p>\n<h4><strong>Pl\u00e1n revitalizace s\u00eddli\u0161t\u011b Lehovec 2022 &#8211; 2027<\/strong><\/h4>\n<p>Hlavn\u00edm smyslem projektu je dosa\u017een\u00ed dlouhodob\u00e9ho a koncep\u010dn\u00edho rozvoje s\u00eddli\u0161t\u011b Lehovec. Tato lokalita toti\u017e nyn\u00ed sv\u00fdm stavem odpov\u00edd\u00e1 dob\u011b sv\u00e9ho vzniku a s\u00a0t\u00edm spojen\u00fdch probl\u00e9m\u016f. Proto byla vybr\u00e1na jako vhodn\u00e1 oblast pro postupnou obnovu a vylep\u0161en\u00ed ve\u0159ejn\u00e9ho prostoru v\u00a0r\u00e1mci pilotn\u00edho projektu spolupr\u00e1ce m\u011bstsk\u00e9 \u010d\u00e1sti s\u00a0ve\u0159ejnost\u00ed. Toho bude dosa\u017eeno zapracov\u00e1n\u00edm celkov\u00e9 vize a c\u00edlov\u00e9ho stavu \u00fazem\u00ed s\u00eddli\u0161t\u011b Lehovec do strategick\u00e9ho dokumentu pl\u00e1nu revitalizace. V\u00a0r\u00e1mci t\u00e9to p\u0159\u00edpravy a realizace projektu je d\u016fle\u017eit\u00fdm \u00fakolem zapojit co nejv\u011bt\u0161\u00ed po\u010det m\u00edstn\u00edch ob\u010dan\u016f, spolk\u016f, podnikatel\u016f, stakeholder\u016f (kl\u00ed\u010dov\u00fdch akt\u00e9r\u016f) do participativn\u00ed\/p\u0159\u00edpravn\u00e9 \u010d\u00e1sti projektu a spole\u010dn\u011b naj\u00edt p\u0159\u00edle\u017eitosti v jednotliv\u00fdch oblastech rozvoje. To v\u0161e s ohledem na re\u00e1ln\u00e9 mo\u017enosti m\u011bstsk\u00e9 \u010d\u00e1sti a zainteresovan\u00fdch subjekt\u016f\/investor\u016f v dan\u00e9 lokalit\u011b.<\/p>\n<p>V\u00a0r\u00e1mci pilotn\u00edho projektu se ji\u017e budou realizovat d\u00edl\u010d\u00ed \u00fapravy a zlep\u0161en\u00ed podoby lokality \u2013 v\u00fdsadba, zna\u010den\u00ed, dopln\u011bn\u00ed mobili\u00e1\u0159e, \u0159e\u0161en\u00ed \u00faklidu apod.<\/p>\n<p>Na m\u011bstsk\u00e9 \u010d\u00e1sti Praha 14 je (dle rozhodnut\u00ed veden\u00ed M\u010c), v r\u00e1mci celom\u011bstsk\u00e9ho programu Koordin\u00e1to\u0159i participativn\u00edho pl\u00e1nov\u00e1n\u00ed, realizov\u00e1n projekt \u201ePl\u00e1n revitalizace s\u00eddli\u0161t\u011b Lehovec 2022 &#8211; 2027\u201c.<\/p>\n<p>Tento celom\u011bstsk\u00fd pilotn\u00ed program bude realizov\u00e1n v obdob\u00ed z\u00e1\u0159\u00ed 2020 a\u017e \u010derven 2022. Po vyhodnocen\u00ed pilotn\u00ed \u010d\u00e1sti d\u00e1 projekt vzniknout celom\u011bstsk\u00e9mu programu \u201a<a href=\"https:\/\/iprpraha.cz\/stranka\/3364\" target=\"_blank\" rel=\"noopener\">Koordin\u00e1tor\u016f participativn\u00edho pl\u00e1nov\u00e1n\u00ed<\/a>\u2018.<\/p>\n","protected":false},"excerpt":{"rendered":"<p>&nbsp; Pl\u00e1n revitalizace s\u00eddli\u0161t\u011b Lehovec 2022 &#8211; 2027 Hlavn\u00edm smyslem projektu je dosa\u017een\u00ed dlouhodob\u00e9ho a koncep\u010dn\u00edho rozvoje s\u00eddli\u0161t\u011b Lehovec. Tato lokalita toti\u017e nyn\u00ed sv\u00fdm stavem odpov\u00edd\u00e1 dob\u011b sv\u00e9ho vzniku a s\u00a0t\u00edm spojen\u00fdch probl\u00e9m\u016f. Proto byla vybr\u00e1na jako vhodn\u00e1 oblast pro postupnou obnovu a vylep\u0161en\u00ed ve\u0159ejn\u00e9ho prostoru v\u00a0r\u00e1mci pilotn\u00edho projektu spolupr\u00e1ce m\u011bstsk\u00e9 \u010d\u00e1sti s\u00a0ve\u0159ejnost\u00ed. Toho bude&#8230;<\/p>\n","protected":false},"author":1057,"featured_media":0,"parent":642,"menu_order":0,"comment_status":"closed","ping_status":"closed","template":"","meta":{"_acf_changed":false,"footnotes":""},"class_list":["post-1434","page","type-page","status-publish","hentry"],"acf":[],"yoast_head":"<!-- This site is optimized with the Yoast SEO plugin v27.2 - https:\/\/yoast.com\/product\/yoast-seo-wordpress\/ -->\n<title>O projektu - M\u011b\u0148te s n\u00e1mi Prahu 14<\/title>\n<meta name=\"robots\" content=\"index, follow, max-snippet:-1, max-image-preview:large, max-video-preview:-1\" \/>\n<link rel=\"canonical\" href=\"https:\/\/www.praha14.cz\/ctrnactka-podle-vas\/participace-na-lehovci\/o-projektu\/\" \/>\n<meta property=\"og:locale\" content=\"cs_CZ\" \/>\n<meta property=\"og:type\" content=\"article\" \/>\n<meta property=\"og:title\" content=\"O projektu - M\u011b\u0148te s n\u00e1mi Prahu 14\" \/>\n<meta property=\"og:description\" content=\"&nbsp; Pl\u00e1n revitalizace s\u00eddli\u0161t\u011b Lehovec 2022 &#8211; 2027 Hlavn\u00edm smyslem projektu je dosa\u017een\u00ed dlouhodob\u00e9ho a koncep\u010dn\u00edho rozvoje s\u00eddli\u0161t\u011b Lehovec. Tato lokalita toti\u017e nyn\u00ed sv\u00fdm stavem odpov\u00edd\u00e1 dob\u011b sv\u00e9ho vzniku a s\u00a0t\u00edm spojen\u00fdch probl\u00e9m\u016f. Proto byla vybr\u00e1na jako vhodn\u00e1 oblast pro postupnou obnovu a vylep\u0161en\u00ed ve\u0159ejn\u00e9ho prostoru v\u00a0r\u00e1mci pilotn\u00edho projektu spolupr\u00e1ce m\u011bstsk\u00e9 \u010d\u00e1sti s\u00a0ve\u0159ejnost\u00ed. Toho bude...\" \/>\n<meta property=\"og:url\" content=\"https:\/\/www.praha14.cz\/ctrnactka-podle-vas\/participace-na-lehovci\/o-projektu\/\" \/>\n<meta property=\"og:site_name\" content=\"M\u011b\u0148te s n\u00e1mi Prahu 14\" \/>\n<meta property=\"article:modified_time\" content=\"2024-01-09T12:44:00+00:00\" \/>\n<meta property=\"og:image\" content=\"https:\/\/www.praha14.cz\/app\/uploads\/sites\/5\/2023\/10\/lehovec_na-uvodni-stranku-projektu-scaled-e1617108723379.jpg\" \/>\n<meta name=\"twitter:card\" content=\"summary_large_image\" \/>\n<meta name=\"twitter:label1\" content=\"Est. reading time\" \/>\n\t<meta name=\"twitter:data1\" content=\"2 minuty\" \/>\n<script type=\"application\/ld+json\" class=\"yoast-schema-graph\">{\"@context\":\"https:\/\/schema.org\",\"@graph\":[{\"@type\":\"WebPage\",\"@id\":\"https:\/\/www.praha14.cz\/ctrnactka-podle-vas\/participace-na-lehovci\/o-projektu\/\",\"url\":\"https:\/\/www.praha14.cz\/ctrnactka-podle-vas\/participace-na-lehovci\/o-projektu\/\",\"name\":\"O projektu - M\u011b\u0148te s n\u00e1mi Prahu 14\",\"isPartOf\":{\"@id\":\"https:\/\/www.praha14.cz\/ctrnactka-podle-vas\/#website\"},\"primaryImageOfPage\":{\"@id\":\"https:\/\/www.praha14.cz\/ctrnactka-podle-vas\/participace-na-lehovci\/o-projektu\/#primaryimage\"},\"image\":{\"@id\":\"https:\/\/www.praha14.cz\/ctrnactka-podle-vas\/participace-na-lehovci\/o-projektu\/#primaryimage\"},\"thumbnailUrl\":\"https:\/\/www.praha14.cz\/app\/uploads\/sites\/5\/2023\/10\/lehovec_na-uvodni-stranku-projektu-scaled-e1617108723379.jpg\",\"datePublished\":\"2023-02-01T13:02:23+00:00\",\"dateModified\":\"2024-01-09T12:44:00+00:00\",\"breadcrumb\":{\"@id\":\"https:\/\/www.praha14.cz\/ctrnactka-podle-vas\/participace-na-lehovci\/o-projektu\/#breadcrumb\"},\"inLanguage\":\"cs\",\"potentialAction\":[{\"@type\":\"ReadAction\",\"target\":[\"https:\/\/www.praha14.cz\/ctrnactka-podle-vas\/participace-na-lehovci\/o-projektu\/\"]}]},{\"@type\":\"ImageObject\",\"inLanguage\":\"cs\",\"@id\":\"https:\/\/www.praha14.cz\/ctrnactka-podle-vas\/participace-na-lehovci\/o-projektu\/#primaryimage\",\"url\":\"https:\/\/www.praha14.cz\/app\/uploads\/sites\/5\/2023\/10\/lehovec_na-uvodni-stranku-projektu-scaled-e1617108723379.jpg\",\"contentUrl\":\"https:\/\/www.praha14.cz\/app\/uploads\/sites\/5\/2023\/10\/lehovec_na-uvodni-stranku-projektu-scaled-e1617108723379.jpg\"},{\"@type\":\"BreadcrumbList\",\"@id\":\"https:\/\/www.praha14.cz\/ctrnactka-podle-vas\/participace-na-lehovci\/o-projektu\/#breadcrumb\",\"itemListElement\":[{\"@type\":\"ListItem\",\"position\":1,\"name\":\"M\u011b\u0148te s n\u00e1mi Prahu 14\",\"item\":\"https:\/\/www.praha14.cz\/ctrnactka-podle-vas\/\"},{\"@type\":\"ListItem\",\"position\":2,\"name\":\"Participace na Lehovci\",\"item\":\"https:\/\/www.praha14.cz\/ctrnactka-podle-vas\/participace-na-lehovci\/\"},{\"@type\":\"ListItem\",\"position\":3,\"name\":\"O projektu\"}]},{\"@type\":\"WebSite\",\"@id\":\"https:\/\/www.praha14.cz\/ctrnactka-podle-vas\/#website\",\"url\":\"https:\/\/www.praha14.cz\/ctrnactka-podle-vas\/\",\"name\":\"M\u011b\u0148te s n\u00e1mi Prahu 14\",\"description\":\"\u010ctrn\u00e1ctka podle v\u00e1s\",\"potentialAction\":[{\"@type\":\"SearchAction\",\"target\":{\"@type\":\"EntryPoint\",\"urlTemplate\":\"https:\/\/www.praha14.cz\/ctrnactka-podle-vas\/?s={search_term_string}\"},\"query-input\":{\"@type\":\"PropertyValueSpecification\",\"valueRequired\":true,\"valueName\":\"search_term_string\"}}],\"inLanguage\":\"cs\"}]}<\/script>\n<!-- \/ Yoast SEO plugin. -->","yoast_head_json":{"title":"O projektu - M\u011b\u0148te s n\u00e1mi Prahu 14","robots":{"index":"index","follow":"follow","max-snippet":"max-snippet:-1","max-image-preview":"max-image-preview:large","max-video-preview":"max-video-preview:-1"},"canonical":"https:\/\/www.praha14.cz\/ctrnactka-podle-vas\/participace-na-lehovci\/o-projektu\/","og_locale":"cs_CZ","og_type":"article","og_title":"O projektu - M\u011b\u0148te s n\u00e1mi Prahu 14","og_description":"&nbsp; Pl\u00e1n revitalizace s\u00eddli\u0161t\u011b Lehovec 2022 &#8211; 2027 Hlavn\u00edm smyslem projektu je dosa\u017een\u00ed dlouhodob\u00e9ho a koncep\u010dn\u00edho rozvoje s\u00eddli\u0161t\u011b Lehovec. Tato lokalita toti\u017e nyn\u00ed sv\u00fdm stavem odpov\u00edd\u00e1 dob\u011b sv\u00e9ho vzniku a s\u00a0t\u00edm spojen\u00fdch probl\u00e9m\u016f. Proto byla vybr\u00e1na jako vhodn\u00e1 oblast pro postupnou obnovu a vylep\u0161en\u00ed ve\u0159ejn\u00e9ho prostoru v\u00a0r\u00e1mci pilotn\u00edho projektu spolupr\u00e1ce m\u011bstsk\u00e9 \u010d\u00e1sti s\u00a0ve\u0159ejnost\u00ed. Toho bude...","og_url":"https:\/\/www.praha14.cz\/ctrnactka-podle-vas\/participace-na-lehovci\/o-projektu\/","og_site_name":"M\u011b\u0148te s n\u00e1mi Prahu 14","article_modified_time":"2024-01-09T12:44:00+00:00","og_image":[{"url":"https:\/\/www.praha14.cz\/app\/uploads\/sites\/5\/2023\/10\/lehovec_na-uvodni-stranku-projektu-scaled-e1617108723379.jpg","type":"","width":"","height":""}],"twitter_card":"summary_large_image","twitter_misc":{"Est. reading time":"2 minuty"},"schema":{"@context":"https:\/\/schema.org","@graph":[{"@type":"WebPage","@id":"https:\/\/www.praha14.cz\/ctrnactka-podle-vas\/participace-na-lehovci\/o-projektu\/","url":"https:\/\/www.praha14.cz\/ctrnactka-podle-vas\/participace-na-lehovci\/o-projektu\/","name":"O projektu - M\u011b\u0148te s n\u00e1mi Prahu 14","isPartOf":{"@id":"https:\/\/www.praha14.cz\/ctrnactka-podle-vas\/#website"},"primaryImageOfPage":{"@id":"https:\/\/www.praha14.cz\/ctrnactka-podle-vas\/participace-na-lehovci\/o-projektu\/#primaryimage"},"image":{"@id":"https:\/\/www.praha14.cz\/ctrnactka-podle-vas\/participace-na-lehovci\/o-projektu\/#primaryimage"},"thumbnailUrl":"https:\/\/www.praha14.cz\/app\/uploads\/sites\/5\/2023\/10\/lehovec_na-uvodni-stranku-projektu-scaled-e1617108723379.jpg","datePublished":"2023-02-01T13:02:23+00:00","dateModified":"2024-01-09T12:44:00+00:00","breadcrumb":{"@id":"https:\/\/www.praha14.cz\/ctrnactka-podle-vas\/participace-na-lehovci\/o-projektu\/#breadcrumb"},"inLanguage":"cs","potentialAction":[{"@type":"ReadAction","target":["https:\/\/www.praha14.cz\/ctrnactka-podle-vas\/participace-na-lehovci\/o-projektu\/"]}]},{"@type":"ImageObject","inLanguage":"cs","@id":"https:\/\/www.praha14.cz\/ctrnactka-podle-vas\/participace-na-lehovci\/o-projektu\/#primaryimage","url":"https:\/\/www.praha14.cz\/app\/uploads\/sites\/5\/2023\/10\/lehovec_na-uvodni-stranku-projektu-scaled-e1617108723379.jpg","contentUrl":"https:\/\/www.praha14.cz\/app\/uploads\/sites\/5\/2023\/10\/lehovec_na-uvodni-stranku-projektu-scaled-e1617108723379.jpg"},{"@type":"BreadcrumbList","@id":"https:\/\/www.praha14.cz\/ctrnactka-podle-vas\/participace-na-lehovci\/o-projektu\/#breadcrumb","itemListElement":[{"@type":"ListItem","position":1,"name":"M\u011b\u0148te s n\u00e1mi Prahu 14","item":"https:\/\/www.praha14.cz\/ctrnactka-podle-vas\/"},{"@type":"ListItem","position":2,"name":"Participace na Lehovci","item":"https:\/\/www.praha14.cz\/ctrnactka-podle-vas\/participace-na-lehovci\/"},{"@type":"ListItem","position":3,"name":"O projektu"}]},{"@type":"WebSite","@id":"https:\/\/www.praha14.cz\/ctrnactka-podle-vas\/#website","url":"https:\/\/www.praha14.cz\/ctrnactka-podle-vas\/","name":"M\u011b\u0148te s n\u00e1mi Prahu 14","description":"\u010ctrn\u00e1ctka podle v\u00e1s","potentialAction":[{"@type":"SearchAction","target":{"@type":"EntryPoint","urlTemplate":"https:\/\/www.praha14.cz\/ctrnactka-podle-vas\/?s={search_term_string}"},"query-input":{"@type":"PropertyValueSpecification","valueRequired":true,"valueName":"search_term_string"}}],"inLanguage":"cs"}]}},"_links":{"self":[{"href":"https:\/\/www.praha14.cz\/ctrnactka-podle-vas\/wp-json\/wp\/v2\/pages\/1434","targetHints":{"allow":["GET"]}}],"collection":[{"href":"https:\/\/www.praha14.cz\/ctrnactka-podle-vas\/wp-json\/wp\/v2\/pages"}],"about":[{"href":"https:\/\/www.praha14.cz\/ctrnactka-podle-vas\/wp-json\/wp\/v2\/types\/page"}],"author":[{"embeddable":true,"href":"https:\/\/www.praha14.cz\/ctrnactka-podle-vas\/wp-json\/wp\/v2\/users\/1057"}],"replies":[{"embeddable":true,"href":"https:\/\/www.praha14.cz\/ctrnactka-podle-vas\/wp-json\/wp\/v2\/comments?post=1434"}],"version-history":[{"count":5,"href":"https:\/\/www.praha14.cz\/ctrnactka-podle-vas\/wp-json\/wp\/v2\/pages\/1434\/revisions"}],"predecessor-version":[{"id":1637,"href":"https:\/\/www.praha14.cz\/ctrnactka-podle-vas\/wp-json\/wp\/v2\/pages\/1434\/revisions\/1637"}],"up":[{"embeddable":true,"href":"https:\/\/www.praha14.cz\/ctrnactka-podle-vas\/wp-json\/wp\/v2\/pages\/642"}],"wp:attachment":[{"href":"https:\/\/www.praha14.cz\/ctrnactka-podle-vas\/wp-json\/wp\/v2\/media?parent=1434"}],"curies":[{"name":"wp","href":"https:\/\/api.w.org\/{rel}","templated":true}]}}