{"id":1659,"date":"2025-05-20T09:24:23","date_gmt":"2025-05-20T08:24:23","guid":{"rendered":"https:\/\/www.praha14.cz\/ctrnactka-podle-vas\/?page_id=1659"},"modified":"2026-03-06T10:43:44","modified_gmt":"2026-03-06T09:43:44","slug":"planovani-s-verejnosti","status":"publish","type":"page","link":"https:\/\/www.praha14.cz\/ctrnactka-podle-vas\/zapojeni-verejnosti\/planovani-s-verejnosti\/","title":{"rendered":"Pl\u00e1nov\u00e1n\u00ed s ve\u0159ejnost\u00ed"},"content":{"rendered":"<section class=\"p14-panel-group\"><div id=\"panel_group_1\" class=\"panel-group\"><article class=\"panel panel-default\">\n\t\t\t<div class=\"panel-heading\">\n\t\t\t\t<h1 class=\"panel-title\">\n\t\t\t\t\t<a data-toggle=\"collapse\" data-parent=\"#panel_group_1\" href=\"#panel_1_1\" class=\"collapsed\">\n\t\t\t\t\t\tVe\u0159ejn\u00e1 projedn\u00e1n\u00ed\n\t\t\t\t\t<\/a>\n\t\t\t\t<\/h1>\n\t\t\t<\/div>\n\t\t\t<div id=\"panel_1_1\" class=\"panel-collapse collapse\">\n\t\t\t\t<div class=\"panel-body\">\n\t\t\t\t\t<\/p>\n<h3 class=\"p14-single-article__title\">VE\u0158EJN\u00c9 PROJEDN\u00c1N\u00cd Z\u00c1M\u011aRU REVITALIZACE VNITROBLOKU B NA \u010cERN\u00c9M MOST\u011a<\/h3>\n<p><a href=\"https:\/\/www.praha14.cz\/app\/uploads\/sites\/5\/2025\/06\/VP-724x1024-1.png\" target=\"_blank\" rel=\"noopener\" data-rel=\"lightbox-image-0\" data-rl_title=\"\" data-rl_caption=\"\" title=\"\"><img loading=\"lazy\" decoding=\"async\" class=\"wp-image-1720 alignnone\" src=\"https:\/\/www.praha14.cz\/app\/uploads\/sites\/5\/2025\/06\/VP-724x1024-1.png\" alt=\"VP\u2013724\u00d71024\" width=\"177\" height=\"250\" srcset=\"https:\/\/www.praha14.cz\/app\/uploads\/sites\/5\/2025\/06\/VP-724x1024-1.png 724w, https:\/\/www.praha14.cz\/app\/uploads\/sites\/5\/2025\/06\/VP-724x1024-1-212x300.png 212w\" sizes=\"(max-width: 177px) 100vw, 177px\" \/><\/a><\/p>\n<p>&nbsp;<\/p>\n<p>Dne<strong> 19. kv\u011btna 2025 prob\u011bhlo ve\u0159ejn\u00e9 projedn\u00e1n\u00ed k revitalizaci vnitrobloku B na \u010cern\u00e9m Most\u011b<\/strong> za \u00fa\u010dasti z\u00e1stupc\u016f M\u010c Praha 14, odborn\u00edk\u016f a obyvatel. P\u0159edstavena byla architektonick\u00e1 studie z roku 2014, diskutovalo se o jej\u00edm mo\u017en\u00e9m aktualizovan\u00e9m vyu\u017eit\u00ed s podporou z programu IROP \u2013 Zelen\u00e1 infrastruktura. Obyvatel\u00e9 vznesli \u0159adu podn\u011bt\u016f, t\u00fdkaj\u00edc\u00edch se bezpe\u010dnosti, zelen\u011b, hluku i vyu\u017eit\u00ed prostoru. V\u0161echny n\u00e1vrhy budou zv\u00e1\u017eeny s ohledem na technick\u00e9, finan\u010dn\u00ed a provozn\u00ed mo\u017enosti.<\/p>\n<article class=\"text-token-text-primary w-full\" dir=\"auto\" data-testid=\"conversation-turn-4\" data-scroll-anchor=\"true\">\n<div class=\"text-base my-auto mx-auto py-5 &#091;--thread-content-margin:--spacing(4)&#093; @&#091;37rem&#093;:&#091;--thread-content-margin:--spacing(6)&#093; @&#091;72rem&#093;:&#091;--thread-content-margin:--spacing(16)&#093; px-(--thread-content-margin)\">\n<div class=\"&#091;--thread-content-max-width:32rem&#093; @&#091;34rem&#093;:&#091;--thread-content-max-width:40rem&#093; @&#091;64rem&#093;:&#091;--thread-content-max-width:48rem&#093; mx-auto flex max-w-(--thread-content-max-width) flex-1 text-base gap-4 md:gap-5 lg:gap-6 group\/turn-messages focus-visible:outline-hidden\" tabindex=\"-1\">\n<div class=\"group\/conversation-turn relative flex w-full min-w-0 flex-col agent-turn\">\n<div class=\"relative flex-col gap-1 md:gap-3\">\n<div class=\"flex justify-start\">\n<div><a href=\"https:\/\/www.praha14.cz\/app\/uploads\/sites\/5\/2025\/06\/Zapis-z-VP-Revitalizace-vnitrobloku-B-na-CM-fin.pdf\" target=\"_blank\" rel=\"noopener\">Z\u00e1pis z ve\u0159ejn\u00e9ho projedn\u00e1n\u00ed Revitalizace vnitrobloku B<\/a><\/div>\n<div><\/div>\n<\/div>\n<\/div>\n<div>\n<p>\n\t\t<style type=\"text\/css\">\n\t\t\t#gallery-1 {\n\t\t\t\tmargin: auto;\n\t\t\t}\n\t\t\t#gallery-1 .gallery-item {\n\t\t\t\tfloat: left;\n\t\t\t\tmargin-top: 10px;\n\t\t\t\ttext-align: center;\n\t\t\t\twidth: 25%;\n\t\t\t}\n\t\t\t#gallery-1 img {\n\t\t\t\tborder: 2px solid #cfcfcf;\n\t\t\t}\n\t\t\t#gallery-1 .gallery-caption {\n\t\t\t\tmargin-left: 0;\n\t\t\t}\n\t\t\t\/* see gallery_shortcode() in wp-includes\/media.php *\/\n\t\t<\/style>\n\t\t<div id='gallery-1' class='gallery galleryid-1659 gallery-columns-4 gallery-size-thumbnail'><dl class='gallery-item'>\n\t\t\t<dt class='gallery-icon landscape'>\n\t\t\t\t<a rel=\"galleryInfomapa\" class=\"thickbox no_icon rl-gallery-link\"  href='https:\/\/www.praha14.cz\/app\/uploads\/sites\/5\/2025\/06\/Vnitroblok19052025_IMG_3117_\u00a9TomasTurek-scaled.jpg' title=\"\" data-rl_title=\"\" data-rl_caption=\"\" data-rel=\"lightbox-gallery-1\"><img loading=\"lazy\" decoding=\"async\" width=\"150\" height=\"150\" src=\"https:\/\/www.praha14.cz\/app\/uploads\/sites\/5\/2025\/06\/Vnitroblok19052025_IMG_3117_\u00a9TomasTurek-150x150.jpg\" class=\"attachment-thumbnail size-thumbnail\" alt=\"Vnitroblok19052025_IMG_3117_\u00a9TomasTurek\" \/><\/a>\n\t\t\t<\/dt><\/dl><dl class='gallery-item'>\n\t\t\t<dt class='gallery-icon landscape'>\n\t\t\t\t<a rel=\"galleryInfomapa\" class=\"thickbox no_icon rl-gallery-link\"  href='https:\/\/www.praha14.cz\/app\/uploads\/sites\/5\/2025\/06\/Vnitroblok19052025_IMG_3129_\u00a9TomasTurek-scaled.jpg' title=\"\" data-rl_title=\"\" data-rl_caption=\"\" data-rel=\"lightbox-gallery-1\"><img loading=\"lazy\" decoding=\"async\" width=\"150\" height=\"150\" src=\"https:\/\/www.praha14.cz\/app\/uploads\/sites\/5\/2025\/06\/Vnitroblok19052025_IMG_3129_\u00a9TomasTurek-150x150.jpg\" class=\"attachment-thumbnail size-thumbnail\" alt=\"Vnitroblok19052025_IMG_3129_\u00a9TomasTurek\" \/><\/a>\n\t\t\t<\/dt><\/dl><dl class='gallery-item'>\n\t\t\t<dt class='gallery-icon landscape'>\n\t\t\t\t<a rel=\"galleryInfomapa\" class=\"thickbox no_icon rl-gallery-link\"  href='https:\/\/www.praha14.cz\/app\/uploads\/sites\/5\/2025\/06\/Vnitroblok19052025_IMG_3166_\u00a9TomasTurek-scaled.jpg' title=\"\" data-rl_title=\"\" data-rl_caption=\"\" data-rel=\"lightbox-gallery-1\"><img loading=\"lazy\" decoding=\"async\" width=\"150\" height=\"150\" src=\"https:\/\/www.praha14.cz\/app\/uploads\/sites\/5\/2025\/06\/Vnitroblok19052025_IMG_3166_\u00a9TomasTurek-150x150.jpg\" class=\"attachment-thumbnail size-thumbnail\" alt=\"Vnitroblok19052025_IMG_3166_\u00a9TomasTurek\" \/><\/a>\n\t\t\t<\/dt><\/dl><dl class='gallery-item'>\n\t\t\t<dt class='gallery-icon landscape'>\n\t\t\t\t<a rel=\"galleryInfomapa\" class=\"thickbox no_icon rl-gallery-link\"  href='https:\/\/www.praha14.cz\/app\/uploads\/sites\/5\/2025\/06\/Vnitroblok19052025_IMG_3183_\u00a9TomasTurek-scaled.jpg' title=\"\" data-rl_title=\"\" data-rl_caption=\"\" data-rel=\"lightbox-gallery-1\"><img loading=\"lazy\" decoding=\"async\" width=\"150\" height=\"150\" src=\"https:\/\/www.praha14.cz\/app\/uploads\/sites\/5\/2025\/06\/Vnitroblok19052025_IMG_3183_\u00a9TomasTurek-150x150.jpg\" class=\"attachment-thumbnail size-thumbnail\" alt=\"Vnitroblok19052025_IMG_3183_\u00a9TomasTurek\" \/><\/a>\n\t\t\t<\/dt><\/dl><br style=\"clear: both\" \/><dl class='gallery-item'>\n\t\t\t<dt class='gallery-icon landscape'>\n\t\t\t\t<a rel=\"galleryInfomapa\" class=\"thickbox no_icon rl-gallery-link\"  href='https:\/\/www.praha14.cz\/app\/uploads\/sites\/5\/2025\/06\/Vnitroblok19052025_IMG_3207_\u00a9TomasTurek-scaled.jpg' title=\"\" data-rl_title=\"\" data-rl_caption=\"\" data-rel=\"lightbox-gallery-1\"><img loading=\"lazy\" decoding=\"async\" width=\"150\" height=\"150\" src=\"https:\/\/www.praha14.cz\/app\/uploads\/sites\/5\/2025\/06\/Vnitroblok19052025_IMG_3207_\u00a9TomasTurek-150x150.jpg\" class=\"attachment-thumbnail size-thumbnail\" alt=\"Vnitroblok19052025_IMG_3207_\u00a9TomasTurek\" \/><\/a>\n\t\t\t<\/dt><\/dl><dl class='gallery-item'>\n\t\t\t<dt class='gallery-icon landscape'>\n\t\t\t\t<a rel=\"galleryInfomapa\" class=\"thickbox no_icon rl-gallery-link\"  href='https:\/\/www.praha14.cz\/app\/uploads\/sites\/5\/2025\/06\/Vnitroblok19052025_IMG_3243_\u00a9TomasTurek-scaled.jpg' title=\"\" data-rl_title=\"\" data-rl_caption=\"\" data-rel=\"lightbox-gallery-1\"><img loading=\"lazy\" decoding=\"async\" width=\"150\" height=\"150\" src=\"https:\/\/www.praha14.cz\/app\/uploads\/sites\/5\/2025\/06\/Vnitroblok19052025_IMG_3243_\u00a9TomasTurek-150x150.jpg\" class=\"attachment-thumbnail size-thumbnail\" alt=\"Vnitroblok19052025_IMG_3243_\u00a9TomasTurek\" \/><\/a>\n\t\t\t<\/dt><\/dl><dl class='gallery-item'>\n\t\t\t<dt class='gallery-icon landscape'>\n\t\t\t\t<a rel=\"galleryInfomapa\" class=\"thickbox no_icon rl-gallery-link\"  href='https:\/\/www.praha14.cz\/app\/uploads\/sites\/5\/2025\/06\/Vnitroblok19052025_IMG_3271_\u00a9TomasTurek-scaled.jpg' title=\"\" data-rl_title=\"\" data-rl_caption=\"\" data-rel=\"lightbox-gallery-1\"><img loading=\"lazy\" decoding=\"async\" width=\"150\" height=\"150\" src=\"https:\/\/www.praha14.cz\/app\/uploads\/sites\/5\/2025\/06\/Vnitroblok19052025_IMG_3271_\u00a9TomasTurek-150x150.jpg\" class=\"attachment-thumbnail size-thumbnail\" alt=\"Vnitroblok19052025_IMG_3271_\u00a9TomasTurek\" \/><\/a>\n\t\t\t<\/dt><\/dl><dl class='gallery-item'>\n\t\t\t<dt class='gallery-icon landscape'>\n\t\t\t\t<a rel=\"galleryInfomapa\" class=\"thickbox no_icon rl-gallery-link\"  href='https:\/\/www.praha14.cz\/app\/uploads\/sites\/5\/2025\/06\/Vnitroblok19052025_IMG_3282_\u00a9TomasTurek-scaled.jpg' title=\"\" data-rl_title=\"\" data-rl_caption=\"\" data-rel=\"lightbox-gallery-1\"><img loading=\"lazy\" decoding=\"async\" width=\"150\" height=\"150\" src=\"https:\/\/www.praha14.cz\/app\/uploads\/sites\/5\/2025\/06\/Vnitroblok19052025_IMG_3282_\u00a9TomasTurek-150x150.jpg\" class=\"attachment-thumbnail size-thumbnail\" alt=\"Vnitroblok19052025_IMG_3282_\u00a9TomasTurek\" \/><\/a>\n\t\t\t<\/dt><\/dl><br style=\"clear: both\" \/>\n\t\t<\/div>\n<\/p>\n<\/div>\n<\/div>\n<\/div>\n<\/div>\n<h4><\/h4>\n<div class=\"text-base my-auto mx-auto py-5 &#091;--thread-content-margin:--spacing(4)&#093; @&#091;37rem&#093;:&#091;--thread-content-margin:--spacing(6)&#093; @&#091;72rem&#093;:&#091;--thread-content-margin:--spacing(16)&#093; px-(--thread-content-margin)\">\n<div class=\"&#091;--thread-content-max-width:32rem&#093; @&#091;34rem&#093;:&#091;--thread-content-max-width:40rem&#093; @&#091;64rem&#093;:&#091;--thread-content-max-width:48rem&#093; mx-auto flex max-w-(--thread-content-max-width) flex-1 text-base gap-4 md:gap-5 lg:gap-6 group\/turn-messages focus-visible:outline-hidden\" tabindex=\"-1\">\n<div class=\"group\/conversation-turn relative flex w-full min-w-0 flex-col agent-turn\">\n<div class=\"relative flex-col gap-1 md:gap-3\">\n<div class=\"flex justify-start\">\n<hr \/>\n<h3 class=\"touch:-me-2 touch:-ms-3.5 -ms-2.5 -me-1 flex items-center p-1 select-none -mt-1 duration-&#091;1.5s&#093; focus-within:transition-none hover:transition-none pointer-events-none &#091;mask-image:linear-gradient(to_right,black_33%,transparent_66%)&#093; &#091;mask-size:300%_100%&#093; &#091;mask-position:100%_0%&#093; motion-safe:transition-&#091;mask-position&#093; group-hover\/turn-messages:pointer-events-auto group-hover\/turn-messages:&#091;mask-position:0_0&#093; group-focus-within\/turn-messages:pointer-events-auto group-focus-within\/turn-messages:&#091;mask-position:0_0&#093; has-data-&#091;state=open&#093;:pointer-events-auto has-data-&#091;state=open&#093;:&#091;mask-position:0_0&#093;\">VE\u0158EJN\u00c9 PROJEDN\u00c1N\u00cd AKTUALIZOVAN\u00c9 STUDIE KOMUNITN\u00cdHO CENTRA NA HUT\u00cdCH<\/h3>\n<\/div>\n<\/div>\n<\/div>\n<\/div>\n<\/div>\n<\/article>\n<p><a href=\"https:\/\/www.praha14.cz\/app\/uploads\/sites\/4\/2025\/04\/vp-sPLAVNA.png\" target=\"_blank\" rel=\"noopener\" data-rel=\"lightbox-image-9\" data-rl_title=\"\" data-rl_caption=\"\" title=\"\"><img loading=\"lazy\" decoding=\"async\" class=\"alignnone wp-image-71964 \" src=\"https:\/\/www.praha14.cz\/app\/uploads\/sites\/4\/2025\/04\/vp-sPLAVNA-262x370.png\" alt=\"vp sPLAVN\u00c1\" width=\"173\" height=\"244\" \/><\/a><\/p>\n<p>&nbsp;<\/p>\n<p>V <strong>pond\u011bl\u00ed 14. 4. 2025 od 18 hodin prob\u011bhlo p\u0159ed ob\u010derstven\u00edm Kyjosek ve Splavn\u00e9 ulici na Hut\u00edch p\u0159edstaven\u00ed aktualizovan\u00e9 studie Komunitn\u00edho centra na Hut\u00edch<\/strong>, kter\u00e1 reflektuje p\u0159ipom\u00ednky a n\u00e1vrhy z p\u0159edchoz\u00ed projedn\u00e1n\u00ed. Navrhovan\u00e1 stavba nov\u011b spl\u0148uje principy udr\u017eiteln\u00e9ho rozvoje a z\u00e1rove\u0148 i po\u017eadavky na energetickou nen\u00e1ro\u010dnost a \u0161etrn\u00fd provoz budovy k \u017eivotn\u00edmu prost\u0159ed\u00ed. \u00da\u010dastn\u00edci m\u011bli p\u0159\u00edle\u017eitost na m\u00edst\u011b prodiskutovat sv\u00e9 p\u0159ipom\u00ednky, n\u00e1m\u011bty i dotazy s p\u0159edstaviteli m\u011bstsk\u00e9 \u010d\u00e1sti Praha 14 a s odborn\u00edky.<\/p>\n<p><a href=\"https:\/\/www.praha14.cz\/app\/uploads\/sites\/4\/2025\/04\/Zapis-z-VP-predstaveni-nove-studie-KC-Splavna-fin.pdf\" target=\"_blank\" rel=\"noopener\">Z\u00e1pis z ve\u0159ejn\u00e9ho projedn\u00e1n\u00ed p\u0159edstaven\u00ed nov\u00e9 studie KC Splavn\u00e1<\/a><\/p>\n<p>\n\t\t<style type=\"text\/css\">\n\t\t\t#gallery-2 {\n\t\t\t\tmargin: auto;\n\t\t\t}\n\t\t\t#gallery-2 .gallery-item {\n\t\t\t\tfloat: left;\n\t\t\t\tmargin-top: 10px;\n\t\t\t\ttext-align: center;\n\t\t\t\twidth: 25%;\n\t\t\t}\n\t\t\t#gallery-2 img {\n\t\t\t\tborder: 2px solid #cfcfcf;\n\t\t\t}\n\t\t\t#gallery-2 .gallery-caption {\n\t\t\t\tmargin-left: 0;\n\t\t\t}\n\t\t\t\/* see gallery_shortcode() in wp-includes\/media.php *\/\n\t\t<\/style>\n\t\t<div id='gallery-2' class='gallery galleryid-1659 gallery-columns-4 gallery-size-thumbnail'><dl class='gallery-item'>\n\t\t\t<dt class='gallery-icon landscape'>\n\t\t\t\t<a rel=\"galleryInfomapa\" class=\"thickbox no_icon rl-gallery-link\"  href='https:\/\/www.praha14.cz\/app\/uploads\/sites\/5\/2025\/06\/FB_IMG_1744746250692.jpg' title=\"\" data-rl_title=\"\" data-rl_caption=\"\" data-rel=\"lightbox-gallery-2\"><img loading=\"lazy\" decoding=\"async\" width=\"150\" height=\"150\" src=\"https:\/\/www.praha14.cz\/app\/uploads\/sites\/5\/2025\/06\/FB_IMG_1744746250692-150x150.jpg\" class=\"attachment-thumbnail size-thumbnail\" alt=\"FB_IMG_1744746250692\" \/><\/a>\n\t\t\t<\/dt><\/dl><dl class='gallery-item'>\n\t\t\t<dt class='gallery-icon landscape'>\n\t\t\t\t<a rel=\"galleryInfomapa\" class=\"thickbox no_icon rl-gallery-link\"  href='https:\/\/www.praha14.cz\/app\/uploads\/sites\/5\/2025\/06\/FB_IMG_1744787431088.jpg' title=\"\" data-rl_title=\"\" data-rl_caption=\"\" data-rel=\"lightbox-gallery-2\"><img loading=\"lazy\" decoding=\"async\" width=\"150\" height=\"150\" src=\"https:\/\/www.praha14.cz\/app\/uploads\/sites\/5\/2025\/06\/FB_IMG_1744787431088-150x150.jpg\" class=\"attachment-thumbnail size-thumbnail\" alt=\"FB_IMG_1744787431088\" srcset=\"https:\/\/www.praha14.cz\/app\/uploads\/sites\/5\/2025\/06\/FB_IMG_1744787431088-150x150.jpg 150w, https:\/\/www.praha14.cz\/app\/uploads\/sites\/5\/2025\/06\/FB_IMG_1744787431088-300x300.jpg 300w, https:\/\/www.praha14.cz\/app\/uploads\/sites\/5\/2025\/06\/FB_IMG_1744787431088-1024x1024.jpg 1024w, https:\/\/www.praha14.cz\/app\/uploads\/sites\/5\/2025\/06\/FB_IMG_1744787431088-768x768.jpg 768w, https:\/\/www.praha14.cz\/app\/uploads\/sites\/5\/2025\/06\/FB_IMG_1744787431088.jpg 1080w\" sizes=\"(max-width: 150px) 100vw, 150px\" \/><\/a>\n\t\t\t<\/dt><\/dl><dl class='gallery-item'>\n\t\t\t<dt class='gallery-icon landscape'>\n\t\t\t\t<a rel=\"galleryInfomapa\" class=\"thickbox no_icon rl-gallery-link\"  href='https:\/\/www.praha14.cz\/app\/uploads\/sites\/5\/2025\/06\/FB_IMG_1744787441121.jpg' title=\"\" data-rl_title=\"\" data-rl_caption=\"\" data-rel=\"lightbox-gallery-2\"><img loading=\"lazy\" decoding=\"async\" width=\"150\" height=\"150\" src=\"https:\/\/www.praha14.cz\/app\/uploads\/sites\/5\/2025\/06\/FB_IMG_1744787441121-150x150.jpg\" class=\"attachment-thumbnail size-thumbnail\" alt=\"FB_IMG_1744787441121\" srcset=\"https:\/\/www.praha14.cz\/app\/uploads\/sites\/5\/2025\/06\/FB_IMG_1744787441121-150x150.jpg 150w, https:\/\/www.praha14.cz\/app\/uploads\/sites\/5\/2025\/06\/FB_IMG_1744787441121-300x300.jpg 300w, https:\/\/www.praha14.cz\/app\/uploads\/sites\/5\/2025\/06\/FB_IMG_1744787441121-1024x1024.jpg 1024w, https:\/\/www.praha14.cz\/app\/uploads\/sites\/5\/2025\/06\/FB_IMG_1744787441121-768x768.jpg 768w, https:\/\/www.praha14.cz\/app\/uploads\/sites\/5\/2025\/06\/FB_IMG_1744787441121.jpg 1080w\" sizes=\"(max-width: 150px) 100vw, 150px\" \/><\/a>\n\t\t\t<\/dt><\/dl><dl class='gallery-item'>\n\t\t\t<dt class='gallery-icon portrait'>\n\t\t\t\t<a rel=\"galleryInfomapa\" class=\"thickbox no_icon rl-gallery-link\"  href='https:\/\/www.praha14.cz\/app\/uploads\/sites\/5\/2025\/06\/IMG_20250414_1815151.jpg' title=\"\" data-rl_title=\"\" data-rl_caption=\"\" data-rel=\"lightbox-gallery-2\"><img loading=\"lazy\" decoding=\"async\" width=\"150\" height=\"150\" src=\"https:\/\/www.praha14.cz\/app\/uploads\/sites\/5\/2025\/06\/IMG_20250414_1815151-150x150.jpg\" class=\"attachment-thumbnail size-thumbnail\" alt=\"IMG_20250414_181515(1)\" \/><\/a>\n\t\t\t<\/dt><\/dl><br style=\"clear: both\" \/>\n\t\t<\/div>\n<\/p>\n<p>\n\t\t\t\t<\/div>\n\t\t\t<\/div>\n\t\t<\/article><article class=\"panel panel-default\">\n\t\t\t<div class=\"panel-heading\">\n\t\t\t\t<h1 class=\"panel-title\">\n\t\t\t\t\t<a data-toggle=\"collapse\" data-parent=\"#panel_group_1\" href=\"#panel_1_2\" class=\"collapsed\">\n\t\t\t\t\t\tParticipace na Lehovci\n\t\t\t\t\t<\/a>\n\t\t\t\t<\/h1>\n\t\t\t<\/div>\n\t\t\t<div id=\"panel_1_2\" class=\"panel-collapse collapse\">\n\t\t\t\t<div class=\"panel-body\">\n\t\t\t\t\t<\/p>\n<p>\n\t\t\t\t<\/div>\n\t\t\t<\/div>\n\t\t<\/article><article class=\"panel panel-default\">\n\t\t\t<div class=\"panel-heading\">\n\t\t\t\t<h1 class=\"panel-title\">\n\t\t\t\t\t<a data-toggle=\"collapse\" data-parent=\"#panel_group_1\" href=\"#panel_1_3\" class=\"collapsed\">\n\t\t\t\t\t\tVyb\u00edralka 25\n\t\t\t\t\t<\/a>\n\t\t\t\t<\/h1>\n\t\t\t<\/div>\n\t\t\t<div id=\"panel_1_3\" class=\"panel-collapse collapse\">\n\t\t\t\t<div class=\"panel-body\">\n\t\t\t\t\t<\/p>\n<p>\n\t\t\t\t<\/div>\n\t\t\t<\/div>\n\t\t<\/article><article class=\"panel panel-default\">\n\t\t\t<div class=\"panel-heading\">\n\t\t\t\t<h1 class=\"panel-title\">\n\t\t\t\t\t<a data-toggle=\"collapse\" data-parent=\"#panel_group_1\" href=\"#panel_1_4\" class=\"collapsed\">\n\t\t\t\t\t\tTermin\u00e1l \u010cern\u00fd Most\n\t\t\t\t\t<\/a>\n\t\t\t\t<\/h1>\n\t\t\t<\/div>\n\t\t\t<div id=\"panel_1_4\" class=\"panel-collapse collapse\">\n\t\t\t\t<div class=\"panel-body\">\n\t\t\t\t\t<\/p>\n<p>\n\t\t\t\t<\/div>\n\t\t\t<\/div>\n\t\t<\/article><article class=\"panel panel-default\">\n\t\t\t<div class=\"panel-heading\">\n\t\t\t\t<h1 class=\"panel-title\">\n\t\t\t\t\t<a data-toggle=\"collapse\" data-parent=\"#panel_group_1\" href=\"#panel_1_5\" class=\"collapsed\">\n\t\t\t\t\t\tCentr\u00e1ln\u00ed park \u010cern\u00fd Most\n\t\t\t\t\t<\/a>\n\t\t\t\t<\/h1>\n\t\t\t<\/div>\n\t\t\t<div id=\"panel_1_5\" class=\"panel-collapse collapse\">\n\t\t\t\t<div class=\"panel-body\">\n\t\t\t\t\t<\/p>\n<p>\n\t\t\t\t<\/div>\n\t\t\t<\/div>\n\t\t<\/article><article class=\"panel panel-default\">\n\t\t\t<div class=\"panel-heading\">\n\t\t\t\t<h1 class=\"panel-title\">\n\t\t\t\t\t<a data-toggle=\"collapse\" data-parent=\"#panel_group_1\" href=\"#panel_1_6\" class=\"collapsed\">\n\t\t\t\t\t\tKC Splavn\u00e1\n\t\t\t\t\t<\/a>\n\t\t\t\t<\/h1>\n\t\t\t<\/div>\n\t\t\t<div id=\"panel_1_6\" class=\"panel-collapse collapse\">\n\t\t\t\t<div class=\"panel-body\">\n\t\t\t\t\t<\/p>\n<p>\n\t\t\t\t<\/div>\n\t\t\t<\/div>\n\t\t<\/article><article class=\"panel panel-default\">\n\t\t\t<div class=\"panel-heading\">\n\t\t\t\t<h1 class=\"panel-title\">\n\t\t\t\t\t<a data-toggle=\"collapse\" data-parent=\"#panel_group_1\" href=\"#panel_1_7\" class=\"collapsed\">\n\t\t\t\t\t\tP\u0159\u00edprava Strategie udr\u017eiteln\u00e9ho rozvoje \n\t\t\t\t\t<\/a>\n\t\t\t\t<\/h1>\n\t\t\t<\/div>\n\t\t\t<div id=\"panel_1_7\" class=\"panel-collapse collapse\">\n\t\t\t\t<div class=\"panel-body\">\n\t\t\t\t\t<\/p>\n<h3><strong>LOK\u00c1LN\u00cd F\u00d3RA<\/strong><\/h3>\n<p>B\u011bhem lok\u00e1ln\u00edch f\u00f3r bylo ve\u0159ejnosti k dispozici \u0161est diskuzn\u00edch stol\u016f, u kter\u00fdch ob\u010dan\u00e9 diskutovali s politiky a odborn\u00edky na dan\u00e1 t\u00e9mata (doprava, \u0161kolstv\u00ed, \u017eivotn\u00ed prost\u0159ed\u00ed\u2026..). C\u00edlem bylo z\u00edskat od ob\u010dan\u016f relevantn\u00ed informace o tom, co je v dan\u00e9 lokalit\u011b nejv\u00edce tr\u00e1p\u00ed a co by cht\u011bli ve sv\u00e9m okol\u00ed zm\u011bnit.<\/p>\n<ol>\n<li>Lok\u00e1ln\u00ed f\u00f3rum \u2013 22. 11. 2023, M\u0160 Hostavice \u2013 <strong><a href=\"https:\/\/www.praha14.cz\/app\/uploads\/sites\/4\/2024\/01\/LF-1_-HostaviceJahodnice.pdf\" target=\"_blank\" rel=\"noopener\">sebran\u00e9 v\u00fdstupy<\/a><\/strong><\/li>\n<li>Lok\u00e1ln\u00ed f\u00f3rum \u2013 13. 12. 2023, Plech\u00e1rna \u010cern\u00fd Most\u2013 <strong><a href=\"https:\/\/www.praha14.cz\/app\/uploads\/sites\/4\/2024\/01\/LF-2_-Cerny-Most-2-Plecharna.pdf\" target=\"_blank\" rel=\"noopener\">sebran\u00e9 v\u00fdstupy<\/a><\/strong><\/li>\n<li>Lok\u00e1ln\u00ed f\u00f3rum \u2013 10. 1. 2024, Z\u0160 Gener\u00e1la Janou\u0161ka\u2013 \u00a0<strong><a href=\"https:\/\/www.praha14.cz\/app\/uploads\/sites\/4\/2024\/01\/LF-3_-Cerny-MOst-1-ZS-Gen.-Janouska.pdf\" target=\"_blank\" rel=\"noopener\">sebran\u00e9 v\u00fdstupy<\/a><\/strong><\/li>\n<li>Lok\u00e1ln\u00ed f\u00f3rum \u2013 17. 1. 2024, H55 Hloub\u011bt\u00edn\u2013 <strong><a href=\"https:\/\/www.praha14.cz\/app\/uploads\/sites\/4\/2024\/01\/LF-4-H55-Hloubetin.pdf\" target=\"_blank\" rel=\"noopener\">sebran\u00e9 v\u00fdstupy<\/a><\/strong><\/li>\n<li>Lok\u00e1ln\u00ed f\u00f3rum \u2013 24. 1. 2024, KD Kyje &#8211; <strong><a href=\"https:\/\/www.praha14.cz\/app\/uploads\/sites\/4\/2024\/02\/LF-c.-5_Kyje.pdf\" target=\"_blank\" rel=\"noopener\">sebran\u00e9 v\u00fdstupy<\/a><\/strong><\/li>\n<li>Lok\u00e1ln\u00ed f\u00f3rum \u2013 31. 1. 2024, S\u0160 podnik\u00e1n\u00ed a gastronomie, Hut\u011b &#8211; <strong><a href=\"https:\/\/www.praha14.cz\/app\/uploads\/sites\/4\/2024\/02\/LF-c.-6_-HUTE.pdf\" target=\"_blank\" rel=\"noopener\">sebran\u00e9 v\u00fdstupy<\/a><\/strong><\/li>\n<\/ol>\n<p><strong>\u00a0 \u00a0 \u00a0 <a href=\"https:\/\/www.praha14.cz\/app\/uploads\/sites\/4\/2024\/02\/Zapis-z-LF-1-6_zs.pdf\" target=\"_blank\" rel=\"noopener\">Souhrnn\u00fd z\u00e1pis<\/a><\/strong>\u00a0z prob\u011bhl\u00fdch lok\u00e1ln\u00edch f\u00f3r.<\/p>\n<p><a href=\"https:\/\/www.praha14.cz\/app\/uploads\/sites\/4\/2024\/01\/IMG_0329-scaled.jpg\" target=\"_blank\" rel=\"noopener\" data-rel=\"lightbox-image-14\" data-rl_title=\"\" data-rl_caption=\"\" title=\"\"><img loading=\"lazy\" decoding=\"async\" class=\"alignnone wp-image-69473\" src=\"https:\/\/www.praha14.cz\/app\/uploads\/sites\/4\/2024\/01\/IMG_0329-scaled.jpg\" alt=\"IMG_0329\" width=\"225\" height=\"150\" \/><\/a> <a href=\"https:\/\/www.praha14.cz\/app\/uploads\/sites\/4\/2024\/01\/IMG_20240117_174515-scaled.jpg\" target=\"_blank\" rel=\"noopener\" data-rel=\"lightbox-image-15\" data-rl_title=\"\" data-rl_caption=\"\" title=\"\"><img loading=\"lazy\" decoding=\"async\" class=\"alignnone wp-image-69474\" src=\"https:\/\/www.praha14.cz\/app\/uploads\/sites\/4\/2024\/01\/IMG_20240117_174515-scaled.jpg\" alt=\"IMG_20240117_174515\" width=\"325\" height=\"150\" \/><\/a>\u00a0<a href=\"https:\/\/www.praha14.cz\/app\/uploads\/sites\/4\/2024\/01\/IMG_20240124_181651-scaled.jpg\" target=\"_blank\" rel=\"noopener\" data-rel=\"lightbox-image-16\" data-rl_title=\"\" data-rl_caption=\"\" title=\"\"><img loading=\"lazy\" decoding=\"async\" class=\"wp-image-69475 alignnone\" src=\"https:\/\/www.praha14.cz\/app\/uploads\/sites\/4\/2024\/01\/IMG_20240124_181651-scaled.jpg\" alt=\"IMG_20240124_181651\" width=\"267\" height=\"150\" \/><\/a><\/p>\n<p>&nbsp;<\/p>\n<h3><strong>D\u011aTSK\u00c9 F\u00d3RUM<\/strong><\/h3>\n<p>D\u011btsk\u00e9 f\u00f3rum se uskute\u010dnilo 14. b\u0159ezna 2024 v KD Kyje. V\u00edce na str\u00e1nk\u00e1ch <strong><a href=\"https:\/\/www.praha14.cz\/zivot-na-praze-14\/zakovske-zastupitelstvo\/#panel_1_2\" target=\"_blank\" rel=\"noopener\">\u017d\u00e1kovsk\u00e9ho zastupitelstva<\/a><\/strong>.<\/p>\n<p>&nbsp;<\/p>\n<h3><strong>SETK\u00c1N\u00cd SE SENIORY<\/strong><\/h3>\n<p>Do p\u0159\u00edpravy analytick\u00e9 \u010d\u00e1sti v r\u00e1mci zpracov\u00e1n\u00ed Strategie udr\u017eiteln\u00e9ho rozvoje 2025+ byli zapojeni i z\u00e1stupci na\u0161ich senior\u016f, a to prost\u0159ednictv\u00edm tzv. Klub\u016f senior\u016f, kter\u00e9 p\u016fsob\u00ed na \u00fazem\u00ed M\u010c Praha 14.\u00a0Konkr\u00e9tn\u011b se jednalo o seniory z Hloub\u011bt\u00edna, Kyj\u00ed a \u010cern\u00e9ho Mostu.<\/p>\n<p>Setk\u00e1n\u00ed se uskute\u010dnila:<\/p>\n<ol>\n<li>KS Hloub\u011bt\u00edn, 17. 1. 2024, H55<\/li>\n<li>KS Kyje, 24. 1. 2024, KD Kyje<\/li>\n<li>KS \u010cern\u00fd Most, 4.3.2024, Plech\u00e1rna<\/li>\n<\/ol>\n<p>V\u00fdstupy z akc\u00ed naleznete <a href=\"https:\/\/www.praha14.cz\/app\/uploads\/sites\/4\/2024\/08\/v-tomto-dokumentu.pdf\" target=\"_blank\" rel=\"noopener\">v tomto dokumentu<\/a>. Za podn\u011bty a p\u0159ipom\u00ednky je\u0161t\u011b jednou d\u011bkujeme.<\/p>\n<p>&nbsp;<\/p>\n<h3><strong>SETK\u00c1N\u00cd S PODNIKATELI A Z\u00c1STUPCI NNO<\/strong><\/h3>\n<p class=\"x_MsoNormal\">Setk\u00e1n\u00ed s podnikateli a z\u00e1stupci neziskov\u00e9ho sektoru prob\u011bhlo ve st\u0159edu 10. dubna 2024 od 17 do 19 hodin ve volno\u010dasov\u00e9m centru H55.<\/p>\n<p><a href=\"https:\/\/www.praha14.cz\/app\/uploads\/sites\/4\/2024\/06\/IMG_20240410_174904-scaled.jpg\" target=\"_blank\" rel=\"noopener\" data-rel=\"lightbox-image-17\" data-rl_title=\"\" data-rl_caption=\"\" title=\"\"><img loading=\"lazy\" decoding=\"async\" class=\"alignnone wp-image-70624\" src=\"https:\/\/www.praha14.cz\/app\/uploads\/sites\/4\/2024\/06\/IMG_20240410_174904-scaled.jpg\" alt=\"IMG_20240410_174904\" width=\"333\" height=\"150\" \/><\/a> <a href=\"https:\/\/www.praha14.cz\/app\/uploads\/sites\/4\/2024\/06\/IMG_20240410_185448-scaled.jpg\" target=\"_blank\" rel=\"noopener\" data-rel=\"lightbox-image-18\" data-rl_title=\"\" data-rl_caption=\"\" title=\"\"><img loading=\"lazy\" decoding=\"async\" class=\"alignnone wp-image-70625\" src=\"https:\/\/www.praha14.cz\/app\/uploads\/sites\/4\/2024\/06\/IMG_20240410_185448-scaled.jpg\" alt=\"IMG_20240410_185448\" width=\"325\" height=\"150\" \/><\/a><\/p>\n<p class=\"x_MsoNormal\">\u0158\u00edzen\u00e9 rozhovory\u00a0se z\u00e1stupci veden\u00ed M\u010c a vedouc\u00edmi odbor\u016f \u00daM\u010c Praha 14<\/p>\n<p>&nbsp;<\/p>\n<h3><strong>P\u0158EDSTAVEN\u00cd N\u00c1VRHOV\u00c9 \u010c\u00c1STI<\/strong><\/h3>\n<p>Koncem z\u00e1\u0159\u00ed se v KD Kyje uskute\u010dnilo ve\u0159ejn\u00e9 projedn\u00e1n\u00ed n\u00e1vrhov\u00e9 \u010d\u00e1sti Strategie udr\u017eiteln\u00e9ho rozvoje 2025+. Za p\u0159\u00edtomnosti ob\u010dan\u016f, dodavatele, z\u00e1stupc\u016f veden\u00ed m\u011bstsk\u00e9 \u010d\u00e1sti a zam\u011bstnanc\u016f \u00fa\u0159adu byly diskutov\u00e1ny hlavn\u00ed strategick\u00e9 oblasti, c\u00edle a sm\u011bry, kter\u00fdmi by se m\u011bstsk\u00e1 \u010d\u00e1st v dal\u0161\u00edch 10 letech ub\u00edrat.<\/p>\n<p><a href=\"https:\/\/www.praha14.cz\/app\/uploads\/sites\/4\/2024\/11\/StrategieP14_IMG_4349_TT.jpg\" target=\"_blank\" rel=\"noopener\" data-rel=\"lightbox-image-19\" data-rl_title=\"\" data-rl_caption=\"\" title=\"\"><img loading=\"lazy\" decoding=\"async\" class=\"alignnone wp-image-71187\" src=\"https:\/\/www.praha14.cz\/app\/uploads\/sites\/4\/2024\/11\/StrategieP14_IMG_4349_TT.jpg\" alt=\"StrategieP14_IMG_4349_TT\" width=\"225\" height=\"150\" \/><\/a> <a href=\"https:\/\/www.praha14.cz\/app\/uploads\/sites\/4\/2024\/11\/StrategieP14_IMG_4180_TT.jpg\" target=\"_blank\" rel=\"noopener\" data-rel=\"lightbox-image-20\" data-rl_title=\"\" data-rl_caption=\"\" title=\"\"><img loading=\"lazy\" decoding=\"async\" class=\"alignnone wp-image-71186\" src=\"https:\/\/www.praha14.cz\/app\/uploads\/sites\/4\/2024\/11\/StrategieP14_IMG_4180_TT.jpg\" alt=\"StrategieP14_IMG_4180_TT\" width=\"193\" height=\"150\" \/><\/a> <a href=\"https:\/\/www.praha14.cz\/app\/uploads\/sites\/4\/2024\/11\/StrategieP14_IMG_4150_TT.jpg\" target=\"_blank\" rel=\"noopener\" data-rel=\"lightbox-image-21\" data-rl_title=\"\" data-rl_caption=\"\" title=\"\"><img loading=\"lazy\" decoding=\"async\" class=\"alignnone wp-image-71185\" src=\"https:\/\/www.praha14.cz\/app\/uploads\/sites\/4\/2024\/11\/StrategieP14_IMG_4150_TT.jpg\" alt=\"StrategieP14_IMG_4150_TT\" width=\"225\" height=\"150\" \/><\/a><\/p>\n<p>\n\t\t\t\t<\/div>\n\t\t\t<\/div>\n\t\t<\/article><\/div><\/section>\n","protected":false},"excerpt":{"rendered":"","protected":false},"author":1057,"featured_media":0,"parent":1653,"menu_order":0,"comment_status":"closed","ping_status":"closed","template":"","meta":{"_acf_changed":false,"footnotes":""},"class_list":["post-1659","page","type-page","status-publish","hentry"],"acf":[],"yoast_head":"<!-- This site is optimized with the Yoast SEO plugin v27.2 - https:\/\/yoast.com\/product\/yoast-seo-wordpress\/ -->\n<title>Pl\u00e1nov\u00e1n\u00ed s ve\u0159ejnost\u00ed - M\u011b\u0148te s n\u00e1mi Prahu 14<\/title>\n<meta name=\"robots\" content=\"index, follow, max-snippet:-1, max-image-preview:large, max-video-preview:-1\" \/>\n<link rel=\"canonical\" href=\"https:\/\/www.praha14.cz\/ctrnactka-podle-vas\/zapojeni-verejnosti\/planovani-s-verejnosti\/\" \/>\n<meta property=\"og:locale\" content=\"cs_CZ\" \/>\n<meta property=\"og:type\" content=\"article\" \/>\n<meta property=\"og:title\" content=\"Pl\u00e1nov\u00e1n\u00ed s ve\u0159ejnost\u00ed - M\u011b\u0148te s n\u00e1mi Prahu 14\" \/>\n<meta property=\"og:url\" content=\"https:\/\/www.praha14.cz\/ctrnactka-podle-vas\/zapojeni-verejnosti\/planovani-s-verejnosti\/\" \/>\n<meta property=\"og:site_name\" content=\"M\u011b\u0148te s n\u00e1mi Prahu 14\" \/>\n<meta property=\"article:modified_time\" content=\"2026-03-06T09:43:44+00:00\" \/>\n<meta property=\"og:image\" content=\"https:\/\/www.praha14.cz\/app\/uploads\/sites\/5\/2025\/06\/VP-724x1024-1.png\" \/>\n\t<meta property=\"og:image:width\" content=\"724\" \/>\n\t<meta property=\"og:image:height\" content=\"1024\" \/>\n\t<meta property=\"og:image:type\" content=\"image\/png\" \/>\n<meta name=\"twitter:card\" content=\"summary_large_image\" \/>\n<meta name=\"twitter:label1\" content=\"Est. reading time\" \/>\n\t<meta name=\"twitter:data1\" content=\"5 minut\" \/>\n<script type=\"application\/ld+json\" class=\"yoast-schema-graph\">{\"@context\":\"https:\/\/schema.org\",\"@graph\":[{\"@type\":\"WebPage\",\"@id\":\"https:\/\/www.praha14.cz\/ctrnactka-podle-vas\/zapojeni-verejnosti\/planovani-s-verejnosti\/\",\"url\":\"https:\/\/www.praha14.cz\/ctrnactka-podle-vas\/zapojeni-verejnosti\/planovani-s-verejnosti\/\",\"name\":\"Pl\u00e1nov\u00e1n\u00ed s ve\u0159ejnost\u00ed - M\u011b\u0148te s n\u00e1mi Prahu 14\",\"isPartOf\":{\"@id\":\"https:\/\/www.praha14.cz\/ctrnactka-podle-vas\/#website\"},\"primaryImageOfPage\":{\"@id\":\"https:\/\/www.praha14.cz\/ctrnactka-podle-vas\/zapojeni-verejnosti\/planovani-s-verejnosti\/#primaryimage\"},\"image\":{\"@id\":\"https:\/\/www.praha14.cz\/ctrnactka-podle-vas\/zapojeni-verejnosti\/planovani-s-verejnosti\/#primaryimage\"},\"thumbnailUrl\":\"https:\/\/www.praha14.cz\/app\/uploads\/sites\/5\/2025\/06\/VP-724x1024-1.png\",\"datePublished\":\"2025-05-20T08:24:23+00:00\",\"dateModified\":\"2026-03-06T09:43:44+00:00\",\"breadcrumb\":{\"@id\":\"https:\/\/www.praha14.cz\/ctrnactka-podle-vas\/zapojeni-verejnosti\/planovani-s-verejnosti\/#breadcrumb\"},\"inLanguage\":\"cs\",\"potentialAction\":[{\"@type\":\"ReadAction\",\"target\":[\"https:\/\/www.praha14.cz\/ctrnactka-podle-vas\/zapojeni-verejnosti\/planovani-s-verejnosti\/\"]}]},{\"@type\":\"ImageObject\",\"inLanguage\":\"cs\",\"@id\":\"https:\/\/www.praha14.cz\/ctrnactka-podle-vas\/zapojeni-verejnosti\/planovani-s-verejnosti\/#primaryimage\",\"url\":\"https:\/\/www.praha14.cz\/app\/uploads\/sites\/5\/2025\/06\/VP-724x1024-1.png\",\"contentUrl\":\"https:\/\/www.praha14.cz\/app\/uploads\/sites\/5\/2025\/06\/VP-724x1024-1.png\"},{\"@type\":\"BreadcrumbList\",\"@id\":\"https:\/\/www.praha14.cz\/ctrnactka-podle-vas\/zapojeni-verejnosti\/planovani-s-verejnosti\/#breadcrumb\",\"itemListElement\":[{\"@type\":\"ListItem\",\"position\":1,\"name\":\"M\u011b\u0148te s n\u00e1mi Prahu 14\",\"item\":\"https:\/\/www.praha14.cz\/ctrnactka-podle-vas\/\"},{\"@type\":\"ListItem\",\"position\":2,\"name\":\"Zapojen\u00ed ve\u0159ejnosti\",\"item\":\"https:\/\/www.praha14.cz\/ctrnactka-podle-vas\/zapojeni-verejnosti\/\"},{\"@type\":\"ListItem\",\"position\":3,\"name\":\"Pl\u00e1nov\u00e1n\u00ed s ve\u0159ejnost\u00ed\"}]},{\"@type\":\"WebSite\",\"@id\":\"https:\/\/www.praha14.cz\/ctrnactka-podle-vas\/#website\",\"url\":\"https:\/\/www.praha14.cz\/ctrnactka-podle-vas\/\",\"name\":\"M\u011b\u0148te s n\u00e1mi Prahu 14\",\"description\":\"\u010ctrn\u00e1ctka podle v\u00e1s\",\"potentialAction\":[{\"@type\":\"SearchAction\",\"target\":{\"@type\":\"EntryPoint\",\"urlTemplate\":\"https:\/\/www.praha14.cz\/ctrnactka-podle-vas\/?s={search_term_string}\"},\"query-input\":{\"@type\":\"PropertyValueSpecification\",\"valueRequired\":true,\"valueName\":\"search_term_string\"}}],\"inLanguage\":\"cs\"}]}<\/script>\n<!-- \/ Yoast SEO plugin. -->","yoast_head_json":{"title":"Pl\u00e1nov\u00e1n\u00ed s ve\u0159ejnost\u00ed - M\u011b\u0148te s n\u00e1mi Prahu 14","robots":{"index":"index","follow":"follow","max-snippet":"max-snippet:-1","max-image-preview":"max-image-preview:large","max-video-preview":"max-video-preview:-1"},"canonical":"https:\/\/www.praha14.cz\/ctrnactka-podle-vas\/zapojeni-verejnosti\/planovani-s-verejnosti\/","og_locale":"cs_CZ","og_type":"article","og_title":"Pl\u00e1nov\u00e1n\u00ed s ve\u0159ejnost\u00ed - M\u011b\u0148te s n\u00e1mi Prahu 14","og_url":"https:\/\/www.praha14.cz\/ctrnactka-podle-vas\/zapojeni-verejnosti\/planovani-s-verejnosti\/","og_site_name":"M\u011b\u0148te s n\u00e1mi Prahu 14","article_modified_time":"2026-03-06T09:43:44+00:00","og_image":[{"width":724,"height":1024,"url":"https:\/\/www.praha14.cz\/app\/uploads\/sites\/5\/2025\/06\/VP-724x1024-1.png","type":"image\/png"}],"twitter_card":"summary_large_image","twitter_misc":{"Est. reading time":"5 minut"},"schema":{"@context":"https:\/\/schema.org","@graph":[{"@type":"WebPage","@id":"https:\/\/www.praha14.cz\/ctrnactka-podle-vas\/zapojeni-verejnosti\/planovani-s-verejnosti\/","url":"https:\/\/www.praha14.cz\/ctrnactka-podle-vas\/zapojeni-verejnosti\/planovani-s-verejnosti\/","name":"Pl\u00e1nov\u00e1n\u00ed s ve\u0159ejnost\u00ed - M\u011b\u0148te s n\u00e1mi Prahu 14","isPartOf":{"@id":"https:\/\/www.praha14.cz\/ctrnactka-podle-vas\/#website"},"primaryImageOfPage":{"@id":"https:\/\/www.praha14.cz\/ctrnactka-podle-vas\/zapojeni-verejnosti\/planovani-s-verejnosti\/#primaryimage"},"image":{"@id":"https:\/\/www.praha14.cz\/ctrnactka-podle-vas\/zapojeni-verejnosti\/planovani-s-verejnosti\/#primaryimage"},"thumbnailUrl":"https:\/\/www.praha14.cz\/app\/uploads\/sites\/5\/2025\/06\/VP-724x1024-1.png","datePublished":"2025-05-20T08:24:23+00:00","dateModified":"2026-03-06T09:43:44+00:00","breadcrumb":{"@id":"https:\/\/www.praha14.cz\/ctrnactka-podle-vas\/zapojeni-verejnosti\/planovani-s-verejnosti\/#breadcrumb"},"inLanguage":"cs","potentialAction":[{"@type":"ReadAction","target":["https:\/\/www.praha14.cz\/ctrnactka-podle-vas\/zapojeni-verejnosti\/planovani-s-verejnosti\/"]}]},{"@type":"ImageObject","inLanguage":"cs","@id":"https:\/\/www.praha14.cz\/ctrnactka-podle-vas\/zapojeni-verejnosti\/planovani-s-verejnosti\/#primaryimage","url":"https:\/\/www.praha14.cz\/app\/uploads\/sites\/5\/2025\/06\/VP-724x1024-1.png","contentUrl":"https:\/\/www.praha14.cz\/app\/uploads\/sites\/5\/2025\/06\/VP-724x1024-1.png"},{"@type":"BreadcrumbList","@id":"https:\/\/www.praha14.cz\/ctrnactka-podle-vas\/zapojeni-verejnosti\/planovani-s-verejnosti\/#breadcrumb","itemListElement":[{"@type":"ListItem","position":1,"name":"M\u011b\u0148te s n\u00e1mi Prahu 14","item":"https:\/\/www.praha14.cz\/ctrnactka-podle-vas\/"},{"@type":"ListItem","position":2,"name":"Zapojen\u00ed ve\u0159ejnosti","item":"https:\/\/www.praha14.cz\/ctrnactka-podle-vas\/zapojeni-verejnosti\/"},{"@type":"ListItem","position":3,"name":"Pl\u00e1nov\u00e1n\u00ed s ve\u0159ejnost\u00ed"}]},{"@type":"WebSite","@id":"https:\/\/www.praha14.cz\/ctrnactka-podle-vas\/#website","url":"https:\/\/www.praha14.cz\/ctrnactka-podle-vas\/","name":"M\u011b\u0148te s n\u00e1mi Prahu 14","description":"\u010ctrn\u00e1ctka podle v\u00e1s","potentialAction":[{"@type":"SearchAction","target":{"@type":"EntryPoint","urlTemplate":"https:\/\/www.praha14.cz\/ctrnactka-podle-vas\/?s={search_term_string}"},"query-input":{"@type":"PropertyValueSpecification","valueRequired":true,"valueName":"search_term_string"}}],"inLanguage":"cs"}]}},"_links":{"self":[{"href":"https:\/\/www.praha14.cz\/ctrnactka-podle-vas\/wp-json\/wp\/v2\/pages\/1659","targetHints":{"allow":["GET"]}}],"collection":[{"href":"https:\/\/www.praha14.cz\/ctrnactka-podle-vas\/wp-json\/wp\/v2\/pages"}],"about":[{"href":"https:\/\/www.praha14.cz\/ctrnactka-podle-vas\/wp-json\/wp\/v2\/types\/page"}],"author":[{"embeddable":true,"href":"https:\/\/www.praha14.cz\/ctrnactka-podle-vas\/wp-json\/wp\/v2\/users\/1057"}],"replies":[{"embeddable":true,"href":"https:\/\/www.praha14.cz\/ctrnactka-podle-vas\/wp-json\/wp\/v2\/comments?post=1659"}],"version-history":[{"count":6,"href":"https:\/\/www.praha14.cz\/ctrnactka-podle-vas\/wp-json\/wp\/v2\/pages\/1659\/revisions"}],"predecessor-version":[{"id":1813,"href":"https:\/\/www.praha14.cz\/ctrnactka-podle-vas\/wp-json\/wp\/v2\/pages\/1659\/revisions\/1813"}],"up":[{"embeddable":true,"href":"https:\/\/www.praha14.cz\/ctrnactka-podle-vas\/wp-json\/wp\/v2\/pages\/1653"}],"wp:attachment":[{"href":"https:\/\/www.praha14.cz\/ctrnactka-podle-vas\/wp-json\/wp\/v2\/media?parent=1659"}],"curies":[{"name":"wp","href":"https:\/\/api.w.org\/{rel}","templated":true}]}}