{"id":42362,"date":"2019-01-25T08:10:01","date_gmt":"2019-01-25T07:10:01","guid":{"rendered":"https:\/\/www.praha14.cz\/samosprava\/?page_id=42362"},"modified":"2019-01-25T08:35:11","modified_gmt":"2019-01-25T07:35:11","slug":"oznameni-z-roku-2018","status":"publish","type":"page","link":"https:\/\/www.praha14.cz\/samosprava\/oznameni-z-roku-2018\/","title":{"rendered":"MAP II. &#8211; Ozn\u00e1men\u00ed z roku 2018"},"content":{"rendered":"<p><strong>\u0158\u00edd\u00edc\u00ed v\u00fdbor<\/strong><\/p>\n<ul>\n<li><a href=\"https:\/\/www.praha14.cz\/app\/uploads\/sites\/3\/2014\/04\/Zasedani_Ridici_vybor_MAPII.pdf\" target=\"_blank\" rel=\"noopener noreferrer\">Ozn\u00e1men\u00ed o zased\u00e1n\u00ed \u0158\u00edd\u00edc\u00edho v\u00fdboru M\u00edstn\u00edho ak\u010dn\u00edho pl\u00e1nu II.<\/a><\/li>\n<li><a href=\"https:\/\/www.praha14.cz\/app\/uploads\/sites\/3\/2018\/06\/Oznameni_zasedani_Ridici_vybor_MAP_II.doc\" target=\"_blank\" rel=\"noopener noreferrer\">Ozn\u00e1men\u00ed o zased\u00e1n\u00ed \u0158\u00edd\u00edc\u00edho v\u00fdboru M\u00edstn\u00edho ak\u010dn\u00edho pl\u00e1nu II<\/a>.<\/li>\n<\/ul>\n<p><strong>Pracovn\u00ed skupina pro financov\u00e1n\u00ed<\/strong><\/p>\n<ul>\n<li><a href=\"https:\/\/www.praha14.cz\/app\/uploads\/sites\/3\/2018\/06\/Pozv\u00e1nka_Financovani_1-zasedani-8-9.2.pdf\" target=\"_blank\" rel=\"noopener noreferrer\">Ozn\u00e1men\u00ed\u00a0&#8211; zased\u00e1n\u00ed 8. &#8211; 9. 2. 2018<\/a><\/li>\n<li><a href=\"https:\/\/www.praha14.cz\/app\/uploads\/sites\/3\/2018\/06\/Ozn\u00e1men\u00ed_Financovani_2-zasedani-20.6.pdf\" target=\"_blank\" rel=\"noopener noreferrer\">Ozn\u00e1men\u00ed &#8211; zased\u00e1n\u00ed 20. 6. 2018<\/a><\/li>\n<li><a href=\"https:\/\/www.praha14.cz\/app\/uploads\/sites\/3\/2018\/06\/Pozv\u00e1nka_Financovani_3-zasedani-27.-28.8.pdf\" target=\"_blank\" rel=\"noopener noreferrer\">Ozn\u00e1men\u00ed &#8211;\u00a0zased\u00e1n\u00ed 27. &#8211; 28. 8. 2018<\/a><\/li>\n<li><a href=\"https:\/\/www.praha14.cz\/app\/uploads\/sites\/3\/2018\/06\/Pozv\u00e1nka_Financovani_4-zasedani-30.10.pdf\" target=\"_blank\" rel=\"noopener noreferrer\">Ozn\u00e1men\u00ed &#8211; zased\u00e1n\u00ed 30. 10. 2018<\/a><\/li>\n<\/ul>\n<p><strong>Pracovn\u00ed skupina pro \u010dten\u00e1\u0159skou gramotnost<\/strong><\/p>\n<ul>\n<li><a href=\"https:\/\/www.praha14.cz\/app\/uploads\/sites\/3\/2018\/06\/Ozn\u00e1men\u00ed_Ctenarska-gramotnost-_1-zasedani-17.5.pdf\" target=\"_blank\" rel=\"noopener noreferrer\">Ozn\u00e1men\u00ed &#8211; zased\u00e1n\u00ed 17. 5. 2018<\/a><\/li>\n<li><a href=\"https:\/\/www.praha14.cz\/app\/uploads\/sites\/3\/2018\/06\/Ozn\u00e1men\u00ed_Ctenarska-gramotnost-_2-zasedani-20.6.pdf\" target=\"_blank\" rel=\"noopener noreferrer\">Ozn\u00e1men\u00ed &#8211; zased\u00e1n\u00ed 20. 6. 2018<\/a><\/li>\n<li><a href=\"https:\/\/www.praha14.cz\/app\/uploads\/sites\/3\/2018\/06\/Pozv\u00e1nka_Ctenarska-gramotnost-_3-4-zasedani-28.-29.6.pdf\" target=\"_blank\" rel=\"noopener noreferrer\">Ozn\u00e1men\u00ed &#8211;\u00a0zased\u00e1n\u00ed 28. &#8211; 29. 8. 2018<\/a><\/li>\n<li><a href=\"https:\/\/www.praha14.cz\/app\/uploads\/sites\/3\/2018\/06\/Pozv\u00e1nka_Ctenarska-gramotnost-_5-zasedani-20.9.-2018.pdf\" target=\"_blank\" rel=\"noopener noreferrer\">Ozn\u00e1men\u00ed &#8211; zased\u00e1n\u00ed 20. 9. 2018<\/a><\/li>\n<\/ul>\n<p><strong>Pracovn\u00ed skupina pro matematickou gramotnost<\/strong><\/p>\n<ul>\n<li><a href=\"https:\/\/www.praha14.cz\/app\/uploads\/sites\/3\/2018\/06\/Ozn\u00e1men\u00ed_Matematicka-gramotnost_1-zasedani-17.5.pdf\" target=\"_blank\" rel=\"noopener noreferrer\">Ozn\u00e1men\u00ed &#8211; zased\u00e1n\u00ed 17. 5. 2018<\/a><\/li>\n<li><a href=\"https:\/\/www.praha14.cz\/app\/uploads\/sites\/3\/2018\/06\/Ozn\u00e1men\u00ed_Matematicka-gramotnost_2-zasedani-20.6.pdf\" target=\"_blank\" rel=\"noopener noreferrer\">Ozn\u00e1men\u00ed &#8211; zased\u00e1n\u00ed 20. 6. 2018<\/a><\/li>\n<li><a href=\"https:\/\/www.praha14.cz\/app\/uploads\/sites\/3\/2018\/06\/Pozv\u00e1nka_Matematicka-gramotnost_3-4-zasedani-28.-29.8.pdf\" target=\"_blank\" rel=\"noopener noreferrer\">Ozn\u00e1men\u00ed &#8211; zased\u00e1n\u00ed 28. &#8211; 29. 8. 2018<\/a><\/li>\n<li><a href=\"https:\/\/www.praha14.cz\/app\/uploads\/sites\/3\/2018\/06\/Pozv\u00e1nka_Matematicka-gramotnost_5-zasedani-20.9.pdf\" target=\"_blank\" rel=\"noopener noreferrer\">Ozn\u00e1men\u00ed &#8211; zased\u00e1n\u00ed 20. 9. 2018<\/a><\/li>\n<\/ul>\n<p><strong>Pracovn\u00ed skupina pro rovn\u00e9 p\u0159\u00edle\u017eitosti<\/strong><\/p>\n<ul>\n<li><a href=\"https:\/\/www.praha14.cz\/app\/uploads\/sites\/3\/2018\/06\/Ozn\u00e1men\u00ed_Rovn\u00e9-p\u0159\u00edle\u017eitost_1-zasedani-23.1.pdf\">Ozn\u00e1men\u00ed &#8211; zased\u00e1n\u00ed 23. 1. 2018<\/a><\/li>\n<li><a href=\"https:\/\/www.praha14.cz\/app\/uploads\/sites\/3\/2018\/06\/Ozn\u00e1men\u00ed_Rovn\u00e9-p\u0159\u00edle\u017eitosti_2-zased\u00e1n\u00ed-20.3.pdf\" target=\"_blank\" rel=\"noopener noreferrer\">Ozn\u00e1men\u00ed &#8211; zased\u00e1n\u00ed 20. 3. 2018<\/a><\/li>\n<li><a href=\"https:\/\/www.praha14.cz\/app\/uploads\/sites\/3\/2018\/06\/Pozv\u00e1nka_Rovn\u00e9-p\u0159\u00edle\u017eitosti_3-zased\u00e1n\u00ed-17.5.pdf\" target=\"_blank\" rel=\"noopener noreferrer\">Ozn\u00e1men\u00ed &#8211; zased\u00e1n\u00ed 17. 5. 2018<\/a><\/li>\n<li><a href=\"https:\/\/www.praha14.cz\/app\/uploads\/sites\/3\/2018\/06\/Ozn\u00e1men\u00ed_Rovn\u00e9-p\u0159\u00edle\u017eitosti_3-zased\u00e1n\u00ed-20.6.pdf\" target=\"_blank\" rel=\"noopener noreferrer\">Ozn\u00e1men\u00ed &#8211; zased\u00e1n\u00ed 20. 6. 2018<\/a><\/li>\n<li><a href=\"https:\/\/www.praha14.cz\/app\/uploads\/sites\/3\/2018\/06\/Pozv\u00e1nka_Rovn\u00e9-p\u0159\u00edle\u017eitosti_5-6-zased\u00e1n\u00ed-28.-29.8.pdf\" target=\"_blank\" rel=\"noopener noreferrer\">Ozn\u00e1men\u00ed &#8211;\u00a0zased\u00e1n\u00ed 28. &#8211; 29. 8. 2018<\/a><\/li>\n<li><a href=\"https:\/\/www.praha14.cz\/app\/uploads\/sites\/3\/2018\/06\/Pozv\u00e1nka_Rovn\u00e9-p\u0159\u00edle\u017eitosti_7-zased\u00e1n\u00ed-20.9.pdf\" target=\"_blank\" rel=\"noopener noreferrer\">Ozn\u00e1men\u00ed &#8211; zased\u00e1n\u00ed 20. 9. 2018<\/a><\/li>\n<li><a href=\"https:\/\/www.praha14.cz\/app\/uploads\/sites\/3\/2018\/06\/Pozv\u00e1nka_Rovn\u00e9-p\u0159\u00edle\u017eitosti_8-zased\u00e1n\u00ed-30.10.pdf\" target=\"_blank\" rel=\"noopener noreferrer\">Ozn\u00e1men\u00ed &#8211; zased\u00e1n\u00ed 30. 10. 2018<\/a><\/li>\n<\/ul>\n<p><strong>Pracovn\u00ed skupina pro brannou v\u00fdchovu<\/strong><\/p>\n<ul>\n<li><a href=\"https:\/\/www.praha14.cz\/app\/uploads\/sites\/3\/2018\/06\/Ozn\u00e1men\u00ed_Brann\u00e1-v\u00fdchova_1-zasedani-25.4.pdf\" target=\"_blank\" rel=\"noopener noreferrer\">Ozn\u00e1men\u00ed &#8211; zased\u00e1n\u00ed 25. 4. 2018<\/a><\/li>\n<li><a href=\"https:\/\/www.praha14.cz\/app\/uploads\/sites\/3\/2018\/06\/Ozn\u00e1men\u00ed_Brann\u00e1-v\u00fdchova_2-zased\u00e1n\u00ed-17.5.pdf\" target=\"_blank\" rel=\"noopener noreferrer\">Ozn\u00e1men\u00ed &#8211; zased\u00e1n\u00ed 17. 5. 2018<\/a><\/li>\n<li><a href=\"https:\/\/www.praha14.cz\/app\/uploads\/sites\/3\/2018\/06\/Ozn\u00e1men\u00ed_Brann\u00e1-v\u00fdchova_3-zased\u00e1n\u00ed-20.6.pdf\" target=\"_blank\" rel=\"noopener noreferrer\">Ozn\u00e1men\u00ed &#8211; zased\u00e1n\u00ed 20. 6. 2018<\/a><\/li>\n<li><a href=\"https:\/\/www.praha14.cz\/app\/uploads\/sites\/3\/2018\/06\/Pozv\u00e1nka_Brann\u00e1-v\u00fdchova_4-5-zased\u00e1n\u00ed-28.-29.8.pdf\" target=\"_blank\" rel=\"noopener noreferrer\">Ozn\u00e1men\u00ed &#8211;\u00a0zased\u00e1n\u00ed 28. &#8211; 29. 8. 2018<\/a><\/li>\n<li><a href=\"https:\/\/www.praha14.cz\/app\/uploads\/sites\/3\/2018\/06\/Pozv\u00e1nka_Brann\u00e1-v\u00fdchova_6-zased\u00e1n\u00ed-20.9.pdf\" target=\"_blank\" rel=\"noopener noreferrer\">Ozn\u00e1men\u00ed &#8211; zased\u00e1n\u00ed 20. 9. 2018<\/a><\/li>\n<li><a href=\"https:\/\/www.praha14.cz\/app\/uploads\/sites\/3\/2018\/06\/Pozv\u00e1nka_Brann\u00e1-v\u00fdchova_7-zased\u00e1n\u00ed-28.11.pdf\" target=\"_blank\" rel=\"noopener noreferrer\">Ozn\u00e1men\u00ed &#8211; zased\u00e1n\u00ed 28. 11. 2018<\/a><\/li>\n<\/ul>\n","protected":false},"excerpt":{"rendered":"<p>\u0158\u00edd\u00edc\u00ed v\u00fdbor Ozn\u00e1men\u00ed o zased\u00e1n\u00ed \u0158\u00edd\u00edc\u00edho v\u00fdboru M\u00edstn\u00edho ak\u010dn\u00edho pl\u00e1nu II. Ozn\u00e1men\u00ed o zased\u00e1n\u00ed \u0158\u00edd\u00edc\u00edho v\u00fdboru M\u00edstn\u00edho ak\u010dn\u00edho pl\u00e1nu II. Pracovn\u00ed skupina pro financov\u00e1n\u00ed Ozn\u00e1men\u00ed\u00a0&#8211; zased\u00e1n\u00ed 8. &#8211; 9. 2. 2018 Ozn\u00e1men\u00ed &#8211; zased\u00e1n\u00ed 20. 6. 2018 Ozn\u00e1men\u00ed &#8211;\u00a0zased\u00e1n\u00ed 27. &#8211; 28. 8. 2018 Ozn\u00e1men\u00ed &#8211; zased\u00e1n\u00ed 30. 10. 2018 Pracovn\u00ed skupina pro \u010dten\u00e1\u0159skou gramotnost&#8230;<\/p>\n","protected":false},"author":1057,"featured_media":0,"parent":0,"menu_order":0,"comment_status":"closed","ping_status":"closed","template":"","meta":{"_acf_changed":false,"footnotes":""},"class_list":["post-42362","page","type-page","status-publish","hentry"],"acf":[],"yoast_head":"<!-- This site is optimized with the Yoast SEO plugin v27.2 - https:\/\/yoast.com\/product\/yoast-seo-wordpress\/ -->\n<title>MAP II. - Ozn\u00e1men\u00ed z roku 2018 - Samospr\u00e1va \u00daM\u010c Praha 14<\/title>\n<meta name=\"robots\" content=\"index, follow, max-snippet:-1, max-image-preview:large, max-video-preview:-1\" \/>\n<link rel=\"canonical\" href=\"https:\/\/www.praha14.cz\/samosprava\/oznameni-z-roku-2018\/\" \/>\n<meta property=\"og:locale\" content=\"cs_CZ\" \/>\n<meta property=\"og:type\" content=\"article\" \/>\n<meta property=\"og:title\" content=\"MAP II. - Ozn\u00e1men\u00ed z roku 2018 - Samospr\u00e1va \u00daM\u010c Praha 14\" \/>\n<meta property=\"og:description\" content=\"\u0158\u00edd\u00edc\u00ed v\u00fdbor Ozn\u00e1men\u00ed o zased\u00e1n\u00ed \u0158\u00edd\u00edc\u00edho v\u00fdboru M\u00edstn\u00edho ak\u010dn\u00edho pl\u00e1nu II. Ozn\u00e1men\u00ed o zased\u00e1n\u00ed \u0158\u00edd\u00edc\u00edho v\u00fdboru M\u00edstn\u00edho ak\u010dn\u00edho pl\u00e1nu II. Pracovn\u00ed skupina pro financov\u00e1n\u00ed Ozn\u00e1men\u00ed\u00a0&#8211; zased\u00e1n\u00ed 8. &#8211; 9. 2. 2018 Ozn\u00e1men\u00ed &#8211; zased\u00e1n\u00ed 20. 6. 2018 Ozn\u00e1men\u00ed &#8211;\u00a0zased\u00e1n\u00ed 27. &#8211; 28. 8. 2018 Ozn\u00e1men\u00ed &#8211; zased\u00e1n\u00ed 30. 10. 2018 Pracovn\u00ed skupina pro \u010dten\u00e1\u0159skou gramotnost...\" \/>\n<meta property=\"og:url\" content=\"https:\/\/www.praha14.cz\/samosprava\/oznameni-z-roku-2018\/\" \/>\n<meta property=\"og:site_name\" content=\"Samospr\u00e1va \u00daM\u010c Praha 14\" \/>\n<meta property=\"article:modified_time\" content=\"2019-01-25T07:35:11+00:00\" \/>\n<meta name=\"twitter:card\" content=\"summary_large_image\" \/>\n<meta name=\"twitter:label1\" content=\"Est. reading time\" \/>\n\t<meta name=\"twitter:data1\" content=\"1 minuta\" \/>\n<script type=\"application\/ld+json\" class=\"yoast-schema-graph\">{\"@context\":\"https:\/\/schema.org\",\"@graph\":[{\"@type\":\"WebPage\",\"@id\":\"https:\/\/www.praha14.cz\/samosprava\/oznameni-z-roku-2018\/\",\"url\":\"https:\/\/www.praha14.cz\/samosprava\/oznameni-z-roku-2018\/\",\"name\":\"MAP II. - Ozn\u00e1men\u00ed z roku 2018 - Samospr\u00e1va \u00daM\u010c Praha 14\",\"isPartOf\":{\"@id\":\"https:\/\/www.praha14.cz\/samosprava\/#website\"},\"datePublished\":\"2019-01-25T07:10:01+00:00\",\"dateModified\":\"2019-01-25T07:35:11+00:00\",\"breadcrumb\":{\"@id\":\"https:\/\/www.praha14.cz\/samosprava\/oznameni-z-roku-2018\/#breadcrumb\"},\"inLanguage\":\"cs\",\"potentialAction\":[{\"@type\":\"ReadAction\",\"target\":[\"https:\/\/www.praha14.cz\/samosprava\/oznameni-z-roku-2018\/\"]}]},{\"@type\":\"BreadcrumbList\",\"@id\":\"https:\/\/www.praha14.cz\/samosprava\/oznameni-z-roku-2018\/#breadcrumb\",\"itemListElement\":[{\"@type\":\"ListItem\",\"position\":1,\"name\":\"Samospr\u00e1va \u00daM\u010c Praha 14\",\"item\":\"https:\/\/www.praha14.cz\/samosprava\/\"},{\"@type\":\"ListItem\",\"position\":2,\"name\":\"MAP II. &#8211; Ozn\u00e1men\u00ed z roku 2018\"}]},{\"@type\":\"WebSite\",\"@id\":\"https:\/\/www.praha14.cz\/samosprava\/#website\",\"url\":\"https:\/\/www.praha14.cz\/samosprava\/\",\"name\":\"Samospr\u00e1va \u00daM\u010c Praha 14\",\"description\":\"Ofici\u00e1ln\u00ed str\u00e1nky Samospr\u00e1vy \u00daM\u010c Praha 14\",\"potentialAction\":[{\"@type\":\"SearchAction\",\"target\":{\"@type\":\"EntryPoint\",\"urlTemplate\":\"https:\/\/www.praha14.cz\/samosprava\/?s={search_term_string}\"},\"query-input\":{\"@type\":\"PropertyValueSpecification\",\"valueRequired\":true,\"valueName\":\"search_term_string\"}}],\"inLanguage\":\"cs\"}]}<\/script>\n<!-- \/ Yoast SEO plugin. -->","yoast_head_json":{"title":"MAP II. - Ozn\u00e1men\u00ed z roku 2018 - Samospr\u00e1va \u00daM\u010c Praha 14","robots":{"index":"index","follow":"follow","max-snippet":"max-snippet:-1","max-image-preview":"max-image-preview:large","max-video-preview":"max-video-preview:-1"},"canonical":"https:\/\/www.praha14.cz\/samosprava\/oznameni-z-roku-2018\/","og_locale":"cs_CZ","og_type":"article","og_title":"MAP II. - Ozn\u00e1men\u00ed z roku 2018 - Samospr\u00e1va \u00daM\u010c Praha 14","og_description":"\u0158\u00edd\u00edc\u00ed v\u00fdbor Ozn\u00e1men\u00ed o zased\u00e1n\u00ed \u0158\u00edd\u00edc\u00edho v\u00fdboru M\u00edstn\u00edho ak\u010dn\u00edho pl\u00e1nu II. Ozn\u00e1men\u00ed o zased\u00e1n\u00ed \u0158\u00edd\u00edc\u00edho v\u00fdboru M\u00edstn\u00edho ak\u010dn\u00edho pl\u00e1nu II. Pracovn\u00ed skupina pro financov\u00e1n\u00ed Ozn\u00e1men\u00ed\u00a0&#8211; zased\u00e1n\u00ed 8. &#8211; 9. 2. 2018 Ozn\u00e1men\u00ed &#8211; zased\u00e1n\u00ed 20. 6. 2018 Ozn\u00e1men\u00ed &#8211;\u00a0zased\u00e1n\u00ed 27. &#8211; 28. 8. 2018 Ozn\u00e1men\u00ed &#8211; zased\u00e1n\u00ed 30. 10. 2018 Pracovn\u00ed skupina pro \u010dten\u00e1\u0159skou gramotnost...","og_url":"https:\/\/www.praha14.cz\/samosprava\/oznameni-z-roku-2018\/","og_site_name":"Samospr\u00e1va \u00daM\u010c Praha 14","article_modified_time":"2019-01-25T07:35:11+00:00","twitter_card":"summary_large_image","twitter_misc":{"Est. reading time":"1 minuta"},"schema":{"@context":"https:\/\/schema.org","@graph":[{"@type":"WebPage","@id":"https:\/\/www.praha14.cz\/samosprava\/oznameni-z-roku-2018\/","url":"https:\/\/www.praha14.cz\/samosprava\/oznameni-z-roku-2018\/","name":"MAP II. - Ozn\u00e1men\u00ed z roku 2018 - Samospr\u00e1va \u00daM\u010c Praha 14","isPartOf":{"@id":"https:\/\/www.praha14.cz\/samosprava\/#website"},"datePublished":"2019-01-25T07:10:01+00:00","dateModified":"2019-01-25T07:35:11+00:00","breadcrumb":{"@id":"https:\/\/www.praha14.cz\/samosprava\/oznameni-z-roku-2018\/#breadcrumb"},"inLanguage":"cs","potentialAction":[{"@type":"ReadAction","target":["https:\/\/www.praha14.cz\/samosprava\/oznameni-z-roku-2018\/"]}]},{"@type":"BreadcrumbList","@id":"https:\/\/www.praha14.cz\/samosprava\/oznameni-z-roku-2018\/#breadcrumb","itemListElement":[{"@type":"ListItem","position":1,"name":"Samospr\u00e1va \u00daM\u010c Praha 14","item":"https:\/\/www.praha14.cz\/samosprava\/"},{"@type":"ListItem","position":2,"name":"MAP II. &#8211; Ozn\u00e1men\u00ed z roku 2018"}]},{"@type":"WebSite","@id":"https:\/\/www.praha14.cz\/samosprava\/#website","url":"https:\/\/www.praha14.cz\/samosprava\/","name":"Samospr\u00e1va \u00daM\u010c Praha 14","description":"Ofici\u00e1ln\u00ed str\u00e1nky Samospr\u00e1vy \u00daM\u010c Praha 14","potentialAction":[{"@type":"SearchAction","target":{"@type":"EntryPoint","urlTemplate":"https:\/\/www.praha14.cz\/samosprava\/?s={search_term_string}"},"query-input":{"@type":"PropertyValueSpecification","valueRequired":true,"valueName":"search_term_string"}}],"inLanguage":"cs"}]}},"_links":{"self":[{"href":"https:\/\/www.praha14.cz\/samosprava\/wp-json\/wp\/v2\/pages\/42362","targetHints":{"allow":["GET"]}}],"collection":[{"href":"https:\/\/www.praha14.cz\/samosprava\/wp-json\/wp\/v2\/pages"}],"about":[{"href":"https:\/\/www.praha14.cz\/samosprava\/wp-json\/wp\/v2\/types\/page"}],"author":[{"embeddable":true,"href":"https:\/\/www.praha14.cz\/samosprava\/wp-json\/wp\/v2\/users\/1057"}],"replies":[{"embeddable":true,"href":"https:\/\/www.praha14.cz\/samosprava\/wp-json\/wp\/v2\/comments?post=42362"}],"version-history":[{"count":5,"href":"https:\/\/www.praha14.cz\/samosprava\/wp-json\/wp\/v2\/pages\/42362\/revisions"}],"predecessor-version":[{"id":42379,"href":"https:\/\/www.praha14.cz\/samosprava\/wp-json\/wp\/v2\/pages\/42362\/revisions\/42379"}],"wp:attachment":[{"href":"https:\/\/www.praha14.cz\/samosprava\/wp-json\/wp\/v2\/media?parent=42362"}],"curies":[{"name":"wp","href":"https:\/\/api.w.org\/{rel}","templated":true}]}}