{"id":55,"date":"2014-04-16T11:00:38","date_gmt":"2014-04-16T10:00:38","guid":{"rendered":"\/samosprava\/?page_id=55"},"modified":"2026-04-24T11:26:25","modified_gmt":"2026-04-24T09:26:25","slug":"projekty","status":"publish","type":"page","link":"https:\/\/www.praha14.cz\/samosprava\/dulezite-informace\/projekty\/","title":{"rendered":"Projekty"},"content":{"rendered":"<section class=\"p14-panel-group\"><div id=\"panel_group_1\" class=\"panel-group\"><article class=\"panel panel-default\">\n\t\t\t<div class=\"panel-heading\">\n\t\t\t\t<h1 class=\"panel-title\">\n\t\t\t\t\t<a data-toggle=\"collapse\" data-parent=\"#panel_group_1\" href=\"#panel_1_1\" class=\"collapsed\">\n\t\t\t\t\t\tProjekty s podporou EU\n\t\t\t\t\t<\/a>\n\t\t\t\t<\/h1>\n\t\t\t<\/div>\n\t\t\t<div id=\"panel_1_1\" class=\"panel-collapse collapse\">\n\t\t\t\t<div class=\"panel-body\">\n\t\t\t\t\t<\/p>\n<p><strong>Podpora elektromobility na M\u010c Praha 14<br \/>\n<\/strong>Registra\u010dn\u00ed \u010d\u00edslo: 5251100436<\/p>\n<p>Datum zah\u00e1jen\u00ed projektu: 4. 8. 2025<br \/>\nUkon\u010den\u00ed projektu: 30. 6. 2026<\/p>\n<p>C\u00edlem projektu je po\u0159\u00edzen\u00ed dvou vozidel s\u00a0elektropohonem, konkr\u00e9tn\u011b n\u00e1kladn\u00edho elektromobilu do 3,5 t se skl\u00e1p\u011b\u010dkou a pracovn\u00edho samoj\u00edzdn\u00e9ho \u010dist\u00edc\u00edho stroje. Realizac\u00ed projektu dojde ke zlep\u0161en\u00ed kvality ovzdu\u0161\u00ed a sn\u00ed\u017een\u00ed emis\u00ed z\u00a0dopravy.<\/p>\n<p><a href=\"https:\/\/www.praha14.cz\/app\/uploads\/sites\/3\/2026\/04\/WhatsApp-Image-2026-04-23-at-09.12.57-2.jpeg\" target=\"_blank\" rel=\"noopener\" data-rel=\"lightbox-image-0\" data-rl_title=\"\" data-rl_caption=\"\" title=\"\"><img loading=\"lazy\" decoding=\"async\" class=\"alignnone wp-image-46815 size-medium\" src=\"https:\/\/www.praha14.cz\/app\/uploads\/sites\/3\/2026\/04\/WhatsApp-Image-2026-04-23-at-09.12.57-2-279x370.jpeg\" alt=\"WhatsApp Image 2026-04-23 at 09.12.57 (2)\" width=\"279\" height=\"370\" srcset=\"https:\/\/www.praha14.cz\/app\/uploads\/sites\/3\/2026\/04\/WhatsApp-Image-2026-04-23-at-09.12.57-2-279x370.jpeg 279w, https:\/\/www.praha14.cz\/app\/uploads\/sites\/3\/2026\/04\/WhatsApp-Image-2026-04-23-at-09.12.57-2-771x1024.jpeg 771w, https:\/\/www.praha14.cz\/app\/uploads\/sites\/3\/2026\/04\/WhatsApp-Image-2026-04-23-at-09.12.57-2-768x1020.jpeg 768w, https:\/\/www.praha14.cz\/app\/uploads\/sites\/3\/2026\/04\/WhatsApp-Image-2026-04-23-at-09.12.57-2-1157x1536.jpeg 1157w, https:\/\/www.praha14.cz\/app\/uploads\/sites\/3\/2026\/04\/WhatsApp-Image-2026-04-23-at-09.12.57-2.jpeg 1536w\" sizes=\"(max-width: 279px) 100vw, 279px\" \/><\/a> <a href=\"https:\/\/www.praha14.cz\/app\/uploads\/sites\/3\/2026\/04\/WhatsApp-Image-2026-04-20-at-14.27.32.jpeg\" target=\"_blank\" rel=\"noopener\" data-rel=\"lightbox-image-1\" data-rl_title=\"\" data-rl_caption=\"\" title=\"\"><img loading=\"lazy\" decoding=\"async\" class=\"alignnone wp-image-46816 size-medium\" src=\"https:\/\/www.praha14.cz\/app\/uploads\/sites\/3\/2026\/04\/WhatsApp-Image-2026-04-20-at-14.27.32-278x370.jpeg\" alt=\"WhatsApp Image 2026-04-20 at 14.27.32\" width=\"278\" height=\"370\" srcset=\"https:\/\/www.praha14.cz\/app\/uploads\/sites\/3\/2026\/04\/WhatsApp-Image-2026-04-20-at-14.27.32-278x370.jpeg 278w, https:\/\/www.praha14.cz\/app\/uploads\/sites\/3\/2026\/04\/WhatsApp-Image-2026-04-20-at-14.27.32-771x1024.jpeg 771w, https:\/\/www.praha14.cz\/app\/uploads\/sites\/3\/2026\/04\/WhatsApp-Image-2026-04-20-at-14.27.32-768x1021.jpeg 768w, https:\/\/www.praha14.cz\/app\/uploads\/sites\/3\/2026\/04\/WhatsApp-Image-2026-04-20-at-14.27.32-1156x1536.jpeg 1156w, https:\/\/www.praha14.cz\/app\/uploads\/sites\/3\/2026\/04\/WhatsApp-Image-2026-04-20-at-14.27.32.jpeg 1204w\" sizes=\"(max-width: 278px) 100vw, 278px\" \/><\/a><\/p>\n<p>Tento projekt je financov\u00e1n\u00ed Evropskou uni\u00ed v\u00a0r\u00e1mci N\u00e1rodn\u00edho pl\u00e1nu obnovy.<\/p>\n<p><a href=\"https:\/\/www.praha14.cz\/app\/uploads\/sites\/3\/2025\/12\/loga.png\" target=\"_blank\" rel=\"noopener\" data-rel=\"lightbox-image-2\" data-rl_title=\"\" data-rl_caption=\"\" title=\"\"><img loading=\"lazy\" decoding=\"async\" class=\"alignnone wp-image-46704 \" src=\"https:\/\/www.praha14.cz\/app\/uploads\/sites\/3\/2025\/12\/loga-370x40.png\" alt=\"loga\" width=\"760\" height=\"82\" srcset=\"https:\/\/www.praha14.cz\/app\/uploads\/sites\/3\/2025\/12\/loga-370x40.png 370w, https:\/\/www.praha14.cz\/app\/uploads\/sites\/3\/2025\/12\/loga-768x84.png 768w, https:\/\/www.praha14.cz\/app\/uploads\/sites\/3\/2025\/12\/loga.png 1016w\" sizes=\"(max-width: 760px) 100vw, 760px\" \/><\/a><\/p>\n<p>&nbsp;<\/p>\n<hr \/>\n<p><strong>Revitalizace Centr\u00e1ln\u00edho parku \u010cern\u00fd Most<br \/>\n<\/strong>Registra\u010dn\u00ed \u010d\u00edslo: CZ.06.02.02\/00\/22_065\/0006528<\/p>\n<p>Datum zah\u00e1jen\u00ed projektu: 1. 10. 2025<br \/>\nUkon\u010den\u00ed projektu: 31. 3. 2027<\/p>\n<p>C\u00edlem projektu je kompletn\u011b revitalizovat Centr\u00e1ln\u00ed park \u010cern\u00fd Most a vytvo\u0159it v\u202ftomto \u00fazem\u00ed reprezentativn\u00ed ve\u0159ejn\u00fd prostor s v\u00fdznamn\u00fdmi architektonick\u00fdmi a p\u0159\u00edrodn\u00edmi hodnotami umo\u017e\u0148uj\u00edc\u00ed n\u00e1le\u017eit\u00e9 propojen\u00ed mezi obytn\u00fdmi soubory s\u00eddli\u0161t\u011b. M\u010c Praha 14 chce nab\u00eddnout lidem p\u0159\u00edjemn\u00e9 m\u00edsto pro odpo\u010dinek i relaxaci, vytvo\u0159it klidov\u00e9 z\u00f3ny, piknikov\u00e9 plochy, kvalitn\u00ed d\u011btsk\u00e1 h\u0159i\u0161t\u011b, ps\u00ed h\u0159i\u0161t\u011b a reprezentativn\u00ed m\u00edsto pro po\u0159\u00e1d\u00e1n\u00ed ve\u0159ejn\u00fdch akc\u00ed, a to v\u0161e p\u0159i zachov\u00e1n\u00ed biodiverzity \u010di dokonce jej\u00edm roz\u0161\u00ed\u0159en\u00ed. V\u202fr\u00e1mci revitalizace parku dojde k \u00faprav\u011b cestn\u00ed s\u00edt\u011b, ve\u0159ejn\u00e9ho osv\u011btlen\u00ed a vybudov\u00e1n\u00ed cyklostezky.<\/p>\n<p>Projekt je podpo\u0159en z\u00a0prost\u0159edk\u016f EU, konkr\u00e9tn\u011b z 65. v\u00fdzvy IROP \u2013 Zelen\u00e1 infrastruktura \u2013 SC 2.2 (VRR).<\/p>\n<p>&nbsp;<\/p>\n<p><a href=\"https:\/\/www.praha14.cz\/app\/uploads\/sites\/3\/2025\/06\/EU-MMR-Barevne-CJ-web_publicita.png\" target=\"_blank\" rel=\"noopener\" data-rel=\"lightbox-image-3\" data-rl_title=\"\" data-rl_caption=\"\" title=\"\"><img loading=\"lazy\" decoding=\"async\" class=\"alignnone wp-image-46517\" src=\"https:\/\/www.praha14.cz\/app\/uploads\/sites\/3\/2025\/06\/EU-MMR-Barevne-CJ-web_publicita-370x45.png\" alt=\"EU-MMR-Barevne-CJ-web_publicita\" width=\"574\" height=\"70\" srcset=\"https:\/\/www.praha14.cz\/app\/uploads\/sites\/3\/2025\/06\/EU-MMR-Barevne-CJ-web_publicita-370x45.png 370w, https:\/\/www.praha14.cz\/app\/uploads\/sites\/3\/2025\/06\/EU-MMR-Barevne-CJ-web_publicita.png 500w\" sizes=\"(max-width: 574px) 100vw, 574px\" \/><\/a><\/p>\n<p>&nbsp;<\/p>\n<hr \/>\n<p><strong>Pos\u00edlen\u00ed kybernetick\u00e9 bezpe\u010dnosti \u00da\u0159adu m\u011bstsk\u00e9 \u010d\u00e1sti Praha 14<\/strong><br \/>\nRegistra\u010dn\u00ed \u010d\u00edslo: CZ.31.2.0\/0.0\/0.0\/24_145\/0011561<\/p>\n<p>Datum zah\u00e1jen\u00ed projektu: 30. 10. 2023<br \/>\nUkon\u010den\u00ed projektu: 31. 5. 2026<\/p>\n<p>P\u0159edm\u011btem projektu je realizace kybernetick\u00fdch bezpe\u010dnostn\u00edch opat\u0159en\u00ed vedouc\u00edch ke zv\u00fd\u0161en\u00ed bezpe\u010dnosti informa\u010dn\u00ed infrastruktury a informa\u010dn\u00edch syst\u00e9m\u016f \u017eadatele.<\/p>\n<p>Tento projekt je financov\u00e1n z\u00a0prost\u0159edk\u016f Evropsk\u00e9 unie z\u00a0fondu Next Generation EU, N\u00e1rodn\u00ed pl\u00e1n obnovy.<\/p>\n<p>&nbsp;<\/p>\n<p><a href=\"https:\/\/www.praha14.cz\/app\/uploads\/sites\/3\/2025\/03\/CS-Financovano-Evropskou-unii_POS_POS-scaled.jpg\" target=\"_blank\" rel=\"noopener\" data-rel=\"lightbox-image-4\" data-rl_title=\"\" data-rl_caption=\"\" title=\"\"><img loading=\"lazy\" decoding=\"async\" class=\"alignnone wp-image-46406\" src=\"https:\/\/www.praha14.cz\/app\/uploads\/sites\/3\/2025\/03\/CS-Financovano-Evropskou-unii_POS_POS-370x111.jpg\" alt=\"CS Financov\u00e1no Evropskou uni\u00ed_POS_POS\" width=\"234\" height=\"70\" srcset=\"https:\/\/www.praha14.cz\/app\/uploads\/sites\/3\/2025\/03\/CS-Financovano-Evropskou-unii_POS_POS-370x111.jpg 370w, https:\/\/www.praha14.cz\/app\/uploads\/sites\/3\/2025\/03\/CS-Financovano-Evropskou-unii_POS_POS-1024x306.jpg 1024w, https:\/\/www.praha14.cz\/app\/uploads\/sites\/3\/2025\/03\/CS-Financovano-Evropskou-unii_POS_POS-768x230.jpg 768w, https:\/\/www.praha14.cz\/app\/uploads\/sites\/3\/2025\/03\/CS-Financovano-Evropskou-unii_POS_POS-1536x460.jpg 1536w, https:\/\/www.praha14.cz\/app\/uploads\/sites\/3\/2025\/03\/CS-Financovano-Evropskou-unii_POS_POS-2048x613.jpg 2048w\" sizes=\"(max-width: 234px) 100vw, 234px\" \/><\/a><a href=\"https:\/\/www.praha14.cz\/app\/uploads\/sites\/3\/2025\/03\/NPO_logo.png\" target=\"_blank\" rel=\"noopener\" data-rel=\"lightbox-image-5\" data-rl_title=\"\" data-rl_caption=\"\" title=\"\"><img loading=\"lazy\" decoding=\"async\" class=\"alignnone wp-image-46403\" src=\"https:\/\/www.praha14.cz\/app\/uploads\/sites\/3\/2025\/03\/NPO_logo-370x117.png\" alt=\"NPO_logo\" width=\"221\" height=\"70\" srcset=\"https:\/\/www.praha14.cz\/app\/uploads\/sites\/3\/2025\/03\/NPO_logo-370x117.png 370w, https:\/\/www.praha14.cz\/app\/uploads\/sites\/3\/2025\/03\/NPO_logo-1024x324.png 1024w, https:\/\/www.praha14.cz\/app\/uploads\/sites\/3\/2025\/03\/NPO_logo-768x243.png 768w, https:\/\/www.praha14.cz\/app\/uploads\/sites\/3\/2025\/03\/NPO_logo-1536x486.png 1536w, https:\/\/www.praha14.cz\/app\/uploads\/sites\/3\/2025\/03\/NPO_logo-2048x649.png 2048w\" sizes=\"(max-width: 221px) 100vw, 221px\" \/><\/a><\/p>\n<p>&nbsp;<\/p>\n<hr \/>\n<p><strong>B\u00edl\u00fd k\u016f\u0148, Praha 14<br \/>\n<\/strong>Registra\u010dn\u00ed \u010d\u00edslo: CZ.06.02.02\/00\/22_065\/0006544<\/p>\n<p>Datum zah\u00e1jen\u00ed projektu: 2. 6. 2025<br \/>\nUkon\u010den\u00ed projektu: 31. 12. 2026<\/p>\n<p>C\u00edlem projektu je vznik nov\u00e9ho ve\u0159ejn\u00e9ho prostranstv\u00ed, resp. m\u011bstsk\u00e9ho parku v lokalit\u011b zvan\u00e9 B\u00edl\u00fd k\u016f\u0148. Hlavn\u00ed \u010d\u00e1st\u00ed projektu je soubor stavebn\u00edch \u010dinnost\u00ed maj\u00edc\u00ed za \u00fa\u010del kompletn\u00ed revitalizaci sou\u010dasn\u00e9ho brownfieldu nad unik\u00e1tn\u00edmi podzemn\u00ed prostory b\u00fdval\u00e9 Fejkovy p\u00edskovny v reprezentativn\u00ed ve\u0159ejn\u00fd prostor na plo\u0161e cca 5 700 m2.<\/p>\n<p>Nov\u011b vybudovan\u00fd park nab\u00eddne ve\u0159ejnosti p\u0159\u00edjemn\u00e9 m\u00edsto pro odpo\u010dinek, relaxaci i komunitn\u00ed setk\u00e1v\u00e1n\u00ed. Jeho sou\u010d\u00e1st\u00ed budou klidov\u00e9 z\u00f3ny, travnat\u00e9 piknikov\u00e9 plochy, kvalitn\u00ed d\u011btsk\u00e9 a parkourov\u00e9 h\u0159i\u0161t\u011b a z\u00e1\u017eitkov\u00fd chodn\u00edk, kter\u00e9 umo\u017en\u00ed aktivn\u00ed a kvalitn\u00ed tr\u00e1ven\u00ed voln\u00e9ho \u010dasu pro v\u0161echny v\u011bkov\u00e9 skupiny obyvatel \u017eij\u00edc\u00edch nejen v m\u011bstsk\u00e9 \u010d\u00e1sti Praha 14. Ned\u00edlnou sou\u010d\u00e1st\u00ed projektu je dobudov\u00e1n\u00ed s\u00edt\u011b technick\u00e9 infrastruktury, mobili\u00e1\u0159, ve\u0159ejn\u00e9 osv\u011btlen\u00ed a obnova povrch\u016f.<\/p>\n<p>Projekt je podpo\u0159en z prost\u0159edk\u016f EU, konkr\u00e9tn\u011b z 65. v\u00fdzvy IROP \u2013 Zelen\u00e1 infrastruktura \u2013 SC 2.2 (VRR), vyhl\u00e1\u0161en\u00e9 Ministerstvem pro m\u00edstn\u00ed rozvoj \u010cR.<\/p>\n<p>&nbsp;<\/p>\n<p><a href=\"https:\/\/www.praha14.cz\/app\/uploads\/sites\/3\/2025\/06\/EU-MMR-Barevne-CJ-web_publicita.png\" target=\"_blank\" rel=\"noopener\" data-rel=\"lightbox-image-3\" data-rl_title=\"\" data-rl_caption=\"\" title=\"\"><img loading=\"lazy\" decoding=\"async\" class=\"alignnone wp-image-46517\" src=\"https:\/\/www.praha14.cz\/app\/uploads\/sites\/3\/2025\/06\/EU-MMR-Barevne-CJ-web_publicita-370x45.png\" alt=\"EU-MMR-Barevne-CJ-web_publicita\" width=\"574\" height=\"70\" srcset=\"https:\/\/www.praha14.cz\/app\/uploads\/sites\/3\/2025\/06\/EU-MMR-Barevne-CJ-web_publicita-370x45.png 370w, https:\/\/www.praha14.cz\/app\/uploads\/sites\/3\/2025\/06\/EU-MMR-Barevne-CJ-web_publicita.png 500w\" sizes=\"(max-width: 574px) 100vw, 574px\" \/><\/a><\/p>\n<p>&nbsp;<\/p>\n<hr \/>\n<p><strong>M\u00edstn\u00ed energetick\u00e1 koncepce M\u010c Praha 14<br \/>\n<\/strong>Registra\u010dn\u00ed \u010d\u00edslo 4189000730<\/p>\n<p>Datum zah\u00e1jen\u00ed projektu: 7. 3. 2025<br \/>\nDatum ukon\u010den\u00ed projektu: 31. 12. 2025<\/p>\n<p>Projekt pom\u016f\u017ee zajistit m\u011bstsk\u00e9 \u010d\u00e1sti zpracov\u00e1n\u00ed podp\u016frn\u00e9ho rozvojov\u00e9ho dokumentu M\u00edstn\u00ed energetick\u00e1 koncepce M\u010c Praha 14, kter\u00fd bude slou\u017eit jako informa\u010dn\u00ed podpora, n\u00e1stroj a n\u00e1vod p\u0159i rozhodov\u00e1n\u00ed a postupu v\u00a0komplexn\u00edm \u0159e\u0161en\u00ed oblasti energetiky na \u00fazem\u00ed Prahy 14 p\u0159i zachov\u00e1n\u00ed hospod\u00e1rn\u00e9ho nakl\u00e1d\u00e1n\u00ed se zdroji a vyu\u017eit\u00ed v\u0161ech relevantn\u00edch dostupn\u00fdch mo\u017enost\u00ed a modern\u00edch trend\u016f. T\u00edm, \u017ee bude dokument zpracov\u00e1n dle re\u00e1ln\u00fdch mo\u017enost\u00ed a sou\u010dasn\u00fdch stav\u016f, poskytne veden\u00ed M\u010c seznam realizovateln\u00fdch opat\u0159en\u00ed, kter\u00e1 umo\u017en\u00ed zdrav\u00fd a udr\u017eiteln\u00fd energetick\u00fd rozvoj M\u010c Praha 14.<\/p>\n<p>Tento projekt je financov\u00e1n z\u00a0prost\u0159edk\u016f Evropsk\u00e9 unie z\u00a0fondu Next Generation EU, N\u00e1rodn\u00ed pl\u00e1n obnovy.<\/p>\n<p>&nbsp;<\/p>\n<p><a href=\"https:\/\/www.praha14.cz\/app\/uploads\/sites\/3\/2025\/03\/CS-Financovano-Evropskou-unii_POS_POS-scaled.jpg\" target=\"_blank\" rel=\"noopener\" data-rel=\"lightbox-image-4\" data-rl_title=\"\" data-rl_caption=\"\" title=\"\"><img loading=\"lazy\" decoding=\"async\" class=\"alignnone wp-image-46406\" src=\"https:\/\/www.praha14.cz\/app\/uploads\/sites\/3\/2025\/03\/CS-Financovano-Evropskou-unii_POS_POS-370x111.jpg\" alt=\"CS Financov\u00e1no Evropskou uni\u00ed_POS_POS\" width=\"234\" height=\"70\" srcset=\"https:\/\/www.praha14.cz\/app\/uploads\/sites\/3\/2025\/03\/CS-Financovano-Evropskou-unii_POS_POS-370x111.jpg 370w, https:\/\/www.praha14.cz\/app\/uploads\/sites\/3\/2025\/03\/CS-Financovano-Evropskou-unii_POS_POS-1024x306.jpg 1024w, https:\/\/www.praha14.cz\/app\/uploads\/sites\/3\/2025\/03\/CS-Financovano-Evropskou-unii_POS_POS-768x230.jpg 768w, https:\/\/www.praha14.cz\/app\/uploads\/sites\/3\/2025\/03\/CS-Financovano-Evropskou-unii_POS_POS-1536x460.jpg 1536w, https:\/\/www.praha14.cz\/app\/uploads\/sites\/3\/2025\/03\/CS-Financovano-Evropskou-unii_POS_POS-2048x613.jpg 2048w\" sizes=\"(max-width: 234px) 100vw, 234px\" \/><\/a>\u00a0 \u00a0<a href=\"https:\/\/www.praha14.cz\/app\/uploads\/sites\/3\/2025\/03\/NPO_logo.png\" target=\"_blank\" rel=\"noopener\" data-rel=\"lightbox-image-5\" data-rl_title=\"\" data-rl_caption=\"\" title=\"\"><img loading=\"lazy\" decoding=\"async\" class=\"alignnone wp-image-46403\" src=\"https:\/\/www.praha14.cz\/app\/uploads\/sites\/3\/2025\/03\/NPO_logo-370x117.png\" alt=\"NPO_logo\" width=\"221\" height=\"70\" srcset=\"https:\/\/www.praha14.cz\/app\/uploads\/sites\/3\/2025\/03\/NPO_logo-370x117.png 370w, https:\/\/www.praha14.cz\/app\/uploads\/sites\/3\/2025\/03\/NPO_logo-1024x324.png 1024w, https:\/\/www.praha14.cz\/app\/uploads\/sites\/3\/2025\/03\/NPO_logo-768x243.png 768w, https:\/\/www.praha14.cz\/app\/uploads\/sites\/3\/2025\/03\/NPO_logo-1536x486.png 1536w, https:\/\/www.praha14.cz\/app\/uploads\/sites\/3\/2025\/03\/NPO_logo-2048x649.png 2048w\" sizes=\"(max-width: 221px) 100vw, 221px\" \/><\/a>\u00a0 \u00a0 \u00a0 <a href=\"https:\/\/www.praha14.cz\/app\/uploads\/sites\/3\/2025\/03\/mpo-logo-1.jpg\" target=\"_blank\" rel=\"noopener\" data-rel=\"lightbox-image-9\" data-rl_title=\"\" data-rl_caption=\"\" title=\"\"><img loading=\"lazy\" decoding=\"async\" class=\"alignnone wp-image-46402\" src=\"https:\/\/www.praha14.cz\/app\/uploads\/sites\/3\/2025\/03\/mpo-logo-1-370x198.jpg\" alt=\"mpo-logo\" width=\"131\" height=\"70\" srcset=\"https:\/\/www.praha14.cz\/app\/uploads\/sites\/3\/2025\/03\/mpo-logo-1-370x198.jpg 370w, https:\/\/www.praha14.cz\/app\/uploads\/sites\/3\/2025\/03\/mpo-logo-1-1024x547.jpg 1024w, https:\/\/www.praha14.cz\/app\/uploads\/sites\/3\/2025\/03\/mpo-logo-1-768x410.jpg 768w, https:\/\/www.praha14.cz\/app\/uploads\/sites\/3\/2025\/03\/mpo-logo-1.jpg 1281w\" sizes=\"(max-width: 131px) 100vw, 131px\" \/><\/a><\/p>\n<p>&nbsp;<\/p>\n<hr \/>\n<p><strong>420_Praha 14_IT vybaven\u00ed pro stavebn\u00ed \u00fa\u0159ad \u2013 po\u010det bal\u00ed\u010dk\u016f 13<br \/>\n<\/strong>Registra\u010dn\u00ed \u010d\u00edslo\u00a0 CZ.31.9.0\/0.0\/0.0\/24_119\/0009785<\/p>\n<p>Datum zah\u00e1jen\u00ed projektu: 1. 1. 2024<br \/>\nDatum ukon\u010den\u00ed projektu: 30. 9. 2024<\/p>\n<p>C\u00edlem projektu je v r\u00e1mci ve\u0159ejn\u00e9 zak\u00e1zky vybaven\u00ed stavebn\u00edho \u00fa\u0159adu v\u00fdkonnou v\u00fdpo\u010detn\u00ed technikou, kter\u00e1 zajist\u00ed zefektivn\u011bn\u00ed povolovac\u00edch postup\u016f a zrychl\u00ed stavebn\u00ed \u0159\u00edzen\u00ed. Konkr\u00e9tn\u011b bude z projektu zaji\u0161t\u011bna IT technika pro 13 pracovn\u00edch m\u00edst stavebn\u00edho odboru \u00daM\u010c Praha 14. Dan\u00e1 operace je podpo\u0159ena z finan\u010dn\u00edch prost\u0159edk\u016f EU, konkr\u00e9tn\u011b z 2. v\u00fdzvy &#8211; Zaveden\u00ed nov\u00e9ho stavebn\u00edho z\u00e1kona do praxe &#8222;IT vybaven\u00ed pro stavebn\u00ed \u00fa\u0159ady&#8220; (1.6.1) N\u00e1rodn\u00edho pl\u00e1nu obnovy.<\/p>\n<p>&nbsp;<\/p>\n<p><img loading=\"lazy\" decoding=\"async\" class=\"alignnone wp-image-46089\" src=\"https:\/\/www.praha14.cz\/app\/uploads\/sites\/3\/2024\/05\/CS-Financovano-Evropskou-unii_PANTONE.png\" alt=\"CS Financov\u00e1no Evropskou uni\u00ed_PANTONE\" width=\"263\" height=\"70\" srcset=\"https:\/\/www.praha14.cz\/app\/uploads\/sites\/3\/2024\/05\/CS-Financovano-Evropskou-unii_PANTONE.png 7093w, https:\/\/www.praha14.cz\/app\/uploads\/sites\/3\/2024\/05\/CS-Financovano-Evropskou-unii_PANTONE-370x98.png 370w, https:\/\/www.praha14.cz\/app\/uploads\/sites\/3\/2024\/05\/CS-Financovano-Evropskou-unii_PANTONE-1024x271.png 1024w, https:\/\/www.praha14.cz\/app\/uploads\/sites\/3\/2024\/05\/CS-Financovano-Evropskou-unii_PANTONE-768x204.png 768w, https:\/\/www.praha14.cz\/app\/uploads\/sites\/3\/2024\/05\/CS-Financovano-Evropskou-unii_PANTONE-1536x407.png 1536w, https:\/\/www.praha14.cz\/app\/uploads\/sites\/3\/2024\/05\/CS-Financovano-Evropskou-unii_PANTONE-2048x543.png 2048w\" sizes=\"(max-width: 263px) 100vw, 263px\" \/> <a href=\"https:\/\/www.praha14.cz\/app\/uploads\/sites\/3\/2025\/03\/NPO_logo.png\" target=\"_blank\" rel=\"noopener\" data-rel=\"lightbox-image-5\" data-rl_title=\"\" data-rl_caption=\"\" title=\"\"><img loading=\"lazy\" decoding=\"async\" class=\"alignnone wp-image-46403\" src=\"https:\/\/www.praha14.cz\/app\/uploads\/sites\/3\/2025\/03\/NPO_logo-370x117.png\" alt=\"NPO_logo\" width=\"221\" height=\"70\" srcset=\"https:\/\/www.praha14.cz\/app\/uploads\/sites\/3\/2025\/03\/NPO_logo-370x117.png 370w, https:\/\/www.praha14.cz\/app\/uploads\/sites\/3\/2025\/03\/NPO_logo-1024x324.png 1024w, https:\/\/www.praha14.cz\/app\/uploads\/sites\/3\/2025\/03\/NPO_logo-768x243.png 768w, https:\/\/www.praha14.cz\/app\/uploads\/sites\/3\/2025\/03\/NPO_logo-1536x486.png 1536w, https:\/\/www.praha14.cz\/app\/uploads\/sites\/3\/2025\/03\/NPO_logo-2048x649.png 2048w\" sizes=\"(max-width: 221px) 100vw, 221px\" \/><\/a><\/p>\n<hr \/>\n<p><strong>Modernizace za\u0159\u00edzen\u00ed a vybaven\u00ed u\u010deben III.<br \/>\n<\/strong>Registra\u010dn\u00ed \u010d\u00edslo CZ.07.4.67\/0.0\/0.0\/19_073\/0002237<\/p>\n<p>Datum zah\u00e1jen\u00ed projektu: 1. 11. 2022<br \/>\nDatum ukon\u010den\u00ed projektu: 31. 10. 2023<\/p>\n<p>Hlavn\u00edm c\u00edlem projektu je realizace odborn\u00fdch u\u010deben ve vybran\u00fdch \u0161kol\u00e1ch na \u00fazem\u00ed Prahy 14. Pl\u00e1novan\u00fd projekt umo\u017en\u00ed vytvo\u0159it a modernizovat u\u010debny ve dvou vybran\u00fdch \u0161kol\u00e1ch, a\u00a0to Z\u0160 Vyb\u00edralova a M\u0160 Jahoda. Investi\u010dn\u00edm z\u00e1m\u011brem na Z\u0160 Vyb\u00edralova je p\u0159estavba nevyhovuj\u00edc\u00edho kinos\u00e1lu v odbornou u\u010debnu zem\u011bpisu, kter\u00e1 na t\u00e9to z\u00e1kladn\u00ed \u0161kole chyb\u00ed. Investi\u010dn\u00edm z\u00e1m\u011brem v M\u0160 Jahod\u011b je nejen vybudov\u00e1n\u00ed polytechnick\u00e9 venkovn\u00ed u\u010debny, ale tak\u00e9 modernizace za\u0159\u00edzen\u00ed a vnit\u0159n\u00edho vybaven\u00ed mate\u0159sk\u00e9 \u0161koly. C\u00edlem realizace projektu je rozvoj kl\u00ed\u010dov\u00fdch dovednost\u00ed pro zv\u00fd\u0161en\u00ed manu\u00e1ln\u00ed zru\u010dnosti, jemn\u00e9 motoriky a pr\u00e1ci s\u00a0materi\u00e1lem a modernizace vnit\u0159n\u00edho vybaven\u00ed, kter\u00e9 krom\u011b zv\u00fd\u0161en\u00ed polytechnick\u00fdch dovednost\u00ed bude zam\u011b\u0159eno tak\u00e9 na podporu environment\u00e1ln\u00edho vzd\u011bl\u00e1v\u00e1n\u00ed.<\/p>\n<p>Projekt je financovan\u00fd z Opera\u010dn\u00edho programu Praha &#8211; p\u00f3l r\u016fstu \u010cR.<\/p>\n<p><img loading=\"lazy\" decoding=\"async\" class=\"alignnone wp-image-41005 size-medium\" title=\"Logo evropsk\u00e9ho Opera\u010dn\u00edho programu Praha - p\u00f3l r\u016fstu\" src=\"https:\/\/www.praha14.cz\/app\/uploads\/sites\/3\/2014\/04\/logolink-OP-PPR-1-370x59.jpg\" alt=\"Logo evropsk\u00e9ho Opera\u010dn\u00edho programu Praha - p\u00f3l r\u016fstu\" width=\"370\" height=\"59\" srcset=\"https:\/\/www.praha14.cz\/app\/uploads\/sites\/3\/2014\/04\/logolink-OP-PPR-1-370x59.jpg 370w, https:\/\/www.praha14.cz\/app\/uploads\/sites\/3\/2014\/04\/logolink-OP-PPR-1-768x123.jpg 768w, https:\/\/www.praha14.cz\/app\/uploads\/sites\/3\/2014\/04\/logolink-OP-PPR-1-1024x164.jpg 1024w, https:\/\/www.praha14.cz\/app\/uploads\/sites\/3\/2014\/04\/logolink-OP-PPR-1.jpg 1162w\" sizes=\"(max-width: 370px) 100vw, 370px\" \/><\/p>\n<p>&nbsp;<\/p>\n<hr \/>\n<p><strong>Rekonstrukce domova senior\u016f Boj\u010denkova 1099<\/strong><br \/>\nreg. \u010d\u00edslo: 013D313001110 (v\u00fdzva \u010d. 9\/2021)<\/p>\n<p><strong>Nav\u00fd\u0161en\u00ed kapacity domova senior\u016f Boj\u010denkova 1099<\/strong><br \/>\nregistrace akce 013D313001111 (v\u00fdzva \u010d. 7\/2021)<\/p>\n<p>Datum zah\u00e1jen\u00ed realizace: 26. 9. 2022<br \/>\nP\u0159edpokl\u00e1dan\u00e9 datum ukon\u010den\u00ed realizace: 07\/2024<\/p>\n<p>Oba projekty jsou spolufinancov\u00e1ny z\u00a0prost\u0159edk\u016f Ministerstva pr\u00e1ce a soci\u00e1ln\u00edch v\u011bc\u00ed v\u00a0r\u00e1mci programu Rozvoj a obnova materi\u00e1ln\u011b technick\u00e9 z\u00e1kladny soci\u00e1ln\u00edch slu\u017eeb 013\u00a0310.<\/p>\n<p>Realizac\u00ed projekt\u016f bude v Domov\u011b d\u016fchodc\u016f Boj\u010denkova 1099 zaji\u0161t\u011bn odpov\u00eddaj\u00edc\u00ed materi\u00e1ln\u011b-technick\u00fd standard pro slu\u017eby soci\u00e1ln\u00ed p\u00e9\u010de poskytovan\u00e9 pobytovou formou a dojde k\u00a0nav\u00fd\u0161en\u00ed kapacity.<\/p>\n<p><a href=\"https:\/\/www.praha14.cz\/app\/uploads\/sites\/3\/2023\/03\/mpsv.png\" target=\"_blank\" rel=\"noopener\" data-rel=\"lightbox-image-11\" data-rl_title=\"\" data-rl_caption=\"\" title=\"\"><img loading=\"lazy\" decoding=\"async\" class=\"alignnone wp-image-45565 \" src=\"https:\/\/www.praha14.cz\/app\/uploads\/sites\/3\/2023\/03\/mpsv.png\" alt=\"\" width=\"97\" height=\"99\" \/><\/a><\/p>\n<p>&nbsp;<\/p>\n<hr \/>\n<p><strong>Energetick\u00e1 renovace objektu Poliklinika \u010cern\u00fd Most &#8211; Parn\u00edk<br \/>\n<\/strong>reg. \u010d.: CZ.05.5.18\/0.0\/0.0\/19_121\/0011591<\/p>\n<p>Datum zah\u00e1jen\u00ed: 22.6.2022<br \/>\nDatum ukon\u010den\u00ed: 22.12.2022<\/p>\n<p>Realizac\u00ed projektu bude vybudov\u00e1n \u00a0decentralizovan\u00fd automatick\u00fd syst\u00e9m nucen\u00e9 v\u00fdm\u011bny vzduchu v ordinac\u00edch a \u010dek\u00e1rn\u00e1ch v\u010detn\u011b rekuperace odpadn\u00edho tepla.\u00a0T\u00edm dojde v prv\u00e9 \u0159ad\u011b k pot\u0159ebn\u00e9 v\u00fdm\u011bn\u011b vzduchu v t\u011bchto prostor\u00e1ch na z\u00e1klad\u011b m\u011b\u0159en\u00ed koncentrace CO<sub>2<\/sub> prost\u0159ednictv\u00edm IR \u010didel a sou\u010dasn\u011b d\u00edky rekuperaci odpadn\u00edho tepla i k \u00faspor\u00e1m tepeln\u00e9 energie.<\/p>\n<p>Projekt je financovan\u00fd z\u00a0Opera\u010dn\u00edho programu \u017divotn\u00ed prost\u0159ed\u00ed.<\/p>\n<p><img loading=\"lazy\" decoding=\"async\" class=\"alignnone\" src=\"https:\/\/www.praha14.cz\/app\/uploads\/sites\/3\/2021\/10\/OP-Zivotni-prostredi.png\" alt=\"Logo Opera\u010dn\u00edho programu \u017divotn\u00ed prost\u0159ed\u00ed a logo Ministerstva \u017eivotn\u00edho prost\u0159ed\u00ed\" width=\"553\" height=\"87\" \/><\/p>\n<p>&nbsp;<\/p>\n<hr \/>\n<p><strong>Energetick\u00e1 renovace objektu Z\u0160 Brat\u0159\u00ed Vencl\u00edk\u016f II<br \/>\n<\/strong>reg. \u010d. CZ.05.5.18\/0.0\/0.0\/17_070\/0006584<\/p>\n<p>Datum zah\u00e1jen\u00ed: 23.10.2018<br \/>\nDatum ukon\u010den\u00ed: 31.5.2019<\/p>\n<p>Realizac\u00ed projektu byl vybudov\u00e1n \u00a0decentralizovan\u00fd automatick\u00fd syst\u00e9m nucen\u00e9 v\u00fdm\u011bny vzduchu v u\u010debn\u00e1ch v\u010detn\u011b rekuperace odpadn\u00edho tepla.\u00a0D\u00edky tomu dojde v prv\u00e9 \u0159ad\u011b k pot\u0159ebn\u00e9 v\u00fdm\u011bn\u011b vzduchu v u\u010debn\u00e1ch na z\u00e1klad\u011b m\u011b\u0159en\u00ed koncentrace CO2 prost\u0159ednictv\u00edm IR \u010didel a sou\u010dasn\u011b i k \u00faspor\u00e1m tepeln\u00e9 energie.<\/p>\n<p>Projekt je financovan\u00fd z\u00a0Opera\u010dn\u00edho programu \u017divotn\u00ed prost\u0159ed\u00ed.<\/p>\n<p><img loading=\"lazy\" decoding=\"async\" class=\"alignnone\" src=\"https:\/\/www.praha14.cz\/app\/uploads\/sites\/3\/2021\/10\/OP-Zivotni-prostredi.png\" alt=\"Logo Opera\u010dn\u00edho programu \u017divotn\u00ed prost\u0159ed\u00ed a logo Ministerstva \u017eivotn\u00edho prost\u0159ed\u00ed\" width=\"553\" height=\"87\" \/><\/p>\n<p>&nbsp;<\/p>\n<hr \/>\n<p><strong>N\u00edzkoprahov\u00e9 a komunitn\u00ed centrum Ba\u0161t\u00fd\u0159sk\u00e1 &#8211; Jahodnice<br \/>\n<\/strong>Registra\u010dn\u00ed \u010d\u00edslo: CZ.07.3.56\/0.0\/0.0\/20_076\/0001937<\/p>\n<p>Datum zah\u00e1jen\u00ed projektu: 1. 5. 2021<br \/>\nP\u0159edpokl\u00e1dan\u00e9 datum ukon\u010den\u00ed projektu: 30. 10. 2022<\/p>\n<p>C\u00edlem projektu je vybudovat nov\u00fd objekt ur\u010den\u00fd pro provoz n\u00edzkoprahov\u00e9ho a komunitn\u00edho centra, kter\u00fd bude odpov\u00eddat pot\u0159eb\u00e1m nest\u00e1tn\u00ed neziskov\u00e9 organizace pro poskytov\u00e1n\u00ed a zaji\u0161\u0165ov\u00e1n\u00ed registrovan\u00fdch slu\u017eeb a aktivit komunitn\u00edho centra a sou\u010dasn\u011b bude odpov\u00eddat pot\u0159eb\u00e1m jej\u00edch c\u00edlov\u00fdch skupin. P\u0159edpokl\u00e1d\u00e1 se, \u017ee provoz n\u00edzkoprahov\u00e9ho a komunitn\u00edho centra bude organizovat a zaji\u0161\u0165ovat nest\u00e1tn\u00ed neziskov\u00e1 organizace Neposeda, z.\u00fa., kter\u00e1 tak nebude muset d\u00e1le vyu\u017e\u00edvat provizorn\u00ed \u010di do\u010dasn\u011b pronajat\u00e9 prostory, bude moci p\u016fsobit na jednom obvykl\u00e9m m\u00edst\u011b v dosahu sv\u00fdch klient\u016f a bude tak moci pln\u011b obnovit nab\u00edzen\u00e9 soci\u00e1ln\u00ed slu\u017eby a d\u00e1le rozv\u00edjet aktivity komunitn\u00edho centra.<\/p>\n<p>V budov\u011b n\u00edzkoprahov\u00e9ho a komunitn\u00edho centra bude dopl\u0148kov\u011b um\u00edst\u011bn sd\u00edlen\u00fd prostor komunitn\u00edho centra a komer\u010dn\u00edch krou\u017ek\u016f ur\u010den\u00fd pro provozov\u00e1n\u00ed volno\u010dasov\u00fdch aktivit p\u0159edev\u0161\u00edm v\u00fdtvarn\u00e9ho charakteru, kter\u00e9 budou nab\u00edzeny \u0161ir\u0161\u00ed ve\u0159ejnosti, ale sou\u010dasn\u011b budou moci vhodn\u011b dopl\u0148ovat aktivity komunitn\u00edho centra.<\/p>\n<p>Projekt je financovan\u00fd z Opera\u010dn\u00edho programu Praha &#8211; p\u00f3l r\u016fstu \u010cR.<\/p>\n<p>&nbsp;<\/p>\n<p><img loading=\"lazy\" decoding=\"async\" class=\"alignnone wp-image-41005 size-medium\" title=\"Logo evropsk\u00e9ho Opera\u010dn\u00edho programu Praha - p\u00f3l r\u016fstu\" src=\"https:\/\/www.praha14.cz\/app\/uploads\/sites\/3\/2014\/04\/logolink-OP-PPR-1-370x59.jpg\" alt=\"Logo evropsk\u00e9ho Opera\u010dn\u00edho programu Praha - p\u00f3l r\u016fstu\" width=\"370\" height=\"59\" srcset=\"https:\/\/www.praha14.cz\/app\/uploads\/sites\/3\/2014\/04\/logolink-OP-PPR-1-370x59.jpg 370w, https:\/\/www.praha14.cz\/app\/uploads\/sites\/3\/2014\/04\/logolink-OP-PPR-1-768x123.jpg 768w, https:\/\/www.praha14.cz\/app\/uploads\/sites\/3\/2014\/04\/logolink-OP-PPR-1-1024x164.jpg 1024w, https:\/\/www.praha14.cz\/app\/uploads\/sites\/3\/2014\/04\/logolink-OP-PPR-1.jpg 1162w\" sizes=\"(max-width: 370px) 100vw, 370px\" \/><\/p>\n<p>&nbsp;<\/p>\n<hr \/>\n<p><strong>Po\u0159\u00edzen\u00ed elektromobilu pro M\u010c Praha 14<br \/>\n<\/strong>Registra\u010dn\u00ed \u010d\u00edslo: 1191100096<\/p>\n<p>Celkov\u00e1 v\u00fd\u0161e dotace \u010din\u00ed: 207 636 K\u010d<br \/>\nDatum zah\u00e1jen\u00ed projektu: 1. 11. 2020<br \/>\nDatum ukon\u010den\u00ed projektu: 22. 1. 2021<\/p>\n<p>M\u010c Praha 14 po\u0159\u00eddila v r\u00e1mci 11. v\u00fdzvy N\u00e1rodn\u00edho programu \u017divotn\u00edho prost\u0159ed\u00ed osobn\u00ed vozidlo na alternativn\u00ed elektrick\u00fd pohon. Elektromobil je vyu\u017e\u00edv\u00e1n pro pln\u011bn\u00ed \u00fakol\u016f odboru dopravy \u00daM\u010c Prahy 14. P\u0159edpokl\u00e1dan\u00fd ro\u010dn\u00ed n\u00e1jezd je odhadov\u00e1n na cca 5 000 km. O\u010dek\u00e1van\u00fdm p\u0159\u00ednosem je v\u00fdrazn\u00e9 sn\u00ed\u017een\u00ed provozn\u00edch n\u00e1klad\u016f, \u00faspora PHM a z toho vypl\u00fdvaj\u00edc\u00ed v\u00fdrazn\u00e9 sn\u00ed\u017een\u00ed emis\u00ed, a tedy zlep\u0161en\u00ed kvality ovzdu\u0161\u00ed v m\u011bstsk\u00e9 \u010d\u00e1sti Praha 14. Elektromobil nahradil st\u00e1vaj\u00edc\u00ed p\u0159epravu pracovn\u00edk\u016f Odboru dopravy po m\u011bstsk\u00e9 \u010d\u00e1sti Praha 14 star\u0161\u00edm vozidlem se vzn\u011btov\u00fdm motorem.<\/p>\n<p><a href=\"https:\/\/www.praha14.cz\/app\/uploads\/sites\/3\/2021\/12\/Elektromobil.jpg\" target=\"_blank\" rel=\"noopener\" data-rel=\"lightbox-image-12\" data-rl_title=\"\" data-rl_caption=\"\"><img loading=\"lazy\" decoding=\"async\" class=\"alignnone wp-image-44287\" title=\"\" src=\"https:\/\/www.praha14.cz\/app\/uploads\/sites\/3\/2021\/12\/Elektromobil.jpg\" alt=\"Elektromobil M\u010c Praha 14\" width=\"465\" height=\"348\" srcset=\"https:\/\/www.praha14.cz\/app\/uploads\/sites\/3\/2021\/12\/Elektromobil.jpg 1066w, https:\/\/www.praha14.cz\/app\/uploads\/sites\/3\/2021\/12\/Elektromobil-370x277.jpg 370w, https:\/\/www.praha14.cz\/app\/uploads\/sites\/3\/2021\/12\/Elektromobil-1024x766.jpg 1024w, https:\/\/www.praha14.cz\/app\/uploads\/sites\/3\/2021\/12\/Elektromobil-768x574.jpg 768w\" sizes=\"(max-width: 465px) 100vw, 465px\" \/><\/a><\/p>\n<p>Projekt je financovan\u00fd z N\u00e1rodn\u00edho programu \u017divotn\u00ed prost\u0159ed\u00ed.<\/p>\n<p><img loading=\"lazy\" decoding=\"async\" class=\"alignnone wp-image-44288\" title=\"Loga St\u00e1tn\u00edho fondu \u017dP a M\u017dP\" src=\"https:\/\/www.praha14.cz\/app\/uploads\/sites\/3\/2021\/12\/Fond-MZP-a-MZP-logo.png\" alt=\"Loga St\u00e1tn\u00edho fondu \u017dP a M\u017dP\" width=\"312\" height=\"187\" srcset=\"https:\/\/www.praha14.cz\/app\/uploads\/sites\/3\/2021\/12\/Fond-MZP-a-MZP-logo.png 1049w, https:\/\/www.praha14.cz\/app\/uploads\/sites\/3\/2021\/12\/Fond-MZP-a-MZP-logo-370x222.png 370w, https:\/\/www.praha14.cz\/app\/uploads\/sites\/3\/2021\/12\/Fond-MZP-a-MZP-logo-1024x615.png 1024w, https:\/\/www.praha14.cz\/app\/uploads\/sites\/3\/2021\/12\/Fond-MZP-a-MZP-logo-768x461.png 768w\" sizes=\"(max-width: 312px) 100vw, 312px\" \/><\/p>\n<p>&nbsp;<\/p>\n<hr \/>\n<p><strong>Po\u0159\u00edzen\u00ed u\u017eitkov\u00e9ho v\u00edce\u00fa\u010delov\u00e9ho vozidla na alternativn\u00ed elektrick\u00fd pohon<br \/>\n<\/strong>Registra\u010dn\u00ed \u010d\u00edslo: 07301921<\/p>\n<p>Celkov\u00e1 v\u00fd\u0161e dotace: 500 000 K\u010d<br \/>\nDatum zah\u00e1jen\u00ed projektu: 18. 12. 2019<br \/>\nDatum ukon\u010den\u00ed projektu: 15. 12. 2020<\/p>\n<p>M\u010c Praha 14 po\u0159\u00eddila v r\u00e1mci v\u00fdzvy N\u00e1rodn\u00edho programu \u017divotn\u00edho prost\u0159ed\u00ed \u010d. 11\/2018 u\u017eitkov\u00e9 v\u00edce\u00fa\u010delov\u00e9 vozidlo kategorie N1 na alternativn\u00ed elektrick\u00fd pohon (elektro multik\u00e1ru), kter\u00e9 nahradilo st\u00e1vaj\u00edc\u00ed multik\u00e1ru se vzn\u011btov\u00fdm pohonem. Elektro multik\u00e1ra Alke je vyu\u017e\u00edv\u00e1na pro p\u0159evoz r\u016fzn\u00fdch n\u00e1klad\u016f, odpadk\u016f, list\u00ed, stan\u016f vyu\u017e\u00edvan\u00fdch pro ve\u0159ejn\u00e9 akce M\u010c (nap\u0159. farm\u00e1\u0159sk\u00e9 trhy) atd. Elektro multik\u00e1ra je vybavena zametac\u00edm kart\u00e1\u010dem a pro zimn\u00ed obdob\u00ed lze vyu\u017e\u00edt i sn\u011bhovou radlici. P\u0159edpokl\u00e1dan\u00fd ro\u010dn\u00ed n\u00e1jezd je 6 000 km. Pl\u00e1novan\u00fdm p\u0159\u00ednosem je v\u00fdrazn\u00e9 sn\u00ed\u017een\u00ed provozn\u00edch n\u00e1klad\u016f, zejm\u00e9na \u00faspora PHM a z toho vypl\u00fdvaj\u00edc\u00ed sn\u00ed\u017een\u00ed emis\u00ed.<\/p>\n<p><a href=\"https:\/\/www.praha14.cz\/app\/uploads\/sites\/3\/2021\/12\/multikara-2.jpg\" target=\"_blank\" rel=\"noopener\" data-rel=\"lightbox-image-13\" data-rl_title=\"\" data-rl_caption=\"\"><img loading=\"lazy\" decoding=\"async\" class=\"alignnone wp-image-44305\" title=\"\" src=\"https:\/\/www.praha14.cz\/app\/uploads\/sites\/3\/2021\/12\/multikara-2.jpg\" alt=\"Elektro multik\u00e1ra\" width=\"473\" height=\"230\" srcset=\"https:\/\/www.praha14.cz\/app\/uploads\/sites\/3\/2021\/12\/multikara-2.jpg 1386w, https:\/\/www.praha14.cz\/app\/uploads\/sites\/3\/2021\/12\/multikara-2-370x180.jpg 370w, https:\/\/www.praha14.cz\/app\/uploads\/sites\/3\/2021\/12\/multikara-2-1024x498.jpg 1024w, https:\/\/www.praha14.cz\/app\/uploads\/sites\/3\/2021\/12\/multikara-2-768x373.jpg 768w\" sizes=\"(max-width: 473px) 100vw, 473px\" \/><\/a><\/p>\n<p>Projekt je financovan\u00fd z N\u00e1rodn\u00edho programu \u017divotn\u00ed prost\u0159ed\u00ed.<\/p>\n<p><img loading=\"lazy\" decoding=\"async\" class=\"alignnone wp-image-44288\" title=\"Loga St\u00e1tn\u00edho fondu \u017dP a M\u017dP\" src=\"https:\/\/www.praha14.cz\/app\/uploads\/sites\/3\/2021\/12\/Fond-MZP-a-MZP-logo.png\" alt=\"Loga St\u00e1tn\u00edho fondu \u017dP a M\u017dP\" width=\"312\" height=\"187\" srcset=\"https:\/\/www.praha14.cz\/app\/uploads\/sites\/3\/2021\/12\/Fond-MZP-a-MZP-logo.png 1049w, https:\/\/www.praha14.cz\/app\/uploads\/sites\/3\/2021\/12\/Fond-MZP-a-MZP-logo-370x222.png 370w, https:\/\/www.praha14.cz\/app\/uploads\/sites\/3\/2021\/12\/Fond-MZP-a-MZP-logo-1024x615.png 1024w, https:\/\/www.praha14.cz\/app\/uploads\/sites\/3\/2021\/12\/Fond-MZP-a-MZP-logo-768x461.png 768w\" sizes=\"(max-width: 312px) 100vw, 312px\" \/><\/p>\n<p>&nbsp;<\/p>\n<hr \/>\n<p><strong>Hospoda\u0159en\u00ed s de\u0161\u0165ovou vodou &#8211; Vyb\u00edralka 25<\/strong><br \/>\nRegistra\u010dn\u00ed \u010d\u00edslo: CZ.05.1.24\/0.0\/0.0\/18_113\/0008853<\/p>\n<p>Projekt se t\u00fdk\u00e1 revitalizace st\u00e1vaj\u00edc\u00edho parteru Z\u0160 a M\u0160 spo\u010d\u00edvaj\u00edc\u00ed p\u0159edev\u0161\u00edm v \u00faprav\u00e1ch st\u00e1vaj\u00edc\u00edch zelen\u00fdch ploch v r\u00e1mci \u0161etrn\u00e9ho hospoda\u0159en\u00ed s de\u0161\u0165ovou vodou, vybudov\u00e1n\u00ed zpevn\u011bn\u00fdch ploch s asfaltov\u00fdm, dl\u00e1\u017ed\u011bn\u00fdm, zatrav\u0148ovac\u00edm nebo mlatov\u00fdm povrchem, dopln\u011bn\u00ed vysok\u00e9 zelen\u011b, osazen\u00ed stojanu na kola, vybudov\u00e1n\u00ed nov\u00e9ho oplocen\u00ed vybran\u00fdch ploch v are\u00e1lu a novostavby mal\u00e9ho pavilonu se soci\u00e1ln\u00edmi, skladov\u00fdmi a st\u0159echou chr\u00e1n\u011bn\u00fdmi odpo\u010dinkov\u00fdmi prostory ur\u010den\u00e9ho pouze pro letn\u00ed provoz.<\/p>\n<p>Projekt je financovan\u00fd z\u00a0Opera\u010dn\u00edho programu \u017divotn\u00ed prost\u0159ed\u00ed<br \/>\nDatum zah\u00e1jen\u00ed realizace projektu: 13. 8. 2020<br \/>\nDatum pl\u00e1novan\u00e9ho ukon\u010den\u00ed projektu: 31. 10. 2021<\/p>\n<p><a href=\"https:\/\/www.praha14.cz\/app\/uploads\/sites\/3\/2021\/04\/Hospoda\u0159en\u00ed-s-de\u0161\u0165ovou-vodou-Vyb\u00edralka-25.png\" target=\"_blank\" rel=\"noopener noreferrer\" data-rel=\"lightbox-image-14\" data-rl_title=\"\" data-rl_caption=\"\"><img loading=\"lazy\" decoding=\"async\" class=\"alignnone wp-image-43852 size-medium\" title=\"\" src=\"https:\/\/www.praha14.cz\/app\/uploads\/sites\/3\/2021\/04\/Hospoda\u0159en\u00ed-s-de\u0161\u0165ovou-vodou-Vyb\u00edralka-25-257x370.png\" alt=\"Hospoda\u0159en\u00ed s de\u0161\u0165ovou vodou - Vyb\u00edralka 25\" width=\"257\" height=\"370\" srcset=\"https:\/\/www.praha14.cz\/app\/uploads\/sites\/3\/2021\/04\/Hospoda\u0159en\u00ed-s-de\u0161\u0165ovou-vodou-Vyb\u00edralka-25-257x370.png 257w, https:\/\/www.praha14.cz\/app\/uploads\/sites\/3\/2021\/04\/Hospoda\u0159en\u00ed-s-de\u0161\u0165ovou-vodou-Vyb\u00edralka-25.png 626w\" sizes=\"(max-width: 257px) 100vw, 257px\" \/><\/a><\/p>\n<p>&nbsp;<\/p>\n<hr \/>\n<p><strong>Nov\u00e9 zelen\u00e9 st\u0159echy na objektu Z\u0160 Brat\u0159\u00ed Vencl\u00edk\u016f, Praha 14<br \/>\n<\/strong>registra\u010dn\u00ed \u010d\u00edslo: CZ.05.1.24\/0.0\/0.0\/20_144\/0013080<\/p>\n<p>Datum zah\u00e1jen\u00ed realizace projektu: 2. 1. 2021<br \/>\nP\u0159edpokl\u00e1dan\u00e9 datum ukon\u010den\u00ed realizace projektu: 30. 4. 2022<\/p>\n<p>P\u0159edm\u011btem podpory je p\u0159estavba konstrukc\u00ed st\u0159ech Z\u0160 Brat\u0159\u00ed Vencl\u00edk\u016f v\u00a0Praze 14 na vegeta\u010dn\u00ed zelen\u00e9 st\u0159echy. P\u0159estavbou dojde k\u00a0prodlou\u017een\u00ed \u017eivotnosti st\u0159ech, zlep\u0161\u00ed se jejich estetick\u00fd vzhled a celkov\u00e1 tepeln\u00e1 izolace. D\u00edky akumula\u010dn\u00edm a reten\u010dn\u00edm schopnostem dok\u00e1\u017eou n\u00e1sledn\u011b st\u0159echy zadr\u017eet a\u017e 305, 48 m<sup>3 <\/sup>sr\u00e1\u017ekov\u00e9 vody.<\/p>\n<p>Projekt je financovan\u00fd z\u00a0Opera\u010dn\u00edho programu \u017divotn\u00ed prost\u0159ed\u00ed.<\/p>\n<p>Zde jsou ke sta\u017een\u00ed dal\u0161\u00ed <strong><a href=\"https:\/\/www.praha14.cz\/app\/uploads\/sites\/3\/2021\/10\/Nove-zelene-strechy-na-objektu-ZS-Bratri-Vencliku-Praha-14.pdf\" target=\"_blank\" rel=\"noopener\">podrobnosti k projektu<\/a>.<\/strong><\/p>\n<p><img loading=\"lazy\" decoding=\"async\" class=\"alignnone wp-image-44160\" src=\"https:\/\/www.praha14.cz\/app\/uploads\/sites\/3\/2021\/10\/OP-Zivotni-prostredi.png\" alt=\"Logo Opera\u010dn\u00edho programu \u017divotn\u00ed prost\u0159ed\u00ed a logo Ministerstva \u017eivotn\u00edho prost\u0159ed\u00ed\" width=\"553\" height=\"87\" srcset=\"https:\/\/www.praha14.cz\/app\/uploads\/sites\/3\/2021\/10\/OP-Zivotni-prostredi.png 985w, https:\/\/www.praha14.cz\/app\/uploads\/sites\/3\/2021\/10\/OP-Zivotni-prostredi-370x58.png 370w, https:\/\/www.praha14.cz\/app\/uploads\/sites\/3\/2021\/10\/OP-Zivotni-prostredi-768x121.png 768w\" sizes=\"(max-width: 553px) 100vw, 553px\" \/><\/p>\n<p>&nbsp;<\/p>\n<hr \/>\n<p><strong>Nov\u00e9 zelen\u00e9 st\u0159echy na objektu Z\u0160 Gen. Janou\u0161ka, Praha 14<br \/>\n<\/strong>registra\u010dn\u00ed \u010d\u00edslo: CZ.05.1.24\/0.0\/0.0\/20_144\/0013079<\/p>\n<p>Datum zah\u00e1jen\u00ed realizace projektu: 2. 1. 2021<br \/>\nP\u0159edpokl\u00e1dan\u00e9 datum ukon\u010den\u00ed realizace projektu: 30. 4. 2022<\/p>\n<p>P\u0159edm\u011btem podpory je p\u0159estavba konstrukc\u00ed st\u0159ech Z\u0160 Gen. Janou\u0161ka v\u00a0Praze 14 na vegeta\u010dn\u00ed zelen\u00e9 st\u0159echy. P\u0159estavbou dojde k\u00a0prodlou\u017een\u00ed \u017eivotnosti st\u0159ech, zlep\u0161\u00ed se jejich estetick\u00fd vzhled a celkov\u00e1 tepeln\u00e1 izolace. D\u00edky akumula\u010dn\u00edm a reten\u010dn\u00edm schopnostem dok\u00e1\u017eou n\u00e1sledn\u011b st\u0159echy zadr\u017eet a\u017e 359,660 m<sup>3 <\/sup>sr\u00e1\u017ekov\u00e9 vody.<\/p>\n<p>Projekt je financovan\u00fd z\u00a0Opera\u010dn\u00edho programu \u017divotn\u00ed prost\u0159ed\u00ed.<\/p>\n<p>Zde jsou ke sta\u017een\u00ed dal\u0161\u00ed <strong><a href=\"https:\/\/www.praha14.cz\/app\/uploads\/sites\/3\/2021\/10\/Nove-zelene-strechy-na-objektu-ZS-Generala-Janouska-Praha-14.pdf\" target=\"_blank\" rel=\"noopener\">podrobnosti k projektu<\/a>.<\/strong><\/p>\n<p><img loading=\"lazy\" decoding=\"async\" class=\"alignnone wp-image-44160\" src=\"https:\/\/www.praha14.cz\/app\/uploads\/sites\/3\/2021\/10\/OP-Zivotni-prostredi.png\" alt=\"Logo Opera\u010dn\u00edho programu \u017divotn\u00ed prost\u0159ed\u00ed a logo Ministerstva \u017eivotn\u00edho prost\u0159ed\u00ed\" width=\"578\" height=\"91\" srcset=\"https:\/\/www.praha14.cz\/app\/uploads\/sites\/3\/2021\/10\/OP-Zivotni-prostredi.png 985w, https:\/\/www.praha14.cz\/app\/uploads\/sites\/3\/2021\/10\/OP-Zivotni-prostredi-370x58.png 370w, https:\/\/www.praha14.cz\/app\/uploads\/sites\/3\/2021\/10\/OP-Zivotni-prostredi-768x121.png 768w\" sizes=\"(max-width: 578px) 100vw, 578px\" \/><\/p>\n<p>&nbsp;<\/p>\n<hr \/>\n<p><strong>Energetick\u00e1 renovace objektu Z\u0160 Chvaletick\u00e1 SO 01 &#8211; doln\u00ed budova<br \/>\n<\/strong>reg. \u010d. CZ.05.5.18\/0.0\/0.0\/17_070\/0006292<\/p>\n<p>Datum zah\u00e1jen\u00ed projektu: 15. 7. 2019<br \/>\nDatum ukon\u010den\u00ed realizace: 31. 12. 2019<\/p>\n<p>Realizac\u00ed projektu byl vybudov\u00e1n \u00a0decentralizovan\u00fd automatick\u00fd syst\u00e9m nucen\u00e9 v\u00fdm\u011bny vzduchu v u\u010debn\u00e1ch v\u010detn\u011b rekuperace odpadn\u00edho tepla.\u00a0D\u00edky tomu dojde v prv\u00e9 \u0159ad\u011b k pot\u0159ebn\u00e9 v\u00fdm\u011bn\u011b vzduchu v u\u010debn\u00e1ch na z\u00e1klad\u011b m\u011b\u0159en\u00ed koncentrace CO2 prost\u0159ednictv\u00edm IR \u010didel a sou\u010dasn\u011b i k \u00faspor\u00e1m tepeln\u00e9 energie.<\/p>\n<p>Projekt je financovan\u00fd z\u00a0Opera\u010dn\u00edho programu \u017divotn\u00ed prost\u0159ed\u00ed.<\/p>\n<p><img loading=\"lazy\" decoding=\"async\" class=\"alignnone wp-image-44160\" src=\"https:\/\/www.praha14.cz\/app\/uploads\/sites\/3\/2021\/10\/OP-Zivotni-prostredi.png\" alt=\"Logo Opera\u010dn\u00edho programu \u017divotn\u00ed prost\u0159ed\u00ed a logo Ministerstva \u017eivotn\u00edho prost\u0159ed\u00ed\" width=\"578\" height=\"91\" srcset=\"https:\/\/www.praha14.cz\/app\/uploads\/sites\/3\/2021\/10\/OP-Zivotni-prostredi.png 985w, https:\/\/www.praha14.cz\/app\/uploads\/sites\/3\/2021\/10\/OP-Zivotni-prostredi-370x58.png 370w, https:\/\/www.praha14.cz\/app\/uploads\/sites\/3\/2021\/10\/OP-Zivotni-prostredi-768x121.png 768w\" sizes=\"(max-width: 578px) 100vw, 578px\" \/><\/p>\n<p>&nbsp;<\/p>\n<hr \/>\n<p><strong>Energetick\u00e1 renovace objektu Z\u0160 Chvaletick\u00e1, SO 02 &#8211; horn\u00ed budova<br \/>\n<\/strong>reg. \u010d. CZ.05.5.18\/0.0\/0.0\/17_070\/0006295<\/p>\n<p>Datum zah\u00e1jen\u00ed projektu: 2. 7. 2019<br \/>\nDatum ukon\u010den\u00ed realizace: 31. 12. 2019<\/p>\n<p>Realizac\u00ed projektu byl vybudov\u00e1n \u00a0decentralizovan\u00fd automatick\u00fd syst\u00e9m nucen\u00e9 v\u00fdm\u011bny vzduchu v u\u010debn\u00e1ch v\u010detn\u011b rekuperace odpadn\u00edho tepla.\u00a0D\u00edky tomu dojde v prv\u00e9 \u0159ad\u011b k pot\u0159ebn\u00e9 v\u00fdm\u011bn\u011b vzduchu v u\u010debn\u00e1ch na z\u00e1klad\u011b m\u011b\u0159en\u00ed koncentrace CO2 prost\u0159ednictv\u00edm IR \u010didel a sou\u010dasn\u011b i k \u00faspor\u00e1m tepeln\u00e9 energie.<\/p>\n<p>Projekt je financovan\u00fd z\u00a0Opera\u010dn\u00edho programu \u017divotn\u00ed prost\u0159ed\u00ed.<\/p>\n<p><img loading=\"lazy\" decoding=\"async\" class=\"alignnone wp-image-44160\" src=\"https:\/\/www.praha14.cz\/app\/uploads\/sites\/3\/2021\/10\/OP-Zivotni-prostredi.png\" alt=\"Logo Opera\u010dn\u00edho programu \u017divotn\u00ed prost\u0159ed\u00ed a logo Ministerstva \u017eivotn\u00edho prost\u0159ed\u00ed\" width=\"578\" height=\"91\" srcset=\"https:\/\/www.praha14.cz\/app\/uploads\/sites\/3\/2021\/10\/OP-Zivotni-prostredi.png 985w, https:\/\/www.praha14.cz\/app\/uploads\/sites\/3\/2021\/10\/OP-Zivotni-prostredi-370x58.png 370w, https:\/\/www.praha14.cz\/app\/uploads\/sites\/3\/2021\/10\/OP-Zivotni-prostredi-768x121.png 768w\" sizes=\"(max-width: 578px) 100vw, 578px\" \/><\/p>\n<p>&nbsp;<\/p>\n<hr \/>\n<p><strong>Energetick\u00e1 renovace objektu Z\u0160 Vyb\u00edralova<br \/>\n<\/strong>reg. \u010d.: CZ.05.5.18\/0.0\/0.0\/17_070\/0006293<\/p>\n<p>Datum zah\u00e1jen\u00ed projektu: 15. 7. 2019<br \/>\nDatum ukon\u010den\u00ed realizace: 31. 12. 2019<\/p>\n<p>Realizac\u00ed projektu byl vybudov\u00e1n \u00a0decentralizovan\u00fd automatick\u00fd syst\u00e9m nucen\u00e9 v\u00fdm\u011bny vzduchu v u\u010debn\u00e1ch v\u010detn\u011b rekuperace odpadn\u00edho tepla.\u00a0D\u00edky tomu dojde v prv\u00e9 \u0159ad\u011b k pot\u0159ebn\u00e9 v\u00fdm\u011bn\u011b vzduchu v u\u010debn\u00e1ch na z\u00e1klad\u011b m\u011b\u0159en\u00ed koncentrace CO2 prost\u0159ednictv\u00edm IR \u010didel a sou\u010dasn\u011b i k \u00faspor\u00e1m tepeln\u00e9 energie.<\/p>\n<p>Projekt je financovan\u00fd z\u00a0Opera\u010dn\u00edho programu \u017divotn\u00ed prost\u0159ed\u00ed.<\/p>\n<p><img loading=\"lazy\" decoding=\"async\" class=\"alignnone wp-image-44160\" src=\"https:\/\/www.praha14.cz\/app\/uploads\/sites\/3\/2021\/10\/OP-Zivotni-prostredi.png\" alt=\"Logo Opera\u010dn\u00edho programu \u017divotn\u00ed prost\u0159ed\u00ed a logo Ministerstva \u017eivotn\u00edho prost\u0159ed\u00ed\" width=\"578\" height=\"91\" srcset=\"https:\/\/www.praha14.cz\/app\/uploads\/sites\/3\/2021\/10\/OP-Zivotni-prostredi.png 985w, https:\/\/www.praha14.cz\/app\/uploads\/sites\/3\/2021\/10\/OP-Zivotni-prostredi-370x58.png 370w, https:\/\/www.praha14.cz\/app\/uploads\/sites\/3\/2021\/10\/OP-Zivotni-prostredi-768x121.png 768w\" sizes=\"(max-width: 578px) 100vw, 578px\" \/><\/p>\n<p>&nbsp;<\/p>\n<hr \/>\n<p><strong>Energetick\u00e1 renovace objektu Z\u0160 Gener\u00e1la Janou\u0161ka<br \/>\n<\/strong>reg. \u010d.: CZ.05.5.18\/0.0\/0.0\/17_070\/0006294<\/p>\n<p>Datum zah\u00e1jen\u00ed projektu: 2. 7. 2019<br \/>\nDatum ukon\u010den\u00ed realizace: 31. 1. 2020<\/p>\n<p>Realizac\u00ed projektu byl vybudov\u00e1n \u00a0decentralizovan\u00fd automatick\u00fd syst\u00e9m nucen\u00e9 v\u00fdm\u011bny vzduchu v u\u010debn\u00e1ch v\u010detn\u011b rekuperace odpadn\u00edho tepla.\u00a0D\u00edky tomu dojde v prv\u00e9 \u0159ad\u011b k pot\u0159ebn\u00e9 v\u00fdm\u011bn\u011b vzduchu v u\u010debn\u00e1ch na z\u00e1klad\u011b m\u011b\u0159en\u00ed koncentrace CO2 prost\u0159ednictv\u00edm IR \u010didel a sou\u010dasn\u011b i k \u00faspor\u00e1m tepeln\u00e9 energie.<\/p>\n<p>Projekt je financovan\u00fd z\u00a0Opera\u010dn\u00edho programu \u017divotn\u00ed prost\u0159ed\u00ed.<\/p>\n<p><img loading=\"lazy\" decoding=\"async\" class=\"alignnone wp-image-44160\" src=\"https:\/\/www.praha14.cz\/app\/uploads\/sites\/3\/2021\/10\/OP-Zivotni-prostredi.png\" alt=\"Logo Opera\u010dn\u00edho programu \u017divotn\u00ed prost\u0159ed\u00ed a logo Ministerstva \u017eivotn\u00edho prost\u0159ed\u00ed\" width=\"578\" height=\"91\" srcset=\"https:\/\/www.praha14.cz\/app\/uploads\/sites\/3\/2021\/10\/OP-Zivotni-prostredi.png 985w, https:\/\/www.praha14.cz\/app\/uploads\/sites\/3\/2021\/10\/OP-Zivotni-prostredi-370x58.png 370w, https:\/\/www.praha14.cz\/app\/uploads\/sites\/3\/2021\/10\/OP-Zivotni-prostredi-768x121.png 768w\" sizes=\"(max-width: 578px) 100vw, 578px\" \/><\/p>\n<p>&nbsp;<\/p>\n<hr \/>\n<p><strong>Energetick\u00e1 renovace objektu M\u0160 \u0160ebelova<br \/>\n<\/strong>reg. \u010d.: CZ.05.5.18\/0.0\/0.0\/16_039\/0004421<\/p>\n<p>Datum zah\u00e1jen\u00ed projektu: 1. 11. 2018<br \/>\nDatum ukon\u010den\u00ed realizace: 30. 9. 2020<\/p>\n<p>Realizac\u00ed projektu byl vybudov\u00e1n \u00a0decentralizovan\u00fd automatick\u00fd syst\u00e9m nucen\u00e9 v\u00fdm\u011bny vzduchu v u\u010debn\u00e1ch v\u010detn\u011b rekuperace odpadn\u00edho tepla.\u00a0D\u00edky tomu dojde v prv\u00e9 \u0159ad\u011b k pot\u0159ebn\u00e9 v\u00fdm\u011bn\u011b vzduchu v u\u010debn\u00e1ch na z\u00e1klad\u011b m\u011b\u0159en\u00ed koncentrace CO2 prost\u0159ednictv\u00edm IR \u010didel a sou\u010dasn\u011b i k \u00faspor\u00e1m tepeln\u00e9 energie.<\/p>\n<p>Projekt je financovan\u00fd z\u00a0Opera\u010dn\u00edho programu \u017divotn\u00ed prost\u0159ed\u00ed.<\/p>\n<p><img loading=\"lazy\" decoding=\"async\" class=\"alignnone wp-image-44160\" src=\"https:\/\/www.praha14.cz\/app\/uploads\/sites\/3\/2021\/10\/OP-Zivotni-prostredi.png\" alt=\"Logo Opera\u010dn\u00edho programu \u017divotn\u00ed prost\u0159ed\u00ed a logo Ministerstva \u017eivotn\u00edho prost\u0159ed\u00ed\" width=\"578\" height=\"91\" srcset=\"https:\/\/www.praha14.cz\/app\/uploads\/sites\/3\/2021\/10\/OP-Zivotni-prostredi.png 985w, https:\/\/www.praha14.cz\/app\/uploads\/sites\/3\/2021\/10\/OP-Zivotni-prostredi-370x58.png 370w, https:\/\/www.praha14.cz\/app\/uploads\/sites\/3\/2021\/10\/OP-Zivotni-prostredi-768x121.png 768w\" sizes=\"(max-width: 578px) 100vw, 578px\" \/><\/p>\n<p>&nbsp;<\/p>\n<hr \/>\n<p>&nbsp;<\/p>\n<p><strong>Sn\u00ed\u017een\u00ed energetick\u00e9 n\u00e1ro\u010dnosti objektu ob\u010dansk\u00e9 vybavenosti ul. Vl\u010dkova<br \/>\n<\/strong>Reg. \u010d.: CZ.05.5.18\/0.0\/0.0\/16_039\/0004454<\/p>\n<p>Datum zah\u00e1jen\u00ed projektu: 20. 4. 2018<br \/>\nDatum ukon\u010den\u00ed projektu: 15. 9. 2020<\/p>\n<p>C\u00edlem projektu je zlep\u0161en\u00ed energetick\u00e9 n\u00e1ro\u010dnosti polyfunk\u010dn\u00ed budovy v ul. Vl\u010dkova \u010d.p. 1067\/12 na \u00fazem\u00ed M\u010c Praha 14. Sou\u010d\u00e1st\u00ed navr\u017een\u00e9ho \u0159e\u0161en\u00ed je zateplen\u00ed obvodov\u00fdch st\u011bn a st\u0159ech, v\u00fdm\u011bna otvorov\u00fdch v\u00fdpln\u00ed. Realizac\u00ed navrhovan\u00fdch opat\u0159en\u00ed dojde ke sn\u00ed\u017een\u00ed provozn\u00edch n\u00e1klad\u016f a sn\u00ed\u017een\u00ed energetick\u00e9 n\u00e1ro\u010dnosti budovy. Vhodn\u00fdmi \u00fapravami spo\u010d\u00edvaj\u00edc\u00edmi ve v\u00fdm\u011bn\u011b n\u011bkter\u00fdch oken a vstupn\u00edch dve\u0159\u00ed, zateplen\u00ed obvodov\u00e9ho pl\u00e1\u0161t\u011b a zateplen\u00ed st\u0159echy objektu se prodlou\u017e\u00ed \u017eivotnost objektu a sn\u00ed\u017e\u00ed se jeho energetick\u00e1 n\u00e1ro\u010dnost. St\u00e1vaj\u00edc\u00ed st\u011bny z luxfer\u016f budou nahrazeny plastov\u00fdmi okny s lep\u0161\u00edmi tepeln\u011b technick\u00fdm vlastnostmi. Po zateplen\u00ed ob\u00e1lky budovy dojde k regulaci otopn\u00e9 soustavy a instalaci vzduchotechnick\u00fdch jednotek.<\/p>\n<p><img loading=\"lazy\" decoding=\"async\" class=\"alignnone wp-image-44160\" src=\"https:\/\/www.praha14.cz\/app\/uploads\/sites\/3\/2021\/10\/OP-Zivotni-prostredi.png\" alt=\"Logo Opera\u010dn\u00edho programu \u017divotn\u00ed prost\u0159ed\u00ed a logo Ministerstva \u017eivotn\u00edho prost\u0159ed\u00ed\" width=\"578\" height=\"91\" srcset=\"https:\/\/www.praha14.cz\/app\/uploads\/sites\/3\/2021\/10\/OP-Zivotni-prostredi.png 985w, https:\/\/www.praha14.cz\/app\/uploads\/sites\/3\/2021\/10\/OP-Zivotni-prostredi-370x58.png 370w, https:\/\/www.praha14.cz\/app\/uploads\/sites\/3\/2021\/10\/OP-Zivotni-prostredi-768x121.png 768w\" sizes=\"(max-width: 578px) 100vw, 578px\" \/><\/p>\n<p>&nbsp;<\/p>\n<hr \/>\n<p>&nbsp;<\/p>\n<p><strong>Pilotn\u00ed ov\u011b\u0159en\u00ed implementace syst\u00e9mu soci\u00e1ln\u00edho bydlen\u00ed na lok\u00e1ln\u00ed \u00farovni v m\u011bstsk\u00e9 \u010d\u00e1sti Praha 14<\/strong><br \/>\nRegistra\u010dn\u00ed \u010d\u00edslo: CZ.03.2.63\/0.0\/0.0\/15_008\/0007315<\/p>\n<p>Projekt se zam\u011b\u0159uje na probl\u00e9m soci\u00e1ln\u00edho bydlen\u00ed. Lid\u00e9 z prim\u00e1rn\u00ed c\u00edlov\u00e9 skupiny \u010del\u00ed p\u0159i zaji\u0161\u0165ov\u00e1n\u00ed bydlen\u00ed na voln\u00e9m trhu \u0159ad\u011b p\u0159ek\u00e1\u017eek pramen\u00edc\u00edch nejen z finan\u010dn\u00ed nedostupnosti \u010di diskriminace ze strany vlastn\u00edk\u016f nebo zprost\u0159edkovatel\u016f bydlen\u00ed, ale tak\u00e9 z vlastn\u00ed nep\u0159ipravenosti z\u00edskat a n\u00e1sledn\u011b si udr\u017eet odpov\u00eddaj\u00edc\u00ed bydlen\u00ed. Hlavn\u00ed p\u0159\u00ed\u010dinou nej\u010dast\u011bji b\u00fdv\u00e1 dlouhodob\u00e9 up\u0159ednost\u0148ov\u00e1n\u00ed uspokojov\u00e1n\u00ed okam\u017eit\u00fdch p\u0159\u00e1n\u00ed p\u0159ed placen\u00edm n\u00e1jemn\u00e9ho. Tyto bari\u00e9ry mnoha lidem br\u00e1n\u00ed v z\u00edsk\u00e1n\u00ed standardn\u00edho bydlen\u00ed, v d\u016fsledku \u010deho\u017e bydl\u00ed dlouhodob\u011b v nekvalitn\u00edm n\u00e1jemn\u00edm bydlen\u00ed v\u00a0komer\u010dn\u00edch ubytovn\u00e1ch nebo v azylov\u00fdch domech.<\/p>\n<p>T\u011bmto lidem je t\u0159eba poskytnout komplexn\u00ed podporu sm\u011b\u0159uj\u00edc\u00ed ke stabilizaci soci\u00e1ln\u00ed a finan\u010dn\u00ed situace, minimalizaci rizik zap\u0159\u00ed\u010di\u0148uj\u00edc\u00edch selh\u00e1v\u00e1n\u00ed a k celkov\u00e9mu pos\u00edlen\u00ed dle jejich individu\u00e1ln\u00edch mo\u017enost\u00ed. To v\u0161e s c\u00edlem pomoci jim nal\u00e9zt a udr\u017eet si bydlen\u00ed na b\u011b\u017en\u00e9m trhu s nemovitostmi a \u017e\u00edt v n\u011bm bez dal\u0161\u00ed intenzivn\u00ed pomoci.<\/p>\n<p>Z t\u011bchto d\u016fvod\u016f prob\u011bhne v\u00a0M\u010c Praha 14 pilotn\u00ed ov\u011b\u0159en\u00ed syst\u00e9mu soci\u00e1ln\u00edho bydlen\u00ed a syst\u00e9mu prevence ztr\u00e1ty bydlen\u00ed. Pilotn\u00ed ov\u011b\u0159en\u00ed umo\u017en\u00ed vyzkou\u0161et spolupr\u00e1ci kl\u00ed\u010dov\u00fdch akt\u00e9r\u016f, v\u00fdb\u011br byt\u016f, formy soci\u00e1ln\u00ed pr\u00e1ce s klienty. Poznatky z\u00a0\u00favodn\u00ed pilot\u00e1\u017ee budou zapracov\u00e1ny do Koncepce. Ve vztahu k c\u00edlov\u00fdm skupin\u00e1m projektu, tj. osob\u00e1m v bytov\u00e9 nouzi M\u010c o\u010dek\u00e1v\u00e1, \u017ee se v pr\u016fb\u011bhu trv\u00e1n\u00ed projektu (v\u00a010 vy\u010dlen\u011bn\u00fdch bytech) poda\u0159\u00ed podpo\u0159it minim\u00e1ln\u011b 20 osob ve smyslu \u0159e\u0161en\u00ed jejich bytov\u00e9 situace a jejich p\u0159\u00edpravy na b\u011b\u017en\u00fd trh s\u00a0byty a \u017ee minim\u00e1ln\u011b 20 osob\u00e1m bude poskytnuta intenzivn\u00ed pomoc sm\u011b\u0159uj\u00edc\u00ed k zachov\u00e1n\u00ed standardn\u00edho bydlen\u00ed.<\/p>\n<p>D\u00e1le budou vytvo\u0159eny metodiky, kter\u00e9 pomohou ke zkvalitn\u011bn\u00ed soci\u00e1ln\u00ed pr\u00e1ce a dal\u0161\u00edch odborn\u00fdch \u010dinnost\u00ed v oblasti bydlen\u00ed, hodnocen\u00ed bytov\u00e9 nouze, spolupr\u00e1ce s dal\u0161\u00edmi akt\u00e9ry soci\u00e1ln\u00edho bydlen\u00ed a vyhodnocov\u00e1n\u00ed \u00fasp\u011b\u0161nosti soci\u00e1ln\u00edho bydlen\u00ed. V\u00a0r\u00e1mci projektu budou podpo\u0159eni 2 soci\u00e1ln\u00ed pracovn\u00edci M\u010c Praha 14, kte\u0159\u00ed budou pracovat s c\u00edlovou skupinou osob ohro\u017een\u00fdch soci\u00e1ln\u00edm vylou\u010den\u00edm (v\u010d. osob v bytov\u00e9 nouzi) a pot\u0159ebami c\u00edlov\u00fdch skupin.<\/p>\n<p><strong>DOKUMENTY SOUVISEJ\u00cdC\u00cd S PROJEKTEM NALEZNETE <a href=\"https:\/\/www.praha14.cz\/samosprava\/dokumenty-projekt-pilotni-overeni-implementace-systemu-socialniho-bydleni-na-lokalni-urovni-v-mestske-casti-praha-14\/\" target=\"_blank\" rel=\"noopener noreferrer\">ZDE.<\/a><\/strong><\/p>\n<p>&nbsp;<\/p>\n<p><a href=\"https:\/\/www.praha14.cz\/app\/uploads\/sites\/3\/2014\/04\/logo-Pilotn\u00ed-ov\u011b\u0159en\u00ed-implementace-syst\u00e9mu-soci\u00e1ln\u00edho-bydlen\u00ed-na-lok\u00e1ln\u00ed-\u00farovni-v-M\u011bstsk\u00e9-\u010d\u00e1sti-Praha-14.jpg\" target=\"_blank\" rel=\"noopener noreferrer\" data-rel=\"lightbox-image-15\" data-rl_title=\"\" data-rl_caption=\"\" title=\"\"><img loading=\"lazy\" decoding=\"async\" class=\"alignnone wp-image-41110 size-medium\" src=\"https:\/\/www.praha14.cz\/app\/uploads\/sites\/3\/2014\/04\/logo-Pilotn\u00ed-ov\u011b\u0159en\u00ed-implementace-syst\u00e9mu-soci\u00e1ln\u00edho-bydlen\u00ed-na-lok\u00e1ln\u00ed-\u00farovni-v-M\u011bstsk\u00e9-\u010d\u00e1sti-Praha-14-370x49.jpg\" alt=\"\" width=\"370\" height=\"49\" srcset=\"https:\/\/www.praha14.cz\/app\/uploads\/sites\/3\/2014\/04\/logo-Pilotn\u00ed-ov\u011b\u0159en\u00ed-implementace-syst\u00e9mu-soci\u00e1ln\u00edho-bydlen\u00ed-na-lok\u00e1ln\u00ed-\u00farovni-v-M\u011bstsk\u00e9-\u010d\u00e1sti-Praha-14-370x49.jpg 370w, https:\/\/www.praha14.cz\/app\/uploads\/sites\/3\/2014\/04\/logo-Pilotn\u00ed-ov\u011b\u0159en\u00ed-implementace-syst\u00e9mu-soci\u00e1ln\u00edho-bydlen\u00ed-na-lok\u00e1ln\u00ed-\u00farovni-v-M\u011bstsk\u00e9-\u010d\u00e1sti-Praha-14.jpg 383w\" sizes=\"(max-width: 370px) 100vw, 370px\" \/><\/a><\/p>\n<p>&nbsp;<\/p>\n<hr \/>\n<p>&nbsp;<\/p>\n<p><strong>Komunitn\u00ed centrum Praha 14<br \/>\n<\/strong>registra\u010dn\u00ed \u010d\u00edslo: CZ.07.3.63\/0.0\/0.0\/16_031\/0000225<\/p>\n<p>Na s\u00eddli\u0161ti Lehovec v\u00a0ulici Karda\u0161ovsk\u00e1 je pro ve\u0159ejnost otev\u0159eno zcela nov\u00e9 komunitn\u00ed centrum, kter\u00e9 zp\u0159\u00edstup\u0148uje volno\u010dasov\u00e9, v\u00fdchovn\u011b vzd\u011bl\u00e1vac\u00ed i odborn\u00e9 aktivity a slu\u017eby m\u00edstn\u00edm obyvatel\u016fm (a nejen jim) a roz\u0161i\u0159uje tak mo\u017enosti napl\u0148ov\u00e1n\u00ed komunitn\u00edho \u017eivota v\u00a0dal\u0161\u00ed lokalit\u011b M\u010c Praha 14. Aktivity komunitn\u00edho centra jsou ur\u010deny p\u0159edev\u0161\u00edm ohro\u017een\u00fdm c\u00edlov\u00fdm skupin\u00e1m jako jsou senio\u0159i, d\u011bti a ml\u00e1de\u017e v\u00a0nep\u0159\u00edzniv\u00e9 soci\u00e1ln\u00ed situaci, p\u0159\u00edslu\u0161n\u00edci etnick\u00fdch men\u0161in \u010di rodiny v\u00a0nep\u0159\u00edzniv\u00e9 soci\u00e1ln\u00ed situaci.<\/p>\n<p>Smyslem a posl\u00e1n\u00edm komunitn\u00edho centra je pomoci znev\u00fdhodn\u011bn\u00fdm osob\u00e1m \u0159e\u0161it jejich nep\u0159\u00edznivou \u017eivotn\u00ed situaci, umo\u017enit jejich sbli\u017eov\u00e1n\u00ed s\u00a0v\u011bt\u0161inou spole\u010dnost\u00ed, podporovat vz\u00e1jemnou toleranci a spolupr\u00e1ci, zapojit je tak do komunitn\u00edho \u017eivota m\u011bstsk\u00e9 \u010d\u00e1sti. V\u00a0r\u00e1mci volno\u010dasov\u00fdch aktivit se mohou n\u00e1v\u0161t\u011bvn\u00edci komunitn\u00edho centra \u00fa\u010dastnit \u0159ady rukod\u011bln\u00fdch krou\u017ek\u016f a tvo\u0159iv\u00fdch d\u00edlen, mohou si zacvi\u010dit nebo nav\u0161t\u00edvit divadeln\u00ed p\u0159edstaven\u00ed. Z\u00edskat zaj\u00edmav\u00e9 a pou\u010dn\u00e9 informace mohou n\u00e1v\u0161t\u011bvn\u00edci v\u00a0r\u00e1mci \u0159ady odborn\u00fdch \u010di tematicky zam\u011b\u0159en\u00fdch p\u0159edn\u00e1\u0161ek (ochrana p\u0159\u00edrody, zdrav\u00ed \u017eivotn\u00ed styl, cestopisn\u00e9 besedy, atp.) \u010di v\u00fdchovn\u011b vzd\u011bl\u00e1vac\u00edch aktivit (nap\u0159. dou\u010dov\u00e1n\u00ed d\u011bt\u00ed, zalo\u017een\u00ed fiktivn\u00ed firmy). Pro klienty je k\u00a0dispozici i pr\u00e1vn\u00ed a odborn\u00e9 poradenstv\u00ed (finance, bydlen\u00ed, zam\u011bstn\u00e1n\u00ed, atp.).<\/p>\n<p>V\u00edce informac\u00ed o Komunitn\u00edm centru a jeho aktivit\u00e1ch z\u00edsk\u00e1te\u00a0<a href=\"https:\/\/www.praha14.cz\/zivot-na-praze-14\/komunitni-centrum-kardasovska\/\" target=\"_blank\" rel=\"noopener noreferrer\">zde<\/a><\/p>\n<p>&nbsp;<\/p>\n<p><img loading=\"lazy\" decoding=\"async\" class=\"alignnone wp-image-41005 size-medium\" src=\"https:\/\/www.praha14.cz\/app\/uploads\/sites\/3\/2014\/04\/logolink-OP-PPR-1-370x59.jpg\" alt=\"\" width=\"370\" height=\"59\" srcset=\"https:\/\/www.praha14.cz\/app\/uploads\/sites\/3\/2014\/04\/logolink-OP-PPR-1-370x59.jpg 370w, https:\/\/www.praha14.cz\/app\/uploads\/sites\/3\/2014\/04\/logolink-OP-PPR-1-768x123.jpg 768w, https:\/\/www.praha14.cz\/app\/uploads\/sites\/3\/2014\/04\/logolink-OP-PPR-1-1024x164.jpg 1024w, https:\/\/www.praha14.cz\/app\/uploads\/sites\/3\/2014\/04\/logolink-OP-PPR-1.jpg 1162w\" sizes=\"(max-width: 370px) 100vw, 370px\" \/><\/p>\n<p>&nbsp;<\/p>\n<p><strong>Optimalizace proces\u016f a profesionalizace \u00fa\u0159adu m\u011bstsk\u00e9 \u010d\u00e1sti Praha 14<br \/>\n<\/strong>(registra\u010dn\u00ed \u010d\u00edslo: CZ.03.4.74\/0.0\/0.0\/16_034\/0003012)<\/p>\n<p>Datum zah\u00e1jen\u00ed projektu: 2. 1. 2017<br \/>\nDatum ukon\u010den\u00ed projektu: 31. 12. 2018<\/p>\n<p>Hlavn\u00edm c\u00edlem projektu je prost\u0159ednictv\u00edm realizace cel\u00e9 \u0159ady opat\u0159en\u00ed zam\u011b\u0159en\u00fdch na zefektivn\u011bn\u00ed \u0159\u00edzen\u00ed, zkvalitn\u011bn\u00ed komunikace a pos\u00edlen\u00ed odbornosti zam\u011bstnanc\u016f zv\u00fd\u0161it kvalitu slu\u017eeb, spokojenost zam\u011bstnanc\u016f a klient\u016f \u00fa\u0159adu.<\/p>\n<p>D\u00edl\u010d\u00ed c\u00edle:<\/p>\n<ol>\n<li><strong>Zv\u00fd\u0161it kvalitu spr\u00e1vy v\u011bc\u00ed ve\u0159ejn\u00fdch a strategick\u00e9ho pl\u00e1nov\u00e1n\u00ed <\/strong>(\u0159\u00edzen\u00ed) zapojov\u00e1n\u00edm ve\u0159ejnosti a vyu\u017e\u00edv\u00e1n\u00edm v\u0161ech dosa\u017een\u00fdch poznatk\u016f o udr\u017eiteln\u00e9m rozvoji prost\u0159ednictv\u00edm dal\u0161\u00edho rozvoje programu MA 21 &#8211; postup z kategorie C do kategorie B<\/li>\n<li><strong>Zv\u00fd\u0161it kvalitu \u0159\u00edzen\u00ed proces\u016f<\/strong> a standardizace mana\u017eersk\u00e9ho \u0159\u00edzen\u00ed v souladu s pravidly ISO 9001:2015<\/li>\n<li><strong>Roz\u0161\u00ed\u0159it odborn\u00e9 znalosti a dovednosti zam\u011bstnanc\u016f<\/strong> \u00fa\u0159adu skrze realizaci odborn\u00fdch \u0161kolen\u00ed dle v\u00fdsledk\u016f proveden\u00e9 Anal\u00fdzy vzd\u011bl\u00e1vac\u00edch pot\u0159eb<\/li>\n<li><strong>Zefektivnit komunikaci s ve\u0159ejnost\u00ed<\/strong> prost\u0159ednictv\u00edm pro\u0161kolen\u00ed zam\u011bstnanc\u016f \u00fa\u0159adu v komunika\u010dn\u00edch dovednostech<\/li>\n<\/ol>\n<p>Dokumenty:<\/p>\n<ul>\n<li><a href=\"https:\/\/www.praha14.cz\/app\/uploads\/sites\/3\/2014\/04\/BEZPE\u010cN\u00c1-CESTA-Z\u0160-B\u0159\u00ed-Vencl\u00edk\u016f-Dopravn\u00ed-studie.pdf\" target=\"_blank\" rel=\"noopener noreferrer\">BEZPE\u010cN\u00c1 CESTA Z\u0160 B\u0159\u00ed Vencl\u00edk\u016f &#8211; Dopravn\u00ed studie<\/a><\/li>\n<li><a href=\"https:\/\/www.praha14.cz\/app\/uploads\/sites\/3\/2014\/04\/ENERGETICK\u00c1-KONCEPCE-M\u010c-Praha-14.pdf\" target=\"_blank\" rel=\"noopener noreferrer\">ENERGETICK\u00c1 KONCEPCE M\u010c Praha 14<\/a><\/li>\n<li><a href=\"https:\/\/www.praha14.cz\/app\/uploads\/sites\/3\/2014\/04\/\u0160KOLN\u00cd-PL\u00c1N-MOBILITY-Z\u0160-B\u0159\u00ed-Vencl\u00edk\u016f.pdf\" target=\"_blank\" rel=\"noopener noreferrer\">\u0160KOLN\u00cd PL\u00c1N MOBILITY Z\u0160 B\u0159\u00ed Vencl\u00edk\u016f<\/a><\/li>\n<li><a href=\"https:\/\/www.praha14.cz\/app\/uploads\/files\/Audit_UR_oblast_1-5.pdf\" target=\"_blank\" rel=\"noopener noreferrer\">Audit UR &#8211; oblast 1-5<\/a><\/li>\n<li><a href=\"https:\/\/www.praha14.cz\/app\/uploads\/files\/Audit_UR_oblast_6-10.pdf\" target=\"_blank\" rel=\"noopener noreferrer\">Audit UR &#8211; oblast 6-10<\/a><\/li>\n<\/ul>\n<p>&nbsp;<\/p>\n<p><img loading=\"lazy\" decoding=\"async\" class=\"alignnone wp-image-43813\" src=\"https:\/\/www.praha14.cz\/app\/uploads\/sites\/3\/2021\/03\/logo-EU-zam\u011bstnanost-a-MPSV.png\" alt=\"\" width=\"351\" height=\"57\" srcset=\"https:\/\/www.praha14.cz\/app\/uploads\/sites\/3\/2021\/03\/logo-EU-zam\u011bstnanost-a-MPSV.png 2174w, https:\/\/www.praha14.cz\/app\/uploads\/sites\/3\/2021\/03\/logo-EU-zam\u011bstnanost-a-MPSV-370x60.png 370w, https:\/\/www.praha14.cz\/app\/uploads\/sites\/3\/2021\/03\/logo-EU-zam\u011bstnanost-a-MPSV-1024x166.png 1024w, https:\/\/www.praha14.cz\/app\/uploads\/sites\/3\/2021\/03\/logo-EU-zam\u011bstnanost-a-MPSV-768x124.png 768w, https:\/\/www.praha14.cz\/app\/uploads\/sites\/3\/2021\/03\/logo-EU-zam\u011bstnanost-a-MPSV-1536x249.png 1536w, https:\/\/www.praha14.cz\/app\/uploads\/sites\/3\/2021\/03\/logo-EU-zam\u011bstnanost-a-MPSV-2048x332.png 2048w\" sizes=\"(max-width: 351px) 100vw, 351px\" \/><\/p>\n<p>&nbsp;<\/p>\n<p><strong>Optimalizace proces\u016f a profesionalizace \u00fa\u0159adu m\u011bstsk\u00e9 \u010d\u00e1sti Praha 14 II.<br \/>\n<\/strong>(registra\u010dn\u00ed \u010d\u00edslo: CZ.03.4.74\/0.0\/0.0\/17_118\/0010073)<\/p>\n<p>Datum zah\u00e1jen\u00ed projektu: 1. 1. 2019<br \/>\nDatum ukon\u010den\u00ed projektu: 31. 12. 2020<\/p>\n<p>Realizace projektu svou komplexnost\u00ed a prov\u00e1zanost\u00ed p\u0159isp\u011bje ke zvy\u0161ov\u00e1n\u00ed kvality \u017eivota v\u00a0m\u011bstsk\u00e9 \u010d\u00e1sti a k dal\u0161\u00edmu zlep\u0161ov\u00e1n\u00ed slu\u017eeb poskytovan\u00fdch \u00daM\u010c Praha 14. Volen\u00ed z\u00e1stupci a zam\u011bstnanci \u00fa\u0159adu si roz\u0161\u00ed\u0159\u00ed znalosti d\u00edky organizovan\u00fdm vzd\u011bl\u00e1vac\u00edm aktivit\u00e1m, c\u00edlov\u00e9 skupiny ob\u010dan\u016f se pak v\u00a0r\u00e1mci projektu zapoj\u00ed do tvorby Ak\u010dn\u00edho pl\u00e1nu rozvoje M\u010c, Generelu dopravy a dal\u0161\u00edch strategick\u00fdch dokument\u016f M\u010c Praha 14. Aktivity jsou prov\u00e1z\u00e1ny na dokumenty Evropa 20, Agenda 21 a dal\u0161\u00ed dokumenty \u010cR, HMP a EU.<\/p>\n<p>C\u00edlem projektu je optimalizovat vybran\u00e9 procesy a postupy \u00daM\u010c Praha 14 tak, aby v co nejv\u011bt\u0161\u00ed m\u00ed\u0159e odpov\u00eddaly aktu\u00e1ln\u00edm pot\u0159eb\u00e1m obyvatel M\u010c a p\u0159isp\u00edvaly k bezprobl\u00e9mov\u00e9mu rozvoji m\u011bstsk\u00e9 \u010d\u00e1sti. Konkr\u00e9tn\u011b se jedn\u00e1 o tyto procesy: rozvoj lidsk\u00fdch zdroj\u016f, strategick\u00e9 \u0159\u00edzen\u00ed a pl\u00e1nov\u00e1n\u00ed a participace ve\u0159ejnosti na spr\u00e1v\u011b M\u010c.<\/p>\n<p>Prvn\u00edm d\u00edl\u010d\u00edm c\u00edlem projektu je zv\u00fd\u0161it profesn\u00ed znalosti a dovednosti vybran\u00fdch zam\u011bstnanc\u016f a volen\u00fdch z\u00e1stupc\u016f a stabilizovat person\u00e1ln\u00ed obsazen\u00ed v\u00a0oblastech, kter\u00e9 jsou d\u016fle\u017eit\u00e9 pro strategick\u00e9 sm\u011brov\u00e1n\u00ed M\u010c, tedy pro jej\u00ed hospod\u00e1rn\u00e9, \u00fa\u010deln\u00e9 a efektivn\u00ed \u0159\u00edzen\u00ed.<\/p>\n<p>Druh\u00fdm d\u00edl\u010d\u00edm c\u00edlem je vytvo\u0159it a aktualizovat vybran\u00e9 strategick\u00e9 dokumenty M\u010c, kter\u00e9 jsou nezbytn\u00e9 pro jej\u00ed dal\u0161\u00ed rozvoj v n\u00e1vaznosti na jej\u00ed dynamick\u00fd r\u016fst.<\/p>\n<p>T\u0159et\u00edm d\u00edl\u010d\u00edm c\u00edlem je up\u0159esnit a vybrat vhodn\u00e9 metody pro komunikaci s\u00a0ve\u0159ejnost\u00ed, v\u010detn\u011b jej\u00edho zapojov\u00e1n\u00ed do vybran\u00fdch rozhodovac\u00edch proces\u016f a ukotvit tyto metody do \u010dinnost\u00ed a postup\u016f m\u011bstsk\u00e9 \u010d\u00e1sti. Zv\u00fd\u0161\u00ed se tak po\u010det z\u00e1stupc\u016f c\u00edlov\u00e9 skupiny z\u00a0\u0159ad m\u00edstn\u00edch ob\u010dan\u016f zapojen\u00fdch do ve\u0159ejn\u00e9ho \u017eivota (nap\u0159. zapojen\u00ed do tvorby strategick\u00fdch dokument\u016f a do jej\u00edch n\u00e1sledn\u00e9ho schvalov\u00e1n\u00ed).<\/p>\n<p>Projekt je podpo\u0159en z\u00a0prost\u0159edk\u016f Opera\u010dn\u00edho programu Zam\u011bstnanost.<\/p>\n<p><strong>Dokumenty ke sta\u017een\u00ed:<\/strong><\/p>\n<ul>\n<li><a href=\"https:\/\/www.praha14.cz\/app\/uploads\/sites\/3\/2021\/02\/05a_Ak\u010dn\u00ed-pl\u00e1n-M\u010c-Praha-14_2021-2022.pdf\" target=\"_blank\" rel=\"noopener noreferrer\">Ak\u010dn\u00ed pl\u00e1n M\u010c Praha 14 na roky 2021 a 2022<\/a><\/li>\n<li><a href=\"https:\/\/www.praha14.cz\/app\/uploads\/sites\/3\/2021\/02\/05d_Metodika-Systemu-komunikace-s-verejnosti.pdf\" target=\"_blank\" rel=\"noopener noreferrer\">Metodika syst\u00e9mu komunikace s ve\u0159ejnost\u00ed<\/a><\/li>\n<li><a href=\"https:\/\/www.praha14.cz\/app\/uploads\/sites\/3\/2021\/03\/05g1_VS-Anal\u00fdza-kvality-\u017eivota-P14-2019-final.pdf\" target=\"_blank\" rel=\"noopener noreferrer\">Anal\u00fdza kvality \u017eivota &#8211; M\u010c Praha 14<\/a><\/li>\n<li><a href=\"https:\/\/www.praha14.cz\/app\/uploads\/sites\/3\/2021\/03\/05f_VS-Demografick\u00e1-studie-P14-2019-final.pdf\" target=\"_blank\" rel=\"noopener noreferrer\">Demografick\u00e1 studie &#8211; M\u010c Praha 14<\/a><\/li>\n<li><a href=\"https:\/\/www.praha14.cz\/app\/uploads\/sites\/3\/2021\/03\/05b_VS-Generel-dopravy-M\u010c-Praha-14.pdf\" target=\"_blank\" rel=\"noopener noreferrer\">Generel dopravy<\/a><\/li>\n<li><a href=\"https:\/\/www.praha14.cz\/app\/uploads\/sites\/3\/2021\/04\/\u0160PM_Chvaletick\u00e1.pdf\" target=\"_blank\" rel=\"noopener noreferrer\">\u0160koln\u00ed pl\u00e1n mobility Z\u0160 Chvaletick\u00e1<\/a><\/li>\n<li><a href=\"https:\/\/www.praha14.cz\/app\/uploads\/sites\/3\/2021\/04\/\u0160PM-Hloub\u011bt\u00ednsk\u00e1.pdf\" target=\"_blank\" rel=\"noopener noreferrer\">\u0160koln\u00ed pl\u00e1n mobility Z\u0160 Hloub\u011bt\u00ednsk\u00e1<\/a><\/li>\n<\/ul>\n<p>&nbsp;<\/p>\n<p><img loading=\"lazy\" decoding=\"async\" class=\"alignnone wp-image-43813\" src=\"https:\/\/www.praha14.cz\/app\/uploads\/sites\/3\/2021\/03\/logo-EU-zam\u011bstnanost-a-MPSV.png\" alt=\"\" width=\"351\" height=\"57\" srcset=\"https:\/\/www.praha14.cz\/app\/uploads\/sites\/3\/2021\/03\/logo-EU-zam\u011bstnanost-a-MPSV.png 2174w, https:\/\/www.praha14.cz\/app\/uploads\/sites\/3\/2021\/03\/logo-EU-zam\u011bstnanost-a-MPSV-370x60.png 370w, https:\/\/www.praha14.cz\/app\/uploads\/sites\/3\/2021\/03\/logo-EU-zam\u011bstnanost-a-MPSV-1024x166.png 1024w, https:\/\/www.praha14.cz\/app\/uploads\/sites\/3\/2021\/03\/logo-EU-zam\u011bstnanost-a-MPSV-768x124.png 768w, https:\/\/www.praha14.cz\/app\/uploads\/sites\/3\/2021\/03\/logo-EU-zam\u011bstnanost-a-MPSV-1536x249.png 1536w, https:\/\/www.praha14.cz\/app\/uploads\/sites\/3\/2021\/03\/logo-EU-zam\u011bstnanost-a-MPSV-2048x332.png 2048w\" sizes=\"(max-width: 351px) 100vw, 351px\" \/><\/p>\n<p>&nbsp;<\/p>\n<p><strong>Optimalizace proces\u016f a profesionalizace \u00fa\u0159adu m\u011bstsk\u00e9 \u010d\u00e1sti Praha 14 III.\u00a0<\/strong><strong><br \/>\n<\/strong>(registra\u010dn\u00ed \u010d\u00edslo: CZ.03.4.74\/0.0\/0.0\/18_119\/0014754)<\/p>\n<p>Datum zah\u00e1jen\u00ed projektu: 1. 1. 2020<br \/>\nDatum ukon\u010den\u00ed projektu: 31. 12. 2021<\/p>\n<p>Realizace projektu svou komplexnost\u00ed a prov\u00e1zanost\u00ed jednotliv\u00fdch aktivit p\u0159isp\u011bje k\u00a0dal\u0161\u00edmu zlep\u0161ov\u00e1n\u00ed poskytovan\u00fdch slu\u017eeb a kvality \u017eivota na M\u010c, a to d\u00edky p\u0159\u00edm\u00e9mu zapojen\u00ed c\u00edlov\u00fdch skupin zam\u011bstnanc\u016f a ob\u010dan\u016f do tvorby vybran\u00fdch analytick\u00fdch, koncep\u010dn\u00edch a strategick\u00fdch dokument\u016f M\u010c, kter\u00e9 vych\u00e1zej\u00ed z\u00a0ji\u017e t\u00e9m\u011b\u0159 desetilet\u00e9 snahy \u00daM\u010c optimalizovat \u010dinnosti vykon\u00e1van\u00e9 \u00daM\u010c Praha 14.<\/p>\n<p>C\u00edlem projektu je optimalizovat vybran\u00e9 procesy a postupy \u00daM\u010c Praha 14 tak, aby v co nejv\u011bt\u0161\u00ed m\u00ed\u0159e odpov\u00eddaly aktu\u00e1ln\u00edm pot\u0159eb\u00e1m obyvatel M\u010c a p\u0159isp\u00edvaly k bezprobl\u00e9mov\u00e9mu rozvoji m\u011bstsk\u00e9 \u010d\u00e1sti.<\/p>\n<p><strong>\u0158e\u0161en\u00e9 oblasti projektu:<\/strong><\/p>\n<ul>\n<li>glob\u00e1ln\u00ed odpov\u011bdnost<\/li>\n<li>podpora podnik\u00e1n\u00ed<\/li>\n<li>zdrav\u00ed obyvatel<\/li>\n<li>komunikace mezi \u00fa\u0159adem a klienty<\/li>\n<\/ul>\n<p><strong>V\u00fdstupy projektu:<\/strong><\/p>\n<ul>\n<li><a href=\"https:\/\/www.praha14.cz\/app\/uploads\/sites\/3\/2022\/07\/Komunikacni_strategie_MC_Praha_14_2021202.pdf\" target=\"_blank\" rel=\"noopener\">Komunika\u010dn\u00ed strategie M\u010c Praha 14<\/a><\/li>\n<li><a href=\"https:\/\/www.praha14.cz\/app\/uploads\/sites\/3\/2022\/07\/Plan-zdravi-Mestske-casti-Praha-14-final.pdf\" target=\"_blank\" rel=\"noopener\">Pl\u00e1n zdrav\u00ed M\u010c Praha 14<\/a><\/li>\n<li><a href=\"https:\/\/www.praha14.cz\/app\/uploads\/sites\/3\/2022\/07\/Plan-rozvoje-Globalni-odpovednosti-MCP14_2022-2024.pdf\" target=\"_blank\" rel=\"noopener\">Pl\u00e1n rozvoje glob\u00e1ln\u00ed odpov\u011bdnosti M\u010c Praha 14 na roky 2022-2024<\/a><\/li>\n<li><a href=\"https:\/\/www.praha14.cz\/app\/uploads\/sites\/3\/2022\/07\/Klimaplan_P14.pdf\" target=\"_blank\" rel=\"noopener\">Klimatick\u00fd pl\u00e1n M\u010c Praha 14<\/a><\/li>\n<li><a href=\"https:\/\/www.praha14.cz\/app\/uploads\/sites\/3\/2022\/07\/Analyza-potencialu-rozvoje-podnikani-a-ekonomiky-na-uzemi-mestske-casti-Praha-14-fin.pdf\" target=\"_blank\" rel=\"noopener\">Anal\u00fdza potenci\u00e1lu rozvoje podnik\u00e1n\u00ed a ekonomiky na \u00fazem\u00ed m\u011bstsk\u00e9 \u010d\u00e1sti Praha 14<\/a><\/li>\n<li><a href=\"https:\/\/www.praha14.cz\/app\/uploads\/sites\/3\/2022\/08\/Audit-UR-2021-Praha14.pdf\" target=\"_blank\" rel=\"noopener\">Audit udr\u017eiteln\u00e9ho rozvoje 2021<\/a><\/li>\n<\/ul>\n<p>Projekt je podpo\u0159en z\u00a0prost\u0159edk\u016f Opera\u010dn\u00edho programu Zam\u011bstnanost.<\/p>\n<p>&nbsp;<\/p>\n<p><img loading=\"lazy\" decoding=\"async\" class=\"alignnone wp-image-43813\" src=\"https:\/\/www.praha14.cz\/app\/uploads\/sites\/3\/2021\/03\/logo-EU-zam\u011bstnanost-a-MPSV.png\" alt=\"\" width=\"351\" height=\"57\" srcset=\"https:\/\/www.praha14.cz\/app\/uploads\/sites\/3\/2021\/03\/logo-EU-zam\u011bstnanost-a-MPSV.png 2174w, https:\/\/www.praha14.cz\/app\/uploads\/sites\/3\/2021\/03\/logo-EU-zam\u011bstnanost-a-MPSV-370x60.png 370w, https:\/\/www.praha14.cz\/app\/uploads\/sites\/3\/2021\/03\/logo-EU-zam\u011bstnanost-a-MPSV-1024x166.png 1024w, https:\/\/www.praha14.cz\/app\/uploads\/sites\/3\/2021\/03\/logo-EU-zam\u011bstnanost-a-MPSV-768x124.png 768w, https:\/\/www.praha14.cz\/app\/uploads\/sites\/3\/2021\/03\/logo-EU-zam\u011bstnanost-a-MPSV-1536x249.png 1536w, https:\/\/www.praha14.cz\/app\/uploads\/sites\/3\/2021\/03\/logo-EU-zam\u011bstnanost-a-MPSV-2048x332.png 2048w\" sizes=\"(max-width: 351px) 100vw, 351px\" \/><\/p>\n<p>&nbsp;<\/p>\n<p><strong>Optimalizace proces\u016f a profesionalizace \u00fa\u0159adu m\u011bstsk\u00e9 \u010d\u00e1sti Praha 14 IV.<\/strong><br \/>\n(registra\u010dn\u00ed \u010d\u00edslo: CZ.03.4.74\/0.0\/0.0\/19_120\/0016837)<\/p>\n<p>Datum zah\u00e1jen\u00ed projektu: 1. 1. 2021<br \/>\nDatum ukon\u010den\u00ed projektu: 31. 12. 2022<\/p>\n<p>Realizace projektu svou komplexnost\u00ed a prov\u00e1zanost\u00ed p\u0159isp\u011bje k dal\u0161\u00edmu zlep\u0161ov\u00e1n\u00ed poskytovan\u00fdch slu\u017eeb a kvality \u017eivota na M\u010c, a to d\u00edky p\u0159\u00edm\u00e9ho zapojen\u00ed c\u00edlov\u00fdch skupin do tvorby Strategie komunikace na soci\u00e1ln\u00edch s\u00edt\u00edch, kter\u00fd vych\u00e1z\u00ed z ji\u017e desetilet\u00e9 snahy \u00fa\u0159adu optimalizovat sv\u00e9 \u010dinnosti. V\u00fdznamn\u00fdm dopadem bude i zlep\u0161en\u00ed vz\u00e1jemn\u00e9 komunikace mezi v\u0161emi akt\u00e9ry ve\u0159ejn\u00e9ho \u017eivota a implementace pilotn\u00edch n\u00e1stroj\u016f komunikace jako je digit\u00e1ln\u00ed \u00fa\u0159edn\u00ed deska, nov\u00e9 soci\u00e1ln\u00ed s\u00edt\u011b \u010di modern\u00ed a p\u0159\u00edv\u011btiv\u00fd web m\u011bstsk\u00e9 \u010d\u00e1sti.<\/p>\n<p><strong>V\u00fdstupy projektu:<\/strong><\/p>\n<ul>\n<li><a href=\"https:\/\/www.praha14.cz\/app\/uploads\/sites\/3\/2022\/12\/Analyza-a-Strategie-komunikace-na-socialnich-sitich-MC-Praha-14.pdf\" target=\"_blank\" rel=\"noopener\">Anal\u00fdza a Strategie komunikace na soci\u00e1ln\u00edch s\u00edt\u00edch M\u010c Praha 14<\/a><\/li>\n<\/ul>\n<p>Projekt je podpo\u0159en z prost\u0159edk\u016f Opera\u010dn\u00edho programu Zam\u011bstnanost.<\/p>\n<p><img loading=\"lazy\" decoding=\"async\" class=\"alignnone wp-image-43813\" src=\"https:\/\/www.praha14.cz\/app\/uploads\/sites\/3\/2021\/03\/logo-EU-zam\u011bstnanost-a-MPSV.png\" alt=\"\" width=\"351\" height=\"57\" srcset=\"https:\/\/www.praha14.cz\/app\/uploads\/sites\/3\/2021\/03\/logo-EU-zam\u011bstnanost-a-MPSV.png 2174w, https:\/\/www.praha14.cz\/app\/uploads\/sites\/3\/2021\/03\/logo-EU-zam\u011bstnanost-a-MPSV-370x60.png 370w, https:\/\/www.praha14.cz\/app\/uploads\/sites\/3\/2021\/03\/logo-EU-zam\u011bstnanost-a-MPSV-1024x166.png 1024w, https:\/\/www.praha14.cz\/app\/uploads\/sites\/3\/2021\/03\/logo-EU-zam\u011bstnanost-a-MPSV-768x124.png 768w, https:\/\/www.praha14.cz\/app\/uploads\/sites\/3\/2021\/03\/logo-EU-zam\u011bstnanost-a-MPSV-1536x249.png 1536w, https:\/\/www.praha14.cz\/app\/uploads\/sites\/3\/2021\/03\/logo-EU-zam\u011bstnanost-a-MPSV-2048x332.png 2048w\" sizes=\"(max-width: 351px) 100vw, 351px\" \/><\/p>\n<p>&nbsp;<\/p>\n<p><strong>Kl\u00ed\u010d k\u00a0\u00fasp\u011bchu<\/strong><br \/>\n(registra\u010dn\u00ed \u010d\u00edslo: CZ.02.3.61\/0.0\/0.0\/15_007\/0000279)<\/p>\n<p>Hlavn\u00edm c\u00edlem projektu je prost\u0159ednictv\u00edm budov\u00e1n\u00ed modern\u00edho inkluzivn\u00edho prost\u0159ed\u00ed postupn\u011b vyrovn\u00e1vat mo\u017enosti d\u011bt\u00ed a \u017e\u00e1k\u016f z rozd\u00edln\u00e9ho socioekonomick\u00e9ho a kulturn\u00edho prost\u0159ed\u00ed, \u017e\u00e1k\u016f se speci\u00e1ln\u00edmi vzd\u011bl\u00e1vac\u00edmi pot\u0159ebami. Sou\u010d\u00e1st\u00ed tohoto procesu je c\u00edlen\u00e1 podpora pedagogick\u00fdch pracovn\u00edk\u016f a jejich vzd\u011bl\u00e1v\u00e1n\u00ed tak, aby byli schopni efektivn\u011b a aktivn\u011b \u0159\u00eddit a podporovat tento proces. Do projektu je zapojena Z\u0160 \u0160imanovsk\u00e1, Z\u0160 Gener\u00e1la Janou\u0161ka a Z\u0160 Chvaletick\u00e1. Partnerem projektu je M\u010c Praha 14. Projekt je financovan\u00fd z\u00a0Opera\u010dn\u00edho programu V\u00fdzkum, v\u00fdvoj, vzd\u011bl\u00e1v\u00e1n\u00ed.<\/p>\n<p><img loading=\"lazy\" decoding=\"async\" class=\"alignnone wp-image-40844\" src=\"https:\/\/www.praha14.cz\/app\/uploads\/sites\/3\/2014\/04\/Logolink_OP_VVV_ver_barva_cz-323x370.jpg\" alt=\"\" width=\"253\" height=\"289\" srcset=\"https:\/\/www.praha14.cz\/app\/uploads\/sites\/3\/2014\/04\/Logolink_OP_VVV_ver_barva_cz-323x370.jpg 323w, https:\/\/www.praha14.cz\/app\/uploads\/sites\/3\/2014\/04\/Logolink_OP_VVV_ver_barva_cz.jpg 626w\" sizes=\"(max-width: 253px) 100vw, 253px\" \/><\/p>\n<p><strong>Rozvoj komunitn\u00edho \u017eivota na Praze 14 &#8211; REALIZACE PROJEKTU UKON\u010cENA<br \/>\n<\/strong>(Registra\u010dn\u00ed \u010d\u00edslo CZ.07.4.68\/0.0\/0.0\/15_005\/0000072)<\/p>\n<p>Na\u0161e m\u011bstsk\u00e1 \u010d\u00e1st slav\u00ed dal\u0161\u00ed \u201eevropsk\u00fd\u201c \u00fasp\u011bch. Tentokr\u00e1t s\u00a0projektem Rozvoj komunitn\u00edho \u017eivota na Praze 14 zam\u011b\u0159en\u00fdm na podporu porozum\u011bn\u00ed, tolerance a respektu odli\u0161n\u00fdch kultur, na kter\u00fd z\u00edskala finan\u010dn\u00ed podporu z\u00a0Opera\u010dn\u00edho programu Praha p\u00f3l r\u016fstu.<\/p>\n<p>Od za\u010d\u00e1tku tohoto \u0161koln\u00edho roku do konce \u010dervna 2018 na\u0161e z\u00e1kladn\u00ed a mate\u0159sk\u00e9 \u0161koly o\u017eij\u00ed mno\u017estv\u00edm vzd\u011bl\u00e1vac\u00edch, kulturn\u00edch a sportovn\u00edch akc\u00ed, na nich\u017e se budou aktivn\u011b pod\u00edlet nejen pedagogov\u00e9, ale zejm\u00e9na d\u011bti. \u017d\u00e1ky a jejich u\u010ditele \u010dek\u00e1 nap\u0159\u00edklad p\u0159\u00edprava n\u00e1pln\u011b dvou speci\u00e1ln\u00edch \u010d\u00edsel \u010dasopisu \u010ctrn\u00e1ctka, cestopisn\u00e9 besedy, na n\u011b navazuj\u00edc\u00ed projektov\u00e9 dny, b\u011bhem kter\u00fdch \u0161koly p\u0159iprav\u00ed s\u00e9rii drobn\u011bj\u0161\u00edch v\u00fdstup\u016f o re\u00e1li\u00edch a tradic\u00edch ciz\u00edch n\u00e1rodnost\u00ed nej\u010dast\u011bji zastoupen\u00fdch v\u00a0Praze 14, a v\u00a0neposledn\u00ed \u0159ad\u011b v\u00fdstavy. Ty se uskute\u010dn\u00ed na v\u0161ech m\u00edstn\u00edch z\u00e1kladn\u00edch \u0161kol\u00e1ch tak, aby d\u011bti dostaly p\u0159\u00edle\u017eitost prezentovat sv\u00e9 d\u00edl\u010d\u00ed projekty zejm\u00e9na spolu\u017e\u00e1k\u016fm, kamar\u00e1d\u016fm a rodi\u010d\u016fm. Vy\u00fast\u011bn\u00edm \u201ekulturn\u011b \u2013 vzd\u011bl\u00e1vac\u00edho\u201c bloku cel\u00e9ho projektu pak bude velk\u00e1 p\u0159ehl\u00eddka p\u0159\u00edb\u011bh\u016f a fotografi\u00ed, kter\u00e1 p\u0159edstav\u00ed \u010cechy i cizince \u017eij\u00edc\u00ed v\u00a0na\u0161\u00ed m\u011bstsk\u00e9 \u010d\u00e1sti, to v\u0161e s\u00a0d\u016frazem na podporu sou\u017eit\u00ed a vz\u00e1jemn\u00e9 tolerance majority a minorit.<\/p>\n<p>Vedle aktivit nau\u010dn\u00fdch a kreativn\u00edch projekt po\u010d\u00edt\u00e1 i s\u00a0aktivitami sportovn\u00edmi. Mezi tyto aktivity pat\u0159\u00ed zejm\u00e9na \u201eSportovn\u00ed dny\u201c, kdy jednotliv\u00e9 \u0161koly otev\u0159ou sv\u00e1 venkovn\u00ed h\u0159i\u0161t\u011b a sportovi\u0161t\u011b ve\u0159ejnosti tak, aby se do aktivit mohli zapojit i rodi\u010de. C\u00edlem akc\u00ed bude vz\u00e1jemn\u011b sezn\u00e1mit \u010desk\u00e9 a zahrani\u010dn\u00ed rodiny, jejich\u017e d\u011bti chod\u00ed do stejn\u00fdch \u0161kol, podpo\u0159it souzn\u011bn\u00ed odli\u0161n\u00fdch kultur.<\/p>\n<p>Projekt Rozvoj komunitn\u00edho \u017eivota na Praze 14 nezapomene ani na d\u011bti z\u00a0m\u00edstn\u00edch mate\u0159inek. Pro n\u011b budou p\u0159ipravena divadeln\u00ed p\u0159edstaven\u00ed, je\u017e ciz\u00ed zvyklosti a my\u0161lenku \u201esetk\u00e1v\u00e1n\u00ed nap\u0159\u00ed\u010d kulturami\u201c p\u0159edstav\u00ed z\u00e1bavnou a srozumitelnou formou.<\/p>\n<p>Vyvrcholen\u00edm projektu bude velk\u00fd Multikulturn\u00ed den, kde se bude nejen cvi\u010dit a fandit p\u0159i r\u016fzn\u00fdch turnaj\u00edch, ale tak\u00e9 tan\u010dit a zp\u00edvat \u2013 na sv\u00e9 si p\u0159ijde mimo jin\u00e9 i \u0161kola hip hopu, kter\u00e1 funguje d\u00edky projektu v\u00a0kulturn\u011b \u2013 komunitn\u00edm centru Plech\u00e1rna na \u010cern\u00e9m Most\u011b.<\/p>\n<p><strong>Speci\u00e1ln\u00ed vyd\u00e1n\u00ed \u010dasopisu \u010ctrn\u00e1ctka (Otev\u0159en\u00e9 \u0161koly &#8211; pr\u00e1ce \u017e\u00e1k\u016f \u0161kol Prahy 14):<\/strong><\/p>\n<p><a href=\"https:\/\/www.praha14.cz\/app\/uploads\/sites\/4\/2017\/07\/14_multiculti_komplet_nahled9_SMALL.pdf\" target=\"_blank\" rel=\"noopener noreferrer\"><img loading=\"lazy\" decoding=\"async\" class=\"alignnone wp-image-41011 size-medium\" src=\"https:\/\/www.praha14.cz\/app\/uploads\/sites\/3\/2017\/07\/titulka-262x370.jpg\" alt=\"\" width=\"262\" height=\"370\" srcset=\"https:\/\/www.praha14.cz\/app\/uploads\/sites\/3\/2017\/07\/titulka-262x370.jpg 262w, https:\/\/www.praha14.cz\/app\/uploads\/sites\/3\/2017\/07\/titulka.jpg 638w\" sizes=\"(max-width: 262px) 100vw, 262px\" \/><\/a><\/p>\n<p><strong>Speci\u00e1ln\u00ed vyd\u00e1n\u00ed \u010dasopisu \u010ctrn\u00e1ctka (Otev\u0159en\u00e9 m\u011bsto &#8211; pr\u00e1ce \u017e\u00e1k\u016f \u0161kol Prahy 14):<\/strong><\/p>\n<p><a href=\"https:\/\/www.praha14.cz\/app\/uploads\/sites\/4\/2018\/06\/Speci%C3%A1l-%C4%8Derven-2018-na-web.pdf\" target=\"_blank\" rel=\"noopener noreferrer\"><img loading=\"lazy\" decoding=\"async\" class=\"alignnone wp-image-41626 size-medium\" src=\"https:\/\/www.praha14.cz\/app\/uploads\/sites\/3\/2014\/04\/Titulka-velk\u00e1-260x370.jpg\" alt=\"\" width=\"260\" height=\"370\" srcset=\"https:\/\/www.praha14.cz\/app\/uploads\/sites\/3\/2014\/04\/Titulka-velk\u00e1-260x370.jpg 260w, https:\/\/www.praha14.cz\/app\/uploads\/sites\/3\/2014\/04\/Titulka-velk\u00e1.jpg 633w\" sizes=\"(max-width: 260px) 100vw, 260px\" \/><\/a><\/p>\n<p>&nbsp;<\/p>\n<p><img loading=\"lazy\" decoding=\"async\" class=\"alignleft wp-image-40526 size-medium\" src=\"https:\/\/www.praha14.cz\/app\/uploads\/sites\/3\/2014\/04\/logolink-OP-PPR-370x59.jpg\" alt=\"logolink-op-ppr\" width=\"370\" height=\"59\" \/><\/p>\n<p>&nbsp;<\/p>\n<p>&nbsp;<\/p>\n<p>&nbsp;<\/p>\n<p>&nbsp;<\/p>\n<p>&nbsp;<\/p>\n<p><strong>Projekt P\u0159\u00edm\u011bstsk\u00e9 letn\u00ed t\u00e1bory Praha 14 &#8211; REALIZACE PROJEKTU UKON\u010cENA<br \/>\n<\/strong>(registra\u010dn\u00ed \u010d\u00edslo CZ.03.1.51\/0.0\/0.0\/15_014\/0000559)<\/p>\n<p>Probl\u00e9m nerovnov\u00e1hy mezi rodinn\u00fdm a pracovn\u00edm \u017eivotem a s\u00a0n\u00edm souvisej\u00edc\u00ed pot\u0159eba harmonizace t\u011bchto dvou sf\u00e9r se dost\u00e1v\u00e1 do pop\u0159ed\u00ed z\u00e1jmu v\u00a0souvislosti se soci\u00e1ln\u011b-demografick\u00fdmi zm\u011bnami, ke kter\u00fdm v\u00a0dne\u0161n\u00ed dob\u011b doch\u00e1z\u00ed. \u0160koln\u00ed dru\u017einy nejsou v\u00a0provozu, babi\u010dky nefunguj\u00ed v\u00a0ka\u017ed\u00e9 rodin\u011b, na pobytov\u00fd t\u00e1bor je d\u00edt\u011b je\u0161t\u011b mal\u00e9 nebo je tato alternativa pro rodi\u010de nedostupn\u00e1. Rodi\u010de proto \u010dasto \u0159e\u0161\u00ed, zejm\u00e9na v\u00a0obdob\u00ed letn\u00edch pr\u00e1zdnin, jak zajistit p\u00e9\u010di o d\u011bti. To \u010dasto vede ke zv\u00fd\u0161en\u00ed stresov\u00e9 z\u00e1t\u011b\u017ee na obou stran\u00e1ch &#8211; jak u rodi\u010d\u016f, kte\u0159\u00ed maj\u00ed pocit, \u017ee zanedb\u00e1vaj\u00ed sv\u00e9 d\u00edt\u011b, tak u d\u011bt\u00ed, jejich\u017e voln\u00fd \u010das z\u016fst\u00e1v\u00e1 prakticky nevyu\u017eit. M\u00edsto smyslupln\u00fdch \u010dinnost\u00ed je jeho n\u00e1pl\u0148 zredukov\u00e1na na zaji\u0161t\u011bn\u00ed prost\u00e9ho chodu rodiny. Jedn\u00edm z\u00a0mo\u017en\u00fdch \u0159e\u0161en\u00ed jsou p\u0159\u00edm\u011bstsk\u00e9 t\u00e1bory.<\/p>\n<p>M\u010c dlouhodob\u011b usiluje b\u00fdt sv\u00fdm obyvatel\u016fm v\u00a0t\u011bchto ot\u00e1zk\u00e1ch n\u00e1pomocna, a proto p\u0159ipravila projektovou \u017e\u00e1dost na po\u0159\u00e1d\u00e1n\u00ed P\u0159\u00edm\u011bstsk\u00fdch letn\u00edch t\u00e1bor\u016f v\u00a0letech 2016, 2017, 2018. Se svou \u017e\u00e1dost\u00ed M\u010c usp\u011bla a d\u00edky finan\u010dn\u00ed podpo\u0159e z\u00a0EU v\u00a0r\u00e1mci Opera\u010dn\u00edho programu Zam\u011bstnanost se tyto t\u00e1bory ve v\u00fd\u0161e uveden\u00fdch letech uskute\u010dn\u00ed.<\/p>\n<p>C\u00edlem projektu je usnadnit rodi\u010d\u016fm d\u011bt\u00ed mlad\u0161\u00edho v\u011bku (1. stupe\u0148 Z\u0160) slad\u011bn\u00ed pracovn\u00edho rytmu s\u00a0p\u00e9\u010d\u00ed o d\u011bti v\u00a0dob\u011b hlavn\u00edch pr\u00e1zdnin prost\u0159ednictv\u00edm zaji\u0161t\u011bn\u00ed kvalitn\u00ed a dostupn\u00e9 p\u00e9\u010de ve form\u011b 5 r\u016fzn\u011b tematicky zam\u011b\u0159en\u00fdch p\u0159\u00edm\u011bstsk\u00fdch t\u00e1bor\u016f. Celkem by m\u011blo b\u00fdt podpo\u0159eno minim\u00e1ln\u011b 215 osob &#8211; rodi\u010d\u016f s\u00a0mal\u00fdmi d\u011btmi.<\/p>\n<p>&nbsp;<\/p>\n<p><img loading=\"lazy\" decoding=\"async\" class=\"alignnone wp-image-40388 size-medium\" src=\"https:\/\/www.praha14.cz\/app\/uploads\/sites\/3\/2014\/04\/Logo-EU-programu-k-P\u0159\u00edm\u011bstsk\u00fdm-t\u00e1bor\u016fm-370x75.jpg\" alt=\"\" width=\"370\" height=\"75\" srcset=\"https:\/\/www.praha14.cz\/app\/uploads\/sites\/3\/2014\/04\/Logo-EU-programu-k-P\u0159\u00edm\u011bstsk\u00fdm-t\u00e1bor\u016fm-370x75.jpg 370w, https:\/\/www.praha14.cz\/app\/uploads\/sites\/3\/2014\/04\/Logo-EU-programu-k-P\u0159\u00edm\u011bstsk\u00fdm-t\u00e1bor\u016fm.jpg 552w\" sizes=\"(max-width: 370px) 100vw, 370px\" \/><\/p>\n<p>&nbsp;<\/p>\n<p>&nbsp;<\/p>\n<p><strong>Projekt D\u011btsk\u00e9 skupiny v M\u0160 Zelene\u010dsk\u00e1 a M\u0160 Vyb\u00edralova \u2013 Praha 14<\/strong><br \/>\n(Registra\u010dn\u00ed \u010d\u00edslo CZ.07.4.67\/0.0\/0.0\/15_004\/0000102)<\/p>\n<p>Na podzim roku 2016 byly zah\u00e1jeny dv\u011b investi\u010dn\u00ed akce M\u010c Praha 14. Jednalo se o projekty v\u00fdstavby, resp. rekonstrukce prostor\u016f pro provoz d\u011btsk\u00fdch skupin na M\u0160 Zelene\u010dsk\u00e1 a M\u0160 Vyb\u00edralova. Projekt reagoval na zvy\u0161uj\u00edc\u00ed se popt\u00e1vku c\u00edlov\u00e9 skupiny (rodi\u010d\u016f) po za\u0159\u00edzen\u00edch poskytuj\u00edc\u00ed p\u00e9\u010di o d\u011bti do 3 let v\u011bku v lokalit\u011b M\u010c Praha 14, kterou kv\u016fli omezen\u00e9 kapacit\u011b nebylo mo\u017en\u00e9 uspokojit. V r\u00e1mci aktivit projektu vznikla v objektech M\u0160 Zelene\u010dsk\u00e1 a M\u0160 Vyb\u00edralova celkem 30 nov\u00fdch m\u00edst s celodenn\u00edm provozem p\u00e9\u010de o d\u011bti do 3 let. Sou\u010dasn\u011b byl vybudov\u00e1n a zrekonstruov\u00e1n stravovac\u00ed provoz pro pot\u0159eby d\u011btsk\u00e9 skupiny. Provoz d\u011btsk\u00fdch skupin byl zah\u00e1jen v \u00fanoru roku 2017. Projekt byl dotov\u00e1n v\u00a0r\u00e1mci Opera\u010dn\u00edho programu Praha \u2013 p\u00f3l r\u016fstu \u010cR a byla na n\u011bj poskytov\u00e1na finan\u010dn\u00ed podpora od Evropsk\u00e9 Unie.<\/p>\n<p>&nbsp;<\/p>\n<p><img loading=\"lazy\" decoding=\"async\" class=\"alignleft wp-image-40526 size-medium\" src=\"https:\/\/www.praha14.cz\/app\/uploads\/sites\/3\/2014\/04\/logolink-OP-PPR-370x59.jpg\" alt=\"logolink-op-ppr\" width=\"370\" height=\"59\" \/><\/p>\n<p>&nbsp;<\/p>\n<p>&nbsp;<\/p>\n<p>&nbsp;<\/p>\n<p>&nbsp;<\/p>\n<p><strong>MAP Praha 14<\/strong><br \/>\n(Registra\u010dn\u00ed \u010d\u00edslo CZ.02.3.68\/0.0\/0.0\/15_005\/0000158)<\/p>\n<p>C\u00edlem ka\u017ed\u00e9ho m\u011bsta, obce i m\u011bstsk\u00e9 \u010d\u00e1sti, tedy z\u0159izovatel\u016f z\u00e1kladn\u00edch a mate\u0159sk\u00fdch \u0161kol, jsou spokojen\u00ed \u017e\u00e1ci, pota\u017emo spokojen\u00ed rodi\u010de a u\u010ditel\u00e9. Praha 14 proto p\u0159ipravila projekt zam\u011b\u0159en\u00fd na zlep\u0161ov\u00e1n\u00ed kvality vzd\u011bl\u00e1n\u00ed v\u00a0m\u00edstn\u00edch \u0161koln\u00edch za\u0159\u00edzen\u00edch s\u00a0n\u00e1zvem \u201eM\u00edstn\u00ed ak\u010dn\u00ed pl\u00e1n Praha 14\u201c (MAP Praha 14), s\u00a0nim\u017e usp\u011bla p\u0159i \u017e\u00e1dosti o finan\u010dn\u00ed podporu z Opera\u010dn\u00edho programu V\u00fdzkum, v\u00fdvoj a vzd\u011bl\u00e1v\u00e1n\u00ed evropsk\u00e9ho soci\u00e1ln\u00edho fondu. Projekt je sou\u010d\u00e1st\u00ed tzv. Akce Klima, kter\u00e1 m\u00e1 trvale rozv\u00edjet zdrav\u00e9 a maxim\u00e1ln\u011b motivuj\u00edc\u00ed prost\u0159ed\u00ed pro \u0161kol\u00e1ky i pedagogy.<\/p>\n<p>Vedle zvy\u0161ov\u00e1n\u00ed kvality vzd\u011bl\u00e1n\u00ed je d\u016fle\u017eit\u00fdm c\u00edlem MAP Prahy 14 tak\u00e9 podpora spolupr\u00e1ce na\u0161\u00ed m\u011bstsk\u00e9 \u010d\u00e1sti a Doln\u00edch Po\u010dernic jako z\u0159izovatel\u016f a d\u00e1le pak \u0161kol a ostatn\u00edch akt\u00e9r\u016f ve vzd\u011bl\u00e1v\u00e1n\u00ed. Projekt po\u010d\u00edt\u00e1 nap\u0159\u00edklad se spole\u010dn\u00fdm informov\u00e1n\u00edm \u010di s\u00a0pl\u00e1nov\u00e1n\u00edm partnersk\u00fdch aktivit p\u0159i \u0159e\u0161en\u00ed m\u00edstn\u011b specifick\u00fdch probl\u00e9m\u016f a pot\u0159eb. M\u00edstn\u00ed ak\u010dn\u00ed pl\u00e1n (MAP) bude dokumentem, kter\u00fd zajist\u00ed prov\u00e1zanost dosavadn\u00edch strategick\u00fdch materi\u00e1l\u016f a bude sm\u011b\u0159ovat k napln\u011bn\u00ed dosavadn\u00edch a nov\u00fdch c\u00edl\u016f. Dal\u0161\u00ed \u00farovn\u00ed MAP pak bude konkretizace jednotliv\u00fdch strategick\u00fdch rozvojov\u00fdch z\u00e1m\u011br\u016f, a to do \u00farovn\u011b ka\u017ed\u00e9ho jednotliv\u00e9ho vzd\u011bl\u00e1vac\u00edho za\u0159\u00edzen\u00ed v Praze 14. Velmi cenn\u00fdmi budou v\u00fdstupy z\u00a0jedn\u00e1n\u00ed s pedagogickou ve\u0159ejnost\u00ed, rodi\u010dovskou ve\u0159ejnost\u00ed, z\u0159izovateli \u0161kol a ostatn\u00edmi akt\u00e9ry ve vzd\u011bl\u00e1v\u00e1n\u00ed. MAP bude slou\u017eit tak\u00e9 jako podklad pro zam\u011b\u0159en\u00ed podpory z\u00a0Opera\u010dn\u00edch program\u016f V\u00fdzkum, v\u00fdvoj, vzd\u011bl\u00e1v\u00e1n\u00ed a Praha \u2013 p\u00f3l r\u016fstu, kdy jde o nutnou p\u0159\u00edlohu \u017e\u00e1dosti o podporu investi\u010dn\u00edch projekt\u016f.<\/p>\n<p><span style=\"text-decoration: underline;\">Dokumenty a dal\u0161\u00ed informace t\u00fdkaj\u00edc\u00ed se projektu<\/span><\/p>\n<p>A) Z\u00e1pisy z jedn\u00e1n\u00ed \u0158\u00edd\u00edc\u00edho v\u00fdboru:<\/p>\n<ul>\n<li><a href=\"https:\/\/www.praha14.cz\/app\/uploads\/sites\/3\/2014\/04\/Z\u00e1pis_z_1_zasedani_RV_MAP.pdf\" target=\"_blank\" rel=\"noopener noreferrer\">Z\u00e1pis \u010d. 1<\/a><\/li>\n<li><a href=\"https:\/\/www.praha14.cz\/app\/uploads\/sites\/3\/2014\/04\/Z\u00e1pis-z-\u0159\u00edd\u00edc\u00edho-v\u00fdboru-2.pdf\" target=\"_blank\" rel=\"noopener noreferrer\">Z\u00e1pis \u010d. 2<\/a><\/li>\n<li><a href=\"https:\/\/www.praha14.cz\/app\/uploads\/sites\/3\/2014\/04\/z\u00e1pis-3-fin\u00e1l-verze.pdf\" target=\"_blank\" rel=\"noopener noreferrer\">Z\u00e1pis \u010d. 3<\/a><\/li>\n<\/ul>\n<p>B) <a href=\"https:\/\/www.praha14.cz\/app\/uploads\/sites\/3\/2014\/04\/STRATEGICK\u00dd-R\u00c1MEC-MAP-PRAHA14.pdf\" target=\"_blank\" rel=\"noopener noreferrer\">Strategick\u00fd r\u00e1mec MAP Praha 14<\/a><\/p>\n<p><a href=\"https:\/\/www.praha14.cz\/app\/uploads\/sites\/3\/2014\/04\/Strategicky_ramec_MAP_Praha_14_Investicni_priority_2018-03-23.pdf\" target=\"_blank\" rel=\"noopener noreferrer\">P\u0159ehled investi\u010dn\u00edch pot\u0159eb<\/a><\/p>\n<p>C) Ostatn\u00ed dokumenty:<\/p>\n<ul>\n<li><a href=\"https:\/\/www.praha14.cz\/app\/uploads\/sites\/3\/2014\/04\/VS-Demografick\u00e1-studie-SO-Praha-14-final_2017-06-21.pdf\" target=\"_blank\" rel=\"noopener noreferrer\">Demografick\u00e1 studie M\u010c Praha 14<\/a><\/li>\n<\/ul>\n<p>D) M\u00edstn\u00ed ak\u010dn\u00ed pl\u00e1n vzd\u011bl\u00e1v\u00e1n\u00ed Praha 14<\/p>\n<ul>\n<li><a href=\"https:\/\/www.praha14.cz\/app\/uploads\/sites\/3\/2014\/04\/p-MAP-Praha-14.pdf\" target=\"_blank\" rel=\"noopener noreferrer\">MAP Praha 14<\/a><\/li>\n<li><a href=\"https:\/\/www.praha14.cz\/app\/uploads\/sites\/3\/2014\/04\/Priloha_1_Strategicky_ramec_a_prehled_inv_potreb.compressed.pdf\" target=\"_blank\" rel=\"noopener noreferrer\">P\u0159\u00edloha \u010d. 1 &#8211; Strategick\u00fd r\u00e1mec<\/a><\/li>\n<li><a href=\"https:\/\/www.praha14.cz\/app\/uploads\/sites\/3\/2014\/04\/Priloha_2_Demograficka_studie.pdf\" target=\"_blank\" rel=\"noopener noreferrer\">P\u0159\u00edloha \u010d. 2 &#8211; Demografick\u00e1 studie<\/a><\/li>\n<\/ul>\n<p>&nbsp;<\/p>\n<p><img loading=\"lazy\" decoding=\"async\" class=\"alignnone wp-image-40616\" src=\"https:\/\/www.praha14.cz\/app\/uploads\/sites\/3\/2014\/04\/logo-map-370x46.jpg\" alt=\"\" width=\"426\" height=\"53\" srcset=\"https:\/\/www.praha14.cz\/app\/uploads\/sites\/3\/2014\/04\/logo-map-370x46.jpg 370w, https:\/\/www.praha14.cz\/app\/uploads\/sites\/3\/2014\/04\/logo-map-768x95.jpg 768w, https:\/\/www.praha14.cz\/app\/uploads\/sites\/3\/2014\/04\/logo-map-1024x127.jpg 1024w, https:\/\/www.praha14.cz\/app\/uploads\/sites\/3\/2014\/04\/logo-map.jpg 1404w\" sizes=\"(max-width: 426px) 100vw, 426px\" \/><\/p>\n<p>&nbsp;<\/p>\n<p><strong>M\u00edstn\u00ed ak\u010dn\u00ed pl\u00e1n Praha 14 II.<\/strong><br \/>\n(Registra\u010dn\u00ed \u010d\u00edslo CZ.02.3.68\/0.0\/0.0\/17_047\/0008524)<\/p>\n<p>Z\u00e1kladn\u00edm c\u00edlem projektu je pokra\u010dov\u00e1n\u00ed v rozvoji kvalitn\u00edho inkluzivn\u00edho vzd\u011bl\u00e1v\u00e1n\u00ed d\u011bt\u00ed a \u017e\u00e1k\u016f do 15 let na spr\u00e1vn\u00edm \u00fazem\u00ed m\u011bstsk\u00e9 \u010d\u00e1sti Praha 14 zahrnuj\u00edc\u00ed v\u010dasnou p\u00e9\u010di, p\u0159ed\u0161koln\u00ed a z\u00e1kladn\u00ed vzd\u011bl\u00e1v\u00e1n\u00ed, z\u00e1jmov\u00e9 a neform\u00e1ln\u00ed vzd\u011bl\u00e1v\u00e1n\u00ed ve shod\u011b se v\u0161emi m\u00edstn\u00edmi kl\u00ed\u010dov\u00fdmi akt\u00e9ry a vytvo\u0159it tak MAP Praha 14 II. Za t\u00edmto \u00fa\u010delem budou vedle procesu m\u00edstn\u00edho ak\u010dn\u00edho pl\u00e1nov\u00e1n\u00ed tak\u00e9 realizov\u00e1ny opat\u0159en\u00ed schv\u00e1len\u00e9ho MAP Praha 14. Projekt bude realizov\u00e1n v\u00a0letech 2018 \u2013 2020.<\/p>\n<p><span style=\"text-decoration: underline;\">Dokumenty a dal\u0161\u00ed informace t\u00fdkaj\u00edc\u00ed se projektu<\/span>:<\/p>\n<p>A) <a href=\"https:\/\/www.praha14.cz\/samosprava\/dokumenty-k-projektu-mistni-akcni-plan-praha-14-ii\/\">OZN\u00c1MEN\u00cd<\/a>\u00a0a <a href=\"https:\/\/www.praha14.cz\/samosprava\/dokumenty-k-projektu-mistni-akcni-plan-praha-14-ii\/#zapisy\">Z\u00c1PISY<\/a><\/p>\n<p>B) <a href=\"https:\/\/www.praha14.cz\/samosprava\/mistni-akcni-plan-praha-14\/\" target=\"_blank\" rel=\"noopener noreferrer\">M\u00cdSTN\u00cd AK\u010cN\u00cd PL\u00c1N PRAHA 14\u00a0<\/a><\/p>\n<p>C) <a href=\"https:\/\/www.praha14.cz\/app\/uploads\/sites\/3\/2014\/04\/Akcni-plan-MAP-SO-Praha-14_2017-2019.pdf\" target=\"_blank\" rel=\"noopener noreferrer\">AK\u010cN\u00cd PL\u00c1N 9\/2017 \u2013 2\/2019<\/a>, <a href=\"https:\/\/www.praha14.cz\/app\/uploads\/sites\/3\/2014\/04\/Priloha_2_Ak\u010dn\u00ed-pl\u00e1n-pro-obdob\u00ed-3_2019-\u2013-8_2020.pdf\" target=\"_blank\" rel=\"noopener noreferrer\">AK\u010cN\u00cd PL\u00c1N 3\/2019 &#8211; 8\/2020<\/a><\/p>\n<p>&nbsp;<\/p>\n<p><strong>KONTAKTN\u00cd INFORMACE:<\/strong> Ing. Monika \u017dubretovsk\u00e1, projektov\u00e1 mana\u017eerka,\u00a0e-mail: <a href=\"mailto:Monika.Zubretovska@praha14.cz\" target=\"_blank\" rel=\"noopener noreferrer\">Monika.Zubretovska@praha14.cz<\/a><\/p>\n<p>&nbsp;<\/p>\n<p><img loading=\"lazy\" decoding=\"async\" class=\"alignnone wp-image-40616\" src=\"https:\/\/www.praha14.cz\/app\/uploads\/sites\/3\/2014\/04\/logo-map-370x46.jpg\" alt=\"\" width=\"426\" height=\"53\" srcset=\"https:\/\/www.praha14.cz\/app\/uploads\/sites\/3\/2014\/04\/logo-map-370x46.jpg 370w, https:\/\/www.praha14.cz\/app\/uploads\/sites\/3\/2014\/04\/logo-map-768x95.jpg 768w, https:\/\/www.praha14.cz\/app\/uploads\/sites\/3\/2014\/04\/logo-map-1024x127.jpg 1024w, https:\/\/www.praha14.cz\/app\/uploads\/sites\/3\/2014\/04\/logo-map.jpg 1404w\" sizes=\"(max-width: 426px) 100vw, 426px\" \/><\/p>\n<p>&nbsp;<\/p>\n<p><strong>Komunitn\u00ed centrum Karda\u0161ovsk\u00e1<\/strong><br \/>\n(registra\u010dn\u00ed \u010d\u00edslo: CZ.07.3.56\/0.0\/0.0\/16_030\/0000238)<\/p>\n<p>P\u0159edm\u011btem projektu je rekonstrukce \u010d\u00e1sti objektu panelov\u00e9ho domu \u010d.p. 626 na ulici Karda\u0161ovsk\u00e1. Rekonstrukce je zam\u011b\u0159ena na zm\u011bnu dispozi\u010dn\u00edho \u0159e\u0161en\u00ed vnit\u0159n\u00edch prostor. \u00a0Rekonstruovan\u00e9 prostory budou vyu\u017e\u00edv\u00e1ny jako komunitn\u00ed centrum, kter\u00e9 bude poskytovat aktivity zam\u011b\u0159en\u00e9 na posilov\u00e1n\u00ed m\u00edstn\u00ed soci\u00e1ln\u00ed soudr\u017enosti a soci\u00e1ln\u00edho za\u010dle\u0148ov\u00e1n\u00ed. Prostory komunitn\u00edho centra zahrnuj\u00ed vstup, recepci s\u00a0kuchy\u0148kou, \u0161atny, multifunk\u010dn\u00ed s\u00e1l v\u010detn\u011b z\u00e1zem\u00ed, PC u\u010debnu, u\u010debnu\/klubovnu, toalety, technick\u00e9 z\u00e1zem\u00ed, kancel\u00e1\u0159 pro person\u00e1l.<\/p>\n<p><img loading=\"lazy\" decoding=\"async\" class=\"alignnone wp-image-41005 size-medium\" src=\"https:\/\/www.praha14.cz\/app\/uploads\/sites\/3\/2014\/04\/logolink-OP-PPR-1-370x59.jpg\" alt=\"\" width=\"370\" height=\"59\" srcset=\"https:\/\/www.praha14.cz\/app\/uploads\/sites\/3\/2014\/04\/logolink-OP-PPR-1-370x59.jpg 370w, https:\/\/www.praha14.cz\/app\/uploads\/sites\/3\/2014\/04\/logolink-OP-PPR-1-768x123.jpg 768w, https:\/\/www.praha14.cz\/app\/uploads\/sites\/3\/2014\/04\/logolink-OP-PPR-1-1024x164.jpg 1024w, https:\/\/www.praha14.cz\/app\/uploads\/sites\/3\/2014\/04\/logolink-OP-PPR-1.jpg 1162w\" sizes=\"(max-width: 370px) 100vw, 370px\" \/><\/p>\n<p>&nbsp;<\/p>\n<p><strong>Komunitn\u00ed centrum Karda\u0161ovsk\u00e1 II<br \/>\n<\/strong>(registra\u010dn\u00ed \u010d\u00edslo: CZ.07.3.63\/0.0\/0.0\/17_051\/0000699)<\/p>\n<p>Datum zah\u00e1jen\u00ed projektu: 1. 1. 2019<br \/>\nDatum ukon\u010den\u00ed projektu: 28. 2. 2021<\/p>\n<p>Hlavn\u00edm c\u00edlem projektu je provoz komunitn\u00edho centra v ulici Karda\u0161ovsk\u00e1 na s\u00eddli\u0161ti Lehovec v\u00a0m\u011bstsk\u00e9 \u010d\u00e1sti Praha 14. Komunitn\u00ed centrum poskytuje volno\u010dasov\u00e9, v\u00fdchovn\u011b vzd\u011bl\u00e1vac\u00ed i odborn\u00e9 aktivity a slu\u017eby m\u00edstn\u00edm obyvatel\u016fm (a nejen jim) a roz\u0161i\u0159uje tak mo\u017enosti napl\u0148ov\u00e1n\u00ed komunitn\u00edho \u017eivota v\u00a0dal\u0161\u00ed lokalit\u011b M\u010c Praha 14. Aktivity komunitn\u00edho centra jsou ur\u010deny p\u0159edev\u0161\u00edm ohro\u017een\u00fdm c\u00edlov\u00fdm skupin\u00e1m, jako jsou senio\u0159i, d\u011bti a ml\u00e1de\u017e v\u00a0nep\u0159\u00edzniv\u00e9 soci\u00e1ln\u00ed situaci, p\u0159\u00edslu\u0161n\u00edci etnick\u00fdch men\u0161in \u010di rodiny v\u00a0nep\u0159\u00edzniv\u00e9 soci\u00e1ln\u00ed situaci. Nicm\u00e9n\u011b aktivity jsou p\u0159\u00edstupn\u00e9 v\u0161em n\u00e1v\u0161t\u011bvn\u00edk\u016fm, podporujeme tak sbli\u017eov\u00e1n\u00ed osob v\u00a0nep\u0159\u00edzniv\u00e9 \u017eivotn\u00ed situaci s\u00a0v\u011bt\u0161inovou spole\u010dnost\u00ed.<\/p>\n<p>Komunitn\u00ed centrum nab\u00edz\u00ed \u0161irokou paletu aktivit. Pro seniory jsou k\u00a0dispozici vzd\u011bl\u00e1vac\u00ed kurzy (pr\u00e1ce na po\u010d\u00edta\u010di, tr\u00e9nov\u00e1n\u00ed pam\u011bti) \u010di volno\u010dasov\u00e9 aktivity (cvi\u010den\u00ed \u2013 kondi\u010dn\u00ed, tai chi, sebeobrana; zp\u00edv\u00e1n\u00ed pro radost, rukod\u011bln\u00fd krou\u017eek). Aktivity pro d\u011bti m\u00e1me rozd\u011bleny zpravidla dle jejich v\u011bku, a to op\u011bt vzd\u011bl\u00e1vac\u00ed (dou\u010dov\u00e1n\u00ed, logopedie, p\u0159\u00edprava na \u0161kolu), tak i volno\u010dasov\u00e9 (tanec, zp\u011bv, v\u00fdtvarn\u00e9 aktivity). Rodi\u010de, resp. dosp\u011bl\u00ed mohou nav\u0161t\u011bvovat nap\u0159. hoop dance, kurzy \u010desk\u00e9ho jazyka pro cizince nebo vzd\u011bl\u00e1vac\u00ed semin\u00e1\u0159e (zdrav\u00ed \u017eivotn\u00ed styl, ochrana p\u0159\u00edrody). V\u0161ichni si pak p\u0159ijdou na sv\u00e9 nap\u0159. p\u0159i cestopisn\u00fdch besed\u00e1ch spojen\u00fdch s\u00a0komunitn\u00edm va\u0159en\u00edm, obl\u00edben\u00fdch sobotn\u00edch kreativn\u00edch d\u00edln\u00e1ch, workshopech v\u00a0komunitn\u00ed zahr\u00e1dce \u010di divadeln\u00edch p\u0159edstaven\u00edch. A v\u00a0neposledn\u00ed \u0159ad\u011b je pro klienty k\u00a0dispozici pr\u00e1vn\u00ed a odborn\u00e9 poradenstv\u00ed (finance, zam\u011bstn\u00e1n\u00ed, bydlen\u00ed, atp.).<\/p>\n<p>V\u00edce informac\u00ed naleznete na str\u00e1nce v\u011bnovan\u00e9 <a href=\"https:\/\/www.praha14.cz\/zivot-na-praze-14\/komunitni-centrum-kardasovska\/\" target=\"_blank\" rel=\"noopener noreferrer\">aktivit\u00e1m Komunitn\u00edho centra Karda\u0161ovsk\u00e1<\/a>.<\/p>\n<p><img loading=\"lazy\" decoding=\"async\" class=\"alignnone wp-image-42337\" src=\"https:\/\/www.praha14.cz\/app\/uploads\/sites\/3\/2014\/04\/eu-370x59.jpg\" alt=\"\" width=\"389\" height=\"62\" srcset=\"https:\/\/www.praha14.cz\/app\/uploads\/sites\/3\/2014\/04\/eu-370x59.jpg 370w, https:\/\/www.praha14.cz\/app\/uploads\/sites\/3\/2014\/04\/eu-768x123.jpg 768w, https:\/\/www.praha14.cz\/app\/uploads\/sites\/3\/2014\/04\/eu-1024x164.jpg 1024w, https:\/\/www.praha14.cz\/app\/uploads\/sites\/3\/2014\/04\/eu.jpg 1162w\" sizes=\"(max-width: 389px) 100vw, 389px\" \/>\u00a0\u00a0 <img loading=\"lazy\" decoding=\"async\" class=\"alignnone wp-image-42338\" src=\"https:\/\/www.praha14.cz\/app\/uploads\/sites\/3\/2014\/04\/k-370x102.jpg\" alt=\"\" width=\"222\" height=\"61\" srcset=\"https:\/\/www.praha14.cz\/app\/uploads\/sites\/3\/2014\/04\/k-370x102.jpg 370w, https:\/\/www.praha14.cz\/app\/uploads\/sites\/3\/2014\/04\/k.jpg 751w\" sizes=\"(max-width: 222px) 100vw, 222px\" \/><\/p>\n<p>&nbsp;<\/p>\n<p><strong>Komunitn\u00ed centrum Karda\u0161ovsk\u00e1 III<br \/>\n<\/strong>(registra\u010dn\u00ed \u010d\u00edslo: CZ.07.3.63\/0.0\/0.0\/20_077\/0001803)<\/p>\n<p>Doba trv\u00e1n\u00ed projektu: 1. 3. 2021 \u2013 28. 2. 2023<\/p>\n<p>Projekt se zam\u011b\u0159uje na rozvoj a udr\u017een\u00ed Komunitn\u00edho centra Karda\u0161ovsk\u00e1, s c\u00edlem integrace osob soci\u00e1ln\u011b vylou\u010den\u00fdch a soci\u00e1ln\u00edm vylou\u010den\u00edm ohro\u017een\u00fdch mezi obyvatele m\u00edstn\u00ed komunity. Posl\u00e1n\u00edm projektu je podpo\u0159it osoby z c\u00edlov\u00e9 skupiny ve vyv\u00edjen\u00ed aktivit komunitn\u00edho, spole\u010densk\u00e9ho, rozvojov\u00e9ho, volno\u010dasov\u00e9ho i informa\u010dn\u00edho charakteru, kter\u00e9 maj\u00ed vliv na odbour\u00e1v\u00e1n\u00ed soci\u00e1ln\u00ed separace a buduj\u00ed pozitivn\u00ed atmosf\u00e9ru mezi obyvateli.<\/p>\n<p>V\u00edce informac\u00ed naleznete na str\u00e1nce v\u011bnovan\u00e9 <a href=\"https:\/\/www.praha14.cz\/zivot-na-praze-14\/komunitni-centrum-kardasovska\/\" target=\"_blank\" rel=\"noopener noreferrer\">aktivit\u00e1m Komunitn\u00edho centra Karda\u0161ovsk\u00e1<\/a>.<\/p>\n<p><img loading=\"lazy\" decoding=\"async\" class=\"alignnone wp-image-42337\" src=\"https:\/\/www.praha14.cz\/app\/uploads\/sites\/3\/2014\/04\/eu-370x59.jpg\" alt=\"\" width=\"389\" height=\"62\" srcset=\"https:\/\/www.praha14.cz\/app\/uploads\/sites\/3\/2014\/04\/eu-370x59.jpg 370w, https:\/\/www.praha14.cz\/app\/uploads\/sites\/3\/2014\/04\/eu-768x123.jpg 768w, https:\/\/www.praha14.cz\/app\/uploads\/sites\/3\/2014\/04\/eu-1024x164.jpg 1024w, https:\/\/www.praha14.cz\/app\/uploads\/sites\/3\/2014\/04\/eu.jpg 1162w\" sizes=\"(max-width: 389px) 100vw, 389px\" \/>\u00a0 \u00a0 <img loading=\"lazy\" decoding=\"async\" class=\"alignnone wp-image-42338\" src=\"https:\/\/www.praha14.cz\/app\/uploads\/sites\/3\/2014\/04\/k-370x102.jpg\" alt=\"\" width=\"222\" height=\"61\" srcset=\"https:\/\/www.praha14.cz\/app\/uploads\/sites\/3\/2014\/04\/k-370x102.jpg 370w, https:\/\/www.praha14.cz\/app\/uploads\/sites\/3\/2014\/04\/k.jpg 751w\" sizes=\"(max-width: 222px) 100vw, 222px\" \/><\/p>\n<p>&nbsp;<\/p>\n<p><strong>Modernizace za\u0159\u00edzen\u00ed a vybaven\u00ed \u0161kol P14 &#8211; polytechnick\u00e9 venkovn\u00ed u\u010debny v zahrad\u00e1ch I.<br \/>\n<\/strong>(reg. \u010d. CZ.07.4.67\/0.0\/0.0\/16_036\/0000537)<\/p>\n<p>Projekt \u0159e\u0161\u00ed nedosta\u010duj\u00edc\u00ed infrastrukturu pro polytechnickou v\u00fdchovu jako sou\u010d\u00e1st vzd\u011bl\u00e1v\u00e1n\u00ed pro \u017e\u00e1ky p\u0159ed\u0161koln\u00edho a \u0161koln\u00edho v\u011bku v lokalit\u011b M\u010c Praha 14. P\u0159edm\u011bt navr\u017een\u00fdch \u00faprav okol\u00ed \u0161kol je zalo\u017een p\u0159edev\u0161\u00edm na um\u00edst\u011bn\u00ed polytechnick\u00fdch prvk\u016f do zahrad \u0161kol tak, aby do\u0161lo k systematick\u00e9mu dopln\u011bn\u00ed hern\u00edch prvk\u016f st\u00e1vaj\u00edc\u00edch, s d\u016frazem na rozv\u00edjen\u00ed osobnosti d\u00edt\u011bte v edukativn\u00edm a polytechnick\u00e9m sm\u011bru. Realizac\u00ed projektu dojde k\u00a0vybudov\u00e1n\u00ed 4 polytechnick\u00fdch zahrad v\u00a0M\u0160 Zelene\u010dsk\u00e1, M\u0160 Kostliv\u00e9ho, M\u0160 \u0160tolm\u00ed\u0159sk\u00e1 a Z\u0160 Zelene\u010dsk\u00e1.<\/p>\n<p>D\u00edky realizaci projektu budou are\u00e1ly zahrad vybran\u00fdch \u0161kol modernizov\u00e1ny a vybaveny tak, aby v jejich prost\u0159ed\u00ed doch\u00e1zelo k rozvoji polytechnick\u00fdch dovednost\u00ed. Z\u00e1rove\u0148 dojde k \u00faprav\u00e1m venkovn\u00edch prostor\u016f \u0161kol, kter\u00e9 jsou aktu\u00e1ln\u011b v nevyhovuj\u00edc\u00edm stavu.<\/p>\n<p>Prvky polytechnick\u00e9 v\u00fdchovy jsou v r\u00e1mci vybran\u00fdch \u0161kol za\u0159azov\u00e1ny v sou\u010dasn\u00e9 dob\u011b pouze do n\u011bkter\u00fdch p\u0159edm\u011bt\u016f \u010di p\u0159\u00edpadn\u011b do r\u016fzn\u00fdch \u0161koln\u00edch projekt\u016f.<\/p>\n<p>Prost\u0159ednictv\u00edm nov\u00fdch edukativn\u00edch venkovn\u00edch prostor\u016f bude doch\u00e1zet k rozvoji dovednost\u00ed a schopnost\u00ed \u017e\u00e1k\u016f se zam\u011b\u0159en\u00edm na polytechnickou v\u00fdchovu. Prostory budou uzp\u016fsobeny c\u00edlov\u00e9 v\u011bkov\u00e9 skupin\u011b (p\u0159ed\u0161koln\u00ed a \u0161koln\u00ed v\u011bk) s ohledem na atraktivnost, bezpe\u010dnost a bezbari\u00e9rovost.<\/p>\n<p>&nbsp;<\/p>\n<p><img loading=\"lazy\" decoding=\"async\" class=\"alignnone wp-image-41005 size-medium\" src=\"https:\/\/www.praha14.cz\/app\/uploads\/sites\/3\/2014\/04\/logolink-OP-PPR-1-370x59.jpg\" alt=\"\" width=\"370\" height=\"59\" srcset=\"https:\/\/www.praha14.cz\/app\/uploads\/sites\/3\/2014\/04\/logolink-OP-PPR-1-370x59.jpg 370w, https:\/\/www.praha14.cz\/app\/uploads\/sites\/3\/2014\/04\/logolink-OP-PPR-1-768x123.jpg 768w, https:\/\/www.praha14.cz\/app\/uploads\/sites\/3\/2014\/04\/logolink-OP-PPR-1-1024x164.jpg 1024w, https:\/\/www.praha14.cz\/app\/uploads\/sites\/3\/2014\/04\/logolink-OP-PPR-1.jpg 1162w\" sizes=\"(max-width: 370px) 100vw, 370px\" \/><\/p>\n<p>&nbsp;<\/p>\n<p><strong>Modernizace za\u0159\u00edzen\u00ed a vybaven\u00ed \u0161kol P14 &#8211; polytechnick\u00e9 venkovn\u00ed u\u010debny v zahrad\u00e1ch II.<br \/>\n<\/strong>(reg. \u010d. CZ.07.4.67\/0.0\/0.0\/16_036\/0000539)<\/p>\n<p>Projekt \u0159e\u0161\u00ed nedosta\u010duj\u00edc\u00ed infrastrukturu pro polytechnickou v\u00fdchovu jako sou\u010d\u00e1st vzd\u011bl\u00e1v\u00e1n\u00ed pro \u017e\u00e1ky p\u0159ed\u0161koln\u00edho v\u011bku v lokalit\u011b M\u010c Praha 14. P\u0159edm\u011bt navr\u017een\u00fdch \u00faprav okol\u00ed \u0161kol je zalo\u017een p\u0159edev\u0161\u00edm na um\u00edst\u011bn\u00ed polytechnick\u00fdch prvk\u016f do zahrad \u0161kol tak, aby do\u0161lo k systematick\u00e9mu dopln\u011bn\u00ed hern\u00edch prvk\u016f st\u00e1vaj\u00edc\u00edch, s d\u016frazem na rozv\u00edjen\u00ed osobnosti d\u00edt\u011bte v edukativn\u00edm a polytechnick\u00e9m sm\u011bru. Realizac\u00ed projektu dojde k\u00a0vybudov\u00e1n\u00ed 3 polytechnick\u00fdch zahrad v\u00a0M\u0160 Vyb\u00edralova, M\u0160 \u0160ebelova, M\u0160 Gener\u00e1la Janou\u0161ka.<\/p>\n<p>D\u00edky realizaci projektu budou are\u00e1ly zahrad vybran\u00fdch \u0161kol modernizov\u00e1ny a vybaveny tak, aby v jejich prost\u0159ed\u00ed doch\u00e1zelo k rozvoji polytechnick\u00fdch dovednost\u00ed. Z\u00e1rove\u0148 dojde k \u00faprav\u00e1m venkovn\u00edch prostor\u016f \u0161kol, kter\u00e9 jsou aktu\u00e1ln\u011b v nevyhovuj\u00edc\u00edm stavu.<\/p>\n<p>Prvky polytechnick\u00e9 v\u00fdchovy jsou v r\u00e1mci vybran\u00fdch \u0161kol za\u0159azov\u00e1ny v sou\u010dasn\u00e9 dob\u011b pouze do n\u011bkter\u00fdch p\u0159edm\u011bt\u016f \u010di p\u0159\u00edpadn\u011b do r\u016fzn\u00fdch \u0161koln\u00edch projekt\u016f.<\/p>\n<p>Prost\u0159ednictv\u00edm nov\u00fdch edukativn\u00edch venkovn\u00edch prostor\u016f bude doch\u00e1zet k rozvoji dovednost\u00ed a schopnost\u00ed \u017e\u00e1k\u016f se zam\u011b\u0159en\u00edm na polytechnickou v\u00fdchovu. Prostory budou uzp\u016fsobeny c\u00edlov\u00e9 v\u011bkov\u00e9 skupin\u011b (p\u0159ed\u0161koln\u00ed v\u011bk) s ohledem na atraktivnost, bezpe\u010dnost a bezbari\u00e9rovost.<\/p>\n<p>&nbsp;<\/p>\n<p><img loading=\"lazy\" decoding=\"async\" class=\"alignnone wp-image-41005 size-medium\" src=\"https:\/\/www.praha14.cz\/app\/uploads\/sites\/3\/2014\/04\/logolink-OP-PPR-1-370x59.jpg\" alt=\"\" width=\"370\" height=\"59\" srcset=\"https:\/\/www.praha14.cz\/app\/uploads\/sites\/3\/2014\/04\/logolink-OP-PPR-1-370x59.jpg 370w, https:\/\/www.praha14.cz\/app\/uploads\/sites\/3\/2014\/04\/logolink-OP-PPR-1-768x123.jpg 768w, https:\/\/www.praha14.cz\/app\/uploads\/sites\/3\/2014\/04\/logolink-OP-PPR-1-1024x164.jpg 1024w, https:\/\/www.praha14.cz\/app\/uploads\/sites\/3\/2014\/04\/logolink-OP-PPR-1.jpg 1162w\" sizes=\"(max-width: 370px) 100vw, 370px\" \/><\/p>\n<p>&nbsp;<\/p>\n<p><strong>Znalostn\u00ed centrum M\u010c Praha 14 s inteligentn\u00ed mobiln\u00ed aplikac\u00ed<br \/>\n<\/strong>Registra\u010dn\u00ed \u010d\u00edslo: CZ.07.1.02\/0.0\/0.0\/17_046\/0000947<\/p>\n<p>Datum zah\u00e1jen\u00ed projektu: 1. 1. 2019 Datum ukon\u010den\u00ed projektu: 30. 9. 2020<\/p>\n<p>M\u010c Praha 14 \u00fasp\u011b\u0161n\u011b pokra\u010duje ve vyu\u017e\u00edv\u00e1n\u00ed dota\u010dn\u00edch prost\u0159edk\u016f z\u00a0Opera\u010dn\u00edho programu Praha \u2013 p\u00f3l r\u016fstu \u010cR. Pro zlep\u0161ov\u00e1n\u00ed kvality \u017eivota sv\u00fdch obyvatel i m\u00edstn\u00edch organizac\u00ed tak od ledna 2019 do z\u00e1\u0159\u00ed 2020 realizuje projekt zam\u011b\u0159en\u00fd na rozvoj tzv. inova\u010dn\u00edho partnerstv\u00ed.<\/p>\n<p>V r\u00e1mci tohoto projektu bude M\u010c Praha 14 spolupracovat s vybran\u00fdm ICT pracovi\u0161t\u011bm. Jeho\u017e \u00fakolem bude pod veden\u00edm odborn\u00e9ho t\u00fdmu M\u010c Praha 14 vyvinout unik\u00e1tn\u00ed syst\u00e9m (aplikaci) umo\u017e\u0148uj\u00edc\u00ed efektivn\u00ed sb\u011br, \u0159\u00edzen\u00ed, zpracov\u00e1n\u00ed a vyu\u017eit\u00ed informac\u00ed jednotliv\u00fdm c\u00edlov\u00fdm skupin\u00e1m. Syst\u00e9m tak\u00e9 umo\u017en\u00ed n\u00e1sledn\u00e9 vyhodnocov\u00e1n\u00ed dat pomoc\u00ed business intelligence a p\u0159edpokl\u00e1d\u00e1 tzv. strojov\u00e9 u\u010den\u00ed.<\/p>\n<p>Kvalitn\u00ed sb\u011br, zpracov\u00e1n\u00ed a distribuce u\u017eite\u010dn\u00fdch informac\u00ed z r\u016fzn\u00fdch zdroj\u016f bude v\u00fdchodiskem pro jejich efektivn\u00ed vyu\u017eit\u00ed v pot\u0159ebn\u00e9m \u010dase a m\u00edst\u011b a tedy pro rozvoj komunitn\u00edho \u017eivota v M\u010c Praha 14.<\/p>\n<p>Projekt je realizov\u00e1n ve \u010dty\u0159ech na sebe navazuj\u00edc\u00edch etap\u00e1ch. Prvn\u00ed etapa zahrnuje p\u0159\u00edpravu a realizaci v\u00fdb\u011brov\u00e9ho \u0159\u00edzen\u00ed na dodavatele pot\u0159ebn\u00fdch pr\u00e1vn\u00edch slu\u017eeb. V n\u00e1sleduj\u00edc\u00edch dvou etap\u00e1ch se zapoj\u00ed ICT organizace, kter\u00e9 budou vyv\u00edjet n\u00e1vrhy mechanismu p\u0159edm\u011btn\u00e9 technologick\u00e9 a soci\u00e1ln\u00ed inovace. Odborn\u00fd t\u00fdm M\u010c Praha 14 bude v\u00fdstupy pr\u016fb\u011b\u017en\u011b posuzovat dle p\u0159edem definovan\u00fdch kvalitativn\u00edch krit\u00e9ri\u00ed. Kone\u010dn\u00fdm v\u00fdstupem bude jedine\u010dn\u00fd n\u00e1stroj, jeho\u017e vyu\u017eit\u00ed nem\u00e1 ve ve\u0159ejn\u00e9 spr\u00e1v\u011b v \u010cesk\u00e9 republice zat\u00edm obdoby.<\/p>\n<p>M\u010c Praha 14 se tak d\u00edky tomuto projektu v \u010cesk\u00e9 republice za\u0159ad\u00ed mezi pr\u016fkopn\u00edky v oblasti inovace ve\u0159ejn\u00e9 spr\u00e1vy, propojov\u00e1n\u00ed ve\u0159ejn\u00e9 spr\u00e1vy s v\u011bdeckov\u00fdzkumn\u00fdm sektorem a vyu\u017e\u00edv\u00e1n\u00ed modern\u00edch technologi\u00ed a informa\u010dn\u00edch datab\u00e1z\u00ed v samospr\u00e1v\u011b.<\/p>\n<p><img loading=\"lazy\" decoding=\"async\" class=\"alignnone wp-image-41005 size-medium\" src=\"https:\/\/www.praha14.cz\/app\/uploads\/sites\/3\/2014\/04\/logolink-OP-PPR-1-370x59.jpg\" alt=\"\" width=\"370\" height=\"59\" srcset=\"https:\/\/www.praha14.cz\/app\/uploads\/sites\/3\/2014\/04\/logolink-OP-PPR-1-370x59.jpg 370w, https:\/\/www.praha14.cz\/app\/uploads\/sites\/3\/2014\/04\/logolink-OP-PPR-1-768x123.jpg 768w, https:\/\/www.praha14.cz\/app\/uploads\/sites\/3\/2014\/04\/logolink-OP-PPR-1-1024x164.jpg 1024w, https:\/\/www.praha14.cz\/app\/uploads\/sites\/3\/2014\/04\/logolink-OP-PPR-1.jpg 1162w\" sizes=\"(max-width: 370px) 100vw, 370px\" \/><\/p>\n<p>&nbsp;<\/p>\n<p><strong>Modernizace za\u0159\u00edzen\u00ed a vybaven\u00ed \u0161kol P14 \u2013 polytechnick\u00e9 u\u010debny a v\u00fdtah<\/strong><br \/>\nRegistra\u010dn\u00ed \u010d\u00edslo CZ.07.4.67\/0.0\/0.0\/17_054\/0001049<\/p>\n<p>Projekt se zam\u011b\u0159uje na modernizaci za\u0159\u00edzen\u00ed a vybaven\u00ed pra\u017esk\u00fdch \u0161kol v podob\u011b investice do infrastruktury a za\u0159\u00edzen\u00ed pro vzd\u011bl\u00e1v\u00e1n\u00ed a jeho zkvalitn\u011bn\u00ed na \u00fazem\u00ed M\u010c Prahy 14. Modernizace za\u0159\u00edzen\u00ed a po\u0159\u00edzen\u00ed nov\u00e9ho vybaven\u00ed bude zam\u011b\u0159eno na rozvoj polytechnick\u00fdch dovednost\u00ed \u017e\u00e1k\u016f a zaji\u0161t\u011bn\u00ed bezbari\u00e9rovosti p\u0159\u00edstupu d\u011bt\u00ed. Pl\u00e1novan\u00fd projekt umo\u017en\u00ed vybudovat 4 nov\u00e9 venkovn\u00ed prostory se zam\u011b\u0159en\u00edm na polytechnickou v\u00fdchovu v\u00a0M\u0160 Lehovec, M\u0160 Sadsk\u00e1, M\u0160 Vyb\u00edralova a M\u0160 Kor\u00e1lek.<\/p>\n<p>Prost\u0159ednictv\u00edm nov\u00fdch edukativn\u00edch venkovn\u00edch prostor\u016f bude doch\u00e1zet k rozvoji dovednost\u00ed a schopnost\u00ed \u017e\u00e1k\u016f se zam\u011b\u0159en\u00edm na polytechnickou v\u00fdchovu. Prostory budou uzp\u016fsobeny c\u00edlov\u00e9 v\u011bkov\u00e9 skupin\u011b (p\u0159ed\u0161koln\u00ed v\u011bk) s ohledem na atraktivnost, bezpe\u010dnost a bezbari\u00e9rovost.<\/p>\n<p>Sou\u010d\u00e1st\u00ed projektu je i v\u00fdstavba v\u00fdtahu v\u00a0M\u0160 Jahoda, za \u00fa\u010delem modernizace a zhodnocen\u00ed budovy a zaji\u0161t\u011bn\u00ed bezbari\u00e9rov\u00e9ho p\u0159\u00edstupu pro v\u0161echny u\u017eivatele budovy, p\u0159edev\u0161\u00edm pro d\u011bti, rodi\u010de a pracovn\u00edky M\u0160.<\/p>\n<p><img loading=\"lazy\" decoding=\"async\" class=\"alignnone wp-image-41005 size-medium\" src=\"https:\/\/www.praha14.cz\/app\/uploads\/sites\/3\/2014\/04\/logolink-OP-PPR-1-370x59.jpg\" alt=\"\" width=\"370\" height=\"59\" srcset=\"https:\/\/www.praha14.cz\/app\/uploads\/sites\/3\/2014\/04\/logolink-OP-PPR-1-370x59.jpg 370w, https:\/\/www.praha14.cz\/app\/uploads\/sites\/3\/2014\/04\/logolink-OP-PPR-1-768x123.jpg 768w, https:\/\/www.praha14.cz\/app\/uploads\/sites\/3\/2014\/04\/logolink-OP-PPR-1-1024x164.jpg 1024w, https:\/\/www.praha14.cz\/app\/uploads\/sites\/3\/2014\/04\/logolink-OP-PPR-1.jpg 1162w\" sizes=\"(max-width: 370px) 100vw, 370px\" \/><\/p>\n<p>&nbsp;<\/p>\n<p><strong>N\u00edzkoprahov\u00e9 centrum JAHODA v Praze 14<br \/>\n<\/strong>Registra\u010dn\u00ed \u010d\u00edslo: CZ.07.3.56\/0.0\/0.0\/17_052\/0000922<\/p>\n<p>Datum zah\u00e1jen\u00ed projektu: 1. 3. 2019<br \/>\nDatum ukon\u010den\u00ed projektu: 31. 10. 2019<\/p>\n<p>P\u0159edm\u011btem projektu je modernizace objektu na adrese Vyb\u00edralova 969, Praha 14 &#8211; \u010cern\u00fd Most, kde jsou dlouhodob\u011b poskytov\u00e1ny mj. soci\u00e1ln\u00ed slu\u017eby n\u00edzkoprahov\u00e9 za\u0159\u00edzen\u00ed pro d\u011bti a ml\u00e1de\u017e a ter\u00e9nn\u00ed program. C\u00edlovou skupinou projektu jsou p\u0159edev\u0161\u00edm d\u011bt\u00ed a ml\u00e1de\u017e z rodin v nep\u0159\u00edzniv\u00e9 soci\u00e1ln\u00ed situaci \u017eij\u00edc\u00ed v Praze 14. Z\u00e1m\u011brem projektu je rozvoj zaveden\u00fdch soci\u00e1ln\u00edch slu\u017eeb ve smyslu zlep\u0161en\u00ed \u00fa\u010delnosti a atraktivity z\u00e1zem\u00ed pro zv\u00fd\u0161en\u00ed motivace u\u017eivatel\u016f k vyhled\u00e1n\u00ed a setrv\u00e1n\u00ed ve slu\u017eb\u011b. Podpora poskytovan\u00e1 v r\u00e1mci p\u0159edm\u011btn\u00fdch soci\u00e1ln\u00edch slu\u017eeb p\u0159isp\u00edv\u00e1 k soci\u00e1ln\u00edmu za\u010dle\u0148ov\u00e1n\u00ed c\u00edlov\u00e9 skupiny. Modernizac\u00ed prostor, tj. \u00fapravami objektu, jimi\u017e se ze zastaral\u00e9ho objektu stane objekt spl\u0148uj\u00edc\u00ed sou\u010dasn\u00e9 po\u017eadavky na funkci, vybaven\u00ed, p\u0159\u00edpadn\u011b vzhled, dojde ke zv\u00fd\u0161en\u00ed atraktivity a \u00fa\u010delnosti z\u00e1zem\u00ed poskytovan\u00fdch soci\u00e1ln\u00edch slu\u017eeb. Prov\u00e1d\u011bn\u00e9 \u00fapravy v r\u00e1mci modernizace se dotknou interi\u00e9ru objektu. Kl\u00ed\u010dov\u00fdmi kroky modernizace objektu jsou p\u0159edev\u0161\u00edm: d\u00edl\u010d\u00ed dispozi\u010dn\u00ed \u00fapravy v prostor\u00e1ch soci\u00e1ln\u00edch za\u0159\u00edzen\u00ed pro klienty slu\u017eeb, vybour\u00e1n\u00ed n\u011bkter\u00fdch p\u0159\u00ed\u010dek a dve\u0159\u00ed v dal\u0161\u00edch prostor\u00e1ch n\u00edzkoprahov\u00e9ho centra, v\u00fdm\u011bna instalac\u00ed v\u010detn\u011b nezbytn\u00fdch stavebn\u00edch prac\u00ed, modernizace podlahov\u00fdch krytin, v\u00fdm\u011bna a instalace nov\u00fdch interi\u00e9rov\u00fdch dve\u0159\u00ed v\u010detn\u011b z\u00e1rubn\u00ed, modernizace za\u0159izovac\u00edch p\u0159edm\u011bt\u016f, atp.<\/p>\n<p>&nbsp;<\/p>\n<p><img loading=\"lazy\" decoding=\"async\" class=\"alignnone wp-image-41005 size-medium\" src=\"https:\/\/www.praha14.cz\/app\/uploads\/sites\/3\/2014\/04\/logolink-OP-PPR-1-370x59.jpg\" alt=\"\" width=\"370\" height=\"59\" srcset=\"https:\/\/www.praha14.cz\/app\/uploads\/sites\/3\/2014\/04\/logolink-OP-PPR-1-370x59.jpg 370w, https:\/\/www.praha14.cz\/app\/uploads\/sites\/3\/2014\/04\/logolink-OP-PPR-1-768x123.jpg 768w, https:\/\/www.praha14.cz\/app\/uploads\/sites\/3\/2014\/04\/logolink-OP-PPR-1-1024x164.jpg 1024w, https:\/\/www.praha14.cz\/app\/uploads\/sites\/3\/2014\/04\/logolink-OP-PPR-1.jpg 1162w\" sizes=\"(max-width: 370px) 100vw, 370px\" \/><\/p>\n<p>&nbsp;<\/p>\n<p><strong>Administrativn\u00ed budovy radnice M\u010c Praha 14- pilotn\u00ed projekt energetick\u00fdch \u00faspor<\/strong><br \/>\nRegistra\u010dn\u00ed \u010d\u00edslo: CZ.07.2.11\/0.0\/0.0\/17_047\/0001316<\/p>\n<p>Datum zah\u00e1jen\u00ed projektu: 31. 3. 2020<br \/>\nDatum ukon\u010den\u00ed projektu: 31. 10. 2021<\/p>\n<p>Projekt &#8222;Administrativn\u00ed budovy radnice M\u010c Praha 14- pilotn\u00ed projekt energetick\u00fdch \u00faspor&#8220; spo\u010d\u00edv\u00e1 v dosa\u017een\u00ed energetick\u00fdch \u00faspor prost\u0159ednictv\u00edm revitalizace energeticky n\u00e1ro\u010dn\u00fdch m\u011bstsk\u00fdch budov \u00daM\u010c Praha 14 na energeticky vysoce efektivn\u00ed budovy s vyu\u017eit\u00edm obnoviteln\u00fdch zdroj\u016f energie, integraci inteligentn\u00edch BMS na b\u00e1zi IT \u0159e\u0161en\u00ed a prvk\u016f zelen\u011b s vyu\u017eit\u00edm de\u0161\u0165ov\u00e9 vody. Projekt bude realizov\u00e1n na budov\u00e1ch \u00daM\u010c Praha 14 \u010d. p. 1073\/8 a 1072\/6 v ulici Brat\u0159\u00ed Vencl\u00edk\u016f v m\u011bstsk\u00e9 \u010d\u00e1sti Praha 9.<\/p>\n<p>Realizac\u00ed projektu dojde ke sn\u00ed\u017een\u00ed energetick\u00e9 n\u00e1ro\u010dnosti v m\u011bstsk\u00fdch objektech prost\u0159ednictv\u00edm revitalizace energeticky n\u00e1ro\u010dn\u00fdch m\u011bstsk\u00fdch budov \u00daM\u010c Praha 14 na energeticky vysoce efektivn\u00ed budovy vyu\u017e\u00edvaj\u00edc\u00ed obnoviteln\u00e9 zdroje energie, integraci inteligentn\u00edch BMS na b\u00e1zi IT \u0159e\u0161en\u00ed a prvk\u016f zelen\u011b s vyu\u017eit\u00edm de\u0161\u0165ov\u00e9 vody.<\/p>\n<p>Konkr\u00e9tn\u011b tak dojde:<\/p>\n<ul>\n<li>ke sn\u00ed\u017een\u00ed spot\u0159eby prim\u00e1rn\u00ed energie, sn\u00ed\u017een\u00ed emis\u00ed sklen\u00edkov\u00fdch plyn\u016f, sn\u00ed\u017een\u00ed emis\u00ed prim\u00e1rn\u00edch \u010d\u00e1stic a prekurzor\u016f sekund\u00e1rn\u00edch \u010d\u00e1stic,<\/li>\n<li>k \u00faspo\u0159e provozn\u00edch n\u00e1klad\u016f souvisej\u00edc\u00edch s \u00fasporou energie,<\/li>\n<li>k zaveden\u00ed energetick\u00e9ho managementu v\u010detn\u011b d\u00e1lkov\u00e9ho a automatick\u00e9ho monitoringu spot\u0159eb v\u0161ech medi\u00ed a energi\u00ed,<\/li>\n<li>ke zv\u00fd\u0161en\u00ed kvality pracovn\u00edho prost\u0159ed\u00ed pro zam\u011bstnance \u00daM\u010c,<\/li>\n<li>ke zv\u00fd\u0161en\u00ed kvality prost\u0159ed\u00ed pro klienty \u00daM\u010c,<\/li>\n<li>ke zkvalitn\u011bn\u00ed prostor pro poskytov\u00e1n\u00ed slu\u017eeb ve\u0159ejn\u00e9 spr\u00e1vy.<\/li>\n<li>k aplikaci inovativn\u00edch technologi\u00ed.<\/li>\n<\/ul>\n<p>Smyslem projektu je p\u0159isp\u011bt k napln\u011bn\u00ed c\u00edl\u016f Opera\u010dn\u00edho programu Praha- p\u00f3l r\u016fstu \u010cR v oblasti energetick\u00fdch \u00faspor v m\u011bstsk\u00fdch objektech dosa\u017een\u00e9 tak\u00e9 s vyu\u017eit\u00edm vhodn\u00fdch obnoviteln\u00fdch zdroj\u016f energie, energeticky efektivn\u00edch za\u0159\u00edzen\u00ed a inteligentn\u00edch syst\u00e9m\u016f \u0159\u00edzen\u00ed.<\/p>\n<p>&nbsp;<\/p>\n<p><img loading=\"lazy\" decoding=\"async\" class=\"alignnone wp-image-41005 size-medium\" src=\"https:\/\/www.praha14.cz\/app\/uploads\/sites\/3\/2014\/04\/logolink-OP-PPR-1-370x59.jpg\" alt=\"\" width=\"370\" height=\"59\" srcset=\"https:\/\/www.praha14.cz\/app\/uploads\/sites\/3\/2014\/04\/logolink-OP-PPR-1-370x59.jpg 370w, https:\/\/www.praha14.cz\/app\/uploads\/sites\/3\/2014\/04\/logolink-OP-PPR-1-768x123.jpg 768w, https:\/\/www.praha14.cz\/app\/uploads\/sites\/3\/2014\/04\/logolink-OP-PPR-1-1024x164.jpg 1024w, https:\/\/www.praha14.cz\/app\/uploads\/sites\/3\/2014\/04\/logolink-OP-PPR-1.jpg 1162w\" sizes=\"(max-width: 370px) 100vw, 370px\" \/><\/p>\n<p>&nbsp;<\/p>\n<p><strong>Modernizace za\u0159\u00edzen\u00ed a vybaven\u00ed \u0161kol P14 &#8211; u\u010debny Z\u0160 I.<br \/>\n<\/strong>Registra\u010dn\u00ed \u010d\u00edslo CZ.07.4.67\/0.0\/0.0\/17_054\/0001118<\/p>\n<p>Datum zah\u00e1jen\u00ed projektu: 1. 11. 2019<br \/>\nDatum ukon\u010den\u00ed projektu: 31. 3. 2021<\/p>\n<p>Hlavn\u00edm c\u00edlem projektu je modernizace st\u00e1vaj\u00edc\u00edch odborn\u00fdch u\u010deben t\u0159\u00ed vybran\u00fdch z\u00e1kladn\u00edch \u0161kol na \u00fazem\u00ed spr\u00e1vn\u00edho obvodu Praha 14 se zam\u011b\u0159en\u00edm na rozvoj kl\u00ed\u010dov\u00fdch kompetenc\u00ed v\u00a0oblasti v\u00fduky ciz\u00edch jazyk\u016f, p\u0159\u00edrodn\u00edch v\u011bd, pr\u00e1ci s digit\u00e1ln\u00edmi technologiemi a polytechnickou v\u00fdchovou. Prost\u0159ednictv\u00edm revitalizace u\u010deben v\u00a0Z\u0160 Gener\u00e1la Janou\u0161ka, Z\u0160 Brat\u0159\u00ed Vencl\u00edk\u016f a Z\u0160 \u0160imanovsk\u00e1 bude vy\u0159e\u0161ena nevyhovuj\u00edc\u00ed kvalita procesu vzd\u011bl\u00e1v\u00e1n\u00ed v kl\u00ed\u010dov\u00fdch kompetenc\u00edch, kter\u00e9 jsou z\u00e1sadn\u00ed pro n\u00e1sledn\u00e9 uplatn\u011bn\u00ed absolvent\u016f v navazuj\u00edc\u00edm studiu a pracovn\u00edm procesu. Mimo to dojde k vytvo\u0159en\u00ed podm\u00ednek pro snaz\u0161\u00ed integraci \u017e\u00e1k\u016f se speci\u00e1ln\u011b vzd\u011bl\u00e1vac\u00edmi pot\u0159ebami.<\/p>\n<p>Projekt je financovan\u00fd z Opera\u010dn\u00edho programu Praha- p\u00f3l r\u016fstu \u010cR.<\/p>\n<p>&nbsp;<\/p>\n<p><img loading=\"lazy\" decoding=\"async\" class=\"alignnone wp-image-41005 size-medium\" src=\"https:\/\/www.praha14.cz\/app\/uploads\/sites\/3\/2014\/04\/logolink-OP-PPR-1-370x59.jpg\" alt=\"\" width=\"370\" height=\"59\" srcset=\"https:\/\/www.praha14.cz\/app\/uploads\/sites\/3\/2014\/04\/logolink-OP-PPR-1-370x59.jpg 370w, https:\/\/www.praha14.cz\/app\/uploads\/sites\/3\/2014\/04\/logolink-OP-PPR-1-768x123.jpg 768w, https:\/\/www.praha14.cz\/app\/uploads\/sites\/3\/2014\/04\/logolink-OP-PPR-1-1024x164.jpg 1024w, https:\/\/www.praha14.cz\/app\/uploads\/sites\/3\/2014\/04\/logolink-OP-PPR-1.jpg 1162w\" sizes=\"(max-width: 370px) 100vw, 370px\" \/><\/p>\n<p>&nbsp;<\/p>\n<p><strong>Modernizace za\u0159\u00edzen\u00ed a vybaven\u00ed \u0161kol P14 &#8211; u\u010debny Z\u0160 II.<\/strong><br \/>\n(Registra\u010dn\u00ed \u010d\u00edslo CZ.07.4.67\/0.0\/0.0\/17_054\/0001119)<\/p>\n<p>Datum zah\u00e1jen\u00ed projektu: 1. 10. 2020<br \/>\nDatum ukon\u010den\u00ed projektu: 1. 3. 2022<\/p>\n<p>Hlavn\u00edm c\u00edlem projektu je modernizace st\u00e1vaj\u00edc\u00edch odborn\u00fdch u\u010deben vybran\u00fdch z\u00e1kladn\u00edch \u0161kol na \u00fazem\u00ed spr\u00e1vn\u00edho obvodu Praha 14. Modernizace u\u010deben spo\u010d\u00edvaj\u00edc\u00ed ve stavebn\u00edch \u00faprav\u00e1ch a v po\u0159\u00edzen\u00ed nov\u00e9ho vybaven\u00ed bude zam\u011b\u0159ena na rozvoj kl\u00ed\u010dov\u00fdch kompetenc\u00ed v oblastech v\u00fduky p\u0159\u00edrodn\u00edch v\u011bd a polytechnick\u00e9 v\u00fdchovy. Pl\u00e1novan\u00fd projekt umo\u017en\u00ed revitalizovat st\u00e1vaj\u00edc\u00ed u\u010debny ve t\u0159ech vybran\u00fdch \u0161kol\u00e1ch, a\u00a0to Z\u0160 Hloub\u011bt\u00ednsk\u00e1, Z\u0160 Chvaletick\u00e1 a Z\u0160 Vyb\u00edralova. Projekt je zam\u011b\u0159en na modernizaci u\u010deben; stabilizace podm\u00ednek v\u00fduky odborn\u00fdch p\u0159edm\u011bt\u016f umo\u017en\u00ed z\u00edskat odpov\u00eddaj\u00edc\u00ed mo\u017enost uplatn\u011bn\u00ed v navazuj\u00edc\u00edm vzd\u011bl\u00e1v\u00e1n\u00ed a pracovn\u00edm procesu.<\/p>\n<p>Projekt je financovan\u00fd z Opera\u010dn\u00edho programu Praha- p\u00f3l r\u016fstu \u010cR.<\/p>\n<p>&nbsp;<\/p>\n<p><!-- x-tinymce\/html --><img loading=\"lazy\" decoding=\"async\" class=\"alignnone wp-image-41005 size-medium\" src=\"https:\/\/www.praha14.cz\/app\/uploads\/sites\/3\/2014\/04\/logolink-OP-PPR-1-370x59.jpg\" alt=\"\" width=\"370\" height=\"59\" srcset=\"https:\/\/www.praha14.cz\/app\/uploads\/sites\/3\/2014\/04\/logolink-OP-PPR-1-370x59.jpg 370w, https:\/\/www.praha14.cz\/app\/uploads\/sites\/3\/2014\/04\/logolink-OP-PPR-1-768x123.jpg 768w, https:\/\/www.praha14.cz\/app\/uploads\/sites\/3\/2014\/04\/logolink-OP-PPR-1-1024x164.jpg 1024w, https:\/\/www.praha14.cz\/app\/uploads\/sites\/3\/2014\/04\/logolink-OP-PPR-1.jpg 1162w\" sizes=\"(max-width: 370px) 100vw, 370px\" \/><\/p>\n<p>&nbsp;<\/p>\n<p>\n\t\t\t\t<\/div>\n\t\t\t<\/div>\n\t\t<\/article><article class=\"panel panel-default\">\n\t\t\t<div class=\"panel-heading\">\n\t\t\t\t<h1 class=\"panel-title\">\n\t\t\t\t\t<a data-toggle=\"collapse\" data-parent=\"#panel_group_1\" href=\"#panel_1_2\" class=\"collapsed\">\n\t\t\t\t\t\tE-Government\n\t\t\t\t\t<\/a>\n\t\t\t\t<\/h1>\n\t\t\t<\/div>\n\t\t\t<div id=\"panel_1_2\" class=\"panel-collapse collapse\">\n\t\t\t\t<div class=\"panel-body\">\n\t\t\t\t\t<\/p>\n<p>Nov\u00e9, modern\u00ed a p\u0159ehledn\u00e9 webov\u00e9 str\u00e1nky s mno\u017estv\u00edm u\u017eite\u010dn\u00fdch port\u00e1lov\u00fdch aplikac\u00ed v\u010detn\u011b elektronick\u00fdch formul\u00e1\u0159\u016f, interaktivn\u00ed informa\u010dn\u00ed tabule, jednoduch\u00fd a spolehliv\u00fd rezerva\u010dn\u00ed syst\u00e9m, ale tak\u00e9 t\u0159eba wifi p\u0159ipojen\u00ed k internetu pro n\u00e1v\u0161t\u011bvn\u00edky \u00fa\u0159adu&#8230; To je jen kr\u00e1tk\u00fd v\u00fd\u010det novinek, kter\u00e9 ob\u010dan\u016fm ji\u017e koncem tohoto roku p\u0159inese realizace projektu E-Government na Praze 14. Jeho c\u00edlem je umo\u017enit ob\u010dan\u016fm z jednoho m\u00edsta co nejjednodu\u0161\u0161\u00ed, nejpohodln\u011bj\u0161\u00ed a nejefektivn\u011bj\u0161\u00ed komunikaci s \u00fa\u0159adem, zp\u0159\u00edstupnit mu, i d\u00edky p\u0159ipravovan\u00e9 rozs\u00e1hl\u00e9 digitalizaci, maxim\u00e1ln\u00ed mno\u017estv\u00ed informac\u00ed a propojen\u00edm s dal\u0161\u00edmi elektronick\u00fdmi syst\u00e9my ve\u0159ejn\u00e9 spr\u00e1vy u\u0161et\u0159it jeho \u010das. D\u00edky tomuto projektu, kter\u00fd je financov\u00e1n z Fond\u016f EU OPPK , tedy z\u00edsk\u00e1 ob\u010dan mo\u017enost nejen p\u0159ij\u00edmat informace v co nej\u0161ir\u0161\u00ed m\u00ed\u0159e, ale p\u0159edev\u0161\u00edm se v nich rychle orientovat.<\/p>\n<p>&nbsp;<\/p>\n<p><a title=\"OPPK\" href=\"http:\/\/www.prahafondy.eu\/cz\/oppk.html\" target=\"_blank\" rel=\"noopener noreferrer\"><img loading=\"lazy\" decoding=\"async\" src=\"\/app\/uploads\/sites\/3\/2014\/04\/3loga_velikost_50.jpg\" alt=\"OPPK\" width=\"311\" height=\"80\" \/><\/a><\/p>\n<p><span style=\"color: #000080;\"><strong>Evropsk\u00fd fond pro region\u00e1ln\u00ed rozvoj<\/strong><\/span><br \/>\n<span style=\"color: #000080;\"><strong>Praha\u00a0<\/strong><strong>&amp;\u00a0EU \u2013 Investujeme do Va\u0161\u00ed budoucnosti<\/strong><\/span><\/p>\n<p>&nbsp;<\/p>\n<p>\n\t\t\t\t<\/div>\n\t\t\t<\/div>\n\t\t<\/article><article class=\"panel panel-default\">\n\t\t\t<div class=\"panel-heading\">\n\t\t\t\t<h1 class=\"panel-title\">\n\t\t\t\t\t<a data-toggle=\"collapse\" data-parent=\"#panel_group_1\" href=\"#panel_1_3\" class=\"collapsed\">\n\t\t\t\t\t\tIntegrace cizinc\u016f v M\u010c Praha 14\n\t\t\t\t\t<\/a>\n\t\t\t\t<\/h1>\n\t\t\t<\/div>\n\t\t\t<div id=\"panel_1_3\" class=\"panel-collapse collapse\">\n\t\t\t\t<div class=\"panel-body\">\n\t\t\t\t\t<\/p>\n<p><strong>Integrace dr\u017eitel\u016f do\u010dasn\u00e9 ochrany cizinc\u016f na M\u010c Praha 14 v roce 2025<\/strong><\/p>\n<p>Praha 14, s\u00a055 959 obyvateli, zahrnuje 14 315 cizinc\u016f, co\u017e p\u0159edstavuje 25,6 % populace. Konflikt na Ukrajin\u011b v\u00fdznamn\u011b p\u0159isp\u011bl k n\u00e1r\u016fstu po\u010dtu cizinc\u016f, p\u0159i\u010dem\u017e 4 628 osob z\u00a0Ukrajiny zde z\u00edskalo do\u010dasnou ochranu. Cizinci na Praze 14 \u010del\u00ed \u0159ad\u011b p\u0159ek\u00e1\u017eek, v\u010detn\u011b jazykov\u00fdch bari\u00e9r, nedostate\u010dn\u00fdch znalost\u00ed m\u00edstn\u00edch zvyklost\u00ed a nejist\u00e9 budoucnosti. D\u016fle\u017eitou v\u00fdzvou je tak\u00e9 integrace d\u011bt\u00ed s odli\u0161n\u00fdm mate\u0159sk\u00fdm jazykem (OMJ) do \u0161koln\u00edho syst\u00e9mu, co\u017e je kl\u00ed\u010dov\u00e9 pro jejich budouc\u00ed \u00fasp\u011bch ve spole\u010dnosti.<\/p>\n<p>Projekt je v roce 2025 zam\u011b\u0159en na podporu v\u00fduky \u010desk\u00e9ho jazyka, multikulturn\u00ed v\u00fdchovy, organizaci volno\u010dasov\u00fdch aktivit a poskytov\u00e1n\u00ed odborn\u00e9ho soci\u00e1ln\u00edho poradenstv\u00ed. C\u00edlem je zlep\u0161it sou\u017eit\u00ed mezi cizinci a majoritn\u00ed spole\u010dnost\u00ed, zv\u00fd\u0161it jejich sob\u011bsta\u010dnost a podpo\u0159it du\u0161evn\u00ed zdrav\u00ed rodin, zejm\u00e9na \u017een a d\u011bt\u00ed zasa\u017een\u00fdch v\u00e1lkou.<\/p>\n<p><strong>C\u00edl cel\u00e9ho projektu:<\/strong><\/p>\n<p>Hlavn\u00edm c\u00edlem projektu je zlep\u0161it sou\u017eit\u00ed mezi cizinci, uprchl\u00edky a v\u011bt\u0161inovou spole\u010dnost\u00ed a podpo\u0159it jejich integraci. Tento c\u00edl bude dosa\u017een prost\u0159ednictv\u00edm n\u00e1sleduj\u00edc\u00edch d\u00edl\u010d\u00edch c\u00edl\u016f:<\/p>\n<ul>\n<li>Podpora v\u00fduky \u010desk\u00e9ho jazyka a \u010desk\u00fdch re\u00e1li\u00ed na z\u00e1kladn\u00edch a mate\u0159sk\u00fdch \u0161kol\u00e1ch, neziskov\u00fdch organizac\u00edch a dal\u0161\u00edch prostorech v Praze 14.<\/li>\n<li>Posilov\u00e1n\u00ed multikulturn\u00ed v\u00fdchovy a organizace aktivit podporuj\u00edc\u00edch pozitivn\u00ed vztahy mezi cizinci a majoritn\u00ed spole\u010dnost\u00ed.<\/li>\n<li>Organizace volno\u010dasov\u00fdch aktivit zam\u011b\u0159en\u00fdch na d\u011bti i dosp\u011bl\u00e9.<\/li>\n<li>Zaji\u0161t\u011bn\u00ed letn\u00edch integra\u010dn\u00edch aktivit pro d\u011bti uprchl\u00edk\u016f.<\/li>\n<li>Podpora informovanosti a sob\u011bsta\u010dnosti cizinc\u016f p\u0159i fungov\u00e1n\u00ed v \u010desk\u00e9 spole\u010dnosti.<\/li>\n<li>Podpora du\u0161evn\u00edho zdrav\u00ed \u017een a d\u011bt\u00ed zasa\u017een\u00fdch v\u00e1lkou na Ukrajin\u011b.<\/li>\n<\/ul>\n<p><strong>C\u00edlov\u00e1 skupina projektu:<\/strong><\/p>\n<p>Projekt je zam\u011b\u0159en na cizince leg\u00e1ln\u011b pob\u00fdvaj\u00edc\u00ed na \u00fazem\u00ed m\u011bstsk\u00e9 \u010d\u00e1sti Praha 14, v\u010detn\u011b osob s do\u010dasnou ochranou (uprchl\u00edk\u016f z Ukrajiny). Aktivity jsou navr\u017eeny tak, aby byly dostupn\u00e9 i pro ostatn\u00ed obyvatele m\u011bstsk\u00e9 \u010d\u00e1sti, co\u017e p\u0159isp\u00edv\u00e1 k lep\u0161\u00edmu sou\u017eit\u00ed a vz\u00e1jemn\u00e9mu porozum\u011bn\u00ed.<\/p>\n<p><strong>Doba realizace projektu:<\/strong><\/p>\n<p>Aktivity projektu budou prob\u00edhat v obdob\u00ed od 1. 1. 2025 do 31. 12. 2025.<\/p>\n<p><strong>Seznam aktivit projektu v roce 2025:<\/strong><\/p>\n<p>1\/ Integra\u010dn\u00ed aktivity z\u00e1kladn\u00edch a mate\u0159sk\u00fdch \u0161kol:<\/p>\n<ul>\n<li>Z\u0160 Praha 14, Lehovec, Chvaletick\u00e1 918<\/li>\n<li>M\u0160 Kor\u00e1lek, Bobkova 766<\/li>\n<li>M\u0160 Paculova<\/li>\n<li>M\u0160 Slun\u00ed\u010dko<\/li>\n<\/ul>\n<p><strong>2\/ Vlastn\u00ed aktivity M\u010c<\/strong><\/p>\n<ul>\n<li><strong>Kurzy sociokulturn\u00ed orientace (SKO)<\/strong><br \/>\n12 semin\u00e1\u0159\u016f zam\u011b\u0159en\u00fdch na podporu integrace cizinc\u016f do \u010desk\u00e9ho prost\u0159ed\u00ed.<\/li>\n<li><strong>Komunitn\u00ed akce<\/strong><br \/>\nPraha 14 podpo\u0159\u00ed 12 akc\u00ed organizovan\u00fdch cizinci, \u0161kolami a neziskov\u00fdmi organizacemi, kter\u00e9 pos\u00edl\u00ed soci\u00e1ln\u00ed vazby a kulturn\u00ed v\u00fdm\u011bnu.<\/li>\n<li><strong>Um\u011bleck\u00e1 terapie pro d\u011bti<\/strong><br \/>\nTvo\u0159iv\u00e9 aktivity pom\u00e1haj\u00edc\u00ed d\u011btem zpracovat emoce a pos\u00edlit sebev\u011bdom\u00ed ve form\u011b 10 lekc\u00ed prim\u00e1rn\u011b z\u00a0\u0159ad osob s\u00a0do\u010dasnou ochranou.<\/li>\n<li><strong>Sportovn\u00ed krou\u017eek pro d\u011bti<\/strong><br \/>\nPro rozvoj fyzick\u00e9 kondice a t\u00fdmov\u00e9 spolupr\u00e1ce pro 10 d\u011bt\u00ed z\u00a0\u0159ad osob s\u00a0do\u010dasnou ochranou.<\/li>\n<li><strong>Provoz profil\u016f M\u010c na soci\u00e1ln\u00edch s\u00edt\u00edch<br \/>\n<\/strong>Komunikace na soci\u00e1ln\u00edch s\u00edt\u00edch bude prob\u00edhat ve v\u00edce jazyc\u00edch, aby oslovila co nej\u0161ir\u0161\u00ed skupinu obyvatel.<\/p>\n<ol>\n<li><a href=\"https:\/\/t.me\/prague14\">soci\u00e1ln\u00ed s\u00ed\u0165 telegram v ru\u0161tin\u011b<\/a><\/li>\n<li><a href=\"https:\/\/www.facebook.com\/share\/uR5xAHK1HGA12meQ\/?mibextid=LQQJ4d\">soci\u00e1ln\u00ed s\u00ed\u0165 facebook v anglick\u00e9m jazyce<\/a><\/li>\n<li><a href=\"https:\/\/www.facebook.com\/share\/g\/fuw4xhDskA8uUXnu\/?mibextid=K35XfP\">soci\u00e1ln\u00ed s\u00ed\u0165 facebook ve vietnam\u0161tin\u011b<\/a><\/li>\n<li><a href=\"https:\/\/t.me\/+JLAL_dvjFfo0Y2Vk\">soci\u00e1ln\u00ed s\u00ed\u0165 telegram v ukrajin\u0161tin\u011b<\/a><\/li>\n<\/ol>\n<\/li>\n<li><strong>Realizace interkulturn\u00ed a komunitn\u00ed pr\u00e1ce<br \/>\n<\/strong>Interkulturn\u00ed pracovn\u00edci budou nad\u00e1le mapovat pot\u0159eby cizinc\u016f a podporovat jejich zapojen\u00ed do m\u00edstn\u00ed komunity.<\/li>\n<\/ul>\n<p>kontakt na interkulturn\u00ed pracovnici M\u010c:<br \/>\nMgr. Liudmila Gasina<br \/>\nTel: 773 690\u00a0475<br \/>\nEmail: <strong><u>liudmila.gasina@gmail.com<\/u><\/strong><\/p>\n<ul>\n<li><strong>Realizace kurz\u016f jazyka \u010desk\u00e9ho ve volno\u010dasov\u00e9m centru H55 <\/strong><\/li>\n<\/ul>\n<p>Organizujeme INTENZIVNI Kurzy \u010cesk\u00e9ho jazyka v term\u00ednech od 16. 6.2025 do 14. 9.2025. Kurzy se realizuj\u00ed z\u00e1\u017eitkovou formou a doch\u00e1zkou do u\u010debny volno\u010dasov\u00e9ho centra H55 (stanice metra Hloub\u011bt\u00edn, naproti baz\u00e9nu). Budou prob\u00edhat dvakr\u00e1t t\u00fddn\u011b 90 min, v pracovn\u00edch dnech v \u010dasech od 16:10 hod do 21:10 hod. O v\u00edkendu v \u010dasech od 9:00 hod do 21:00 hod. \u00da\u010dastn\u00edci budou rozd\u011blen\u00ed do skupin dle vstupn\u00edho testu. AO za\u010d\u00e1te\u010dn\u00edci, A2 m\u00edrn\u011b pokro\u010dil\u00ed, B1 pokro\u010dil\u00ed.<\/p>\n<p>Mana\u017eer projektu: Yurii Leso<br \/>\nOdpov\u011bdn\u00e1 lektorka projektu: Jana Rodzic<br \/>\nTelegram:\u00a0@BFineFoundation_bot<br \/>\nRegistrace na: <a href=\"https:\/\/project.bfine.foundation\/ua2025\">https:\/\/project.bfine.foundation\/ua2025<\/a><\/p>\n<p>Term\u00edny jednotliv\u00fdch skupin budou ur\u010deny na z\u00e1klad\u011b napln\u011bn\u00ed skupin.<\/p>\n<p><strong>\u00a03\/ Odborn\u00e9 soci\u00e1ln\u00ed poradenstv\u00ed:<\/strong><\/p>\n<p><strong><u>Organizace pro pomoc uprchl\u00edk\u016fm (OPU)<\/u><\/strong> poskytuje spole\u010dn\u011b s\u00a0ter\u00e9nn\u00edm soci\u00e1ln\u00edm pracovn\u00edkem a tlumo\u010dn\u00edkem soci\u00e1ln\u00ed poradenstv\u00ed pro cizince z\u00a0Vietnamu a Ukrajiny. Jsou zde po\u017eadov\u00e1ny slu\u017eby t\u00fdkaj\u00edc\u00ed se oblast\u00ed: \u0161kolstv\u00ed, pracovn\u00edho trhu, pron\u00e1jmu a slu\u017eeb souvisej\u00edc\u00edch s\u00a0n\u00e1jmem, koncesion\u00e1\u0159sk\u00fdch poplatk\u016f, dostupnosti l\u00e9ka\u0159sk\u00e9 p\u00e9\u010de atd.<\/p>\n<p>Kontakt:<br \/>\nBc. Mat\u011bj \u0160ulc, koordin\u00e1tor projektu<br \/>\nTel: 736\u00a0742\u00a0361<br \/>\nEmail: <strong><u>matej.sulc@opu.cz<\/u><\/strong><\/p>\n<p><strong>4\/ V\u00fduka \u010desk\u00e9ho jazyka:<\/strong><\/p>\n<p><a href=\"https:\/\/14centrumvolnehocasu.webnode.cz\/\"><strong>\u010ctrn\u00e1ctka centrum voln\u00e9ho \u010dasu<\/strong><\/a>\u00a0organizuje:<\/p>\n<ul>\n<li>Kurzy \u010desk\u00e9ho jazyka pro cizince v pr\u016fb\u011bhu cel\u00e9ho roku mimo letn\u00edch pr\u00e1zdnin.<\/li>\n<li>Asistenci pro komunikaci s\u00a0ukrajinsk\u00fdmi ob\u010dany.<\/li>\n<li>Integra\u010dn\u00ed aktivity.<\/li>\n<li>P\u0159\u00edm\u011bstsk\u00fd t\u00e1bor pro 15 ukrajinsk\u00fdch d\u011bt\u00ed.<\/li>\n<\/ul>\n<p>Kontakt:<br \/>\nViktorie \u0160obejov\u00e1, koordin\u00e1torka projektu<br \/>\nTel: 739\u00a0203\u00a0254<br \/>\nEmail: <strong><u>kurzyceskehojazyka@email.cz<\/u><\/strong><\/p>\n<p><strong>5\/ Vzd\u011bl\u00e1v\u00e1n\u00ed a integra\u010dn\u00ed aktivity pro uprchl\u00edky s <u>KC Mot\u00fdlek<\/u>:<\/strong><\/p>\n<ul>\n<li>Vzd\u011bl\u00e1v\u00e1n\u00ed uprchl\u00edk\u016f ve znalostech \u010de\u0161tiny a sociokulturn\u00edch re\u00e1li\u00edch<\/li>\n<li>Nau\u010dn\u00e9 vych\u00e1zky \u201ePoznej m\u011bsto, ve kter\u00e9m \u017eije\u0161\u201c<\/li>\n<li>Sout\u011b\u017e a v\u00fdstava v\u00fdtvarn\u00fdch prac\u00ed ukrajinsk\u00fdch d\u011bt\u00ed<\/li>\n<li>Sout\u011b\u017e a v\u00fdstava spole\u010dn\u00fdch v\u00fdtvarn\u00fdch projekt\u016f \u0161koln\u00edch t\u0159\u00edd<\/li>\n<li>Komunitn\u00ed (integra\u010dn\u00ed) akce pro ukrajinsk\u00e9 i \u010desk\u00e9 \u00fa\u010dastn\u00edky<\/li>\n<li>Sportovn\u00ed aktivity<\/li>\n<li>Workshopy<\/li>\n<\/ul>\n<p>Kontakt:<br \/>\nPhDr. Zuzana Jelenov\u00e1, koordin\u00e1torka d\u00edl\u010d\u00edho projektu<br \/>\nTel. 774\u00a0488\u00a0814<br \/>\nEmail: <strong><u>zuzana.jelenova@seznam.cz<\/u><\/strong><\/p>\n<p><strong>6\/\u00a0Psychologick\u00e1 podpora, tr\u00e9ninky a letn\u00ed t\u00e1bory s <u>Youth Included<\/u>:<\/strong><\/p>\n<ul>\n<li><strong>Individu\u00e1ln\u00ed psychologick\u00e1 podpora:<\/strong>\u00a0Zam\u011b\u0159eno na \u0159e\u0161en\u00ed probl\u00e9m\u016f uprchl\u00edk\u016f, jako jsou deprese, \u00fazkost, ztr\u00e1ta bl\u00edzk\u00fdch, chronick\u00e1 \u00fanava a ztr\u00e1ta motivace. Vyu\u017e\u00edvaj\u00ed se psychoterapeutick\u00e9 techniky, v\u010detn\u011b kognitivn\u011b-behavior\u00e1ln\u00ed terapie a traumatoterapie.<\/li>\n<li><strong>Skupinov\u00e9 tr\u00e9ninky:<\/strong>\u00a0Tr\u00e9ninky zam\u011b\u0159en\u00e9 na zvl\u00e1d\u00e1n\u00ed stresu, soci\u00e1ln\u00ed adaptaci, zlep\u0161en\u00ed emo\u010dn\u00ed inteligence, \u0159e\u0161en\u00ed konflikt\u016f a prevenci vyho\u0159en\u00ed, s vyu\u017eit\u00edm medita\u010dn\u00edch a relaxa\u010dn\u00edch technik pro podporu osobn\u00edho rozvoje a zvl\u00e1d\u00e1n\u00ed kriz\u00ed.<\/li>\n<li><strong>Letn\u00ed integra\u010dn\u00ed t\u00e1bory pro d\u011bti z Ukrajiny:<\/strong>\u00a0V l\u00e9t\u011b 2025 prob\u011bhne osm p\u0159\u00edm\u011bstsk\u00fdch t\u00e1bor\u016f zam\u011b\u0159en\u00fdch na podporu integrace d\u011bt\u00ed z Ukrajiny. D\u011bti se u\u010d\u00ed \u010desk\u00fd jazyk, rozv\u00edj\u00ed kreativitu, v\u011bnuj\u00ed se divadlu, sportu a skupinov\u00fdm aktivit\u00e1m. C\u00edlem je zlep\u0161it jazykov\u00e9 dovednosti a podpo\u0159it za\u010dlen\u011bn\u00ed do m\u00edstn\u00ed komunity.<\/li>\n<\/ul>\n<p>Kontakt:<br \/>\nMgr. Ekaterina Kokkalou, koordin\u00e1torka d\u00edl\u010d\u00edho projektu<br \/>\nTel: 734 490 825<br \/>\nE-mail:\u00a0<a href=\"mailto:youthincluded@gmail.com\"><strong>youthincluded@gmail.com<\/strong><\/a><\/p>\n<p>Projekt je v roce 2025 financovan\u00fd Ministerstvem vnitra \u010cR a \u00da\u0159adem Vysok\u00e9ho komisa\u0159e OSN pro uprchl\u00edky (UNHCR) v r\u00e1mci \u201eSyst\u00e9mu v\u00fdzev na v\u00fddaje realizovan\u00e9 v r\u00e1mci projekt\u016f obc\u00ed na podporu integrace dr\u017eitel\u016f do\u010dasn\u00e9 ochrany na lok\u00e1ln\u00ed \u00farovni v roce 2025\u201c Hlavn\u00edm m\u011bstem Praha a m\u011bstskou \u010d\u00e1st\u00ed Praha 14.<\/p>\n<p>Kontakt:<br \/>\nIng. Martina Hovad\u00edkov\u00e1, koordin\u00e1torka projektu<br \/>\nTel. 739\u00a0728\u00a0748<br \/>\nE.mail: <strong><u>martina.hovadikova@praha14.cz<\/u><\/strong><\/p>\n<p><img loading=\"lazy\" decoding=\"async\" class=\"alignnone wp-image-42769\" src=\"https:\/\/www.praha14.cz\/app\/uploads\/sites\/3\/2014\/04\/loga-MV-mag-m\u010d.png\" alt=\"\" width=\"466\" height=\"84\" srcset=\"https:\/\/www.praha14.cz\/app\/uploads\/sites\/3\/2014\/04\/loga-MV-mag-m\u010d.png 1322w, https:\/\/www.praha14.cz\/app\/uploads\/sites\/3\/2014\/04\/loga-MV-mag-m\u010d-370x67.png 370w, https:\/\/www.praha14.cz\/app\/uploads\/sites\/3\/2014\/04\/loga-MV-mag-m\u010d-768x138.png 768w, https:\/\/www.praha14.cz\/app\/uploads\/sites\/3\/2014\/04\/loga-MV-mag-m\u010d-1024x184.png 1024w\" sizes=\"(max-width: 466px) 100vw, 466px\" \/> <a href=\"https:\/\/www.praha14.cz\/app\/uploads\/sites\/3\/2024\/10\/Horizontal-blue.png\" data-rel=\"lightbox-image-16\" data-rl_title=\"\" data-rl_caption=\"\" title=\"\"><img loading=\"lazy\" decoding=\"async\" class=\"alignnone wp-image-46257\" src=\"https:\/\/www.praha14.cz\/app\/uploads\/sites\/3\/2024\/10\/Horizontal-blue.png\" alt=\"Horizontal blue\" width=\"210\" height=\"84\" srcset=\"https:\/\/www.praha14.cz\/app\/uploads\/sites\/3\/2024\/10\/Horizontal-blue.png 1192w, https:\/\/www.praha14.cz\/app\/uploads\/sites\/3\/2024\/10\/Horizontal-blue-370x148.png 370w, https:\/\/www.praha14.cz\/app\/uploads\/sites\/3\/2024\/10\/Horizontal-blue-1024x410.png 1024w, https:\/\/www.praha14.cz\/app\/uploads\/sites\/3\/2024\/10\/Horizontal-blue-768x307.png 768w\" sizes=\"(max-width: 210px) 100vw, 210px\" \/><\/a><\/p>\n<p>\n\t\t\t\t<\/div>\n\t\t\t<\/div>\n\t\t<\/article><article class=\"panel panel-default\">\n\t\t\t<div class=\"panel-heading\">\n\t\t\t\t<h1 class=\"panel-title\">\n\t\t\t\t\t<a data-toggle=\"collapse\" data-parent=\"#panel_group_1\" href=\"#panel_1_4\" class=\"collapsed\">\n\t\t\t\t\t\tPodpora \u017e\u00e1k\u016f z\u00e1kladn\u00edch \u0161kol Prahy 14\n\t\t\t\t\t<\/a>\n\t\t\t\t<\/h1>\n\t\t\t<\/div>\n\t\t\t<div id=\"panel_1_4\" class=\"panel-collapse collapse\">\n\t\t\t\t<div class=\"panel-body\">\n\t\t\t\t\t<\/p>\n<p>M\u011bstsk\u00e1 \u010d\u00e1st Praha 14 z\u00e1v\u011brem \u00fanora 2015 ukon\u010dila realizaci projektu \u201ePodpora \u017e\u00e1k\u016f z\u00e1kladn\u00edch \u0161kol Prahy 14\u201c CZ.2.17\/3.1.00\/36325, kter\u00fd byl financovan\u00fd z prost\u0159edk\u016f Evropsk\u00e9ho soci\u00e1ln\u00edho fondu, konkr\u00e9tn\u011b z Opera\u010dn\u00edho programu Praha \u2013 Adaptabilita.<\/p>\n<p>Projekt byl realizov\u00e1n od 1. \u010dervence 2013 v partnerstv\u00ed se Z\u0160 Gener\u00e1la Janou\u0161ka. Jeho obecn\u00fdm c\u00edlem bylo poskytnout individu\u00e1ln\u00ed i skupinovou podporu \u017e\u00e1k\u016fm se speci\u00e1ln\u00edmi vzd\u011bl\u00e1vac\u00edmi pot\u0159ebami z\u00e1kladn\u00edch \u0161kol z\u0159izovan\u00fdch M\u011bstskou \u010d\u00e1st\u00ed Praha 14.<\/p>\n<p>Finan\u010dn\u00ed prost\u0159edky pomohly 350 \u017e\u00e1k\u016fm se speci\u00e1ln\u00edmi vzd\u011bl\u00e1vac\u00edmi pot\u0159ebami, nap\u0159. \u017e\u00e1k\u016fm se soci\u00e1ln\u00edm a socio-kulturn\u00edm znev\u00fdhodn\u011bn\u00edm, zdravotn\u00edm znev\u00fdhodn\u011bn\u00edm a zdravotn\u00edm posti\u017een\u00edm, \u017e\u00e1k\u016fm r\u016fzn\u00fdch etnik, cizinc\u016fm nebo d\u011btem s\u00a0v\u00fdvojovou poruchou u\u010den\u00ed. N\u011bkolika des\u00edtk\u00e1m \u017e\u00e1k\u016f byly odborn\u00edky \u0161koln\u00edho poradensk\u00e9ho pracovi\u0161t\u011b vytvo\u0159eny \u0161koln\u00ed individu\u00e1ln\u00ed vzd\u011bl\u00e1vac\u00ed pl\u00e1ny nastaven\u00e9 dle jejich konkr\u00e9tn\u00edch pot\u0159eb.<\/p>\n<p>Jedn\u00edm z\u00a0v\u00fdstup\u016f projektu je metodika, kter\u00e1 je dostupn\u00e1 v\u00a0ti\u0161t\u011bn\u00e9 podob\u011b na \u00da\u0159ad\u011b m\u011bstsk\u00e9 \u010d\u00e1sti Praha 14 a v\u00a0elektronick\u00e9 podob\u011b \u00a0na internetov\u00fdch str\u00e1nk\u00e1ch www.praha14.cz a www.zsgenjanouska.cz.<\/p>\n<p>B\u011bhem realizace projektu bylo potvrzeno, \u017ee \u017e\u00e1ci se speci\u00e1ln\u00edmi vzd\u011bl\u00e1vac\u00edmi pot\u0159ebami pot\u0159ebuj\u00ed p\u00e9\u010di interdisciplin\u00e1rn\u00edho t\u00fdmu. Bez aplikace tohoto p\u0159\u00edstupu nen\u00ed mo\u017en\u00e9 vytvo\u0159it prost\u0159ed\u00ed, kter\u00e9 by reflektovalo pot\u0159eby jednotliv\u00fdch \u017e\u00e1k\u016f se znev\u00fdhodn\u011bn\u00edm a poskytlo jim tak nezbytnou intervenci.<\/p>\n<p>Osv\u011bd\u010dila se spolupr\u00e1ce u\u010ditele s t\u00fdmem zku\u0161en\u00fdch odborn\u00edk\u016f z\u00a0oboru speci\u00e1ln\u00ed pedagogiky, psychologie, ale i soci\u00e1ln\u00ed pr\u00e1ce. Tento projekt p\u0159isp\u011bl tak\u00e9 k\u00a0prohlouben\u00ed pozitivn\u00edho klimatu na partnersk\u00e9 z\u00e1kladn\u00ed \u0161kole.<\/p>\n<ul>\n<li><strong>P\u016fvodn\u00ed informa\u010dn\u00ed text k projektu naleznete <a href=\"https:\/\/www.praha14.cz\/app\/uploads\/sites\/3\/2014\/04\/Podpora-\u017e\u00e1k\u016f-Z\u0160-Praha-14-p\u016fvodn\u00ed-text-k-projektu.pdf\" target=\"_blank\" rel=\"noopener noreferrer\">zde<\/a>\u00a0<\/strong><\/li>\n<li><strong>Metodika k projektu ke sta\u017een\u00ed\u00a0<a href=\"https:\/\/www.praha14.cz\/app\/uploads\/sites\/3\/2014\/04\/METODIKA-k-projektu-CZ.2.17_3.1.00_36325.pdf\" target=\"_blank\" rel=\"noopener noreferrer\">zde<\/a><\/strong><\/li>\n<\/ul>\n<p>&nbsp;<\/p>\n<p><a href=\"\/app\/uploads\/sites\/3\/2014\/04\/OPPA500.jpg\" data-rel=\"lightbox-image-17\" data-rl_title=\"\" data-rl_caption=\"\" title=\"\"><img loading=\"lazy\" decoding=\"async\" src=\"\/app\/uploads\/sites\/3\/2014\/04\/letak.jpg\" alt=\"Let\u00e1k - podpora \u017e\u00e1k\u016f\" width=\"246\" height=\"349\" \/>\u00a0<img loading=\"lazy\" decoding=\"async\" src=\"\/app\/uploads\/sites\/3\/2014\/04\/OPPA500.jpg\" alt=\"OPPA500\" width=\"299\" height=\"188\" \/><\/a>\u00a0<img loading=\"lazy\" decoding=\"async\" class=\"alignnone wp-image-38988\" src=\"https:\/\/www.praha14.cz\/app\/uploads\/sites\/3\/2014\/04\/OPPA-370x199.jpg\" alt=\"\" width=\"184\" height=\"99\" srcset=\"https:\/\/www.praha14.cz\/app\/uploads\/sites\/3\/2014\/04\/OPPA-370x199.jpg 370w, https:\/\/www.praha14.cz\/app\/uploads\/sites\/3\/2014\/04\/OPPA.jpg 548w\" sizes=\"(max-width: 184px) 100vw, 184px\" \/>\n\t\t\t\t<\/div>\n\t\t\t<\/div>\n\t\t<\/article><article class=\"panel panel-default\">\n\t\t\t<div class=\"panel-heading\">\n\t\t\t\t<h1 class=\"panel-title\">\n\t\t\t\t\t<a data-toggle=\"collapse\" data-parent=\"#panel_group_1\" href=\"#panel_1_5\" class=\"collapsed\">\n\t\t\t\t\t\tProjekt i.e. SMART\n\t\t\t\t\t<\/a>\n\t\t\t\t<\/h1>\n\t\t\t<\/div>\n\t\t\t<div id=\"panel_1_5\" class=\"panel-collapse collapse\">\n\t\t\t\t<div class=\"panel-body\">\n\t\t\t\t\t<\/p>\n<h5>Training Network for Innovation and Entrepreneurship in Emerging Sustainable Economic Sectors (i.e. SMART)<\/h5>\n<p>Mezin\u00e1rodn\u00ed projekt, kter\u00fd prob\u00edh\u00e1 s odkazem na evropskou strategii Evropa 2020 &#8222;Chytr\u00fd r\u016fst&#8220; bude realizov\u00e1n od \u010dervence roku 2012 do prosince roku 2014. Jeho hlavn\u00edm c\u00edlem je podpora za\u010d\u00ednaj\u00edc\u00edch podnikatel\u016f v regionu.<\/p>\n<p>Hlavn\u00edm bodem projektu pro Prahu 14 je vytvo\u0159en\u00ed SMART pointu -kontaktn\u00edho m\u00edsta, kter\u00e9 je otev\u0159eno v budov\u011b \u00fa\u0159adu M\u011bstsk\u00e9 \u010d\u00e1sti Praha14. Je to m\u00edsto, kam mohou za\u010d\u00ednaj\u00edc\u00ed podnikatel\u00e9 p\u0159ij\u00edt se sv\u00fdmi dotazy a pot\u0159ebami a je p\u0159\u00edmo propojeno s Inovacentrem \u010cVUT.<\/p>\n<p>Ve SMART pointu bude pro\u0161kolen\u00fd odborn\u00edk, p\u0159ipraven\u00fd V\u00e1m zdarma poradit a pomoci se za\u010d\u00e1tkem Va\u0161eho podnik\u00e1n\u00ed.<\/p>\n<h5>Pr\u00e1vn\u00ed slu\u017eby nab\u00edzen\u00e9 Smart pointem \u010cern\u00fd most<\/h5>\n<p>Pr\u00e1vn\u00ed poradenstv\u00ed ke zvolen\u00ed vhodn\u00e9 formy podnik\u00e1n\u00ed &#8211; Registrace podnikatelsk\u00e9ho subjektu:<br \/>\n<strong><span style=\"color: #f39600;\">Pr\u00e1vnick\u00e9 osoby<\/span><\/strong><\/p>\n<ol>\n<li>zalo\u017een\u00ed pr\u00e1vnick\u00e9 osoby,<\/li>\n<li>n\u00e1vrh not\u00e1\u0159sk\u00e9ho z\u00e1pisu,<\/li>\n<li>sjedn\u00e1n\u00ed setk\u00e1n\u00ed s not\u00e1\u0159em k zalo\u017een\u00ed firmy, not\u00e1\u0159 sep\u00ed\u0161e spole\u010denskou smlouvu,<\/li>\n<li>pomoc s prohl\u00e1\u0161en\u00edm spr\u00e1vce vkladu (v\u00fdpis z trestn\u00edho rejst\u0159\u00edku na czech pointu \u00fa\u0159adu M\u010c Prahy 14)<\/li>\n<li>seps\u00e1n\u00ed n\u00e1vrhu na z\u00e1pis spole\u010dnosti do obchodn\u00edho rejst\u0159\u00edku<\/li>\n<\/ol>\n<p><span style=\"color: #f39600;\"><strong>Fyzick\u00e9 osoby:<\/strong><\/span><\/p>\n<ol>\n<li>pomoc se seps\u00e1n\u00edm \u017e\u00e1dosti o vyd\u00e1n\u00ed \u017eivnostensk\u00e9ho opr\u00e1vn\u011bn\u00ed (czech point \u00fa\u0159adu a \u017eivnostensk\u00fd odbor \u00fa\u0159adu)<\/li>\n<li>vyd\u00e1n\u00ed \u017eivnostensk\u00e9ho opr\u00e1vn\u011bn\u00ed<\/li>\n<\/ol>\n<p><strong><span style=\"color: #f39600;\">Dal\u0161\u00ed mo\u017enosti poradenstv\u00ed:<\/span><\/strong><\/p>\n<ol>\n<li>poradenstv\u00ed k dani z p\u0159\u00edjmu, k zam\u011bstnaneck\u00e9 dani<\/li>\n<li>poradenstv\u00ed k n\u00e1le\u017eitostem spr\u00e1vy soci\u00e1ln\u00edho zabezpe\u010den\u00ed<\/li>\n<li>poradenstv\u00ed k n\u00e1le\u017eitostem zdravotn\u00edho poji\u0161t\u011bn\u00ed<\/li>\n<li>poradenstv\u00ed k da\u0148ov\u00e9mu kalend\u00e1\u0159i<\/li>\n<li>poradenstv\u00ed k n\u00e1le\u017eitostem da\u0148ov\u00fdch doklad\u016f<\/li>\n<li>poradenstv\u00ed k pracovn\u00edm smlouv\u00e1m<\/li>\n<\/ol>\n<p>SMART point je otev\u0159en\u00fd od 1.3.2013 na adrese Brat\u0159\u00ed Vencl\u00edk\u016f 1072, kancel\u00e1\u0159 518 v 5. pat\u0159e. Jedn\u00e1 se o jednu z budov \u00fa\u0159adu M\u010c Praha 14.<\/p>\n<p><b>\u00da\u0159edn\u00ed hodiny: pond\u011bl\u00ed, st\u0159eda 15:00 a\u017e 18:00.<\/b><\/p>\n<p><strong>Kontakty:<\/strong><br \/>\nMichaela Pokorn\u00e1, projektov\u00e1 mana\u017eerka, &#8211; tel.601 553 293, e-mail:\u00a0<a href=\"mailto:pokornaprague@gmail.com\">pokornaprague@gmail.com<\/a><br \/>\nPavel \u0160\u00edlen\u00fd, projektov\u00fd koordin\u00e1tor &#8211; tel. 225 229\u00a0240, e-mail:\u00a0<a href=\"mailto:Pavel.Sileny@praha14.cz\">Pavel.Sileny@praha14.cz<\/a><\/p>\n<p>&nbsp;<\/p>\n<p><strong>Tento projekt je realizov\u00e1n d\u00edky programu Central Europe a je spolufinancov\u00e1n fondem ERDF.<\/strong><\/p>\n<ul>\n<li>European Regional Development Fund (ERDF)<br \/>\n<a href=\"http:\/\/ec.europa.eu\/regional_policy\/index_en.cfm\" target=\"_blank\" rel=\"noopener noreferrer\">http:\/\/ec.europa.eu\/regional_policy\/index_en.cfm<\/a><\/li>\n<li>CENTRAL EUROPE Programme<br \/>\n<a href=\"http:\/\/www.central2013.eu\/\" target=\"_blank\" rel=\"noopener noreferrer\">http:\/\/www.central2013.eu\/<\/a><\/li>\n<li>Danube Region Strategy<br \/>\n<a href=\"http:\/\/www.peopleandskills-danuberegion.eu\/\" target=\"_blank\" rel=\"noopener noreferrer\">http:\/\/www.peopleandskills-danuberegion.eu\/<\/a><\/li>\n<\/ul>\n<p>&nbsp;<\/p>\n<p><a href=\"\/app\/uploads\/sites\/3\/2014\/04\/loga_SMART.jpg\" data-rel=\"lightbox-image-18\" data-rl_title=\"\" data-rl_caption=\"\" title=\"\"><img loading=\"lazy\" decoding=\"async\" src=\"\/app\/uploads\/sites\/3\/2014\/04\/loga_SMART.jpg\" alt=\"Loga \u00fa\u010dastn\u00edk\u016f projektu SMART\" width=\"456\" height=\"301\" \/><\/a><\/p>\n<p>\n\t\t\t\t<\/div>\n\t\t\t<\/div>\n\t\t<\/article><article class=\"panel panel-default\">\n\t\t\t<div class=\"panel-heading\">\n\t\t\t\t<h1 class=\"panel-title\">\n\t\t\t\t\t<a data-toggle=\"collapse\" data-parent=\"#panel_group_1\" href=\"#panel_1_6\" class=\"collapsed\">\n\t\t\t\t\t\tProgram prevence n\u00e1dorov\u00e9ho onemocn\u011bn\u00ed\n\t\t\t\t\t<\/a>\n\t\t\t\t<\/h1>\n\t\t\t<\/div>\n\t\t\t<div id=\"panel_1_6\" class=\"panel-collapse collapse\">\n\t\t\t\t<div class=\"panel-body\">\n\t\t\t\t\t<\/p>\n<p><a href=\"https:\/\/www.praha14.cz\/urad-mestske-casti\/prevence-rakoviny-prsu-v-praze-14\/\" target=\"_blank\" rel=\"noopener noreferrer\">Prevence rakoviny prsu v Praze 14<\/a><\/p>\n<p>\n\t\t\t\t<\/div>\n\t\t\t<\/div>\n\t\t<\/article><article class=\"panel panel-default\">\n\t\t\t<div class=\"panel-heading\">\n\t\t\t\t<h1 class=\"panel-title\">\n\t\t\t\t\t<a data-toggle=\"collapse\" data-parent=\"#panel_group_1\" href=\"#panel_1_7\" class=\"collapsed\">\n\t\t\t\t\t\tRole m\u011bst v integraci soci\u00e1ln\u011b vylou\u010den\u00e9 romsk\u00e9 lokality\n\t\t\t\t\t<\/a>\n\t\t\t\t<\/h1>\n\t\t\t<\/div>\n\t\t\t<div id=\"panel_1_7\" class=\"panel-collapse collapse\">\n\t\t\t\t<div class=\"panel-body\">\n\t\t\t\t\t<\/p>\n<h5 style=\"text-align: left;\" align=\"center\">CZ.1.04\/5.1.01\/77.00083<\/h5>\n<p>Na z\u00e1klad\u011b nov\u011b p\u0159ijat\u00e9 vl\u00e1dn\u00ed &#8222;Strategie boje proti soci\u00e1ln\u00edmu vylou\u010den\u00ed v\u00a0letech 2011-2015&#8220;, kter\u00e1 hovo\u0159\u00ed o nutnosti koncep\u010dn\u00edho \u0159e\u0161en\u00ed soci\u00e1ln\u00edho za\u010dle\u0148ov\u00e1n\u00ed, p\u0159edkl\u00e1d\u00e1 M\u010c Prahy 14 projekt, kter\u00fd se zam\u011b\u0159uje na v\u00fdm\u011bnu zku\u0161enost\u00ed a p\u0159enos dobr\u00e9 praxe v\u00a0oblasti \u0159e\u0161en\u00ed probl\u00e9m\u016f soci\u00e1ln\u00edho za\u010dle\u0148ov\u00e1n\u00ed romsk\u00e9 men\u0161iny v\u00a0t\u00e9to m\u011bstsk\u00e9 \u010d\u00e1sti.<\/p>\n<p>V\u00a0r\u00e1mci projektu vyu\u017eije M\u010c Praha 14 spolupr\u00e1ce se zahrani\u010dn\u00edmi partnery, kte\u0159\u00ed podobnou problematiku \u0159e\u0161\u00ed v\u00a0posledn\u00edch letech s\u00a0\u00fasp\u011bchem. M\u011bsto\u00a0<strong>Madrid<\/strong>\u00a0jako zahrani\u010dn\u00ed partner reprezentuje\u00a0<strong>p\u0159\u00edsp\u011bvkov\u00e1 organizace IRIS<\/strong>\u00a0(Instituto de Realojamiento e Integraci\u00f3n Social). z\u00a0t\u00e9to spolupr\u00e1ce vzejdou dv\u011b zahrani\u010dn\u00ed st\u00e1\u017ee pro z\u00e1stupce prim\u00e1rn\u00ed c\u00edlov\u00e9 skupiny, co\u017e jsou p\u0159edstavitel\u00e9 a zam\u011bstnanci \u00daM\u010c Praha 14, p\u0159edstavitel\u00e9 jin\u00fdch m\u011bstsk\u00fdch \u010d\u00e1st\u00ed a dal\u0161\u00ed partne\u0159i ze soci\u00e1ln\u00ed oblasti. Program bude zam\u011b\u0159en na strategick\u00e9 pl\u00e1nov\u00e1n\u00ed s c\u00edlem za\u010dlen\u011bn\u00ed obyvatel soci\u00e1ln\u011b vylou\u010den\u00fdch romsk\u00fdch komunit. Prioritn\u011b budou aktivity zam\u011b\u0159eny na zam\u011bstnanost, bydlen\u00ed, soci\u00e1ln\u00ed p\u00e9\u010di a komunikaci s\u00a0ve\u0159ejnost\u00ed.<\/p>\n<p>Druh\u00fd zahrani\u010dn\u00ed partner projektu, m\u011bsto\u00a0<strong>Veldhoven<\/strong>\u00a0se bude jako partner pod\u00edlet na dal\u0161\u00edch dvou zahrani\u010dn\u00edch st\u00e1\u017e\u00edch pro prim\u00e1rn\u00ed c\u00edlov\u00e9 skupiny. Program t\u011bchto studijn\u00edch cest bude op\u011bt zam\u011b\u0159en na z\u00edsk\u00e1n\u00ed informac\u00ed o problematice strategick\u00e9ho pl\u00e1nov\u00e1n\u00ed s\u00a0c\u00edlem za\u010dlen\u011bn\u00ed obyvatel soci\u00e1ln\u011b vylou\u010den\u00fdch romsk\u00fdch lokalit.<\/p>\n<p>Zahrani\u010dn\u00ed partne\u0159i budou zapojeni do aktivit souvisej\u00edc\u00edch s\u00a0<strong>vytvo\u0159en\u00edm webov\u00e9 aplikace o v\u0161ech projektov\u00fdch aktivit\u00e1ch<\/strong>\u00a0a pr\u00e1ci v\u00a0r\u00e1mci projektu. Poskytnut\u00edm p\u0159\u00edklad\u016f dobr\u00e9 praxe v\u00a0oblasti strategick\u00e9ho pl\u00e1nov\u00e1n\u00ed a politik samospr\u00e1v se budou aktivn\u011b metodicky pod\u00edlet na tvorb\u011b podp\u016frn\u00fdch materi\u00e1l\u016f a dokument\u016f. Vznikne tak webov\u00e1 aplikace s u\u017eivatelsky p\u0159\u00edjemn\u00fdm prost\u0159ed\u00edm, kter\u00e9 bude otev\u0159eno diskuzi prim\u00e1rn\u00ed c\u00edlov\u00e9 skupiny a projektov\u00fdch partner\u016f.<\/p>\n<p>\u010cesk\u00fdm partnerem projektu\u00a0<strong>Role m\u011bst v\u00a0integraci soci\u00e1ln\u011b vylou\u010den\u00e9 romsk\u00e9 lokality Praha 14\u00a0<\/strong>jespole\u010dnost\u00a0<strong>MEPCO<\/strong>\u00a0(Mezin\u00e1rodn\u00ed poradensk\u00e9 centrum obc\u00ed), jej\u00edm\u017e \u00fakolem je koordinovat mezin\u00e1rodn\u00ed aktivity se zahrani\u010dn\u00edmi partnery, pod\u00edlet se na tvorb\u011b sborn\u00edku dobr\u00fdch prax\u00ed ve strategick\u00e9m pl\u00e1nov\u00e1n\u00ed za\u010dle\u0148ov\u00e1n\u00ed obyvatel soci\u00e1ln\u011b vylou\u010den\u00fdch romsk\u00fdch komunit. D\u00e1le se bude pod\u00edlet na obsahu webov\u00e9 aplikace a vyu\u017e\u00edvat ke spolupr\u00e1ci dobr\u00fdch kontakt\u016f se zahrani\u010dn\u00edmi partnery.<br \/>\n<strong><span style=\"color: #f39600;\">Situace v M\u010c Praha 14<\/span><\/strong><\/p>\n<p>Na \u00fazem\u00ed Prahy 14 \u017eije odhadem 1000 a\u017e 2000 Rom\u016f. V\u011bt\u0161ina z\u00a0nich \u017eije v\u00a0soci\u00e1ln\u011b vylou\u010den\u00fdch lokalit\u00e1ch a je ohro\u017eena soci\u00e1ln\u00edm vylou\u010den\u00edm. Na m\u011bstsk\u00e9 \u010d\u00e1sti v\u00a0tuto chv\u00edli pracuj\u00ed dv\u011b ter\u00e9nn\u00ed pracovnice, kter\u00e9 ro\u010dn\u011b pracuj\u00ed s\u00a0v\u00edce ne\u017e 100 klienty. V\u00a0r\u00e1mci komunitn\u00edho pl\u00e1nov\u00e1n\u00ed zde vznikla pracovn\u00ed skupina zam\u011b\u0159ena na tuto skupinu obyvatel. Poda\u0159ilo se p\u0159izvat ke spolupr\u00e1ci tak\u00e9 cizince t\u0159et\u00edch zem\u00ed a pracovn\u00ed skupina dostala n\u00e1zev &#8222;Cizinci a men\u0161iny&#8220;.<\/p>\n<p><strong>Kontakty:<\/strong><br \/>\n<strong>Mgr. David Be\u0148\u00e1k<\/strong>, mana\u017eer projektu &#8211; tel. 281 005 301 e-mail:\u00a0<a href=\"mailto:david.benak@praha14.cz\">david.benak@praha14.cz<\/a><br \/>\nErika Pil\u00e1tov\u00e1, n\u00e1rodn\u00ed koordin\u00e1torka &#8211; tel. 702 034 502, e-mail:\u00a0<a href=\"mailto:p14.rom.plan@gmail.com\">p14.rom.plan@gmail.com<\/a><\/p>\n<p><a href=\"\/app\/uploads\/sites\/3\/2014\/05\/logo_esf.jpg\" data-rel=\"lightbox-image-19\" data-rl_title=\"\" data-rl_caption=\"\" title=\"\"><img loading=\"lazy\" decoding=\"async\" src=\"\/app\/uploads\/sites\/3\/2014\/05\/logo_esf.jpg\" alt=\"Logo ESF\" width=\"704\" height=\"94\" \/><\/a><\/p>\n<p>\n\t\t\t\t<\/div>\n\t\t\t<\/div>\n\t\t<\/article><article class=\"panel panel-default\">\n\t\t\t<div class=\"panel-heading\">\n\t\t\t\t<h1 class=\"panel-title\">\n\t\t\t\t\t<a data-toggle=\"collapse\" data-parent=\"#panel_group_1\" href=\"#panel_1_8\" class=\"collapsed\">\n\t\t\t\t\t\tSoci\u00e1ln\u011b integra\u010dn\u00ed aktivity v soci\u00e1ln\u011b vylou\u010den\u00fdch komunit\u00e1ch na \u00fazem\u00ed m\u011bstsk\u00e9 \u010d\u00e1sti Praha 14\n\t\t\t\t\t<\/a>\n\t\t\t\t<\/h1>\n\t\t\t<\/div>\n\t\t\t<div id=\"panel_1_8\" class=\"panel-collapse collapse\">\n\t\t\t\t<div class=\"panel-body\">\n\t\t\t\t\t<\/p>\n<p>M\u011bstsk\u00e1 \u010d\u00e1st se zapoji<span style=\"line-height: 1.5em;\">la do\u00a0<\/span><strong style=\"line-height: 1.5em;\">Programu prevence kriminality na rok 2012<\/strong><span style=\"line-height: 1.5em;\">\u00a0Ministerstva vnitra podle priorit vl\u00e1dn\u00ed &#8222;<\/span><a style=\"line-height: 1.5em;\" title=\"Odkaz do nov\u00e9ho okna\" href=\"http:\/\/www.mvcr.cz\/clanek\/programy-prevence-kriminality.aspx\" target=\"_blank\" rel=\"noopener noreferrer\">Strategie prevence kriminality v\u00a0\u010cesk\u00e9 republice na l\u00e9ta 2012 a\u017e 2015<\/a><span style=\"line-height: 1.5em;\">.<\/span><\/p>\n<p>Na \u00fazem\u00ed M\u011bstsk\u00e9 \u010d\u00e1sti se v\u00a0souvislosti s\u00a0rozs\u00e1hlou s\u00eddli\u0161tn\u00ed v\u00fdstavbou v\u00a0posledn\u00edch dvaceti letech vytvo\u0159ila po\u010detn\u00e1 romsk\u00e1 komunita \u010d\u00edtej\u00edc\u00ed cca 2000 osob a anal\u00fdza soci\u00e1ln\u011b vylou\u010den\u00fdch lokalit identifikovala t\u0159i lokality posti\u017een\u00e9 extr\u00e9mn\u011b vysokou nezam\u011bstnanost\u00ed, ve kter\u00fdch \u017eije zhruba 400 lid\u00ed v\u010detn\u011b d\u011bt\u00ed v\u00a0podm\u00ednk\u00e1ch\u00a0<strong>p\u0159\u00edm\u00e9ho soci\u00e1ln\u00edho vylou\u010den\u00ed<\/strong>.<\/p>\n<p>Projekt je zam\u011b\u0159en na dv\u011b c\u00edlov\u00e9 skupiny, na d\u011bti a ml\u00e1de\u017e a na osoby zodpov\u011bdn\u00e9 za v\u00fdchovu d\u011bt\u00ed. C\u00edlem projetku je nab\u00eddnout d\u011btem vhodn\u00e9 tr\u00e1ven\u00ed voln\u00e9ho \u010dasu, udr\u017een\u00ed d\u011bt\u00ed v\u00a0hlavn\u00edm vzd\u011bl\u00e1vac\u00edm proudu a podpo\u0159it jejich \u0161koln\u00ed \u00fasp\u011b\u0161nost, podpo\u0159it pr\u00e1vn\u00ed v\u011bdom\u00ed osob zodpov\u011bdn\u00fdch za v\u00fdchovu a podpo\u0159it vytv\u00e1\u0159en\u00ed pozitivn\u00edch vzorc\u016f chov\u00e1n\u00ed.<\/p>\n<p>Prost\u0159edky projektuje p\u0159edstavuje pravideln\u00fd provoz klubu B v\u00a0lokalit\u011b Broumarsk\u00e1, ve kter\u00e9m maj\u00ed d\u011bti mo\u017enost tr\u00e1ven\u00ed voln\u00e9ho \u010dasu, jedn\u00e1 se o \u010dinnosti: zp\u00edv\u00e1n\u00ed, malov\u00e1n\u00ed, hry, tisk na textil, v\u00fdroba hra\u010dek atp., v\u00fdlety d\u011bt\u00ed po hl. m. Praze a m\u011bs\u00ed\u010dn\u00ed komunitn\u00ed setk\u00e1v\u00e1n\u00ed rodi\u010d\u016f a dal\u0161\u00edch osob zam\u011b\u0159en\u00e9 na kl\u00ed\u010dov\u00e1 t\u00e9mata jako doch\u00e1zka do \u0161koly a d\u016fsledky jej\u00edho nepln\u011bn\u00ed, trestn\u00ed odpov\u011bdnost d\u011bt\u00ed a mladistv\u00edch, toxikologie atd.<\/p>\n<p>Projekt prob\u00edh\u00e1 od \u010dervna do prosince roku 2012 pod veden\u00edm pracovn\u00edk\u016f Odboru soci\u00e1ln\u00edch v\u011bc\u00ed a zdravotnictv\u00ed \u00fa\u0159adu M\u011bstsk\u00e9 \u010d\u00e1sti Praha 14, \u010d\u00edm\u017e je zaji\u0161t\u011bna n\u00e1vaznost projektu na celkov\u00e9 p\u016fsoben\u00ed M\u011bstsk\u00e9 \u010d\u00e1sti v\u00a0soci\u00e1ln\u00ed oblasti.<\/p>\n<p><strong>V roce 2013 byl projekt op\u011bt podpo\u0159en<\/strong>\u00a0dotac\u00ed Ministerstva vnitra \u010cR a M\u010c Praha 14 tak m\u016f\u017ee pokra\u010dovat v soci\u00e1ln\u011b integra\u010dn\u00edch aktivit\u00e1ch, kter\u00e9 zde prob\u00edhaly v lo\u0148sk\u00e9m roce. Projekt byl upraven na z\u00e1klad\u011b z\u00edskan\u00fdch zku\u0161enost\u00ed a evaluac\u00ed prob\u011bhl\u00fdch aktivit. Soci\u00e1ln\u011b integra\u010dn\u00ed aktivity se sna\u017e\u00edme p\u0159izp\u016fsobit tak, aby co nejpru\u017en\u011bji reagovali na probl\u00e9my, se kter\u00fdmi se obyvatel\u00e9, resp. d\u011bti a ml\u00e1de\u017e, \u017eij\u00edc\u00ed v soci\u00e1ln\u011b vylou\u010den\u00fdch lokalit\u00e1ch pot\u00fdkaj\u00ed. Projekt poskytuje sociokulturn\u011b znev\u00fdhodn\u011bn\u00fdm d\u011btem a ml\u00e1de\u017ei podobn\u00e9 p\u0159\u00edle\u017eitosti pro tr\u00e1ven\u00ed voln\u00e9ho \u010dasu a rozvoj osobnosti jako maj\u00ed jejich vrstevn\u00edci, p\u0159isp\u011bje k eliminaci jejich rizikov\u00e9 chov\u00e1n\u00ed.<\/p>\n<p>Projekt je realizov\u00e1n Komunitn\u00edm centrem Ch\u00e1nov, na z\u00e1klad\u011b smlouvy s M\u010c Praha 14. Prob\u00edh\u00e1 od kv\u011btna do prosince roku 2013<\/p>\n<p><a href=\"\/app\/uploads\/sites\/3\/2014\/05\/logo_Mc.png\" data-rel=\"lightbox-image-20\" data-rl_title=\"\" data-rl_caption=\"\" title=\"\"><img loading=\"lazy\" decoding=\"async\" class=\"alignleft\" src=\"\/app\/uploads\/sites\/3\/2014\/05\/logo_Mc.png\" alt=\"Logo M\u010c Praha 14\" width=\"171\" height=\"58\" hspace=\"130\" \/><\/a><img loading=\"lazy\" decoding=\"async\" src=\"\/app\/uploads\/sites\/3\/2014\/05\/logo_mvcr.jpg\" alt=\"Logo MV\u010cR\" width=\"220\" height=\"70\" hspace=\"130\" \/><\/p>\n<p>\n\t\t\t\t<\/div>\n\t\t\t<\/div>\n\t\t<\/article><\/div><\/section>\n","protected":false},"excerpt":{"rendered":"","protected":false},"author":1,"featured_media":0,"parent":21866,"menu_order":0,"comment_status":"closed","ping_status":"open","template":"","meta":{"_acf_changed":false,"footnotes":""},"class_list":["post-55","page","type-page","status-publish","hentry"],"acf":[],"yoast_head":"<!-- This site is optimized with the Yoast SEO plugin v27.2 - https:\/\/yoast.com\/product\/yoast-seo-wordpress\/ -->\n<title>Projekty - Samospr\u00e1va \u00daM\u010c Praha 14<\/title>\n<meta name=\"robots\" content=\"index, follow, max-snippet:-1, max-image-preview:large, max-video-preview:-1\" \/>\n<link rel=\"canonical\" href=\"https:\/\/www.praha14.cz\/samosprava\/dulezite-informace\/projekty\/\" \/>\n<meta property=\"og:locale\" content=\"cs_CZ\" \/>\n<meta property=\"og:type\" content=\"article\" \/>\n<meta property=\"og:title\" content=\"Projekty - Samospr\u00e1va \u00daM\u010c Praha 14\" \/>\n<meta property=\"og:url\" content=\"https:\/\/www.praha14.cz\/samosprava\/dulezite-informace\/projekty\/\" \/>\n<meta property=\"og:site_name\" content=\"Samospr\u00e1va \u00daM\u010c Praha 14\" \/>\n<meta property=\"article:modified_time\" content=\"2026-04-24T09:26:25+00:00\" \/>\n<meta property=\"og:image\" content=\"https:\/\/www.praha14.cz\/app\/uploads\/sites\/3\/2026\/04\/WhatsApp-Image-2026-04-23-at-09.12.57-2.jpeg\" \/>\n\t<meta property=\"og:image:width\" content=\"1536\" \/>\n\t<meta property=\"og:image:height\" content=\"2040\" \/>\n\t<meta property=\"og:image:type\" content=\"image\/jpeg\" \/>\n<meta name=\"twitter:card\" content=\"summary_large_image\" \/>\n<meta name=\"twitter:label1\" content=\"Est. reading time\" \/>\n\t<meta name=\"twitter:data1\" content=\"62 minut\" \/>\n<script type=\"application\/ld+json\" class=\"yoast-schema-graph\">{\"@context\":\"https:\/\/schema.org\",\"@graph\":[{\"@type\":\"WebPage\",\"@id\":\"https:\/\/www.praha14.cz\/samosprava\/dulezite-informace\/projekty\/\",\"url\":\"https:\/\/www.praha14.cz\/samosprava\/dulezite-informace\/projekty\/\",\"name\":\"Projekty - Samospr\u00e1va \u00daM\u010c Praha 14\",\"isPartOf\":{\"@id\":\"https:\/\/www.praha14.cz\/samosprava\/#website\"},\"primaryImageOfPage\":{\"@id\":\"https:\/\/www.praha14.cz\/samosprava\/dulezite-informace\/projekty\/#primaryimage\"},\"image\":{\"@id\":\"https:\/\/www.praha14.cz\/samosprava\/dulezite-informace\/projekty\/#primaryimage\"},\"thumbnailUrl\":\"https:\/\/www.praha14.cz\/app\/uploads\/sites\/3\/2026\/04\/WhatsApp-Image-2026-04-23-at-09.12.57-2-279x370.jpeg\",\"datePublished\":\"2014-04-16T10:00:38+00:00\",\"dateModified\":\"2026-04-24T09:26:25+00:00\",\"breadcrumb\":{\"@id\":\"https:\/\/www.praha14.cz\/samosprava\/dulezite-informace\/projekty\/#breadcrumb\"},\"inLanguage\":\"cs\",\"potentialAction\":[{\"@type\":\"ReadAction\",\"target\":[\"https:\/\/www.praha14.cz\/samosprava\/dulezite-informace\/projekty\/\"]}]},{\"@type\":\"ImageObject\",\"inLanguage\":\"cs\",\"@id\":\"https:\/\/www.praha14.cz\/samosprava\/dulezite-informace\/projekty\/#primaryimage\",\"url\":\"https:\/\/www.praha14.cz\/app\/uploads\/sites\/3\/2026\/04\/WhatsApp-Image-2026-04-23-at-09.12.57-2-279x370.jpeg\",\"contentUrl\":\"https:\/\/www.praha14.cz\/app\/uploads\/sites\/3\/2026\/04\/WhatsApp-Image-2026-04-23-at-09.12.57-2-279x370.jpeg\"},{\"@type\":\"BreadcrumbList\",\"@id\":\"https:\/\/www.praha14.cz\/samosprava\/dulezite-informace\/projekty\/#breadcrumb\",\"itemListElement\":[{\"@type\":\"ListItem\",\"position\":1,\"name\":\"Samospr\u00e1va \u00daM\u010c Praha 14\",\"item\":\"https:\/\/www.praha14.cz\/samosprava\/\"},{\"@type\":\"ListItem\",\"position\":2,\"name\":\"D\u016fle\u017eit\u00e9 informace\",\"item\":\"https:\/\/www.praha14.cz\/samosprava\/dulezite-informace\/\"},{\"@type\":\"ListItem\",\"position\":3,\"name\":\"Projekty\"}]},{\"@type\":\"WebSite\",\"@id\":\"https:\/\/www.praha14.cz\/samosprava\/#website\",\"url\":\"https:\/\/www.praha14.cz\/samosprava\/\",\"name\":\"Samospr\u00e1va \u00daM\u010c Praha 14\",\"description\":\"Ofici\u00e1ln\u00ed str\u00e1nky Samospr\u00e1vy \u00daM\u010c Praha 14\",\"potentialAction\":[{\"@type\":\"SearchAction\",\"target\":{\"@type\":\"EntryPoint\",\"urlTemplate\":\"https:\/\/www.praha14.cz\/samosprava\/?s={search_term_string}\"},\"query-input\":{\"@type\":\"PropertyValueSpecification\",\"valueRequired\":true,\"valueName\":\"search_term_string\"}}],\"inLanguage\":\"cs\"}]}<\/script>\n<!-- \/ Yoast SEO plugin. -->","yoast_head_json":{"title":"Projekty - Samospr\u00e1va \u00daM\u010c Praha 14","robots":{"index":"index","follow":"follow","max-snippet":"max-snippet:-1","max-image-preview":"max-image-preview:large","max-video-preview":"max-video-preview:-1"},"canonical":"https:\/\/www.praha14.cz\/samosprava\/dulezite-informace\/projekty\/","og_locale":"cs_CZ","og_type":"article","og_title":"Projekty - Samospr\u00e1va \u00daM\u010c Praha 14","og_url":"https:\/\/www.praha14.cz\/samosprava\/dulezite-informace\/projekty\/","og_site_name":"Samospr\u00e1va \u00daM\u010c Praha 14","article_modified_time":"2026-04-24T09:26:25+00:00","og_image":[{"width":1536,"height":2040,"url":"https:\/\/www.praha14.cz\/app\/uploads\/sites\/3\/2026\/04\/WhatsApp-Image-2026-04-23-at-09.12.57-2.jpeg","type":"image\/jpeg"}],"twitter_card":"summary_large_image","twitter_misc":{"Est. reading time":"62 minut"},"schema":{"@context":"https:\/\/schema.org","@graph":[{"@type":"WebPage","@id":"https:\/\/www.praha14.cz\/samosprava\/dulezite-informace\/projekty\/","url":"https:\/\/www.praha14.cz\/samosprava\/dulezite-informace\/projekty\/","name":"Projekty - Samospr\u00e1va \u00daM\u010c Praha 14","isPartOf":{"@id":"https:\/\/www.praha14.cz\/samosprava\/#website"},"primaryImageOfPage":{"@id":"https:\/\/www.praha14.cz\/samosprava\/dulezite-informace\/projekty\/#primaryimage"},"image":{"@id":"https:\/\/www.praha14.cz\/samosprava\/dulezite-informace\/projekty\/#primaryimage"},"thumbnailUrl":"https:\/\/www.praha14.cz\/app\/uploads\/sites\/3\/2026\/04\/WhatsApp-Image-2026-04-23-at-09.12.57-2-279x370.jpeg","datePublished":"2014-04-16T10:00:38+00:00","dateModified":"2026-04-24T09:26:25+00:00","breadcrumb":{"@id":"https:\/\/www.praha14.cz\/samosprava\/dulezite-informace\/projekty\/#breadcrumb"},"inLanguage":"cs","potentialAction":[{"@type":"ReadAction","target":["https:\/\/www.praha14.cz\/samosprava\/dulezite-informace\/projekty\/"]}]},{"@type":"ImageObject","inLanguage":"cs","@id":"https:\/\/www.praha14.cz\/samosprava\/dulezite-informace\/projekty\/#primaryimage","url":"https:\/\/www.praha14.cz\/app\/uploads\/sites\/3\/2026\/04\/WhatsApp-Image-2026-04-23-at-09.12.57-2-279x370.jpeg","contentUrl":"https:\/\/www.praha14.cz\/app\/uploads\/sites\/3\/2026\/04\/WhatsApp-Image-2026-04-23-at-09.12.57-2-279x370.jpeg"},{"@type":"BreadcrumbList","@id":"https:\/\/www.praha14.cz\/samosprava\/dulezite-informace\/projekty\/#breadcrumb","itemListElement":[{"@type":"ListItem","position":1,"name":"Samospr\u00e1va \u00daM\u010c Praha 14","item":"https:\/\/www.praha14.cz\/samosprava\/"},{"@type":"ListItem","position":2,"name":"D\u016fle\u017eit\u00e9 informace","item":"https:\/\/www.praha14.cz\/samosprava\/dulezite-informace\/"},{"@type":"ListItem","position":3,"name":"Projekty"}]},{"@type":"WebSite","@id":"https:\/\/www.praha14.cz\/samosprava\/#website","url":"https:\/\/www.praha14.cz\/samosprava\/","name":"Samospr\u00e1va \u00daM\u010c Praha 14","description":"Ofici\u00e1ln\u00ed str\u00e1nky Samospr\u00e1vy \u00daM\u010c Praha 14","potentialAction":[{"@type":"SearchAction","target":{"@type":"EntryPoint","urlTemplate":"https:\/\/www.praha14.cz\/samosprava\/?s={search_term_string}"},"query-input":{"@type":"PropertyValueSpecification","valueRequired":true,"valueName":"search_term_string"}}],"inLanguage":"cs"}]}},"_links":{"self":[{"href":"https:\/\/www.praha14.cz\/samosprava\/wp-json\/wp\/v2\/pages\/55","targetHints":{"allow":["GET"]}}],"collection":[{"href":"https:\/\/www.praha14.cz\/samosprava\/wp-json\/wp\/v2\/pages"}],"about":[{"href":"https:\/\/www.praha14.cz\/samosprava\/wp-json\/wp\/v2\/types\/page"}],"author":[{"embeddable":true,"href":"https:\/\/www.praha14.cz\/samosprava\/wp-json\/wp\/v2\/users\/1"}],"replies":[{"embeddable":true,"href":"https:\/\/www.praha14.cz\/samosprava\/wp-json\/wp\/v2\/comments?post=55"}],"version-history":[{"count":38,"href":"https:\/\/www.praha14.cz\/samosprava\/wp-json\/wp\/v2\/pages\/55\/revisions"}],"predecessor-version":[{"id":39995,"href":"https:\/\/www.praha14.cz\/samosprava\/wp-json\/wp\/v2\/pages\/55\/revisions\/39995"}],"up":[{"embeddable":true,"href":"https:\/\/www.praha14.cz\/samosprava\/wp-json\/wp\/v2\/pages\/21866"}],"wp:attachment":[{"href":"https:\/\/www.praha14.cz\/samosprava\/wp-json\/wp\/v2\/media?parent=55"}],"curies":[{"name":"wp","href":"https:\/\/api.w.org\/{rel}","templated":true}]}}