{"version":"1.0","provider_name":"\u00daM\u010c P14","provider_url":"https:\/\/www.praha14.cz\/urad-mestske-casti","author_name":"M\u011bstsk\u00e1 \u010d\u00e1st Praha 14","author_url":"https:\/\/www.praha14.cz\/urad-mestske-casti\/author\/veronikaberna\/","title":"V\u00edt\u00e1n\u00ed ob\u010d\u00e1nk\u016f - \u00daM\u010c P14","type":"rich","width":600,"height":338,"html":"<blockquote class=\"wp-embedded-content\" data-secret=\"a5BokOrC9W\"><a href=\"https:\/\/www.praha14.cz\/urad-mestske-casti\/potrebuji-vyridit\/vitani-obcanku\/\">V\u00edt\u00e1n\u00ed ob\u010d\u00e1nk\u016f<\/a><\/blockquote><iframe sandbox=\"allow-scripts\" security=\"restricted\" src=\"https:\/\/www.praha14.cz\/urad-mestske-casti\/potrebuji-vyridit\/vitani-obcanku\/embed\/#?secret=a5BokOrC9W\" width=\"600\" height=\"338\" title=\"&#8222;V\u00edt\u00e1n\u00ed ob\u010d\u00e1nk\u016f&#8220; &#8212; \u00daM\u010c P14\" data-secret=\"a5BokOrC9W\" frameborder=\"0\" marginwidth=\"0\" marginheight=\"0\" scrolling=\"no\" class=\"wp-embedded-content\"><\/iframe><script type=\"text\/javascript\">\n\/* <![CDATA[ *\/\n\/*! This file is auto-generated *\/\n!function(d,l){\"use strict\";l.querySelector&&d.addEventListener&&\"undefined\"!=typeof URL&&(d.wp=d.wp||{},d.wp.receiveEmbedMessage||(d.wp.receiveEmbedMessage=function(e){var t=e.data;if((t||t.secret||t.message||t.value)&&!\/[^a-zA-Z0-9]\/.test(t.secret)){for(var s,r,n,a=l.querySelectorAll('iframe[data-secret=\"'+t.secret+'\"]'),o=l.querySelectorAll('blockquote[data-secret=\"'+t.secret+'\"]'),c=new RegExp(\"^https?:$\",\"i\"),i=0;i<o.length;i++)o[i].style.display=\"none\";for(i=0;i<a.length;i++)s=a[i],e.source===s.contentWindow&&(s.removeAttribute(\"style\"),\"height\"===t.message?(1e3<(r=parseInt(t.value,10))?r=1e3:~~r<200&&(r=200),s.height=r):\"link\"===t.message&&(r=new URL(s.getAttribute(\"src\")),n=new URL(t.value),c.test(n.protocol))&&n.host===r.host&&l.activeElement===s&&(d.top.location.href=t.value))}},d.addEventListener(\"message\",d.wp.receiveEmbedMessage,!1),l.addEventListener(\"DOMContentLoaded\",function(){for(var e,t,s=l.querySelectorAll(\"iframe.wp-embedded-content\"),r=0;r<s.length;r++)(t=(e=s[r]).getAttribute(\"data-secret\"))||(t=Math.random().toString(36).substring(2,12),e.src+=\"#?secret=\"+t,e.setAttribute(\"data-secret\",t)),e.contentWindow.postMessage({message:\"ready\",secret:t},\"*\")},!1)))}(window,document);\n\/\/# sourceURL=https:\/\/www.praha14.cz\/urad-mestske-casti\/wp-includes\/js\/wp-embed.min.js\n\/* ]]> *\/\n<\/script>\n","description":"M\u011bstsk\u00e1 \u010d\u00e1st Praha 14 organizuje v\u00edt\u00e1n\u00ed ob\u010d\u00e1nk\u016f, kter\u00e9 prob\u00edh\u00e1 v\u00a0Galerii 14, n\u00e1m. Plk. Vl\u010dka 686, Praha 9 \u2013 \u010cern\u00fd Most a kon\u00e1 se zpravidla jednou za m\u011bs\u00edc. V\u00edt\u00e1n\u00ed ob\u010d\u00e1nk\u016f prov\u00e1d\u00ed starosta Ji\u0159\u00ed Zajac, 1. m\u00edstostarostka Mgr. M\u00e1ria \u0160ev\u010d\u00edkov\u00e1, m\u00edstostarostka So\u0148a Tom\u00e1nkov\u00e1, m\u00edstostarosta Jarom\u00edr Kr\u00e1tk\u00fd, Mgr. Radek Vondra, MUDr. Kate\u0159ina Pavl\u00ed\u010dkov\u00e1, Jaroslav Verner, Mgr. Zuzana Habartov\u00e1,...","thumbnail_url":"https:\/\/www.praha14.cz\/app\/uploads\/sites\/2\/2022\/02\/v01-31-13-43-150x150.jpg"}