{"id":103,"date":"2014-04-11T13:35:36","date_gmt":"2014-04-11T12:35:36","guid":{"rendered":"\/urad-mestske-casti\/?page_id=103"},"modified":"2025-04-01T14:38:52","modified_gmt":"2025-04-01T12:38:52","slug":"urad-u-vas-doma","status":"publish","type":"page","link":"https:\/\/www.praha14.cz\/urad-mestske-casti\/urad-u-vas-doma\/","title":{"rendered":"\u00da\u0159ad u V\u00e1s doma"},"content":{"rendered":"<p>\u00da\u0159ad m\u011bstsk\u00e9 \u010d\u00e1sti Praha 14 nab\u00edz\u00ed mo\u017enost vy\u0159izov\u00e1n\u00ed n\u011bkter\u00fdch z\u00e1le\u017eitost\u00ed v bytech ob\u010dan\u016f. Touto nab\u00eddkou se sna\u017e\u00ed vyj\u00edt vst\u0159\u00edc na\u0161im star\u0161\u00edm spoluob\u010dan\u016fm a ob\u010dan\u016fm se sn\u00ed\u017eenou pohyblivost\u00ed, pro kter\u00e9 n\u00e1v\u0161t\u011bva \u00fa\u0159adu p\u0159edstavuje zna\u010dn\u00fd probl\u00e9m. V mimo\u0159\u00e1dn\u00fdch p\u0159\u00edpadech (nap\u0159. dlouhodob\u00e1 sn\u00ed\u017een\u00e1 pohyblivost) bude slu\u017eba poskytnuta i ostatn\u00edm ob\u010dan\u016fm.<\/p>\n<section class=\"p14-panel-group\"><div id=\"panel_group_1\" class=\"panel-group\"><article class=\"panel panel-default\">\n\t\t\t<div class=\"panel-heading\">\n\t\t\t\t<h1 class=\"panel-title\">\n\t\t\t\t\t<a data-toggle=\"collapse\" data-parent=\"#panel_group_1\" href=\"#panel_1_1\" class=\"collapsed\">\n\t\t\t\t\t\tCo lze v r\u00e1mci t\u00e9to slu\u017eby za\u0159\u00eddit\n\t\t\t\t\t<\/a>\n\t\t\t\t<\/h1>\n\t\t\t<\/div>\n\t\t\t<div id=\"panel_1_1\" class=\"panel-collapse collapse\">\n\t\t\t\t<div class=\"panel-body\">\n\t\t\t\t\t<\/p>\n<p>Jedn\u00e1 se o \u00fakony, kter\u00e9 jsou v kompetenci <strong>Odboru spr\u00e1vn\u00edch agend<\/strong>. Odd\u011blen\u00ed osobn\u00edch doklad\u016f tohoto odboru zajist\u00ed v m\u00edst\u011b bydli\u0161t\u011b, pokud se ob\u010dan z v\u00e1\u017en\u00fdch zdravotn\u00edch d\u016fvod\u016f nem\u016f\u017ee dostavit na \u00fa\u0159ad, agendu p\u0159ihl\u00e1\u0161en\u00ed k trval\u00e9mu pobytu a agendu pod\u00e1n\u00ed \u017e\u00e1dosti o ob\u010dansk\u00fd pr\u016fkaz (pracovi\u0161t\u011b je vybaveno mobiln\u00edm za\u0159\u00edzen\u00edm pro po\u0159\u00edzen\u00ed \u017e\u00e1dosti s biometrick\u00fdmi ochrann\u00fdmi prvky).<\/p>\n<p>D\u00e1le Odbor spr\u00e1vn\u00edch agend zaji\u0161\u0165uje v bytech ob\u010dan\u016f ov\u011b\u0159en\u00ed podpisu pro nepohybliv\u00e9 ob\u010dany. Slu\u017eba je poskytov\u00e1na na telefonick\u00e9 (osobn\u00ed) objedn\u00e1n\u00ed a je realizov\u00e1na v\u017edy pouze v p\u00e1tek po 12.00 hod., v po\u0159ad\u00ed dle objedn\u00e1vek. V nal\u00e9hav\u00fdch p\u0159\u00edpadech doporu\u010dujeme se obr\u00e1tit na n\u011bkterou not\u00e1\u0159skou kancel\u00e1\u0159. D\u011bkujeme za pochopen\u00ed.<\/p>\n<p>\n\t\t\t\t<\/div>\n\t\t\t<\/div>\n\t\t<\/article><\/p>\n<p><article class=\"panel panel-default\">\n\t\t\t<div class=\"panel-heading\">\n\t\t\t\t<h1 class=\"panel-title\">\n\t\t\t\t\t<a data-toggle=\"collapse\" data-parent=\"#panel_group_1\" href=\"#panel_1_2\" class=\"collapsed\">\n\t\t\t\t\t\tKomu je slu\u017eba ur\u010dena\n\t\t\t\t\t<\/a>\n\t\t\t\t<\/h1>\n\t\t\t<\/div>\n\t\t\t<div id=\"panel_1_2\" class=\"panel-collapse collapse\">\n\t\t\t\t<div class=\"panel-body\">\n\t\t\t\t\t<\/p>\n<p>Nab\u00eddka je ur\u010dena ob\u010dan\u016fm m\u011bstsk\u00e9 \u010d\u00e1sti Praha 14 a m\u011bstsk\u00e9 \u010d\u00e1sti Praha-Doln\u00ed Po\u010dernice.<\/p>\n<p>\n\t\t\t\t<\/div>\n\t\t\t<\/div>\n\t\t<\/article><\/p>\n<p><article class=\"panel panel-default\">\n\t\t\t<div class=\"panel-heading\">\n\t\t\t\t<h1 class=\"panel-title\">\n\t\t\t\t\t<a data-toggle=\"collapse\" data-parent=\"#panel_group_1\" href=\"#panel_1_3\" class=\"collapsed\">\n\t\t\t\t\t\tKontakt na pracovi\u0161t\u011b\n\t\t\t\t\t<\/a>\n\t\t\t\t<\/h1>\n\t\t\t<\/div>\n\t\t\t<div id=\"panel_1_3\" class=\"panel-collapse collapse\">\n\t\t\t\t<div class=\"panel-body\">\n\t\t\t\t\t<\/p>\n<p><strong>Evidence obyvatel<\/strong>: 225 295 557 nebo\u00a0225 295 558<\/p>\n<p><strong>Ob\u010dansk\u00e9 pr\u016fkazy:<\/strong> 225 295 555<\/p>\n<p><strong>Ov\u011b\u0159ov\u00e1n\u00ed:<\/strong> 225 295 560 nebo\u00a0225 295 233\n\t\t\t\t<\/div>\n\t\t\t<\/div>\n\t\t<\/article><\/p>\n<p><\/div><\/section>\n","protected":false},"excerpt":{"rendered":"<p>\u00da\u0159ad m\u011bstsk\u00e9 \u010d\u00e1sti Praha 14 nab\u00edz\u00ed mo\u017enost vy\u0159izov\u00e1n\u00ed n\u011bkter\u00fdch z\u00e1le\u017eitost\u00ed v bytech ob\u010dan\u016f. Touto nab\u00eddkou se sna\u017e\u00ed vyj\u00edt vst\u0159\u00edc na\u0161im star\u0161\u00edm spoluob\u010dan\u016fm a ob\u010dan\u016fm se sn\u00ed\u017eenou pohyblivost\u00ed, pro kter\u00e9 n\u00e1v\u0161t\u011bva \u00fa\u0159adu p\u0159edstavuje zna\u010dn\u00fd probl\u00e9m. V mimo\u0159\u00e1dn\u00fdch p\u0159\u00edpadech (nap\u0159. dlouhodob\u00e1 sn\u00ed\u017een\u00e1 pohyblivost) bude slu\u017eba poskytnuta i ostatn\u00edm ob\u010dan\u016fm.<\/p>\n","protected":false},"author":1,"featured_media":0,"parent":0,"menu_order":0,"comment_status":"closed","ping_status":"open","template":"","meta":{"_acf_changed":false,"footnotes":""},"class_list":["post-103","page","type-page","status-publish","hentry"],"acf":[],"yoast_head":"<!-- This site is optimized with the Yoast SEO plugin v27.2 - https:\/\/yoast.com\/product\/yoast-seo-wordpress\/ -->\n<title>\u00da\u0159ad u V\u00e1s doma - \u00daM\u010c P14<\/title>\n<meta name=\"robots\" content=\"index, follow, max-snippet:-1, max-image-preview:large, max-video-preview:-1\" \/>\n<link rel=\"canonical\" href=\"https:\/\/www.praha14.cz\/urad-mestske-casti\/urad-u-vas-doma\/\" \/>\n<meta property=\"og:locale\" content=\"cs_CZ\" \/>\n<meta property=\"og:type\" content=\"article\" \/>\n<meta property=\"og:title\" content=\"\u00da\u0159ad u V\u00e1s doma - \u00daM\u010c P14\" \/>\n<meta property=\"og:description\" content=\"\u00da\u0159ad m\u011bstsk\u00e9 \u010d\u00e1sti Praha 14 nab\u00edz\u00ed mo\u017enost vy\u0159izov\u00e1n\u00ed n\u011bkter\u00fdch z\u00e1le\u017eitost\u00ed v bytech ob\u010dan\u016f. Touto nab\u00eddkou se sna\u017e\u00ed vyj\u00edt vst\u0159\u00edc na\u0161im star\u0161\u00edm spoluob\u010dan\u016fm a ob\u010dan\u016fm se sn\u00ed\u017eenou pohyblivost\u00ed, pro kter\u00e9 n\u00e1v\u0161t\u011bva \u00fa\u0159adu p\u0159edstavuje zna\u010dn\u00fd probl\u00e9m. V mimo\u0159\u00e1dn\u00fdch p\u0159\u00edpadech (nap\u0159. dlouhodob\u00e1 sn\u00ed\u017een\u00e1 pohyblivost) bude slu\u017eba poskytnuta i ostatn\u00edm ob\u010dan\u016fm.\" \/>\n<meta property=\"og:url\" content=\"https:\/\/www.praha14.cz\/urad-mestske-casti\/urad-u-vas-doma\/\" \/>\n<meta property=\"og:site_name\" content=\"\u00daM\u010c P14\" \/>\n<meta property=\"article:modified_time\" content=\"2025-04-01T12:38:52+00:00\" \/>\n<meta name=\"twitter:card\" content=\"summary_large_image\" \/>\n<meta name=\"twitter:label1\" content=\"Est. reading time\" \/>\n\t<meta name=\"twitter:data1\" content=\"2 minuty\" \/>\n<script type=\"application\/ld+json\" class=\"yoast-schema-graph\">{\"@context\":\"https:\/\/schema.org\",\"@graph\":[{\"@type\":\"WebPage\",\"@id\":\"https:\/\/www.praha14.cz\/urad-mestske-casti\/urad-u-vas-doma\/\",\"url\":\"https:\/\/www.praha14.cz\/urad-mestske-casti\/urad-u-vas-doma\/\",\"name\":\"\u00da\u0159ad u V\u00e1s doma - \u00daM\u010c P14\",\"isPartOf\":{\"@id\":\"https:\/\/www.praha14.cz\/urad-mestske-casti\/#website\"},\"datePublished\":\"2014-04-11T12:35:36+00:00\",\"dateModified\":\"2025-04-01T12:38:52+00:00\",\"breadcrumb\":{\"@id\":\"https:\/\/www.praha14.cz\/urad-mestske-casti\/urad-u-vas-doma\/#breadcrumb\"},\"inLanguage\":\"cs\",\"potentialAction\":[{\"@type\":\"ReadAction\",\"target\":[\"https:\/\/www.praha14.cz\/urad-mestske-casti\/urad-u-vas-doma\/\"]}]},{\"@type\":\"BreadcrumbList\",\"@id\":\"https:\/\/www.praha14.cz\/urad-mestske-casti\/urad-u-vas-doma\/#breadcrumb\",\"itemListElement\":[{\"@type\":\"ListItem\",\"position\":1,\"name\":\"\u00da\u0159ad m\u011bstsk\u00e9 \u010d\u00e1sti Praha 14\",\"item\":\"https:\/\/www.praha14.cz\/urad-mestske-casti\/\"},{\"@type\":\"ListItem\",\"position\":2,\"name\":\"\u00da\u0159ad u V\u00e1s doma\"}]},{\"@type\":\"WebSite\",\"@id\":\"https:\/\/www.praha14.cz\/urad-mestske-casti\/#website\",\"url\":\"https:\/\/www.praha14.cz\/urad-mestske-casti\/\",\"name\":\"\u00daM\u010c P14\",\"description\":\"Ofici\u00e1ln\u00ed str\u00e1nky m\u011bstsk\u00e9 \u010d\u00e1sti Praha 14\",\"potentialAction\":[{\"@type\":\"SearchAction\",\"target\":{\"@type\":\"EntryPoint\",\"urlTemplate\":\"https:\/\/www.praha14.cz\/urad-mestske-casti\/?s={search_term_string}\"},\"query-input\":{\"@type\":\"PropertyValueSpecification\",\"valueRequired\":true,\"valueName\":\"search_term_string\"}}],\"inLanguage\":\"cs\"}]}<\/script>\n<!-- \/ Yoast SEO plugin. -->","yoast_head_json":{"title":"\u00da\u0159ad u V\u00e1s doma - \u00daM\u010c P14","robots":{"index":"index","follow":"follow","max-snippet":"max-snippet:-1","max-image-preview":"max-image-preview:large","max-video-preview":"max-video-preview:-1"},"canonical":"https:\/\/www.praha14.cz\/urad-mestske-casti\/urad-u-vas-doma\/","og_locale":"cs_CZ","og_type":"article","og_title":"\u00da\u0159ad u V\u00e1s doma - \u00daM\u010c P14","og_description":"\u00da\u0159ad m\u011bstsk\u00e9 \u010d\u00e1sti Praha 14 nab\u00edz\u00ed mo\u017enost vy\u0159izov\u00e1n\u00ed n\u011bkter\u00fdch z\u00e1le\u017eitost\u00ed v bytech ob\u010dan\u016f. Touto nab\u00eddkou se sna\u017e\u00ed vyj\u00edt vst\u0159\u00edc na\u0161im star\u0161\u00edm spoluob\u010dan\u016fm a ob\u010dan\u016fm se sn\u00ed\u017eenou pohyblivost\u00ed, pro kter\u00e9 n\u00e1v\u0161t\u011bva \u00fa\u0159adu p\u0159edstavuje zna\u010dn\u00fd probl\u00e9m. V mimo\u0159\u00e1dn\u00fdch p\u0159\u00edpadech (nap\u0159. dlouhodob\u00e1 sn\u00ed\u017een\u00e1 pohyblivost) bude slu\u017eba poskytnuta i ostatn\u00edm ob\u010dan\u016fm.","og_url":"https:\/\/www.praha14.cz\/urad-mestske-casti\/urad-u-vas-doma\/","og_site_name":"\u00daM\u010c P14","article_modified_time":"2025-04-01T12:38:52+00:00","twitter_card":"summary_large_image","twitter_misc":{"Est. reading time":"2 minuty"},"schema":{"@context":"https:\/\/schema.org","@graph":[{"@type":"WebPage","@id":"https:\/\/www.praha14.cz\/urad-mestske-casti\/urad-u-vas-doma\/","url":"https:\/\/www.praha14.cz\/urad-mestske-casti\/urad-u-vas-doma\/","name":"\u00da\u0159ad u V\u00e1s doma - \u00daM\u010c P14","isPartOf":{"@id":"https:\/\/www.praha14.cz\/urad-mestske-casti\/#website"},"datePublished":"2014-04-11T12:35:36+00:00","dateModified":"2025-04-01T12:38:52+00:00","breadcrumb":{"@id":"https:\/\/www.praha14.cz\/urad-mestske-casti\/urad-u-vas-doma\/#breadcrumb"},"inLanguage":"cs","potentialAction":[{"@type":"ReadAction","target":["https:\/\/www.praha14.cz\/urad-mestske-casti\/urad-u-vas-doma\/"]}]},{"@type":"BreadcrumbList","@id":"https:\/\/www.praha14.cz\/urad-mestske-casti\/urad-u-vas-doma\/#breadcrumb","itemListElement":[{"@type":"ListItem","position":1,"name":"\u00da\u0159ad m\u011bstsk\u00e9 \u010d\u00e1sti Praha 14","item":"https:\/\/www.praha14.cz\/urad-mestske-casti\/"},{"@type":"ListItem","position":2,"name":"\u00da\u0159ad u V\u00e1s doma"}]},{"@type":"WebSite","@id":"https:\/\/www.praha14.cz\/urad-mestske-casti\/#website","url":"https:\/\/www.praha14.cz\/urad-mestske-casti\/","name":"\u00daM\u010c P14","description":"Ofici\u00e1ln\u00ed str\u00e1nky m\u011bstsk\u00e9 \u010d\u00e1sti Praha 14","potentialAction":[{"@type":"SearchAction","target":{"@type":"EntryPoint","urlTemplate":"https:\/\/www.praha14.cz\/urad-mestske-casti\/?s={search_term_string}"},"query-input":{"@type":"PropertyValueSpecification","valueRequired":true,"valueName":"search_term_string"}}],"inLanguage":"cs"}]}},"_links":{"self":[{"href":"https:\/\/www.praha14.cz\/urad-mestske-casti\/wp-json\/wp\/v2\/pages\/103","targetHints":{"allow":["GET"]}}],"collection":[{"href":"https:\/\/www.praha14.cz\/urad-mestske-casti\/wp-json\/wp\/v2\/pages"}],"about":[{"href":"https:\/\/www.praha14.cz\/urad-mestske-casti\/wp-json\/wp\/v2\/types\/page"}],"author":[{"embeddable":true,"href":"https:\/\/www.praha14.cz\/urad-mestske-casti\/wp-json\/wp\/v2\/users\/1"}],"replies":[{"embeddable":true,"href":"https:\/\/www.praha14.cz\/urad-mestske-casti\/wp-json\/wp\/v2\/comments?post=103"}],"version-history":[{"count":6,"href":"https:\/\/www.praha14.cz\/urad-mestske-casti\/wp-json\/wp\/v2\/pages\/103\/revisions"}],"predecessor-version":[{"id":53253,"href":"https:\/\/www.praha14.cz\/urad-mestske-casti\/wp-json\/wp\/v2\/pages\/103\/revisions\/53253"}],"wp:attachment":[{"href":"https:\/\/www.praha14.cz\/urad-mestske-casti\/wp-json\/wp\/v2\/media?parent=103"}],"curies":[{"name":"wp","href":"https:\/\/api.w.org\/{rel}","templated":true}]}}