{"id":1212,"date":"2014-04-30T11:53:50","date_gmt":"2014-04-30T10:53:50","guid":{"rendered":"\/zivot-na-praze-14\/?page_id=1212"},"modified":"2026-02-10T09:08:57","modified_gmt":"2026-02-10T08:08:57","slug":"uvod-o-skolstvi","status":"publish","type":"page","link":"https:\/\/www.praha14.cz\/urad-mestske-casti\/hledam-informaci\/skolstvi\/uvod-o-skolstvi\/","title":{"rendered":"Informace"},"content":{"rendered":"<section class=\"p14-panel-group\"><div id=\"panel_group_1\" class=\"panel-group\"><article class=\"panel panel-default\">\n\t\t\t<div class=\"panel-heading\">\n\t\t\t\t<h1 class=\"panel-title\">\n\t\t\t\t\t<a data-toggle=\"collapse\" data-parent=\"#panel_group_1\" href=\"#panel_1_1\" class=\"collapsed\">\n\t\t\t\t\t\tObsah str\u00e1nky\n\t\t\t\t\t<\/a>\n\t\t\t\t<\/h1>\n\t\t\t<\/div>\n\t\t\t<div id=\"panel_1_1\" class=\"panel-collapse collapse\">\n\t\t\t\t<div class=\"panel-body\">\n\t\t\t\t\t<\/p>\n<h5>Spole\u010dn\u00e9 informace:<\/h5>\n<ul>\n<li><a href=\"https:\/\/www.praha14.cz\/app\/uploads\/sites\/2\/2025\/08\/Organizace_skolniho_roku_2025_2026.pdf\" target=\"_blank\" rel=\"noopener\">Organizace \u0161koln\u00edho roku 2025 &#8211; 2026<\/a><\/li>\n<li><a href=\"https:\/\/www.praha14.cz\/app\/uploads\/sites\/2\/2025\/12\/vyhlaska-c.-19-2025_P14.pdf\" target=\"_blank\" rel=\"noopener\">Obecn\u011b z\u00e1vazn\u00e1 vyhl\u00e1\u0161ka hl. m. Prahy o \u0161kolsk\u00fdch obvodech z\u00e1kladn\u00edch \u0161kol<\/a>\u00a0(tato vyhl\u00e1\u0161ka nab\u00fdv\u00e1 \u00fa\u010dinnosti od 1. ledna 2026)<\/li>\n<li><a href=\"https:\/\/www.spadovostpraha.cz\/\" target=\"_blank\" rel=\"noopener\">Mapa pra\u017esk\u00fdch sp\u00e1dov\u00fdch oblast\u00ed<\/a><\/li>\n<li><a href=\"https:\/\/www.praha14.cz\/app\/uploads\/sites\/2\/2025\/12\/Zapis-do-zakladni-skoly-informace-pro-zakonne-zastupce.pdf\" target=\"_blank\" rel=\"noopener\">Z\u00e1pis do z\u00e1kladn\u00ed \u0161koly &#8211; informace pro z\u00e1konn\u00e9 z\u00e1stupce<\/a><\/li>\n<li><a href=\"https:\/\/www.praha14.cz\/app\/uploads\/sites\/2\/2025\/12\/Odklad-povinne-skolni-dochazky-pro-zakonne-zastupce.pdf\" target=\"_blank\" rel=\"noopener\">Odklad povinn\u00e9 \u0161koln\u00ed doch\u00e1zky &#8211; informace pro z\u00e1konn\u00e9 z\u00e1stupce<\/a><\/li>\n<li><a href=\"https:\/\/www.praha14.cz\/app\/uploads\/sites\/2\/2025\/03\/MS-vyhlaska-c.-6-2025-Praha-14.pdf\" target=\"_blank\" rel=\"noopener\">Obecn\u011b z\u00e1vazn\u00e1 vyhl\u00e1\u0161ka \u010d. 6\/2025 Sb. hl. m. Prahy, o \u0161kolsk\u00fdch obvodech mate\u0159sk\u00fdch \u0161kol<\/a> (tato vyhl\u00e1\u0161ka nab\u00fdv\u00e1 \u00fa\u010dinnosti od 1. dubna 2025)<\/li>\n<li><a href=\"https:\/\/www.praha14.cz\/zivot-na-praze-14\/fotogalerie\/#panel_1_2\" target=\"_blank\" rel=\"noopener noreferrer\">Virtu\u00e1ln\u00ed prohl\u00eddky \u0161kol<\/a><\/li>\n<\/ul>\n<h5>Dal\u0161\u00ed informace:<\/h5>\n<p><a title=\"Seznam \u0161kol a \u0161kolek\" href=\"\/urad-mestske-casti\/hledam-informaci\/skolstvi\/seznam-skol-a-skolek\/\" target=\"_blank\" rel=\"noopener noreferrer\">Seznam \u0161kol v Praze 14<\/a><br \/>\n<a href=\"http:\/\/www.praha.eu\/jnp\/cz\/potrebuji_resit\/zivotni_situace\/skolstvi\/vydani_zapisoveho_listku_na_mhmp.html\" target=\"_blank\" rel=\"noopener noreferrer\">Postup v p\u0159\u00edpad\u011b \u017e\u00e1dosti o vyd\u00e1n\u00ed z\u00e1pisov\u00e9ho l\u00edstku na MHMP<\/a><\/p>\n<p>\n\t\t\t\t<\/div>\n\t\t\t<\/div>\n\t\t<\/article><article class=\"panel panel-default\">\n\t\t\t<div class=\"panel-heading\">\n\t\t\t\t<h1 class=\"panel-title\">\n\t\t\t\t\t<a data-toggle=\"collapse\" data-parent=\"#panel_group_1\" href=\"#panel_1_2\" class=\"collapsed\">\n\t\t\t\t\t\tMate\u0159sk\u00e9 \u0161koly\n\t\t\t\t\t<\/a>\n\t\t\t\t<\/h1>\n\t\t\t<\/div>\n\t\t\t<div id=\"panel_1_2\" class=\"panel-collapse collapse\">\n\t\t\t\t<div class=\"panel-body\">\n\t\t\t\t\t<\/p>\n<h5>Zm\u011bna term\u00edn\u016f z\u00e1pis\u016f do mate\u0159sk\u00fdch \u0161kol<\/h5>\n<p>Od roku 2026 doch\u00e1z\u00ed ke zm\u011bn\u011b term\u00edn\u016f z\u00e1pis\u016f do mate\u0159sk\u00fdch \u0161kol. Budou prob\u00edhat\u00a0<strong>od 15. b\u0159ezna do 15. dubna 2026<\/strong>. Na tuto zm\u011bnu budou rodi\u010de upozor\u0148ov\u00e1ni i p\u0159\u00edmo ve \u0161kol\u00e1ch.<\/p>\n<h5>Pr\u00e1zdninov\u00fd provoz mate\u0159sk\u00fdch \u0161kol<\/h5>\n<p>Pr\u00e1zdninov\u00fd provoz bude b\u011bhem letn\u00edch pr\u00e1zdnin zaji\u0161t\u011bn v obdob\u00ed <strong>od 1. 7. do 24. 7. 2026.<\/strong> Podrobn\u011bj\u0161\u00ed informace najdete na webov\u00fdch str\u00e1nk\u00e1ch jednotliv\u00fdch mate\u0159sk\u00fdch \u0161kol.<\/p>\n<h5>Pravidla pro p\u0159ij\u00edm\u00e1n\u00ed d\u011bt\u00ed do mate\u0159sk\u00fdch \u0161kol z\u0159\u00edzen\u00fdch M\u010c Praha 14<\/h5>\n<p>O p\u0159ij\u00edm\u00e1n\u00ed k p\u0159ed\u0161koln\u00edmu vzd\u011bl\u00e1v\u00e1n\u00ed rozhoduje \u0159editel mate\u0159sk\u00e9 \u0161koly dle \u00a7 34 odst. 3 z\u00e1k. \u010d. 561\/2004 Sb., \u0161kolsk\u00fd z\u00e1kon, v platn\u00e9m zn\u011bn\u00ed.\u00a0<strong>Kontakty na\u00a010 mate\u0159sk\u00fdch \u0161kol z\u0159izovan\u00fdch M\u010c Praha 14 naleznete\u00a0<\/strong><a href=\"https:\/\/www.praha14.cz\/urad-mestske-casti\/hledam-informaci\/skolstvi\/seznam-skol-a-skolek\/#panel_1_2\" target=\"_blank\" rel=\"noopener noreferrer\">zde<\/a>.<\/p>\n<h5>V\u00fd\u0161e p\u0159\u00edsp\u011bvku v mate\u0159sk\u00fdch \u0161kol\u00e1ch:<\/h5>\n<p>V\u00a0z\u00e1kon\u011b \u010d. 561\/2014 ve zn\u011bn\u00ed pozd\u011bj\u0161\u00edch p\u0159edpis\u016f se stanovuje: Vzd\u011bl\u00e1v\u00e1n\u00ed, kter\u00e9 neposkytuje stupe\u0148 vzd\u011bl\u00e1v\u00e1n\u00ed lze poskytovat za \u00faplatu, kter\u00e1 je p\u0159\u00edjmem pr\u00e1vnick\u00e9 osoby vykon\u00e1vaj\u00edc\u00ed \u010dinnost dan\u00e9 \u0161koly nebo \u0161kolsk\u00e9ho za\u0159\u00edzen\u00ed. <strong>Vzd\u011bl\u00e1v\u00e1n\u00ed v\u00a0mate\u0159sk\u00e9 \u0161kole z\u0159izovan\u00e9 st\u00e1tem, krajem, obc\u00ed nebo svazkem obc\u00ed se d\u00edt\u011bti poskytuje bez\u00faplatn\u011b od po\u010d\u00e1tku \u0161koln\u00edho roku, kter\u00fd n\u00e1sleduje po dni, kdy d\u00edt\u011b dos\u00e1hne p\u00e1t\u00e9ho roku v\u011bku. <\/strong>Vzd\u011bl\u00e1v\u00e1n\u00ed v\u00a0p\u0159\u00edpravn\u00e9 t\u0159\u00edd\u011b z\u00e1kladn\u00ed \u0161koly speci\u00e1ln\u00ed se v\u00a0p\u0159\u00edpravn\u00e9m stupni z\u00e1kladn\u00ed \u0161koly speci\u00e1ln\u00ed se v\u00a0p\u0159\u00edpad\u011b \u0161kol z\u0159izovan\u00fdm st\u00e1tem, krajem, obc\u00ed nebo svazkem obc\u00ed poskytuje bez\u00faplatn\u011b.<\/p>\n<p>\n\t\t\t\t<\/div>\n\t\t\t<\/div>\n\t\t<\/article><article class=\"panel panel-default\">\n\t\t\t<div class=\"panel-heading\">\n\t\t\t\t<h1 class=\"panel-title\">\n\t\t\t\t\t<a data-toggle=\"collapse\" data-parent=\"#panel_group_1\" href=\"#panel_1_3\" class=\"collapsed\">\n\t\t\t\t\t\tZ\u00e1kladn\u00ed \u0161koly\n\t\t\t\t\t<\/a>\n\t\t\t\t<\/h1>\n\t\t\t<\/div>\n\t\t\t<div id=\"panel_1_3\" class=\"panel-collapse collapse\">\n\t\t\t\t<div class=\"panel-body\">\n\t\t\t\t\t<\/p>\n<p><span style=\"color: #a2c516;\"><strong>Z\u00e1pisy do Z\u0160 ve \u0161koln\u00edm roce 2026\/2027<\/strong><\/span><\/p>\n<p>Od roku 2026 doch\u00e1z\u00ed ke zm\u011bn\u011b term\u00edn\u016f z\u00e1pis\u016f do z\u00e1kladn\u00edch \u0161kol. Budou prob\u00edhat od <strong>15. ledna do 15. \u00fanora 2026<\/strong>. Na tuto zm\u011bnu budou rodi\u010de upozor\u0148ov\u00e1ni i p\u0159\u00edmo ve \u0161kol\u00e1ch. Rodi\u010de, kte\u0159\u00ed budou \u017e\u00e1dat o\u00a0<strong>odklad povinn\u00e9 \u0161koln\u00ed doch\u00e1zky<\/strong>, se mus\u00ed sezn\u00e1mit s\u00a0<strong>nov\u00fdmi pravidly<\/strong>, kter\u00e1 se vztahuj\u00ed k\u00a0<strong>roku narozen\u00ed d\u00edt\u011bte<\/strong>.<\/p>\n<p data-start=\"143\" data-end=\"304\">Z\u00e1pisy do 1. t\u0159\u00edd z\u00e1kladn\u00edch \u0161kol pro \u0161koln\u00ed rok <strong data-start=\"192\" data-end=\"205\">2026\/2027<\/strong> prob\u011bhnou na na\u0161ich \u0161kol\u00e1ch v n\u00e1sleduj\u00edc\u00edch term\u00ednech.<\/p>\n<p data-start=\"306\" data-end=\"362\"><strong data-start=\"309\" data-end=\"327\">Z\u0160 Chvaletick\u00e1<\/strong><br data-start=\"327\" data-end=\"330\" \/>22. 1. 2026<br data-start=\"344\" data-end=\"347\" \/>13.00\u201318.00<\/p>\n<p data-start=\"364\" data-end=\"423\"><strong data-start=\"367\" data-end=\"389\">Z\u0160 Brat\u0159\u00ed Vencl\u00edk\u016f<\/strong><br data-start=\"389\" data-end=\"392\" \/>2. 2. 2026<br data-start=\"405\" data-end=\"408\" \/>14.00\u201318.00<\/p>\n<p data-start=\"425\" data-end=\"482\"><strong data-start=\"428\" data-end=\"445\">Z\u0160 Vyb\u00edralova<\/strong><br data-start=\"445\" data-end=\"448\" \/>3.\u20134. 2. 2026<br data-start=\"464\" data-end=\"467\" \/>13.00\u201317.00<\/p>\n<p data-start=\"484\" data-end=\"545\"><strong data-start=\"487\" data-end=\"511\">Z\u0160 Gener\u00e1la Janou\u0161ka<\/strong><br data-start=\"511\" data-end=\"514\" \/>4. 2. 2026<br data-start=\"527\" data-end=\"530\" \/>13.00\u201318.00<\/p>\n<p data-start=\"547\" data-end=\"672\"><strong data-start=\"550\" data-end=\"567\">Z\u0160 \u0160imanovsk\u00e1<\/strong><br data-start=\"567\" data-end=\"570\" \/>4. 2. 2026 | 14.00\u201317.30 (budova \u0160imanovsk\u00e1)<br data-start=\"619\" data-end=\"622\" \/>5. 2. 2026 | 14.00\u201317.30 (budova Ba\u0161t\u00fd\u0159sk\u00e1)<\/p>\n<p data-start=\"674\" data-end=\"731\"><strong data-start=\"677\" data-end=\"696\">Z\u0160 Hloub\u011bt\u00ednsk\u00e1<\/strong><br data-start=\"696\" data-end=\"699\" \/>11. 2. 2026<br data-start=\"713\" data-end=\"716\" \/>13.00\u201318.00<\/p>\n<p data-start=\"674\" data-end=\"731\">Podrobn\u00e9 informace k z\u00e1pis\u016fm najdete na webov\u00fdch str\u00e1nk\u00e1ch jednotliv\u00fdch \u0161kol.<\/p>\n<p><span style=\"color: #a2c516;\"><strong>Do kter\u00e9 \u0161koly p\u0159ihl\u00e1sit d\u00edt\u011b?<\/strong><\/span><br \/>\nPovinnost p\u0159ihl\u00e1sit d\u00edt\u011b ke \u0161koln\u00ed doch\u00e1zce je d\u00e1na \u0161kolsk\u00fdm z\u00e1konem a to do \u0161koly podle sp\u00e1dov\u00e9 oblasti. Jejich\u00a0<a href=\"https:\/\/www.praha14.cz\/urad-mestske-casti\/hledam-informaci\/skolstvi\/seznam-skol-a-skolek\/\" target=\"_blank\" rel=\"noopener noreferrer\">p\u0159ehled v m\u011bstsk\u00e9 \u010d\u00e1sti Praha 14<\/a>\u00a0je zve\u0159ejn\u011bn na na\u0161ich webov\u00fdch str\u00e1nk\u00e1ch v sekci \u0161kolstv\u00ed.<\/p>\n<p><span style=\"color: #a2c516;\"><strong>P\u0159\u00edpravn\u00e9 t\u0159\u00eddy 2025\/2026<\/strong><\/span><\/p>\n<p>Ve \u0161koln\u00edm roce 2025\/2026 jsou otev\u0159en\u00e9: 1 p\u0159\u00edpravn\u00e1 t\u0159\u00edda Z\u0160 Gen. Janou\u0161ka, 1 p\u0159\u00edpravn\u00e1 t\u0159\u00edda v Z\u0160 Vyb\u00edralova\u00a0a 1 p\u0159\u00edpravn\u00e1 t\u0159\u00edda v Z\u0160 \u0160imanovsk\u00e1.<\/p>\n<ul>\n<li><a href=\"https:\/\/www.praha14.cz\/app\/uploads\/sites\/2\/2025\/12\/Zapis-do-zakladni-skoly-informace-pro-zakonne-zastupce.pdf\" target=\"_blank\" rel=\"noopener\">Z\u00e1pis do z\u00e1kladn\u00ed \u0161koly &#8211; informace pro z\u00e1konn\u00e9 z\u00e1stupce<\/a><\/li>\n<li><a href=\"https:\/\/www.praha14.cz\/app\/uploads\/sites\/2\/2025\/12\/Odklad-povinne-skolni-dochazky-pro-zakonne-zastupce.pdf\" target=\"_blank\" rel=\"noopener\">Odklad povinn\u00e9 \u0161koln\u00ed doch\u00e1zky &#8211; informace pro z\u00e1konn\u00e9 z\u00e1stupce<\/a><\/li>\n<\/ul>\n<p>\n\t\t\t\t<\/div>\n\t\t\t<\/div>\n\t\t<\/article><article class=\"panel panel-default\">\n\t\t\t<div class=\"panel-heading\">\n\t\t\t\t<h1 class=\"panel-title\">\n\t\t\t\t\t<a data-toggle=\"collapse\" data-parent=\"#panel_group_1\" href=\"#panel_1_4\" class=\"collapsed\">\n\t\t\t\t\t\tSeznam vybran\u00fdch platn\u00fdch p\u0159edpis\u016f v resortu \u0161kolstv\u00ed pro p\u016fsobnost m. \u010d. Praha 14\n\t\t\t\t\t<\/a>\n\t\t\t\t<\/h1>\n\t\t\t<\/div>\n\t\t\t<div id=\"panel_1_4\" class=\"panel-collapse collapse\">\n\t\t\t\t<div class=\"panel-body\">\n\t\t\t\t\t<\/p>\n<h5>a. ve vztahu ke \u0161kol\u00e1m a \u0161kolsk\u00fdm za\u0159\u00edzen\u00edm<\/h5>\n<p><span style=\"color: #a2c516;\"><strong>Z\u00e1kony (v platn\u00e9m zn\u011bn\u00ed)<\/strong><\/span><\/p>\n<ul>\n<li>Z\u00e1kon\u00a0<strong>\u010d. 561\/2004 Sb.<\/strong>, o p\u0159ed\u0161koln\u00edm, z\u00e1kladn\u00edm, st\u0159edn\u00edm, vy\u0161\u0161\u00edm odborn\u00e9m a jin\u00e9m vzd\u011bl\u00e1v\u00e1n\u00ed (\u0161kolsk\u00fd z\u00e1kon)<\/li>\n<li>Z\u00e1kon\u00a0<strong>\u010d. 563\/2004 Sb.<\/strong>, o pedagogick\u00fdch pracovn\u00edc\u00edch a o zm\u011bn\u011b n\u011bkter\u00fdch z\u00e1kon\u016f<\/li>\n<\/ul>\n<p><span style=\"color: #a2c516;\"><strong>Na\u0159\u00edzen\u00ed vl\u00e1dy (v platn\u00e9m zn\u011bn\u00ed)<\/strong><\/span><\/p>\n<ul>\n<li>Na\u0159\u00edzen\u00ed vl\u00e1dy\u00a0<strong>\u010d. 211\/2010 Sb.,\u00a0o soustav\u011b obor\u016f vzd\u011bl\u00e1n\u00ed v z\u00e1kladn\u00edm, st\u0159edn\u00edm a vy\u0161\u0161\u00edm odborn\u00e9m vzd\u011bl\u00e1n\u00ed<\/strong><\/li>\n<\/ul>\n<p><span style=\"color: #a2c516;\"><strong>Vyhl\u00e1\u0161ky (v platn\u00e9m zn\u011bn\u00ed)<\/strong><\/span><\/p>\n<ul>\n<li>Vyhl\u00e1\u0161ka\u00a0<strong>\u010d. 12\/2005 Sb.<\/strong>, o podm\u00ednk\u00e1ch uzn\u00e1n\u00ed rovnocennosti a nostrifikace vysv\u011bd\u010den\u00ed vydan\u00fdch zahrani\u010dn\u00edmi \u0161kolami<\/li>\n<li>Vyhl\u00e1\u0161ka\u00a0<strong>\u010d. 13\/2005 Sb.<\/strong>, o st\u0159edn\u00edm vzd\u011bl\u00e1v\u00e1n\u00ed a vzd\u011bl\u00e1v\u00e1n\u00ed v konzervato\u0159i<\/li>\n<li>Vyhl\u00e1\u0161ka\u00a0<strong>\u010d. 14\/2005 Sb.<\/strong>, o p\u0159ed\u0161koln\u00edm vzd\u011bl\u00e1v\u00e1n\u00ed<\/li>\n<li>Vyhl\u00e1\u0161ka\u00a0<strong>\u010d. 15\/2005 Sb.<\/strong>, kterou se stanov\u00ed n\u00e1le\u017eitosti dlouhodob\u00fdch z\u00e1m\u011br\u016f, v\u00fdro\u010dn\u00edch zpr\u00e1v<\/li>\n<li>Vyhl\u00e1\u0161ka\u00a0<strong>\u010d. 16\/2005 Sb.<\/strong>, o organizaci \u0161koln\u00edho roku<\/li>\n<li>Vyhl\u00e1\u0161ka\u00a0<strong>\u010d. 17\/2015 Sb.<\/strong>, o \u0161koln\u00edm stravov\u00e1n\u00ed, ve zn\u011bn\u00ed pozd\u011bj\u0161\u00edch p\u0159edpis\u016f<\/li>\n<li>Vyhl\u00e1\u0161ka <strong>\u010d. 27\/2016 Sb.,<\/strong> o vzd\u011bl\u00e1v\u00e1n\u00ed \u017e\u00e1k\u016f se speci\u00e1ln\u00edmi vzd\u011bl\u00e1vac\u00edmi pot\u0159ebami a \u017e\u00e1k\u016f nadan\u00fdch<\/li>\n<li>Vyhl\u00e1\u0161ka\u00a0<strong>\u010d. 48\/2005 Sb.<\/strong>, o z\u00e1kladn\u00edm vzd\u011bl\u00e1v\u00e1n\u00ed a n\u011bkter\u00fdch n\u00e1le\u017eitostech pln\u011bn\u00ed povinn\u00e9 \u0161koln\u00ed doch\u00e1zky<\/li>\n<li>Vyhl\u00e1\u0161ka\u00a0<strong>\u010d. 54\/2005 Sb.<\/strong>, o n\u00e1le\u017eitostech konkursn\u00edho \u0159\u00edzen\u00ed a konkursn\u00edch komis\u00edch<\/li>\n<li>Vyhl\u00e1\u0161ka\u00a0<strong>\u010d. 64\/2005 Sb.<\/strong>, o evidenci \u00faraz\u016f d\u011bt\u00ed, \u017e\u00e1k\u016f a student\u016f<\/li>\n<li>Vyhl\u00e1\u0161ka\u00a0<strong>\u010d. 71\/2005 Sb.<\/strong>, o z\u00e1kladn\u00edm um\u011bleck\u00e9m vzd\u011bl\u00e1v\u00e1n\u00ed<\/li>\n<li>Vyhl\u00e1\u0161ka\u00a0<strong>\u010d. 72\/2005 Sb.<\/strong>, o poskytov\u00e1n\u00ed poradensk\u00fdch slu\u017eeb ve \u0161kol\u00e1ch a \u0161kolsk\u00fdch poradensk\u00fdch za\u0159\u00edzen\u00edch<\/li>\n<li>Vyhl\u00e1\u0161ka\u00a0<strong>\u010d. 74\/2005 Sb.<\/strong>, o z\u00e1jmov\u00e9m vzd\u011bl\u00e1v\u00e1n\u00ed<\/li>\n<\/ul>\n<p>&nbsp;<\/p>\n<h5><span style=\"color: #58595b;\"><strong>b. ve vztahu k obci a k ekonomick\u00fdm z\u00e1le\u017eitostem \u0161kol a \u0161kolsk\u00fdch za\u0159\u00edzen\u00ed<\/strong><\/span><\/h5>\n<p><span style=\"color: #58595b;\"><strong><span style=\"color: #a2c516;\">Z\u00e1kony (v platn\u00e9m zn\u011bn\u00ed)<\/span><\/strong><\/span><\/p>\n<ul>\n<li>Z\u00e1kon\u00a0<strong>\u010d. 131\/2000 Sb.<\/strong>, o hlavn\u00edm m\u011bst\u011b Praze<\/li>\n<li>Z\u00e1kon\u00a0<strong>\u010d. 137\/2006 Sb.<\/strong>, o ve\u0159ejn\u00fdch zak\u00e1zk\u00e1ch<\/li>\n<li>Z\u00e1kon\u00a0<strong>\u010d. 183\/2006 Sb.<\/strong>, o \u00fazemn\u00edm pl\u00e1nov\u00e1n\u00ed a stavebn\u00edm \u0159\u00e1du (stavebn\u00ed z\u00e1kon)<\/li>\n<li>Z\u00e1kon\u00a0<strong>\u010d. 250\/2000 Sb.<\/strong>, o rozpo\u010dtov\u00fdch pravidlech \u00fazemn\u00edch rozpo\u010dt\u016f<\/li>\n<li>Z\u00e1kon\u00a0<strong>\u010d. 320\/2001 Sb.<\/strong>, o finan\u010dn\u00ed kontrole ve ve\u0159ejn\u00e9 spr\u00e1v\u011b a o zm\u011bn\u011b n\u011bkter\u00fdch z\u00e1kon\u016f (z\u00e1kon o finan\u010dn\u00ed kontrole)<\/li>\n<li>Z\u00e1kon\u00a0<strong>\u010d. 563\/1991 Sb.<\/strong>, o \u00fa\u010detnictv\u00ed<\/li>\n<li>Z\u00e1kon\u00a0<strong>\u010d. 586\/1992 Sb.<\/strong>, o dan\u00edch z p\u0159\u00edjm\u016f<\/li>\n<\/ul>\n<p>\n\t\t\t\t<\/div>\n\t\t\t<\/div>\n\t\t<\/article><\/div><\/section>\n","protected":false},"excerpt":{"rendered":"","protected":false},"author":1,"featured_media":0,"parent":27840,"menu_order":0,"comment_status":"closed","ping_status":"open","template":"","meta":{"_acf_changed":false,"footnotes":""},"class_list":["post-1212","page","type-page","status-publish","hentry"],"acf":[],"yoast_head":"<!-- This site is optimized with the Yoast SEO plugin v27.2 - https:\/\/yoast.com\/product\/yoast-seo-wordpress\/ -->\n<title>Informace - \u00daM\u010c P14<\/title>\n<meta name=\"robots\" content=\"index, follow, max-snippet:-1, max-image-preview:large, max-video-preview:-1\" \/>\n<link rel=\"canonical\" href=\"https:\/\/www.praha14.cz\/urad-mestske-casti\/hledam-informaci\/skolstvi\/uvod-o-skolstvi\/\" \/>\n<meta property=\"og:locale\" content=\"cs_CZ\" \/>\n<meta property=\"og:type\" content=\"article\" \/>\n<meta property=\"og:title\" content=\"Informace - \u00daM\u010c P14\" \/>\n<meta property=\"og:url\" content=\"https:\/\/www.praha14.cz\/urad-mestske-casti\/hledam-informaci\/skolstvi\/uvod-o-skolstvi\/\" \/>\n<meta property=\"og:site_name\" content=\"\u00daM\u010c P14\" \/>\n<meta property=\"article:modified_time\" content=\"2026-02-10T08:08:57+00:00\" \/>\n<meta name=\"twitter:card\" content=\"summary_large_image\" \/>\n<meta name=\"twitter:label1\" content=\"Est. reading time\" \/>\n\t<meta name=\"twitter:data1\" content=\"5 minut\" \/>\n<script type=\"application\/ld+json\" class=\"yoast-schema-graph\">{\"@context\":\"https:\/\/schema.org\",\"@graph\":[{\"@type\":\"WebPage\",\"@id\":\"https:\/\/www.praha14.cz\/urad-mestske-casti\/hledam-informaci\/skolstvi\/uvod-o-skolstvi\/\",\"url\":\"https:\/\/www.praha14.cz\/urad-mestske-casti\/hledam-informaci\/skolstvi\/uvod-o-skolstvi\/\",\"name\":\"Informace - \u00daM\u010c P14\",\"isPartOf\":{\"@id\":\"https:\/\/www.praha14.cz\/urad-mestske-casti\/#website\"},\"datePublished\":\"2014-04-30T10:53:50+00:00\",\"dateModified\":\"2026-02-10T08:08:57+00:00\",\"breadcrumb\":{\"@id\":\"https:\/\/www.praha14.cz\/urad-mestske-casti\/hledam-informaci\/skolstvi\/uvod-o-skolstvi\/#breadcrumb\"},\"inLanguage\":\"cs\",\"potentialAction\":[{\"@type\":\"ReadAction\",\"target\":[\"https:\/\/www.praha14.cz\/urad-mestske-casti\/hledam-informaci\/skolstvi\/uvod-o-skolstvi\/\"]}]},{\"@type\":\"BreadcrumbList\",\"@id\":\"https:\/\/www.praha14.cz\/urad-mestske-casti\/hledam-informaci\/skolstvi\/uvod-o-skolstvi\/#breadcrumb\",\"itemListElement\":[{\"@type\":\"ListItem\",\"position\":1,\"name\":\"\u00da\u0159ad m\u011bstsk\u00e9 \u010d\u00e1sti Praha 14\",\"item\":\"https:\/\/www.praha14.cz\/urad-mestske-casti\/\"},{\"@type\":\"ListItem\",\"position\":2,\"name\":\"Hled\u00e1m informaci\",\"item\":\"https:\/\/www.praha14.cz\/urad-mestske-casti\/hledam-informaci\/\"},{\"@type\":\"ListItem\",\"position\":3,\"name\":\"\u0160kolstv\u00ed\",\"item\":\"https:\/\/www.praha14.cz\/urad-mestske-casti\/hledam-informaci\/skolstvi\/\"},{\"@type\":\"ListItem\",\"position\":4,\"name\":\"Informace\"}]},{\"@type\":\"WebSite\",\"@id\":\"https:\/\/www.praha14.cz\/urad-mestske-casti\/#website\",\"url\":\"https:\/\/www.praha14.cz\/urad-mestske-casti\/\",\"name\":\"\u00daM\u010c P14\",\"description\":\"Ofici\u00e1ln\u00ed str\u00e1nky m\u011bstsk\u00e9 \u010d\u00e1sti Praha 14\",\"potentialAction\":[{\"@type\":\"SearchAction\",\"target\":{\"@type\":\"EntryPoint\",\"urlTemplate\":\"https:\/\/www.praha14.cz\/urad-mestske-casti\/?s={search_term_string}\"},\"query-input\":{\"@type\":\"PropertyValueSpecification\",\"valueRequired\":true,\"valueName\":\"search_term_string\"}}],\"inLanguage\":\"cs\"}]}<\/script>\n<!-- \/ Yoast SEO plugin. -->","yoast_head_json":{"title":"Informace - \u00daM\u010c P14","robots":{"index":"index","follow":"follow","max-snippet":"max-snippet:-1","max-image-preview":"max-image-preview:large","max-video-preview":"max-video-preview:-1"},"canonical":"https:\/\/www.praha14.cz\/urad-mestske-casti\/hledam-informaci\/skolstvi\/uvod-o-skolstvi\/","og_locale":"cs_CZ","og_type":"article","og_title":"Informace - \u00daM\u010c P14","og_url":"https:\/\/www.praha14.cz\/urad-mestske-casti\/hledam-informaci\/skolstvi\/uvod-o-skolstvi\/","og_site_name":"\u00daM\u010c P14","article_modified_time":"2026-02-10T08:08:57+00:00","twitter_card":"summary_large_image","twitter_misc":{"Est. reading time":"5 minut"},"schema":{"@context":"https:\/\/schema.org","@graph":[{"@type":"WebPage","@id":"https:\/\/www.praha14.cz\/urad-mestske-casti\/hledam-informaci\/skolstvi\/uvod-o-skolstvi\/","url":"https:\/\/www.praha14.cz\/urad-mestske-casti\/hledam-informaci\/skolstvi\/uvod-o-skolstvi\/","name":"Informace - \u00daM\u010c P14","isPartOf":{"@id":"https:\/\/www.praha14.cz\/urad-mestske-casti\/#website"},"datePublished":"2014-04-30T10:53:50+00:00","dateModified":"2026-02-10T08:08:57+00:00","breadcrumb":{"@id":"https:\/\/www.praha14.cz\/urad-mestske-casti\/hledam-informaci\/skolstvi\/uvod-o-skolstvi\/#breadcrumb"},"inLanguage":"cs","potentialAction":[{"@type":"ReadAction","target":["https:\/\/www.praha14.cz\/urad-mestske-casti\/hledam-informaci\/skolstvi\/uvod-o-skolstvi\/"]}]},{"@type":"BreadcrumbList","@id":"https:\/\/www.praha14.cz\/urad-mestske-casti\/hledam-informaci\/skolstvi\/uvod-o-skolstvi\/#breadcrumb","itemListElement":[{"@type":"ListItem","position":1,"name":"\u00da\u0159ad m\u011bstsk\u00e9 \u010d\u00e1sti Praha 14","item":"https:\/\/www.praha14.cz\/urad-mestske-casti\/"},{"@type":"ListItem","position":2,"name":"Hled\u00e1m informaci","item":"https:\/\/www.praha14.cz\/urad-mestske-casti\/hledam-informaci\/"},{"@type":"ListItem","position":3,"name":"\u0160kolstv\u00ed","item":"https:\/\/www.praha14.cz\/urad-mestske-casti\/hledam-informaci\/skolstvi\/"},{"@type":"ListItem","position":4,"name":"Informace"}]},{"@type":"WebSite","@id":"https:\/\/www.praha14.cz\/urad-mestske-casti\/#website","url":"https:\/\/www.praha14.cz\/urad-mestske-casti\/","name":"\u00daM\u010c P14","description":"Ofici\u00e1ln\u00ed str\u00e1nky m\u011bstsk\u00e9 \u010d\u00e1sti Praha 14","potentialAction":[{"@type":"SearchAction","target":{"@type":"EntryPoint","urlTemplate":"https:\/\/www.praha14.cz\/urad-mestske-casti\/?s={search_term_string}"},"query-input":{"@type":"PropertyValueSpecification","valueRequired":true,"valueName":"search_term_string"}}],"inLanguage":"cs"}]}},"_links":{"self":[{"href":"https:\/\/www.praha14.cz\/urad-mestske-casti\/wp-json\/wp\/v2\/pages\/1212","targetHints":{"allow":["GET"]}}],"collection":[{"href":"https:\/\/www.praha14.cz\/urad-mestske-casti\/wp-json\/wp\/v2\/pages"}],"about":[{"href":"https:\/\/www.praha14.cz\/urad-mestske-casti\/wp-json\/wp\/v2\/types\/page"}],"author":[{"embeddable":true,"href":"https:\/\/www.praha14.cz\/urad-mestske-casti\/wp-json\/wp\/v2\/users\/1"}],"replies":[{"embeddable":true,"href":"https:\/\/www.praha14.cz\/urad-mestske-casti\/wp-json\/wp\/v2\/comments?post=1212"}],"version-history":[{"count":28,"href":"https:\/\/www.praha14.cz\/urad-mestske-casti\/wp-json\/wp\/v2\/pages\/1212\/revisions"}],"predecessor-version":[{"id":54575,"href":"https:\/\/www.praha14.cz\/urad-mestske-casti\/wp-json\/wp\/v2\/pages\/1212\/revisions\/54575"}],"up":[{"embeddable":true,"href":"https:\/\/www.praha14.cz\/urad-mestske-casti\/wp-json\/wp\/v2\/pages\/27840"}],"wp:attachment":[{"href":"https:\/\/www.praha14.cz\/urad-mestske-casti\/wp-json\/wp\/v2\/media?parent=1212"}],"curies":[{"name":"wp","href":"https:\/\/api.w.org\/{rel}","templated":true}]}}