{"id":283,"date":"2014-04-14T14:13:36","date_gmt":"2014-04-14T13:13:36","guid":{"rendered":"\/urad-mestske-casti\/?page_id=283"},"modified":"2024-09-16T08:27:04","modified_gmt":"2024-09-16T06:27:04","slug":"organizace-zrizene-ci-zalozene-mc-praha-14","status":"publish","type":"page","link":"https:\/\/www.praha14.cz\/urad-mestske-casti\/organizace-zrizene-ci-zalozene-mc-praha-14\/","title":{"rendered":"Organizace z\u0159\u00edzen\u00e9 \u010di zalo\u017een\u00e9 M\u010c Praha 14"},"content":{"rendered":"<section class=\"p14-panel-group\"><div id=\"panel_group_1\" class=\"panel-group\"><article class=\"panel panel-default\">\n\t\t\t<div class=\"panel-heading\">\n\t\t\t\t<h1 class=\"panel-title\">\n\t\t\t\t\t<a data-toggle=\"collapse\" data-parent=\"#panel_group_1\" href=\"#panel_1_1\" class=\"collapsed\">\n\t\t\t\t\t\tZ\u00e1kladn\u00ed \u0161koly - pr\u00e1vn\u00ed subjekty\n\t\t\t\t\t<\/a>\n\t\t\t\t<\/h1>\n\t\t\t<\/div>\n\t\t\t<div id=\"panel_1_1\" class=\"panel-collapse collapse\">\n\t\t\t\t<div class=\"panel-body\">\n\t\t\t\t\t<\/p>\n<ul>\n<li>Hloub\u011bt\u00ednsk\u00e1 700, Hloub\u011bt\u00edn &#8211; <a href=\"https:\/\/www.zshloubetin.cz\/\" target=\"_blank\" rel=\"noopener noreferrer\">www.zshloubetin.cz<\/a><\/li>\n<li>Chvaletick\u00e1 918, Lehovec &#8211; <a href=\"https:\/\/www.zschvaleticka.cz\/\" target=\"_blank\" rel=\"noopener noreferrer\">www.zschvaleticka.cz<\/a><\/li>\n<li>Gen. Janou\u0161ka 1006, \u010c.M. &#8211; <a href=\"https:\/\/zsgenjanouska.cz\/\" target=\"_blank\" rel=\"noopener noreferrer\">www.zsgenjanouska.cz<\/a><\/li>\n<li>Vyb\u00edralova 964, \u010cern\u00fd Most &#8211; <a href=\"https:\/\/www.zsvybiralova.cz\/index.php?type=Post&amp;id=179\" target=\"_blank\" rel=\"noopener noreferrer\">www.zsvybiralova.cz<\/a><\/li>\n<li>Brat\u0159\u00ed Vencl\u00edk\u016f 1140, \u010c.M. &#8211; <a href=\"https:\/\/www.zsvencliku.cz\/\" target=\"_blank\" rel=\"noopener noreferrer\">www.zsvencliku.cz<\/a><\/li>\n<li>\u0160imanovsk\u00e1 16, Kyje &#8211; <a href=\"https:\/\/www.zssimanovska.cz\/\" target=\"_blank\" rel=\"noopener noreferrer\">www.zssimanovska.cz<\/a>\n\t\t\t\t<\/div>\n\t\t\t<\/div>\n\t\t<\/article><\/li>\n<\/ul>\n<p><article class=\"panel panel-default\">\n\t\t\t<div class=\"panel-heading\">\n\t\t\t\t<h1 class=\"panel-title\">\n\t\t\t\t\t<a data-toggle=\"collapse\" data-parent=\"#panel_group_1\" href=\"#panel_1_2\" class=\"collapsed\">\n\t\t\t\t\t\tMate\u0159sk\u00e9 \u0161koly- pr\u00e1vn\u00ed subjekty\n\t\t\t\t\t<\/a>\n\t\t\t\t<\/h1>\n\t\t\t<\/div>\n\t\t\t<div id=\"panel_1_2\" class=\"panel-collapse collapse\">\n\t\t\t\t<div class=\"panel-body\">\n\t\t\t\t\t<\/p>\n<ul>\n<li>&#8222;Obl\u00e1\u010dek&#8220; \u0160ebelova 874, \u010c. M. II. &#8211; <a href=\"https:\/\/www.ms-oblacek.cz\" target=\"_blank\" rel=\"noopener noreferrer\">www.ms-oblacek.cz<\/a><\/li>\n<li>&#8222;Kor\u00e1lek&#8220; Bobkova 766, \u010c. M. II. &#8211; <a href=\"http:\/\/www.mskoralekpraha.cz\/\" target=\"_blank\" rel=\"noopener noreferrer\">www.mskoralekpraha.cz<\/a><\/li>\n<li>Vyb\u00edralova 968\/4, \u010c. Most II. &#8211; <a href=\"http:\/\/www.msvybiralova968.cz\/\" target=\"_blank\" rel=\"noopener noreferrer\">www.msvybiralova968.cz<\/a><\/li>\n<li>&#8222;Slun\u00ed\u010dko&#8220; Gen. Janou\u0161ka 1005, \u010c. M. II. &#8211; <a href=\"http:\/\/www.msslunickopraha14.cz\/wordpress\/\" target=\"_blank\" rel=\"noopener noreferrer\">www.msslunickopraha14.cz<\/a><\/li>\n<li>Kostliv\u00e9ho 1218, Jahodnice &#8211; <a href=\"https:\/\/www.msjahodnice.cz\/\" target=\"_blank\" rel=\"noopener noreferrer\">www.msjahodnice.cz<\/a><\/li>\n<li>\u0160tolm\u00ed\u0159sk\u00e1 602\/4, Hloub\u011bt\u00edn &#8211; <a href=\"https:\/\/www.msstolmirska.cz\/\" target=\"_blank\" rel=\"noopener noreferrer\">www.msstolmirska.cz<\/a><\/li>\n<li>Zelene\u010dsk\u00e1 500, Hloub\u011bt\u00edn &#8211; <a href=\"https:\/\/www.ms-zelenecska.cz\/\" target=\"_blank\" rel=\"noopener noreferrer\">www.ms-zelenecska.cz<\/a><\/li>\n<li>Paculova 1115\/12, \u010cern\u00fd Most &#8211; <a href=\"https:\/\/paculka.cz\/\" target=\"_blank\" rel=\"noopener noreferrer\">www.paculka.cz<\/a><\/li>\n<li>Chvaletick\u00e1 917\/1, Lehovec &#8211; <a href=\"http:\/\/www.skolicka-lehovec.com\/cs\/\" target=\"_blank\" rel=\"noopener noreferrer\">www.skolicka-lehovec.com<\/a><\/li>\n<li>M\u010c Hostavice, U Hostavick\u00e9ho potoka 803\/71 &#8211; <a href=\"https:\/\/www.mshostavice.cz\/\" target=\"_blank\" rel=\"noopener noreferrer\">www.mshostavice.cz<\/a>\n\t\t\t\t<\/div>\n\t\t\t<\/div>\n\t\t<\/article><\/li>\n<\/ul>\n<p><article class=\"panel panel-default\">\n\t\t\t<div class=\"panel-heading\">\n\t\t\t\t<h1 class=\"panel-title\">\n\t\t\t\t\t<a data-toggle=\"collapse\" data-parent=\"#panel_group_1\" href=\"#panel_1_3\" class=\"collapsed\">\n\t\t\t\t\t\tSpr\u00e1va majetku Praha 14, a.s.\n\t\t\t\t\t<\/a>\n\t\t\t\t<\/h1>\n\t\t\t<\/div>\n\t\t\t<div id=\"panel_1_3\" class=\"panel-collapse collapse\">\n\t\t\t\t<div class=\"panel-body\">\n\t\t\t\t\t<\/p>\n<p><strong>Zalo\u017eena m\u011bstskou \u010d\u00e1st\u00ed Praha 14<\/strong><\/p>\n<p><strong>S\u00eddlo:<\/strong> Metujsk\u00e1 907, Praha 9<br \/>\n<strong>\u010cinnost<\/strong>: sb\u011br \u017e\u00e1dost\u00ed o byt, o v\u00fdm\u011bnu bytu, pron\u00e1jem nebytov\u00fdch prostor, pron\u00e1jem gar\u00e1\u017eov\u00fdch st\u00e1n\u00ed, zabezpe\u010dov\u00e1n\u00ed \u00fadr\u017eby bytov\u00fdch dom\u016f.<br \/>\n<strong>Web:<\/strong> <a href=\"http:\/\/www.smp14.cz\/\" target=\"_blank\" rel=\"noopener noreferrer\">www.smp14.cz<\/a><\/p>\n<p>\n\t\t\t\t<\/div>\n\t\t\t<\/div>\n\t\t<\/article><\/p>\n<p><article class=\"panel panel-default\">\n\t\t\t<div class=\"panel-heading\">\n\t\t\t\t<h1 class=\"panel-title\">\n\t\t\t\t\t<a data-toggle=\"collapse\" data-parent=\"#panel_group_1\" href=\"#panel_1_4\" class=\"collapsed\">\n\t\t\t\t\t\tTechnick\u00e9 slu\u017eby Prahy 14 SP, s.r.o.\n\t\t\t\t\t<\/a>\n\t\t\t\t<\/h1>\n\t\t\t<\/div>\n\t\t\t<div id=\"panel_1_4\" class=\"panel-collapse collapse\">\n\t\t\t\t<div class=\"panel-body\">\n\t\t\t\t\t<\/p>\n<p><strong>M\u010c Praha 14 je 100% vlastn\u00edkem spole\u010dnosti.<\/strong><\/p>\n<p><strong>S\u00eddlo:<\/strong> \u010ceskobrodsk\u00e1 248\/50, Praha 9, 198 00 Praha, I\u010cO: 24249955, DI\u010c: CZ24249955<br \/>\n<strong>\u010cinnost:<\/strong> Spole\u010dnost zaji\u0161\u0165uje \u00fadr\u017ebu \u010d\u00e1sti ve\u0159ejn\u00e9ho prostranstv\u00ed na \u00fazem\u00ed M\u010c Praha 14 a dal\u0161\u00ed pr\u00e1ce souvisej\u00edc\u00ed s p\u00e9\u010d\u00ed o majetek ve spr\u00e1v\u011b M\u010c. C\u00edlem spole\u010dnosti je z\u00e1rove\u0148 nab\u00edzet pracovn\u00ed p\u0159\u00edle\u017eitosti lidem, kte\u0159\u00ed by v konkr\u00e9tn\u00edm \u010dase a \u017eivotn\u00ed situaci obt\u00ed\u017en\u011b hledali zam\u011bstn\u00e1n\u00ed (podpora ve zvy\u0161ov\u00e1n\u00ed kvalifikace, vzd\u011bl\u00e1n\u00ed, zaji\u0161t\u011bn\u00ed zam\u011bstn\u00e1n\u00ed).<br \/>\n<strong>Web:<\/strong> <a href=\"http:\/\/spcm.cz\/\" target=\"_blank\" rel=\"noopener noreferrer\">www.spcm.cz<\/a><\/p>\n<p>\n\t\t\t\t<\/div>\n\t\t\t<\/div>\n\t\t<\/article><\/div><\/section>\n","protected":false},"excerpt":{"rendered":"","protected":false},"author":1,"featured_media":0,"parent":0,"menu_order":0,"comment_status":"closed","ping_status":"open","template":"","meta":{"_acf_changed":false,"footnotes":""},"class_list":["post-283","page","type-page","status-publish","hentry"],"acf":[],"yoast_head":"<!-- This site is optimized with the Yoast SEO plugin v27.2 - https:\/\/yoast.com\/product\/yoast-seo-wordpress\/ -->\n<title>Organizace z\u0159\u00edzen\u00e9 \u010di zalo\u017een\u00e9 M\u010c Praha 14 - \u00daM\u010c P14<\/title>\n<meta name=\"robots\" content=\"index, follow, max-snippet:-1, max-image-preview:large, max-video-preview:-1\" \/>\n<link rel=\"canonical\" href=\"https:\/\/www.praha14.cz\/urad-mestske-casti\/organizace-zrizene-ci-zalozene-mc-praha-14\/\" \/>\n<meta property=\"og:locale\" content=\"cs_CZ\" \/>\n<meta property=\"og:type\" content=\"article\" \/>\n<meta property=\"og:title\" content=\"Organizace z\u0159\u00edzen\u00e9 \u010di zalo\u017een\u00e9 M\u010c Praha 14 - \u00daM\u010c P14\" \/>\n<meta property=\"og:url\" content=\"https:\/\/www.praha14.cz\/urad-mestske-casti\/organizace-zrizene-ci-zalozene-mc-praha-14\/\" \/>\n<meta property=\"og:site_name\" content=\"\u00daM\u010c P14\" \/>\n<meta property=\"article:modified_time\" content=\"2024-09-16T06:27:04+00:00\" \/>\n<meta name=\"twitter:card\" content=\"summary_large_image\" \/>\n<meta name=\"twitter:label1\" content=\"Est. reading time\" \/>\n\t<meta name=\"twitter:data1\" content=\"2 minuty\" \/>\n<script type=\"application\/ld+json\" class=\"yoast-schema-graph\">{\"@context\":\"https:\/\/schema.org\",\"@graph\":[{\"@type\":\"WebPage\",\"@id\":\"https:\/\/www.praha14.cz\/urad-mestske-casti\/organizace-zrizene-ci-zalozene-mc-praha-14\/\",\"url\":\"https:\/\/www.praha14.cz\/urad-mestske-casti\/organizace-zrizene-ci-zalozene-mc-praha-14\/\",\"name\":\"Organizace z\u0159\u00edzen\u00e9 \u010di zalo\u017een\u00e9 M\u010c Praha 14 - \u00daM\u010c P14\",\"isPartOf\":{\"@id\":\"https:\/\/www.praha14.cz\/urad-mestske-casti\/#website\"},\"datePublished\":\"2014-04-14T13:13:36+00:00\",\"dateModified\":\"2024-09-16T06:27:04+00:00\",\"breadcrumb\":{\"@id\":\"https:\/\/www.praha14.cz\/urad-mestske-casti\/organizace-zrizene-ci-zalozene-mc-praha-14\/#breadcrumb\"},\"inLanguage\":\"cs\",\"potentialAction\":[{\"@type\":\"ReadAction\",\"target\":[\"https:\/\/www.praha14.cz\/urad-mestske-casti\/organizace-zrizene-ci-zalozene-mc-praha-14\/\"]}]},{\"@type\":\"BreadcrumbList\",\"@id\":\"https:\/\/www.praha14.cz\/urad-mestske-casti\/organizace-zrizene-ci-zalozene-mc-praha-14\/#breadcrumb\",\"itemListElement\":[{\"@type\":\"ListItem\",\"position\":1,\"name\":\"\u00da\u0159ad m\u011bstsk\u00e9 \u010d\u00e1sti Praha 14\",\"item\":\"https:\/\/www.praha14.cz\/urad-mestske-casti\/\"},{\"@type\":\"ListItem\",\"position\":2,\"name\":\"Organizace z\u0159\u00edzen\u00e9 \u010di zalo\u017een\u00e9 M\u010c Praha 14\"}]},{\"@type\":\"WebSite\",\"@id\":\"https:\/\/www.praha14.cz\/urad-mestske-casti\/#website\",\"url\":\"https:\/\/www.praha14.cz\/urad-mestske-casti\/\",\"name\":\"\u00daM\u010c P14\",\"description\":\"Ofici\u00e1ln\u00ed str\u00e1nky m\u011bstsk\u00e9 \u010d\u00e1sti Praha 14\",\"potentialAction\":[{\"@type\":\"SearchAction\",\"target\":{\"@type\":\"EntryPoint\",\"urlTemplate\":\"https:\/\/www.praha14.cz\/urad-mestske-casti\/?s={search_term_string}\"},\"query-input\":{\"@type\":\"PropertyValueSpecification\",\"valueRequired\":true,\"valueName\":\"search_term_string\"}}],\"inLanguage\":\"cs\"}]}<\/script>\n<!-- \/ Yoast SEO plugin. -->","yoast_head_json":{"title":"Organizace z\u0159\u00edzen\u00e9 \u010di zalo\u017een\u00e9 M\u010c Praha 14 - \u00daM\u010c P14","robots":{"index":"index","follow":"follow","max-snippet":"max-snippet:-1","max-image-preview":"max-image-preview:large","max-video-preview":"max-video-preview:-1"},"canonical":"https:\/\/www.praha14.cz\/urad-mestske-casti\/organizace-zrizene-ci-zalozene-mc-praha-14\/","og_locale":"cs_CZ","og_type":"article","og_title":"Organizace z\u0159\u00edzen\u00e9 \u010di zalo\u017een\u00e9 M\u010c Praha 14 - \u00daM\u010c P14","og_url":"https:\/\/www.praha14.cz\/urad-mestske-casti\/organizace-zrizene-ci-zalozene-mc-praha-14\/","og_site_name":"\u00daM\u010c P14","article_modified_time":"2024-09-16T06:27:04+00:00","twitter_card":"summary_large_image","twitter_misc":{"Est. reading time":"2 minuty"},"schema":{"@context":"https:\/\/schema.org","@graph":[{"@type":"WebPage","@id":"https:\/\/www.praha14.cz\/urad-mestske-casti\/organizace-zrizene-ci-zalozene-mc-praha-14\/","url":"https:\/\/www.praha14.cz\/urad-mestske-casti\/organizace-zrizene-ci-zalozene-mc-praha-14\/","name":"Organizace z\u0159\u00edzen\u00e9 \u010di zalo\u017een\u00e9 M\u010c Praha 14 - \u00daM\u010c P14","isPartOf":{"@id":"https:\/\/www.praha14.cz\/urad-mestske-casti\/#website"},"datePublished":"2014-04-14T13:13:36+00:00","dateModified":"2024-09-16T06:27:04+00:00","breadcrumb":{"@id":"https:\/\/www.praha14.cz\/urad-mestske-casti\/organizace-zrizene-ci-zalozene-mc-praha-14\/#breadcrumb"},"inLanguage":"cs","potentialAction":[{"@type":"ReadAction","target":["https:\/\/www.praha14.cz\/urad-mestske-casti\/organizace-zrizene-ci-zalozene-mc-praha-14\/"]}]},{"@type":"BreadcrumbList","@id":"https:\/\/www.praha14.cz\/urad-mestske-casti\/organizace-zrizene-ci-zalozene-mc-praha-14\/#breadcrumb","itemListElement":[{"@type":"ListItem","position":1,"name":"\u00da\u0159ad m\u011bstsk\u00e9 \u010d\u00e1sti Praha 14","item":"https:\/\/www.praha14.cz\/urad-mestske-casti\/"},{"@type":"ListItem","position":2,"name":"Organizace z\u0159\u00edzen\u00e9 \u010di zalo\u017een\u00e9 M\u010c Praha 14"}]},{"@type":"WebSite","@id":"https:\/\/www.praha14.cz\/urad-mestske-casti\/#website","url":"https:\/\/www.praha14.cz\/urad-mestske-casti\/","name":"\u00daM\u010c P14","description":"Ofici\u00e1ln\u00ed str\u00e1nky m\u011bstsk\u00e9 \u010d\u00e1sti Praha 14","potentialAction":[{"@type":"SearchAction","target":{"@type":"EntryPoint","urlTemplate":"https:\/\/www.praha14.cz\/urad-mestske-casti\/?s={search_term_string}"},"query-input":{"@type":"PropertyValueSpecification","valueRequired":true,"valueName":"search_term_string"}}],"inLanguage":"cs"}]}},"_links":{"self":[{"href":"https:\/\/www.praha14.cz\/urad-mestske-casti\/wp-json\/wp\/v2\/pages\/283","targetHints":{"allow":["GET"]}}],"collection":[{"href":"https:\/\/www.praha14.cz\/urad-mestske-casti\/wp-json\/wp\/v2\/pages"}],"about":[{"href":"https:\/\/www.praha14.cz\/urad-mestske-casti\/wp-json\/wp\/v2\/types\/page"}],"author":[{"embeddable":true,"href":"https:\/\/www.praha14.cz\/urad-mestske-casti\/wp-json\/wp\/v2\/users\/1"}],"replies":[{"embeddable":true,"href":"https:\/\/www.praha14.cz\/urad-mestske-casti\/wp-json\/wp\/v2\/comments?post=283"}],"version-history":[{"count":9,"href":"https:\/\/www.praha14.cz\/urad-mestske-casti\/wp-json\/wp\/v2\/pages\/283\/revisions"}],"predecessor-version":[{"id":52371,"href":"https:\/\/www.praha14.cz\/urad-mestske-casti\/wp-json\/wp\/v2\/pages\/283\/revisions\/52371"}],"wp:attachment":[{"href":"https:\/\/www.praha14.cz\/urad-mestske-casti\/wp-json\/wp\/v2\/media?parent=283"}],"curies":[{"name":"wp","href":"https:\/\/api.w.org\/{rel}","templated":true}]}}