{"id":292,"date":"2014-04-14T14:22:47","date_gmt":"2014-04-14T13:22:47","guid":{"rendered":"\/urad-mestske-casti\/?page_id=292"},"modified":"2023-01-30T10:32:34","modified_gmt":"2023-01-30T09:32:34","slug":"odvolani-proti-rozhodnuti","status":"publish","type":"page","link":"https:\/\/www.praha14.cz\/urad-mestske-casti\/odvolani-proti-rozhodnuti\/","title":{"rendered":"Odvol\u00e1n\u00ed proti rozhodnut\u00ed"},"content":{"rendered":"<p><strong>Opravn\u00e9 prost\u0159edky a sankce<\/strong><\/p>\n<p>Opravn\u00e9 prost\u0159edky dle z\u00e1kona \u010d. 106\/1999 Sb., o svobodn\u00e9m p\u0159\u00edstupu k\u00a0informac\u00edm, ve zn\u011bn\u00ed pozd\u011bj\u0161\u00edch p\u0159edpis\u016f<\/p>\n<p>Proti rozhodnut\u00ed o odm\u00edtnut\u00ed \u017e\u00e1dosti lze podat odvol\u00e1n\u00ed (rozklad) do 15 dn\u016f ode dne doru\u010den\u00ed rozhodnut\u00ed, a to k subjektu, kter\u00fd rozhodnut\u00ed vydal.<\/p>\n<p>Odvol\u00e1n\u00ed (rozklad) je spolu se spisov\u00fdm materi\u00e1lem p\u0159edlo\u017eeno nad\u0159\u00edzen\u00e9mu org\u00e1nu ve lh\u016ft\u011b 15 dn\u016f ode dne doru\u010den\u00ed odvol\u00e1n\u00ed.<\/p>\n<p>Nad\u0159\u00edzen\u00fd org\u00e1n rozhodne o odvol\u00e1n\u00ed do 15 dn\u016f ode dne p\u0159edlo\u017een\u00ed odvol\u00e1n\u00ed. Lh\u016fta pro rozhodnut\u00ed o rozkladu je 15 pracovn\u00edch dn\u016f ode dne doru\u010den\u00ed rozkladu. Lh\u016ftu nelze prodlou\u017eit.<\/p>\n<p>P\u0159i soudn\u00edm p\u0159ezkumu rozhodnut\u00ed o odvol\u00e1n\u00ed na z\u00e1klad\u011b \u017ealoby podle zvl\u00e1\u0161tn\u00edho pr\u00e1vn\u00edho p\u0159edpisu soud p\u0159ezkoum\u00e1, zda jsou d\u00e1ny d\u016fvody pro odm\u00edtnut\u00ed \u017e\u00e1dosti. Nejsou-li \u017e\u00e1dn\u00e9 d\u016fvody pro odm\u00edtnut\u00ed \u017e\u00e1dosti, soud zru\u0161\u00ed rozhodnut\u00ed o odvol\u00e1n\u00ed a rozhodnut\u00ed povinn\u00e9ho subjektu o odm\u00edtnut\u00ed \u017e\u00e1dosti a povinn\u00e9mu subjektu na\u0159\u00edd\u00ed po\u017eadovan\u00e9 informace poskytnout.<\/p>\n<p>\u017dadatel m\u016f\u017ee podat st\u00ed\u017enost v p\u0159\u00edpad\u011b, \u017ee nesouhlas\u00ed s postupem \u010di zp\u016fsobem vy\u0159\u00edzen\u00edm \u017e\u00e1dosti nebo stanovenou v\u00fd\u0161\u00ed \u00fahrady. St\u00ed\u017enost se pod\u00e1v\u00e1 \u00fastn\u011b nebo p\u00edsemn\u011b u povinn\u00e9ho subjektu do 30 dn\u016f ode dne doru\u010den\u00ed sd\u011blen\u00ed o zp\u016fsobu vy\u0159\u00edzen\u00ed \u017e\u00e1dosti nebo ode dne uplynut\u00ed lh\u016fty pro poskytnut\u00ed informace. O st\u00ed\u017enosti rozhoduje nad\u0159\u00edzen\u00fd org\u00e1n do 15 dn\u016f ode dne, kdy mu byla p\u0159edlo\u017eena.<\/p>\n<p><strong>Sankce<\/strong><\/p>\n<p>Sankce nejsou stanoveny<\/p>\n<p>Opravn\u00e9 prost\u0159edky se pod\u00e1vaj\u00ed prost\u0159ednictv\u00edm odboru \u00daM\u010c Praha 14, kter\u00fd napaden\u00e9 rozhodnut\u00ed ve spr\u00e1vn\u00edm \u0159\u00edzen\u00ed vydal, a to ve lh\u016ft\u011b uveden\u00e9 v pou\u010den\u00ed tohoto rozhodnut\u00ed a za podm\u00ednek stanoven\u00fdch v z\u00e1kon\u011b, na jeho\u017e z\u00e1klad\u011b bylo p\u0159\u00edslu\u0161n\u00e9 rozhodnut\u00ed vyd\u00e1no.<\/p>\n<p>P\u0159\u00edslu\u0161n\u00fd odbor \u00daM\u010c Praha 14, kter\u00fd vydal rozhodnut\u00ed, je povinen v pou\u010den\u00ed (sou\u010d\u00e1st rozhodnut\u00ed) uv\u00e9st, zda je mo\u017en\u00e9 podat opravn\u00fd prost\u0159edek, v jak\u00e9 lh\u016ft\u011b je mo\u017en\u00e9 tak u\u010dinit, od kter\u00e9ho dne se tato lh\u016fta po\u010d\u00edt\u00e1, kter\u00fd spr\u00e1vn\u00ed org\u00e1n o opravn\u00e9m prost\u0159edku rozhoduje a u kter\u00e9ho spr\u00e1vn\u00edho org\u00e1nu se opravn\u00fd prost\u0159edek pod\u00e1v\u00e1.<\/p>\n<p>Pokud m\u00e1 \u00fa\u010dastn\u00edk \u0159\u00edzen\u00ed pr\u00e1vo se proti rozhodnut\u00ed odvolat, mus\u00ed v odvol\u00e1n\u00ed uv\u00e9st sv\u00e9 jm\u00e9no a p\u0159\u00edjmen\u00ed, datum narozen\u00ed, m\u00edsto trval\u00e9ho pobytu, \u00fadaje o tom, proti kter\u00e9mu rozhodnut\u00ed sm\u011b\u0159uje, v jak\u00e9m rozsahu ho napad\u00e1 a v \u010dem je spat\u0159ov\u00e1n rozpor s pr\u00e1vn\u00edmi p\u0159edpisy nebo nespr\u00e1vnost rozhodnut\u00ed nebo \u0159\u00edzen\u00ed, je\u017e mu p\u0159edch\u00e1zelo.<\/p>\n<p>Nen\u00ed-li v odvol\u00e1n\u00ed uvedeno, v jak\u00e9m rozsahu odvolatel rozhodnut\u00ed napad\u00e1, plat\u00ed, \u017ee se dom\u00e1h\u00e1 zru\u0161en\u00ed cel\u00e9ho rozhodnut\u00ed. Odvol\u00e1n\u00ed se pod\u00e1v\u00e1 s pot\u0159ebn\u00fdm po\u010dtem stejnopis\u016f tak, aby jeden stejnopis z\u016fstal spr\u00e1vn\u00edmu org\u00e1nu a aby ka\u017ed\u00fd \u00fa\u010dastn\u00edk dostal jeden stejnopis. Nepod\u00e1-li \u00fa\u010dastn\u00edk pot\u0159ebn\u00fd po\u010det stejnopis\u016f, vyhotov\u00ed je spr\u00e1vn\u00ed org\u00e1n na n\u00e1klady \u00fa\u010dastn\u00edka.<\/p>\n<p>O odvol\u00e1n\u00ed rozhoduje nad\u0159\u00edzen\u00fd org\u00e1n, kter\u00fdm je Magistr\u00e1t hlavn\u00edho m\u011bsta Prahy.<\/p>\n<p>Speci\u00e1ln\u00ed formul\u00e1\u0159 pro pod\u00e1v\u00e1n\u00ed opravn\u00fdch prost\u0159edk\u016f nen\u00ed vyd\u00e1n.<\/p>\n<p>&nbsp;<\/p>\n<p>&nbsp;<\/p>\n","protected":false},"excerpt":{"rendered":"<p>Opravn\u00e9 prost\u0159edky a sankce Opravn\u00e9 prost\u0159edky dle z\u00e1kona \u010d. 106\/1999 Sb., o svobodn\u00e9m p\u0159\u00edstupu k\u00a0informac\u00edm, ve zn\u011bn\u00ed pozd\u011bj\u0161\u00edch p\u0159edpis\u016f Proti rozhodnut\u00ed o odm\u00edtnut\u00ed \u017e\u00e1dosti lze podat odvol\u00e1n\u00ed (rozklad) do 15 dn\u016f ode dne doru\u010den\u00ed rozhodnut\u00ed, a to k subjektu, kter\u00fd rozhodnut\u00ed vydal. Odvol\u00e1n\u00ed (rozklad) je spolu se spisov\u00fdm materi\u00e1lem p\u0159edlo\u017eeno nad\u0159\u00edzen\u00e9mu org\u00e1nu ve lh\u016ft\u011b 15&#8230;<\/p>\n","protected":false},"author":1,"featured_media":0,"parent":0,"menu_order":0,"comment_status":"closed","ping_status":"open","template":"","meta":{"_acf_changed":false,"footnotes":""},"class_list":["post-292","page","type-page","status-publish","hentry"],"acf":[],"yoast_head":"<!-- This site is optimized with the Yoast SEO plugin v27.2 - https:\/\/yoast.com\/product\/yoast-seo-wordpress\/ -->\n<title>Odvol\u00e1n\u00ed proti rozhodnut\u00ed - \u00daM\u010c P14<\/title>\n<meta name=\"robots\" content=\"index, follow, max-snippet:-1, max-image-preview:large, max-video-preview:-1\" \/>\n<link rel=\"canonical\" href=\"https:\/\/www.praha14.cz\/urad-mestske-casti\/odvolani-proti-rozhodnuti\/\" \/>\n<meta property=\"og:locale\" content=\"cs_CZ\" \/>\n<meta property=\"og:type\" content=\"article\" \/>\n<meta property=\"og:title\" content=\"Odvol\u00e1n\u00ed proti rozhodnut\u00ed - \u00daM\u010c P14\" \/>\n<meta property=\"og:description\" content=\"Opravn\u00e9 prost\u0159edky a sankce Opravn\u00e9 prost\u0159edky dle z\u00e1kona \u010d. 106\/1999 Sb., o svobodn\u00e9m p\u0159\u00edstupu k\u00a0informac\u00edm, ve zn\u011bn\u00ed pozd\u011bj\u0161\u00edch p\u0159edpis\u016f Proti rozhodnut\u00ed o odm\u00edtnut\u00ed \u017e\u00e1dosti lze podat odvol\u00e1n\u00ed (rozklad) do 15 dn\u016f ode dne doru\u010den\u00ed rozhodnut\u00ed, a to k subjektu, kter\u00fd rozhodnut\u00ed vydal. Odvol\u00e1n\u00ed (rozklad) je spolu se spisov\u00fdm materi\u00e1lem p\u0159edlo\u017eeno nad\u0159\u00edzen\u00e9mu org\u00e1nu ve lh\u016ft\u011b 15...\" \/>\n<meta property=\"og:url\" content=\"https:\/\/www.praha14.cz\/urad-mestske-casti\/odvolani-proti-rozhodnuti\/\" \/>\n<meta property=\"og:site_name\" content=\"\u00daM\u010c P14\" \/>\n<meta property=\"article:modified_time\" content=\"2023-01-30T09:32:34+00:00\" \/>\n<meta name=\"twitter:card\" content=\"summary_large_image\" \/>\n<meta name=\"twitter:label1\" content=\"Est. reading time\" \/>\n\t<meta name=\"twitter:data1\" content=\"3 minuty\" \/>\n<script type=\"application\/ld+json\" class=\"yoast-schema-graph\">{\"@context\":\"https:\/\/schema.org\",\"@graph\":[{\"@type\":\"WebPage\",\"@id\":\"https:\/\/www.praha14.cz\/urad-mestske-casti\/odvolani-proti-rozhodnuti\/\",\"url\":\"https:\/\/www.praha14.cz\/urad-mestske-casti\/odvolani-proti-rozhodnuti\/\",\"name\":\"Odvol\u00e1n\u00ed proti rozhodnut\u00ed - \u00daM\u010c P14\",\"isPartOf\":{\"@id\":\"https:\/\/www.praha14.cz\/urad-mestske-casti\/#website\"},\"datePublished\":\"2014-04-14T13:22:47+00:00\",\"dateModified\":\"2023-01-30T09:32:34+00:00\",\"breadcrumb\":{\"@id\":\"https:\/\/www.praha14.cz\/urad-mestske-casti\/odvolani-proti-rozhodnuti\/#breadcrumb\"},\"inLanguage\":\"cs\",\"potentialAction\":[{\"@type\":\"ReadAction\",\"target\":[\"https:\/\/www.praha14.cz\/urad-mestske-casti\/odvolani-proti-rozhodnuti\/\"]}]},{\"@type\":\"BreadcrumbList\",\"@id\":\"https:\/\/www.praha14.cz\/urad-mestske-casti\/odvolani-proti-rozhodnuti\/#breadcrumb\",\"itemListElement\":[{\"@type\":\"ListItem\",\"position\":1,\"name\":\"\u00da\u0159ad m\u011bstsk\u00e9 \u010d\u00e1sti Praha 14\",\"item\":\"https:\/\/www.praha14.cz\/urad-mestske-casti\/\"},{\"@type\":\"ListItem\",\"position\":2,\"name\":\"Odvol\u00e1n\u00ed proti rozhodnut\u00ed\"}]},{\"@type\":\"WebSite\",\"@id\":\"https:\/\/www.praha14.cz\/urad-mestske-casti\/#website\",\"url\":\"https:\/\/www.praha14.cz\/urad-mestske-casti\/\",\"name\":\"\u00daM\u010c P14\",\"description\":\"Ofici\u00e1ln\u00ed str\u00e1nky m\u011bstsk\u00e9 \u010d\u00e1sti Praha 14\",\"potentialAction\":[{\"@type\":\"SearchAction\",\"target\":{\"@type\":\"EntryPoint\",\"urlTemplate\":\"https:\/\/www.praha14.cz\/urad-mestske-casti\/?s={search_term_string}\"},\"query-input\":{\"@type\":\"PropertyValueSpecification\",\"valueRequired\":true,\"valueName\":\"search_term_string\"}}],\"inLanguage\":\"cs\"}]}<\/script>\n<!-- \/ Yoast SEO plugin. -->","yoast_head_json":{"title":"Odvol\u00e1n\u00ed proti rozhodnut\u00ed - \u00daM\u010c P14","robots":{"index":"index","follow":"follow","max-snippet":"max-snippet:-1","max-image-preview":"max-image-preview:large","max-video-preview":"max-video-preview:-1"},"canonical":"https:\/\/www.praha14.cz\/urad-mestske-casti\/odvolani-proti-rozhodnuti\/","og_locale":"cs_CZ","og_type":"article","og_title":"Odvol\u00e1n\u00ed proti rozhodnut\u00ed - \u00daM\u010c P14","og_description":"Opravn\u00e9 prost\u0159edky a sankce Opravn\u00e9 prost\u0159edky dle z\u00e1kona \u010d. 106\/1999 Sb., o svobodn\u00e9m p\u0159\u00edstupu k\u00a0informac\u00edm, ve zn\u011bn\u00ed pozd\u011bj\u0161\u00edch p\u0159edpis\u016f Proti rozhodnut\u00ed o odm\u00edtnut\u00ed \u017e\u00e1dosti lze podat odvol\u00e1n\u00ed (rozklad) do 15 dn\u016f ode dne doru\u010den\u00ed rozhodnut\u00ed, a to k subjektu, kter\u00fd rozhodnut\u00ed vydal. Odvol\u00e1n\u00ed (rozklad) je spolu se spisov\u00fdm materi\u00e1lem p\u0159edlo\u017eeno nad\u0159\u00edzen\u00e9mu org\u00e1nu ve lh\u016ft\u011b 15...","og_url":"https:\/\/www.praha14.cz\/urad-mestske-casti\/odvolani-proti-rozhodnuti\/","og_site_name":"\u00daM\u010c P14","article_modified_time":"2023-01-30T09:32:34+00:00","twitter_card":"summary_large_image","twitter_misc":{"Est. reading time":"3 minuty"},"schema":{"@context":"https:\/\/schema.org","@graph":[{"@type":"WebPage","@id":"https:\/\/www.praha14.cz\/urad-mestske-casti\/odvolani-proti-rozhodnuti\/","url":"https:\/\/www.praha14.cz\/urad-mestske-casti\/odvolani-proti-rozhodnuti\/","name":"Odvol\u00e1n\u00ed proti rozhodnut\u00ed - \u00daM\u010c P14","isPartOf":{"@id":"https:\/\/www.praha14.cz\/urad-mestske-casti\/#website"},"datePublished":"2014-04-14T13:22:47+00:00","dateModified":"2023-01-30T09:32:34+00:00","breadcrumb":{"@id":"https:\/\/www.praha14.cz\/urad-mestske-casti\/odvolani-proti-rozhodnuti\/#breadcrumb"},"inLanguage":"cs","potentialAction":[{"@type":"ReadAction","target":["https:\/\/www.praha14.cz\/urad-mestske-casti\/odvolani-proti-rozhodnuti\/"]}]},{"@type":"BreadcrumbList","@id":"https:\/\/www.praha14.cz\/urad-mestske-casti\/odvolani-proti-rozhodnuti\/#breadcrumb","itemListElement":[{"@type":"ListItem","position":1,"name":"\u00da\u0159ad m\u011bstsk\u00e9 \u010d\u00e1sti Praha 14","item":"https:\/\/www.praha14.cz\/urad-mestske-casti\/"},{"@type":"ListItem","position":2,"name":"Odvol\u00e1n\u00ed proti rozhodnut\u00ed"}]},{"@type":"WebSite","@id":"https:\/\/www.praha14.cz\/urad-mestske-casti\/#website","url":"https:\/\/www.praha14.cz\/urad-mestske-casti\/","name":"\u00daM\u010c P14","description":"Ofici\u00e1ln\u00ed str\u00e1nky m\u011bstsk\u00e9 \u010d\u00e1sti Praha 14","potentialAction":[{"@type":"SearchAction","target":{"@type":"EntryPoint","urlTemplate":"https:\/\/www.praha14.cz\/urad-mestske-casti\/?s={search_term_string}"},"query-input":{"@type":"PropertyValueSpecification","valueRequired":true,"valueName":"search_term_string"}}],"inLanguage":"cs"}]}},"_links":{"self":[{"href":"https:\/\/www.praha14.cz\/urad-mestske-casti\/wp-json\/wp\/v2\/pages\/292","targetHints":{"allow":["GET"]}}],"collection":[{"href":"https:\/\/www.praha14.cz\/urad-mestske-casti\/wp-json\/wp\/v2\/pages"}],"about":[{"href":"https:\/\/www.praha14.cz\/urad-mestske-casti\/wp-json\/wp\/v2\/types\/page"}],"author":[{"embeddable":true,"href":"https:\/\/www.praha14.cz\/urad-mestske-casti\/wp-json\/wp\/v2\/users\/1"}],"replies":[{"embeddable":true,"href":"https:\/\/www.praha14.cz\/urad-mestske-casti\/wp-json\/wp\/v2\/comments?post=292"}],"version-history":[{"count":4,"href":"https:\/\/www.praha14.cz\/urad-mestske-casti\/wp-json\/wp\/v2\/pages\/292\/revisions"}],"predecessor-version":[{"id":44777,"href":"https:\/\/www.praha14.cz\/urad-mestske-casti\/wp-json\/wp\/v2\/pages\/292\/revisions\/44777"}],"wp:attachment":[{"href":"https:\/\/www.praha14.cz\/urad-mestske-casti\/wp-json\/wp\/v2\/media?parent=292"}],"curies":[{"name":"wp","href":"https:\/\/api.w.org\/{rel}","templated":true}]}}