{"id":34244,"date":"2014-07-29T10:57:00","date_gmt":"2014-07-29T08:57:00","guid":{"rendered":"https:\/\/www.praha14.cz\/urad-mestske-casti\/?page_id=34244"},"modified":"2023-01-30T15:04:43","modified_gmt":"2023-01-30T14:04:43","slug":"vitani-obcanku","status":"publish","type":"page","link":"https:\/\/www.praha14.cz\/urad-mestske-casti\/potrebuji-vyridit\/vitani-obcanku\/","title":{"rendered":"V\u00edt\u00e1n\u00ed ob\u010d\u00e1nk\u016f"},"content":{"rendered":"<p>M\u011bstsk\u00e1 \u010d\u00e1st Praha 14 organizuje v\u00edt\u00e1n\u00ed ob\u010d\u00e1nk\u016f, kter\u00e9 prob\u00edh\u00e1 v\u00a0Galerii 14, n\u00e1m. Plk. Vl\u010dka 686, Praha 9 \u2013 \u010cern\u00fd Most a kon\u00e1 se zpravidla jednou za m\u011bs\u00edc.<\/p>\n<p>V\u00edt\u00e1n\u00ed ob\u010d\u00e1nk\u016f prov\u00e1d\u00ed starosta Ji\u0159\u00ed Zajac, 1. m\u00edstostarostka Mgr. M\u00e1ria \u0160ev\u010d\u00edkov\u00e1, m\u00edstostarostka So\u0148a Tom\u00e1nkov\u00e1, m\u00edstostarosta Jarom\u00edr Kr\u00e1tk\u00fd, Mgr. Radek Vondra, MUDr. Kate\u0159ina Pavl\u00ed\u010dkov\u00e1, Jaroslav Verner, Mgr. Zuzana Habartov\u00e1, Ing. Jan Ad\u00e1mek.<\/p>\n<p>Rodi\u010d\u016fm narozen\u00fdch d\u011bt\u00ed je pos\u00edl\u00e1na gratulace spolu s\u00a0dotazem, zda maj\u00ed z\u00e1jem o slavnostn\u00ed akt v\u00edt\u00e1n\u00ed ob\u010d\u00e1nk\u016f.<\/p>\n<p>Organiza\u010dn\u011b je v\u00edt\u00e1n\u00ed ob\u010d\u00e1nk\u016f zaji\u0161\u0165ov\u00e1no pracovnicemi \u00fa\u0159adu:<\/p>\n<ul>\n<li>Yveta Tom\u00e1nkov\u00e1, referentka OPK\u010c, tel: 225295540, <a href=\"mailto:Yveta.Tomankova@praha14.cz\" target=\"_blank\" rel=\"noopener noreferrer\">Yveta.Tomankova@praha14.cz<\/a><\/li>\n<li>Ing. Zdenka Rehbergerov\u00e1, referentka kultury a sportu, tel: 225295278, <a href=\"mailto:Zdenka.Rehbergerova@praha14.cz\" target=\"_blank\" rel=\"noopener noreferrer\">Zdenka.Rehbergerova@praha14.cz<\/a><\/li>\n<\/ul>\n<p><strong>Formul\u00e1\u0159 st\u00e1hnete zde:<\/strong><\/p>\n<p><a href=\"https:\/\/www.praha14.cz\/app\/uploads\/sites\/2\/2014\/07\/V\u00edt\u00e1n\u00ed-ob\u010d\u00e1nk\u016f-formul\u00e1\u0159.pdf\" target=\"_blank\" rel=\"noopener noreferrer\">V\u00edt\u00e1n\u00ed ob\u010d\u00e1nk\u016f &#8211; formul\u00e1\u0159<\/a><\/p>\n<p>&nbsp;<\/p>\n<p><strong>Fotogalerie z\u00a0v\u00edt\u00e1n\u00ed ob\u010d\u00e1nk\u016f<\/strong><\/p>\n\n\t\t<style type=\"text\/css\">\n\t\t\t#gallery-1 {\n\t\t\t\tmargin: auto;\n\t\t\t}\n\t\t\t#gallery-1 .gallery-item {\n\t\t\t\tfloat: left;\n\t\t\t\tmargin-top: 10px;\n\t\t\t\ttext-align: center;\n\t\t\t\twidth: 33%;\n\t\t\t}\n\t\t\t#gallery-1 img {\n\t\t\t\tborder: 2px solid #cfcfcf;\n\t\t\t}\n\t\t\t#gallery-1 .gallery-caption {\n\t\t\t\tmargin-left: 0;\n\t\t\t}\n\t\t\t\/* see gallery_shortcode() in wp-includes\/media.php *\/\n\t\t<\/style>\n\t\t<div id='gallery-1' class='gallery galleryid-34244 gallery-columns-3 gallery-size-thumbnail'><dl class='gallery-item'>\n\t\t\t<dt class='gallery-icon landscape'>\n\t\t\t\t<a rel=\"galleryInfomapa\" class=\"thickbox no_icon rl-gallery-link\"  href='https:\/\/www.praha14.cz\/app\/uploads\/sites\/2\/2022\/02\/v01-31-13-43.jpg' title=\"\" data-rl_title=\"\" data-rl_caption=\"\" data-rel=\"lightbox-gallery-1\"><img loading=\"lazy\" decoding=\"async\" width=\"150\" height=\"150\" src=\"https:\/\/www.praha14.cz\/app\/uploads\/sites\/2\/2022\/02\/v01-31-13-43-150x150.jpg\" class=\"attachment-thumbnail size-thumbnail\" alt=\"31. ledna 2022\" aria-describedby=\"gallery-1-46943\" \/><\/a>\n\t\t\t<\/dt>\n\t\t\t\t<dd class='wp-caption-text gallery-caption' id='gallery-1-46943'>\n\t\t\t\t31. ledna 2022\n\t\t\t\t<\/dd><\/dl><dl class='gallery-item'>\n\t\t\t<dt class='gallery-icon landscape'>\n\t\t\t\t<a rel=\"galleryInfomapa\" class=\"thickbox no_icon rl-gallery-link\"  href='https:\/\/www.praha14.cz\/app\/uploads\/sites\/2\/2022\/02\/v01-31-14-20.jpg' title=\"\" data-rl_title=\"\" data-rl_caption=\"\" data-rel=\"lightbox-gallery-1\"><img loading=\"lazy\" decoding=\"async\" width=\"150\" height=\"150\" src=\"https:\/\/www.praha14.cz\/app\/uploads\/sites\/2\/2022\/02\/v01-31-14-20-150x150.jpg\" class=\"attachment-thumbnail size-thumbnail\" alt=\"v01-31-14-20\" aria-describedby=\"gallery-1-46944\" \/><\/a>\n\t\t\t<\/dt>\n\t\t\t\t<dd class='wp-caption-text gallery-caption' id='gallery-1-46944'>\n\t\t\t\t31. ledna 2022\n\t\t\t\t<\/dd><\/dl><dl class='gallery-item'>\n\t\t\t<dt class='gallery-icon landscape'>\n\t\t\t\t<a rel=\"galleryInfomapa\" class=\"thickbox no_icon rl-gallery-link\"  href='https:\/\/www.praha14.cz\/app\/uploads\/sites\/2\/2022\/02\/v01-31-14-40.jpg' title=\"\" data-rl_title=\"\" data-rl_caption=\"\" data-rel=\"lightbox-gallery-1\"><img loading=\"lazy\" decoding=\"async\" width=\"150\" height=\"150\" src=\"https:\/\/www.praha14.cz\/app\/uploads\/sites\/2\/2022\/02\/v01-31-14-40-150x150.jpg\" class=\"attachment-thumbnail size-thumbnail\" alt=\"v01-31-14-40\" aria-describedby=\"gallery-1-46945\" \/><\/a>\n\t\t\t<\/dt>\n\t\t\t\t<dd class='wp-caption-text gallery-caption' id='gallery-1-46945'>\n\t\t\t\t31. ledna 2022\n\t\t\t\t<\/dd><\/dl><br style=\"clear: both\" \/><dl class='gallery-item'>\n\t\t\t<dt class='gallery-icon landscape'>\n\t\t\t\t<a rel=\"galleryInfomapa\" class=\"thickbox no_icon rl-gallery-link\"  href='https:\/\/www.praha14.cz\/app\/uploads\/sites\/2\/2014\/07\/IMG_6150.jpg' title=\"\" data-rl_title=\"\" data-rl_caption=\"\" data-rel=\"lightbox-gallery-1\"><img loading=\"lazy\" decoding=\"async\" width=\"150\" height=\"150\" src=\"https:\/\/www.praha14.cz\/app\/uploads\/sites\/2\/2014\/07\/IMG_6150-150x150.jpg\" class=\"attachment-thumbnail size-thumbnail\" alt=\"V\u00edt\u00e1n\u00ed ob\u010d\u00e1nk\u016f\" aria-describedby=\"gallery-1-34247\" \/><\/a>\n\t\t\t<\/dt>\n\t\t\t\t<dd class='wp-caption-text gallery-caption' id='gallery-1-34247'>\n\t\t\t\tV\u00edt\u00e1n\u00ed ob\u010d\u00e1nk\u016f\n\t\t\t\t<\/dd><\/dl><dl class='gallery-item'>\n\t\t\t<dt class='gallery-icon landscape'>\n\t\t\t\t<a rel=\"galleryInfomapa\" class=\"thickbox no_icon rl-gallery-link\"  href='https:\/\/www.praha14.cz\/app\/uploads\/sites\/2\/2014\/07\/IMG_6168.jpg' title=\"\" data-rl_title=\"\" data-rl_caption=\"\" data-rel=\"lightbox-gallery-1\"><img loading=\"lazy\" decoding=\"async\" width=\"150\" height=\"150\" src=\"https:\/\/www.praha14.cz\/app\/uploads\/sites\/2\/2014\/07\/IMG_6168-150x150.jpg\" class=\"attachment-thumbnail size-thumbnail\" alt=\"IMG_6168\" aria-describedby=\"gallery-1-34248\" \/><\/a>\n\t\t\t<\/dt>\n\t\t\t\t<dd class='wp-caption-text gallery-caption' id='gallery-1-34248'>\n\t\t\t\tV\u00edt\u00e1n\u00ed ob\u010d\u00e1nk\u016f\n\t\t\t\t<\/dd><\/dl><dl class='gallery-item'>\n\t\t\t<dt class='gallery-icon landscape'>\n\t\t\t\t<a rel=\"galleryInfomapa\" class=\"thickbox no_icon rl-gallery-link\"  href='https:\/\/www.praha14.cz\/app\/uploads\/sites\/2\/2014\/07\/IMG_6170.jpg' title=\"\" data-rl_title=\"\" data-rl_caption=\"\" data-rel=\"lightbox-gallery-1\"><img loading=\"lazy\" decoding=\"async\" width=\"150\" height=\"150\" src=\"https:\/\/www.praha14.cz\/app\/uploads\/sites\/2\/2014\/07\/IMG_6170-150x150.jpg\" class=\"attachment-thumbnail size-thumbnail\" alt=\"IMG_6170\" aria-describedby=\"gallery-1-34249\" \/><\/a>\n\t\t\t<\/dt>\n\t\t\t\t<dd class='wp-caption-text gallery-caption' id='gallery-1-34249'>\n\t\t\t\tV\u00edt\u00e1n\u00ed ob\u010d\u00e1nk\u016f\n\t\t\t\t<\/dd><\/dl><br style=\"clear: both\" \/><dl class='gallery-item'>\n\t\t\t<dt class='gallery-icon landscape'>\n\t\t\t\t<a rel=\"galleryInfomapa\" class=\"thickbox no_icon rl-gallery-link\"  href='https:\/\/www.praha14.cz\/app\/uploads\/sites\/2\/2014\/07\/IMG_6205.jpg' title=\"\" data-rl_title=\"\" data-rl_caption=\"\" data-rel=\"lightbox-gallery-1\"><img loading=\"lazy\" decoding=\"async\" width=\"150\" height=\"150\" src=\"https:\/\/www.praha14.cz\/app\/uploads\/sites\/2\/2014\/07\/IMG_6205-150x150.jpg\" class=\"attachment-thumbnail size-thumbnail\" alt=\"IMG_6205\" aria-describedby=\"gallery-1-34250\" \/><\/a>\n\t\t\t<\/dt>\n\t\t\t\t<dd class='wp-caption-text gallery-caption' id='gallery-1-34250'>\n\t\t\t\tV\u00edt\u00e1n\u00ed ob\u010d\u00e1nk\u016f\n\t\t\t\t<\/dd><\/dl><dl class='gallery-item'>\n\t\t\t<dt class='gallery-icon landscape'>\n\t\t\t\t<a rel=\"galleryInfomapa\" class=\"thickbox no_icon rl-gallery-link\"  href='https:\/\/www.praha14.cz\/app\/uploads\/sites\/2\/2014\/07\/IMG_6209.jpg' title=\"\" data-rl_title=\"\" data-rl_caption=\"\" data-rel=\"lightbox-gallery-1\"><img loading=\"lazy\" decoding=\"async\" width=\"150\" height=\"150\" src=\"https:\/\/www.praha14.cz\/app\/uploads\/sites\/2\/2014\/07\/IMG_6209-150x150.jpg\" class=\"attachment-thumbnail size-thumbnail\" alt=\"IMG_6209\" aria-describedby=\"gallery-1-34251\" \/><\/a>\n\t\t\t<\/dt>\n\t\t\t\t<dd class='wp-caption-text gallery-caption' id='gallery-1-34251'>\n\t\t\t\tV\u00edt\u00e1n\u00ed ob\u010d\u00e1nk\u016f\n\t\t\t\t<\/dd><\/dl>\n\t\t\t<br style='clear: both' \/>\n\t\t<\/div>\n\n<p>&nbsp;<\/p>\n","protected":false},"excerpt":{"rendered":"<p>M\u011bstsk\u00e1 \u010d\u00e1st Praha 14 organizuje v\u00edt\u00e1n\u00ed ob\u010d\u00e1nk\u016f, kter\u00e9 prob\u00edh\u00e1 v\u00a0Galerii 14, n\u00e1m. Plk. Vl\u010dka 686, Praha 9 \u2013 \u010cern\u00fd Most a kon\u00e1 se zpravidla jednou za m\u011bs\u00edc. V\u00edt\u00e1n\u00ed ob\u010d\u00e1nk\u016f prov\u00e1d\u00ed starosta Ji\u0159\u00ed Zajac, 1. m\u00edstostarostka Mgr. M\u00e1ria \u0160ev\u010d\u00edkov\u00e1, m\u00edstostarostka So\u0148a Tom\u00e1nkov\u00e1, m\u00edstostarosta Jarom\u00edr Kr\u00e1tk\u00fd, Mgr. Radek Vondra, MUDr. Kate\u0159ina Pavl\u00ed\u010dkov\u00e1, Jaroslav Verner, Mgr. Zuzana Habartov\u00e1,&#8230;<\/p>\n","protected":false},"author":6,"featured_media":0,"parent":27858,"menu_order":0,"comment_status":"closed","ping_status":"open","template":"","meta":{"_acf_changed":false,"footnotes":""},"class_list":["post-34244","page","type-page","status-publish","hentry"],"acf":[],"yoast_head":"<!-- This site is optimized with the Yoast SEO plugin v27.2 - https:\/\/yoast.com\/product\/yoast-seo-wordpress\/ -->\n<title>V\u00edt\u00e1n\u00ed ob\u010d\u00e1nk\u016f - \u00daM\u010c P14<\/title>\n<meta name=\"robots\" content=\"index, follow, max-snippet:-1, max-image-preview:large, max-video-preview:-1\" \/>\n<link rel=\"canonical\" href=\"https:\/\/www.praha14.cz\/urad-mestske-casti\/potrebuji-vyridit\/vitani-obcanku\/\" \/>\n<meta property=\"og:locale\" content=\"cs_CZ\" \/>\n<meta property=\"og:type\" content=\"article\" \/>\n<meta property=\"og:title\" content=\"V\u00edt\u00e1n\u00ed ob\u010d\u00e1nk\u016f - \u00daM\u010c P14\" \/>\n<meta property=\"og:description\" content=\"M\u011bstsk\u00e1 \u010d\u00e1st Praha 14 organizuje v\u00edt\u00e1n\u00ed ob\u010d\u00e1nk\u016f, kter\u00e9 prob\u00edh\u00e1 v\u00a0Galerii 14, n\u00e1m. Plk. Vl\u010dka 686, Praha 9 \u2013 \u010cern\u00fd Most a kon\u00e1 se zpravidla jednou za m\u011bs\u00edc. V\u00edt\u00e1n\u00ed ob\u010d\u00e1nk\u016f prov\u00e1d\u00ed starosta Ji\u0159\u00ed Zajac, 1. m\u00edstostarostka Mgr. M\u00e1ria \u0160ev\u010d\u00edkov\u00e1, m\u00edstostarostka So\u0148a Tom\u00e1nkov\u00e1, m\u00edstostarosta Jarom\u00edr Kr\u00e1tk\u00fd, Mgr. Radek Vondra, MUDr. Kate\u0159ina Pavl\u00ed\u010dkov\u00e1, Jaroslav Verner, Mgr. Zuzana Habartov\u00e1,...\" \/>\n<meta property=\"og:url\" content=\"https:\/\/www.praha14.cz\/urad-mestske-casti\/potrebuji-vyridit\/vitani-obcanku\/\" \/>\n<meta property=\"og:site_name\" content=\"\u00daM\u010c P14\" \/>\n<meta property=\"article:modified_time\" content=\"2023-01-30T14:04:43+00:00\" \/>\n<meta property=\"og:image\" content=\"https:\/\/www.praha14.cz\/app\/uploads\/sites\/2\/2022\/02\/v01-31-13-43-150x150.jpg\" \/>\n<meta name=\"twitter:card\" content=\"summary_large_image\" \/>\n<meta name=\"twitter:label1\" content=\"Est. reading time\" \/>\n\t<meta name=\"twitter:data1\" content=\"1 minuta\" \/>\n<script type=\"application\/ld+json\" class=\"yoast-schema-graph\">{\"@context\":\"https:\/\/schema.org\",\"@graph\":[{\"@type\":\"WebPage\",\"@id\":\"https:\/\/www.praha14.cz\/urad-mestske-casti\/potrebuji-vyridit\/vitani-obcanku\/\",\"url\":\"https:\/\/www.praha14.cz\/urad-mestske-casti\/potrebuji-vyridit\/vitani-obcanku\/\",\"name\":\"V\u00edt\u00e1n\u00ed ob\u010d\u00e1nk\u016f - \u00daM\u010c P14\",\"isPartOf\":{\"@id\":\"https:\/\/www.praha14.cz\/urad-mestske-casti\/#website\"},\"datePublished\":\"2014-07-29T08:57:00+00:00\",\"dateModified\":\"2023-01-30T14:04:43+00:00\",\"breadcrumb\":{\"@id\":\"https:\/\/www.praha14.cz\/urad-mestske-casti\/potrebuji-vyridit\/vitani-obcanku\/#breadcrumb\"},\"inLanguage\":\"cs\",\"potentialAction\":[{\"@type\":\"ReadAction\",\"target\":[\"https:\/\/www.praha14.cz\/urad-mestske-casti\/potrebuji-vyridit\/vitani-obcanku\/\"]}]},{\"@type\":\"BreadcrumbList\",\"@id\":\"https:\/\/www.praha14.cz\/urad-mestske-casti\/potrebuji-vyridit\/vitani-obcanku\/#breadcrumb\",\"itemListElement\":[{\"@type\":\"ListItem\",\"position\":1,\"name\":\"\u00da\u0159ad m\u011bstsk\u00e9 \u010d\u00e1sti Praha 14\",\"item\":\"https:\/\/www.praha14.cz\/urad-mestske-casti\/\"},{\"@type\":\"ListItem\",\"position\":2,\"name\":\"Pot\u0159ebuji vy\u0159\u00eddit\",\"item\":\"https:\/\/www.praha14.cz\/urad-mestske-casti\/potrebuji-vyridit\/\"},{\"@type\":\"ListItem\",\"position\":3,\"name\":\"V\u00edt\u00e1n\u00ed ob\u010d\u00e1nk\u016f\"}]},{\"@type\":\"WebSite\",\"@id\":\"https:\/\/www.praha14.cz\/urad-mestske-casti\/#website\",\"url\":\"https:\/\/www.praha14.cz\/urad-mestske-casti\/\",\"name\":\"\u00daM\u010c P14\",\"description\":\"Ofici\u00e1ln\u00ed str\u00e1nky m\u011bstsk\u00e9 \u010d\u00e1sti Praha 14\",\"potentialAction\":[{\"@type\":\"SearchAction\",\"target\":{\"@type\":\"EntryPoint\",\"urlTemplate\":\"https:\/\/www.praha14.cz\/urad-mestske-casti\/?s={search_term_string}\"},\"query-input\":{\"@type\":\"PropertyValueSpecification\",\"valueRequired\":true,\"valueName\":\"search_term_string\"}}],\"inLanguage\":\"cs\"}]}<\/script>\n<!-- \/ Yoast SEO plugin. -->","yoast_head_json":{"title":"V\u00edt\u00e1n\u00ed ob\u010d\u00e1nk\u016f - \u00daM\u010c P14","robots":{"index":"index","follow":"follow","max-snippet":"max-snippet:-1","max-image-preview":"max-image-preview:large","max-video-preview":"max-video-preview:-1"},"canonical":"https:\/\/www.praha14.cz\/urad-mestske-casti\/potrebuji-vyridit\/vitani-obcanku\/","og_locale":"cs_CZ","og_type":"article","og_title":"V\u00edt\u00e1n\u00ed ob\u010d\u00e1nk\u016f - \u00daM\u010c P14","og_description":"M\u011bstsk\u00e1 \u010d\u00e1st Praha 14 organizuje v\u00edt\u00e1n\u00ed ob\u010d\u00e1nk\u016f, kter\u00e9 prob\u00edh\u00e1 v\u00a0Galerii 14, n\u00e1m. Plk. Vl\u010dka 686, Praha 9 \u2013 \u010cern\u00fd Most a kon\u00e1 se zpravidla jednou za m\u011bs\u00edc. V\u00edt\u00e1n\u00ed ob\u010d\u00e1nk\u016f prov\u00e1d\u00ed starosta Ji\u0159\u00ed Zajac, 1. m\u00edstostarostka Mgr. M\u00e1ria \u0160ev\u010d\u00edkov\u00e1, m\u00edstostarostka So\u0148a Tom\u00e1nkov\u00e1, m\u00edstostarosta Jarom\u00edr Kr\u00e1tk\u00fd, Mgr. Radek Vondra, MUDr. Kate\u0159ina Pavl\u00ed\u010dkov\u00e1, Jaroslav Verner, Mgr. Zuzana Habartov\u00e1,...","og_url":"https:\/\/www.praha14.cz\/urad-mestske-casti\/potrebuji-vyridit\/vitani-obcanku\/","og_site_name":"\u00daM\u010c P14","article_modified_time":"2023-01-30T14:04:43+00:00","og_image":[{"url":"https:\/\/www.praha14.cz\/app\/uploads\/sites\/2\/2022\/02\/v01-31-13-43-150x150.jpg","type":"","width":"","height":""}],"twitter_card":"summary_large_image","twitter_misc":{"Est. reading time":"1 minuta"},"schema":{"@context":"https:\/\/schema.org","@graph":[{"@type":"WebPage","@id":"https:\/\/www.praha14.cz\/urad-mestske-casti\/potrebuji-vyridit\/vitani-obcanku\/","url":"https:\/\/www.praha14.cz\/urad-mestske-casti\/potrebuji-vyridit\/vitani-obcanku\/","name":"V\u00edt\u00e1n\u00ed ob\u010d\u00e1nk\u016f - \u00daM\u010c P14","isPartOf":{"@id":"https:\/\/www.praha14.cz\/urad-mestske-casti\/#website"},"datePublished":"2014-07-29T08:57:00+00:00","dateModified":"2023-01-30T14:04:43+00:00","breadcrumb":{"@id":"https:\/\/www.praha14.cz\/urad-mestske-casti\/potrebuji-vyridit\/vitani-obcanku\/#breadcrumb"},"inLanguage":"cs","potentialAction":[{"@type":"ReadAction","target":["https:\/\/www.praha14.cz\/urad-mestske-casti\/potrebuji-vyridit\/vitani-obcanku\/"]}]},{"@type":"BreadcrumbList","@id":"https:\/\/www.praha14.cz\/urad-mestske-casti\/potrebuji-vyridit\/vitani-obcanku\/#breadcrumb","itemListElement":[{"@type":"ListItem","position":1,"name":"\u00da\u0159ad m\u011bstsk\u00e9 \u010d\u00e1sti Praha 14","item":"https:\/\/www.praha14.cz\/urad-mestske-casti\/"},{"@type":"ListItem","position":2,"name":"Pot\u0159ebuji vy\u0159\u00eddit","item":"https:\/\/www.praha14.cz\/urad-mestske-casti\/potrebuji-vyridit\/"},{"@type":"ListItem","position":3,"name":"V\u00edt\u00e1n\u00ed ob\u010d\u00e1nk\u016f"}]},{"@type":"WebSite","@id":"https:\/\/www.praha14.cz\/urad-mestske-casti\/#website","url":"https:\/\/www.praha14.cz\/urad-mestske-casti\/","name":"\u00daM\u010c P14","description":"Ofici\u00e1ln\u00ed str\u00e1nky m\u011bstsk\u00e9 \u010d\u00e1sti Praha 14","potentialAction":[{"@type":"SearchAction","target":{"@type":"EntryPoint","urlTemplate":"https:\/\/www.praha14.cz\/urad-mestske-casti\/?s={search_term_string}"},"query-input":{"@type":"PropertyValueSpecification","valueRequired":true,"valueName":"search_term_string"}}],"inLanguage":"cs"}]}},"_links":{"self":[{"href":"https:\/\/www.praha14.cz\/urad-mestske-casti\/wp-json\/wp\/v2\/pages\/34244","targetHints":{"allow":["GET"]}}],"collection":[{"href":"https:\/\/www.praha14.cz\/urad-mestske-casti\/wp-json\/wp\/v2\/pages"}],"about":[{"href":"https:\/\/www.praha14.cz\/urad-mestske-casti\/wp-json\/wp\/v2\/types\/page"}],"author":[{"embeddable":true,"href":"https:\/\/www.praha14.cz\/urad-mestske-casti\/wp-json\/wp\/v2\/users\/6"}],"replies":[{"embeddable":true,"href":"https:\/\/www.praha14.cz\/urad-mestske-casti\/wp-json\/wp\/v2\/comments?post=34244"}],"version-history":[{"count":7,"href":"https:\/\/www.praha14.cz\/urad-mestske-casti\/wp-json\/wp\/v2\/pages\/34244\/revisions"}],"predecessor-version":[{"id":49565,"href":"https:\/\/www.praha14.cz\/urad-mestske-casti\/wp-json\/wp\/v2\/pages\/34244\/revisions\/49565"}],"up":[{"embeddable":true,"href":"https:\/\/www.praha14.cz\/urad-mestske-casti\/wp-json\/wp\/v2\/pages\/27858"}],"wp:attachment":[{"href":"https:\/\/www.praha14.cz\/urad-mestske-casti\/wp-json\/wp\/v2\/media?parent=34244"}],"curies":[{"name":"wp","href":"https:\/\/api.w.org\/{rel}","templated":true}]}}