{"id":34256,"date":"2014-07-29T11:31:41","date_gmt":"2014-07-29T09:31:41","guid":{"rendered":"https:\/\/www.praha14.cz\/urad-mestske-casti\/?page_id=34256"},"modified":"2024-11-27T10:47:12","modified_gmt":"2024-11-27T09:47:12","slug":"svatebni-obrady","status":"publish","type":"page","link":"https:\/\/www.praha14.cz\/urad-mestske-casti\/potrebuji-vyridit\/svatebni-obrady\/","title":{"rendered":"Svatebn\u00ed ob\u0159ady"},"content":{"rendered":"<p><strong>Ur\u010den\u00ed oddac\u00edch dn\u016f a doby kon\u00e1n\u00ed svatebn\u00edch ob\u0159ad\u016f<\/strong> je stanoveno usnesen\u00edm Rady m\u011bstsk\u00e9 \u010d\u00e1sti Praha 14 \u010d. 221\/RM\u010c\/2019 s \u00fa\u010dinnost\u00ed od 1. 5. 2019 tak, \u017ee se svatebn\u00ed ob\u0159ady konaj\u00ed <strong>v Galerii 14<\/strong><\/p>\n<ul>\n<li><strong>ve \u010dtvrtek a p\u00e1tek od 10:00 do 14:00 hod<\/strong><\/li>\n<li><strong>a ka\u017edou sudou sobotu od 10:00 do 14:00 hod<\/strong><\/li>\n<\/ul>\n<p>Kon\u00e1n\u00ed svatebn\u00edho ob\u0159adu v t\u011bchto term\u00ednech je bez poplatku.<\/p>\n<p><strong>Svatebn\u00ed ob\u0159ady se konaj\u00ed v ob\u0159adn\u00ed s\u00edni:<\/strong><\/p>\n<ul>\n<li>Galerie 14, N\u00e1m\u011bst\u00ed Plk. Vl\u010dka 686, Praha 9 \u2013 \u010cern\u00fd Most<\/li>\n<\/ul>\n<p><strong>D\u00e1le se svatebn\u00ed ob\u0159ady mohou konat na jin\u00fdch m\u00edstech:<\/strong><\/p>\n<ul>\n<li>L\u00e9ta P\u00e1n\u011b \u2013 z\u00e1meck\u00fd park Doln\u00ed Po\u010dernice<\/li>\n<li>O\u00c1ZA Doln\u00ed Po\u010dernice &#8211; z\u00e1meck\u00fd park Doln\u00ed Po\u010dernice<\/li>\n<li>Rozhledna Doubravka, \u010cern\u00fd Most &#8211; \u010cihadla<\/li>\n<li>Volno\u010dasov\u00e9 centrum H55 &#8211; Hloub\u011bt\u00edn<\/li>\n<li>Hotel Svornost, Novoz\u00e1meck\u00e1 ul. \u2013 Doln\u00ed Po\u010dernice<\/li>\n<li>Park v ulici Pilsk\u00e1 &#8211; Hostavice (are\u00e1l hostavick\u00e9ho z\u00e1me\u010dku)<\/li>\n<li>\u010cesk\u00fd statek \u2013 Doln\u00ed Po\u010dernice<\/li>\n<li>p\u0159\u00edpadn\u011b na jin\u00e9m d\u016fstojn\u00e9m m\u00edst\u011b<\/li>\n<\/ul>\n<p>Kon\u00e1n\u00ed svatebn\u00edho ob\u0159adu na jin\u00e9m m\u00edst\u011b ne\u017e v Galerii 14 je zpoplatn\u011bno spr\u00e1vn\u00edm poplatkem (viz n\u00ed\u017ee &#8222;Jak postupovat&#8230;&#8220;).<\/p>\n<p><strong>Ze z\u00e1kona mohou odd\u00e1vat:<\/strong><\/p>\n<ul>\n<li>Ji\u0159\u00ed Zajac, starosta<\/li>\n<li>Mgr. M\u00e1ria \u0160ev\u010d\u00edkov\u00e1, 1. m\u00edstostarostka<\/li>\n<li>Jarom\u00edr Kr\u00e1tk\u00fd, m\u00edstostarosta<\/li>\n<li>So\u0148a Tom\u00e1nkov\u00e1, m\u00edstostarostka<\/li>\n<\/ul>\n<p><strong>D\u00e1le jsou pov\u011b\u0159eni Zastupitelstvem m\u011bstsk\u00e9 \u010d\u00e1sti Praha 14 odd\u00e1vat:<\/strong><\/p>\n<ul>\n<li>Ing. Jan Ad\u00e1mek<\/li>\n<li>Kl\u00e1ra Hol\u00e1<\/li>\n<li>Ing. Petr Hukal, DiS, Ph.D.<\/li>\n<li>PhDr. Zuzana Jelenov\u00e1<\/li>\n<li>Mgr. Irena Kolmanov\u00e1<\/li>\n<li>Josef Kutmon<\/li>\n<li>Ing. Jan Li\u0161ka<\/li>\n<li>Mgr. Radek Vondra<\/li>\n<\/ul>\n<p><strong><a href=\"https:\/\/www.praha14.cz\/urad-mestske-casti\/zivotni-situace\/uzavreni-manzelstvi\/?mode=u\" target=\"_blank\" rel=\"noopener\">Jak postupovat p\u0159i objedn\u00e1n\u00ed svatebn\u00edho ob\u0159adu<\/a><\/strong> &#8211; postup v \u017eivotn\u00ed situaci, formul\u00e1\u0159e, kontakty<\/p>\n<p><span style=\"color: #00ccff\"><strong>Rezervace voln\u00fdch term\u00edn\u016f a informace ke svatebn\u00edm ob\u0159ad\u016fm na tel. 225 295 337, 542 (Dita Strej\u010dkov\u00e1, Lucie Mrh\u00e1lkov\u00e1).<\/strong><\/span><\/p>\n<p><strong>Fotogalerie:<\/strong><\/p>\n<p>&nbsp;<\/p>\n\n\t\t<style type=\"text\/css\">\n\t\t\t#gallery-1 {\n\t\t\t\tmargin: auto;\n\t\t\t}\n\t\t\t#gallery-1 .gallery-item {\n\t\t\t\tfloat: left;\n\t\t\t\tmargin-top: 10px;\n\t\t\t\ttext-align: center;\n\t\t\t\twidth: 33%;\n\t\t\t}\n\t\t\t#gallery-1 img {\n\t\t\t\tborder: 2px solid #cfcfcf;\n\t\t\t}\n\t\t\t#gallery-1 .gallery-caption {\n\t\t\t\tmargin-left: 0;\n\t\t\t}\n\t\t\t\/* see gallery_shortcode() in wp-includes\/media.php *\/\n\t\t<\/style>\n\t\t<div id='gallery-1' class='gallery galleryid-34256 gallery-columns-3 gallery-size-thumbnail'><dl class='gallery-item'>\n\t\t\t<dt class='gallery-icon landscape'>\n\t\t\t\t<a rel=\"galleryInfomapa\" class=\"thickbox no_icon rl-gallery-link\"  href='https:\/\/www.praha14.cz\/app\/uploads\/sites\/2\/2014\/07\/DSC_0566.jpg' title=\"\" data-rl_title=\"\" data-rl_caption=\"\" data-rel=\"lightbox-gallery-1\"><img loading=\"lazy\" decoding=\"async\" width=\"150\" height=\"150\" src=\"https:\/\/www.praha14.cz\/app\/uploads\/sites\/2\/2014\/07\/DSC_0566-150x150.jpg\" class=\"attachment-thumbnail size-thumbnail\" alt=\"Galerie 14\" aria-describedby=\"gallery-1-34257\" \/><\/a>\n\t\t\t<\/dt>\n\t\t\t\t<dd class='wp-caption-text gallery-caption' id='gallery-1-34257'>\n\t\t\t\tGalerie 14\n\t\t\t\t<\/dd><\/dl><dl class='gallery-item'>\n\t\t\t<dt class='gallery-icon landscape'>\n\t\t\t\t<a rel=\"galleryInfomapa\" class=\"thickbox no_icon rl-gallery-link\"  href='https:\/\/www.praha14.cz\/app\/uploads\/sites\/2\/2014\/07\/DSC_0573.jpg' title=\"\" data-rl_title=\"\" data-rl_caption=\"\" data-rel=\"lightbox-gallery-1\"><img loading=\"lazy\" decoding=\"async\" width=\"150\" height=\"150\" src=\"https:\/\/www.praha14.cz\/app\/uploads\/sites\/2\/2014\/07\/DSC_0573-150x150.jpg\" class=\"attachment-thumbnail size-thumbnail\" alt=\"DSC_0573\" aria-describedby=\"gallery-1-34259\" \/><\/a>\n\t\t\t<\/dt>\n\t\t\t\t<dd class='wp-caption-text gallery-caption' id='gallery-1-34259'>\n\t\t\t\tGalerie 14\n\t\t\t\t<\/dd><\/dl><dl class='gallery-item'>\n\t\t\t<dt class='gallery-icon landscape'>\n\t\t\t\t<a rel=\"galleryInfomapa\" class=\"thickbox no_icon rl-gallery-link\"  href='https:\/\/www.praha14.cz\/app\/uploads\/sites\/2\/2014\/07\/DSC_0572.jpg' title=\"\" data-rl_title=\"\" data-rl_caption=\"\" data-rel=\"lightbox-gallery-1\"><img loading=\"lazy\" decoding=\"async\" width=\"150\" height=\"150\" src=\"https:\/\/www.praha14.cz\/app\/uploads\/sites\/2\/2014\/07\/DSC_0572-150x150.jpg\" class=\"attachment-thumbnail size-thumbnail\" alt=\"DSC_0572\" aria-describedby=\"gallery-1-34258\" \/><\/a>\n\t\t\t<\/dt>\n\t\t\t\t<dd class='wp-caption-text gallery-caption' id='gallery-1-34258'>\n\t\t\t\tGalerie 14\n\t\t\t\t<\/dd><\/dl><br style=\"clear: both\" \/><dl class='gallery-item'>\n\t\t\t<dt class='gallery-icon landscape'>\n\t\t\t\t<a rel=\"galleryInfomapa\" class=\"thickbox no_icon rl-gallery-link\"  href='https:\/\/www.praha14.cz\/app\/uploads\/sites\/2\/2014\/07\/DSC_0626.jpg' title=\"\" data-rl_title=\"\" data-rl_caption=\"\" data-rel=\"lightbox-gallery-1\"><img loading=\"lazy\" decoding=\"async\" width=\"150\" height=\"150\" src=\"https:\/\/www.praha14.cz\/app\/uploads\/sites\/2\/2014\/07\/DSC_0626-150x150.jpg\" class=\"attachment-thumbnail size-thumbnail\" alt=\"DSC_0626\" aria-describedby=\"gallery-1-34267\" \/><\/a>\n\t\t\t<\/dt>\n\t\t\t\t<dd class='wp-caption-text gallery-caption' id='gallery-1-34267'>\n\t\t\t\tL\u00e9ta P\u00e1n\u011b\n\t\t\t\t<\/dd><\/dl><dl class='gallery-item'>\n\t\t\t<dt class='gallery-icon landscape'>\n\t\t\t\t<a rel=\"galleryInfomapa\" class=\"thickbox no_icon rl-gallery-link\"  href='https:\/\/www.praha14.cz\/app\/uploads\/sites\/2\/2014\/07\/DSC_0632.jpg' title=\"\" data-rl_title=\"\" data-rl_caption=\"\" data-rel=\"lightbox-gallery-1\"><img loading=\"lazy\" decoding=\"async\" width=\"150\" height=\"150\" src=\"https:\/\/www.praha14.cz\/app\/uploads\/sites\/2\/2014\/07\/DSC_0632-150x150.jpg\" class=\"attachment-thumbnail size-thumbnail\" alt=\"DSC_0632\" aria-describedby=\"gallery-1-34268\" \/><\/a>\n\t\t\t<\/dt>\n\t\t\t\t<dd class='wp-caption-text gallery-caption' id='gallery-1-34268'>\n\t\t\t\tL\u00e9ta P\u00e1n\u011b\n\t\t\t\t<\/dd><\/dl><dl class='gallery-item'>\n\t\t\t<dt class='gallery-icon landscape'>\n\t\t\t\t<a rel=\"galleryInfomapa\" class=\"thickbox no_icon rl-gallery-link\"  href='https:\/\/www.praha14.cz\/app\/uploads\/sites\/2\/2014\/07\/DSC_0640.jpg' title=\"\" data-rl_title=\"\" data-rl_caption=\"\" data-rel=\"lightbox-gallery-1\"><img loading=\"lazy\" decoding=\"async\" width=\"150\" height=\"150\" src=\"https:\/\/www.praha14.cz\/app\/uploads\/sites\/2\/2014\/07\/DSC_0640-150x150.jpg\" class=\"attachment-thumbnail size-thumbnail\" alt=\"DSC_0640\" aria-describedby=\"gallery-1-34269\" \/><\/a>\n\t\t\t<\/dt>\n\t\t\t\t<dd class='wp-caption-text gallery-caption' id='gallery-1-34269'>\n\t\t\t\tL\u00e9ta P\u00e1n\u011b\n\t\t\t\t<\/dd><\/dl><br style=\"clear: both\" \/><dl class='gallery-item'>\n\t\t\t<dt class='gallery-icon portrait'>\n\t\t\t\t<a rel=\"galleryInfomapa\" class=\"thickbox no_icon rl-gallery-link\"  href='https:\/\/www.praha14.cz\/app\/uploads\/sites\/2\/2024\/08\/IMG-20240604-WA0003.jpg' title=\"\" data-rl_title=\"\" data-rl_caption=\"\" data-rel=\"lightbox-gallery-1\"><img loading=\"lazy\" decoding=\"async\" width=\"150\" height=\"150\" src=\"https:\/\/www.praha14.cz\/app\/uploads\/sites\/2\/2024\/08\/IMG-20240604-WA0003-150x150.jpg\" class=\"attachment-thumbnail size-thumbnail\" alt=\"IMG-20240604-WA0003\" aria-describedby=\"gallery-1-52271\" \/><\/a>\n\t\t\t<\/dt>\n\t\t\t\t<dd class='wp-caption-text gallery-caption' id='gallery-1-52271'>\n\t\t\t\tO\u00e1za Doln\u00ed Po\u010dernice\n\t\t\t\t<\/dd><\/dl><dl class='gallery-item'>\n\t\t\t<dt class='gallery-icon portrait'>\n\t\t\t\t<a rel=\"galleryInfomapa\" class=\"thickbox no_icon rl-gallery-link\"  href='https:\/\/www.praha14.cz\/app\/uploads\/sites\/2\/2024\/08\/20240524_130042.jpg' title=\"\" data-rl_title=\"\" data-rl_caption=\"\" data-rel=\"lightbox-gallery-1\"><img loading=\"lazy\" decoding=\"async\" width=\"150\" height=\"150\" src=\"https:\/\/www.praha14.cz\/app\/uploads\/sites\/2\/2024\/08\/20240524_130042-150x150.jpg\" class=\"attachment-thumbnail size-thumbnail\" alt=\"20240524_130042\" aria-describedby=\"gallery-1-52269\" \/><\/a>\n\t\t\t<\/dt>\n\t\t\t\t<dd class='wp-caption-text gallery-caption' id='gallery-1-52269'>\n\t\t\t\tO\u00e1za Doln\u00ed Po\u010dernice\n\t\t\t\t<\/dd><\/dl><dl class='gallery-item'>\n\t\t\t<dt class='gallery-icon portrait'>\n\t\t\t\t<a rel=\"galleryInfomapa\" class=\"thickbox no_icon rl-gallery-link\"  href='https:\/\/www.praha14.cz\/app\/uploads\/sites\/2\/2024\/08\/20230520_132551.jpg' title=\"\" data-rl_title=\"\" data-rl_caption=\"\" data-rel=\"lightbox-gallery-1\"><img loading=\"lazy\" decoding=\"async\" width=\"150\" height=\"150\" src=\"https:\/\/www.praha14.cz\/app\/uploads\/sites\/2\/2024\/08\/20230520_132551-150x150.jpg\" class=\"attachment-thumbnail size-thumbnail\" alt=\"20230520_132551\" aria-describedby=\"gallery-1-52270\" \/><\/a>\n\t\t\t<\/dt>\n\t\t\t\t<dd class='wp-caption-text gallery-caption' id='gallery-1-52270'>\n\t\t\t\tO\u00e1za Doln\u00ed Po\u010dernice\n\t\t\t\t<\/dd><\/dl><br style=\"clear: both\" \/><dl class='gallery-item'>\n\t\t\t<dt class='gallery-icon portrait'>\n\t\t\t\t<a rel=\"galleryInfomapa\" class=\"thickbox no_icon rl-gallery-link\"  href='https:\/\/www.praha14.cz\/app\/uploads\/sites\/2\/2014\/07\/MG_9877.jpg' title=\"\" data-rl_title=\"\" data-rl_caption=\"\" data-rel=\"lightbox-gallery-1\"><img loading=\"lazy\" decoding=\"async\" width=\"150\" height=\"150\" src=\"https:\/\/www.praha14.cz\/app\/uploads\/sites\/2\/2014\/07\/MG_9877-150x150.jpg\" class=\"attachment-thumbnail size-thumbnail\" alt=\"Rozhledna Doubravka\" aria-describedby=\"gallery-1-41935\" \/><\/a>\n\t\t\t<\/dt>\n\t\t\t\t<dd class='wp-caption-text gallery-caption' id='gallery-1-41935'>\n\t\t\t\tRozhledna Doubravka\n\t\t\t\t<\/dd><\/dl><dl class='gallery-item'>\n\t\t\t<dt class='gallery-icon landscape'>\n\t\t\t\t<a rel=\"galleryInfomapa\" class=\"thickbox no_icon rl-gallery-link\"  href='https:\/\/www.praha14.cz\/app\/uploads\/sites\/2\/2014\/07\/MG_9941.jpg' title=\"\" data-rl_title=\"\" data-rl_caption=\"\" data-rel=\"lightbox-gallery-1\"><img loading=\"lazy\" decoding=\"async\" width=\"150\" height=\"150\" src=\"https:\/\/www.praha14.cz\/app\/uploads\/sites\/2\/2014\/07\/MG_9941-150x150.jpg\" class=\"attachment-thumbnail size-thumbnail\" alt=\"Rozhledna Doubravka\" aria-describedby=\"gallery-1-41936\" \/><\/a>\n\t\t\t<\/dt>\n\t\t\t\t<dd class='wp-caption-text gallery-caption' id='gallery-1-41936'>\n\t\t\t\tRozhledna Doubravka\n\t\t\t\t<\/dd><\/dl><dl class='gallery-item'>\n\t\t\t<dt class='gallery-icon landscape'>\n\t\t\t\t<a rel=\"galleryInfomapa\" class=\"thickbox no_icon rl-gallery-link\"  href='https:\/\/www.praha14.cz\/app\/uploads\/sites\/2\/2014\/07\/DSC_6043.jpg' title=\"\" data-rl_title=\"\" data-rl_caption=\"\" data-rel=\"lightbox-gallery-1\"><img loading=\"lazy\" decoding=\"async\" width=\"150\" height=\"150\" src=\"https:\/\/www.praha14.cz\/app\/uploads\/sites\/2\/2014\/07\/DSC_6043-150x150.jpg\" class=\"attachment-thumbnail size-thumbnail\" alt=\"Rozhledna Doubravka\" aria-describedby=\"gallery-1-41937\" \/><\/a>\n\t\t\t<\/dt>\n\t\t\t\t<dd class='wp-caption-text gallery-caption' id='gallery-1-41937'>\n\t\t\t\tRozhledna Doubravka\n\t\t\t\t<\/dd><\/dl><br style=\"clear: both\" \/><dl class='gallery-item'>\n\t\t\t<dt class='gallery-icon landscape'>\n\t\t\t\t<a rel=\"galleryInfomapa\" class=\"thickbox no_icon rl-gallery-link\"  href='https:\/\/www.praha14.cz\/app\/uploads\/sites\/2\/2014\/07\/DSC_0586.jpg' title=\"\" data-rl_title=\"\" data-rl_caption=\"\" data-rel=\"lightbox-gallery-1\"><img loading=\"lazy\" decoding=\"async\" width=\"150\" height=\"150\" src=\"https:\/\/www.praha14.cz\/app\/uploads\/sites\/2\/2014\/07\/DSC_0586-150x150.jpg\" class=\"attachment-thumbnail size-thumbnail\" alt=\"DSC_0586\" aria-describedby=\"gallery-1-34261\" \/><\/a>\n\t\t\t<\/dt>\n\t\t\t\t<dd class='wp-caption-text gallery-caption' id='gallery-1-34261'>\n\t\t\t\t\u010cesk\u00fd statek\n\t\t\t\t<\/dd><\/dl><dl class='gallery-item'>\n\t\t\t<dt class='gallery-icon landscape'>\n\t\t\t\t<a rel=\"galleryInfomapa\" class=\"thickbox no_icon rl-gallery-link\"  href='https:\/\/www.praha14.cz\/app\/uploads\/sites\/2\/2014\/07\/DSC_0597.jpg' title=\"\" data-rl_title=\"\" data-rl_caption=\"\" data-rel=\"lightbox-gallery-1\"><img loading=\"lazy\" decoding=\"async\" width=\"150\" height=\"150\" src=\"https:\/\/www.praha14.cz\/app\/uploads\/sites\/2\/2014\/07\/DSC_0597-150x150.jpg\" class=\"attachment-thumbnail size-thumbnail\" alt=\"DSC_0597\" aria-describedby=\"gallery-1-34264\" \/><\/a>\n\t\t\t<\/dt>\n\t\t\t\t<dd class='wp-caption-text gallery-caption' id='gallery-1-34264'>\n\t\t\t\t\u010cesk\u00fd statek\n\t\t\t\t<\/dd><\/dl><dl class='gallery-item'>\n\t\t\t<dt class='gallery-icon landscape'>\n\t\t\t\t<a rel=\"galleryInfomapa\" class=\"thickbox no_icon rl-gallery-link\"  href='https:\/\/www.praha14.cz\/app\/uploads\/sites\/2\/2014\/07\/DSC_0593.jpg' title=\"\" data-rl_title=\"\" data-rl_caption=\"\" data-rel=\"lightbox-gallery-1\"><img loading=\"lazy\" decoding=\"async\" width=\"150\" height=\"150\" src=\"https:\/\/www.praha14.cz\/app\/uploads\/sites\/2\/2014\/07\/DSC_0593-150x150.jpg\" class=\"attachment-thumbnail size-thumbnail\" alt=\"DSC_0593\" aria-describedby=\"gallery-1-34263\" \/><\/a>\n\t\t\t<\/dt>\n\t\t\t\t<dd class='wp-caption-text gallery-caption' id='gallery-1-34263'>\n\t\t\t\t\u010cesk\u00fd statek\n\t\t\t\t<\/dd><\/dl><br style=\"clear: both\" \/><dl class='gallery-item'>\n\t\t\t<dt class='gallery-icon landscape'>\n\t\t\t\t<a rel=\"galleryInfomapa\" class=\"thickbox no_icon rl-gallery-link\"  href='https:\/\/www.praha14.cz\/app\/uploads\/sites\/2\/2014\/07\/Hotel-Svornost.jpg' title=\"\" data-rl_title=\"\" data-rl_caption=\"\" data-rel=\"lightbox-gallery-1\"><img loading=\"lazy\" decoding=\"async\" width=\"150\" height=\"150\" src=\"https:\/\/www.praha14.cz\/app\/uploads\/sites\/2\/2014\/07\/Hotel-Svornost-150x150.jpg\" class=\"attachment-thumbnail size-thumbnail\" alt=\"Hotel Svornost\" aria-describedby=\"gallery-1-34624\" \/><\/a>\n\t\t\t<\/dt>\n\t\t\t\t<dd class='wp-caption-text gallery-caption' id='gallery-1-34624'>\n\t\t\t\tHotel Svornost\n\t\t\t\t<\/dd><\/dl>\n\t\t\t<br style='clear: both' \/>\n\t\t<\/div>\n\n<p><strong>\u00a0<\/strong><\/p>\n","protected":false},"excerpt":{"rendered":"<p>Ur\u010den\u00ed oddac\u00edch dn\u016f a doby kon\u00e1n\u00ed svatebn\u00edch ob\u0159ad\u016f je stanoveno usnesen\u00edm Rady m\u011bstsk\u00e9 \u010d\u00e1sti Praha 14 \u010d. 221\/RM\u010c\/2019 s \u00fa\u010dinnost\u00ed od 1. 5. 2019 tak, \u017ee se svatebn\u00ed ob\u0159ady konaj\u00ed v Galerii 14 ve \u010dtvrtek a p\u00e1tek od 10:00 do 14:00 hod a ka\u017edou sudou sobotu od 10:00 do 14:00 hod Kon\u00e1n\u00ed svatebn\u00edho ob\u0159adu v&#8230;<\/p>\n","protected":false},"author":6,"featured_media":0,"parent":27858,"menu_order":0,"comment_status":"closed","ping_status":"closed","template":"","meta":{"_acf_changed":false,"footnotes":""},"class_list":["post-34256","page","type-page","status-publish","hentry"],"acf":[],"yoast_head":"<!-- This site is optimized with the Yoast SEO plugin v27.2 - https:\/\/yoast.com\/product\/yoast-seo-wordpress\/ -->\n<title>Svatebn\u00ed ob\u0159ady - \u00daM\u010c P14<\/title>\n<meta name=\"robots\" content=\"index, follow, max-snippet:-1, max-image-preview:large, max-video-preview:-1\" \/>\n<link rel=\"canonical\" href=\"https:\/\/www.praha14.cz\/urad-mestske-casti\/potrebuji-vyridit\/svatebni-obrady\/\" \/>\n<meta property=\"og:locale\" content=\"cs_CZ\" \/>\n<meta property=\"og:type\" content=\"article\" \/>\n<meta property=\"og:title\" content=\"Svatebn\u00ed ob\u0159ady - \u00daM\u010c P14\" \/>\n<meta property=\"og:description\" content=\"Ur\u010den\u00ed oddac\u00edch dn\u016f a doby kon\u00e1n\u00ed svatebn\u00edch ob\u0159ad\u016f je stanoveno usnesen\u00edm Rady m\u011bstsk\u00e9 \u010d\u00e1sti Praha 14 \u010d. 221\/RM\u010c\/2019 s \u00fa\u010dinnost\u00ed od 1. 5. 2019 tak, \u017ee se svatebn\u00ed ob\u0159ady konaj\u00ed v Galerii 14 ve \u010dtvrtek a p\u00e1tek od 10:00 do 14:00 hod a ka\u017edou sudou sobotu od 10:00 do 14:00 hod Kon\u00e1n\u00ed svatebn\u00edho ob\u0159adu v...\" \/>\n<meta property=\"og:url\" content=\"https:\/\/www.praha14.cz\/urad-mestske-casti\/potrebuji-vyridit\/svatebni-obrady\/\" \/>\n<meta property=\"og:site_name\" content=\"\u00daM\u010c P14\" \/>\n<meta property=\"article:modified_time\" content=\"2024-11-27T09:47:12+00:00\" \/>\n<meta property=\"og:image\" content=\"https:\/\/www.praha14.cz\/app\/uploads\/sites\/2\/2014\/07\/DSC_0566-150x150.jpg\" \/>\n<meta name=\"twitter:card\" content=\"summary_large_image\" \/>\n<meta name=\"twitter:label1\" content=\"Est. reading time\" \/>\n\t<meta name=\"twitter:data1\" content=\"2 minuty\" \/>\n<script type=\"application\/ld+json\" class=\"yoast-schema-graph\">{\"@context\":\"https:\/\/schema.org\",\"@graph\":[{\"@type\":\"WebPage\",\"@id\":\"https:\/\/www.praha14.cz\/urad-mestske-casti\/potrebuji-vyridit\/svatebni-obrady\/\",\"url\":\"https:\/\/www.praha14.cz\/urad-mestske-casti\/potrebuji-vyridit\/svatebni-obrady\/\",\"name\":\"Svatebn\u00ed ob\u0159ady - \u00daM\u010c P14\",\"isPartOf\":{\"@id\":\"https:\/\/www.praha14.cz\/urad-mestske-casti\/#website\"},\"datePublished\":\"2014-07-29T09:31:41+00:00\",\"dateModified\":\"2024-11-27T09:47:12+00:00\",\"breadcrumb\":{\"@id\":\"https:\/\/www.praha14.cz\/urad-mestske-casti\/potrebuji-vyridit\/svatebni-obrady\/#breadcrumb\"},\"inLanguage\":\"cs\",\"potentialAction\":[{\"@type\":\"ReadAction\",\"target\":[\"https:\/\/www.praha14.cz\/urad-mestske-casti\/potrebuji-vyridit\/svatebni-obrady\/\"]}]},{\"@type\":\"BreadcrumbList\",\"@id\":\"https:\/\/www.praha14.cz\/urad-mestske-casti\/potrebuji-vyridit\/svatebni-obrady\/#breadcrumb\",\"itemListElement\":[{\"@type\":\"ListItem\",\"position\":1,\"name\":\"\u00da\u0159ad m\u011bstsk\u00e9 \u010d\u00e1sti Praha 14\",\"item\":\"https:\/\/www.praha14.cz\/urad-mestske-casti\/\"},{\"@type\":\"ListItem\",\"position\":2,\"name\":\"Pot\u0159ebuji vy\u0159\u00eddit\",\"item\":\"https:\/\/www.praha14.cz\/urad-mestske-casti\/potrebuji-vyridit\/\"},{\"@type\":\"ListItem\",\"position\":3,\"name\":\"Svatebn\u00ed ob\u0159ady\"}]},{\"@type\":\"WebSite\",\"@id\":\"https:\/\/www.praha14.cz\/urad-mestske-casti\/#website\",\"url\":\"https:\/\/www.praha14.cz\/urad-mestske-casti\/\",\"name\":\"\u00daM\u010c P14\",\"description\":\"Ofici\u00e1ln\u00ed str\u00e1nky m\u011bstsk\u00e9 \u010d\u00e1sti Praha 14\",\"potentialAction\":[{\"@type\":\"SearchAction\",\"target\":{\"@type\":\"EntryPoint\",\"urlTemplate\":\"https:\/\/www.praha14.cz\/urad-mestske-casti\/?s={search_term_string}\"},\"query-input\":{\"@type\":\"PropertyValueSpecification\",\"valueRequired\":true,\"valueName\":\"search_term_string\"}}],\"inLanguage\":\"cs\"}]}<\/script>\n<!-- \/ Yoast SEO plugin. -->","yoast_head_json":{"title":"Svatebn\u00ed ob\u0159ady - \u00daM\u010c P14","robots":{"index":"index","follow":"follow","max-snippet":"max-snippet:-1","max-image-preview":"max-image-preview:large","max-video-preview":"max-video-preview:-1"},"canonical":"https:\/\/www.praha14.cz\/urad-mestske-casti\/potrebuji-vyridit\/svatebni-obrady\/","og_locale":"cs_CZ","og_type":"article","og_title":"Svatebn\u00ed ob\u0159ady - \u00daM\u010c P14","og_description":"Ur\u010den\u00ed oddac\u00edch dn\u016f a doby kon\u00e1n\u00ed svatebn\u00edch ob\u0159ad\u016f je stanoveno usnesen\u00edm Rady m\u011bstsk\u00e9 \u010d\u00e1sti Praha 14 \u010d. 221\/RM\u010c\/2019 s \u00fa\u010dinnost\u00ed od 1. 5. 2019 tak, \u017ee se svatebn\u00ed ob\u0159ady konaj\u00ed v Galerii 14 ve \u010dtvrtek a p\u00e1tek od 10:00 do 14:00 hod a ka\u017edou sudou sobotu od 10:00 do 14:00 hod Kon\u00e1n\u00ed svatebn\u00edho ob\u0159adu v...","og_url":"https:\/\/www.praha14.cz\/urad-mestske-casti\/potrebuji-vyridit\/svatebni-obrady\/","og_site_name":"\u00daM\u010c P14","article_modified_time":"2024-11-27T09:47:12+00:00","og_image":[{"url":"https:\/\/www.praha14.cz\/app\/uploads\/sites\/2\/2014\/07\/DSC_0566-150x150.jpg","type":"","width":"","height":""}],"twitter_card":"summary_large_image","twitter_misc":{"Est. reading time":"2 minuty"},"schema":{"@context":"https:\/\/schema.org","@graph":[{"@type":"WebPage","@id":"https:\/\/www.praha14.cz\/urad-mestske-casti\/potrebuji-vyridit\/svatebni-obrady\/","url":"https:\/\/www.praha14.cz\/urad-mestske-casti\/potrebuji-vyridit\/svatebni-obrady\/","name":"Svatebn\u00ed ob\u0159ady - \u00daM\u010c P14","isPartOf":{"@id":"https:\/\/www.praha14.cz\/urad-mestske-casti\/#website"},"datePublished":"2014-07-29T09:31:41+00:00","dateModified":"2024-11-27T09:47:12+00:00","breadcrumb":{"@id":"https:\/\/www.praha14.cz\/urad-mestske-casti\/potrebuji-vyridit\/svatebni-obrady\/#breadcrumb"},"inLanguage":"cs","potentialAction":[{"@type":"ReadAction","target":["https:\/\/www.praha14.cz\/urad-mestske-casti\/potrebuji-vyridit\/svatebni-obrady\/"]}]},{"@type":"BreadcrumbList","@id":"https:\/\/www.praha14.cz\/urad-mestske-casti\/potrebuji-vyridit\/svatebni-obrady\/#breadcrumb","itemListElement":[{"@type":"ListItem","position":1,"name":"\u00da\u0159ad m\u011bstsk\u00e9 \u010d\u00e1sti Praha 14","item":"https:\/\/www.praha14.cz\/urad-mestske-casti\/"},{"@type":"ListItem","position":2,"name":"Pot\u0159ebuji vy\u0159\u00eddit","item":"https:\/\/www.praha14.cz\/urad-mestske-casti\/potrebuji-vyridit\/"},{"@type":"ListItem","position":3,"name":"Svatebn\u00ed ob\u0159ady"}]},{"@type":"WebSite","@id":"https:\/\/www.praha14.cz\/urad-mestske-casti\/#website","url":"https:\/\/www.praha14.cz\/urad-mestske-casti\/","name":"\u00daM\u010c P14","description":"Ofici\u00e1ln\u00ed str\u00e1nky m\u011bstsk\u00e9 \u010d\u00e1sti Praha 14","potentialAction":[{"@type":"SearchAction","target":{"@type":"EntryPoint","urlTemplate":"https:\/\/www.praha14.cz\/urad-mestske-casti\/?s={search_term_string}"},"query-input":{"@type":"PropertyValueSpecification","valueRequired":true,"valueName":"search_term_string"}}],"inLanguage":"cs"}]}},"_links":{"self":[{"href":"https:\/\/www.praha14.cz\/urad-mestske-casti\/wp-json\/wp\/v2\/pages\/34256","targetHints":{"allow":["GET"]}}],"collection":[{"href":"https:\/\/www.praha14.cz\/urad-mestske-casti\/wp-json\/wp\/v2\/pages"}],"about":[{"href":"https:\/\/www.praha14.cz\/urad-mestske-casti\/wp-json\/wp\/v2\/types\/page"}],"author":[{"embeddable":true,"href":"https:\/\/www.praha14.cz\/urad-mestske-casti\/wp-json\/wp\/v2\/users\/6"}],"replies":[{"embeddable":true,"href":"https:\/\/www.praha14.cz\/urad-mestske-casti\/wp-json\/wp\/v2\/comments?post=34256"}],"version-history":[{"count":15,"href":"https:\/\/www.praha14.cz\/urad-mestske-casti\/wp-json\/wp\/v2\/pages\/34256\/revisions"}],"predecessor-version":[{"id":52589,"href":"https:\/\/www.praha14.cz\/urad-mestske-casti\/wp-json\/wp\/v2\/pages\/34256\/revisions\/52589"}],"up":[{"embeddable":true,"href":"https:\/\/www.praha14.cz\/urad-mestske-casti\/wp-json\/wp\/v2\/pages\/27858"}],"wp:attachment":[{"href":"https:\/\/www.praha14.cz\/urad-mestske-casti\/wp-json\/wp\/v2\/media?parent=34256"}],"curies":[{"name":"wp","href":"https:\/\/api.w.org\/{rel}","templated":true}]}}