{"id":45408,"date":"2021-03-09T14:39:46","date_gmt":"2021-03-09T13:39:46","guid":{"rendered":"https:\/\/www.praha14.cz\/urad-mestske-casti\/?page_id=45408"},"modified":"2026-04-21T11:44:20","modified_gmt":"2026-04-21T09:44:20","slug":"doprava-v-praze-14","status":"publish","type":"page","link":"https:\/\/www.praha14.cz\/urad-mestske-casti\/doprava-v-praze-14\/","title":{"rendered":"Doprava v Praze 14"},"content":{"rendered":"<p>&nbsp;<\/p>\n<p><img loading=\"lazy\" decoding=\"async\" class=\"alignnone wp-image-45414 \" src=\"https:\/\/www.praha14.cz\/app\/uploads\/sites\/2\/2021\/03\/doprava_obr\u00e1zek-kol\u00e1\u017e-1-scaled.png\" alt=\"\" width=\"630\" height=\"53\" srcset=\"https:\/\/www.praha14.cz\/app\/uploads\/sites\/2\/2021\/03\/doprava_obr\u00e1zek-kol\u00e1\u017e-1-scaled.png 2560w, https:\/\/www.praha14.cz\/app\/uploads\/sites\/2\/2021\/03\/doprava_obr\u00e1zek-kol\u00e1\u017e-1-370x31.png 370w, https:\/\/www.praha14.cz\/app\/uploads\/sites\/2\/2021\/03\/doprava_obr\u00e1zek-kol\u00e1\u017e-1-1024x86.png 1024w, https:\/\/www.praha14.cz\/app\/uploads\/sites\/2\/2021\/03\/doprava_obr\u00e1zek-kol\u00e1\u017e-1-768x65.png 768w, https:\/\/www.praha14.cz\/app\/uploads\/sites\/2\/2021\/03\/doprava_obr\u00e1zek-kol\u00e1\u017e-1-1536x130.png 1536w, https:\/\/www.praha14.cz\/app\/uploads\/sites\/2\/2021\/03\/doprava_obr\u00e1zek-kol\u00e1\u017e-1-2048x173.png 2048w\" sizes=\"(max-width: 630px) 100vw, 630px\" \/><\/p>\n<h5 style=\"text-align: left;\">V\u00edtejte na str\u00e1nce v\u011bnovan\u00e9 <span style=\"color: #a2c516;\"><strong>doprav\u011b na \u00fazem\u00ed M\u010c Praha 14<\/strong><\/span>. Do\u010dtete se zde informace o <span style=\"color: #a2c516;\"><strong>blokov\u00e9m \u010di\u0161t\u011bn\u00ed, <\/strong><\/span><strong><span style=\"color: #a2c516;\">zimn\u00ed \u00fadr\u017eb\u011b komunikac\u00ed<\/span> \u010di dopravn\u00ed <\/strong><strong><span style=\"color: #a2c516;\">aktuality<\/span><\/strong>. Na str\u00e1nce zve\u0159ej\u0148ujeme i <span style=\"color: #a2c516;\">u\u017eite\u010dn\u00e9 odkazy<\/span> t\u00fdkaj\u00edc\u00ed se evidence vozidel, STK \u010di vyhled\u00e1v\u00e1n\u00ed odta\u017een\u00fdch vozidel.<\/h5>\n<section class=\"p14-panel-group\"><div id=\"panel_group_1\" class=\"panel-group\"><br \/>\n<article class=\"panel panel-default\">\n\t\t\t<div class=\"panel-heading\">\n\t\t\t\t<h1 class=\"panel-title\">\n\t\t\t\t\t<a data-toggle=\"collapse\" data-parent=\"#panel_group_1\" href=\"#panel_1_1\" class=\"collapsed\">\n\t\t\t\t\t\tAktuality\n\t\t\t\t\t<\/a>\n\t\t\t\t<\/h1>\n\t\t\t<\/div>\n\t\t\t<div id=\"panel_1_1\" class=\"panel-collapse collapse\">\n\t\t\t\t<div class=\"panel-body\">\n\t\t\t\t\t<\/p>\n<ul>\n<li><a href=\"https:\/\/www.praha14.cz\/zivot-na-praze-14\/dopravni-omezeni-v-hloubetine-a-na-cernem-moste\/\" target=\"_blank\" rel=\"noopener\">Dopravn\u00ed omezen\u00ed v\u00a0Hloub\u011bt\u00edn\u011b a na \u010cern\u00e9m Most\u011b (zve\u0159ejn\u011bno: 2. 3. 2026)<\/a><\/li>\n<li><a href=\"https:\/\/www.praha14.cz\/zivot-na-praze-14\/prodlouzeni-terminu-rekonstrukce-lavky-pres-ulici-ocelkova\/\" target=\"_blank\" rel=\"noopener\">Prodlou\u017een\u00ed term\u00ednu rekonstrukce l\u00e1vky p\u0159es ulici Ocelkova (zve\u0159ejn\u011bno: 15. 12. 2025)<\/a><\/li>\n<\/ul>\n<p>\n\t\t\t\t<\/div>\n\t\t\t<\/div>\n\t\t<\/article><article class=\"panel panel-default\">\n\t\t\t<div class=\"panel-heading\">\n\t\t\t\t<h1 class=\"panel-title\">\n\t\t\t\t\t<a data-toggle=\"collapse\" data-parent=\"#panel_group_1\" href=\"#panel_1_2\" class=\"collapsed\">\n\t\t\t\t\t\tHl\u00e1\u0161en\u00ed poruch na komunikac\u00edch i chodn\u00edc\u00edch\n\t\t\t\t\t<\/a>\n\t\t\t\t<\/h1>\n\t\t\t<\/div>\n\t\t\t<div id=\"panel_1_2\" class=\"panel-collapse collapse\">\n\t\t\t\t<div class=\"panel-body\">\n\t\t\t\t\t<\/p>\n<p>St\u00e1hn\u011bte si mobiln\u00ed aplikaci Moje 14 a vyu\u017eijte mo\u017enost snadn\u00e9ho hl\u00e1\u0161en\u00ed podn\u011bt\u016f (viz QR k\u00f3dy n\u00ed\u017ee).<\/p>\n<p><a href=\"https:\/\/www.praha14.cz\/app\/uploads\/sites\/2\/2023\/05\/QR-kody-doprava-1.png\" target=\"_blank\" rel=\"noopener\" data-rel=\"lightbox-image-0\" data-rl_title=\"\" data-rl_caption=\"\"><img loading=\"lazy\" decoding=\"async\" class=\"alignnone wp-image-50168\" title=\"\" src=\"https:\/\/www.praha14.cz\/app\/uploads\/sites\/2\/2023\/05\/QR-kody-doprava-1.png\" alt=\"QR k\u00f3dy ke sta\u017een\u00ed aplikace Moje 14\" width=\"439\" height=\"317\" srcset=\"https:\/\/www.praha14.cz\/app\/uploads\/sites\/2\/2023\/05\/QR-kody-doprava-1.png 680w, https:\/\/www.praha14.cz\/app\/uploads\/sites\/2\/2023\/05\/QR-kody-doprava-1-370x267.png 370w\" sizes=\"(max-width: 439px) 100vw, 439px\" \/><\/a><\/p>\n<p>\n\t\t\t\t<\/div>\n\t\t\t<\/div>\n\t\t<\/article><article class=\"panel panel-default\">\n\t\t\t<div class=\"panel-heading\">\n\t\t\t\t<h1 class=\"panel-title\">\n\t\t\t\t\t<a data-toggle=\"collapse\" data-parent=\"#panel_group_1\" href=\"#panel_1_3\" class=\"collapsed\">\n\t\t\t\t\t\t\u017divotn\u00ed situace\n\t\t\t\t\t<\/a>\n\t\t\t\t<\/h1>\n\t\t\t<\/div>\n\t\t\t<div id=\"panel_1_3\" class=\"panel-collapse collapse\">\n\t\t\t\t<div class=\"panel-body\">\n\t\t\t\t\t<\/p>\n<ul>\n<li id=\"zs-single-title\"><a href=\"https:\/\/www.praha14.cz\/urad-mestske-casti\/zivotni-situace\/omezeni-obecneho-uzivani-komunikaci-uzavirkami-a-objizdkami\/?mode=u\" target=\"_blank\" rel=\"noopener\">Omezen\u00ed obecn\u00e9ho u\u017e\u00edv\u00e1n\u00ed komunikac\u00ed uzav\u00edrkami a obj\u00ed\u017e\u010fkami<\/a><\/li>\n<li><a href=\"https:\/\/www.praha14.cz\/urad-mestske-casti\/zivotni-situace\/pripojeni-nemovitosti-na-komunikaci\/?mode=u\" target=\"_blank\" rel=\"noopener\">P\u0159ipojen\u00ed nemovitosti na komunikaci<\/a><\/li>\n<li><a href=\"https:\/\/www.praha14.cz\/urad-mestske-casti\/zivotni-situace\/stanoveni-dopravniho-znaceni\/?mode=u\" target=\"_blank\" rel=\"noopener\">Stanoven\u00ed dopravn\u00edho zna\u010den\u00ed<\/a><\/li>\n<li><a href=\"https:\/\/www.praha14.cz\/urad-mestske-casti\/zivotni-situace\/zvlastni-uzivani-komunikace\/?mode=u\" target=\"_blank\" rel=\"noopener\">Zvl\u00e1\u0161tn\u00ed u\u017e\u00edv\u00e1n\u00ed komunikace<\/a><\/li>\n<\/ul>\n<p>\n\t\t\t\t<\/div>\n\t\t\t<\/div>\n\t\t<\/article><article class=\"panel panel-default\">\n\t\t\t<div class=\"panel-heading\">\n\t\t\t\t<h1 class=\"panel-title\">\n\t\t\t\t\t<a data-toggle=\"collapse\" data-parent=\"#panel_group_1\" href=\"#panel_1_4\" class=\"collapsed\">\n\t\t\t\t\t\t\u00dadr\u017eba infrastruktury\n\t\t\t\t\t<\/a>\n\t\t\t\t<\/h1>\n\t\t\t<\/div>\n\t\t\t<div id=\"panel_1_4\" class=\"panel-collapse collapse\">\n\t\t\t\t<div class=\"panel-body\">\n\t\t\t\t\t<\/p>\n<p>Zimn\u00ed \u00fadr\u017eba vozovek a chodn\u00edk\u016f<\/p>\n<ul>\n<li><a href=\"https:\/\/www.praha14.cz\/app\/uploads\/sites\/2\/2026\/01\/zimni_plan_udrzby_2025_2026.pdf\" target=\"_blank\" rel=\"noopener\">zimn\u00ed pl\u00e1n \u00fadr\u017eby 2025 \/ 2026<\/a><\/li>\n<li><a href=\"https:\/\/www.praha14.cz\/app\/uploads\/sites\/2\/2026\/01\/mapove-podklady.pdf\" target=\"_blank\" rel=\"noopener\">mapov\u00e9 podklady<\/a><\/li>\n<\/ul>\n<p>Podn\u011bty ke zlep\u0161en\u00ed zimn\u00edho \u00faklidu m\u016f\u017eete sd\u011blovat\u00a0odboru dopravy na link\u00e1ch: <strong>225\u00a0295\u00a0349, 225\u00a0295 345, 225\u00a0295\u00a0327<\/strong>.<\/p>\n<ul>\n<li><a href=\"https:\/\/www.praha14.cz\/urad-mestske-casti\/blokove-cisteni-ulic\/\" target=\"_blank\" rel=\"noopener\">Blokov\u00e9 \u010di\u0161t\u011bn\u00ed komunikac\u00ed<\/a><\/li>\n<\/ul>\n<p>\n\t\t\t\t<\/div>\n\t\t\t<\/div>\n\t\t<\/article><article class=\"panel panel-default\">\n\t\t\t<div class=\"panel-heading\">\n\t\t\t\t<h1 class=\"panel-title\">\n\t\t\t\t\t<a data-toggle=\"collapse\" data-parent=\"#panel_group_1\" href=\"#panel_1_5\" class=\"collapsed\">\n\t\t\t\t\t\tInformace pro \u017eadatele o z\u0159\u00edzen\u00ed a prodlou\u017een\u00ed invalidn\u00edho st\u00e1n\u00ed\n\t\t\t\t\t<\/a>\n\t\t\t\t<\/h1>\n\t\t\t<\/div>\n\t\t\t<div id=\"panel_1_5\" class=\"panel-collapse collapse\">\n\t\t\t\t<div class=\"panel-body\">\n\t\t\t\t\t<\/p>\n<p><strong>Parkov\u00e1n\u00ed na m\u00edstech pro invalidy<\/strong><\/p>\n<p>Jste-li vy nebo v\u00e1\u0161 bl\u00edzk\u00fd dr\u017eitelem pr\u016fkazu ZTP nebo ZTP\/P, m\u016f\u017eete parkovat na m\u00edstech vyhrazen\u00fdch pro invalidy. Jde o parkovac\u00ed m\u00edsta vyzna\u010dena svislou dopravn\u00ed zna\u010dkou IP12 (vyhrazen\u00e9 parkovi\u0161t\u011b) se\u00a0symbolem 225 (osoba na invalidn\u00edm voz\u00edku) a vodorovnou dopravn\u00ed zna\u010dkou V10f (vyhrazen\u00e9 parkovi\u0161t\u011b pro vozidlo p\u0159epravuj\u00edc\u00ed osobu t\u011b\u017ece posti\u017eenou nebo osobu t\u011b\u017ece pohybov\u011b posti\u017eenou).<\/p>\n<p><strong>Podm\u00ednky pro povolov\u00e1n\u00ed vyhrazen\u00fdch parkovi\u0161\u0165 pro invalidy<\/strong><\/p>\n<p>Vyhrazen\u00e9 parkovac\u00ed m\u00edsto pro osoby se sn\u00ed\u017eenou mo\u017enosti pohybu a orientace se pova\u017euje ve smyslu z\u00e1kona \u010d. 13\/1997 Sb., o pozemn\u00edch komunikac\u00edch, ve zn\u011bn\u00ed pozd\u011bj\u0161\u00edch p\u0159edpis\u016f za jednu z\u00a0forem zvl\u00e1\u0161tn\u00edho u\u017e\u00edv\u00e1n\u00ed pozemn\u00ed komunikace. O z\u0159\u00edzen\u00ed takov\u00e9ho rezervovan\u00e9ho st\u00e1n\u00ed si m\u016f\u017ee na \u00fazem\u00ed M\u011bstsk\u00e9 \u010d\u00e1sti Praha 14 po\u017e\u00e1dat ob\u010dan, kter\u00fd m\u00e1 v\u00a0m\u00edst\u011b po\u017eadovan\u00e9ho vyhrazen\u00e9ho parkovac\u00edho st\u00e1n\u00ed trval\u00e9 bydli\u0161t\u011b.<\/p>\n<p>Odbor dopravy M\u011bstsk\u00e9 \u010d\u00e1sti Praha 14 a Policie \u010cR (Krajsk\u00e9 \u0159editelstv\u00ed Policie HMP, Odbor slu\u017eby dopravn\u00ed policie, Kongresov\u00e1 2, Praha 4) posoud\u00ed \u017e\u00e1dost z dopravn\u00edho hlediska a podle doporu\u010den\u00ed Ve\u0159ejn\u00e9ho ochr\u00e1nce pr\u00e1v (\u010d.j. KVOP-13275\/2021) a n\u00e1sledn\u011b rozhodnou o v\u00fdsledku podle spr\u00e1vn\u00edho \u0159\u00e1du do 30 dn\u016f. Povolen\u00ed k u\u017e\u00edv\u00e1n\u00ed parkovac\u00edho st\u00e1n\u00ed se vyd\u00e1v\u00e1 na dobu platnosti pr\u016fkazu ZTP nebo ZTP\/P, maxim\u00e1ln\u011b v\u0161ak na dobu 2 let s mo\u017enost\u00ed op\u011btovn\u00e9ho prodlou\u017een\u00ed doby platnosti. Na povolen\u00ed parkovac\u00edho m\u00edsta pro invalidy v\u0161ak nen\u00ed pr\u00e1vn\u00ed n\u00e1rok, a to ani p\u0159i dolo\u017een\u00ed v\u0161ech z\u00e1konem stanoven\u00fdch n\u00e1le\u017eitost\u00ed. U ka\u017ed\u00e9 \u017e\u00e1dosti se p\u0159ihl\u00ed\u017e\u00ed k pot\u0159eb\u011b konkr\u00e9tn\u00edho \u017eadatele, ve smyslu z\u00e1kona \u010d. 361\/2000 Sb., o provozu na pozemn\u00edch komunikac\u00edch, ve zn\u011bn\u00ed pozd\u011bj\u0161\u00edch p\u0159edpis\u016f, vyhl\u00e1\u0161ky \u010d. 294\/2015 Sb., kterou se prov\u00e1d\u011bj\u00ed pravidla provozu na pozemn\u00edch komunikac\u00edch, ve zn\u011bn\u00ed pozd\u011bj\u0161\u00edch p\u0159edpis\u016f a vyhl\u00e1\u0161ky \u010d. 398\/2009 Sb., o obecn\u00fdch technick\u00fdch po\u017eadavc\u00edch zabezpe\u010duj\u00edc\u00ed bezbari\u00e9rov\u00e9 u\u017e\u00edv\u00e1n\u00ed staveb, ve zn\u011bn\u00ed pozd\u011bj\u0161\u00edch p\u0159edpis\u016f a pot\u0159ebnosti obecn\u00fdch parkovac\u00edch m\u00edst v po\u017eadovan\u00e9 lokalit\u011b.<\/p>\n<p><em><u>Co je nutn\u00e9 dolo\u017eit k\u00a0\u017e\u00e1dosti:<\/u><\/em><\/p>\n<ul>\n<li>ob\u010dansk\u00fd pr\u016fkaz osoby zdravotn\u011b posti\u017een\u00e9 (trval\u00fd pobyt na \u00fazem\u00ed M\u011bstsk\u00e9 \u010d\u00e1sti Praha 14)<\/li>\n<li>pr\u016fkaz ZTP nebo ZTP\/P<\/li>\n<li>pr\u016fkaz pro ozna\u010den\u00ed vozidla O7 (parkovac\u00ed pr\u016fkaz ozna\u010duj\u00edc\u00ed vozidlo p\u0159epravuj\u00edc\u00ed osobu t\u011b\u017ece zdravotn\u011b posti\u017eenou)<\/li>\n<li>velk\u00fd technick\u00fd pr\u016fkaz vozidla<\/li>\n<li>\u0159idi\u010dsk\u00fd pr\u016fkaz (pokud nejste \u0159idi\u010d vozidla, tak jej p\u0159edlo\u017e\u00ed osoba \u017eij\u00edc\u00ed ve spole\u010dn\u00e9 dom\u00e1cnosti nebo pe\u010duj\u00edc\u00ed osoba)<\/li>\n<li>kopie rozhodnut\u00ed \u00fa\u0159adu pr\u00e1ce o p\u0159izn\u00e1n\u00ed mimo\u0159\u00e1dn\u00fdch v\u00fdhod II. \u010di III. stupn\u011b<\/li>\n<li>n\u00e1vrh um\u00edst\u011bn\u00ed parkovac\u00edho st\u00e1n\u00ed (pl\u00e1nek)<\/li>\n<li>smlouva o n\u00e1jmu vyhrazen\u00e9ho m\u00edsta od Technick\u00e9 spr\u00e1vy komunikac\u00ed hl. m. Prahy (t\u00fdk\u00e1 se jen komunikac\u00ed ve spr\u00e1v\u011b Technick\u00e9 spr\u00e1vy komunikac\u00ed hl. m. Prahy \u2013 informaci z\u00edsk\u00e1te na Odboru dopravy M\u011bstsk\u00e9 \u010d\u00e1sti Praha 14)<\/li>\n<\/ul>\n<p><em><u>Vy\u0159\u00edzen\u00ed \u017e\u00e1dosti o vyhrazen\u00e9 parkovac\u00ed m\u00edsto pro invalidy:<\/u><\/em><\/p>\n<ul>\n<li><em>adresa:<\/em>\u00a0Brat\u0159\u00ed Vencl\u00edk\u016f 1072, 4. patro, <strong>kancel\u00e1\u0159 \u010d. 409<\/strong><\/li>\n<\/ul>\n<p><strong><u>dle po\u010d\u00e1te\u010dn\u00edho p\u00edsmena p\u0159\u00edjmen\u00ed v abecedn\u00edm po\u0159ad\u00ed:\u00a0 <\/u><\/strong><strong><u>A &#8211; K<\/u><\/strong><\/p>\n<ul>\n<li><u>\u00a0Karel Radil<\/u><\/li>\n<li><em>telefon:<\/em>\u00a0225 295 321<\/li>\n<li><em>email: <\/em><strong><a href=\"mailto:karel.radil@praha14.cz\">karel.radil@praha14.cz<\/a><\/strong><\/li>\n<\/ul>\n<p><strong><u>dle po\u010d\u00e1te\u010dn\u00edho p\u00edsmena p\u0159\u00edjmen\u00ed v abecedn\u00edm po\u0159ad\u00ed:\u00a0 <\/u><\/strong><strong><u>L &#8211; \u017d<\/u><\/strong><\/p>\n<ul>\n<li><u>Lucie Nov\u00e1kov\u00e1<\/u><\/li>\n<li><em>telefon:<\/em> 225\u00a0295\u00a0323<\/li>\n<li><em>email:<\/em> <strong><a href=\"mailto:Lucie.Novakova@praha14.czc\">Lucie.Novakova@praha14.cz<\/a><\/strong><\/li>\n<\/ul>\n<p><em><u>Rozhodnut\u00ed se vyd\u00e1v\u00e1 za podm\u00ednek:<\/u><\/em><\/p>\n<ul>\n<li>vyhrazen\u00e9 parkovac\u00ed st\u00e1n\u00ed v\u00a0m\u00edst\u011b bude vyzna\u010deno svisl\u00fdm dopravn\u00edm zna\u010den\u00edm IP12 se\u00a0symbolem 225 a RZ vozidla osoby zdravotn\u011b posti\u017een\u00e9 podle odsouhlasen\u00e9ho situa\u010dn\u00edho pl\u00e1nku, kter\u00fd je ned\u00edlnou sou\u010d\u00e1st\u00ed rozhodnut\u00ed Odboru dopravy M\u011bstsk\u00e9 \u010d\u00e1sti Praha 14 a\u00a0dopravn\u00ed zna\u010den\u00ed bude um\u00edst\u011bno dle vyhl\u00e1\u0161ky \u010d. 398\/2009 Sb. (mus\u00ed b\u00fdt zachov\u00e1n voln\u00fd pr\u016fchod 1,5 metru) a vodorovn\u00fdm dopravn\u00edm zna\u010den\u00edm V10f, kter\u00e1 bude provedeno na\u00a0n\u00e1klady \u017eadatele a bude v\u00a0souladu se z\u00e1konem 361\/2000 Sb., o provozu na pozemn\u00edch komunikac\u00edch<\/li>\n<li>rozm\u011bry parkovac\u00edho st\u00e1n\u00ed budou navr\u017eeny dle \u010cSN 73 6056 Odstavn\u00e9 a parkovac\u00ed plochy silni\u010dn\u00edch vozidel, v\u00a0od\u016fvodn\u011bn\u00fdch p\u0159\u00edpadech je mo\u017en\u00e9 prostorov\u00e9 uspo\u0159\u00e1d\u00e1n\u00ed parkovac\u00edho st\u00e1n\u00ed p\u0159izp\u016fsobit m\u00edstn\u00edm podm\u00ednk\u00e1m<\/li>\n<li>parkuj\u00edc\u00ed vozidlo mus\u00ed b\u00fdt po celou dobu st\u00e1n\u00ed na tomto vyhrazen\u00e9m m\u00edst\u011b \u0159\u00e1dn\u011b a \u010diteln\u011b ozna\u010deno parkovac\u00edm pr\u016fkazem ozna\u010duj\u00edc\u00edm vozidlo p\u0159epravuj\u00edc\u00ed osobu t\u011b\u017ece zdravotn\u011b posti\u017eenou<\/li>\n<li>dopravn\u00ed zna\u010den\u00ed vyhrazen\u00e9ho parkovac\u00edho st\u00e1n\u00ed mus\u00ed b\u00fdt pravideln\u011b udr\u017eov\u00e1no v\u00a0\u00fapln\u00e9m, \u010diteln\u00e9m (viditelnost nejm\u00e9n\u011b 80 %) a \u010dist\u00e9m stavu v\u00a0souladu s\u00a0platn\u00fdmi pr\u00e1vn\u00edmi p\u0159edpisy<\/li>\n<li>vyhrazen\u00e9 parkovac\u00ed st\u00e1n\u00ed nesm\u00ed b\u00fdt p\u0159enech\u00e1no k\u00a0u\u017e\u00edv\u00e1n\u00ed jin\u00e9 osob\u011b, nesm\u00ed b\u00fdt bez souhlasu Odboru dopravy Prahy 14 p\u0159em\u00edst\u011bno, nesm\u00ed b\u00fdt pou\u017eito k\u00a0umis\u0165ov\u00e1n\u00ed reklamy apod.<\/li>\n<li>u\u017eivatel parkovac\u00edho st\u00e1n\u00ed neprodlen\u011b ozn\u00e1m\u00ed Odboru dopravy M\u011bstsk\u00e9 \u010d\u00e1sti Praha 14 ka\u017edou zm\u011bnu, kter\u00e1 by m\u011bla vliv na podm\u00ednky rozhodnut\u00ed a z\u00e1rove\u0148 p\u0159edlo\u017e\u00ed ve\u0161ker\u00e9 pot\u0159ebn\u00e9 doklady<\/li>\n<li>po skon\u010den\u00ed zvl\u00e1\u0161tn\u00edho u\u017e\u00edv\u00e1n\u00ed p\u0159edm\u011btn\u00e9ho parkovac\u00edho m\u00edsta je u\u017eivatel povinen na sv\u00e9 n\u00e1klady uv\u00e9st toto m\u00edsto do p\u016fvodn\u00edho stavu<\/li>\n<li>n\u00e1rok na vyhrazen\u00e9 parkovac\u00ed st\u00e1n\u00ed na ve\u0159ejn\u00e9m prostranstv\u00ed podle doporu\u010den\u00ed Ve\u0159ejn\u00e9ho ochr\u00e1nce pr\u00e1v s\u00a0\u010d.j. KVOP-13275\/2021 nem\u00e1 majitel gar\u00e1\u017ee nebo vlastn\u00edk pozemku, na kter\u00e9m m\u016f\u017ee parkovat.<\/li>\n<li>spr\u00e1vce komunikace m\u016f\u017ee zru\u0161it bezplatn\u00e9 u\u017e\u00edv\u00e1n\u00ed vyhrazen\u00e9ho st\u00e1n\u00ed bez ud\u00e1n\u00ed d\u016fvodu nebo v\u00a0p\u0159\u00edpad\u011b \u017ee v\u00a0p\u0159edm\u011btn\u00e9m prostoru, ve kter\u00e9m je povoleno vyhrazen\u00e9 parkovac\u00ed m\u00edsto dojde z\u00a0ve\u0159ejn\u00e9ho z\u00e1jmu ke zm\u011bn\u011b dopravn\u00edho re\u017eimu \u010di jin\u00fdm okolnostem, kter\u00e9 znemo\u017en\u00ed povolen\u00e9 vyhrazen\u00e9 parkovac\u00ed st\u00e1n\u00ed zachovat, bude rozhodnut\u00edm Odboru dopravy M\u011bstsk\u00e9 \u010d\u00e1sti Prahy 14 vyhrazen\u00e9 parkovac\u00ed m\u00edsto po p\u0159edchoz\u00edm upozorn\u011bn\u00ed p\u0159esunuto nebo zru\u0161eno bez n\u00e1roku na n\u00e1hradu vznikl\u00fdch n\u00e1klad\u016f \u017eadatele<\/li>\n<li>pokud trvaj\u00ed okolnosti, za kter\u00fdch bylo povolen\u00ed vyd\u00e1no, m\u016f\u017ee u\u017eivatel p\u0159ed uplynut\u00edm term\u00ednu platnosti vydan\u00e9ho povolen\u00ed po\u017e\u00e1dat o nov\u00e9 rozhodnut\u00ed, pokud v\u0161ak toto neu\u010din\u00ed, vyhrazen\u00e9 parkovac\u00ed m\u00edsto zanikne a jeho vyzna\u010den\u00ed bude odstran\u011bno bez n\u00e1roku na n\u00e1hradu vznikl\u00fdch n\u00e1klad\u016f \u017eadatele<\/li>\n<li>silni\u010dn\u00ed spr\u00e1vn\u00ed \u00fa\u0159ad si vyhrazuje pr\u00e1vo neprodlou\u017eit povolen\u00ed v\u00a0p\u0159\u00edpad\u011b, \u017ee bylo zji\u0161t\u011bno, \u017ee\u00a0u\u017eivatel toto vyhrazen\u00e9 parkovac\u00ed m\u00edsto u\u017e\u00edval nedostate\u010dn\u011b \u010di v\u00a0rozporu s\u00a0podm\u00ednkami a\u00a0je\u00a0opr\u00e1vn\u011bn kontrolovat trvalost u\u017e\u00edv\u00e1n\u00ed vyhrazen\u00e9ho parkovac\u00edho st\u00e1n\u00ed a \u010ditelnost a \u00faplnost dopravn\u00edho zna\u010den\u00ed<\/li>\n<\/ul>\n<p>&nbsp;<\/p>\n<ul>\n<li><strong><a href=\"https:\/\/www.ochrance.cz\/uploads-import\/ESO\/97-2018-DIS-HB_final_001.pdf\" target=\"_blank\" rel=\"noopener\">Doporu\u010den\u00ed ve\u0159ejn\u00e9ho ochr\u00e1nce pr\u00e1v<\/a><\/strong> ke z\u0159izov\u00e1n\u00ed parkovi\u0161\u0165 pro osoby se zdravotn\u00edm posti\u017een\u00edm s \u010d.j. KVOP-13275\/2021 vydan\u00e9 dne 30. 3. 2021.<\/li>\n<li><a href=\"https:\/\/www.praha14.cz\/app\/uploads\/sites\/2\/2024\/04\/Obsazenost-noc-MK.pdf\" target=\"_blank\" rel=\"noopener\">Mapa obsazenosti parkov\u00e1n\u00ed v no\u010dn\u00ed dobu<\/a><\/li>\n<li><a href=\"https:\/\/www.praha14.cz\/app\/uploads\/sites\/2\/2024\/04\/Obsazenost-den-MK.pdf\" target=\"_blank\" rel=\"noopener\">Mapa obsazenosti parkov\u00e1n\u00ed v denn\u00ed dobu<\/a><\/li>\n<\/ul>\n<p>\n\t\t\t\t<\/div>\n\t\t\t<\/div>\n\t\t<\/article><article class=\"panel panel-default\">\n\t\t\t<div class=\"panel-heading\">\n\t\t\t\t<h1 class=\"panel-title\">\n\t\t\t\t\t<a data-toggle=\"collapse\" data-parent=\"#panel_group_1\" href=\"#panel_1_6\" class=\"collapsed\">\n\t\t\t\t\t\tAutovraky\n\t\t\t\t\t<\/a>\n\t\t\t\t<\/h1>\n\t\t\t<\/div>\n\t\t\t<div id=\"panel_1_6\" class=\"panel-collapse collapse\">\n\t\t\t\t<div class=\"panel-body\">\n\t\t\t\t\t<\/p>\n<p><a href=\"https:\/\/www.praha14.cz\/urad-mestske-casti\/autovraky\/\" target=\"_blank\" rel=\"noopener\">Autovraky<\/a><\/p>\n<p>\n\t\t\t\t<\/div>\n\t\t\t<\/div>\n\t\t<\/article><article class=\"panel panel-default\">\n\t\t\t<div class=\"panel-heading\">\n\t\t\t\t<h1 class=\"panel-title\">\n\t\t\t\t\t<a data-toggle=\"collapse\" data-parent=\"#panel_group_1\" href=\"#panel_1_7\" class=\"collapsed\">\n\t\t\t\t\t\tKde a jak nahl\u00e1sit nefunk\u010dn\u00ed ve\u0159ejn\u00e9 osv\u011btlen\u00ed?\n\t\t\t\t\t<\/a>\n\t\t\t\t<\/h1>\n\t\t\t<\/div>\n\t\t\t<div id=\"panel_1_7\" class=\"panel-collapse collapse\">\n\t\t\t\t<div class=\"panel-body\">\n\t\t\t\t\t<\/p>\n<p><a href=\"https:\/\/www.praha14.cz\/app\/uploads\/sites\/2\/2023\/11\/347237332_649477143910000_3438470847165572726_n.png\" data-rel=\"lightbox-image-1\" data-rl_title=\"\" data-rl_caption=\"\" title=\"\"><img loading=\"lazy\" decoding=\"async\" class=\"alignleft wp-image-50926\" src=\"https:\/\/www.praha14.cz\/app\/uploads\/sites\/2\/2023\/11\/347237332_649477143910000_3438470847165572726_n.png\" alt=\"\" width=\"204\" height=\"306\" srcset=\"https:\/\/www.praha14.cz\/app\/uploads\/sites\/2\/2023\/11\/347237332_649477143910000_3438470847165572726_n.png 524w, https:\/\/www.praha14.cz\/app\/uploads\/sites\/2\/2023\/11\/347237332_649477143910000_3438470847165572726_n-246x370.png 246w\" sizes=\"(max-width: 204px) 100vw, 204px\" \/><\/a><\/p>\n<p>Provoz i \u00fadr\u017ebu ve\u0159ejn\u00e9ho osv\u011btlen\u00ed nebo spr\u00e1vnou funk\u010dnost hodin v metropoli m\u00e1 na starosti m\u011bstsk\u00e1 firma \u2013\u00a0<strong>Technologie hlavn\u00edho m\u011bsta Prahy, a.s. (THMP)<\/strong>. Pokud jsou tedy u v\u00e1s nesv\u00edt\u00edc\u00ed, rozbit\u00e9 nebo jinak po\u0161kozen\u00e9 lampy \u010di hodiny, m\u016f\u017eete tento probl\u00e9m jednodu\u0161e nahl\u00e1sit n\u011bkter\u00fdm z n\u00e1sleduj\u00edc\u00edch zp\u016fsob\u016f:<\/p>\n<ul>\n<li>Telefonem\u00a0na bezplatn\u00e9 lince\u00a0800 404 060<\/li>\n<li>Informaci s fotkou poslat e-mailem na\u00a0<a href=\"mailto:poruchyvo@thmp.cz\">poruchyvo@thmp.cz<\/a><\/li>\n<li>Vyu\u017e\u00edt formul\u00e1\u0159 na webu spr\u00e1vce:\u00a0<a href=\"https:\/\/www.thmp.cz\/jak-si-zaridit\/hlaseni-poruch\" target=\"_blank\" rel=\"noopener\">www.thmp.cz<\/a><\/li>\n<\/ul>\n<p>P\u0159i hl\u00e1\u0161en\u00ed poruchy ve\u0159ejn\u00e9ho osv\u011btlen\u00ed na dispe\u010dink THMP je vhodn\u00e9 m\u00edt p\u0159ipraveny tyto informace:<\/p>\n<ul>\n<li><strong>\u010c\u00edslo lampy<\/strong>\u00a0uveden\u00e9 na identifika\u010dn\u00edm \u0161t\u00edtku na sto\u017e\u00e1ru ve\u0159ejn\u00e9ho osv\u011btlen\u00ed (nap\u0159. 008059). V p\u0159\u00edpad\u011b v\u011bt\u0161\u00edho po\u010dtu poruch pak i \u010d\u00edsla u ostatn\u00edch lamp. Pokud nezn\u00e1te \u010d\u00edslo lampy, je t\u0159eba uv\u00e9st ulici a \u010d\u00edslo popisn\u00e9 domu (to je to \u010derven\u00e9) v p\u0159\u00edm\u00e9 bl\u00edzkosti lampy. P\u0159\u00edpadn\u011b nejbli\u017e\u0161\u00ed objekt identifikovateln\u00fd na map\u011b.<\/li>\n<li><strong>Typ poruchy<\/strong>\u00a0\u2013 nap\u0159\u00edklad: lampa nesv\u00edt\u00ed, blik\u00e1, chyb\u00ed dv\u00ed\u0159ka na sloupu, sloup se k\u00e1c\u00ed a podobn\u011b.<\/li>\n<li><strong>Zaj\u00edmavost na z\u00e1v\u011br<\/strong>:\u00a0\u010c\u00edslo lampy (sto\u017e\u00e1ru ve\u0159ejn\u00e9ho osv\u011btlen\u00ed) je unik\u00e1tn\u00ed a maj\u00ed k n\u011bmu v podstat\u011b p\u0159\u00edstup i slo\u017eky IZS (policie, hasi\u010di i zdravotn\u00edci) a Odbory dopravy. Toho se d\u00e1 nap\u0159\u00edklad dob\u0159e vyu\u017e\u00edt v p\u0159\u00edpad\u011b, \u017ee\u00a0pot\u0159ebujete p\u0159ivolat pomoc a nezn\u00e1te p\u0159esnou adresu. Podle \u010d\u00edsla na sloupu lampy v\u00e1s bezpe\u010dn\u011b a rychle najdou!<\/li>\n<\/ul>\n<p>\n\t\t\t\t<\/div>\n\t\t\t<\/div>\n\t\t<\/article><article class=\"panel panel-default\">\n\t\t\t<div class=\"panel-heading\">\n\t\t\t\t<h1 class=\"panel-title\">\n\t\t\t\t\t<a data-toggle=\"collapse\" data-parent=\"#panel_group_1\" href=\"#panel_1_8\" class=\"collapsed\">\n\t\t\t\t\t\tVe\u0159ejn\u00e1 doprava\n\t\t\t\t\t<\/a>\n\t\t\t\t<\/h1>\n\t\t\t<\/div>\n\t\t\t<div id=\"panel_1_8\" class=\"panel-collapse collapse\">\n\t\t\t\t<div class=\"panel-body\">\n\t\t\t\t\t<\/p>\n<ul>\n<li><a href=\"https:\/\/www.dpp.cz\/\" target=\"_blank\" rel=\"noopener\">Dopravn\u00ed podnik hl. m. Prahy<\/a><\/li>\n<li><a href=\"https:\/\/pid.cz\/\" target=\"_blank\" rel=\"noopener\">Pra\u017esk\u00e1 integrovan\u00e1 doprava<\/a><\/li>\n<li><a href=\"https:\/\/www.dpp.cz\/cestovani\/bezbarierove-cestovani\/stav-vytahu-a-plosin\" target=\"_blank\" rel=\"noopener\">Aktu\u00e1ln\u00ed stav v\u00fdtah\u016f a plo\u0161in na link\u00e1ch metra<\/a><\/li>\n<li><a href=\"https:\/\/pid.cz\/hledani-spojeni\/\" target=\"_blank\" rel=\"noopener\">Vyhledava\u010d spojen\u00ed (v\u010detn\u011b n\u00edzkopodla\u017en\u00edch a bezbari\u00e9rov\u00fdch)<\/a><\/li>\n<li><a href=\"https:\/\/www.cd.cz\/default.htm\" target=\"_blank\" rel=\"noopener\">\u010cesk\u00e9 dr\u00e1hy<\/a><\/li>\n<li><a href=\"https:\/\/mapa.pid.cz\/?filter=&amp;zoom=14.3&amp;lon=14.5632&amp;lat=50.0986\" target=\"_blank\" rel=\"noopener\">Mapa pohybu vozidel MHD v Praze<\/a><\/li>\n<\/ul>\n<p>\n\t\t\t\t<\/div>\n\t\t\t<\/div>\n\t\t<\/article><article class=\"panel panel-default\">\n\t\t\t<div class=\"panel-heading\">\n\t\t\t\t<h1 class=\"panel-title\">\n\t\t\t\t\t<a data-toggle=\"collapse\" data-parent=\"#panel_group_1\" href=\"#panel_1_9\" class=\"collapsed\">\n\t\t\t\t\t\tAutomobilov\u00e1 doprava\n\t\t\t\t\t<\/a>\n\t\t\t\t<\/h1>\n\t\t\t<\/div>\n\t\t\t<div id=\"panel_1_9\" class=\"panel-collapse collapse\">\n\t\t\t\t<div class=\"panel-body\">\n\t\t\t\t\t<\/p>\n<ul>\n<li><a href=\"https:\/\/www.praha.eu\/jnp\/cz\/potrebuji_resit\/zivotni_situace\/dopravnespravni_cinnosti\/index.html\" target=\"_blank\" rel=\"noopener\">\u0158idi\u010dsk\u00e9 pr\u016fkazy<\/a> (nen\u00ed v kompetenci M\u010c)<\/li>\n<li><a href=\"https:\/\/www.praha.eu\/jnp\/cz\/potrebuji_resit\/zivotni_situace\/dopravnespravni_cinnosti\/registr_ridicu\/postup_pri_zadosti_o_vraceni_ridicskeho_1.html\" target=\"_blank\" rel=\"noopener\">Postup p\u0159i \u017e\u00e1dosti o vr\u00e1cen\u00ed \u0159idi\u010dsk\u00e9ho opr\u00e1vn\u011bn\u00ed<\/a><\/li>\n<li><a href=\"https:\/\/www.praha14.cz\/urad-mestske-casti\/hledam-informaci\/ridici__trashed\/evidence-vozidel-a-stk-2\/\" target=\"_blank\" rel=\"noopener noreferrer\">Evidence vozidel a STK<\/a><\/li>\n<li><a href=\"https:\/\/www.sshmp.cz\/\" target=\"_blank\" rel=\"noopener noreferrer\">Vyhled\u00e1v\u00e1n\u00ed odta\u017een\u00fdch vozidel<\/a><\/li>\n<\/ul>\n<p>\n\t\t\t\t<\/div>\n\t\t\t<\/div>\n\t\t<\/article><article class=\"panel panel-default\">\n\t\t\t<div class=\"panel-heading\">\n\t\t\t\t<h1 class=\"panel-title\">\n\t\t\t\t\t<a data-toggle=\"collapse\" data-parent=\"#panel_group_1\" href=\"#panel_1_10\" class=\"collapsed\">\n\t\t\t\t\t\tPro cyklisty\n\t\t\t\t\t<\/a>\n\t\t\t\t<\/h1>\n\t\t\t<\/div>\n\t\t\t<div id=\"panel_1_10\" class=\"panel-collapse collapse\">\n\t\t\t\t<div class=\"panel-body\">\n\t\t\t\t\t<\/p>\n<p><a href=\"https:\/\/www.praha14.cz\/zivot-na-praze-14\/cyklomapa-prahy-14\/\" target=\"_blank\" rel=\"noopener\">Cyklomapa Prahy 14<\/a><\/p>\n<p>\n\t\t\t\t<\/div>\n\t\t\t<\/div>\n\t\t<\/article><article class=\"panel panel-default\">\n\t\t\t<div class=\"panel-heading\">\n\t\t\t\t<h1 class=\"panel-title\">\n\t\t\t\t\t<a data-toggle=\"collapse\" data-parent=\"#panel_group_1\" href=\"#panel_1_11\" class=\"collapsed\">\n\t\t\t\t\t\tElektromobilita\n\t\t\t\t\t<\/a>\n\t\t\t\t<\/h1>\n\t\t\t<\/div>\n\t\t\t<div id=\"panel_1_11\" class=\"panel-collapse collapse\">\n\t\t\t\t<div class=\"panel-body\">\n\t\t\t\t\t<\/p>\n<p><a href=\"https:\/\/www.plugshare.com\/\" target=\"_blank\" rel=\"noopener\">Mapa nab\u00edjec\u00edch stanic<\/a><\/p>\n<p>\n\t\t\t\t<\/div>\n\t\t\t<\/div>\n\t\t<\/article><article class=\"panel panel-default\">\n\t\t\t<div class=\"panel-heading\">\n\t\t\t\t<h1 class=\"panel-title\">\n\t\t\t\t\t<a data-toggle=\"collapse\" data-parent=\"#panel_group_1\" href=\"#panel_1_12\" class=\"collapsed\">\n\t\t\t\t\t\tStrategick\u00e9 dokumenty\n\t\t\t\t\t<\/a>\n\t\t\t\t<\/h1>\n\t\t\t<\/div>\n\t\t\t<div id=\"panel_1_12\" class=\"panel-collapse collapse\">\n\t\t\t\t<div class=\"panel-body\">\n\t\t\t\t\t<\/p>\n<ul>\n<li><a href=\"https:\/\/www.praha14.cz\/app\/uploads\/sites\/4\/2014\/10\/Generel-dopravy-P14-N%C3%A1vrhov%C3%A1-%C4%8D%C3%A1st.pdf\" target=\"_blank\" rel=\"noopener\">Generel dopravy Prahy 14 &#8211; n\u00e1vrhov\u00e1 \u010d\u00e1st<\/a><\/li>\n<li><a href=\"https:\/\/www.praha14.cz\/app\/uploads\/sites\/4\/2014\/10\/Generel-dopravy-P14-Analytick%C3%A1-%C4%8D%C3%A1st.compressed.pdf\" target=\"_blank\" rel=\"noopener\">Generel dopravy Prahy 14 &#8211; analytick\u00e1 \u010d\u00e1st<\/a><\/li>\n<\/ul>\n<p>\n\t\t\t\t<\/div>\n\t\t\t<\/div>\n\t\t<\/article><article class=\"panel panel-default\">\n\t\t\t<div class=\"panel-heading\">\n\t\t\t\t<h1 class=\"panel-title\">\n\t\t\t\t\t<a data-toggle=\"collapse\" data-parent=\"#panel_group_1\" href=\"#panel_1_13\" class=\"collapsed\">\n\t\t\t\t\t\tPocitov\u00e1 mapa\n\t\t\t\t\t<\/a>\n\t\t\t\t<\/h1>\n\t\t\t<\/div>\n\t\t\t<div id=\"panel_1_13\" class=\"panel-collapse collapse\">\n\t\t\t\t<div class=\"panel-body\">\n\t\t\t\t\t<\/p>\n<p><a href=\"https:\/\/www.pocitovemapy.cz\/praha-14\/nahled\" target=\"_blank\" rel=\"noopener\">Pocitov\u00e1 mapa<\/a><\/p>\n<p>\n\t\t\t\t<\/div>\n\t\t\t<\/div>\n\t\t<\/article><article class=\"panel panel-default\">\n\t\t\t<div class=\"panel-heading\">\n\t\t\t\t<h1 class=\"panel-title\">\n\t\t\t\t\t<a data-toggle=\"collapse\" data-parent=\"#panel_group_1\" href=\"#panel_1_14\" class=\"collapsed\">\n\t\t\t\t\t\tKontakty na Odbor dopravy \u00daM\u010c Praha 14\n\t\t\t\t\t<\/a>\n\t\t\t\t<\/h1>\n\t\t\t<\/div>\n\t\t\t<div id=\"panel_1_14\" class=\"panel-collapse collapse\">\n\t\t\t\t<div class=\"panel-body\">\n\t\t\t\t\t<\/p>\n<p><a href=\"https:\/\/www.praha14.cz\/urad-mestske-casti\/o-uradu-mc-p14\/odbory-uradu\/?odbor=53873&amp;search=\" target=\"_blank\" rel=\"noopener\">Odbor dopravy \u00daM\u010c Praha 14<\/a><\/p>\n<p>&nbsp;<\/p>\n<p>\n\t\t\t\t<\/div>\n\t\t\t<\/div>\n\t\t<\/article><article class=\"panel panel-default\">\n\t\t\t<div class=\"panel-heading\">\n\t\t\t\t<h1 class=\"panel-title\">\n\t\t\t\t\t<a data-toggle=\"collapse\" data-parent=\"#panel_group_1\" href=\"#panel_1_15\" class=\"collapsed\">\n\t\t\t\t\t\tU\u017eite\u010dn\u00e9 odkazy\n\t\t\t\t\t<\/a>\n\t\t\t\t<\/h1>\n\t\t\t<\/div>\n\t\t\t<div id=\"panel_1_15\" class=\"panel-collapse collapse\">\n\t\t\t\t<div class=\"panel-body\">\n\t\t\t\t\t<\/p>\n<ul>\n<li><a href=\"https:\/\/www.tsk-praha.cz\/wps\/portal\" target=\"_blank\" rel=\"noopener noreferrer\">Technick\u00e1 spr\u00e1va komunikac\u00ed hl. m. Prahy<\/a><\/li>\n<li><a href=\"https:\/\/www.sshmp.cz\/\" target=\"_blank\" rel=\"noopener\">Spr\u00e1va slu\u017eeb hlavn\u00edho m\u011bsta Prahy<\/a><\/li>\n<\/ul>\n<p>\n\t\t\t\t<\/div>\n\t\t\t<\/div>\n\t\t<\/article><\/div><\/section>\n","protected":false},"excerpt":{"rendered":"<p>&nbsp; V\u00edtejte na str\u00e1nce v\u011bnovan\u00e9 doprav\u011b na \u00fazem\u00ed M\u010c Praha 14. Do\u010dtete se zde informace o blokov\u00e9m \u010di\u0161t\u011bn\u00ed, zimn\u00ed \u00fadr\u017eb\u011b komunikac\u00ed \u010di dopravn\u00ed aktuality. Na str\u00e1nce zve\u0159ej\u0148ujeme i u\u017eite\u010dn\u00e9 odkazy t\u00fdkaj\u00edc\u00ed se evidence vozidel, STK \u010di vyhled\u00e1v\u00e1n\u00ed odta\u017een\u00fdch vozidel.<\/p>\n","protected":false},"author":6,"featured_media":0,"parent":0,"menu_order":0,"comment_status":"closed","ping_status":"closed","template":"","meta":{"_acf_changed":false,"footnotes":""},"class_list":["post-45408","page","type-page","status-publish","hentry"],"acf":[],"yoast_head":"<!-- This site is optimized with the Yoast SEO plugin v27.2 - https:\/\/yoast.com\/product\/yoast-seo-wordpress\/ -->\n<title>Doprava v Praze 14 - \u00daM\u010c P14<\/title>\n<meta name=\"robots\" content=\"index, follow, max-snippet:-1, max-image-preview:large, max-video-preview:-1\" \/>\n<link rel=\"canonical\" href=\"https:\/\/www.praha14.cz\/urad-mestske-casti\/doprava-v-praze-14\/\" \/>\n<meta property=\"og:locale\" content=\"cs_CZ\" \/>\n<meta property=\"og:type\" content=\"article\" \/>\n<meta property=\"og:title\" content=\"Doprava v Praze 14 - \u00daM\u010c P14\" \/>\n<meta property=\"og:description\" content=\"&nbsp; V\u00edtejte na str\u00e1nce v\u011bnovan\u00e9 doprav\u011b na \u00fazem\u00ed M\u010c Praha 14. Do\u010dtete se zde informace o blokov\u00e9m \u010di\u0161t\u011bn\u00ed, zimn\u00ed \u00fadr\u017eb\u011b komunikac\u00ed \u010di dopravn\u00ed aktuality. Na str\u00e1nce zve\u0159ej\u0148ujeme i u\u017eite\u010dn\u00e9 odkazy t\u00fdkaj\u00edc\u00ed se evidence vozidel, STK \u010di vyhled\u00e1v\u00e1n\u00ed odta\u017een\u00fdch vozidel.\" \/>\n<meta property=\"og:url\" content=\"https:\/\/www.praha14.cz\/urad-mestske-casti\/doprava-v-praze-14\/\" \/>\n<meta property=\"og:site_name\" content=\"\u00daM\u010c P14\" \/>\n<meta property=\"article:modified_time\" content=\"2026-04-21T09:44:20+00:00\" \/>\n<meta property=\"og:image\" content=\"https:\/\/www.praha14.cz\/app\/uploads\/sites\/2\/2023\/05\/QR-kody-doprava-1.png\" \/>\n<meta name=\"twitter:card\" content=\"summary_large_image\" \/>\n<meta name=\"twitter:label1\" content=\"Est. reading time\" \/>\n\t<meta name=\"twitter:data1\" content=\"8 minut\" \/>\n<script type=\"application\/ld+json\" class=\"yoast-schema-graph\">{\"@context\":\"https:\/\/schema.org\",\"@graph\":[{\"@type\":\"WebPage\",\"@id\":\"https:\/\/www.praha14.cz\/urad-mestske-casti\/doprava-v-praze-14\/\",\"url\":\"https:\/\/www.praha14.cz\/urad-mestske-casti\/doprava-v-praze-14\/\",\"name\":\"Doprava v Praze 14 - \u00daM\u010c P14\",\"isPartOf\":{\"@id\":\"https:\/\/www.praha14.cz\/urad-mestske-casti\/#website\"},\"primaryImageOfPage\":{\"@id\":\"https:\/\/www.praha14.cz\/urad-mestske-casti\/doprava-v-praze-14\/#primaryimage\"},\"image\":{\"@id\":\"https:\/\/www.praha14.cz\/urad-mestske-casti\/doprava-v-praze-14\/#primaryimage\"},\"thumbnailUrl\":\"https:\/\/www.praha14.cz\/app\/uploads\/sites\/2\/2023\/05\/QR-kody-doprava-1.png\",\"datePublished\":\"2021-03-09T13:39:46+00:00\",\"dateModified\":\"2026-04-21T09:44:20+00:00\",\"breadcrumb\":{\"@id\":\"https:\/\/www.praha14.cz\/urad-mestske-casti\/doprava-v-praze-14\/#breadcrumb\"},\"inLanguage\":\"cs\",\"potentialAction\":[{\"@type\":\"ReadAction\",\"target\":[\"https:\/\/www.praha14.cz\/urad-mestske-casti\/doprava-v-praze-14\/\"]}]},{\"@type\":\"ImageObject\",\"inLanguage\":\"cs\",\"@id\":\"https:\/\/www.praha14.cz\/urad-mestske-casti\/doprava-v-praze-14\/#primaryimage\",\"url\":\"https:\/\/www.praha14.cz\/app\/uploads\/sites\/2\/2023\/05\/QR-kody-doprava-1.png\",\"contentUrl\":\"https:\/\/www.praha14.cz\/app\/uploads\/sites\/2\/2023\/05\/QR-kody-doprava-1.png\"},{\"@type\":\"BreadcrumbList\",\"@id\":\"https:\/\/www.praha14.cz\/urad-mestske-casti\/doprava-v-praze-14\/#breadcrumb\",\"itemListElement\":[{\"@type\":\"ListItem\",\"position\":1,\"name\":\"\u00da\u0159ad m\u011bstsk\u00e9 \u010d\u00e1sti Praha 14\",\"item\":\"https:\/\/www.praha14.cz\/urad-mestske-casti\/\"},{\"@type\":\"ListItem\",\"position\":2,\"name\":\"Doprava v Praze 14\"}]},{\"@type\":\"WebSite\",\"@id\":\"https:\/\/www.praha14.cz\/urad-mestske-casti\/#website\",\"url\":\"https:\/\/www.praha14.cz\/urad-mestske-casti\/\",\"name\":\"\u00daM\u010c P14\",\"description\":\"Ofici\u00e1ln\u00ed str\u00e1nky m\u011bstsk\u00e9 \u010d\u00e1sti Praha 14\",\"potentialAction\":[{\"@type\":\"SearchAction\",\"target\":{\"@type\":\"EntryPoint\",\"urlTemplate\":\"https:\/\/www.praha14.cz\/urad-mestske-casti\/?s={search_term_string}\"},\"query-input\":{\"@type\":\"PropertyValueSpecification\",\"valueRequired\":true,\"valueName\":\"search_term_string\"}}],\"inLanguage\":\"cs\"}]}<\/script>\n<!-- \/ Yoast SEO plugin. -->","yoast_head_json":{"title":"Doprava v Praze 14 - \u00daM\u010c P14","robots":{"index":"index","follow":"follow","max-snippet":"max-snippet:-1","max-image-preview":"max-image-preview:large","max-video-preview":"max-video-preview:-1"},"canonical":"https:\/\/www.praha14.cz\/urad-mestske-casti\/doprava-v-praze-14\/","og_locale":"cs_CZ","og_type":"article","og_title":"Doprava v Praze 14 - \u00daM\u010c P14","og_description":"&nbsp; V\u00edtejte na str\u00e1nce v\u011bnovan\u00e9 doprav\u011b na \u00fazem\u00ed M\u010c Praha 14. Do\u010dtete se zde informace o blokov\u00e9m \u010di\u0161t\u011bn\u00ed, zimn\u00ed \u00fadr\u017eb\u011b komunikac\u00ed \u010di dopravn\u00ed aktuality. Na str\u00e1nce zve\u0159ej\u0148ujeme i u\u017eite\u010dn\u00e9 odkazy t\u00fdkaj\u00edc\u00ed se evidence vozidel, STK \u010di vyhled\u00e1v\u00e1n\u00ed odta\u017een\u00fdch vozidel.","og_url":"https:\/\/www.praha14.cz\/urad-mestske-casti\/doprava-v-praze-14\/","og_site_name":"\u00daM\u010c P14","article_modified_time":"2026-04-21T09:44:20+00:00","og_image":[{"url":"https:\/\/www.praha14.cz\/app\/uploads\/sites\/2\/2023\/05\/QR-kody-doprava-1.png","type":"","width":"","height":""}],"twitter_card":"summary_large_image","twitter_misc":{"Est. reading time":"8 minut"},"schema":{"@context":"https:\/\/schema.org","@graph":[{"@type":"WebPage","@id":"https:\/\/www.praha14.cz\/urad-mestske-casti\/doprava-v-praze-14\/","url":"https:\/\/www.praha14.cz\/urad-mestske-casti\/doprava-v-praze-14\/","name":"Doprava v Praze 14 - \u00daM\u010c P14","isPartOf":{"@id":"https:\/\/www.praha14.cz\/urad-mestske-casti\/#website"},"primaryImageOfPage":{"@id":"https:\/\/www.praha14.cz\/urad-mestske-casti\/doprava-v-praze-14\/#primaryimage"},"image":{"@id":"https:\/\/www.praha14.cz\/urad-mestske-casti\/doprava-v-praze-14\/#primaryimage"},"thumbnailUrl":"https:\/\/www.praha14.cz\/app\/uploads\/sites\/2\/2023\/05\/QR-kody-doprava-1.png","datePublished":"2021-03-09T13:39:46+00:00","dateModified":"2026-04-21T09:44:20+00:00","breadcrumb":{"@id":"https:\/\/www.praha14.cz\/urad-mestske-casti\/doprava-v-praze-14\/#breadcrumb"},"inLanguage":"cs","potentialAction":[{"@type":"ReadAction","target":["https:\/\/www.praha14.cz\/urad-mestske-casti\/doprava-v-praze-14\/"]}]},{"@type":"ImageObject","inLanguage":"cs","@id":"https:\/\/www.praha14.cz\/urad-mestske-casti\/doprava-v-praze-14\/#primaryimage","url":"https:\/\/www.praha14.cz\/app\/uploads\/sites\/2\/2023\/05\/QR-kody-doprava-1.png","contentUrl":"https:\/\/www.praha14.cz\/app\/uploads\/sites\/2\/2023\/05\/QR-kody-doprava-1.png"},{"@type":"BreadcrumbList","@id":"https:\/\/www.praha14.cz\/urad-mestske-casti\/doprava-v-praze-14\/#breadcrumb","itemListElement":[{"@type":"ListItem","position":1,"name":"\u00da\u0159ad m\u011bstsk\u00e9 \u010d\u00e1sti Praha 14","item":"https:\/\/www.praha14.cz\/urad-mestske-casti\/"},{"@type":"ListItem","position":2,"name":"Doprava v Praze 14"}]},{"@type":"WebSite","@id":"https:\/\/www.praha14.cz\/urad-mestske-casti\/#website","url":"https:\/\/www.praha14.cz\/urad-mestske-casti\/","name":"\u00daM\u010c P14","description":"Ofici\u00e1ln\u00ed str\u00e1nky m\u011bstsk\u00e9 \u010d\u00e1sti Praha 14","potentialAction":[{"@type":"SearchAction","target":{"@type":"EntryPoint","urlTemplate":"https:\/\/www.praha14.cz\/urad-mestske-casti\/?s={search_term_string}"},"query-input":{"@type":"PropertyValueSpecification","valueRequired":true,"valueName":"search_term_string"}}],"inLanguage":"cs"}]}},"_links":{"self":[{"href":"https:\/\/www.praha14.cz\/urad-mestske-casti\/wp-json\/wp\/v2\/pages\/45408","targetHints":{"allow":["GET"]}}],"collection":[{"href":"https:\/\/www.praha14.cz\/urad-mestske-casti\/wp-json\/wp\/v2\/pages"}],"about":[{"href":"https:\/\/www.praha14.cz\/urad-mestske-casti\/wp-json\/wp\/v2\/types\/page"}],"author":[{"embeddable":true,"href":"https:\/\/www.praha14.cz\/urad-mestske-casti\/wp-json\/wp\/v2\/users\/6"}],"replies":[{"embeddable":true,"href":"https:\/\/www.praha14.cz\/urad-mestske-casti\/wp-json\/wp\/v2\/comments?post=45408"}],"version-history":[{"count":104,"href":"https:\/\/www.praha14.cz\/urad-mestske-casti\/wp-json\/wp\/v2\/pages\/45408\/revisions"}],"predecessor-version":[{"id":54730,"href":"https:\/\/www.praha14.cz\/urad-mestske-casti\/wp-json\/wp\/v2\/pages\/45408\/revisions\/54730"}],"wp:attachment":[{"href":"https:\/\/www.praha14.cz\/urad-mestske-casti\/wp-json\/wp\/v2\/media?parent=45408"}],"curies":[{"name":"wp","href":"https:\/\/api.w.org\/{rel}","templated":true}]}}