{"id":28304,"date":"2014-06-30T19:04:08","date_gmt":"2014-06-30T18:04:08","guid":{"rendered":"\/urad-mestske-casti\/?post_type=zivotni_situace&#038;p=28304"},"modified":"2026-01-05T14:33:59","modified_gmt":"2026-01-05T13:33:59","slug":"pomoc-obcanum-v-tizive-socialni-situaci-kterou-nedovedou-resit-vlastnimi-silami","status":"publish","type":"zivotni_situace","link":"https:\/\/www.praha14.cz\/urad-mestske-casti\/zivotni-situace\/pomoc-obcanum-v-tizive-socialni-situaci-kterou-nedovedou-resit-vlastnimi-silami\/","title":{"rendered":"Pomoc ob\u010dan\u016fm v t\u00ed\u017eiv\u00e9 soci\u00e1ln\u00ed situaci, kterou nedovedou \u0159e\u0161it vlastn\u00edmi silami"},"content":{"rendered":"<h2>Odbor soci\u00e1ln\u00edch v\u011bc\u00ed<\/h2>\n<h3 class=\"zs_odbor\">1. Identifika\u010dn\u00ed k\u00f3d<\/h3>\n<p>&#8212;<\/p>\n<h3>2. K\u00f3d<\/h3>\n<p>&#8212;<\/p>\n<h3>3. Pojmenov\u00e1n\u00ed (n\u00e1zev) \u017eivotn\u00ed situace<\/h3>\n<p>T\u00ed\u017eiv\u00e1 soci\u00e1ln\u00ed situace, kterou ob\u010dan nedovede \u0159e\u0161it vlastn\u00edmi silami<\/p>\n<h3>4. Z\u00e1kladn\u00ed informace k \u017eivotn\u00ed situaci<\/h3>\n<p>Podpora a pomoc ob\u010dan\u016fm propu\u0161t\u011bn\u00fdch z v\u00fdkonu trestu, ob\u010dan\u016fm, proti nim\u017e je vedeno trestn\u00ed \u0159\u00edzen\u00ed, pop\u0159. jim\u017e byl v\u00fdkon trestu odn\u011bt\u00ed svobody podm\u00edn\u011bn\u011b odlo\u017een, pomoc a podpora ob\u010dan\u016fm z\u00e1visl\u00fdm na alkoholu a jin\u00fdch toxikomani\u00edch, podpora a pomoc ob\u010dan\u016fm \u017eij\u00edc\u00edch ned\u016fstojn\u00fdm zp\u016fsobem \u017eivota, podpora a pomoc ob\u010dan\u016fm propu\u0161t\u011bn\u00fdch ze \u0161kolsk\u00fdch za\u0159\u00edzen\u00ed pro v\u00fdkon \u00fastavn\u00ed a ochrann\u00e9 v\u00fdchovy po dosa\u017een\u00ed zletilosti.<\/p>\n<h3>5. Kdo je opr\u00e1vn\u011bn v t\u00e9to v\u011bci jednat (podat \u017e\u00e1dost apod.)<\/h3>\n<ul>\n<li>ob\u010dan propu\u0161t\u011bn\u00fd z v\u00fdkonu vazby<\/li>\n<li>ob\u010dan propu\u0161t\u011bn\u00fd z v\u00fdkonu trestu<\/li>\n<li>ob\u010dan propu\u0161t\u011bn\u00fd ze zdravotnick\u00e9ho za\u0159\u00edzen\u00ed, psychiatrick\u00e9 l\u00e9\u010debny po ukon\u010den\u00ed l\u00e9\u010dby chorobn\u00fdch z\u00e1vislost\u00ed nebo l\u00e9\u010debn\u00e9ho za\u0159\u00edzen\u00ed pro chorobn\u00e9 z\u00e1vislosti<\/li>\n<li>ob\u010dan propu\u0161t\u011bn\u00fd ze \u0161kolsk\u00e9ho za\u0159\u00edzen\u00ed pro v\u00fdkon \u00fastavn\u00ed \u010di ochrann\u00e9 v\u00fdchovy nebo z p\u011bstounsk\u00e9 p\u00e9\u010de po dosa\u017een\u00ed zletilosti, respektive v 19 letech<\/li>\n<li>ob\u010dan \u017eij\u00edc\u00ed ned\u016fstojn\u00fdm zp\u016fsobem \u017eivota, ob\u010dan bez p\u0159\u00edst\u0159e\u0161\u00ed<\/li>\n<li>ob\u010dan, jeho\u017e pr\u00e1va a z\u00e1jmy jsou ohro\u017eeny trestnou \u010dinnost\u00ed jin\u00e9 osoby, ob\u011bti dom\u00e1c\u00edho n\u00e1sil\u00ed<\/li>\n<\/ul>\n<h3>6. Jak\u00e9 jsou podm\u00ednky a postup pro \u0159e\u0161en\u00ed \u017eivotn\u00ed situace<\/h3>\n<p>Ka\u017ed\u00e1 situace je \u0159e\u0161ena individu\u00e1ln\u011b<\/p>\n<h3>7. Jak\u00fdm zp\u016fsobem m\u016f\u017eete zah\u00e1jit \u0159e\u0161en\u00ed \u017eivotn\u00ed situace<\/h3>\n<p>N\u00e1v\u0161t\u011bva \u010di p\u00edsemn\u00fd kontakt Odboru soci\u00e1ln\u00edch v\u011bc\u00ed \u00da\u0159adu m\u011bstsk\u00e9 \u010d\u00e1sti Praha 14<\/p>\n<h3>8. Na kter\u00e9 instituci \u017eivotn\u00ed situaci \u0159e\u0161it<\/h3>\n<p>Odbor soci\u00e1ln\u00edch v\u011bc\u00ed, odd. soci\u00e1ln\u00ed pomoci a prevence \u00da\u0159adu m\u011bstsk\u00e9 \u010d\u00e1sti Praha 14<\/p>\n<h3>9. Kde, s k\u00fdm a kdy \u017eivotn\u00ed situaci \u0159e\u0161it<\/h3>\n<p>Mgr. Anita Maninov\u00e1, soci\u00e1ln\u00ed kur\u00e1torka pro dosp\u011bl\u00e9, 225 295 352, <a href=\"mailto:anita.maninova@praha14.cz\">anita.maninova@praha14.cz<\/a><\/p>\n<h3>10. Jak\u00e9 doklady je nutn\u00e9 m\u00edt s\u00a0sebou<\/h3>\n<p>&#8212;<\/p>\n<h3>11. Jak\u00e9 jsou pot\u0159ebn\u00e9 formul\u00e1\u0159e a kde jsou k dispozici<\/h3>\n<p>Nejsou pot\u0159eba \u017e\u00e1dn\u00e9 formul\u00e1\u0159e.<\/p>\n<h3>12. Jak\u00e9 jsou poplatky a jak je lze uhradit<\/h3>\n<p>&#8212;<\/p>\n<h3>13. Jak\u00e9 jsou lh\u016fty pro vy\u0159\u00edzen\u00ed<\/h3>\n<p>Ka\u017ed\u00e1 situace je posuzov\u00e1na individu\u00e1ln\u011b, v\u017edy je postupov\u00e1no tak, aby byly h\u00e1jeny pr\u00e1va ob\u010dana<\/p>\n<h3>14. Kte\u0159\u00ed jsou dal\u0161\u00ed \u00fa\u010dastn\u00edci (dot\u010den\u00ed) \u0159e\u0161en\u00ed \u017eivotn\u00ed situace<\/h3>\n<p>&#8212;<\/p>\n<h3>15. Jak\u00e9 dal\u0161\u00ed \u010dinnosti jsou po \u017eadateli po\u017eadov\u00e1ny<\/h3>\n<p>Dal\u0161\u00ed postup je v\u017edy stanoven po dohod\u011b s\u00a0p\u0159\u00edslu\u0161n\u00fdm pracovn\u00edkem, ob\u010dan je v\u017edy \u00fa\u010dasten \u0159e\u0161en\u00ed sv\u00e9 situace<\/p>\n<h3>16. Elektronick\u00e1 slu\u017eba, kterou lze vyu\u017e\u00edt<\/h3>\n<p>&#8212;<\/p>\n<h3>17. Podle kter\u00e9ho pr\u00e1vn\u00edho p\u0159edpisu se postupuje<\/h3>\n<ul>\n<li>z\u00e1kon \u010d.111\/2006 Sb., o pomoci v hmotn\u00e9 nouzi, ve zn\u011bn\u00ed pozd\u011bj\u0161\u00edch p\u0159edpis\u016f<\/li>\n<li>z\u00e1kon \u010d.108\/2006 Sb., o soci\u00e1ln\u00edch slu\u017eb\u00e1ch, ve zn\u011bn\u00ed pozd\u011bj\u0161\u00edch p\u0159edpis\u016f<\/li>\n<li>z\u00e1kon \u010d.40\/2009 Sb., trestn\u00ed z\u00e1kon, ve zn\u011bn\u00ed pozd\u011bj\u0161\u00edch p\u0159epis\u016f<\/li>\n<li>z\u00e1kon \u010d.141\/1961 Sb., trestn\u00ed \u0159\u00e1d, ve zn\u011bn\u00ed pozd\u011bj\u0161\u00edch p\u0159epis\u016f<\/li>\n<li>z\u00e1kon \u010d. 555\/1992 Sb., o V\u011bze\u0148sk\u00e9 slu\u017eb\u011b a justi\u010dn\u00ed str\u00e1\u017ei \u010cR, ve zn\u011bn\u00ed pozd\u011bj\u0161\u00edch p\u0159edpis\u016f<\/li>\n<li>z\u00e1kon \u010d. 257\/2000 Sb., o Proba\u010dn\u00ed a media\u010dn\u00ed slu\u017eb\u011b, ve zn\u011bn\u00ed pozd\u011bj\u0161\u00edch p\u0159edpis\u016f<\/li>\n<\/ul>\n<h3>18. Jak\u00e9 jsou souvisej\u00edc\u00ed p\u0159edpisy<\/h3>\n<p>&#8212;<\/p>\n<h3>19. Jak\u00e9 jsou opravn\u00e9 prost\u0159edky a jak se uplat\u0148uj\u00ed<\/h3>\n<p>&#8212;<\/p>\n<h3>20. Jak\u00e9 sankce mohou b\u00fdt uplatn\u011bny v p\u0159\u00edpad\u011b nedodr\u017een\u00ed povinnost\u00ed<\/h3>\n<p>&#8212;<\/p>\n<h3>21. Nej\u010dast\u011bj\u0161\u00ed dotazy<\/h3>\n<p>&#8212;<\/p>\n<h3>22. Dal\u0161\u00ed informace<br \/>\n&#8212;<\/h3>\n<h3>23. Informace o popisovan\u00e9m postupu (o \u0159e\u0161en\u00ed \u017eivotn\u00ed situace) je mo\u017en\u00e9 z\u00edskat tak\u00e9 z jin\u00fdch zdroj\u016f a v jin\u00e9 form\u011b<br \/>\n&#8212;<\/h3>\n<h3>24. Souvisej\u00edc\u00ed \u017eivotn\u00ed situace a n\u00e1vody, jak je \u0159e\u0161it<\/h3>\n<p>&#8212;<\/p>\n<h3>25. Za spr\u00e1vnost n\u00e1vodu odpov\u00edd\u00e1 \u00fatvar<\/h3>\n<p>Odbor soci\u00e1ln\u00edch v\u011bc\u00ed, odd. soci\u00e1ln\u00ed pomoci a prevence<\/p>\n<h3>26. Kontaktn\u00ed osoba<\/h3>\n<p>Mgr. Anita Maninov\u00e1, soci\u00e1ln\u00ed kur\u00e1torka pro dosp\u011bl\u00e9, 225 295 352, <a href=\"mailto:anita.maninova@praha14.cz\">anita.maninova@praha14.cz<\/a><br \/>\nMgr. Marie Podzimkov\u00e1, 225\u00a0295\u00a0230, <a href=\"mailto:marie.podzimkov\u00e1@praha14.cz\" target=\"_blank\" rel=\"noopener\">marie.podzimkov\u00e1@praha14.cz<\/a><\/p>\n<h3>27. Popis je zpracov\u00e1n podle pr\u00e1vn\u00edho stavu ke dni<\/h3>\n<p>15. 1. 2021<\/p>\n<h3>28. Popis byl naposledy aktualizov\u00e1n<\/h3>\n<p>15. 1. 2021<\/p>\n<h3>29. Datum konce platnosti popisu<\/h3>\n<p>&#8212;<\/p>\n<h3>30. P\u0159\u00edpadn\u00e1 up\u0159esn\u011bn\u00ed a pozn\u00e1mky k \u0159e\u0161en\u00ed \u017eivotn\u00ed situace<\/h3>\n<p>&#8212;<\/p>\n","protected":false},"featured_media":0,"template":"","class_list":["post-28304","zivotni_situace","type-zivotni_situace","status-publish","hentry","zivotni_situace_kategorie-vse","zivotni_situace_kategorie-obcan","zivotni_situace_odbor-odbor-socialnich-veci-a-zdravotnictvi"],"odbory":[{"term_id":15,"name":"Odbor soci\u00e1ln\u00edch v\u011bc\u00ed","slug":"odbor-socialnich-veci-a-zdravotnictvi","term_group":0,"term_taxonomy_id":15,"taxonomy":"zivotni_situace_odbor","description":"","parent":0,"count":7,"filter":"raw","term_order":"7"}],"description":"","acf":[],"yoast_head":"<!-- This site is optimized with the Yoast SEO plugin v27.2 - https:\/\/yoast.com\/product\/yoast-seo-wordpress\/ -->\n<title>Pomoc ob\u010dan\u016fm v t\u00ed\u017eiv\u00e9 soci\u00e1ln\u00ed situaci, kterou nedovedou \u0159e\u0161it vlastn\u00edmi silami - \u00daM\u010c P14<\/title>\n<meta name=\"robots\" content=\"index, follow, max-snippet:-1, max-image-preview:large, max-video-preview:-1\" \/>\n<link rel=\"canonical\" href=\"https:\/\/www.praha14.cz\/urad-mestske-casti\/zivotni-situace\/pomoc-obcanum-v-tizive-socialni-situaci-kterou-nedovedou-resit-vlastnimi-silami\/\" \/>\n<meta property=\"og:locale\" content=\"cs_CZ\" \/>\n<meta property=\"og:type\" content=\"article\" \/>\n<meta property=\"og:title\" content=\"Pomoc ob\u010dan\u016fm v t\u00ed\u017eiv\u00e9 soci\u00e1ln\u00ed situaci, kterou nedovedou \u0159e\u0161it vlastn\u00edmi silami - \u00daM\u010c P14\" \/>\n<meta property=\"og:description\" content=\"Odbor soci\u00e1ln\u00edch v\u011bc\u00ed 1. Identifika\u010dn\u00ed k\u00f3d &#8212; 2. K\u00f3d &#8212; 3. Pojmenov\u00e1n\u00ed (n\u00e1zev) \u017eivotn\u00ed situace T\u00ed\u017eiv\u00e1 soci\u00e1ln\u00ed situace, kterou ob\u010dan nedovede \u0159e\u0161it vlastn\u00edmi silami 4. Z\u00e1kladn\u00ed informace k \u017eivotn\u00ed situaci Podpora a pomoc ob\u010dan\u016fm propu\u0161t\u011bn\u00fdch z v\u00fdkonu trestu, ob\u010dan\u016fm, proti nim\u017e je vedeno trestn\u00ed \u0159\u00edzen\u00ed, pop\u0159. jim\u017e byl v\u00fdkon trestu odn\u011bt\u00ed svobody podm\u00edn\u011bn\u011b odlo\u017een, pomoc...\" \/>\n<meta property=\"og:url\" content=\"https:\/\/www.praha14.cz\/urad-mestske-casti\/zivotni-situace\/pomoc-obcanum-v-tizive-socialni-situaci-kterou-nedovedou-resit-vlastnimi-silami\/\" \/>\n<meta property=\"og:site_name\" content=\"\u00daM\u010c P14\" \/>\n<meta property=\"article:modified_time\" content=\"2026-01-05T13:33:59+00:00\" \/>\n<meta name=\"twitter:card\" content=\"summary_large_image\" \/>\n<meta name=\"twitter:label1\" content=\"Est. reading time\" \/>\n\t<meta name=\"twitter:data1\" content=\"3 minuty\" \/>\n<script type=\"application\/ld+json\" class=\"yoast-schema-graph\">{\"@context\":\"https:\/\/schema.org\",\"@graph\":[{\"@type\":\"WebPage\",\"@id\":\"https:\/\/www.praha14.cz\/urad-mestske-casti\/zivotni-situace\/pomoc-obcanum-v-tizive-socialni-situaci-kterou-nedovedou-resit-vlastnimi-silami\/\",\"url\":\"https:\/\/www.praha14.cz\/urad-mestske-casti\/zivotni-situace\/pomoc-obcanum-v-tizive-socialni-situaci-kterou-nedovedou-resit-vlastnimi-silami\/\",\"name\":\"Pomoc ob\u010dan\u016fm v t\u00ed\u017eiv\u00e9 soci\u00e1ln\u00ed situaci, kterou nedovedou \u0159e\u0161it vlastn\u00edmi silami - \u00daM\u010c P14\",\"isPartOf\":{\"@id\":\"https:\/\/www.praha14.cz\/urad-mestske-casti\/#website\"},\"datePublished\":\"2014-06-30T18:04:08+00:00\",\"dateModified\":\"2026-01-05T13:33:59+00:00\",\"breadcrumb\":{\"@id\":\"https:\/\/www.praha14.cz\/urad-mestske-casti\/zivotni-situace\/pomoc-obcanum-v-tizive-socialni-situaci-kterou-nedovedou-resit-vlastnimi-silami\/#breadcrumb\"},\"inLanguage\":\"cs\",\"potentialAction\":[{\"@type\":\"ReadAction\",\"target\":[\"https:\/\/www.praha14.cz\/urad-mestske-casti\/zivotni-situace\/pomoc-obcanum-v-tizive-socialni-situaci-kterou-nedovedou-resit-vlastnimi-silami\/\"]}]},{\"@type\":\"BreadcrumbList\",\"@id\":\"https:\/\/www.praha14.cz\/urad-mestske-casti\/zivotni-situace\/pomoc-obcanum-v-tizive-socialni-situaci-kterou-nedovedou-resit-vlastnimi-silami\/#breadcrumb\",\"itemListElement\":[{\"@type\":\"ListItem\",\"position\":1,\"name\":\"\u00da\u0159ad m\u011bstsk\u00e9 \u010d\u00e1sti Praha 14\",\"item\":\"https:\/\/www.praha14.cz\/urad-mestske-casti\/\"},{\"@type\":\"ListItem\",\"position\":2,\"name\":\"\u017divotn\u00ed situace\",\"item\":\"https:\/\/www.praha14.cz\/urad-mestske-casti\/zivotni-situace\/\"},{\"@type\":\"ListItem\",\"position\":3,\"name\":\"Pomoc ob\u010dan\u016fm v t\u00ed\u017eiv\u00e9 soci\u00e1ln\u00ed situaci, kterou nedovedou \u0159e\u0161it vlastn\u00edmi silami\"}]},{\"@type\":\"WebSite\",\"@id\":\"https:\/\/www.praha14.cz\/urad-mestske-casti\/#website\",\"url\":\"https:\/\/www.praha14.cz\/urad-mestske-casti\/\",\"name\":\"\u00daM\u010c P14\",\"description\":\"Ofici\u00e1ln\u00ed str\u00e1nky m\u011bstsk\u00e9 \u010d\u00e1sti Praha 14\",\"potentialAction\":[{\"@type\":\"SearchAction\",\"target\":{\"@type\":\"EntryPoint\",\"urlTemplate\":\"https:\/\/www.praha14.cz\/urad-mestske-casti\/?s={search_term_string}\"},\"query-input\":{\"@type\":\"PropertyValueSpecification\",\"valueRequired\":true,\"valueName\":\"search_term_string\"}}],\"inLanguage\":\"cs\"}]}<\/script>\n<!-- \/ Yoast SEO plugin. -->","yoast_head_json":{"title":"Pomoc ob\u010dan\u016fm v t\u00ed\u017eiv\u00e9 soci\u00e1ln\u00ed situaci, kterou nedovedou \u0159e\u0161it vlastn\u00edmi silami - \u00daM\u010c P14","robots":{"index":"index","follow":"follow","max-snippet":"max-snippet:-1","max-image-preview":"max-image-preview:large","max-video-preview":"max-video-preview:-1"},"canonical":"https:\/\/www.praha14.cz\/urad-mestske-casti\/zivotni-situace\/pomoc-obcanum-v-tizive-socialni-situaci-kterou-nedovedou-resit-vlastnimi-silami\/","og_locale":"cs_CZ","og_type":"article","og_title":"Pomoc ob\u010dan\u016fm v t\u00ed\u017eiv\u00e9 soci\u00e1ln\u00ed situaci, kterou nedovedou \u0159e\u0161it vlastn\u00edmi silami - \u00daM\u010c P14","og_description":"Odbor soci\u00e1ln\u00edch v\u011bc\u00ed 1. Identifika\u010dn\u00ed k\u00f3d &#8212; 2. K\u00f3d &#8212; 3. Pojmenov\u00e1n\u00ed (n\u00e1zev) \u017eivotn\u00ed situace T\u00ed\u017eiv\u00e1 soci\u00e1ln\u00ed situace, kterou ob\u010dan nedovede \u0159e\u0161it vlastn\u00edmi silami 4. Z\u00e1kladn\u00ed informace k \u017eivotn\u00ed situaci Podpora a pomoc ob\u010dan\u016fm propu\u0161t\u011bn\u00fdch z v\u00fdkonu trestu, ob\u010dan\u016fm, proti nim\u017e je vedeno trestn\u00ed \u0159\u00edzen\u00ed, pop\u0159. jim\u017e byl v\u00fdkon trestu odn\u011bt\u00ed svobody podm\u00edn\u011bn\u011b odlo\u017een, pomoc...","og_url":"https:\/\/www.praha14.cz\/urad-mestske-casti\/zivotni-situace\/pomoc-obcanum-v-tizive-socialni-situaci-kterou-nedovedou-resit-vlastnimi-silami\/","og_site_name":"\u00daM\u010c P14","article_modified_time":"2026-01-05T13:33:59+00:00","twitter_card":"summary_large_image","twitter_misc":{"Est. reading time":"3 minuty"},"schema":{"@context":"https:\/\/schema.org","@graph":[{"@type":"WebPage","@id":"https:\/\/www.praha14.cz\/urad-mestske-casti\/zivotni-situace\/pomoc-obcanum-v-tizive-socialni-situaci-kterou-nedovedou-resit-vlastnimi-silami\/","url":"https:\/\/www.praha14.cz\/urad-mestske-casti\/zivotni-situace\/pomoc-obcanum-v-tizive-socialni-situaci-kterou-nedovedou-resit-vlastnimi-silami\/","name":"Pomoc ob\u010dan\u016fm v t\u00ed\u017eiv\u00e9 soci\u00e1ln\u00ed situaci, kterou nedovedou \u0159e\u0161it vlastn\u00edmi silami - \u00daM\u010c P14","isPartOf":{"@id":"https:\/\/www.praha14.cz\/urad-mestske-casti\/#website"},"datePublished":"2014-06-30T18:04:08+00:00","dateModified":"2026-01-05T13:33:59+00:00","breadcrumb":{"@id":"https:\/\/www.praha14.cz\/urad-mestske-casti\/zivotni-situace\/pomoc-obcanum-v-tizive-socialni-situaci-kterou-nedovedou-resit-vlastnimi-silami\/#breadcrumb"},"inLanguage":"cs","potentialAction":[{"@type":"ReadAction","target":["https:\/\/www.praha14.cz\/urad-mestske-casti\/zivotni-situace\/pomoc-obcanum-v-tizive-socialni-situaci-kterou-nedovedou-resit-vlastnimi-silami\/"]}]},{"@type":"BreadcrumbList","@id":"https:\/\/www.praha14.cz\/urad-mestske-casti\/zivotni-situace\/pomoc-obcanum-v-tizive-socialni-situaci-kterou-nedovedou-resit-vlastnimi-silami\/#breadcrumb","itemListElement":[{"@type":"ListItem","position":1,"name":"\u00da\u0159ad m\u011bstsk\u00e9 \u010d\u00e1sti Praha 14","item":"https:\/\/www.praha14.cz\/urad-mestske-casti\/"},{"@type":"ListItem","position":2,"name":"\u017divotn\u00ed situace","item":"https:\/\/www.praha14.cz\/urad-mestske-casti\/zivotni-situace\/"},{"@type":"ListItem","position":3,"name":"Pomoc ob\u010dan\u016fm v t\u00ed\u017eiv\u00e9 soci\u00e1ln\u00ed situaci, kterou nedovedou \u0159e\u0161it vlastn\u00edmi silami"}]},{"@type":"WebSite","@id":"https:\/\/www.praha14.cz\/urad-mestske-casti\/#website","url":"https:\/\/www.praha14.cz\/urad-mestske-casti\/","name":"\u00daM\u010c P14","description":"Ofici\u00e1ln\u00ed str\u00e1nky m\u011bstsk\u00e9 \u010d\u00e1sti Praha 14","potentialAction":[{"@type":"SearchAction","target":{"@type":"EntryPoint","urlTemplate":"https:\/\/www.praha14.cz\/urad-mestske-casti\/?s={search_term_string}"},"query-input":{"@type":"PropertyValueSpecification","valueRequired":true,"valueName":"search_term_string"}}],"inLanguage":"cs"}]}},"_links":{"self":[{"href":"https:\/\/www.praha14.cz\/urad-mestske-casti\/wp-json\/wp\/v2\/zivotni_situace\/28304","targetHints":{"allow":["GET"]}}],"collection":[{"href":"https:\/\/www.praha14.cz\/urad-mestske-casti\/wp-json\/wp\/v2\/zivotni_situace"}],"about":[{"href":"https:\/\/www.praha14.cz\/urad-mestske-casti\/wp-json\/wp\/v2\/types\/zivotni_situace"}],"version-history":[{"count":8,"href":"https:\/\/www.praha14.cz\/urad-mestske-casti\/wp-json\/wp\/v2\/zivotni_situace\/28304\/revisions"}],"predecessor-version":[{"id":54370,"href":"https:\/\/www.praha14.cz\/urad-mestske-casti\/wp-json\/wp\/v2\/zivotni_situace\/28304\/revisions\/54370"}],"wp:attachment":[{"href":"https:\/\/www.praha14.cz\/urad-mestske-casti\/wp-json\/wp\/v2\/media?parent=28304"}],"curies":[{"name":"wp","href":"https:\/\/api.w.org\/{rel}","templated":true}]}}