{"id":38245,"date":"2016-09-27T08:26:35","date_gmt":"2016-09-27T06:26:35","guid":{"rendered":"https:\/\/www.praha14.cz\/urad-mestske-casti\/?post_type=zivotni_situace&#038;p=38245"},"modified":"2025-12-30T14:41:22","modified_gmt":"2025-12-30T13:41:22","slug":"vyjadreni-mc-praha-14-k-zameru-s-vlivem-na-uzemni-rozvoj-a-verejny-prostor-prahy-14","status":"publish","type":"zivotni_situace","link":"https:\/\/www.praha14.cz\/urad-mestske-casti\/zivotni-situace\/vyjadreni-mc-praha-14-k-zameru-s-vlivem-na-uzemni-rozvoj-a-verejny-prostor-prahy-14\/","title":{"rendered":"Vyj\u00e1d\u0159en\u00ed M\u010c Praha 14 k z\u00e1m\u011bru s vlivem na \u00fazemn\u00ed rozvoj a ve\u0159ejn\u00fd prostor Prahy 14"},"content":{"rendered":"<h2>Odbor spr\u00e1vy majetku<\/h2>\n<h3>1. Identifika\u010dn\u00ed \u010d\u00edslo<\/h3>\n<p>\u2014\u2014\u2014<\/p>\n<h3>2. K\u00f3d<\/h3>\n<p>\u2014\u2014\u2014<\/p>\n<h3>3. Pojmenov\u00e1n\u00ed (n\u00e1zev) \u017eivotn\u00ed situace<\/h3>\n<p>Vyj\u00e1d\u0159en\u00ed M\u010c Praha 14 k\u00a0z\u00e1m\u011bru s\u00a0vlivem na \u00fazemn\u00ed rozvoj a ve\u0159ejn\u00fd prostor Prahy 14<\/p>\n<h3>4. Z\u00e1kladn\u00ed informace k \u017eivotn\u00ed situaci<\/h3>\n<p>Vyj\u00e1d\u0159en\u00ed M\u010c k z\u00e1m\u011bru s vlivem na \u00fazemn\u00ed rozvoj a ve\u0159ejn\u00fd prostor Prahy 14 je vyd\u00e1no formou usnesen\u00ed Rady M\u010c Praha 14. N\u00e1vrh stanoviska p\u0159iprav\u00ed Odbor spr\u00e1vy majetku \u2013 odd\u011blen\u00ed \u00fazemn\u00edho rozvoje, kter\u00fd posoud\u00ed soulad z\u00e1m\u011bru s \u00fazemn\u011b pl\u00e1novac\u00ed dokumentac\u00ed, platnou legislativou, strategick\u00fdmi a koncep\u010dn\u00edmi dokumenty M\u010c P14 i celom\u011bstsk\u00fdmi, zohledn\u00ed intern\u00ed stanoviska dot\u010den\u00fdch odbor\u016f samospr\u00e1vy M\u010c Praha 14 a p\u0159edev\u0161\u00edm usnesen\u00ed Komise \u00fazemn\u00edho rozvoje a \u017eivotn\u00edho prost\u0159ed\u00ed (K\u00daR\u017dP).<\/p>\n<p>\u017dadateli je umo\u017en\u011bno p\u0159edstavit sv\u016fj z\u00e1m\u011br osobn\u011b na jedn\u00e1n\u00ed K\u00daR\u017dP (doporu\u010deno).<\/p>\n<p>Pro projedn\u00e1n\u00ed z\u00e1m\u011bru v\u00a0Komisi je t\u0159eba zaslat prezentaci tajemn\u00edku Komise v\u00a0elektronick\u00e9 podob\u011b nejpozd\u011bji 7 dn\u00ed p\u0159ed jedn\u00e1n\u00edm Komise. Term\u00edny jedn\u00e1n\u00ed Komise jsou zpravidla ka\u017ed\u00fd m\u011bs\u00edc; jinak je v\u00a0z\u00e1pise z\u00a0jedn\u00e1n\u00ed komise, zve\u0159ejn\u011bn\u00e9m na webov\u00e9 str\u00e1nce M\u010c, uvedeno datum dal\u0161\u00edho jedn\u00e1n\u00ed Komise. Po\u0159ad\u00ed bod\u016f programu jedn\u00e1n\u00ed je stanoveno dle po\u0159ad\u00ed doru\u010den\u00ed kompletn\u00edch podklad\u016f tajemn\u00edkovi komise.<\/p>\n<h3>5. Kdo je opr\u00e1vn\u011bn v t\u00e9to v\u011bci jednat (podat \u017e\u00e1dost apod.)<\/h3>\n<p>Fyzick\u00e1 a pr\u00e1vnick\u00e1 osoba, kter\u00e1 m\u00e1 vlastnick\u00e1 nebo obdobn\u00e1 pr\u00e1va k pozemku nebo stavb\u011b na \u00fazem\u00ed m\u011bstsk\u00e9 \u010d\u00e1sti.<\/p>\n<h3>6. Jak\u00e9 jsou podm\u00ednky a postup pro \u0159e\u0161en\u00ed \u017eivotn\u00ed situace<\/h3>\n<p>\u017d\u00e1dost o stanovisko mus\u00ed m\u00edt n\u00e1sleduj\u00edc\u00ed n\u00e1le\u017eitosti:<\/p>\n<ul>\n<li>Lokalizace z\u00e1m\u011bru: sn\u00edmek pozemkov\u00e9 mapy s\u00a0vyzna\u010den\u00edm dot\u010den\u00fdch pozemk\u016f ve vlastnictv\u00ed navrhovatele<\/li>\n<li>Prok\u00e1z\u00e1n\u00ed vlastnick\u00e9ho pr\u00e1va k\u00a0pozemk\u016fm, p\u0159\u00edpadn\u011b dokladov\u00e1n\u00ed jin\u00fdch pr\u00e1v k\u00a0pozemku (n\u00e1jemn\u00ed smlouva, pln\u00e1 moc a podobn\u011b) ne star\u0161\u00ed ne\u017e 3 m\u011bs\u00edce<\/li>\n<li>Popis st\u00e1vaj\u00edc\u00edho stavu, popis z\u00e1m\u011bru \u2013 p\u0159edm\u011bt z\u00e1m\u011bru, funkce, kapacity stavby, objem stavby<\/li>\n<li>Popis st\u00e1vaj\u00edc\u00edho stavu \u010d\u00e1sti \u00daP, kter\u00e1 m\u00e1 b\u00fdt z\u00e1m\u011brem dot\u010dena \u2013 p\u0159ilo\u017eit v\u00fd\u0159ez p\u0159\u00edslu\u0161n\u00e9 \u010d\u00e1sti \u00daP, min. v\u00fdkres \u010d. 4 s\u00a0vyzna\u010den\u00edm plochy z\u00e1m\u011bru navrhovatele, kter\u00e1 bude slou\u017eit pro v\u00fdpo\u010det m\u00edry vyu\u017eit\u00ed \u00fazem\u00ed.<\/li>\n<li>Bilance hrub\u00fdch podla\u017en\u00edch ploch\/ HPP \u2013 rozpis po jednotliv\u00fdch podla\u017e\u00edch, v\u010detn\u011b sch\u00e9matick\u00e9 grafick\u00e9 p\u0159\u00edlohy v\u0161ech podla\u017e\u00ed, jejich\u017e HPP se zapo\u010d\u00edt\u00e1v\u00e1. (Zobrazen\u00ed bude provedeno v\u010detn\u011b plochy podzemn\u00edho podla\u017e\u00ed, ve kter\u00e9m bude vyzna\u010den rozsah hlavn\u00ed funkce zapo\u010d\u00edt\u00e1van\u00e9 do celkov\u00e9 plochy HPP). Zapo\u010d\u00edt\u00e1van\u00e9 plochy v\u0161ech podla\u017e\u00ed budou barevn\u011b zv\u00fdrazn\u011bny a jednodu\u0161e ok\u00f3tov\u00e1ny. Grafick\u00e9 p\u0159\u00edlohy budou p\u0159ed\u00e1ny v\u00a0listinn\u00e9 podob\u011b a z\u00e1rove\u0148 elektronicky.<\/li>\n<li>Bilance dopravy v\u00a0klidu<\/li>\n<li>Bilance zapo\u010ditateln\u00fdch ploch zelen\u011b v\u010detn\u011b grafick\u00e9 p\u0159\u00edlohy, pro celou funk\u010dn\u00ed plochu i pro plochu z\u00e1m\u011bru navrhovatele<\/li>\n<li>P\u0159\u00edp. tabulka byt\u016f<\/li>\n<li>Dokumentace \u2013 architektonick\u00e1 studie, p\u0159\u00edpadn\u011b dokumentace k \u00fazemn\u00edmu \u0159\u00edzen\u00ed: situa\u010dn\u00ed v\u00fdkres \u2013 st\u00e1vaj\u00edc\u00ed stav, n\u00e1vrh, na podkladu katastr\u00e1ln\u00ed mapy v\u010detn\u011b zakreslen\u00ed obrysu podzemn\u00edch podla\u017e\u00ed, jednodu\u0161e ok\u00f3tovan\u00e9 v\u00fdkresy v\u0161ech podla\u017e\u00ed, pohledy, \u0159ezy \u2013 mus\u00ed zachycovat i sousedn\u00ed st\u00e1vaj\u00edc\u00ed objekty (max. v\u00fd\u0161ky vzta\u017een\u00e9 k\u00a0\u00farovni p\u0159ilehl\u00e9ho chodn\u00edku)<\/li>\n<li>Prostorov\u00e9 zobrazen\u00ed, z\u00e1kres v\u00a0souvislostech okoln\u00ed z\u00e1stavby<\/li>\n<\/ul>\n<p>\u017d\u00e1dost bude vr\u00e1cena k\u00a0dopln\u011bn\u00ed, nebude \u2013 li obsahovat po\u017eadovan\u00e9 n\u00e1le\u017eitosti.<\/p>\n<h3>7. Jak\u00fdm zp\u016fsobem zah\u00e1jit \u0159e\u0161en\u00ed \u017eivotn\u00ed situace<\/h3>\n<p>Pod\u00e1n\u00edm \u017e\u00e1dosti o vyj\u00e1d\u0159en\u00ed k\u00a0z\u00e1m\u011bru s\u00a0vlivem na \u00fazemn\u00ed rozvoj a ve\u0159ejn\u00fd prostor Prahy 14 v podateln\u011b \u00da\u0159adu m\u011bstsk\u00e9 \u010d\u00e1sti Praha 14, Brat\u0159\u00ed Vencl\u00edk\u016f 1073, 193 21 Praha 9 nebo jeho zasl\u00e1n\u00edm po\u0161tou.<\/p>\n<h3>8. Na kter\u00e9 instituci \u017eivotn\u00ed situaci \u0159e\u0161it<\/h3>\n<p>\u00da\u0159ad m\u011bstsk\u00e9 \u010d\u00e1sti Praha 14, odbor spr\u00e1vy majetku &#8211; \u00fasek \u00fazemn\u00edho rozvoje.<\/p>\n<h3>9. Kde, s k\u00fdm a kdy \u017eivotn\u00ed situaci \u0159e\u0161it<\/h3>\n<p>Odbor spr\u00e1vy majetku &#8211; \u00fasek \u00fazemn\u00edho rozvoje, Brat\u0159\u00ed Vencl\u00edk\u016f 1073, Praha 9, v\u00a0\u00fa\u0159edn\u00edch hodin\u00e1ch Po, St 8,00 \u2013 12.00, 13 &#8211; 18,00 hodin (po p\u0159edchoz\u00ed dohod\u011b lze i mimo \u00fa\u0159edn\u00ed hodiny).<\/p>\n<h3>10. Jak\u00e9 doklady je nutn\u00e9 m\u00edt s sebou<\/h3>\n<p>\u2014\u2014\u2014<\/p>\n<h3>11. Jak\u00e9 jsou pot\u0159ebn\u00e9 formul\u00e1\u0159e a kde jsou k dispozici<\/h3>\n<p>Nejsou.<\/p>\n<h3>12. Jak\u00e9 jsou poplatky a jak je lze uhradit<\/h3>\n<p>Bez poplatku.<\/p>\n<h3>13. Jak\u00e9 jsou lh\u016fty pro vy\u0159\u00edzen\u00ed<\/h3>\n<p>Souvislost mezi jedn\u00e1n\u00edm Komise\u00a0a term\u00ednem jedn\u00e1n\u00ed Rady M\u010c Praha 14.<\/p>\n<h3>14. Kte\u0159\u00ed jsou dal\u0161\u00ed \u00fa\u010dastn\u00edci (dot\u010den\u00ed) \u0159e\u0161en\u00ed \u017eivotn\u00ed situace<\/h3>\n<p>Obec Hlavn\u00ed m\u011bsto Praha<\/p>\n<h3>15. Jak\u00e9 dal\u0161\u00ed \u010dinnosti jsou po \u017eadateli po\u017eadov\u00e1ny<\/h3>\n<p>\u2014\u2014\u2014<\/p>\n<h3>16. Elektronick\u00e1 slu\u017eba, kterou lze vyu\u017e\u00edt<\/h3>\n<p><a href=\"https:\/\/www.praha14.cz\/\">www.praha14.cz<\/a>, \u00a0Identifik\u00e1tor datov\u00e9 schr\u00e1nky IDS:\u00a0pmabtfa<\/p>\n<p>Adresa elektronick\u00e9 podatelny \u00fa\u0159adu:<br \/>\n<a href=\"mailto:podatelna@praha14.cz\">podatelna@praha14.cz<\/a><\/p>\n<h3>17. Podle kter\u00e9ho pr\u00e1vn\u00edho p\u0159edpisu se postupuje<\/h3>\n<p>Z\u00e1kon \u010d.183\/2006 Sb., o \u00fazemn\u00edm pl\u00e1nov\u00e1n\u00ed a stavebn\u00edm \u0159\u00e1du (stavebn\u00ed z\u00e1kon).<\/p>\n<p>Z\u00e1kony lze vyhledat na\u00a0<a href=\"http:\/\/portal.gov.cz\/wps\/portal\/_s.155\/699\/place\">port\u00e1lu ve\u0159ejn\u00e9 spr\u00e1vy<\/a>,<a href=\"https:\/\/portal.gov.cz\/\">gov.cz &#8211; Port\u00e1l ve\u0159ejn\u00e9 spr\u00e1vy<\/a>.<\/p>\n<h3>18. Jak\u00e9 jsou souvisej\u00edc\u00ed p\u0159edpisy<\/h3>\n<p>Na\u0159\u00edzen\u00ed \u010d.\u00a010\/2016\u00a0Sb., hl.\u00a0m.\u00a0Prahy, kter\u00fdm se stanovuj\u00ed obecn\u00e9 po\u017eadavky na vyu\u017e\u00edv\u00e1n\u00ed \u00fazem\u00ed a\u00a0technick\u00e9 po\u017eadavky na stavby v\u00a0hlavn\u00edm m\u011bst\u011b Praze (Pra\u017esk\u00e9 stavebn\u00ed p\u0159edpisy).<\/p>\n<p>Pr\u00e1vn\u00ed p\u0159edpisy lze vyhledat na\u00a0<a href=\"http:\/\/portal.gov.cz\/wps\/portal\/_s.155\/699\/place\">port\u00e1lu ve\u0159ejn\u00e9 spr\u00e1vy<\/a>.<\/p>\n<h3>19. Jak\u00e9 jsou opravn\u00e9 prost\u0159edky a jak se uplat\u0148uj\u00ed<\/h3>\n<p>\u2014\u2014\u2014<\/p>\n<h3>20. Jak\u00e9 sankce mohou b\u00fdt uplatn\u011bny v p\u0159\u00edpad\u011b nedodr\u017een\u00ed povinnost\u00ed<\/h3>\n<p>\u2014\u2014\u2014<\/p>\n<h3>21. Nej\u010dast\u011bj\u0161\u00ed dotazy<\/h3>\n<p>\u2014\u2014\u2014<\/p>\n<h3>22. Dal\u0161\u00ed informace<\/h3>\n<p>\u2014\u2014\u2014<\/p>\n<h3>23. Informace o popisovan\u00e9m postupu (o \u0159e\u0161en\u00ed \u017eivotn\u00ed situace) je mo\u017en\u00e9 z\u00edskat tak\u00e9 z jin\u00fdch zdroj\u016f a v jin\u00e9 form\u011b<\/h3>\n<p>\u2014\u2014\u2014<\/p>\n<h3>24. Souvisej\u00edc\u00ed \u017eivotn\u00ed situace a n\u00e1vody, jak je \u0159e\u0161it<\/h3>\n<p>\u2014\u2014\u2014<\/p>\n<h3>25. Za spr\u00e1vnost n\u00e1vodu odpov\u00edd\u00e1 \u00fatvar<\/h3>\n<p>\u00da\u0159ad m\u011bstsk\u00e9 \u010d\u00e1sti Praha 14, odbor spr\u00e1vy majetku &#8211; \u00fasek \u00fazemn\u00edho rozvoje.<\/p>\n<h3>26. Kontaktn\u00ed osoby<\/h3>\n<p>Telefon: 281 005\u00a0291, 281\u00a0005 292<\/p>\n<h3>27. Popis je zpracov\u00e1n podle pr\u00e1vn\u00edho stavu ke dni<\/h3>\n<p>Z\u00e1kon \u010d.183\/2006 Sb., o \u00fazemn\u00edm pl\u00e1nov\u00e1n\u00ed a stavebn\u00edm \u0159\u00e1du (stavebn\u00ed z\u00e1kon) a dle platn\u00e9ho \u00fazemn\u00edho pl\u00e1nu s\u00eddeln\u00edho \u00fatvaru hlavn\u00edho m\u011bsta Prahy.<\/p>\n<h3>28. Popis byl naposledy aktualizov\u00e1n<\/h3>\n<ol>\n<li>2. 2022<\/li>\n<\/ol>\n<h3>29. Datum konce platnosti popisu<\/h3>\n<p>Bez omezen\u00ed.<\/p>\n<h3>30. P\u0159\u00edpadn\u00e1 up\u0159esn\u011bn\u00ed a pozn\u00e1mky k \u0159e\u0161en\u00ed \u017eivotn\u00ed situace<\/h3>\n<p>Bez pozn\u00e1mek.<\/p>\n","protected":false},"featured_media":0,"template":"","class_list":["post-38245","zivotni_situace","type-zivotni_situace","status-publish","hentry","zivotni_situace_kategorie-vse","zivotni_situace_kategorie-obcan","zivotni_situace_kategorie-podnikatel","zivotni_situace_odbor-odbor-dopravy"],"odbory":[{"term_id":12,"name":"Odbor dopravy","slug":"odbor-dopravy","term_group":0,"term_taxonomy_id":12,"taxonomy":"zivotni_situace_odbor","description":"","parent":0,"count":7,"filter":"raw","term_order":"4"}],"description":"","acf":[],"yoast_head":"<!-- This site is optimized with the Yoast SEO plugin v27.2 - https:\/\/yoast.com\/product\/yoast-seo-wordpress\/ -->\n<title>Vyj\u00e1d\u0159en\u00ed M\u010c Praha 14 k z\u00e1m\u011bru s vlivem na \u00fazemn\u00ed rozvoj a ve\u0159ejn\u00fd prostor Prahy 14 - \u00daM\u010c P14<\/title>\n<meta name=\"robots\" content=\"index, follow, max-snippet:-1, max-image-preview:large, max-video-preview:-1\" \/>\n<link rel=\"canonical\" href=\"https:\/\/www.praha14.cz\/urad-mestske-casti\/zivotni-situace\/vyjadreni-mc-praha-14-k-zameru-s-vlivem-na-uzemni-rozvoj-a-verejny-prostor-prahy-14\/\" \/>\n<meta property=\"og:locale\" content=\"cs_CZ\" \/>\n<meta property=\"og:type\" content=\"article\" \/>\n<meta property=\"og:title\" content=\"Vyj\u00e1d\u0159en\u00ed M\u010c Praha 14 k z\u00e1m\u011bru s vlivem na \u00fazemn\u00ed rozvoj a ve\u0159ejn\u00fd prostor Prahy 14 - \u00daM\u010c P14\" \/>\n<meta property=\"og:description\" content=\"Odbor spr\u00e1vy majetku 1. Identifika\u010dn\u00ed \u010d\u00edslo \u2014\u2014\u2014 2. K\u00f3d \u2014\u2014\u2014 3. Pojmenov\u00e1n\u00ed (n\u00e1zev) \u017eivotn\u00ed situace Vyj\u00e1d\u0159en\u00ed M\u010c Praha 14 k\u00a0z\u00e1m\u011bru s\u00a0vlivem na \u00fazemn\u00ed rozvoj a ve\u0159ejn\u00fd prostor Prahy 14 4. Z\u00e1kladn\u00ed informace k \u017eivotn\u00ed situaci Vyj\u00e1d\u0159en\u00ed M\u010c k z\u00e1m\u011bru s vlivem na \u00fazemn\u00ed rozvoj a ve\u0159ejn\u00fd prostor Prahy 14 je vyd\u00e1no formou usnesen\u00ed Rady M\u010c...\" \/>\n<meta property=\"og:url\" content=\"https:\/\/www.praha14.cz\/urad-mestske-casti\/zivotni-situace\/vyjadreni-mc-praha-14-k-zameru-s-vlivem-na-uzemni-rozvoj-a-verejny-prostor-prahy-14\/\" \/>\n<meta property=\"og:site_name\" content=\"\u00daM\u010c P14\" \/>\n<meta property=\"article:modified_time\" content=\"2025-12-30T13:41:22+00:00\" \/>\n<meta name=\"twitter:card\" content=\"summary_large_image\" \/>\n<meta name=\"twitter:label1\" content=\"Est. reading time\" \/>\n\t<meta name=\"twitter:data1\" content=\"5 minut\" \/>\n<script type=\"application\/ld+json\" class=\"yoast-schema-graph\">{\"@context\":\"https:\/\/schema.org\",\"@graph\":[{\"@type\":\"WebPage\",\"@id\":\"https:\/\/www.praha14.cz\/urad-mestske-casti\/zivotni-situace\/vyjadreni-mc-praha-14-k-zameru-s-vlivem-na-uzemni-rozvoj-a-verejny-prostor-prahy-14\/\",\"url\":\"https:\/\/www.praha14.cz\/urad-mestske-casti\/zivotni-situace\/vyjadreni-mc-praha-14-k-zameru-s-vlivem-na-uzemni-rozvoj-a-verejny-prostor-prahy-14\/\",\"name\":\"Vyj\u00e1d\u0159en\u00ed M\u010c Praha 14 k z\u00e1m\u011bru s vlivem na \u00fazemn\u00ed rozvoj a ve\u0159ejn\u00fd prostor Prahy 14 - \u00daM\u010c P14\",\"isPartOf\":{\"@id\":\"https:\/\/www.praha14.cz\/urad-mestske-casti\/#website\"},\"datePublished\":\"2016-09-27T06:26:35+00:00\",\"dateModified\":\"2025-12-30T13:41:22+00:00\",\"breadcrumb\":{\"@id\":\"https:\/\/www.praha14.cz\/urad-mestske-casti\/zivotni-situace\/vyjadreni-mc-praha-14-k-zameru-s-vlivem-na-uzemni-rozvoj-a-verejny-prostor-prahy-14\/#breadcrumb\"},\"inLanguage\":\"cs\",\"potentialAction\":[{\"@type\":\"ReadAction\",\"target\":[\"https:\/\/www.praha14.cz\/urad-mestske-casti\/zivotni-situace\/vyjadreni-mc-praha-14-k-zameru-s-vlivem-na-uzemni-rozvoj-a-verejny-prostor-prahy-14\/\"]}]},{\"@type\":\"BreadcrumbList\",\"@id\":\"https:\/\/www.praha14.cz\/urad-mestske-casti\/zivotni-situace\/vyjadreni-mc-praha-14-k-zameru-s-vlivem-na-uzemni-rozvoj-a-verejny-prostor-prahy-14\/#breadcrumb\",\"itemListElement\":[{\"@type\":\"ListItem\",\"position\":1,\"name\":\"\u00da\u0159ad m\u011bstsk\u00e9 \u010d\u00e1sti Praha 14\",\"item\":\"https:\/\/www.praha14.cz\/urad-mestske-casti\/\"},{\"@type\":\"ListItem\",\"position\":2,\"name\":\"\u017divotn\u00ed situace\",\"item\":\"https:\/\/www.praha14.cz\/urad-mestske-casti\/zivotni-situace\/\"},{\"@type\":\"ListItem\",\"position\":3,\"name\":\"Vyj\u00e1d\u0159en\u00ed M\u010c Praha 14 k z\u00e1m\u011bru s vlivem na \u00fazemn\u00ed rozvoj a ve\u0159ejn\u00fd prostor Prahy 14\"}]},{\"@type\":\"WebSite\",\"@id\":\"https:\/\/www.praha14.cz\/urad-mestske-casti\/#website\",\"url\":\"https:\/\/www.praha14.cz\/urad-mestske-casti\/\",\"name\":\"\u00daM\u010c P14\",\"description\":\"Ofici\u00e1ln\u00ed str\u00e1nky m\u011bstsk\u00e9 \u010d\u00e1sti Praha 14\",\"potentialAction\":[{\"@type\":\"SearchAction\",\"target\":{\"@type\":\"EntryPoint\",\"urlTemplate\":\"https:\/\/www.praha14.cz\/urad-mestske-casti\/?s={search_term_string}\"},\"query-input\":{\"@type\":\"PropertyValueSpecification\",\"valueRequired\":true,\"valueName\":\"search_term_string\"}}],\"inLanguage\":\"cs\"}]}<\/script>\n<!-- \/ Yoast SEO plugin. -->","yoast_head_json":{"title":"Vyj\u00e1d\u0159en\u00ed M\u010c Praha 14 k z\u00e1m\u011bru s vlivem na \u00fazemn\u00ed rozvoj a ve\u0159ejn\u00fd prostor Prahy 14 - \u00daM\u010c P14","robots":{"index":"index","follow":"follow","max-snippet":"max-snippet:-1","max-image-preview":"max-image-preview:large","max-video-preview":"max-video-preview:-1"},"canonical":"https:\/\/www.praha14.cz\/urad-mestske-casti\/zivotni-situace\/vyjadreni-mc-praha-14-k-zameru-s-vlivem-na-uzemni-rozvoj-a-verejny-prostor-prahy-14\/","og_locale":"cs_CZ","og_type":"article","og_title":"Vyj\u00e1d\u0159en\u00ed M\u010c Praha 14 k z\u00e1m\u011bru s vlivem na \u00fazemn\u00ed rozvoj a ve\u0159ejn\u00fd prostor Prahy 14 - \u00daM\u010c P14","og_description":"Odbor spr\u00e1vy majetku 1. Identifika\u010dn\u00ed \u010d\u00edslo \u2014\u2014\u2014 2. K\u00f3d \u2014\u2014\u2014 3. Pojmenov\u00e1n\u00ed (n\u00e1zev) \u017eivotn\u00ed situace Vyj\u00e1d\u0159en\u00ed M\u010c Praha 14 k\u00a0z\u00e1m\u011bru s\u00a0vlivem na \u00fazemn\u00ed rozvoj a ve\u0159ejn\u00fd prostor Prahy 14 4. Z\u00e1kladn\u00ed informace k \u017eivotn\u00ed situaci Vyj\u00e1d\u0159en\u00ed M\u010c k z\u00e1m\u011bru s vlivem na \u00fazemn\u00ed rozvoj a ve\u0159ejn\u00fd prostor Prahy 14 je vyd\u00e1no formou usnesen\u00ed Rady M\u010c...","og_url":"https:\/\/www.praha14.cz\/urad-mestske-casti\/zivotni-situace\/vyjadreni-mc-praha-14-k-zameru-s-vlivem-na-uzemni-rozvoj-a-verejny-prostor-prahy-14\/","og_site_name":"\u00daM\u010c P14","article_modified_time":"2025-12-30T13:41:22+00:00","twitter_card":"summary_large_image","twitter_misc":{"Est. reading time":"5 minut"},"schema":{"@context":"https:\/\/schema.org","@graph":[{"@type":"WebPage","@id":"https:\/\/www.praha14.cz\/urad-mestske-casti\/zivotni-situace\/vyjadreni-mc-praha-14-k-zameru-s-vlivem-na-uzemni-rozvoj-a-verejny-prostor-prahy-14\/","url":"https:\/\/www.praha14.cz\/urad-mestske-casti\/zivotni-situace\/vyjadreni-mc-praha-14-k-zameru-s-vlivem-na-uzemni-rozvoj-a-verejny-prostor-prahy-14\/","name":"Vyj\u00e1d\u0159en\u00ed M\u010c Praha 14 k z\u00e1m\u011bru s vlivem na \u00fazemn\u00ed rozvoj a ve\u0159ejn\u00fd prostor Prahy 14 - \u00daM\u010c P14","isPartOf":{"@id":"https:\/\/www.praha14.cz\/urad-mestske-casti\/#website"},"datePublished":"2016-09-27T06:26:35+00:00","dateModified":"2025-12-30T13:41:22+00:00","breadcrumb":{"@id":"https:\/\/www.praha14.cz\/urad-mestske-casti\/zivotni-situace\/vyjadreni-mc-praha-14-k-zameru-s-vlivem-na-uzemni-rozvoj-a-verejny-prostor-prahy-14\/#breadcrumb"},"inLanguage":"cs","potentialAction":[{"@type":"ReadAction","target":["https:\/\/www.praha14.cz\/urad-mestske-casti\/zivotni-situace\/vyjadreni-mc-praha-14-k-zameru-s-vlivem-na-uzemni-rozvoj-a-verejny-prostor-prahy-14\/"]}]},{"@type":"BreadcrumbList","@id":"https:\/\/www.praha14.cz\/urad-mestske-casti\/zivotni-situace\/vyjadreni-mc-praha-14-k-zameru-s-vlivem-na-uzemni-rozvoj-a-verejny-prostor-prahy-14\/#breadcrumb","itemListElement":[{"@type":"ListItem","position":1,"name":"\u00da\u0159ad m\u011bstsk\u00e9 \u010d\u00e1sti Praha 14","item":"https:\/\/www.praha14.cz\/urad-mestske-casti\/"},{"@type":"ListItem","position":2,"name":"\u017divotn\u00ed situace","item":"https:\/\/www.praha14.cz\/urad-mestske-casti\/zivotni-situace\/"},{"@type":"ListItem","position":3,"name":"Vyj\u00e1d\u0159en\u00ed M\u010c Praha 14 k z\u00e1m\u011bru s vlivem na \u00fazemn\u00ed rozvoj a ve\u0159ejn\u00fd prostor Prahy 14"}]},{"@type":"WebSite","@id":"https:\/\/www.praha14.cz\/urad-mestske-casti\/#website","url":"https:\/\/www.praha14.cz\/urad-mestske-casti\/","name":"\u00daM\u010c P14","description":"Ofici\u00e1ln\u00ed str\u00e1nky m\u011bstsk\u00e9 \u010d\u00e1sti Praha 14","potentialAction":[{"@type":"SearchAction","target":{"@type":"EntryPoint","urlTemplate":"https:\/\/www.praha14.cz\/urad-mestske-casti\/?s={search_term_string}"},"query-input":{"@type":"PropertyValueSpecification","valueRequired":true,"valueName":"search_term_string"}}],"inLanguage":"cs"}]}},"_links":{"self":[{"href":"https:\/\/www.praha14.cz\/urad-mestske-casti\/wp-json\/wp\/v2\/zivotni_situace\/38245","targetHints":{"allow":["GET"]}}],"collection":[{"href":"https:\/\/www.praha14.cz\/urad-mestske-casti\/wp-json\/wp\/v2\/zivotni_situace"}],"about":[{"href":"https:\/\/www.praha14.cz\/urad-mestske-casti\/wp-json\/wp\/v2\/types\/zivotni_situace"}],"version-history":[{"count":9,"href":"https:\/\/www.praha14.cz\/urad-mestske-casti\/wp-json\/wp\/v2\/zivotni_situace\/38245\/revisions"}],"predecessor-version":[{"id":54347,"href":"https:\/\/www.praha14.cz\/urad-mestske-casti\/wp-json\/wp\/v2\/zivotni_situace\/38245\/revisions\/54347"}],"wp:attachment":[{"href":"https:\/\/www.praha14.cz\/urad-mestske-casti\/wp-json\/wp\/v2\/media?parent=38245"}],"curies":[{"name":"wp","href":"https:\/\/api.w.org\/{rel}","templated":true}]}}