{"id":696,"date":"2014-04-25T15:19:05","date_gmt":"2014-04-25T14:19:05","guid":{"rendered":"\/urad-mestske-casti\/?post_type=zivotni_situace&#038;p=696"},"modified":"2023-01-31T09:22:32","modified_gmt":"2023-01-31T08:22:32","slug":"souhlas-s-odnetim-zemedelske-pudy-zemedelskemu-pudnimu-fondu-zpf","status":"publish","type":"zivotni_situace","link":"https:\/\/www.praha14.cz\/urad-mestske-casti\/zivotni-situace\/souhlas-s-odnetim-zemedelske-pudy-zemedelskemu-pudnimu-fondu-zpf\/","title":{"rendered":"Souhlas s odn\u011bt\u00edm zem\u011bd\u011blsk\u00e9 p\u016fdy zem\u011bd\u011blsk\u00e9mu p\u016fdn\u00edmu fondu (ZPF)"},"content":{"rendered":"<h2>Odbor \u017eivotn\u00edho prost\u0159ed\u00ed<\/h2>\n<h3>1. Identifika\u010dn\u00ed \u010d\u00edslo<\/h3>\n<p>&#8212;&#8212;&#8212;<\/p>\n<h3>2. K\u00f3d<\/h3>\n<p>&#8212;&#8212;&#8212;<\/p>\n<h3>3. Pojmenov\u00e1n\u00ed (n\u00e1zev) \u017eivotn\u00ed situace<\/h3>\n<p>Souhlas s odn\u011bt\u00edm zem\u011bd\u011blsk\u00e9 p\u016fdy zem\u011bd\u011blsk\u00e9mu p\u016fdn\u00edmu fondu (ZPF)<\/p>\n<h3>4. Z\u00e1kladn\u00ed informace k \u017eivotn\u00ed situaci<\/h3>\n<p>K odn\u011bt\u00ed p\u016fdy ze ZPF pro nezem\u011bd\u011blsk\u00e9 \u00fa\u010dely (nap\u0159. v\u00fdstavbu) je t\u0159eba souhlasu org\u00e1nu ochrany ZPF. Souhlas je nezbytn\u00fd k vyd\u00e1n\u00ed rozhodnut\u00ed podle zvl\u00e1\u0161tn\u00edch p\u0159edpis\u016f (nap\u0159. stavebn\u00ed z\u00e1kon) s v\u00fdjimkou p\u0159\u00edpad\u016f uveden\u00fdch v \u00a7 9 odst. 2 z\u00e1kona \u010cNR \u010d. 334\/1992 Sb., o ochran\u011b ZPF ve zn\u011bn\u00ed pozd\u011bj\u0161\u00edch p\u0159edpis\u016f. Do ZPF n\u00e1le\u017e\u00ed nap\u0159. orn\u00e1 p\u016fda, zahrady, ovocn\u00e9 sady, trval\u00e9 travn\u00ed porosty a dal\u0161\u00ed plochy uveden\u00e9 v \u00a7 1 citovan\u00e9ho z\u00e1kona (i p\u016fda do\u010dasn\u011b neobd\u011bl\u00e1van\u00e1).<\/p>\n<h3>5. Kdo je opr\u00e1vn\u011bn v t\u00e9to v\u011bci jednat (podat \u017e\u00e1dost apod.)<\/h3>\n<p>\u017d\u00e1dost pod\u00e1v\u00e1 ten, v jeho\u017e z\u00e1jmu m\u00e1 k odn\u011bt\u00ed doj\u00edt (investor).<\/p>\n<h3>6. Jak\u00e9 jsou podm\u00ednky a postup pro \u0159e\u0161en\u00ed \u017eivotn\u00ed situace<\/h3>\n<p>Pod\u00e1n\u00ed p\u00edsemn\u00e9 \u017e\u00e1dosti v\u010detn\u011b n\u00ed\u017ee uveden\u00fdch p\u0159\u00edloh.<\/p>\n<h3>7. Jak\u00fdm zp\u016fsobem zah\u00e1jit \u0159e\u0161en\u00ed \u017eivotn\u00ed situace<\/h3>\n<p>P\u00edsemn\u00fdm pod\u00e1n\u00edm \u017e\u00e1dosti na podateln\u011b \u00fa\u0159adu nebo jej\u00edm zasl\u00e1n\u00edm po\u0161tou.<\/p>\n<h3>8. Na kter\u00e9 instituci \u017eivotn\u00ed situaci \u0159e\u0161it<\/h3>\n<p>U m\u00edstn\u011b p\u0159\u00edslu\u0161n\u00e9ho org\u00e1nu ochrany ZPF, v jeho\u017e obvodu le\u017e\u00ed nejv\u011bt\u0161\u00ed \u010d\u00e1st odn\u00edman\u00e9 plochy &#8211; pro M\u010c Praha 14 a M\u010c Praha Doln\u00ed Po\u010dernice je to \u00da\u0159ad M\u010c Praha 14, Brat\u0159\u00ed Vencl\u00edk\u016f 1073, 198 21 Praha 9.<\/p>\n<h3>9. Kde, s k\u00fdm a kdy \u017eivotn\u00ed situaci \u0159e\u0161it<\/h3>\n<p>Kde: \u00da\u0159ad M\u010c Praha 14, odbor \u017eivotn\u00edho prost\u0159ed\u00ed, Brat\u0159\u00ed Vencl\u00edk\u016f 1072, 198 21 Praha 9<br \/>\nS k\u00fdm: Odd\u011blen\u00ed ochrany prost\u0159ed\u00ed<br \/>\nKdy: Po a St 7:30-18 hod.<\/p>\n<h3>10. Jak\u00e9 doklady je nutn\u00e9 m\u00edt s sebou<\/h3>\n<p>V \u017e\u00e1dost budou uvedeny n\u00e1le\u017eitosti podle \u00a7 9 odst. 6 z\u00e1kona \u010d. 334\/1992 Sb. o ochran\u011b ZPF a to zejm\u00e9na:<\/p>\n<p>\u00fa\u010del zam\u00fd\u0161len\u00e9ho odn\u011bt\u00ed, druh odn\u011bt\u00ed (trvale, do\u010dasn\u011b), soupis pozemk\u016f dot\u010den\u00fdch stavbou n\u00e1le\u017eej\u00edc\u00edch do ZPF, v\u00fdm\u011bra pozemk\u016f nebo jejich \u010d\u00e1st\u00ed ur\u010den\u00fdch k odn\u011bt\u00ed, z\u00e1kladn\u00ed \u00fadaje o zam\u00fd\u0161len\u00e9 stavb\u011b, funkce, je-li v souladu s \u00fazemn\u00edm pl\u00e1nem, u do\u010dasn\u00e9ho odn\u011bt\u00ed doba trv\u00e1n\u00ed<\/p>\n<p>K \u017e\u00e1dosti se p\u0159ilo\u017e\u00ed:<\/p>\n<p>v\u00fdpis z <a title=\"Odkaz do nov\u00e9ho okna\" href=\"http:\/\/www.cuzk.cz\/\" target=\"_blank\" rel=\"noopener\">Katastru nemovitost\u00ed<\/a>, z\u00e1kres navrhovan\u00e9ho odn\u011bt\u00ed ve sn\u00edmku katastr\u00e1ln\u00ed mapy, situa\u010dn\u00ed v\u00fdkres s vy\u010d\u00edslen\u00edm ploch z\u00e1boru, nen\u00ed-li \u017eadatelem vlastn\u00edk pozemku, vyj\u00e1d\u0159en\u00ed v\u0161ech vlastn\u00edk\u016f pozemku (pop\u0159\u00edpad\u011b n\u00e1jemc\u016f), v\u00fdpo\u010det odvodu za odn\u011bt\u00ed s v\u00fdjimkou p\u0159\u00edpad\u016f uveden\u00fdch v \u00a7 11 a odst. 1 z\u00e1kona \u010cNR \u010d. 334\/1992 Sb. o\u00a0 ochran\u011b ZPF, p\u0159edb\u011b\u017en\u00e1 bilance skr\u00fdvky kulturn\u00edch vrstev p\u016fdy a n\u00e1vrh na jejich hospod\u00e1rn\u00e9 vyu\u017eit\u00ed, u do\u010dasn\u00e9ho odn\u011bt\u00ed pl\u00e1n rekultivace, v\u00fdsledky pedologick\u00e9ho pr\u016fzkumu, \u00fadaje o odvodn\u011bn\u00ed a z\u00e1vlah\u00e1ch, z\u00e1kres hranic BPEJ s vyzna\u010den\u00edm t\u0159\u00edd ochrany, informace \u2013 v jak\u00e9m n\u00e1sledn\u00e9m \u0159\u00edzen\u00ed podle zvl\u00e1\u0161tn\u00edho pr\u00e1vn\u00edho p\u0159edpisu m\u00e1 b\u00fdt souhlas s odn\u011bt\u00edm zem\u011bd\u011blsk\u00e9 p\u016fdy ze ZPF podkladem.<\/p>\n<h3>11. Jak\u00e9 jsou pot\u0159ebn\u00e9 formul\u00e1\u0159e a kde jsou k dispozici<\/h3>\n<p>Formul\u00e1\u0159e nejsou.<\/p>\n<h3>12. Jak\u00e9 jsou poplatky a jak je lze uhradit<\/h3>\n<p>Spr\u00e1vn\u00ed poplatek nen\u00ed stanoven.<\/p>\n<h3>13. Jak\u00e9 jsou lh\u016fty pro vy\u0159\u00edzen\u00ed<\/h3>\n<p>Vyd\u00e1n\u00ed souhlasu s odn\u011bt\u00edm nepodl\u00e9h\u00e1 spr\u00e1vn\u00edmu \u0159\u00edzen\u00ed, lh\u016fta nen\u00ed stanovena (obvykle do 30 dn\u016f).<\/p>\n<h3>14. Kte\u0159\u00ed jsou dal\u0161\u00ed \u00fa\u010dastn\u00edci (dot\u010den\u00ed) \u0159e\u0161en\u00ed \u017eivotn\u00ed situace<\/h3>\n<p>Vlastn\u00edci a n\u00e1jemci dot\u010den\u00fdch pozemk\u016f<\/p>\n<h3>15. Jak\u00e9 dal\u0161\u00ed \u010dinnosti jsou po \u017eadateli po\u017eadov\u00e1ny<\/h3>\n<p>V p\u0159\u00edpad\u011b pot\u0159eby si m\u016f\u017ee org\u00e1n ochrany ZPF vy\u017e\u00e1dat dal\u0161\u00ed podklady.<\/p>\n<h3>16. Elektronick\u00e1 slu\u017eba, kterou lze vyu\u017e\u00edt<\/h3>\n<p>Vzhledem k charakteru \u017e\u00e1dosti s p\u0159\u00edlohami nen\u00ed mo\u017en\u00e9.<\/p>\n<h3>17. Podle kter\u00e9ho pr\u00e1vn\u00edho p\u0159edpisu se postupuje<\/h3>\n<ul>\n<li>Z\u00e1kon \u010cNR \u010d. 334\/1992 Sb., o ochran\u011b zem\u011bd\u011blsk\u00e9ho p\u016fdn\u00edho fondu ve zn\u011bn\u00ed pozd\u011bj\u0161\u00edch p\u0159edpis\u016f<\/li>\n<li>Vyhl\u00e1\u0161ka M\u017dP \u010d. 13\/1994 Sb., kterou se upravuj\u00ed n\u011bkter\u00e9 podrobnosti ochrany zem\u011bd\u011blsk\u00e9ho p\u016fdn\u00edho fondu<\/li>\n<\/ul>\n<p>Z\u00e1kony lze vyhledat na <a title=\"Odkaz do nov\u00e9ho okna\" href=\"http:\/\/portal.gov.cz\/wps\/portal\/_s.155\/699\/place\" target=\"_blank\" rel=\"noopener\">port\u00e1lu ve\u0159ejn\u00e9 spr\u00e1vy<\/a>.<\/p>\n<h3>18. Jak\u00e9 jsou souvisej\u00edc\u00ed p\u0159edpisy<\/h3>\n<p>&#8212;&#8212;&#8212;<\/p>\n<h3>19. Jak\u00e9 jsou opravn\u00e9 prost\u0159edky a jak se uplat\u0148uj\u00ed<\/h3>\n<p>Na vyd\u00e1n\u00ed souhlasu se nevztahuj\u00ed obecn\u00e9 p\u0159edpisy o spr\u00e1vn\u00edm \u0159\u00edzen\u00ed, proto se p\u0159\u00edmo odvolat nelze. Proti vydan\u00e9mu souhlasu (nesouhlasu) je mo\u017eno se odvolat v r\u00e1mci \u0159\u00edzen\u00ed podle zvl\u00e1\u0161tn\u00edch p\u0159edpis\u016f (stavebn\u00edho z\u00e1kona), tj. odvol\u00e1n\u00edm proti rozhodnut\u00ed, jeho\u017e je souhlas z\u00e1vaznou sou\u010d\u00e1st\u00ed.<\/p>\n<h3>20. Jak\u00e9 sankce mohou b\u00fdt uplatn\u011bny v p\u0159\u00edpad\u011b nedodr\u017een\u00ed povinnost\u00ed<\/h3>\n<p>U\u017e\u00edv\u00e1-li osoba zem\u011bd\u011blskou p\u016fdu k\u00a0nezem\u011bd\u011blsk\u00fdm \u00fa\u010del\u016fm bez souhlasu s\u00a0jej\u00edm odn\u011bt\u00edm ze zem\u011bd\u011blsk\u00e9ho p\u016fdn\u00edho fondu, dopou\u0161t\u00ed se n\u00e1sleduj\u00edc\u00edho p\u0159estupku, za kter\u00fd bude ulo\u017eena pokuta:<\/p>\n<ul>\n<li>fyzick\u00e9 osob\u011b do v\u00fd\u0161e 1\u00a0000\u00a0000 K\u010d podle \u00a7 20 odst. 3 z\u00e1kona \u010d. 334\/1992 Sb. o ochran\u011b ZPF<\/li>\n<li>pr\u00e1vnick\u00e9 a podnikaj\u00edc\u00ed fyzick\u00e9 osob\u011b do v\u00fd\u0161e 10\u00a0000\u00a0000 K\u010d podle \u00a7 20a z\u00e1kona \u010d. 334\/1992 Sb. o ochran\u011b ZPF<\/li>\n<\/ul>\n<h3>21. Nej\u010dast\u011bj\u0161\u00ed dotazy<\/h3>\n<p>&#8212;&#8212;&#8212;<\/p>\n<h3>22. Dal\u0161\u00ed informace<\/h3>\n<p>Na telefonu 281005325.<\/p>\n<h3>23. Informace o popisovan\u00e9m postupu (o \u0159e\u0161en\u00ed \u017eivotn\u00ed situace) je mo\u017en\u00e9 z\u00edskat tak\u00e9 z jin\u00fdch zdroj\u016f a v jin\u00e9 form\u011b<\/h3>\n<p>V pr\u00e1vn\u00edch p\u0159edpisech uveden\u00fdch v bod\u011b 17.<\/p>\n<h3>24. Souvisej\u00edc\u00ed \u017eivotn\u00ed situace a n\u00e1vody, jak je \u0159e\u0161it<\/h3>\n<ul>\n<li>Zm\u011bna zem\u011bd\u011blsk\u00e9 p\u016fdy na lesn\u00ed pozemek &#8211; rozhodnut\u00ed o vyu\u017eit\u00ed \u00fazem\u00ed, kter\u00e9 vyd\u00e1v\u00e1 odbor v\u00fdstavby, jeho\u017e sou\u010d\u00e1st\u00ed je souhlas s odn\u011bt\u00edm zem\u011bd\u011blsk\u00e9 p\u016fdy.<\/li>\n<li>Zm\u011bna trval\u00e9ho travn\u00edho porostu na ornou p\u016fdu &#8211; rozhodnut\u00ed org\u00e1nu ochrany ZPF, kter\u00fdm je v tomto p\u0159\u00edpad\u011b odbor ochrany prost\u0159ed\u00ed Magistr\u00e1tu hl. m. Prahy.<\/li>\n<li>Ostatn\u00ed zm\u011bny kultur v r\u00e1mci ZPF a zm\u011bna nezem\u011bd\u011blsk\u00e9 p\u016fdy na zem\u011bd\u011blskou &#8211; rozhodnut\u00ed o vyu\u017eit\u00ed \u00fazem\u00ed, kter\u00e9 vyd\u00e1v\u00e1 odbor v\u00fdstavby.<\/li>\n<\/ul>\n<h3>25. Za spr\u00e1vnost n\u00e1vodu odpov\u00edd\u00e1 \u00fatvar<\/h3>\n<p>Odbor \u017eivotn\u00edho prost\u0159ed\u00ed<\/p>\n<h3>26. Kontaktn\u00ed osoba<\/h3>\n<p><a href=\"https:\/\/www.praha14.cz\/urad-mestske-casti\/pracovnici\/brazdil-pavel-ing\/\" target=\"_blank\" rel=\"noopener\">Ing. Pavel Br\u00e1zdil<\/a>, referent \u2013 ZPF, ovzdu\u0161\u00ed, separace odpadu<\/p>\n<h3>27. Popis je zpracov\u00e1n podle pr\u00e1vn\u00edho stavu ke dni<\/h3>\n<p>&#8212;&#8212;&#8212;<\/p>\n<h3>28. Popis byl naposledy aktualizov\u00e1n<\/h3>\n<p>20. 4. 2022<\/p>\n<h3>29. Datum konce platnosti popisu<\/h3>\n<p>Nen\u00ed stanoven.<\/p>\n<h3>30. P\u0159\u00edpadn\u00e1 up\u0159esn\u011bn\u00ed a pozn\u00e1mky k \u0159e\u0161en\u00ed \u017eivotn\u00ed situace<\/h3>\n<p>&#8212;&#8212;&#8212;<\/p>\n","protected":false},"featured_media":0,"template":"","class_list":["post-696","zivotni_situace","type-zivotni_situace","status-publish","hentry","zivotni_situace_kategorie-vse","zivotni_situace_kategorie-obcan","zivotni_situace_kategorie-podnikatel","zivotni_situace_kategorie-zivotni-prostredi","zivotni_situace_odbor-odbor-zivotniho-prostredi"],"odbory":[{"term_id":290,"name":"Odbor \u017eivotn\u00edho prost\u0159ed\u00ed","slug":"odbor-zivotniho-prostredi","term_group":0,"term_taxonomy_id":309,"taxonomy":"zivotni_situace_odbor","description":"","parent":0,"count":8,"filter":"raw","term_order":"0"}],"description":"","acf":[],"yoast_head":"<!-- This site is optimized with the Yoast SEO plugin v27.2 - https:\/\/yoast.com\/product\/yoast-seo-wordpress\/ -->\n<title>Souhlas s odn\u011bt\u00edm zem\u011bd\u011blsk\u00e9 p\u016fdy zem\u011bd\u011blsk\u00e9mu p\u016fdn\u00edmu fondu (ZPF) - \u00daM\u010c P14<\/title>\n<meta name=\"robots\" content=\"index, follow, max-snippet:-1, max-image-preview:large, max-video-preview:-1\" \/>\n<link rel=\"canonical\" href=\"https:\/\/www.praha14.cz\/urad-mestske-casti\/zivotni-situace\/souhlas-s-odnetim-zemedelske-pudy-zemedelskemu-pudnimu-fondu-zpf\/\" \/>\n<meta property=\"og:locale\" content=\"cs_CZ\" \/>\n<meta property=\"og:type\" content=\"article\" \/>\n<meta property=\"og:title\" content=\"Souhlas s odn\u011bt\u00edm zem\u011bd\u011blsk\u00e9 p\u016fdy zem\u011bd\u011blsk\u00e9mu p\u016fdn\u00edmu fondu (ZPF) - \u00daM\u010c P14\" \/>\n<meta property=\"og:description\" content=\"Odbor \u017eivotn\u00edho prost\u0159ed\u00ed 1. Identifika\u010dn\u00ed \u010d\u00edslo &#8212;&#8212;&#8212; 2. K\u00f3d &#8212;&#8212;&#8212; 3. Pojmenov\u00e1n\u00ed (n\u00e1zev) \u017eivotn\u00ed situace Souhlas s odn\u011bt\u00edm zem\u011bd\u011blsk\u00e9 p\u016fdy zem\u011bd\u011blsk\u00e9mu p\u016fdn\u00edmu fondu (ZPF) 4. Z\u00e1kladn\u00ed informace k \u017eivotn\u00ed situaci K odn\u011bt\u00ed p\u016fdy ze ZPF pro nezem\u011bd\u011blsk\u00e9 \u00fa\u010dely (nap\u0159. v\u00fdstavbu) je t\u0159eba souhlasu org\u00e1nu ochrany ZPF. Souhlas je nezbytn\u00fd k vyd\u00e1n\u00ed rozhodnut\u00ed podle zvl\u00e1\u0161tn\u00edch p\u0159edpis\u016f...\" \/>\n<meta property=\"og:url\" content=\"https:\/\/www.praha14.cz\/urad-mestske-casti\/zivotni-situace\/souhlas-s-odnetim-zemedelske-pudy-zemedelskemu-pudnimu-fondu-zpf\/\" \/>\n<meta property=\"og:site_name\" content=\"\u00daM\u010c P14\" \/>\n<meta property=\"article:modified_time\" content=\"2023-01-31T08:22:32+00:00\" \/>\n<meta name=\"twitter:card\" content=\"summary_large_image\" \/>\n<meta name=\"twitter:label1\" content=\"Est. reading time\" \/>\n\t<meta name=\"twitter:data1\" content=\"5 minut\" \/>\n<script type=\"application\/ld+json\" class=\"yoast-schema-graph\">{\"@context\":\"https:\/\/schema.org\",\"@graph\":[{\"@type\":\"WebPage\",\"@id\":\"https:\/\/www.praha14.cz\/urad-mestske-casti\/zivotni-situace\/souhlas-s-odnetim-zemedelske-pudy-zemedelskemu-pudnimu-fondu-zpf\/\",\"url\":\"https:\/\/www.praha14.cz\/urad-mestske-casti\/zivotni-situace\/souhlas-s-odnetim-zemedelske-pudy-zemedelskemu-pudnimu-fondu-zpf\/\",\"name\":\"Souhlas s odn\u011bt\u00edm zem\u011bd\u011blsk\u00e9 p\u016fdy zem\u011bd\u011blsk\u00e9mu p\u016fdn\u00edmu fondu (ZPF) - \u00daM\u010c P14\",\"isPartOf\":{\"@id\":\"https:\/\/www.praha14.cz\/urad-mestske-casti\/#website\"},\"datePublished\":\"2014-04-25T14:19:05+00:00\",\"dateModified\":\"2023-01-31T08:22:32+00:00\",\"breadcrumb\":{\"@id\":\"https:\/\/www.praha14.cz\/urad-mestske-casti\/zivotni-situace\/souhlas-s-odnetim-zemedelske-pudy-zemedelskemu-pudnimu-fondu-zpf\/#breadcrumb\"},\"inLanguage\":\"cs\",\"potentialAction\":[{\"@type\":\"ReadAction\",\"target\":[\"https:\/\/www.praha14.cz\/urad-mestske-casti\/zivotni-situace\/souhlas-s-odnetim-zemedelske-pudy-zemedelskemu-pudnimu-fondu-zpf\/\"]}]},{\"@type\":\"BreadcrumbList\",\"@id\":\"https:\/\/www.praha14.cz\/urad-mestske-casti\/zivotni-situace\/souhlas-s-odnetim-zemedelske-pudy-zemedelskemu-pudnimu-fondu-zpf\/#breadcrumb\",\"itemListElement\":[{\"@type\":\"ListItem\",\"position\":1,\"name\":\"\u00da\u0159ad m\u011bstsk\u00e9 \u010d\u00e1sti Praha 14\",\"item\":\"https:\/\/www.praha14.cz\/urad-mestske-casti\/\"},{\"@type\":\"ListItem\",\"position\":2,\"name\":\"\u017divotn\u00ed situace\",\"item\":\"https:\/\/www.praha14.cz\/urad-mestske-casti\/zivotni-situace\/\"},{\"@type\":\"ListItem\",\"position\":3,\"name\":\"Souhlas s odn\u011bt\u00edm zem\u011bd\u011blsk\u00e9 p\u016fdy zem\u011bd\u011blsk\u00e9mu p\u016fdn\u00edmu fondu (ZPF)\"}]},{\"@type\":\"WebSite\",\"@id\":\"https:\/\/www.praha14.cz\/urad-mestske-casti\/#website\",\"url\":\"https:\/\/www.praha14.cz\/urad-mestske-casti\/\",\"name\":\"\u00daM\u010c P14\",\"description\":\"Ofici\u00e1ln\u00ed str\u00e1nky m\u011bstsk\u00e9 \u010d\u00e1sti Praha 14\",\"potentialAction\":[{\"@type\":\"SearchAction\",\"target\":{\"@type\":\"EntryPoint\",\"urlTemplate\":\"https:\/\/www.praha14.cz\/urad-mestske-casti\/?s={search_term_string}\"},\"query-input\":{\"@type\":\"PropertyValueSpecification\",\"valueRequired\":true,\"valueName\":\"search_term_string\"}}],\"inLanguage\":\"cs\"}]}<\/script>\n<!-- \/ Yoast SEO plugin. -->","yoast_head_json":{"title":"Souhlas s odn\u011bt\u00edm zem\u011bd\u011blsk\u00e9 p\u016fdy zem\u011bd\u011blsk\u00e9mu p\u016fdn\u00edmu fondu (ZPF) - \u00daM\u010c P14","robots":{"index":"index","follow":"follow","max-snippet":"max-snippet:-1","max-image-preview":"max-image-preview:large","max-video-preview":"max-video-preview:-1"},"canonical":"https:\/\/www.praha14.cz\/urad-mestske-casti\/zivotni-situace\/souhlas-s-odnetim-zemedelske-pudy-zemedelskemu-pudnimu-fondu-zpf\/","og_locale":"cs_CZ","og_type":"article","og_title":"Souhlas s odn\u011bt\u00edm zem\u011bd\u011blsk\u00e9 p\u016fdy zem\u011bd\u011blsk\u00e9mu p\u016fdn\u00edmu fondu (ZPF) - \u00daM\u010c P14","og_description":"Odbor \u017eivotn\u00edho prost\u0159ed\u00ed 1. Identifika\u010dn\u00ed \u010d\u00edslo &#8212;&#8212;&#8212; 2. K\u00f3d &#8212;&#8212;&#8212; 3. Pojmenov\u00e1n\u00ed (n\u00e1zev) \u017eivotn\u00ed situace Souhlas s odn\u011bt\u00edm zem\u011bd\u011blsk\u00e9 p\u016fdy zem\u011bd\u011blsk\u00e9mu p\u016fdn\u00edmu fondu (ZPF) 4. Z\u00e1kladn\u00ed informace k \u017eivotn\u00ed situaci K odn\u011bt\u00ed p\u016fdy ze ZPF pro nezem\u011bd\u011blsk\u00e9 \u00fa\u010dely (nap\u0159. v\u00fdstavbu) je t\u0159eba souhlasu org\u00e1nu ochrany ZPF. Souhlas je nezbytn\u00fd k vyd\u00e1n\u00ed rozhodnut\u00ed podle zvl\u00e1\u0161tn\u00edch p\u0159edpis\u016f...","og_url":"https:\/\/www.praha14.cz\/urad-mestske-casti\/zivotni-situace\/souhlas-s-odnetim-zemedelske-pudy-zemedelskemu-pudnimu-fondu-zpf\/","og_site_name":"\u00daM\u010c P14","article_modified_time":"2023-01-31T08:22:32+00:00","twitter_card":"summary_large_image","twitter_misc":{"Est. reading time":"5 minut"},"schema":{"@context":"https:\/\/schema.org","@graph":[{"@type":"WebPage","@id":"https:\/\/www.praha14.cz\/urad-mestske-casti\/zivotni-situace\/souhlas-s-odnetim-zemedelske-pudy-zemedelskemu-pudnimu-fondu-zpf\/","url":"https:\/\/www.praha14.cz\/urad-mestske-casti\/zivotni-situace\/souhlas-s-odnetim-zemedelske-pudy-zemedelskemu-pudnimu-fondu-zpf\/","name":"Souhlas s odn\u011bt\u00edm zem\u011bd\u011blsk\u00e9 p\u016fdy zem\u011bd\u011blsk\u00e9mu p\u016fdn\u00edmu fondu (ZPF) - \u00daM\u010c P14","isPartOf":{"@id":"https:\/\/www.praha14.cz\/urad-mestske-casti\/#website"},"datePublished":"2014-04-25T14:19:05+00:00","dateModified":"2023-01-31T08:22:32+00:00","breadcrumb":{"@id":"https:\/\/www.praha14.cz\/urad-mestske-casti\/zivotni-situace\/souhlas-s-odnetim-zemedelske-pudy-zemedelskemu-pudnimu-fondu-zpf\/#breadcrumb"},"inLanguage":"cs","potentialAction":[{"@type":"ReadAction","target":["https:\/\/www.praha14.cz\/urad-mestske-casti\/zivotni-situace\/souhlas-s-odnetim-zemedelske-pudy-zemedelskemu-pudnimu-fondu-zpf\/"]}]},{"@type":"BreadcrumbList","@id":"https:\/\/www.praha14.cz\/urad-mestske-casti\/zivotni-situace\/souhlas-s-odnetim-zemedelske-pudy-zemedelskemu-pudnimu-fondu-zpf\/#breadcrumb","itemListElement":[{"@type":"ListItem","position":1,"name":"\u00da\u0159ad m\u011bstsk\u00e9 \u010d\u00e1sti Praha 14","item":"https:\/\/www.praha14.cz\/urad-mestske-casti\/"},{"@type":"ListItem","position":2,"name":"\u017divotn\u00ed situace","item":"https:\/\/www.praha14.cz\/urad-mestske-casti\/zivotni-situace\/"},{"@type":"ListItem","position":3,"name":"Souhlas s odn\u011bt\u00edm zem\u011bd\u011blsk\u00e9 p\u016fdy zem\u011bd\u011blsk\u00e9mu p\u016fdn\u00edmu fondu (ZPF)"}]},{"@type":"WebSite","@id":"https:\/\/www.praha14.cz\/urad-mestske-casti\/#website","url":"https:\/\/www.praha14.cz\/urad-mestske-casti\/","name":"\u00daM\u010c P14","description":"Ofici\u00e1ln\u00ed str\u00e1nky m\u011bstsk\u00e9 \u010d\u00e1sti Praha 14","potentialAction":[{"@type":"SearchAction","target":{"@type":"EntryPoint","urlTemplate":"https:\/\/www.praha14.cz\/urad-mestske-casti\/?s={search_term_string}"},"query-input":{"@type":"PropertyValueSpecification","valueRequired":true,"valueName":"search_term_string"}}],"inLanguage":"cs"}]}},"_links":{"self":[{"href":"https:\/\/www.praha14.cz\/urad-mestske-casti\/wp-json\/wp\/v2\/zivotni_situace\/696","targetHints":{"allow":["GET"]}}],"collection":[{"href":"https:\/\/www.praha14.cz\/urad-mestske-casti\/wp-json\/wp\/v2\/zivotni_situace"}],"about":[{"href":"https:\/\/www.praha14.cz\/urad-mestske-casti\/wp-json\/wp\/v2\/types\/zivotni_situace"}],"version-history":[{"count":9,"href":"https:\/\/www.praha14.cz\/urad-mestske-casti\/wp-json\/wp\/v2\/zivotni_situace\/696\/revisions"}],"predecessor-version":[{"id":49601,"href":"https:\/\/www.praha14.cz\/urad-mestske-casti\/wp-json\/wp\/v2\/zivotni_situace\/696\/revisions\/49601"}],"wp:attachment":[{"href":"https:\/\/www.praha14.cz\/urad-mestske-casti\/wp-json\/wp\/v2\/media?parent=696"}],"curies":[{"name":"wp","href":"https:\/\/api.w.org\/{rel}","templated":true}]}}