{"id":697,"date":"2014-04-25T15:19:32","date_gmt":"2014-04-25T14:19:32","guid":{"rendered":"\/urad-mestske-casti\/?post_type=zivotni_situace&#038;p=697"},"modified":"2026-02-05T07:41:00","modified_gmt":"2026-02-05T06:41:00","slug":"stanoveni-dopravniho-znaceni","status":"publish","type":"zivotni_situace","link":"https:\/\/www.praha14.cz\/urad-mestske-casti\/zivotni-situace\/stanoveni-dopravniho-znaceni\/","title":{"rendered":"Stanoven\u00ed dopravn\u00edho zna\u010den\u00ed"},"content":{"rendered":"<h2>Odbor dopravy<\/h2>\n<h3>1. Identifika\u010dn\u00ed \u010d\u00edslo<\/h3>\n<p>&#8212;&#8212;&#8212;<\/p>\n<h3>2. K\u00f3d<\/h3>\n<p>&#8212;&#8212;&#8212;<\/p>\n<h3>3. Pojmenov\u00e1n\u00ed (n\u00e1zev) \u017eivotn\u00ed situace<\/h3>\n<p>Stanoven\u00ed dopravn\u00edho zna\u010den\u00ed<\/p>\n<h3>4. Z\u00e1kladn\u00ed informace k \u017eivotn\u00ed situaci<\/h3>\n<p>Stanoven\u00ed dopravn\u00edho zna\u010den\u00ed je pojem vypl\u00fdvaj\u00edc\u00ed ze z\u00e1kona \u010d. 361\/2000 Sb., o provozu na pozemn\u00edch komunikac\u00edch a o zm\u011bn\u00e1ch n\u011bkter\u00fdch z\u00e1kon\u016f (z\u00e1kon o silni\u010dn\u00edm provozu), ve zn\u011bn\u00ed pozd\u011bj\u0161\u00edch p\u0159edpis\u016f. T\u00edmto pojmem je m\u00edn\u011bna m\u00edstn\u00ed a p\u0159echodn\u00e1 \u00faprava provozu na pozemn\u00edch komunikac\u00edch a u\u017eit\u00ed za\u0159\u00edzen\u00ed pro provozn\u00ed informace.<\/p>\n<h3>5. Kdo je opr\u00e1vn\u011bn v t\u00e9to v\u011bci jednat (podat \u017e\u00e1dost apod.)<\/h3>\n<p>\u017d\u00e1dost pod\u00e1v\u00e1 ten, v jeho\u017e z\u00e1jmu nebo kv\u016fli jeho\u017e \u010dinnosti m\u00e1 b\u00fdt m\u00edstn\u00ed nebo p\u0159echodn\u00e1 \u00faprava provozu stanovena.<\/p>\n<h3>6. Jak\u00e9 jsou podm\u00ednky a postup pro \u0159e\u0161en\u00ed \u017eivotn\u00ed situace<\/h3>\n<p>Podm\u00ednkou vyd\u00e1n\u00ed stanoven\u00ed je stanovisko Policie \u010cR &#8211; Krajsk\u00e9ho \u0159editelstv\u00ed policie hlavn\u00edho m\u011bsta Prahy, Odboru slu\u017eby dopravn\u00ed policie, kter\u00e9 si \u017eadatel zajist\u00ed p\u0159\u00edmo v jejich s\u00eddle v\u00a0Kongresov\u00e9 ul. 2, 140\u00a021Praha 4, nebo prost\u0159ednictv\u00edm p\u0159\u00edslu\u0161n\u00e9ho silni\u010dn\u00edho spr\u00e1vn\u00edho \u00fa\u0159adu.<\/p>\n<h3>7. Jak\u00fdm zp\u016fsobem zah\u00e1jit \u0159e\u0161en\u00ed \u017eivotn\u00ed situace<\/h3>\n<p>Pod\u00e1n\u00edm \u017e\u00e1dosti u p\u0159\u00edslu\u0161n\u00e9ho spr\u00e1vn\u00edho \u00fa\u0159adu. P\u0159\u00edlohou \u017e\u00e1dosti bude projektov\u00e1 dokumentace, pop\u0159. stanovisko Policie \u010cR.<\/p>\n<h3>8. Na kter\u00e9 instituci \u017eivotn\u00ed situaci \u0159e\u0161it<\/h3>\n<p>Na p\u0159\u00edslu\u0161n\u00e9m spr\u00e1vn\u00edm \u00fa\u0159ad\u011b.<\/p>\n<h3>9. Kde, s k\u00fdm a kdy \u017eivotn\u00ed situaci \u0159e\u0161it<\/h3>\n<p>P\u0159\u00edslu\u0161n\u00fdm spr\u00e1vn\u00edm \u00fa\u0159adem pro m\u00edstn\u00ed komunikace II., III., IV. t\u0159\u00eddy a ve\u0159ejn\u011b p\u0159\u00edstupn\u00e9 \u00fa\u010delov\u00e9 komunikace v\u00a0Praze 14 a Doln\u00edch Po\u010dernic\u00edch je podle vyhl\u00e1\u0161ky \u010d. 55\/2000 Sb. hl. m. Prahy, kterou se vyd\u00e1v\u00e1 Statut hl. m. Prahy, Odbor dopravy \u00da\u0159adu m\u011bstsk\u00e9 \u010d\u00e1sti Praha 14, B\u0159\u00ed. Vencl\u00edk\u016f 1073, Praha 9, v \u00fa\u0159edn\u00edch hodin\u00e1ch Po a St 7:30 \u2013 18:00 hodin.<\/p>\n<p>P\u0159\u00edslu\u0161n\u00fdm spr\u00e1vn\u00edm \u00fa\u0159adem pro m\u00edstn\u00ed komunikace I. t\u0159\u00eddy (tj. komunikace v ul. \u010ceskobrodsk\u00e1, Chlumeck\u00e1, Kolbenova, Pod\u011bbradsk\u00e1, Pr\u016fmyslov\u00e1 a Pra\u017esk\u00fd okruh) je Odbor pozemn\u00edch komunikac\u00ed a drah Magistr\u00e1tu hlavn\u00edho m\u011bsta Prahy, Jungmannova 35, 110 00 Praha 1, v \u00fa\u0159edn\u00edch hodin\u00e1ch Po 12:00 \u2013 17:00, St 8:00 \u2013 18:00 hodin.<\/p>\n<h3>10. Jak\u00e9 doklady je nutn\u00e9 m\u00edt s sebou<\/h3>\n<p>Pro vyd\u00e1n\u00ed stanoven\u00ed \u00fapravy provozu je pot\u0159eba dolo\u017eit projektovou dokumentaci n\u00e1vrhu dopravn\u00edho zna\u010den\u00ed, zpracovanou v\u00a0souladu s vyhl\u00e1\u0161kou \u010d.294\/2015 Sb., kterou se prov\u00e1d\u011bj\u00ed pravidla provozu na\u00a0pozemn\u00edch komunikac\u00edch. V\u00a0\u017e\u00e1dosti bude uvedeno jm\u00e9no, p\u0159\u00edjmen\u00ed a adresa \u017eadatele, u pr\u00e1vnick\u00fdch osob jejich n\u00e1zev, s\u00eddlo, I\u010c a telefonick\u00e9 spojen\u00ed. V\u00a0p\u0159\u00edpad\u011b, \u017ee je \u017eadatel zastoupen, p\u0159edlo\u017e\u00ed plnou moc.<\/p>\n<h3>11. Jak\u00e9 jsou pot\u0159ebn\u00e9 formul\u00e1\u0159e a kde jsou k dispozici<\/h3>\n<ul>\n<li><a href=\"https:\/\/www.praha14.cz\/app\/uploads\/sites\/2\/2014\/04\/22_Zadost-o-povoleni-zvlastniho-uzivani-komunikace_k-tisku.pdf\" target=\"_blank\" rel=\"noopener\">\u017d\u00e1dost o povolen\u00ed zvl\u00e1\u0161tn\u00edho u\u017e\u00edv\u00e1n\u00ed komunikace &#8211; tisk<\/a><\/li>\n<li><a href=\"https:\/\/www.praha14.cz\/app\/uploads\/sites\/2\/2014\/04\/21_Zadost-o-povoleni-zvl.-uzivani-komunikace.docx\" target=\"_blank\" rel=\"noopener\">\u017d\u00e1dost o povolen\u00ed zvl\u00e1\u0161tn\u00edho u\u017e\u00edv\u00e1n\u00ed komunikace<\/a><\/li>\n<li><a href=\"https:\/\/www.praha14.cz\/app\/uploads\/sites\/2\/2014\/04\/31_Ohlaseni-uzivani-verejneho-prostranstvi.docx\" target=\"_blank\" rel=\"noopener\">Ohl\u00e1\u0161en\u00ed u\u017e\u00edv\u00e1n\u00ed ve\u0159ejn\u00e9ho prostranstv\u00ed<\/a><\/li>\n<li><a href=\"https:\/\/www.praha14.cz\/app\/uploads\/sites\/2\/2014\/04\/32_Ohlaseni-uzivani-verejneho-prostranstvi_k-tisku.pdf\" target=\"_blank\" rel=\"noopener\">Ohl\u00e1\u0161en\u00ed u\u017e\u00edv\u00e1n\u00ed ve\u0159ejn\u00e9ho prostranstv\u00ed &#8211; tisk<\/a><\/li>\n<li><a href=\"https:\/\/www.praha14.cz\/app\/uploads\/sites\/2\/2014\/04\/3.-Zadost-o-povoleni-prodlouzeni-vyhraz.park_.-mista-pro-OZP-1.docx\" target=\"_blank\" rel=\"noopener\">Formul\u00e1\u0159 &#8211; \u017d\u00e1dost o povolen\u00ed, prodlou\u017een\u00ed vyhrazen\u00e9ho parkov\u00e1n\u00ed pro m\u00edsta ZTP a ZTP\/P<\/a><\/li>\n<\/ul>\n<h3>12. Jak\u00e9 jsou poplatky a jak je lze uhradit<\/h3>\n<p>Bez poplatk\u016f.<\/p>\n<h3>13. Jak\u00e9 jsou lh\u016fty pro vy\u0159\u00edzen\u00ed<\/h3>\n<p>Podle spr\u00e1vn\u00edho \u0159\u00e1du 30 dn\u016f, u slo\u017eit\u00fdch p\u0159\u00edpad\u016f maxim\u00e1ln\u011b 60 dn\u016f.<\/p>\n<h3>14. Kte\u0159\u00ed jsou dal\u0161\u00ed \u00fa\u010dastn\u00edci (dot\u010den\u00ed) \u0159e\u0161en\u00ed \u017eivotn\u00ed situace<\/h3>\n<p>Vlastn\u00edk\/spr\u00e1vce dot\u010den\u00e9 komunikace, pop\u0159. dal\u0161\u00ed dot\u010den\u00e9 osoby.<\/p>\n<h3>15. Jak\u00e9 dal\u0161\u00ed \u010dinnosti jsou po \u017eadateli po\u017eadov\u00e1ny<\/h3>\n<p>Zaji\u0161t\u011bn\u00ed odborn\u00e9 firmy, kter\u00e1 zna\u010den\u00ed instaluje.<\/p>\n<h3>16. Elektronick\u00e1 slu\u017eba, kterou lze vyu\u017e\u00edt<\/h3>\n<p>&#8212;&#8212;&#8212;<\/p>\n<h3>17. Podle kter\u00e9ho pr\u00e1vn\u00edho p\u0159edpisu se postupuje<\/h3>\n<p>Postupuje se podle \u00a7 77\u00a0 a 77a z\u00e1kona \u010d. 361\/2000 Sb., o provozu na pozemn\u00edch komunikac\u00edch a\u00a0o\u00a0zm\u011bn\u00e1ch n\u011bkter\u00fdch z\u00e1kon\u016f (z\u00e1kon o silni\u010dn\u00edm provozu), ve zn\u011bn\u00ed pozd\u011bj\u0161\u00edch p\u0159edpis\u016f a\u00a0vyhl\u00e1\u0161ky \u010d.294\/2015 Sb., kterou se prov\u00e1d\u011bj\u00ed pravidla provozu na pozemn\u00edch komunikac\u00edch.<\/p>\n<h3>18. Jak\u00e9 jsou souvisej\u00edc\u00ed p\u0159edpisy<\/h3>\n<p>Z\u00e1kon \u010d.13\/1997 Sb., o pozemn\u00edch komunikac\u00edch, ve zn\u011bn\u00ed posledn\u00edch p\u0159edpis\u016f.<\/p>\n<h3>19. Jak\u00e9 jsou opravn\u00e9 prost\u0159edky a jak se uplat\u0148uj\u00ed<\/h3>\n<p>\u0158\u00e1dn\u00e9 opravn\u00e9 prost\u0159edky nejsou. N\u00e1vrh na zru\u0161en\u00ed opat\u0159en\u00ed obecn\u00e9 povahy je mo\u017en\u00e9 podat podle \u00a7 101a a 101b z\u00e1kona \u010d. 150\/2002 Sb., soudn\u00ed \u0159\u00e1d spr\u00e1vn\u00ed, ve zn\u011bn\u00ed pozd\u011bj\u0161\u00edch p\u0159edpis\u016f.<\/p>\n<h3>20. Jak\u00e9 sankce mohou b\u00fdt uplatn\u011bny v p\u0159\u00edpad\u011b nedodr\u017een\u00ed povinnost\u00ed<\/h3>\n<p>Pokutu lze ulo\u017eit pr\u00e1vnick\u00e9 osob\u011b dle \u00a7 42b z\u00e1kona \u010d.13\/1997 Sb., o pozemn\u00edch komunikac\u00edch, v platn\u00e9m zn\u011bn\u00ed. Fyzick\u00e9 osob\u011b lze ulo\u017eit pokutu podle \u00a7 42a z\u00e1kona \u010d.13\/1997 Sb., o pozemn\u00edch komunikac\u00edch, v platn\u00e9m zn\u011bn\u00ed.<\/p>\n<h3>21. Nej\u010dast\u011bj\u0161\u00ed dotazy<\/h3>\n<p>Kdo zajist\u00ed um\u00edst\u011bn\u00ed dopravn\u00edho zna\u010den\u00ed? Instalaci a vyzna\u010den\u00ed dopravn\u00edho zna\u010den\u00ed zajist\u00ed \u017eadatel. Pokud se jedn\u00e1 o ve\u0159ejn\u00fd z\u00e1jem, instalaci a vyzna\u010den\u00ed zajist\u00ed spr\u00e1vce dot\u010den\u00e9 pozemn\u00ed komunikace. Dopravn\u00ed zna\u010dku parkovac\u00edho m\u00edsta pro osobu ZTP zajist\u00ed spr\u00e1vce dot\u010den\u00e9 pozemn\u00ed komunikace, vodorovn\u00e9 dopravn\u00ed zna\u010den\u00ed zaji\u0161\u0165uje ten, pro n\u011bho\u017e bylo m\u00edsto vyhrazeno.<\/p>\n<h3>22. Dal\u0161\u00ed informace<\/h3>\n<p>a) <a href=\"https:\/\/www.praha14.cz\/app\/uploads\/sites\/2\/2014\/04\/Povoleni-ke-zvlastnimu-uzivani-komunikaci-26.pdf\" target=\"_blank\" rel=\"noopener\">Povolen\u00ed ke zvl\u00e1\u0161tn\u00edmu u\u017e\u00edv\u00e1n\u00ed komunikac\u00ed<\/a><br \/>\nb) <a href=\"https:\/\/www.praha14.cz\/app\/uploads\/sites\/2\/2014\/04\/Povoleni-ke-zvlastnimu-uzivani-komunikaci-poradani-akci-26.pdf\" target=\"_blank\" rel=\"noopener\">Povolen\u00ed ke zvl\u00e1\u0161tn\u00edmu u\u017e\u00edv\u00e1n\u00ed komunikac\u00ed \u2013 po\u0159\u00e1d\u00e1n\u00ed akc\u00ed<\/a><br \/>\nc) <a href=\"https:\/\/www.praha14.cz\/app\/uploads\/sites\/2\/2014\/04\/Povoleni-ke-zvlastnimu-uzivani-komunikaci-\u2013-parkovani-1.pdf\" target=\"_blank\" rel=\"noopener\">Povolen\u00ed ke zvl\u00e1\u0161tn\u00edmu u\u017e\u00edv\u00e1n\u00ed komunikac\u00ed \u2013 parkov\u00e1n\u00ed<\/a><\/p>\n<h3>23. Informace o popisovan\u00e9m postupu (o \u0159e\u0161en\u00ed \u017eivotn\u00ed situace) je mo\u017en\u00e9 z\u00edskat tak\u00e9 z jin\u00fdch zdroj\u016f a v jin\u00e9 form\u011b<\/h3>\n<p>Z\u00e1sady pro dopravn\u00ed zna\u010den\u00ed na pozemn\u00edch komunikac\u00edch, vydan\u00e9 Centrem dopravn\u00edho v\u00fdzkumu.<\/p>\n<h3>24. Souvisej\u00edc\u00ed \u017eivotn\u00ed situace a n\u00e1vody, jak je \u0159e\u0161it<\/h3>\n<p>\u017d\u00e1dn\u00e9.<\/p>\n<h3>25. Za spr\u00e1vnost n\u00e1vodu odpov\u00edd\u00e1 \u00fatvar<\/h3>\n<p>\u00da\u0159ad M\u010c Praha 14, odbor dopravy.<\/p>\n<h3>26. Kontaktn\u00ed osoba<\/h3>\n<p>Tel.: 281 005 321, 281 005 322, 281 005 323.<\/p>\n<h3>27. Popis je zpracov\u00e1n podle pr\u00e1vn\u00edho stavu ke dni<\/h3>\n<p>30. 12. 2025<\/p>\n<h3>28. Popis byl naposledy aktualizov\u00e1n<\/h3>\n<p>30. 12. 2025<\/p>\n<h3>29. Datum konce platnosti popisu<\/h3>\n<p>Bez omezen\u00ed.<\/p>\n<h3>30. P\u0159\u00edpadn\u00e1 up\u0159esn\u011bn\u00ed a pozn\u00e1mky k \u0159e\u0161en\u00ed \u017eivotn\u00ed situace<\/h3>\n<p>\u017d\u00e1dn\u00e9.<\/p>\n","protected":false},"featured_media":0,"template":"","class_list":["post-697","zivotni_situace","type-zivotni_situace","status-publish","hentry","zivotni_situace_kategorie-vse","zivotni_situace_kategorie-obcan","zivotni_situace_kategorie-doprava","zivotni_situace_odbor-odbor-dopravy"],"odbory":[{"term_id":12,"name":"Odbor dopravy","slug":"odbor-dopravy","term_group":0,"term_taxonomy_id":12,"taxonomy":"zivotni_situace_odbor","description":"","parent":0,"count":7,"filter":"raw","term_order":"4"}],"description":"","acf":[],"yoast_head":"<!-- This site is optimized with the Yoast SEO plugin v27.2 - https:\/\/yoast.com\/product\/yoast-seo-wordpress\/ -->\n<title>Stanoven\u00ed dopravn\u00edho zna\u010den\u00ed - \u00daM\u010c P14<\/title>\n<meta name=\"robots\" content=\"index, follow, max-snippet:-1, max-image-preview:large, max-video-preview:-1\" \/>\n<link rel=\"canonical\" href=\"https:\/\/www.praha14.cz\/urad-mestske-casti\/zivotni-situace\/stanoveni-dopravniho-znaceni\/\" \/>\n<meta property=\"og:locale\" content=\"cs_CZ\" \/>\n<meta property=\"og:type\" content=\"article\" \/>\n<meta property=\"og:title\" content=\"Stanoven\u00ed dopravn\u00edho zna\u010den\u00ed - \u00daM\u010c P14\" \/>\n<meta property=\"og:description\" content=\"Odbor dopravy 1. Identifika\u010dn\u00ed \u010d\u00edslo &#8212;&#8212;&#8212; 2. K\u00f3d &#8212;&#8212;&#8212; 3. Pojmenov\u00e1n\u00ed (n\u00e1zev) \u017eivotn\u00ed situace Stanoven\u00ed dopravn\u00edho zna\u010den\u00ed 4. Z\u00e1kladn\u00ed informace k \u017eivotn\u00ed situaci Stanoven\u00ed dopravn\u00edho zna\u010den\u00ed je pojem vypl\u00fdvaj\u00edc\u00ed ze z\u00e1kona \u010d. 361\/2000 Sb., o provozu na pozemn\u00edch komunikac\u00edch a o zm\u011bn\u00e1ch n\u011bkter\u00fdch z\u00e1kon\u016f (z\u00e1kon o silni\u010dn\u00edm provozu), ve zn\u011bn\u00ed pozd\u011bj\u0161\u00edch p\u0159edpis\u016f. T\u00edmto pojmem je...\" \/>\n<meta property=\"og:url\" content=\"https:\/\/www.praha14.cz\/urad-mestske-casti\/zivotni-situace\/stanoveni-dopravniho-znaceni\/\" \/>\n<meta property=\"og:site_name\" content=\"\u00daM\u010c P14\" \/>\n<meta property=\"article:modified_time\" content=\"2026-02-05T06:41:00+00:00\" \/>\n<meta name=\"twitter:card\" content=\"summary_large_image\" \/>\n<meta name=\"twitter:label1\" content=\"Est. reading time\" \/>\n\t<meta name=\"twitter:data1\" content=\"5 minut\" \/>\n<script type=\"application\/ld+json\" class=\"yoast-schema-graph\">{\"@context\":\"https:\/\/schema.org\",\"@graph\":[{\"@type\":\"WebPage\",\"@id\":\"https:\/\/www.praha14.cz\/urad-mestske-casti\/zivotni-situace\/stanoveni-dopravniho-znaceni\/\",\"url\":\"https:\/\/www.praha14.cz\/urad-mestske-casti\/zivotni-situace\/stanoveni-dopravniho-znaceni\/\",\"name\":\"Stanoven\u00ed dopravn\u00edho zna\u010den\u00ed - \u00daM\u010c P14\",\"isPartOf\":{\"@id\":\"https:\/\/www.praha14.cz\/urad-mestske-casti\/#website\"},\"datePublished\":\"2014-04-25T14:19:32+00:00\",\"dateModified\":\"2026-02-05T06:41:00+00:00\",\"breadcrumb\":{\"@id\":\"https:\/\/www.praha14.cz\/urad-mestske-casti\/zivotni-situace\/stanoveni-dopravniho-znaceni\/#breadcrumb\"},\"inLanguage\":\"cs\",\"potentialAction\":[{\"@type\":\"ReadAction\",\"target\":[\"https:\/\/www.praha14.cz\/urad-mestske-casti\/zivotni-situace\/stanoveni-dopravniho-znaceni\/\"]}]},{\"@type\":\"BreadcrumbList\",\"@id\":\"https:\/\/www.praha14.cz\/urad-mestske-casti\/zivotni-situace\/stanoveni-dopravniho-znaceni\/#breadcrumb\",\"itemListElement\":[{\"@type\":\"ListItem\",\"position\":1,\"name\":\"\u00da\u0159ad m\u011bstsk\u00e9 \u010d\u00e1sti Praha 14\",\"item\":\"https:\/\/www.praha14.cz\/urad-mestske-casti\/\"},{\"@type\":\"ListItem\",\"position\":2,\"name\":\"\u017divotn\u00ed situace\",\"item\":\"https:\/\/www.praha14.cz\/urad-mestske-casti\/zivotni-situace\/\"},{\"@type\":\"ListItem\",\"position\":3,\"name\":\"Stanoven\u00ed dopravn\u00edho zna\u010den\u00ed\"}]},{\"@type\":\"WebSite\",\"@id\":\"https:\/\/www.praha14.cz\/urad-mestske-casti\/#website\",\"url\":\"https:\/\/www.praha14.cz\/urad-mestske-casti\/\",\"name\":\"\u00daM\u010c P14\",\"description\":\"Ofici\u00e1ln\u00ed str\u00e1nky m\u011bstsk\u00e9 \u010d\u00e1sti Praha 14\",\"potentialAction\":[{\"@type\":\"SearchAction\",\"target\":{\"@type\":\"EntryPoint\",\"urlTemplate\":\"https:\/\/www.praha14.cz\/urad-mestske-casti\/?s={search_term_string}\"},\"query-input\":{\"@type\":\"PropertyValueSpecification\",\"valueRequired\":true,\"valueName\":\"search_term_string\"}}],\"inLanguage\":\"cs\"}]}<\/script>\n<!-- \/ Yoast SEO plugin. -->","yoast_head_json":{"title":"Stanoven\u00ed dopravn\u00edho zna\u010den\u00ed - \u00daM\u010c P14","robots":{"index":"index","follow":"follow","max-snippet":"max-snippet:-1","max-image-preview":"max-image-preview:large","max-video-preview":"max-video-preview:-1"},"canonical":"https:\/\/www.praha14.cz\/urad-mestske-casti\/zivotni-situace\/stanoveni-dopravniho-znaceni\/","og_locale":"cs_CZ","og_type":"article","og_title":"Stanoven\u00ed dopravn\u00edho zna\u010den\u00ed - \u00daM\u010c P14","og_description":"Odbor dopravy 1. Identifika\u010dn\u00ed \u010d\u00edslo &#8212;&#8212;&#8212; 2. K\u00f3d &#8212;&#8212;&#8212; 3. Pojmenov\u00e1n\u00ed (n\u00e1zev) \u017eivotn\u00ed situace Stanoven\u00ed dopravn\u00edho zna\u010den\u00ed 4. Z\u00e1kladn\u00ed informace k \u017eivotn\u00ed situaci Stanoven\u00ed dopravn\u00edho zna\u010den\u00ed je pojem vypl\u00fdvaj\u00edc\u00ed ze z\u00e1kona \u010d. 361\/2000 Sb., o provozu na pozemn\u00edch komunikac\u00edch a o zm\u011bn\u00e1ch n\u011bkter\u00fdch z\u00e1kon\u016f (z\u00e1kon o silni\u010dn\u00edm provozu), ve zn\u011bn\u00ed pozd\u011bj\u0161\u00edch p\u0159edpis\u016f. T\u00edmto pojmem je...","og_url":"https:\/\/www.praha14.cz\/urad-mestske-casti\/zivotni-situace\/stanoveni-dopravniho-znaceni\/","og_site_name":"\u00daM\u010c P14","article_modified_time":"2026-02-05T06:41:00+00:00","twitter_card":"summary_large_image","twitter_misc":{"Est. reading time":"5 minut"},"schema":{"@context":"https:\/\/schema.org","@graph":[{"@type":"WebPage","@id":"https:\/\/www.praha14.cz\/urad-mestske-casti\/zivotni-situace\/stanoveni-dopravniho-znaceni\/","url":"https:\/\/www.praha14.cz\/urad-mestske-casti\/zivotni-situace\/stanoveni-dopravniho-znaceni\/","name":"Stanoven\u00ed dopravn\u00edho zna\u010den\u00ed - \u00daM\u010c P14","isPartOf":{"@id":"https:\/\/www.praha14.cz\/urad-mestske-casti\/#website"},"datePublished":"2014-04-25T14:19:32+00:00","dateModified":"2026-02-05T06:41:00+00:00","breadcrumb":{"@id":"https:\/\/www.praha14.cz\/urad-mestske-casti\/zivotni-situace\/stanoveni-dopravniho-znaceni\/#breadcrumb"},"inLanguage":"cs","potentialAction":[{"@type":"ReadAction","target":["https:\/\/www.praha14.cz\/urad-mestske-casti\/zivotni-situace\/stanoveni-dopravniho-znaceni\/"]}]},{"@type":"BreadcrumbList","@id":"https:\/\/www.praha14.cz\/urad-mestske-casti\/zivotni-situace\/stanoveni-dopravniho-znaceni\/#breadcrumb","itemListElement":[{"@type":"ListItem","position":1,"name":"\u00da\u0159ad m\u011bstsk\u00e9 \u010d\u00e1sti Praha 14","item":"https:\/\/www.praha14.cz\/urad-mestske-casti\/"},{"@type":"ListItem","position":2,"name":"\u017divotn\u00ed situace","item":"https:\/\/www.praha14.cz\/urad-mestske-casti\/zivotni-situace\/"},{"@type":"ListItem","position":3,"name":"Stanoven\u00ed dopravn\u00edho zna\u010den\u00ed"}]},{"@type":"WebSite","@id":"https:\/\/www.praha14.cz\/urad-mestske-casti\/#website","url":"https:\/\/www.praha14.cz\/urad-mestske-casti\/","name":"\u00daM\u010c P14","description":"Ofici\u00e1ln\u00ed str\u00e1nky m\u011bstsk\u00e9 \u010d\u00e1sti Praha 14","potentialAction":[{"@type":"SearchAction","target":{"@type":"EntryPoint","urlTemplate":"https:\/\/www.praha14.cz\/urad-mestske-casti\/?s={search_term_string}"},"query-input":{"@type":"PropertyValueSpecification","valueRequired":true,"valueName":"search_term_string"}}],"inLanguage":"cs"}]}},"_links":{"self":[{"href":"https:\/\/www.praha14.cz\/urad-mestske-casti\/wp-json\/wp\/v2\/zivotni_situace\/697","targetHints":{"allow":["GET"]}}],"collection":[{"href":"https:\/\/www.praha14.cz\/urad-mestske-casti\/wp-json\/wp\/v2\/zivotni_situace"}],"about":[{"href":"https:\/\/www.praha14.cz\/urad-mestske-casti\/wp-json\/wp\/v2\/types\/zivotni_situace"}],"version-history":[{"count":13,"href":"https:\/\/www.praha14.cz\/urad-mestske-casti\/wp-json\/wp\/v2\/zivotni_situace\/697\/revisions"}],"predecessor-version":[{"id":54558,"href":"https:\/\/www.praha14.cz\/urad-mestske-casti\/wp-json\/wp\/v2\/zivotni_situace\/697\/revisions\/54558"}],"wp:attachment":[{"href":"https:\/\/www.praha14.cz\/urad-mestske-casti\/wp-json\/wp\/v2\/media?parent=697"}],"curies":[{"name":"wp","href":"https:\/\/api.w.org\/{rel}","templated":true}]}}