{"version":"1.0","provider_name":"\u017divot na Praze 14","provider_url":"https:\/\/www.praha14.cz\/zivot-na-praze-14","author_name":"Praha 14 je kulturn\u00ed","author_url":"https:\/\/www.praha14.cz\/zivot-na-praze-14\/author\/praha14kulturni\/","title":"Poh\u00e1dka: Komin\u00ed\u010dek a \u0161t\u011bst\u00ed - \u017divot na Praze 14","type":"rich","width":600,"height":338,"html":"<blockquote class=\"wp-embedded-content\" data-secret=\"8TSAtW5Mvl\"><a href=\"https:\/\/www.praha14.cz\/zivot-na-praze-14\/akce\/pohadka-kominicek-a-stesti\/\">Poh\u00e1dka: Komin\u00ed\u010dek a \u0161t\u011bst\u00ed<\/a><\/blockquote><iframe sandbox=\"allow-scripts\" security=\"restricted\" src=\"https:\/\/www.praha14.cz\/zivot-na-praze-14\/akce\/pohadka-kominicek-a-stesti\/embed\/#?secret=8TSAtW5Mvl\" width=\"600\" height=\"338\" title=\"&#8222;Poh\u00e1dka: Komin\u00ed\u010dek a \u0161t\u011bst\u00ed&#8220; &#8212; \u017divot na Praze 14\" data-secret=\"8TSAtW5Mvl\" frameborder=\"0\" marginwidth=\"0\" marginheight=\"0\" scrolling=\"no\" class=\"wp-embedded-content\"><\/iframe><script type=\"text\/javascript\">\n\/* <![CDATA[ *\/\n\/*! This file is auto-generated *\/\n!function(d,l){\"use strict\";l.querySelector&&d.addEventListener&&\"undefined\"!=typeof URL&&(d.wp=d.wp||{},d.wp.receiveEmbedMessage||(d.wp.receiveEmbedMessage=function(e){var t=e.data;if((t||t.secret||t.message||t.value)&&!\/[^a-zA-Z0-9]\/.test(t.secret)){for(var s,r,n,a=l.querySelectorAll('iframe[data-secret=\"'+t.secret+'\"]'),o=l.querySelectorAll('blockquote[data-secret=\"'+t.secret+'\"]'),c=new RegExp(\"^https?:$\",\"i\"),i=0;i<o.length;i++)o[i].style.display=\"none\";for(i=0;i<a.length;i++)s=a[i],e.source===s.contentWindow&&(s.removeAttribute(\"style\"),\"height\"===t.message?(1e3<(r=parseInt(t.value,10))?r=1e3:~~r<200&&(r=200),s.height=r):\"link\"===t.message&&(r=new URL(s.getAttribute(\"src\")),n=new URL(t.value),c.test(n.protocol))&&n.host===r.host&&l.activeElement===s&&(d.top.location.href=t.value))}},d.addEventListener(\"message\",d.wp.receiveEmbedMessage,!1),l.addEventListener(\"DOMContentLoaded\",function(){for(var e,t,s=l.querySelectorAll(\"iframe.wp-embedded-content\"),r=0;r<s.length;r++)(t=(e=s[r]).getAttribute(\"data-secret\"))||(t=Math.random().toString(36).substring(2,12),e.src+=\"#?secret=\"+t,e.setAttribute(\"data-secret\",t)),e.contentWindow.postMessage({message:\"ready\",secret:t},\"*\")},!1)))}(window,document);\n\/\/# sourceURL=https:\/\/www.praha14.cz\/zivot-na-praze-14\/wp-includes\/js\/wp-embed.min.js\n\/* ]]> *\/\n<\/script>\n","description":"Co kdy\u017e se n\u00e1\u0161 komin\u00ed\u010dek jednoho dne ne\u010dekan\u011b dostane do bran sv\u011bta fantazie p\u0159i vymet\u00e1n\u00ed kom\u00edn\u016f? Pr\u00e1v\u011b p\u0159i t\u00e9to oby\u010dejn\u00e9 pr\u00e1ci naraz\u00ed na kouzelnou sazi\u010dku, kter\u00e1 ho vt\u00e1hne do neuv\u011b\u0159iteln\u00e9ho dobrodru\u017estv\u00ed, kde se prom\u011bn\u00ed v kouzeln\u00edka, klauna i sult\u00e1na. Ale co z toho vypl\u00fdv\u00e1? Kam ho toto dobrodru\u017estv\u00ed nakonec zavede? Vstupn\u00e9: 80 K\u010d"}