{"id":1205,"date":"2014-04-30T11:48:33","date_gmt":"2014-04-30T10:48:33","guid":{"rendered":"https:\/\/www.praha14.cz\/zivot-na-praze-14\/?page_id=1205"},"modified":"2023-09-05T10:41:00","modified_gmt":"2023-09-05T10:41:00","slug":"uvod-o-praze-14","status":"publish","type":"page","link":"https:\/\/www.praha14.cz\/zivot-na-praze-14\/uvod-o-praze-14\/uvod-o-praze-14\/","title":{"rendered":"\u00davod o Praze 14"},"content":{"rendered":"<section class=\"p14-panel-group\"><div id=\"panel_group_1\" class=\"panel-group\"><article class=\"panel panel-default\">\n\t\t\t<div class=\"panel-heading\">\n\t\t\t\t<h1 class=\"panel-title\">\n\t\t\t\t\t<a data-toggle=\"collapse\" data-parent=\"#panel_group_1\" href=\"#panel_1_1\" class=\"collapsed\">\n\t\t\t\t\t\t\u00davod o Praze 14\n\t\t\t\t\t<\/a>\n\t\t\t\t<\/h1>\n\t\t\t<\/div>\n\t\t\t<div id=\"panel_1_1\" class=\"panel-collapse collapse\">\n\t\t\t\t<div class=\"panel-body\">\n\t\t\t\t\t<\/p>\n<p data-wp-editing=\"1\"><a href=\"https:\/\/www.praha14.cz\/app\/uploads\/sites\/4\/2020\/04\/Praha14kulturni-lety-8.jpg\" target=\"_blank\" rel=\"noopener\" data-rel=\"lightbox-image-0\" data-rl_title=\"\" data-rl_caption=\"\" title=\"\"><img loading=\"lazy\" decoding=\"async\" class=\"alignleft wp-image-54580\" src=\"https:\/\/www.praha14.cz\/app\/uploads\/sites\/4\/2020\/04\/Praha14kulturni-lety-8.jpg\" alt=\"\" width=\"150\" height=\"100\" srcset=\"https:\/\/www.praha14.cz\/app\/uploads\/sites\/4\/2020\/04\/Praha14kulturni-lety-8.jpg 1500w, https:\/\/www.praha14.cz\/app\/uploads\/sites\/4\/2020\/04\/Praha14kulturni-lety-8-370x247.jpg 370w, https:\/\/www.praha14.cz\/app\/uploads\/sites\/4\/2020\/04\/Praha14kulturni-lety-8-1024x683.jpg 1024w, https:\/\/www.praha14.cz\/app\/uploads\/sites\/4\/2020\/04\/Praha14kulturni-lety-8-768x512.jpg 768w\" sizes=\"(max-width: 150px) 100vw, 150px\" \/><\/a><br \/>\nPraha 14 je jednou z 57 m\u011bstsk\u00fdch \u010d\u00e1st\u00ed hlavn\u00edho m\u011bsta Prahy. Nach\u00e1z\u00ed se na severov\u00fdchodn\u00edm okraji Prahy na \u00fazem\u00ed, kter\u00e9 zahrnuje p\u016fvodn\u00ed historick\u00e9 obce Kyje, Hloub\u011bt\u00edn a Hostavice a v ned\u00e1vn\u00e9 dob\u011b vznikl\u00e1 s\u00eddli\u0161t\u011b \u010cern\u00fd Most I a II. Spr\u00e1vn\u00ed obvod Praha 14 zahrnuje tak\u00e9 M\u010c Doln\u00ed Po\u010dernice.<\/p>\n<p>&nbsp;<\/p>\n<p>\n\t\t\t\t<\/div>\n\t\t\t<\/div>\n\t\t<\/article><article class=\"panel panel-default\">\n\t\t\t<div class=\"panel-heading\">\n\t\t\t\t<h1 class=\"panel-title\">\n\t\t\t\t\t<a data-toggle=\"collapse\" data-parent=\"#panel_group_1\" href=\"#panel_1_2\" class=\"collapsed\">\n\t\t\t\t\t\tPo\u010det obyvatel Prahy 14\n\t\t\t\t\t<\/a>\n\t\t\t\t<\/h1>\n\t\t\t<\/div>\n\t\t\t<div id=\"panel_1_2\" class=\"panel-collapse collapse\">\n\t\t\t\t<div class=\"panel-body\">\n\t\t\t\t\t<\/p>\n<p><a href=\"https:\/\/www.praha14.cz\/app\/uploads\/sites\/4\/2023\/02\/66801647_2398775733543406_8443168764857417728_n.jpg\" target=\"_blank\" rel=\"noopener\" data-rel=\"lightbox-image-1\" data-rl_title=\"\" data-rl_caption=\"\" title=\"\"><img loading=\"lazy\" decoding=\"async\" class=\"alignleft wp-image-66158\" src=\"https:\/\/www.praha14.cz\/app\/uploads\/sites\/4\/2023\/02\/66801647_2398775733543406_8443168764857417728_n.jpg\" alt=\"\" width=\"150\" height=\"100\" srcset=\"https:\/\/www.praha14.cz\/app\/uploads\/sites\/4\/2023\/02\/66801647_2398775733543406_8443168764857417728_n.jpg 2048w, https:\/\/www.praha14.cz\/app\/uploads\/sites\/4\/2023\/02\/66801647_2398775733543406_8443168764857417728_n-370x247.jpg 370w, https:\/\/www.praha14.cz\/app\/uploads\/sites\/4\/2023\/02\/66801647_2398775733543406_8443168764857417728_n-1024x683.jpg 1024w, https:\/\/www.praha14.cz\/app\/uploads\/sites\/4\/2023\/02\/66801647_2398775733543406_8443168764857417728_n-768x512.jpg 768w, https:\/\/www.praha14.cz\/app\/uploads\/sites\/4\/2023\/02\/66801647_2398775733543406_8443168764857417728_n-1536x1024.jpg 1536w\" sizes=\"(max-width: 150px) 100vw, 150px\" \/><\/a><\/p>\n<p>M\u011bstsk\u00e1 \u010d\u00e1st Praha 14 m\u00e1 podle \u00fadaj\u016f Ministerstva vnitra \u010cR ze dne 1. 1. 2023\u00a0<strong>53 587 obyvatel<\/strong>\u00a0(z toho 14 080 jsou cizinci s\u00a0p\u0159echodn\u00fdm a trval\u00fdm pobytem).<\/p>\n<p>&nbsp;<\/p>\n<p>&nbsp;<\/p>\n<p>\n\t\t\t\t<\/div>\n\t\t\t<\/div>\n\t\t<\/article><article class=\"panel panel-default\">\n\t\t\t<div class=\"panel-heading\">\n\t\t\t\t<h1 class=\"panel-title\">\n\t\t\t\t\t<a data-toggle=\"collapse\" data-parent=\"#panel_group_1\" href=\"#panel_1_3\" class=\"collapsed\">\n\t\t\t\t\t\t\u010cern\u00fd Most\n\t\t\t\t\t<\/a>\n\t\t\t\t<\/h1>\n\t\t\t<\/div>\n\t\t\t<div id=\"panel_1_3\" class=\"panel-collapse collapse\">\n\t\t\t\t<div class=\"panel-body\">\n\t\t\t\t\t<\/p>\n<p>\u010cern\u00fd Most se skl\u00e1d\u00e1 v\u00fdhradn\u011b z panelov\u00fdch s\u00eddli\u0161\u0165. \u010cern\u00fd Most I s p\u0159ibli\u017en\u011b 1780 byty byl dokon\u010den v roce 1980. Od roku 1985 se postupn\u011b stav\u00ed jednotliv\u00e9 stavby \u010cern\u00e9ho Mostu II, kde bude po dokon\u010den\u00ed 5. stavby celkem asi 7270 byt\u016f. Nyn\u00ed ji\u017e bytov\u00e1 z\u00e1stavba spolu s n\u00e1kupn\u00edm a z\u00e1bavn\u00edm Centrem \u010cern\u00fd Most a nov\u011b vznikl\u00fdm OD IKEA postupn\u011b vypl\u0148uj\u00ed cel\u00fd prostor mezi Kyjemi na z\u00e1pad\u011b a Horn\u00edmi Po\u010dernicemi na v\u00fdchod\u011b.<br \/>\nVe dvou panelov\u00fdch domech na \u010cern\u00e9m Most\u011b I se nach\u00e1z\u00ed radnice Prahy 14.<\/p>\n<p>\n\t\t\t\t<\/div>\n\t\t\t<\/div>\n\t\t<\/article><article class=\"panel panel-default\">\n\t\t\t<div class=\"panel-heading\">\n\t\t\t\t<h1 class=\"panel-title\">\n\t\t\t\t\t<a data-toggle=\"collapse\" data-parent=\"#panel_group_1\" href=\"#panel_1_4\" class=\"collapsed\">\n\t\t\t\t\t\tHloub\u011bt\u00edn\n\t\t\t\t\t<\/a>\n\t\t\t\t<\/h1>\n\t\t\t<\/div>\n\t\t\t<div id=\"panel_1_4\" class=\"panel-collapse collapse\">\n\t\t\t\t<div class=\"panel-body\">\n\t\t\t\t\t<\/p>\n<p>Obec Hloub\u011bt\u00edn se stala sou\u010d\u00e1st\u00ed Prahy v roce 1922. Praha 14 spravuje asi 2\/3 katastr\u00e1ln\u00edho \u00fazem\u00ed Hloub\u011bt\u00edna s \u010d\u00e1stmi Nov\u00fd a Star\u00fd Hloub\u011bt\u00edn, Za horou, s\u00eddli\u0161t\u011b Lehovec a s\u00eddli\u0161t\u011b Hloub\u011bt\u00edn.<br \/>\nJedna z nejstar\u0161\u00edch zm\u00ednek o Hloub\u011bt\u00ednu se datuje a\u017e do roku 1257.<\/p>\n<p>\n\t\t\t\t<\/div>\n\t\t\t<\/div>\n\t\t<\/article><article class=\"panel panel-default\">\n\t\t\t<div class=\"panel-heading\">\n\t\t\t\t<h1 class=\"panel-title\">\n\t\t\t\t\t<a data-toggle=\"collapse\" data-parent=\"#panel_group_1\" href=\"#panel_1_5\" class=\"collapsed\">\n\t\t\t\t\t\tKyje\n\t\t\t\t\t<\/a>\n\t\t\t\t<\/h1>\n\t\t\t<\/div>\n\t\t\t<div id=\"panel_1_5\" class=\"panel-collapse collapse\">\n\t\t\t\t<div class=\"panel-body\">\n\t\t\t\t\t<\/p>\n<p>Obec Kyje byla p\u0159ipojena k Praze v roce 1968. A\u017e na v\u00fdjimky tvo\u0159\u00ed z\u00e1stavbu Kyj\u00ed rodinn\u00e9 domky ve \u010dtvrt\u00edch Hut\u011b a Rajsk\u00e1 zahrada severn\u011b od Chlumeck\u00e9 ulice a Lehovec, Nad rybn\u00edkem, Aloisov, Star\u00e9 Kyje a Jir\u00e1skova \u010dtvr\u0165 ve st\u0159edn\u00ed a ji\u017en\u00ed \u010d\u00e1sti katastru. Ke Kyj\u00edm katastr\u00e1ln\u011b pat\u0159\u00ed i v\u00fdrobn\u00ed are\u00e1ly Laktos a Coca-Cola a odlehl\u00e9 s\u00eddli\u0161t\u011b Jahodnice.<br \/>\nV Kyj\u00edch se nach\u00e1z\u00ed nejstar\u0161\u00ed stavba cel\u00e9 Prahy 14 &#8211; rom\u00e1nsk\u00fd kostel sv. Bartolom\u011bje, kter\u00fd se stal erbovn\u00ed stavbou M\u011bstsk\u00e9 \u010d\u00e1sti Praha 14.<\/p>\n<p>\n\t\t\t\t<\/div>\n\t\t\t<\/div>\n\t\t<\/article><article class=\"panel panel-default\">\n\t\t\t<div class=\"panel-heading\">\n\t\t\t\t<h1 class=\"panel-title\">\n\t\t\t\t\t<a data-toggle=\"collapse\" data-parent=\"#panel_group_1\" href=\"#panel_1_6\" class=\"collapsed\">\n\t\t\t\t\t\tHostavice\n\t\t\t\t\t<\/a>\n\t\t\t\t<\/h1>\n\t\t\t<\/div>\n\t\t\t<div id=\"panel_1_6\" class=\"panel-collapse collapse\">\n\t\t\t\t<div class=\"panel-body\">\n\t\t\t\t\t<\/p>\n<p>Do katastru Hostavice pat\u0159\u00ed p\u016fvodn\u00ed obec Hostavice a jej\u00ed \u010dtvr\u0165 Jahodnice, kter\u00e1 vznikla po roce 1925 jako vilov\u00e1 osada legion\u00e1\u0159\u016f z 1. sv\u011btov\u00e9 v\u00e1lky ji\u017en\u011b od tehdej\u0161\u00ed v\u00edde\u0148sk\u00e9 silnice (\u010ceskobrodsk\u00e1). P\u0159evl\u00e1daj\u00ed zde rodinn\u00e9 domy. S\u00eddli\u0161t\u011b Jahodnice, postaven\u00e9 p\u0159i z\u00e1padn\u00edm kraji star\u00e9 Jahodnice, ji\u017e pat\u0159\u00ed do katastru Kyje.<br \/>\nHostavice byly p\u0159ipojeny k Praze v roce 1968.<\/p>\n<p>\n\t\t\t\t<\/div>\n\t\t\t<\/div>\n\t\t<\/article><\/div><\/section>\n","protected":false},"excerpt":{"rendered":"","protected":false},"author":1,"featured_media":0,"parent":64,"menu_order":0,"comment_status":"closed","ping_status":"open","template":"","meta":{"_acf_changed":false,"footnotes":""},"class_list":["post-1205","page","type-page","status-publish","hentry"],"acf":[],"yoast_head":"<!-- This site is optimized with the Yoast SEO plugin v27.2 - https:\/\/yoast.com\/product\/yoast-seo-wordpress\/ -->\n<title>\u00davod o Praze 14 - \u017divot na Praze 14<\/title>\n<meta name=\"robots\" content=\"index, follow, max-snippet:-1, max-image-preview:large, max-video-preview:-1\" \/>\n<link rel=\"canonical\" href=\"https:\/\/www.praha14.cz\/zivot-na-praze-14\/uvod-o-praze-14\/uvod-o-praze-14\/\" \/>\n<meta property=\"og:locale\" content=\"cs_CZ\" \/>\n<meta property=\"og:type\" content=\"article\" \/>\n<meta property=\"og:title\" content=\"\u00davod o Praze 14 - \u017divot na Praze 14\" \/>\n<meta property=\"og:url\" content=\"https:\/\/www.praha14.cz\/zivot-na-praze-14\/uvod-o-praze-14\/uvod-o-praze-14\/\" \/>\n<meta property=\"og:site_name\" content=\"\u017divot na Praze 14\" \/>\n<meta property=\"article:modified_time\" content=\"2023-09-05T10:41:00+00:00\" \/>\n<meta property=\"og:image\" content=\"https:\/\/www.praha14.cz\/app\/uploads\/sites\/4\/2020\/04\/Praha14kulturni-lety-8.jpg\" \/>\n<meta name=\"twitter:card\" content=\"summary_large_image\" \/>\n<meta name=\"twitter:label1\" content=\"Est. reading time\" \/>\n\t<meta name=\"twitter:data1\" content=\"3 minuty\" \/>\n<script type=\"application\/ld+json\" class=\"yoast-schema-graph\">{\"@context\":\"https:\/\/schema.org\",\"@graph\":[{\"@type\":\"WebPage\",\"@id\":\"https:\/\/www.praha14.cz\/zivot-na-praze-14\/uvod-o-praze-14\/uvod-o-praze-14\/\",\"url\":\"https:\/\/www.praha14.cz\/zivot-na-praze-14\/uvod-o-praze-14\/uvod-o-praze-14\/\",\"name\":\"\u00davod o Praze 14 - \u017divot na Praze 14\",\"isPartOf\":{\"@id\":\"https:\/\/www.praha14.cz\/zivot-na-praze-14\/#website\"},\"primaryImageOfPage\":{\"@id\":\"https:\/\/www.praha14.cz\/zivot-na-praze-14\/uvod-o-praze-14\/uvod-o-praze-14\/#primaryimage\"},\"image\":{\"@id\":\"https:\/\/www.praha14.cz\/zivot-na-praze-14\/uvod-o-praze-14\/uvod-o-praze-14\/#primaryimage\"},\"thumbnailUrl\":\"https:\/\/www.praha14.cz\/app\/uploads\/sites\/4\/2020\/04\/Praha14kulturni-lety-8.jpg\",\"datePublished\":\"2014-04-30T10:48:33+00:00\",\"dateModified\":\"2023-09-05T10:41:00+00:00\",\"breadcrumb\":{\"@id\":\"https:\/\/www.praha14.cz\/zivot-na-praze-14\/uvod-o-praze-14\/uvod-o-praze-14\/#breadcrumb\"},\"inLanguage\":\"cs\",\"potentialAction\":[{\"@type\":\"ReadAction\",\"target\":[\"https:\/\/www.praha14.cz\/zivot-na-praze-14\/uvod-o-praze-14\/uvod-o-praze-14\/\"]}]},{\"@type\":\"ImageObject\",\"inLanguage\":\"cs\",\"@id\":\"https:\/\/www.praha14.cz\/zivot-na-praze-14\/uvod-o-praze-14\/uvod-o-praze-14\/#primaryimage\",\"url\":\"https:\/\/www.praha14.cz\/app\/uploads\/sites\/4\/2020\/04\/Praha14kulturni-lety-8.jpg\",\"contentUrl\":\"https:\/\/www.praha14.cz\/app\/uploads\/sites\/4\/2020\/04\/Praha14kulturni-lety-8.jpg\"},{\"@type\":\"BreadcrumbList\",\"@id\":\"https:\/\/www.praha14.cz\/zivot-na-praze-14\/uvod-o-praze-14\/uvod-o-praze-14\/#breadcrumb\",\"itemListElement\":[{\"@type\":\"ListItem\",\"position\":1,\"name\":\"\u017divot na Praze 14\",\"item\":\"https:\/\/www.praha14.cz\/zivot-na-praze-14\/\"},{\"@type\":\"ListItem\",\"position\":2,\"name\":\"O Praze 14\",\"item\":\"https:\/\/www.praha14.cz\/zivot-na-praze-14\/uvod-o-praze-14\/\"},{\"@type\":\"ListItem\",\"position\":3,\"name\":\"\u00davod o Praze 14\"}]},{\"@type\":\"WebSite\",\"@id\":\"https:\/\/www.praha14.cz\/zivot-na-praze-14\/#website\",\"url\":\"https:\/\/www.praha14.cz\/zivot-na-praze-14\/\",\"name\":\"\u017divot na Praze 14\",\"description\":\"\",\"potentialAction\":[{\"@type\":\"SearchAction\",\"target\":{\"@type\":\"EntryPoint\",\"urlTemplate\":\"https:\/\/www.praha14.cz\/zivot-na-praze-14\/?s={search_term_string}\"},\"query-input\":{\"@type\":\"PropertyValueSpecification\",\"valueRequired\":true,\"valueName\":\"search_term_string\"}}],\"inLanguage\":\"cs\"}]}<\/script>\n<!-- \/ Yoast SEO plugin. -->","yoast_head_json":{"title":"\u00davod o Praze 14 - \u017divot na Praze 14","robots":{"index":"index","follow":"follow","max-snippet":"max-snippet:-1","max-image-preview":"max-image-preview:large","max-video-preview":"max-video-preview:-1"},"canonical":"https:\/\/www.praha14.cz\/zivot-na-praze-14\/uvod-o-praze-14\/uvod-o-praze-14\/","og_locale":"cs_CZ","og_type":"article","og_title":"\u00davod o Praze 14 - \u017divot na Praze 14","og_url":"https:\/\/www.praha14.cz\/zivot-na-praze-14\/uvod-o-praze-14\/uvod-o-praze-14\/","og_site_name":"\u017divot na Praze 14","article_modified_time":"2023-09-05T10:41:00+00:00","og_image":[{"url":"https:\/\/www.praha14.cz\/app\/uploads\/sites\/4\/2020\/04\/Praha14kulturni-lety-8.jpg","type":"","width":"","height":""}],"twitter_card":"summary_large_image","twitter_misc":{"Est. reading time":"3 minuty"},"schema":{"@context":"https:\/\/schema.org","@graph":[{"@type":"WebPage","@id":"https:\/\/www.praha14.cz\/zivot-na-praze-14\/uvod-o-praze-14\/uvod-o-praze-14\/","url":"https:\/\/www.praha14.cz\/zivot-na-praze-14\/uvod-o-praze-14\/uvod-o-praze-14\/","name":"\u00davod o Praze 14 - \u017divot na Praze 14","isPartOf":{"@id":"https:\/\/www.praha14.cz\/zivot-na-praze-14\/#website"},"primaryImageOfPage":{"@id":"https:\/\/www.praha14.cz\/zivot-na-praze-14\/uvod-o-praze-14\/uvod-o-praze-14\/#primaryimage"},"image":{"@id":"https:\/\/www.praha14.cz\/zivot-na-praze-14\/uvod-o-praze-14\/uvod-o-praze-14\/#primaryimage"},"thumbnailUrl":"https:\/\/www.praha14.cz\/app\/uploads\/sites\/4\/2020\/04\/Praha14kulturni-lety-8.jpg","datePublished":"2014-04-30T10:48:33+00:00","dateModified":"2023-09-05T10:41:00+00:00","breadcrumb":{"@id":"https:\/\/www.praha14.cz\/zivot-na-praze-14\/uvod-o-praze-14\/uvod-o-praze-14\/#breadcrumb"},"inLanguage":"cs","potentialAction":[{"@type":"ReadAction","target":["https:\/\/www.praha14.cz\/zivot-na-praze-14\/uvod-o-praze-14\/uvod-o-praze-14\/"]}]},{"@type":"ImageObject","inLanguage":"cs","@id":"https:\/\/www.praha14.cz\/zivot-na-praze-14\/uvod-o-praze-14\/uvod-o-praze-14\/#primaryimage","url":"https:\/\/www.praha14.cz\/app\/uploads\/sites\/4\/2020\/04\/Praha14kulturni-lety-8.jpg","contentUrl":"https:\/\/www.praha14.cz\/app\/uploads\/sites\/4\/2020\/04\/Praha14kulturni-lety-8.jpg"},{"@type":"BreadcrumbList","@id":"https:\/\/www.praha14.cz\/zivot-na-praze-14\/uvod-o-praze-14\/uvod-o-praze-14\/#breadcrumb","itemListElement":[{"@type":"ListItem","position":1,"name":"\u017divot na Praze 14","item":"https:\/\/www.praha14.cz\/zivot-na-praze-14\/"},{"@type":"ListItem","position":2,"name":"O Praze 14","item":"https:\/\/www.praha14.cz\/zivot-na-praze-14\/uvod-o-praze-14\/"},{"@type":"ListItem","position":3,"name":"\u00davod o Praze 14"}]},{"@type":"WebSite","@id":"https:\/\/www.praha14.cz\/zivot-na-praze-14\/#website","url":"https:\/\/www.praha14.cz\/zivot-na-praze-14\/","name":"\u017divot na Praze 14","description":"","potentialAction":[{"@type":"SearchAction","target":{"@type":"EntryPoint","urlTemplate":"https:\/\/www.praha14.cz\/zivot-na-praze-14\/?s={search_term_string}"},"query-input":{"@type":"PropertyValueSpecification","valueRequired":true,"valueName":"search_term_string"}}],"inLanguage":"cs"}]}},"_links":{"self":[{"href":"https:\/\/www.praha14.cz\/zivot-na-praze-14\/wp-json\/wp\/v2\/pages\/1205","targetHints":{"allow":["GET"]}}],"collection":[{"href":"https:\/\/www.praha14.cz\/zivot-na-praze-14\/wp-json\/wp\/v2\/pages"}],"about":[{"href":"https:\/\/www.praha14.cz\/zivot-na-praze-14\/wp-json\/wp\/v2\/types\/page"}],"author":[{"embeddable":true,"href":"https:\/\/www.praha14.cz\/zivot-na-praze-14\/wp-json\/wp\/v2\/users\/1"}],"replies":[{"embeddable":true,"href":"https:\/\/www.praha14.cz\/zivot-na-praze-14\/wp-json\/wp\/v2\/comments?post=1205"}],"version-history":[{"count":7,"href":"https:\/\/www.praha14.cz\/zivot-na-praze-14\/wp-json\/wp\/v2\/pages\/1205\/revisions"}],"predecessor-version":[{"id":68267,"href":"https:\/\/www.praha14.cz\/zivot-na-praze-14\/wp-json\/wp\/v2\/pages\/1205\/revisions\/68267"}],"up":[{"embeddable":true,"href":"https:\/\/www.praha14.cz\/zivot-na-praze-14\/wp-json\/wp\/v2\/pages\/64"}],"wp:attachment":[{"href":"https:\/\/www.praha14.cz\/zivot-na-praze-14\/wp-json\/wp\/v2\/media?parent=1205"}],"curies":[{"name":"wp","href":"https:\/\/api.w.org\/{rel}","templated":true}]}}