{"id":1649,"date":"2014-05-06T15:53:21","date_gmt":"2014-05-06T14:53:21","guid":{"rendered":"https:\/\/www.praha14.cz\/zivot-na-praze-14\/?page_id=1649"},"modified":"2023-01-30T08:34:51","modified_gmt":"2023-01-30T08:34:51","slug":"obytny-soubor-rajska-zahrada-cihadla","status":"publish","type":"page","link":"https:\/\/www.praha14.cz\/zivot-na-praze-14\/obytny-soubor-rajska-zahrada-cihadla\/","title":{"rendered":"Obytn\u00fd soubor Rajsk\u00e1 zahrada \u010cihadla"},"content":{"rendered":"<p><strong><span style=\"color: #009dde;\">Um\u00edst\u011bn\u00ed:\u00a0<\/span><\/strong>kat. \u00fazem\u00ed \u010cern\u00fd Most, n\u00e1ro\u017e\u00ed ulic Dobrovoln\u00e9ho a Rudolfa Holeky, v\u00fdstavba ve dvou etap\u00e1ch, p\u0159ed\u011bl tvo\u0159\u00ed komunikace R. Holeky<\/p>\n<p><strong><span style=\"color: #009dde;\">Investor:\u00a0<\/span><\/strong>Lipnick\u00e1 Develop, spol. s r.o., Pelu\u0161kova 1398, Praha 9<\/p>\n<p><strong><span style=\"color: #009dde;\">Projektant:\u00a0<\/span><\/strong>Archit.ateli\u00e9r H\u00c9TA plus, s.r.o., Ortenovo n\u00e1m. 2, Praha 7<\/p>\n<p><strong><span style=\"color: #009dde;\">I. etapa:\u00a0<\/span><\/strong>severov\u00fdchod, je v\u00a0u\u017e\u00edv\u00e1n\u00ed<\/p>\n<p><strong><span style=\"color: #009dde;\">II. etapa:\u00a0<\/span><\/strong>(1. \u010d\u00e1st), jihoz\u00e1pad, je v u\u017e\u00edv\u00e1n\u00ed<\/p>\n<p><strong><span style=\"color: #009dde;\">III. etapa:<\/span><\/strong> (2. \u010d\u00e1st), jihov\u00fdchod, vyd\u00e1no \u00fazemn\u00ed rozhodnut\u00ed: objekty B &#8211; 4 NP + ustupuj\u00edc\u00ed podla\u017e\u00ed, objekt D \u2013 3 NP + ustupuj\u00edc\u00ed podla\u017e\u00ed,\u00a0kapacita 31 bytov\u00fdch jednotek<\/p>\n<p><strong>Objekt C je v u\u017e\u00edv\u00e1n\u00ed.<br \/>\nObjekt B, D &#8211; stavebn\u00ed povolen\u00ed 2019.<br \/>\n<\/strong><\/p>\n<p><strong><span style=\"color: #009dde;\">Parkov\u00e1n\u00ed:\u00a0<\/span><\/strong>ve spole\u010dn\u00e9 podzemn\u00ed podno\u017ei v p\u0159edepsan\u00e9m po\u010dtu, ostatn\u00ed na povrchu<\/p>\n<p>&nbsp;<\/p>\n<p><a href=\"https:\/\/www.praha14.cz\/app\/uploads\/sites\/4\/2014\/05\/RZC_obr1-1.jpg\" target=\"_blank\" rel=\"noopener noreferrer\" data-rel=\"lightbox-image-0\" data-rl_title=\"\" data-rl_caption=\"\" title=\"\"><img loading=\"lazy\" decoding=\"async\" class=\"alignnone wp-image-30898 size-thumbnail\" src=\"https:\/\/www.praha14.cz\/app\/uploads\/sites\/4\/2014\/05\/RZC_obr1-1-150x150.jpg\" alt=\"\" width=\"150\" height=\"150\" \/><\/a>\u00a0<a href=\"https:\/\/www.praha14.cz\/app\/uploads\/sites\/4\/2014\/05\/RZC_mapa.jpg\" target=\"_blank\" rel=\"noopener noreferrer\" data-rel=\"lightbox-image-1\" data-rl_title=\"\" data-rl_caption=\"\" title=\"\"><img loading=\"lazy\" decoding=\"async\" class=\"alignnone wp-image-1651 size-thumbnail\" style=\"margin-left: 5px; margin-right: 5px;\" src=\"https:\/\/www.praha14.cz\/app\/uploads\/sites\/4\/2014\/05\/RZC_mapa-150x150.jpg\" alt=\"RZC_mapa\" width=\"150\" height=\"150\" srcset=\"https:\/\/www.praha14.cz\/app\/uploads\/sites\/4\/2014\/05\/RZC_mapa-150x150.jpg 150w, https:\/\/www.praha14.cz\/app\/uploads\/sites\/4\/2014\/05\/RZC_mapa-370x370.jpg 370w, https:\/\/www.praha14.cz\/app\/uploads\/sites\/4\/2014\/05\/RZC_mapa.jpg 1000w\" sizes=\"(max-width: 150px) 100vw, 150px\" \/><\/a><span style=\"line-height: 1.5em;\">\u00a0 <a href=\"https:\/\/www.praha14.cz\/app\/uploads\/sites\/4\/2014\/05\/RZC_obr2.jpg\" target=\"_blank\" rel=\"noopener noreferrer\" data-rel=\"lightbox-image-2\" data-rl_title=\"\" data-rl_caption=\"\" title=\"\"><img loading=\"lazy\" decoding=\"async\" class=\"alignnone wp-image-30899 size-thumbnail\" src=\"https:\/\/www.praha14.cz\/app\/uploads\/sites\/4\/2014\/05\/RZC_obr2-150x150.jpg\" alt=\"\" width=\"150\" height=\"150\" \/><\/a>\u00a0 \u00a0 \u00a0\u00a0<\/span><\/p>\n","protected":false},"excerpt":{"rendered":"<p>Um\u00edst\u011bn\u00ed:\u00a0kat. \u00fazem\u00ed \u010cern\u00fd Most, n\u00e1ro\u017e\u00ed ulic Dobrovoln\u00e9ho a Rudolfa Holeky, v\u00fdstavba ve dvou etap\u00e1ch, p\u0159ed\u011bl tvo\u0159\u00ed komunikace R. Holeky Investor:\u00a0Lipnick\u00e1 Develop, spol. s r.o., Pelu\u0161kova 1398, Praha 9 Projektant:\u00a0Archit.ateli\u00e9r H\u00c9TA plus, s.r.o., Ortenovo n\u00e1m. 2, Praha 7 I. etapa:\u00a0severov\u00fdchod, je v\u00a0u\u017e\u00edv\u00e1n\u00ed II. etapa:\u00a0(1. \u010d\u00e1st), jihoz\u00e1pad, je v u\u017e\u00edv\u00e1n\u00ed III. etapa: (2. \u010d\u00e1st), jihov\u00fdchod, vyd\u00e1no \u00fazemn\u00ed&#8230;<\/p>\n","protected":false},"author":1,"featured_media":0,"parent":0,"menu_order":0,"comment_status":"closed","ping_status":"open","template":"","meta":{"_acf_changed":false,"footnotes":""},"class_list":["post-1649","page","type-page","status-publish","hentry"],"acf":[],"yoast_head":"<!-- This site is optimized with the Yoast SEO plugin v27.2 - https:\/\/yoast.com\/product\/yoast-seo-wordpress\/ -->\n<title>Obytn\u00fd soubor Rajsk\u00e1 zahrada \u010cihadla - \u017divot na Praze 14<\/title>\n<meta name=\"robots\" content=\"index, follow, max-snippet:-1, max-image-preview:large, max-video-preview:-1\" \/>\n<link rel=\"canonical\" href=\"https:\/\/www.praha14.cz\/zivot-na-praze-14\/obytny-soubor-rajska-zahrada-cihadla\/\" \/>\n<meta property=\"og:locale\" content=\"cs_CZ\" \/>\n<meta property=\"og:type\" content=\"article\" \/>\n<meta property=\"og:title\" content=\"Obytn\u00fd soubor Rajsk\u00e1 zahrada \u010cihadla - \u017divot na Praze 14\" \/>\n<meta property=\"og:description\" content=\"Um\u00edst\u011bn\u00ed:\u00a0kat. \u00fazem\u00ed \u010cern\u00fd Most, n\u00e1ro\u017e\u00ed ulic Dobrovoln\u00e9ho a Rudolfa Holeky, v\u00fdstavba ve dvou etap\u00e1ch, p\u0159ed\u011bl tvo\u0159\u00ed komunikace R. Holeky Investor:\u00a0Lipnick\u00e1 Develop, spol. s r.o., Pelu\u0161kova 1398, Praha 9 Projektant:\u00a0Archit.ateli\u00e9r H\u00c9TA plus, s.r.o., Ortenovo n\u00e1m. 2, Praha 7 I. etapa:\u00a0severov\u00fdchod, je v\u00a0u\u017e\u00edv\u00e1n\u00ed II. etapa:\u00a0(1. \u010d\u00e1st), jihoz\u00e1pad, je v u\u017e\u00edv\u00e1n\u00ed III. etapa: (2. \u010d\u00e1st), jihov\u00fdchod, vyd\u00e1no \u00fazemn\u00ed...\" \/>\n<meta property=\"og:url\" content=\"https:\/\/www.praha14.cz\/zivot-na-praze-14\/obytny-soubor-rajska-zahrada-cihadla\/\" \/>\n<meta property=\"og:site_name\" content=\"\u017divot na Praze 14\" \/>\n<meta property=\"article:modified_time\" content=\"2023-01-30T08:34:51+00:00\" \/>\n<meta property=\"og:image\" content=\"https:\/\/www.praha14.cz\/app\/uploads\/sites\/4\/2014\/05\/RZC_obr1-1-150x150.jpg\" \/>\n<meta name=\"twitter:card\" content=\"summary_large_image\" \/>\n<meta name=\"twitter:label1\" content=\"Est. reading time\" \/>\n\t<meta name=\"twitter:data1\" content=\"2 minuty\" \/>\n<script type=\"application\/ld+json\" class=\"yoast-schema-graph\">{\"@context\":\"https:\/\/schema.org\",\"@graph\":[{\"@type\":\"WebPage\",\"@id\":\"https:\/\/www.praha14.cz\/zivot-na-praze-14\/obytny-soubor-rajska-zahrada-cihadla\/\",\"url\":\"https:\/\/www.praha14.cz\/zivot-na-praze-14\/obytny-soubor-rajska-zahrada-cihadla\/\",\"name\":\"Obytn\u00fd soubor Rajsk\u00e1 zahrada \u010cihadla - \u017divot na Praze 14\",\"isPartOf\":{\"@id\":\"https:\/\/www.praha14.cz\/zivot-na-praze-14\/#website\"},\"primaryImageOfPage\":{\"@id\":\"https:\/\/www.praha14.cz\/zivot-na-praze-14\/obytny-soubor-rajska-zahrada-cihadla\/#primaryimage\"},\"image\":{\"@id\":\"https:\/\/www.praha14.cz\/zivot-na-praze-14\/obytny-soubor-rajska-zahrada-cihadla\/#primaryimage\"},\"thumbnailUrl\":\"https:\/\/www.praha14.cz\/app\/uploads\/sites\/4\/2014\/05\/RZC_obr1-1-150x150.jpg\",\"datePublished\":\"2014-05-06T14:53:21+00:00\",\"dateModified\":\"2023-01-30T08:34:51+00:00\",\"breadcrumb\":{\"@id\":\"https:\/\/www.praha14.cz\/zivot-na-praze-14\/obytny-soubor-rajska-zahrada-cihadla\/#breadcrumb\"},\"inLanguage\":\"cs\",\"potentialAction\":[{\"@type\":\"ReadAction\",\"target\":[\"https:\/\/www.praha14.cz\/zivot-na-praze-14\/obytny-soubor-rajska-zahrada-cihadla\/\"]}]},{\"@type\":\"ImageObject\",\"inLanguage\":\"cs\",\"@id\":\"https:\/\/www.praha14.cz\/zivot-na-praze-14\/obytny-soubor-rajska-zahrada-cihadla\/#primaryimage\",\"url\":\"https:\/\/www.praha14.cz\/app\/uploads\/sites\/4\/2014\/05\/RZC_obr1-1-150x150.jpg\",\"contentUrl\":\"https:\/\/www.praha14.cz\/app\/uploads\/sites\/4\/2014\/05\/RZC_obr1-1-150x150.jpg\"},{\"@type\":\"BreadcrumbList\",\"@id\":\"https:\/\/www.praha14.cz\/zivot-na-praze-14\/obytny-soubor-rajska-zahrada-cihadla\/#breadcrumb\",\"itemListElement\":[{\"@type\":\"ListItem\",\"position\":1,\"name\":\"\u017divot na Praze 14\",\"item\":\"https:\/\/www.praha14.cz\/zivot-na-praze-14\/\"},{\"@type\":\"ListItem\",\"position\":2,\"name\":\"Obytn\u00fd soubor Rajsk\u00e1 zahrada \u010cihadla\"}]},{\"@type\":\"WebSite\",\"@id\":\"https:\/\/www.praha14.cz\/zivot-na-praze-14\/#website\",\"url\":\"https:\/\/www.praha14.cz\/zivot-na-praze-14\/\",\"name\":\"\u017divot na Praze 14\",\"description\":\"\",\"potentialAction\":[{\"@type\":\"SearchAction\",\"target\":{\"@type\":\"EntryPoint\",\"urlTemplate\":\"https:\/\/www.praha14.cz\/zivot-na-praze-14\/?s={search_term_string}\"},\"query-input\":{\"@type\":\"PropertyValueSpecification\",\"valueRequired\":true,\"valueName\":\"search_term_string\"}}],\"inLanguage\":\"cs\"}]}<\/script>\n<!-- \/ Yoast SEO plugin. -->","yoast_head_json":{"title":"Obytn\u00fd soubor Rajsk\u00e1 zahrada \u010cihadla - \u017divot na Praze 14","robots":{"index":"index","follow":"follow","max-snippet":"max-snippet:-1","max-image-preview":"max-image-preview:large","max-video-preview":"max-video-preview:-1"},"canonical":"https:\/\/www.praha14.cz\/zivot-na-praze-14\/obytny-soubor-rajska-zahrada-cihadla\/","og_locale":"cs_CZ","og_type":"article","og_title":"Obytn\u00fd soubor Rajsk\u00e1 zahrada \u010cihadla - \u017divot na Praze 14","og_description":"Um\u00edst\u011bn\u00ed:\u00a0kat. \u00fazem\u00ed \u010cern\u00fd Most, n\u00e1ro\u017e\u00ed ulic Dobrovoln\u00e9ho a Rudolfa Holeky, v\u00fdstavba ve dvou etap\u00e1ch, p\u0159ed\u011bl tvo\u0159\u00ed komunikace R. Holeky Investor:\u00a0Lipnick\u00e1 Develop, spol. s r.o., Pelu\u0161kova 1398, Praha 9 Projektant:\u00a0Archit.ateli\u00e9r H\u00c9TA plus, s.r.o., Ortenovo n\u00e1m. 2, Praha 7 I. etapa:\u00a0severov\u00fdchod, je v\u00a0u\u017e\u00edv\u00e1n\u00ed II. etapa:\u00a0(1. \u010d\u00e1st), jihoz\u00e1pad, je v u\u017e\u00edv\u00e1n\u00ed III. etapa: (2. \u010d\u00e1st), jihov\u00fdchod, vyd\u00e1no \u00fazemn\u00ed...","og_url":"https:\/\/www.praha14.cz\/zivot-na-praze-14\/obytny-soubor-rajska-zahrada-cihadla\/","og_site_name":"\u017divot na Praze 14","article_modified_time":"2023-01-30T08:34:51+00:00","og_image":[{"url":"https:\/\/www.praha14.cz\/app\/uploads\/sites\/4\/2014\/05\/RZC_obr1-1-150x150.jpg","type":"","width":"","height":""}],"twitter_card":"summary_large_image","twitter_misc":{"Est. reading time":"2 minuty"},"schema":{"@context":"https:\/\/schema.org","@graph":[{"@type":"WebPage","@id":"https:\/\/www.praha14.cz\/zivot-na-praze-14\/obytny-soubor-rajska-zahrada-cihadla\/","url":"https:\/\/www.praha14.cz\/zivot-na-praze-14\/obytny-soubor-rajska-zahrada-cihadla\/","name":"Obytn\u00fd soubor Rajsk\u00e1 zahrada \u010cihadla - \u017divot na Praze 14","isPartOf":{"@id":"https:\/\/www.praha14.cz\/zivot-na-praze-14\/#website"},"primaryImageOfPage":{"@id":"https:\/\/www.praha14.cz\/zivot-na-praze-14\/obytny-soubor-rajska-zahrada-cihadla\/#primaryimage"},"image":{"@id":"https:\/\/www.praha14.cz\/zivot-na-praze-14\/obytny-soubor-rajska-zahrada-cihadla\/#primaryimage"},"thumbnailUrl":"https:\/\/www.praha14.cz\/app\/uploads\/sites\/4\/2014\/05\/RZC_obr1-1-150x150.jpg","datePublished":"2014-05-06T14:53:21+00:00","dateModified":"2023-01-30T08:34:51+00:00","breadcrumb":{"@id":"https:\/\/www.praha14.cz\/zivot-na-praze-14\/obytny-soubor-rajska-zahrada-cihadla\/#breadcrumb"},"inLanguage":"cs","potentialAction":[{"@type":"ReadAction","target":["https:\/\/www.praha14.cz\/zivot-na-praze-14\/obytny-soubor-rajska-zahrada-cihadla\/"]}]},{"@type":"ImageObject","inLanguage":"cs","@id":"https:\/\/www.praha14.cz\/zivot-na-praze-14\/obytny-soubor-rajska-zahrada-cihadla\/#primaryimage","url":"https:\/\/www.praha14.cz\/app\/uploads\/sites\/4\/2014\/05\/RZC_obr1-1-150x150.jpg","contentUrl":"https:\/\/www.praha14.cz\/app\/uploads\/sites\/4\/2014\/05\/RZC_obr1-1-150x150.jpg"},{"@type":"BreadcrumbList","@id":"https:\/\/www.praha14.cz\/zivot-na-praze-14\/obytny-soubor-rajska-zahrada-cihadla\/#breadcrumb","itemListElement":[{"@type":"ListItem","position":1,"name":"\u017divot na Praze 14","item":"https:\/\/www.praha14.cz\/zivot-na-praze-14\/"},{"@type":"ListItem","position":2,"name":"Obytn\u00fd soubor Rajsk\u00e1 zahrada \u010cihadla"}]},{"@type":"WebSite","@id":"https:\/\/www.praha14.cz\/zivot-na-praze-14\/#website","url":"https:\/\/www.praha14.cz\/zivot-na-praze-14\/","name":"\u017divot na Praze 14","description":"","potentialAction":[{"@type":"SearchAction","target":{"@type":"EntryPoint","urlTemplate":"https:\/\/www.praha14.cz\/zivot-na-praze-14\/?s={search_term_string}"},"query-input":{"@type":"PropertyValueSpecification","valueRequired":true,"valueName":"search_term_string"}}],"inLanguage":"cs"}]}},"_links":{"self":[{"href":"https:\/\/www.praha14.cz\/zivot-na-praze-14\/wp-json\/wp\/v2\/pages\/1649","targetHints":{"allow":["GET"]}}],"collection":[{"href":"https:\/\/www.praha14.cz\/zivot-na-praze-14\/wp-json\/wp\/v2\/pages"}],"about":[{"href":"https:\/\/www.praha14.cz\/zivot-na-praze-14\/wp-json\/wp\/v2\/types\/page"}],"author":[{"embeddable":true,"href":"https:\/\/www.praha14.cz\/zivot-na-praze-14\/wp-json\/wp\/v2\/users\/1"}],"replies":[{"embeddable":true,"href":"https:\/\/www.praha14.cz\/zivot-na-praze-14\/wp-json\/wp\/v2\/comments?post=1649"}],"version-history":[{"count":5,"href":"https:\/\/www.praha14.cz\/zivot-na-praze-14\/wp-json\/wp\/v2\/pages\/1649\/revisions"}],"predecessor-version":[{"id":56613,"href":"https:\/\/www.praha14.cz\/zivot-na-praze-14\/wp-json\/wp\/v2\/pages\/1649\/revisions\/56613"}],"wp:attachment":[{"href":"https:\/\/www.praha14.cz\/zivot-na-praze-14\/wp-json\/wp\/v2\/media?parent=1649"}],"curies":[{"name":"wp","href":"https:\/\/api.w.org\/{rel}","templated":true}]}}