{"id":25011,"date":"2015-05-27T14:09:31","date_gmt":"2015-05-27T12:09:31","guid":{"rendered":"https:\/\/www.praha14.cz\/zivot-na-praze-14\/?page_id=25011"},"modified":"2023-06-21T12:41:34","modified_gmt":"2023-06-21T12:41:34","slug":"mpp","status":"publish","type":"page","link":"https:\/\/www.praha14.cz\/zivot-na-praze-14\/uvod-o-praze-14\/uzemni-rozvoj\/mpp\/","title":{"rendered":"Metropolitn\u00ed pl\u00e1n"},"content":{"rendered":"<p>Na konci dubna 2022 p\u0159edstavil Magistr\u00e1t hl. m. Prahy upravenou podobu \u00fazemn\u00edho pl\u00e1nu Prahy. N\u00e1vrh Metropolitn\u00edho pl\u00e1nu byl poprv\u00e9 ve\u0159ejnosti p\u0159edstaven v roce 2018 v r\u00e1mci tzv. spole\u010dn\u00e9ho jedn\u00e1n\u00ed, b\u011bhem n\u011bho\u017e pod\u00e1valy p\u0159ipom\u00ednky \u00fa\u0159ady, ministerstva i ve\u0159ejnost.\u00a0 Te\u010f jsou ve\u0161ker\u00e9 p\u0159ipom\u00ednky vyhodnoceny a zapracov\u00e1ny do aktualizovan\u00e9 verze, kter\u00e1 je <strong>od 26. dubna do 30. \u010dervna 2022 p\u0159edstavena\u00a0 na v\u00fdstav\u011b \u201eTo je Pl\u00e1n!\u201c v <a href=\"https:\/\/metropolitniplan.praha.eu\/jnp\/cz\/aktuality-to_je_plan_nova_vystava_predstavi.html\" target=\"_blank\" rel=\"noopener\">Centru architektury a m\u011bstsk\u00e9ho pl\u00e1nov\u00e1n\u00ed (CAMP)<\/a>.<\/strong> Pl\u00e1n se tak dost\u00e1v\u00e1 do dal\u0161\u00ed f\u00e1ze tzv. ve\u0159ejn\u00e9ho projedn\u00e1n\u00ed, b\u011bhem kter\u00e9ho se uskute\u010dn\u00ed\u00a0i dal\u0161\u00ed kolo p\u0159ipom\u00ednkov\u00e1n\u00ed. Pod\u00e1vat p\u0159ipom\u00ednky k Metropolitn\u00edmu pl\u00e1nu lze online, a to na speci\u00e1ln\u00edch str\u00e1nk\u00e1ch:\u00a0<a href=\"https:\/\/metropolitniplan.praha.eu\/jnp\/cz\/index.html\" target=\"_blank\" rel=\"noopener\"><strong>metropolitniplan.praha.eu<\/strong><\/a>.<\/p>\n<section class=\"p14-panel-group\"><div id=\"panel_group_1\" class=\"panel-group\"><article class=\"panel panel-default\">\n\t\t\t<div class=\"panel-heading\">\n\t\t\t\t<h1 class=\"panel-title\">\n\t\t\t\t\t<a data-toggle=\"collapse\" data-parent=\"#panel_group_1\" href=\"#panel_1_1\" class=\"collapsed\">\n\t\t\t\t\t\tP\u0159ipom\u00ednky M\u010c Praha 14 k upraven\u00e9mu n\u00e1vrhu Metropolitn\u00edho pl\u00e1nu\n\t\t\t\t\t<\/a>\n\t\t\t\t<\/h1>\n\t\t\t<\/div>\n\t\t\t<div id=\"panel_1_1\" class=\"panel-collapse collapse\">\n\t\t\t\t<div class=\"panel-body\">\n\t\t\t\t\t<\/p>\n<p>Zastupitelstvo M\u010c PRAHA 14 projednalo na sv\u00e9m 16. zased\u00e1n\u00ed dne 23. 6. 2022 p\u0159ipom\u00ednky M\u010c Praha 14 k upraven\u00e9mu n\u00e1vrhu Metropolitn\u00edho pl\u00e1nu:<\/p>\n<p><a href=\"https:\/\/www.praha14.cz\/app\/uploads\/sites\/4\/2023\/06\/usn-c-044_ZMC_2022-k-Vyjadreni-MC-P-14-k-Metrop-planu.pdf\" target=\"_blank\" rel=\"noopener\">Usnesen\u00ed \u010d . 044 \/ ZM\u010c \/ 2022<\/a><br \/>\n<a href=\"https:\/\/www.praha14.cz\/app\/uploads\/sites\/4\/2023\/06\/Vyjadreni-MCP14-k-Metropolitnimu-planu.pdf\" target=\"_blank\" rel=\"noopener\">Vyj\u00e1d\u0159en\u00ed M\u010c Praha 14 k Metropolitn\u00edmu pl\u00e1nu<\/a><br \/>\n<a href=\"https:\/\/www.praha14.cz\/app\/uploads\/sites\/4\/2023\/06\/graficka-priloha-k-MPP.pdf\" target=\"_blank\" rel=\"noopener\">Grafick\u00e1 p\u0159\u00edloha k MPP<\/a><\/p>\n<p>\n\t\t\t\t<\/div>\n\t\t\t<\/div>\n\t\t<\/article><article class=\"panel panel-default\">\n\t\t\t<div class=\"panel-heading\">\n\t\t\t\t<h1 class=\"panel-title\">\n\t\t\t\t\t<a data-toggle=\"collapse\" data-parent=\"#panel_group_1\" href=\"#panel_1_2\" class=\"collapsed\">\n\t\t\t\t\t\tP\u0159ipom\u00ednky M\u010c Praha 14 k p\u0159ede\u0161l\u00e9 podob\u011b Metropolitn\u00edho pl\u00e1nu\n\t\t\t\t\t<\/a>\n\t\t\t\t<\/h1>\n\t\t\t<\/div>\n\t\t\t<div id=\"panel_1_2\" class=\"panel-collapse collapse\">\n\t\t\t\t<div class=\"panel-body\">\n\t\t\t\t\t<\/p>\n<p>Zastupitelstvo M\u010c PRAHA 14 projednalo na sv\u00e9m 15. zased\u00e1n\u00ed dne 19. 6. 2018 p\u0159ipom\u00ednky M\u010c Praha 14 k\u00a0n\u00e1vrhu Metropolitn\u00edho pl\u00e1nu:<\/p>\n<p><a href=\"https:\/\/www.praha14.cz\/app\/uploads\/sites\/4\/2015\/05\/P\u0159ipom\u00ednka-\u010d.-1.pdf\" target=\"_blank\" rel=\"noopener noreferrer\">P\u0159ipom\u00ednka \u010d. 1<\/a><br \/>\n<a href=\"https:\/\/www.praha14.cz\/app\/uploads\/sites\/4\/2015\/05\/P\u0159ipom\u00ednka-\u010d.-2-\u010d.-8.pdf\" target=\"_blank\" rel=\"noopener noreferrer\">P\u0159ipom\u00ednky \u010d. 2 &#8211; \u010d. 8<\/a><br \/>\n<a href=\"https:\/\/www.praha14.cz\/app\/uploads\/sites\/4\/2015\/05\/P\u0159ipom\u00ednka-\u010d.-9.pdf\" target=\"_blank\" rel=\"noopener noreferrer\">P\u0159ipom\u00ednka \u010d. 9<\/a><br \/>\n<a href=\"https:\/\/www.praha14.cz\/app\/uploads\/sites\/4\/2015\/05\/P\u0159ipom\u00ednka-\u010d.-10.pdf\" target=\"_blank\" rel=\"noopener noreferrer\">P\u0159ipom\u00ednka \u010d. 10<\/a><\/p>\n<p>\n\t\t\t\t<\/div>\n\t\t\t<\/div>\n\t\t<\/article><article class=\"panel panel-default\">\n\t\t\t<div class=\"panel-heading\">\n\t\t\t\t<h1 class=\"panel-title\">\n\t\t\t\t\t<a data-toggle=\"collapse\" data-parent=\"#panel_group_1\" href=\"#panel_1_3\" class=\"collapsed\">\n\t\t\t\t\t\tHarmonogram dosavadn\u00ed \u010dinnosti\n\t\t\t\t\t<\/a>\n\t\t\t\t<\/h1>\n\t\t\t<\/div>\n\t\t\t<div id=\"panel_1_3\" class=\"panel-collapse collapse\">\n\t\t\t\t<div class=\"panel-body\">\n\t\t\t\t\t<\/p>\n<ul>\n<li>Zve\u0159ejn\u011bn\u00ed n\u00e1vrhu MP ur\u010den\u00e9ho ke spole\u010dn\u00e9mu jedn\u00e1n\u00ed &#8211; 16. dubna 2018.<\/li>\n<li>Mo\u017enost sezn\u00e1men\u00ed s\u00a0n\u00e1vrhem v\u00a0ti\u0161t\u011bn\u00e9 podob\u011b ve v\u00fdstavn\u00edch prostor\u00e1ch Centra architektury a m\u011bstsk\u00e9ho pl\u00e1nov\u00e1n\u00ed (CAMP) v\u00a0Institutu pl\u00e1nov\u00e1n\u00ed a rozvoje hl. m. Prahy (IPR Praha) v\u00a0term\u00ednu od 27. 4. do 27. 7. 2018<\/li>\n<li>Spole\u010dn\u00e9 jedn\u00e1n\u00ed se uskute\u010dnilo 27. 6. 2018 v Pr\u016fmyslov\u00e9m pal\u00e1ci (V\u00fdstavi\u0161t\u011b 67, Praha 7).<\/li>\n<li>Lh\u016fta pro pod\u00e1n\u00ed p\u0159ipom\u00ednek k\u00a0n\u00e1vrhu (na Odbor \u00fazemn\u00edho rozvoje Magistr\u00e1tu hl. m. Prahy byla od 27. 6. do 26. 7. 2018).<\/li>\n<li>26. dubna 2022 byl zve\u0159ejn\u011bn upraven\u00fd n\u00e1vrh Metropolitn\u00edho pl\u00e1nu a zah\u00e1jena v\u00fdstava To je Pl\u00e1n! V Centru architektury a m\u011bstsk\u00e9ho pl\u00e1nov\u00e1n\u00ed (CAMP).<\/li>\n<li>Lh\u016fta pro uplatn\u011bn\u00ed p\u0159ipom\u00ednek, n\u00e1mitek a stanovisek k vystaven\u00e9mu n\u00e1vrhu MPP byla od 26. 4. 2022 do 30. 6. 2022.<\/li>\n<\/ul>\n<p>\n\t\t\t\t<\/div>\n\t\t\t<\/div>\n\t\t<\/article><\/div><\/section>\n","protected":false},"excerpt":{"rendered":"<p>Na konci dubna 2022 p\u0159edstavil Magistr\u00e1t hl. m. Prahy upravenou podobu \u00fazemn\u00edho pl\u00e1nu Prahy. N\u00e1vrh Metropolitn\u00edho pl\u00e1nu byl poprv\u00e9 ve\u0159ejnosti p\u0159edstaven v roce 2018 v r\u00e1mci tzv. spole\u010dn\u00e9ho jedn\u00e1n\u00ed, b\u011bhem n\u011bho\u017e pod\u00e1valy p\u0159ipom\u00ednky \u00fa\u0159ady, ministerstva i ve\u0159ejnost.\u00a0 Te\u010f jsou ve\u0161ker\u00e9 p\u0159ipom\u00ednky vyhodnoceny a zapracov\u00e1ny do aktualizovan\u00e9 verze, kter\u00e1 je od 26. dubna do 30. \u010dervna&#8230;<\/p>\n","protected":false},"author":6,"featured_media":0,"parent":66064,"menu_order":2,"comment_status":"closed","ping_status":"closed","template":"","meta":{"_acf_changed":false,"footnotes":""},"class_list":["post-25011","page","type-page","status-publish","hentry"],"acf":[],"yoast_head":"<!-- This site is optimized with the Yoast SEO plugin v27.2 - https:\/\/yoast.com\/product\/yoast-seo-wordpress\/ -->\n<title>Metropolitn\u00ed pl\u00e1n - \u017divot na Praze 14<\/title>\n<meta name=\"robots\" content=\"index, follow, max-snippet:-1, max-image-preview:large, max-video-preview:-1\" \/>\n<link rel=\"canonical\" href=\"https:\/\/www.praha14.cz\/zivot-na-praze-14\/uvod-o-praze-14\/uzemni-rozvoj\/mpp\/\" \/>\n<meta property=\"og:locale\" content=\"cs_CZ\" \/>\n<meta property=\"og:type\" content=\"article\" \/>\n<meta property=\"og:title\" content=\"Metropolitn\u00ed pl\u00e1n - \u017divot na Praze 14\" \/>\n<meta property=\"og:description\" content=\"Na konci dubna 2022 p\u0159edstavil Magistr\u00e1t hl. m. Prahy upravenou podobu \u00fazemn\u00edho pl\u00e1nu Prahy. N\u00e1vrh Metropolitn\u00edho pl\u00e1nu byl poprv\u00e9 ve\u0159ejnosti p\u0159edstaven v roce 2018 v r\u00e1mci tzv. spole\u010dn\u00e9ho jedn\u00e1n\u00ed, b\u011bhem n\u011bho\u017e pod\u00e1valy p\u0159ipom\u00ednky \u00fa\u0159ady, ministerstva i ve\u0159ejnost.\u00a0 Te\u010f jsou ve\u0161ker\u00e9 p\u0159ipom\u00ednky vyhodnoceny a zapracov\u00e1ny do aktualizovan\u00e9 verze, kter\u00e1 je od 26. dubna do 30. \u010dervna...\" \/>\n<meta property=\"og:url\" content=\"https:\/\/www.praha14.cz\/zivot-na-praze-14\/uvod-o-praze-14\/uzemni-rozvoj\/mpp\/\" \/>\n<meta property=\"og:site_name\" content=\"\u017divot na Praze 14\" \/>\n<meta property=\"article:modified_time\" content=\"2023-06-21T12:41:34+00:00\" \/>\n<meta name=\"twitter:card\" content=\"summary_large_image\" \/>\n<meta name=\"twitter:label1\" content=\"Est. reading time\" \/>\n\t<meta name=\"twitter:data1\" content=\"2 minuty\" \/>\n<script type=\"application\/ld+json\" class=\"yoast-schema-graph\">{\"@context\":\"https:\/\/schema.org\",\"@graph\":[{\"@type\":\"WebPage\",\"@id\":\"https:\/\/www.praha14.cz\/zivot-na-praze-14\/uvod-o-praze-14\/uzemni-rozvoj\/mpp\/\",\"url\":\"https:\/\/www.praha14.cz\/zivot-na-praze-14\/uvod-o-praze-14\/uzemni-rozvoj\/mpp\/\",\"name\":\"Metropolitn\u00ed pl\u00e1n - \u017divot na Praze 14\",\"isPartOf\":{\"@id\":\"https:\/\/www.praha14.cz\/zivot-na-praze-14\/#website\"},\"datePublished\":\"2015-05-27T12:09:31+00:00\",\"dateModified\":\"2023-06-21T12:41:34+00:00\",\"breadcrumb\":{\"@id\":\"https:\/\/www.praha14.cz\/zivot-na-praze-14\/uvod-o-praze-14\/uzemni-rozvoj\/mpp\/#breadcrumb\"},\"inLanguage\":\"cs\",\"potentialAction\":[{\"@type\":\"ReadAction\",\"target\":[\"https:\/\/www.praha14.cz\/zivot-na-praze-14\/uvod-o-praze-14\/uzemni-rozvoj\/mpp\/\"]}]},{\"@type\":\"BreadcrumbList\",\"@id\":\"https:\/\/www.praha14.cz\/zivot-na-praze-14\/uvod-o-praze-14\/uzemni-rozvoj\/mpp\/#breadcrumb\",\"itemListElement\":[{\"@type\":\"ListItem\",\"position\":1,\"name\":\"\u017divot na Praze 14\",\"item\":\"https:\/\/www.praha14.cz\/zivot-na-praze-14\/\"},{\"@type\":\"ListItem\",\"position\":2,\"name\":\"O Praze 14\",\"item\":\"https:\/\/www.praha14.cz\/zivot-na-praze-14\/uvod-o-praze-14\/\"},{\"@type\":\"ListItem\",\"position\":3,\"name\":\"\u00dazemn\u00ed rozvoj\",\"item\":\"https:\/\/www.praha14.cz\/zivot-na-praze-14\/uvod-o-praze-14\/uzemni-rozvoj\/\"},{\"@type\":\"ListItem\",\"position\":4,\"name\":\"Metropolitn\u00ed pl\u00e1n\"}]},{\"@type\":\"WebSite\",\"@id\":\"https:\/\/www.praha14.cz\/zivot-na-praze-14\/#website\",\"url\":\"https:\/\/www.praha14.cz\/zivot-na-praze-14\/\",\"name\":\"\u017divot na Praze 14\",\"description\":\"\",\"potentialAction\":[{\"@type\":\"SearchAction\",\"target\":{\"@type\":\"EntryPoint\",\"urlTemplate\":\"https:\/\/www.praha14.cz\/zivot-na-praze-14\/?s={search_term_string}\"},\"query-input\":{\"@type\":\"PropertyValueSpecification\",\"valueRequired\":true,\"valueName\":\"search_term_string\"}}],\"inLanguage\":\"cs\"}]}<\/script>\n<!-- \/ Yoast SEO plugin. -->","yoast_head_json":{"title":"Metropolitn\u00ed pl\u00e1n - \u017divot na Praze 14","robots":{"index":"index","follow":"follow","max-snippet":"max-snippet:-1","max-image-preview":"max-image-preview:large","max-video-preview":"max-video-preview:-1"},"canonical":"https:\/\/www.praha14.cz\/zivot-na-praze-14\/uvod-o-praze-14\/uzemni-rozvoj\/mpp\/","og_locale":"cs_CZ","og_type":"article","og_title":"Metropolitn\u00ed pl\u00e1n - \u017divot na Praze 14","og_description":"Na konci dubna 2022 p\u0159edstavil Magistr\u00e1t hl. m. Prahy upravenou podobu \u00fazemn\u00edho pl\u00e1nu Prahy. N\u00e1vrh Metropolitn\u00edho pl\u00e1nu byl poprv\u00e9 ve\u0159ejnosti p\u0159edstaven v roce 2018 v r\u00e1mci tzv. spole\u010dn\u00e9ho jedn\u00e1n\u00ed, b\u011bhem n\u011bho\u017e pod\u00e1valy p\u0159ipom\u00ednky \u00fa\u0159ady, ministerstva i ve\u0159ejnost.\u00a0 Te\u010f jsou ve\u0161ker\u00e9 p\u0159ipom\u00ednky vyhodnoceny a zapracov\u00e1ny do aktualizovan\u00e9 verze, kter\u00e1 je od 26. dubna do 30. \u010dervna...","og_url":"https:\/\/www.praha14.cz\/zivot-na-praze-14\/uvod-o-praze-14\/uzemni-rozvoj\/mpp\/","og_site_name":"\u017divot na Praze 14","article_modified_time":"2023-06-21T12:41:34+00:00","twitter_card":"summary_large_image","twitter_misc":{"Est. reading time":"2 minuty"},"schema":{"@context":"https:\/\/schema.org","@graph":[{"@type":"WebPage","@id":"https:\/\/www.praha14.cz\/zivot-na-praze-14\/uvod-o-praze-14\/uzemni-rozvoj\/mpp\/","url":"https:\/\/www.praha14.cz\/zivot-na-praze-14\/uvod-o-praze-14\/uzemni-rozvoj\/mpp\/","name":"Metropolitn\u00ed pl\u00e1n - \u017divot na Praze 14","isPartOf":{"@id":"https:\/\/www.praha14.cz\/zivot-na-praze-14\/#website"},"datePublished":"2015-05-27T12:09:31+00:00","dateModified":"2023-06-21T12:41:34+00:00","breadcrumb":{"@id":"https:\/\/www.praha14.cz\/zivot-na-praze-14\/uvod-o-praze-14\/uzemni-rozvoj\/mpp\/#breadcrumb"},"inLanguage":"cs","potentialAction":[{"@type":"ReadAction","target":["https:\/\/www.praha14.cz\/zivot-na-praze-14\/uvod-o-praze-14\/uzemni-rozvoj\/mpp\/"]}]},{"@type":"BreadcrumbList","@id":"https:\/\/www.praha14.cz\/zivot-na-praze-14\/uvod-o-praze-14\/uzemni-rozvoj\/mpp\/#breadcrumb","itemListElement":[{"@type":"ListItem","position":1,"name":"\u017divot na Praze 14","item":"https:\/\/www.praha14.cz\/zivot-na-praze-14\/"},{"@type":"ListItem","position":2,"name":"O Praze 14","item":"https:\/\/www.praha14.cz\/zivot-na-praze-14\/uvod-o-praze-14\/"},{"@type":"ListItem","position":3,"name":"\u00dazemn\u00ed rozvoj","item":"https:\/\/www.praha14.cz\/zivot-na-praze-14\/uvod-o-praze-14\/uzemni-rozvoj\/"},{"@type":"ListItem","position":4,"name":"Metropolitn\u00ed pl\u00e1n"}]},{"@type":"WebSite","@id":"https:\/\/www.praha14.cz\/zivot-na-praze-14\/#website","url":"https:\/\/www.praha14.cz\/zivot-na-praze-14\/","name":"\u017divot na Praze 14","description":"","potentialAction":[{"@type":"SearchAction","target":{"@type":"EntryPoint","urlTemplate":"https:\/\/www.praha14.cz\/zivot-na-praze-14\/?s={search_term_string}"},"query-input":{"@type":"PropertyValueSpecification","valueRequired":true,"valueName":"search_term_string"}}],"inLanguage":"cs"}]}},"_links":{"self":[{"href":"https:\/\/www.praha14.cz\/zivot-na-praze-14\/wp-json\/wp\/v2\/pages\/25011","targetHints":{"allow":["GET"]}}],"collection":[{"href":"https:\/\/www.praha14.cz\/zivot-na-praze-14\/wp-json\/wp\/v2\/pages"}],"about":[{"href":"https:\/\/www.praha14.cz\/zivot-na-praze-14\/wp-json\/wp\/v2\/types\/page"}],"author":[{"embeddable":true,"href":"https:\/\/www.praha14.cz\/zivot-na-praze-14\/wp-json\/wp\/v2\/users\/6"}],"replies":[{"embeddable":true,"href":"https:\/\/www.praha14.cz\/zivot-na-praze-14\/wp-json\/wp\/v2\/comments?post=25011"}],"version-history":[{"count":7,"href":"https:\/\/www.praha14.cz\/zivot-na-praze-14\/wp-json\/wp\/v2\/pages\/25011\/revisions"}],"predecessor-version":[{"id":67802,"href":"https:\/\/www.praha14.cz\/zivot-na-praze-14\/wp-json\/wp\/v2\/pages\/25011\/revisions\/67802"}],"up":[{"embeddable":true,"href":"https:\/\/www.praha14.cz\/zivot-na-praze-14\/wp-json\/wp\/v2\/pages\/66064"}],"wp:attachment":[{"href":"https:\/\/www.praha14.cz\/zivot-na-praze-14\/wp-json\/wp\/v2\/media?parent=25011"}],"curies":[{"name":"wp","href":"https:\/\/api.w.org\/{rel}","templated":true}]}}