{"id":25043,"date":"2015-05-28T09:14:36","date_gmt":"2015-05-28T07:14:36","guid":{"rendered":"https:\/\/www.praha14.cz\/zivot-na-praze-14\/?page_id=25043"},"modified":"2023-07-20T09:32:02","modified_gmt":"2023-07-20T09:32:02","slug":"spoluprace-s-vysokymi-skolami","status":"publish","type":"page","link":"https:\/\/www.praha14.cz\/zivot-na-praze-14\/uvod-o-praze-14\/uzemni-rozvoj\/spoluprace-s-vysokymi-skolami\/","title":{"rendered":"Spolupr\u00e1ce s vysok\u00fdmi \u0161kolami"},"content":{"rendered":"<p><strong>VIZE PRO PRAHU 14<\/strong><\/p>\n<p><a href=\"https:\/\/www.praha14.cz\/app\/uploads\/sites\/4\/2023\/02\/0009-scaled.jpg\" target=\"_blank\" rel=\"noopener\" data-rel=\"lightbox-image-0\" data-rl_title=\"\" data-rl_caption=\"\" title=\"\"><img loading=\"lazy\" decoding=\"async\" class=\"alignleft wp-image-66216\" src=\"https:\/\/www.praha14.cz\/app\/uploads\/sites\/4\/2023\/02\/0009-scaled.jpg\" alt=\"\" width=\"287\" height=\"203\" srcset=\"https:\/\/www.praha14.cz\/app\/uploads\/sites\/4\/2023\/02\/0009-scaled.jpg 2560w, https:\/\/www.praha14.cz\/app\/uploads\/sites\/4\/2023\/02\/0009-370x261.jpg 370w, https:\/\/www.praha14.cz\/app\/uploads\/sites\/4\/2023\/02\/0009-1024x724.jpg 1024w, https:\/\/www.praha14.cz\/app\/uploads\/sites\/4\/2023\/02\/0009-768x543.jpg 768w, https:\/\/www.praha14.cz\/app\/uploads\/sites\/4\/2023\/02\/0009-1536x1086.jpg 1536w, https:\/\/www.praha14.cz\/app\/uploads\/sites\/4\/2023\/02\/0009-2048x1447.jpg 2048w\" sizes=\"(max-width: 287px) 100vw, 287px\" \/><\/a>Hlavn\u00edm t\u00e9matem urbanistick\u00fdch studi\u00ed, kter\u00e9 zpracovalo p\u011bt student\u016f v letn\u00edm semestru\/2011 atelieru prof. Jehl\u00edka na FA \u010cVUT, bylo vytvo\u0159en\u00ed srozumiteln\u00e9ho organick\u00e9ho celku ze st\u00e1vaj\u00edc\u00edch fragment\u016f m\u011bstsk\u00e9 \u010d\u00e1sti Praha 14 \u2013 od \u010cern\u00e9ho Mostu p\u0159es Star\u00e9 Kyje k Doln\u00edm Po\u010dernic\u00edm (s\u00eddli\u0161t\u011b + obchodn\u00ed centra + vesnice + satelity + krajina).\u00a0 D\u016fraz byl kladen p\u0159edev\u0161\u00edm na strukturu ve\u0159ejn\u00fdch prostor\u016f a charakteristiku st\u00e1vaj\u00edc\u00edch, transformovan\u00fdch \u010di nov\u011b zastavovan\u00fdch \u00fazem\u00ed. Z\u00e1kladn\u00edm n\u00e1strojem pro anal\u00fdzu bylo vymezen\u00ed charakteristick\u00fdch oblast\u00ed, lokalizace siln\u00fdch m\u00edst a v\u00fdznamn\u00fdch uzl\u016f (v\u010detn\u011b d\u016fle\u017eit\u00e9 vybavenosti) a trasov\u00e1n\u00ed v\u00fdznamn\u00fdch cest. To v\u0161e v m\u011b\u0159\u00edtku cel\u00e9ho m\u011bsta, \u0161ir\u0161\u00edch vztah\u016f i vnit\u0159n\u00edch vztah\u016f.<\/p>\n<p>&nbsp;<\/p>\n<p>&nbsp;<\/p>\n<p>&nbsp;<\/p>\n<p><span style=\"text-decoration: underline;\">Studentsk\u00e9 urbanistick\u00e9 studie:<\/span><\/p>\n<ul>\n<li><a href=\"https:\/\/www.praha14.cz\/app\/uploads\/sites\/4\/2015\/05\/dvorskaA41.compressed-1.pdf\" target=\"_blank\" rel=\"noopener\">Nat\u00e1lia Dvorsk\u00e1<\/a><\/li>\n<li><a href=\"https:\/\/www.praha14.cz\/app\/uploads\/sites\/4\/2015\/05\/hanclova-A4.pdf\" target=\"_blank\" rel=\"noopener\">Kamila Han\u010dlov\u00e1<\/a><\/li>\n<li><a href=\"https:\/\/www.praha14.cz\/app\/uploads\/sites\/4\/2015\/05\/soukupovaA4.pdf\" target=\"_blank\" rel=\"noopener\">Anna Soukupov\u00e1<\/a><\/li>\n<li><a href=\"https:\/\/www.praha14.cz\/app\/uploads\/sites\/4\/2015\/05\/Hala_portfolio.pdf\" target=\"_blank\" rel=\"noopener\">Jakub H\u00e1la<\/a><\/li>\n<li><a href=\"https:\/\/www.praha14.cz\/app\/uploads\/sites\/4\/2015\/05\/pelcik-A4.pdf\" target=\"_blank\" rel=\"noopener\">Jan Pel\u010d\u00edk<\/a><\/li>\n<\/ul>\n<p>&nbsp;<\/p>\n<hr \/>\n<p><strong>S\u00cdDLI\u0160T\u011a, JAK D\u00c1L<\/strong><\/p>\n<p><a href=\"https:\/\/www.praha14.cz\/app\/uploads\/sites\/4\/2023\/02\/306949002_394166396237528_5799212745543315776_n.jpg\" target=\"_blank\" rel=\"noopener\" data-rel=\"lightbox-image-1\" data-rl_title=\"\" data-rl_caption=\"\" title=\"\"><img loading=\"lazy\" decoding=\"async\" class=\"alignleft wp-image-66214 \" src=\"https:\/\/www.praha14.cz\/app\/uploads\/sites\/4\/2023\/02\/306949002_394166396237528_5799212745543315776_n.jpg\" alt=\"\" width=\"287\" height=\"191\" srcset=\"https:\/\/www.praha14.cz\/app\/uploads\/sites\/4\/2023\/02\/306949002_394166396237528_5799212745543315776_n.jpg 1908w, https:\/\/www.praha14.cz\/app\/uploads\/sites\/4\/2023\/02\/306949002_394166396237528_5799212745543315776_n-370x247.jpg 370w, https:\/\/www.praha14.cz\/app\/uploads\/sites\/4\/2023\/02\/306949002_394166396237528_5799212745543315776_n-1024x683.jpg 1024w, https:\/\/www.praha14.cz\/app\/uploads\/sites\/4\/2023\/02\/306949002_394166396237528_5799212745543315776_n-768x512.jpg 768w, https:\/\/www.praha14.cz\/app\/uploads\/sites\/4\/2023\/02\/306949002_394166396237528_5799212745543315776_n-1536x1025.jpg 1536w\" sizes=\"(max-width: 287px) 100vw, 287px\" \/><\/a>Mezin\u00e1rodn\u00ed v\u00fdzkumn\u00fd projekt &#8222;S\u00eddli\u0161t\u011b, jak d\u00e1l?&#8220; (<a href=\"http:\/\/www.sidlistejakdal.cz\/\" target=\"_blank\" rel=\"noopener\">www.sidlistejakdal.cz<\/a>) se zab\u00fdv\u00e1 ot\u00e1zkami budouc\u00edho rozvoje s\u00eddli\u0161tn\u00edch celk\u016f se zam\u011b\u0159en\u00edm na t\u00e9mata jejich spole\u010densk\u00e9, ekonomick\u00e9 i kulturn\u00ed udr\u017eitelnosti. S\u00eddli\u0161t\u011b p\u0159edstavuj\u00ed specifick\u00fd syst\u00e9m z\u00e1stavby s \u0159adou odli\u0161nost\u00ed v\u016f\u010di b\u011b\u017en\u00e9mu m\u011bstu. Ve\u0159ejn\u00e1 prostranstv\u00ed \u010dasto tvo\u0159\u00ed a\u017e 2\/3 plochy t\u011bchto \u00fazem\u00ed, dopravn\u00ed a technick\u00e1 infrastruktura v\u011bt\u0161inou nesleduje prostorovou logiku z\u00e1stavby a jej\u00ed charakter a identita jednotliv\u00fdch lokalit je nam\u00edsto ve\u0159ejn\u00fdmi a sd\u00edlen\u00fdmi prostranstv\u00edmi v\u00fdrazn\u011b definov\u00e1na jednotliv\u00fdmi solit\u00e9rn\u00edmi stavbami. To implikuje minim\u00e1ln\u011b pot\u0159ebu specifick\u00e9ho p\u0159\u00edstupu a zv\u00fd\u0161en\u00e9 p\u00e9\u010de o ve\u0159ejn\u00e1 prostranstv\u00ed ze strany ve\u0159ejn\u00e9 spr\u00e1vy.<\/p>\n<p>Studenti atelieru Kohout Tich\u00fd na Fakult\u011b architektury ve sv\u00fdch semestr\u00e1ln\u00edch urbanistick\u00fdch studi\u00edch v\u00a0roce 2014 zpracovali urbanistick\u00e9 studie pro 6 vybran\u00fdch lokalit, mezi kter\u00fdmi nechyb\u011blo ani s\u00eddli\u0161t\u011b \u010cern\u00fd Most. Tyto studentsk\u00e9 semestr\u00e1ln\u00ed pr\u00e1ce p\u0159edstavuj\u00ed principy mo\u017en\u00fdch p\u0159\u00edstup\u016f k\u00a0dlouhodob\u00e9 vizi transformace s\u00eddli\u0161\u0165.<\/p>\n<p><span style=\"text-decoration: underline;\">Studentsk\u00e9 pr\u00e1ce:<\/span><\/p>\n<ul>\n<li><a href=\"https:\/\/www.praha14.cz\/app\/uploads\/sites\/4\/2015\/05\/CM-Hlavackova.pdf\" target=\"_blank\" rel=\"noopener\">Magdalena Hlav\u00e1\u010dkov\u00e1<\/a><\/li>\n<li><a href=\"https:\/\/www.praha14.cz\/app\/uploads\/sites\/4\/2015\/05\/CM-Korcakova.pdf\" target=\"_blank\" rel=\"noopener\">Eli\u0161ka Kor\u010d\u00e1kov\u00e1<\/a><\/li>\n<li><a href=\"https:\/\/www.praha14.cz\/app\/uploads\/sites\/4\/2015\/05\/CM-Novotna.compressed.pdf\" target=\"_blank\" rel=\"noopener\">Jindra Novotn\u00e1<\/a><\/li>\n<li><a href=\"https:\/\/www.praha14.cz\/app\/uploads\/sites\/4\/2015\/05\/CM-Otevrelova.compressed.pdf\" target=\"_blank\" rel=\"noopener\">Dominika Otev\u0159elov\u00e1<\/a><\/li>\n<\/ul>\n<p>&nbsp;<\/p>\n<hr \/>\n<p><strong>SPORTOVN\u00cd CENTRUM NA HUT\u00cdCH<\/strong><\/p>\n<p><a href=\"https:\/\/www.praha14.cz\/app\/uploads\/sites\/4\/2023\/02\/1.jpg\" target=\"_blank\" rel=\"noopener\" data-rel=\"lightbox-image-2\" data-rl_title=\"\" data-rl_caption=\"\" title=\"\"><img loading=\"lazy\" decoding=\"async\" class=\"alignleft wp-image-66217\" src=\"https:\/\/www.praha14.cz\/app\/uploads\/sites\/4\/2023\/02\/1.jpg\" alt=\"\" width=\"287\" height=\"215\" srcset=\"https:\/\/www.praha14.cz\/app\/uploads\/sites\/4\/2023\/02\/1.jpg 940w, https:\/\/www.praha14.cz\/app\/uploads\/sites\/4\/2023\/02\/1-370x278.jpg 370w, https:\/\/www.praha14.cz\/app\/uploads\/sites\/4\/2023\/02\/1-768x576.jpg 768w\" sizes=\"(max-width: 287px) 100vw, 287px\" \/><\/a>C\u00edlem semestr\u00e1ln\u00edch prac\u00ed LS 2020\/2021 student\u016f FSV \u010cVUT pod veden\u00edm prof. Kop\u0159ivy bylo navrhnout multifunk\u010dn\u00ed sportovn\u00ed centrum kombinuj\u00edc\u00ed n\u011bkolik r\u016fzn\u00fdch provoz\u016f na pozemku ur\u010den\u00e9m pro sport z\u00e1padn\u011b od are\u00e1lu SOU podnik\u00e1n\u00ed a gastronomie.<\/p>\n<p>Studentsk\u00e9 pr\u00e1ce jsou k vid\u011bn\u00ed na webu <strong><a href=\"https:\/\/archgalerie.fsv.cvut.cz\/filtr\/query%3Dna%2Bhut%25C3%25ADch%26id_term%3D18%26id_projectLeader%3D16%26topology_8%3D1\/0\" target=\"_blank\" rel=\"noopener\">katedry architektury FSv \u010cVUT<\/a><\/strong>.<\/p>\n<p>&nbsp;<\/p>\n<p>&nbsp;<\/p>\n<p>&nbsp;<\/p>\n<p>&nbsp;<\/p>\n<p>&nbsp;<\/p>\n<p>&nbsp;<\/p>\n<hr \/>\n<p><strong>URBANISTICK\u00c9 N\u00c1VRHY \u0158E\u0160EN\u00cd T\u0158\u00cdDY CHLUMECK\u00c1 A OKOL\u00cd<\/strong><\/p>\n<p><a href=\"https:\/\/www.praha14.cz\/app\/uploads\/sites\/4\/2023\/02\/0004.jpg\" target=\"_blank\" rel=\"noopener\" data-rel=\"lightbox-image-3\" data-rl_title=\"\" data-rl_caption=\"\" title=\"\"><img loading=\"lazy\" decoding=\"async\" class=\"alignleft wp-image-66218\" src=\"https:\/\/www.praha14.cz\/app\/uploads\/sites\/4\/2023\/02\/0004.jpg\" alt=\"\" width=\"287\" height=\"203\" \/><\/a>Semestr\u00e1ln\u00ed pr\u00e1ce LS2021\/2022 t\u0159\u00ed studentek ateli\u00e9ru Bu\u010dek, Horatschke, Fakulty um\u011bn\u00ed a architektury Technick\u00e9 univerzity v\u00a0Liberci navrhuj\u00ed urbanistick\u00e9 \u0159e\u0161en\u00ed nov\u00e9ho m\u011bstsk\u00e9ho centra s radnic\u00ed u zast\u00e1vky Rajsk\u00e1 zahrada a m\u011bstsk\u00e9 t\u0159\u00eddy (bulv\u00e1r) Chlumeck\u00e1, v\u010detn\u011b jej\u00edho okol\u00ed.<\/p>\n<ul>\n<li><a href=\"https:\/\/www.praha14.cz\/app\/uploads\/sites\/4\/2023\/02\/RAJSKA_ZAHRADA_PLACHTY.pdf\" target=\"_blank\" rel=\"noopener\">Tereza Pi\u0161t\u011bkov\u00e1<\/a><\/li>\n<li><a href=\"https:\/\/www.praha14.cz\/app\/uploads\/sites\/4\/2023\/02\/A1-postery_cerny_most.pdf\" target=\"_blank\" rel=\"noopener\">Hamerlov\u00e1 Lenka, Mach\u00e1tov\u00e1 Anna<\/a><\/li>\n<\/ul>\n<p>&nbsp;<\/p>\n<p>&nbsp;<\/p>\n<p>&nbsp;<\/p>\n<p>&nbsp;<\/p>\n<p>&nbsp;<\/p>\n","protected":false},"excerpt":{"rendered":"<p>VIZE PRO PRAHU 14 Hlavn\u00edm t\u00e9matem urbanistick\u00fdch studi\u00ed, kter\u00e9 zpracovalo p\u011bt student\u016f v letn\u00edm semestru\/2011 atelieru prof. Jehl\u00edka na FA \u010cVUT, bylo vytvo\u0159en\u00ed srozumiteln\u00e9ho organick\u00e9ho celku ze st\u00e1vaj\u00edc\u00edch fragment\u016f m\u011bstsk\u00e9 \u010d\u00e1sti Praha 14 \u2013 od \u010cern\u00e9ho Mostu p\u0159es Star\u00e9 Kyje k Doln\u00edm Po\u010dernic\u00edm (s\u00eddli\u0161t\u011b + obchodn\u00ed centra + vesnice + satelity + krajina).\u00a0 D\u016fraz byl&#8230;<\/p>\n","protected":false},"author":6,"featured_media":0,"parent":66064,"menu_order":4,"comment_status":"closed","ping_status":"closed","template":"","meta":{"_acf_changed":false,"footnotes":""},"class_list":["post-25043","page","type-page","status-publish","hentry"],"acf":[],"yoast_head":"<!-- This site is optimized with the Yoast SEO plugin v27.2 - https:\/\/yoast.com\/product\/yoast-seo-wordpress\/ -->\n<title>Spolupr\u00e1ce s vysok\u00fdmi \u0161kolami - \u017divot na Praze 14<\/title>\n<meta name=\"robots\" content=\"index, follow, max-snippet:-1, max-image-preview:large, max-video-preview:-1\" \/>\n<link rel=\"canonical\" href=\"https:\/\/www.praha14.cz\/zivot-na-praze-14\/uvod-o-praze-14\/uzemni-rozvoj\/spoluprace-s-vysokymi-skolami\/\" \/>\n<meta property=\"og:locale\" content=\"cs_CZ\" \/>\n<meta property=\"og:type\" content=\"article\" \/>\n<meta property=\"og:title\" content=\"Spolupr\u00e1ce s vysok\u00fdmi \u0161kolami - \u017divot na Praze 14\" \/>\n<meta property=\"og:description\" content=\"VIZE PRO PRAHU 14 Hlavn\u00edm t\u00e9matem urbanistick\u00fdch studi\u00ed, kter\u00e9 zpracovalo p\u011bt student\u016f v letn\u00edm semestru\/2011 atelieru prof. Jehl\u00edka na FA \u010cVUT, bylo vytvo\u0159en\u00ed srozumiteln\u00e9ho organick\u00e9ho celku ze st\u00e1vaj\u00edc\u00edch fragment\u016f m\u011bstsk\u00e9 \u010d\u00e1sti Praha 14 \u2013 od \u010cern\u00e9ho Mostu p\u0159es Star\u00e9 Kyje k Doln\u00edm Po\u010dernic\u00edm (s\u00eddli\u0161t\u011b + obchodn\u00ed centra + vesnice + satelity + krajina).\u00a0 D\u016fraz byl...\" \/>\n<meta property=\"og:url\" content=\"https:\/\/www.praha14.cz\/zivot-na-praze-14\/uvod-o-praze-14\/uzemni-rozvoj\/spoluprace-s-vysokymi-skolami\/\" \/>\n<meta property=\"og:site_name\" content=\"\u017divot na Praze 14\" \/>\n<meta property=\"article:modified_time\" content=\"2023-07-20T09:32:02+00:00\" \/>\n<meta property=\"og:image\" content=\"https:\/\/www.praha14.cz\/app\/uploads\/sites\/4\/2023\/02\/0009-scaled.jpg\" \/>\n<meta name=\"twitter:card\" content=\"summary_large_image\" \/>\n<meta name=\"twitter:label1\" content=\"Est. reading time\" \/>\n\t<meta name=\"twitter:data1\" content=\"3 minuty\" \/>\n<script type=\"application\/ld+json\" class=\"yoast-schema-graph\">{\"@context\":\"https:\/\/schema.org\",\"@graph\":[{\"@type\":\"WebPage\",\"@id\":\"https:\/\/www.praha14.cz\/zivot-na-praze-14\/uvod-o-praze-14\/uzemni-rozvoj\/spoluprace-s-vysokymi-skolami\/\",\"url\":\"https:\/\/www.praha14.cz\/zivot-na-praze-14\/uvod-o-praze-14\/uzemni-rozvoj\/spoluprace-s-vysokymi-skolami\/\",\"name\":\"Spolupr\u00e1ce s vysok\u00fdmi \u0161kolami - \u017divot na Praze 14\",\"isPartOf\":{\"@id\":\"https:\/\/www.praha14.cz\/zivot-na-praze-14\/#website\"},\"primaryImageOfPage\":{\"@id\":\"https:\/\/www.praha14.cz\/zivot-na-praze-14\/uvod-o-praze-14\/uzemni-rozvoj\/spoluprace-s-vysokymi-skolami\/#primaryimage\"},\"image\":{\"@id\":\"https:\/\/www.praha14.cz\/zivot-na-praze-14\/uvod-o-praze-14\/uzemni-rozvoj\/spoluprace-s-vysokymi-skolami\/#primaryimage\"},\"thumbnailUrl\":\"https:\/\/www.praha14.cz\/app\/uploads\/sites\/4\/2023\/02\/0009-scaled.jpg\",\"datePublished\":\"2015-05-28T07:14:36+00:00\",\"dateModified\":\"2023-07-20T09:32:02+00:00\",\"breadcrumb\":{\"@id\":\"https:\/\/www.praha14.cz\/zivot-na-praze-14\/uvod-o-praze-14\/uzemni-rozvoj\/spoluprace-s-vysokymi-skolami\/#breadcrumb\"},\"inLanguage\":\"cs\",\"potentialAction\":[{\"@type\":\"ReadAction\",\"target\":[\"https:\/\/www.praha14.cz\/zivot-na-praze-14\/uvod-o-praze-14\/uzemni-rozvoj\/spoluprace-s-vysokymi-skolami\/\"]}]},{\"@type\":\"ImageObject\",\"inLanguage\":\"cs\",\"@id\":\"https:\/\/www.praha14.cz\/zivot-na-praze-14\/uvod-o-praze-14\/uzemni-rozvoj\/spoluprace-s-vysokymi-skolami\/#primaryimage\",\"url\":\"https:\/\/www.praha14.cz\/app\/uploads\/sites\/4\/2023\/02\/0009-scaled.jpg\",\"contentUrl\":\"https:\/\/www.praha14.cz\/app\/uploads\/sites\/4\/2023\/02\/0009-scaled.jpg\"},{\"@type\":\"BreadcrumbList\",\"@id\":\"https:\/\/www.praha14.cz\/zivot-na-praze-14\/uvod-o-praze-14\/uzemni-rozvoj\/spoluprace-s-vysokymi-skolami\/#breadcrumb\",\"itemListElement\":[{\"@type\":\"ListItem\",\"position\":1,\"name\":\"\u017divot na Praze 14\",\"item\":\"https:\/\/www.praha14.cz\/zivot-na-praze-14\/\"},{\"@type\":\"ListItem\",\"position\":2,\"name\":\"O Praze 14\",\"item\":\"https:\/\/www.praha14.cz\/zivot-na-praze-14\/uvod-o-praze-14\/\"},{\"@type\":\"ListItem\",\"position\":3,\"name\":\"\u00dazemn\u00ed rozvoj\",\"item\":\"https:\/\/www.praha14.cz\/zivot-na-praze-14\/uvod-o-praze-14\/uzemni-rozvoj\/\"},{\"@type\":\"ListItem\",\"position\":4,\"name\":\"Spolupr\u00e1ce s vysok\u00fdmi \u0161kolami\"}]},{\"@type\":\"WebSite\",\"@id\":\"https:\/\/www.praha14.cz\/zivot-na-praze-14\/#website\",\"url\":\"https:\/\/www.praha14.cz\/zivot-na-praze-14\/\",\"name\":\"\u017divot na Praze 14\",\"description\":\"\",\"potentialAction\":[{\"@type\":\"SearchAction\",\"target\":{\"@type\":\"EntryPoint\",\"urlTemplate\":\"https:\/\/www.praha14.cz\/zivot-na-praze-14\/?s={search_term_string}\"},\"query-input\":{\"@type\":\"PropertyValueSpecification\",\"valueRequired\":true,\"valueName\":\"search_term_string\"}}],\"inLanguage\":\"cs\"}]}<\/script>\n<!-- \/ Yoast SEO plugin. -->","yoast_head_json":{"title":"Spolupr\u00e1ce s vysok\u00fdmi \u0161kolami - \u017divot na Praze 14","robots":{"index":"index","follow":"follow","max-snippet":"max-snippet:-1","max-image-preview":"max-image-preview:large","max-video-preview":"max-video-preview:-1"},"canonical":"https:\/\/www.praha14.cz\/zivot-na-praze-14\/uvod-o-praze-14\/uzemni-rozvoj\/spoluprace-s-vysokymi-skolami\/","og_locale":"cs_CZ","og_type":"article","og_title":"Spolupr\u00e1ce s vysok\u00fdmi \u0161kolami - \u017divot na Praze 14","og_description":"VIZE PRO PRAHU 14 Hlavn\u00edm t\u00e9matem urbanistick\u00fdch studi\u00ed, kter\u00e9 zpracovalo p\u011bt student\u016f v letn\u00edm semestru\/2011 atelieru prof. Jehl\u00edka na FA \u010cVUT, bylo vytvo\u0159en\u00ed srozumiteln\u00e9ho organick\u00e9ho celku ze st\u00e1vaj\u00edc\u00edch fragment\u016f m\u011bstsk\u00e9 \u010d\u00e1sti Praha 14 \u2013 od \u010cern\u00e9ho Mostu p\u0159es Star\u00e9 Kyje k Doln\u00edm Po\u010dernic\u00edm (s\u00eddli\u0161t\u011b + obchodn\u00ed centra + vesnice + satelity + krajina).\u00a0 D\u016fraz byl...","og_url":"https:\/\/www.praha14.cz\/zivot-na-praze-14\/uvod-o-praze-14\/uzemni-rozvoj\/spoluprace-s-vysokymi-skolami\/","og_site_name":"\u017divot na Praze 14","article_modified_time":"2023-07-20T09:32:02+00:00","og_image":[{"url":"https:\/\/www.praha14.cz\/app\/uploads\/sites\/4\/2023\/02\/0009-scaled.jpg","type":"","width":"","height":""}],"twitter_card":"summary_large_image","twitter_misc":{"Est. reading time":"3 minuty"},"schema":{"@context":"https:\/\/schema.org","@graph":[{"@type":"WebPage","@id":"https:\/\/www.praha14.cz\/zivot-na-praze-14\/uvod-o-praze-14\/uzemni-rozvoj\/spoluprace-s-vysokymi-skolami\/","url":"https:\/\/www.praha14.cz\/zivot-na-praze-14\/uvod-o-praze-14\/uzemni-rozvoj\/spoluprace-s-vysokymi-skolami\/","name":"Spolupr\u00e1ce s vysok\u00fdmi \u0161kolami - \u017divot na Praze 14","isPartOf":{"@id":"https:\/\/www.praha14.cz\/zivot-na-praze-14\/#website"},"primaryImageOfPage":{"@id":"https:\/\/www.praha14.cz\/zivot-na-praze-14\/uvod-o-praze-14\/uzemni-rozvoj\/spoluprace-s-vysokymi-skolami\/#primaryimage"},"image":{"@id":"https:\/\/www.praha14.cz\/zivot-na-praze-14\/uvod-o-praze-14\/uzemni-rozvoj\/spoluprace-s-vysokymi-skolami\/#primaryimage"},"thumbnailUrl":"https:\/\/www.praha14.cz\/app\/uploads\/sites\/4\/2023\/02\/0009-scaled.jpg","datePublished":"2015-05-28T07:14:36+00:00","dateModified":"2023-07-20T09:32:02+00:00","breadcrumb":{"@id":"https:\/\/www.praha14.cz\/zivot-na-praze-14\/uvod-o-praze-14\/uzemni-rozvoj\/spoluprace-s-vysokymi-skolami\/#breadcrumb"},"inLanguage":"cs","potentialAction":[{"@type":"ReadAction","target":["https:\/\/www.praha14.cz\/zivot-na-praze-14\/uvod-o-praze-14\/uzemni-rozvoj\/spoluprace-s-vysokymi-skolami\/"]}]},{"@type":"ImageObject","inLanguage":"cs","@id":"https:\/\/www.praha14.cz\/zivot-na-praze-14\/uvod-o-praze-14\/uzemni-rozvoj\/spoluprace-s-vysokymi-skolami\/#primaryimage","url":"https:\/\/www.praha14.cz\/app\/uploads\/sites\/4\/2023\/02\/0009-scaled.jpg","contentUrl":"https:\/\/www.praha14.cz\/app\/uploads\/sites\/4\/2023\/02\/0009-scaled.jpg"},{"@type":"BreadcrumbList","@id":"https:\/\/www.praha14.cz\/zivot-na-praze-14\/uvod-o-praze-14\/uzemni-rozvoj\/spoluprace-s-vysokymi-skolami\/#breadcrumb","itemListElement":[{"@type":"ListItem","position":1,"name":"\u017divot na Praze 14","item":"https:\/\/www.praha14.cz\/zivot-na-praze-14\/"},{"@type":"ListItem","position":2,"name":"O Praze 14","item":"https:\/\/www.praha14.cz\/zivot-na-praze-14\/uvod-o-praze-14\/"},{"@type":"ListItem","position":3,"name":"\u00dazemn\u00ed rozvoj","item":"https:\/\/www.praha14.cz\/zivot-na-praze-14\/uvod-o-praze-14\/uzemni-rozvoj\/"},{"@type":"ListItem","position":4,"name":"Spolupr\u00e1ce s vysok\u00fdmi \u0161kolami"}]},{"@type":"WebSite","@id":"https:\/\/www.praha14.cz\/zivot-na-praze-14\/#website","url":"https:\/\/www.praha14.cz\/zivot-na-praze-14\/","name":"\u017divot na Praze 14","description":"","potentialAction":[{"@type":"SearchAction","target":{"@type":"EntryPoint","urlTemplate":"https:\/\/www.praha14.cz\/zivot-na-praze-14\/?s={search_term_string}"},"query-input":{"@type":"PropertyValueSpecification","valueRequired":true,"valueName":"search_term_string"}}],"inLanguage":"cs"}]}},"_links":{"self":[{"href":"https:\/\/www.praha14.cz\/zivot-na-praze-14\/wp-json\/wp\/v2\/pages\/25043","targetHints":{"allow":["GET"]}}],"collection":[{"href":"https:\/\/www.praha14.cz\/zivot-na-praze-14\/wp-json\/wp\/v2\/pages"}],"about":[{"href":"https:\/\/www.praha14.cz\/zivot-na-praze-14\/wp-json\/wp\/v2\/types\/page"}],"author":[{"embeddable":true,"href":"https:\/\/www.praha14.cz\/zivot-na-praze-14\/wp-json\/wp\/v2\/users\/6"}],"replies":[{"embeddable":true,"href":"https:\/\/www.praha14.cz\/zivot-na-praze-14\/wp-json\/wp\/v2\/comments?post=25043"}],"version-history":[{"count":6,"href":"https:\/\/www.praha14.cz\/zivot-na-praze-14\/wp-json\/wp\/v2\/pages\/25043\/revisions"}],"predecessor-version":[{"id":67995,"href":"https:\/\/www.praha14.cz\/zivot-na-praze-14\/wp-json\/wp\/v2\/pages\/25043\/revisions\/67995"}],"up":[{"embeddable":true,"href":"https:\/\/www.praha14.cz\/zivot-na-praze-14\/wp-json\/wp\/v2\/pages\/66064"}],"wp:attachment":[{"href":"https:\/\/www.praha14.cz\/zivot-na-praze-14\/wp-json\/wp\/v2\/media?parent=25043"}],"curies":[{"name":"wp","href":"https:\/\/api.w.org\/{rel}","templated":true}]}}