{"id":286,"date":"2014-04-28T09:15:41","date_gmt":"2014-04-28T08:15:41","guid":{"rendered":"https:\/\/www.praha14.cz\/zivot-na-praze-14\/?page_id=286"},"modified":"2025-10-13T07:04:56","modified_gmt":"2025-10-13T07:04:56","slug":"komunitni-planovani-socialnich-sluzeb","status":"publish","type":"page","link":"https:\/\/www.praha14.cz\/zivot-na-praze-14\/socialni-oblast-2\/komunitni-planovani-socialnich-sluzeb\/","title":{"rendered":"Komunitn\u00ed pl\u00e1nov\u00e1n\u00ed"},"content":{"rendered":"<section class=\"p14-panel-group\"><div id=\"panel_group_1\" class=\"panel-group\"><article class=\"panel panel-default\">\n\t\t\t<div class=\"panel-heading\">\n\t\t\t\t<h1 class=\"panel-title\">\n\t\t\t\t\t<a data-toggle=\"collapse\" data-parent=\"#panel_group_1\" href=\"#panel_1_1\" class=\"collapsed\">\n\t\t\t\t\t\t\u00davod\n\t\t\t\t\t<\/a>\n\t\t\t\t<\/h1>\n\t\t\t<\/div>\n\t\t\t<div id=\"panel_1_1\" class=\"panel-collapse collapse\">\n\t\t\t\t<div class=\"panel-body\">\n\t\t\t\t\t<\/p>\n<p>V\u00a0lednu 2025 byl aktualizov\u00e1n St\u0159edn\u011bdob\u00fd pl\u00e1n rozvoje soci\u00e1ln\u00edch slu\u017eeb ve spr\u00e1vn\u00edm obvodu Praha 14 pro \u00fazem\u00ed M\u010c Praha 14.<\/p>\n<p><strong>Pro\u010d byl vytvo\u0159en KPSS v\u00a0na\u0161\u00ed M\u010c, se m\u016f\u017eete dozv\u011bd\u011bt zde:\u00a0<\/strong><a href=\"https:\/\/www.praha14.cz\/app\/uploads\/sites\/4\/2014\/04\/duvody.rtf\">D\u016fvody zav\u00e1d\u011bn\u00ed KPSS v \u010cR a S.O. Praha 14<\/a><\/p>\n<p>&nbsp;<\/p>\n<h5><strong>Co je to komunitn\u00ed pl\u00e1nov\u00e1n\u00ed?<\/strong><\/h5>\n<p>Komunitn\u00ed pl\u00e1nov\u00e1n\u00ed je metoda zalo\u017een\u00e1 na principech spolupr\u00e1ce, komunikace a aktivn\u00edho p\u0159\u00edstupu mezi obc\u00ed a jej\u00edmi p\u0159edstaviteli, realiz\u00e1tory slu\u017eeb (tj. ve\u0159ejn\u00fd sektor, podnikatel\u00e9, neziskov\u00e9 organizace a ob\u010dansk\u00e9 iniciativy) a ob\u010dany. Tato metoda je postavena na neust\u00e1l\u00e9m procesu spolupr\u00e1ce formou dojedn\u00e1v\u00e1n\u00ed, zlep\u0161ov\u00e1n\u00ed a hled\u00e1n\u00ed pot\u0159ebn\u00fdch slu\u017eeb. V\u00fdsledkem by m\u011blo b\u00fdt kompromisn\u00ed \u0159e\u0161en\u00ed, kter\u00e9 by bylo p\u0159ijato a podporov\u00e1no v\u011bt\u0161inou \u00fa\u010dastn\u00edk\u016f.<\/p>\n<dl>\n<dt>\n<h6><span style=\"color: #00b9f2;\"><strong><br \/>\n<span style=\"color: #009dde;\">Z\u00e1kladn\u00ed pojmy<\/span><\/strong><\/span><\/h6>\n<\/dt>\n<dd><strong>Zadavatel<\/strong> &#8211; obec (M\u011bstsk\u00e1 \u010d\u00e1st Praha 14)<\/dd>\n<dd><strong>Poskytovate<\/strong>l &#8211; ve\u0161ker\u00e9 subjekty, kter\u00e9 v\u00a0regionu Prahy 14 nab\u00edzej\u00ed slu\u017eby v\u00a0oblasti ve\u0159ejn\u00e9ho sektoru, podnikatelsk\u00e9ho sektoru, neziskov\u00fdch organizac\u00ed a ob\u010dansk\u00fdch iniciativ<\/dd>\n<dd><strong>U\u017eivatel<\/strong>\u00a0&#8211; ob\u010dan\u00e9 S.O. Prahy 14, kte\u0159\u00ed u\u017e\u00edvaj\u00ed poskytovan\u00fdch slu\u017eeb<\/dd>\n<\/dl>\n<h6><span style=\"color: #00b9f2;\"><strong><br \/>\n<span style=\"color: #009dde;\">Principy komunitn\u00edho pl\u00e1nov\u00e1n\u00ed<\/span><\/strong><\/span><\/h6>\n<ul>\n<li>Partnerstv\u00ed mezi v\u0161emi \u00fa\u010dastn\u00edky komunitn\u00edho pl\u00e1nov\u00e1n\u00ed<\/li>\n<li>Pot\u0159eby a c\u00edle v\u0161ech \u00fa\u010dastn\u00edk\u016f maj\u00ed stejnou v\u00e1hu, n\u00e1zor\u016fm v\u0161ech stran mus\u00ed b\u00fdt dop\u0159\u00e1no stejn\u00e9ho prostoru.<\/li>\n<li>Hled\u00e1n\u00ed nov\u00fdch lidsk\u00fdch a finan\u010dn\u00edch zdroj\u016f pro komunitn\u00ed pl\u00e1nov\u00e1n\u00ed<\/li>\n<li>Mo\u017enost spolupr\u00e1ce se sv\u00e9pomocn\u00fdmi a dobrovolnick\u00fdmi skupinami, sousedskou v\u00fdpomoc\u00ed, podnikateli apod. Tento princip je jedn\u00edm z\u00a0n\u00e1stroj\u016f pro zlep\u0161en\u00ed kvality \u017eivota v\u00a0obci.<\/li>\n<\/ul>\n<p><strong><span style=\"color: #00b9f2;\"><br \/>\n<span style=\"color: #009dde;\">Pr\u00e1ce s\u00a0informacemi<\/span><\/span><\/strong><\/p>\n<p>Nutnost zajistit rovn\u00fd p\u0159\u00edstup k informac\u00edm a p\u0159ed\u00e1v\u00e1n\u00ed informac\u00ed ve\u0159ejnosti. Informace budou poskytov\u00e1ny v\u00a0novin\u00e1ch Prahy 14, na\u00a0internetov\u00fdch str\u00e1nk\u00e1ch Prahy 14, na\u00a0setk\u00e1n\u00edch. Bude mo\u017en\u00e9 o\u00a0informac\u00edch diskutovat a t\u00edm doj\u00edt ke kompromisn\u00edm \u0159e\u0161en\u00edm<strong>. Ka\u017ed\u00fd ob\u010dan m\u011bstsk\u00e9 \u010d\u00e1sti Praha 14 a Praha-Doln\u00ed Po\u010dernice m\u016f\u017ee b\u00fdt \u00fa\u010dastn\u00edkem komunitn\u00edho pl\u00e1nov\u00e1n\u00ed a je v\u00edt\u00e1n .<\/strong><\/p>\n<p>&nbsp;<\/p>\n<h5>Organiza\u010dn\u00ed struktura<\/h5>\n<ul>\n<li><strong>Komise pro soci\u00e1ln\u00ed v\u011bci, zdravotnictv\u00ed a komunitn\u00ed pl\u00e1nov\u00e1n\u00ed<\/strong><\/li>\n<li><strong>Pracovn\u00ed skupiny:<\/strong>\n<ul>\n<li>Senio\u0159i a osoby se zdravotn\u00edm posti\u017een\u00edm<\/li>\n<li>Rodina, d\u011bti a ml\u00e1de\u017e<\/li>\n<li>Cizinci a men\u0161iny<\/li>\n<li>Osoby ohro\u017een\u00e9 soci\u00e1ln\u00edm vylou\u010den\u00edm<\/li>\n<\/ul>\n<\/li>\n<\/ul>\n<p>\n\t\t\t\t<\/div>\n\t\t\t<\/div>\n\t\t<\/article><article class=\"panel panel-default\">\n\t\t\t<div class=\"panel-heading\">\n\t\t\t\t<h1 class=\"panel-title\">\n\t\t\t\t\t<a data-toggle=\"collapse\" data-parent=\"#panel_group_1\" href=\"#panel_1_2\" class=\"collapsed\">\n\t\t\t\t\t\tKontakty\n\t\t\t\t\t<\/a>\n\t\t\t\t<\/h1>\n\t\t\t<\/div>\n\t\t\t<div id=\"panel_1_2\" class=\"panel-collapse collapse\">\n\t\t\t\t<div class=\"panel-body\">\n\t\t\t\t\t<\/p>\n<p><span style=\"color: #009dde;\"><strong>Kontaktn\u00ed osoba:<\/strong><\/span><\/p>\n<p><strong>Mgr. Lenka Ko\u0161\u0165\u00e1kov\u00e1<\/strong> \u2013 referent OSVZ, koordin\u00e1tor KPSS<br \/>\n<strong>Brat\u0159\u00ed Vencl\u00edk\u016f 1072<\/strong> <strong>198 21 Praha 9<\/strong><br \/>\n<strong>tel.: <\/strong>225 295 346<br \/>\n<strong>e-mail:\u00a0<a href=\"mailto:lenka.kostakova@praha14.cz\" target=\"_blank\" rel=\"noopener noreferrer\">lenka.kostakova@praha14.cz<\/a><\/strong><\/p>\n<p><strong><strong style=\"color: #009dde;\"><br \/>\nTajemnice pracovn\u00ed skupiny senio\u0159i:<\/strong><\/strong><b><br \/>\n<\/b><strong>Daniela Stoklasov\u00e1<\/strong> &#8211;\u00a0<a href=\"mailto:\u2013daniela.stuklasova@praha14.cz\" target=\"_blank\" rel=\"noopener\">daniela.stoklasova@praha14.cz<\/a>, 225\u00a0295 392<\/p>\n<p><strong><strong style=\"color: #009dde;\">Tajemnice pracovn\u00ed skupiny osoby se zdravotn\u00edm znev\u00fdhodn\u011bn\u00edm:<\/strong><\/strong><b><br \/>\n<\/b><strong>Daniela Stoklasov\u00e1<\/strong> &#8211;\u00a0<a href=\"mailto:\u2013daniela.stuklasova@praha14.cz\" target=\"_blank\" rel=\"noopener\">daniela.stoklasova@praha14.cz<\/a>, 225\u00a0295 392<\/p>\n<p><strong><strong style=\"color: #009dde;\">Tajemnice pracovn\u00ed skupiny rodina, d\u011bti a ml\u00e1de\u017e:<\/strong><\/strong><b><br \/>\nBc. <\/b><strong>Romana Folprechtov\u00e1<\/strong> &#8211;\u00a0<a href=\"mailto:romana.folprechtova@praha14.cz\" target=\"_blank\" rel=\"noopener noreferrer\">romana.folprechtova@praha14.cz<\/a>, 225 295 533<\/p>\n<p><strong><strong style=\"color: #009dde;\">Tajemnice pracovn\u00ed skupiny cizinci a men\u0161iny:<\/strong><\/strong><b><br \/>\n<\/b><strong>Mgr. Ekaterina Kokkalou<\/strong>\u00a0&#8211;\u00a0<a href=\"mailto:ekaterina.kokkalou@praha14.cz\" target=\"_blank\" rel=\"noopener noreferrer\">ekaterina.kokkalou@praha14.cz<\/a>, 225 295\u00a0343<\/p>\n<p><strong><span style=\"color: #009dde;\">Tajemnice pracovn\u00ed skupiny osoby ohro\u017een\u00e9 soci\u00e1ln\u00edm vylou\u010den\u00edm:<br \/>\n<span style=\"color: #000000;\">Mgr. Anita Maninov\u00e1 &#8211;<\/span><\/span><\/strong><span style=\"color: #000000;\"> <a href=\"mailto:anita.maninova@praha14.cz\" target=\"_blank\" rel=\"noopener noreferrer\">anita.maninova@praha14.cz<\/a>, 225 295 352<\/span><\/p>\n<p>\n\t\t\t\t<\/div>\n\t\t\t<\/div>\n\t\t<\/article><article class=\"panel panel-default\">\n\t\t\t<div class=\"panel-heading\">\n\t\t\t\t<h1 class=\"panel-title\">\n\t\t\t\t\t<a data-toggle=\"collapse\" data-parent=\"#panel_group_1\" href=\"#panel_1_3\" class=\"collapsed\">\n\t\t\t\t\t\tTerm\u00edny setk\u00e1n\u00ed pracovn\u00edch skupin\n\t\t\t\t\t<\/a>\n\t\t\t\t<\/h1>\n\t\t\t<\/div>\n\t\t\t<div id=\"panel_1_3\" class=\"panel-collapse collapse\">\n\t\t\t\t<div class=\"panel-body\">\n\t\t\t\t\t<\/p>\n<p>V p\u0159\u00edpad\u011b z\u00e1jmu se pros\u00edm obra\u0165te na tajemnice pracovn\u00edch skupin viz &#8222;Kontakty&#8220; v\u00fd\u0161e.<\/p>\n<p>\n\t\t\t\t<\/div>\n\t\t\t<\/div>\n\t\t<\/article><article class=\"panel panel-default\">\n\t\t\t<div class=\"panel-heading\">\n\t\t\t\t<h1 class=\"panel-title\">\n\t\t\t\t\t<a data-toggle=\"collapse\" data-parent=\"#panel_group_1\" href=\"#panel_1_4\" class=\"collapsed\">\n\t\t\t\t\t\tDokumentace procesu\n\t\t\t\t\t<\/a>\n\t\t\t\t<\/h1>\n\t\t\t<\/div>\n\t\t\t<div id=\"panel_1_4\" class=\"panel-collapse collapse\">\n\t\t\t\t<div class=\"panel-body\">\n\t\t\t\t\t<\/p>\n<p>Zde se uve\u0159ej\u0148uj\u00ed ofici\u00e1ln\u00ed dokumenty, vztahuj\u00edc\u00ed se k\u00a0procesu KPSS (komunitn\u00ed pl\u00e1nov\u00e1n\u00ed soci\u00e1ln\u00edch slu\u017eeb) v\u00a0na\u0161\u00ed m\u011bstsk\u00e9 \u010d\u00e1sti (M\u010c).<\/p>\n<ul>\n<li><a href=\"https:\/\/www.praha14.cz\/app\/uploads\/sites\/4\/2025\/02\/Strednedoby-plan-rozvoje-socialnich-sluzeb_na-2025-2028.pdf\" target=\"_blank\" rel=\"noopener\">St\u0159edn\u011bdob\u00fd pl\u00e1n rozvoje soci\u00e1ln\u00edch slu\u017eeb na \u00fazem\u00ed m\u011bstsk\u00e9 \u010d\u00e1sti Praha 14 v letech 2025 &#8211; 2028<\/a><\/li>\n<\/ul>\n<p>*\u00a0<strong>EXPERTN\u00cd PRACOVN\u00cd SKUPINA<\/strong>\u00a0\u2013 vytvo\u0159en\u00e1 v\u00a0roce 2024 k vytvo\u0159en\u00ed SPRSS na rok 2025-2028<br \/>\n* <a href=\"https:\/\/www.praha14.cz\/app\/uploads\/sites\/4\/2025\/06\/Zapis-27.5.2024-Expertni-prac.-skupina.pdf\" target=\"_blank\" rel=\"noopener\">Z\u00e1pis \u010d. 1 &#8211; 27. 5. 2024<\/a><br \/>\n* <a href=\"https:\/\/www.praha14.cz\/app\/uploads\/sites\/4\/2025\/06\/Zapis-1.7.2024-z-Expertni-PS-radni-soc.-oblast.pdf\" target=\"_blank\" rel=\"noopener\">Z\u00e1pis \u010d. 2 &#8211; 1. 7. 2024<\/a><br \/>\n* <a href=\"https:\/\/www.praha14.cz\/app\/uploads\/sites\/4\/2025\/06\/zapis-c.-3-zari-2024-Expertni-prac.-skupina.pdf\" target=\"_blank\" rel=\"noopener\">Z\u00e1pis \u010d. 3 &#8211; z\u00e1\u0159\u00ed 2024<\/a><br \/>\n* <a href=\"https:\/\/www.praha14.cz\/app\/uploads\/sites\/4\/2025\/06\/Zprava-KPRSS-25.9.2024.pdf\" target=\"_blank\" rel=\"noopener\">Zpr\u00e1va z Ve\u0159ejn\u00e9ho setk\u00e1n\u00ed k rozvoji soci\u00e1ln\u00edch slu\u017eeb v Praze 14<\/a><\/p>\n<ul>\n<li><a href=\"https:\/\/www.praha14.cz\/app\/uploads\/sites\/4\/2020\/12\/SPRSS_2021-24_Fin%C3%A1ln%C3%AD.pdf\" target=\"_blank\" rel=\"noopener\">St\u0159edn\u011bdob\u00fd pl\u00e1n rozvoje soci\u00e1ln\u00edch slu\u017eeb na \u00fazem\u00ed m\u011bstsk\u00e9 \u010d\u00e1sti Praha 14 v letech 2021 &#8211; 2024 <\/a><\/li>\n<li><a href=\"https:\/\/www.praha14.cz\/app\/uploads\/sites\/4\/2014\/04\/St\u0159edn\u011bdob\u00fd-pl\u00e1n-rozvoje-soci\u00e1ln\u00edch-slu\u017eeb-na-\u00fazem\u00ed-m\u011bstsk\u00e9-\u010d\u00e1sti-Praha-14-.pdf\" target=\"_blank\" rel=\"noopener noreferrer\">St\u0159edn\u011bdob\u00fd pl\u00e1n rozvoje soci\u00e1ln\u00edch slu\u017eeb na \u00fazem\u00ed m\u011bstsk\u00e9 \u010d\u00e1sti Praha 14 v letech 2017 &#8211; 2020\u00a0<\/a><\/li>\n<li><a title=\"Odkaz do nov\u00e9ho okna\" href=\"https:\/\/www.praha14.cz\/app\/uploads\/sites\/4\/2014\/04\/komun_plan_soc_sl_2014_2016.pdf\" target=\"_blank\" rel=\"noopener noreferrer\">Komunitn\u00ed pl\u00e1n soci\u00e1ln\u00edch slu\u017eeb 2014-2016<\/a><\/li>\n<li><a title=\"Odkaz do nov\u00e9ho okna\" href=\"https:\/\/www.praha14.cz\/app\/uploads\/sites\/4\/2014\/04\/KPSS_defin_2009.doc\" target=\"_blank\" rel=\"noopener noreferrer\">Komunitn\u00ed pl\u00e1n soci\u00e1ln\u00edch slu\u017eeb ve spr\u00e1vn\u00edm obvodu Praha 14 v letech 2009 &#8211; 2014<\/a><\/li>\n<li><a href=\"https:\/\/www.praha14.cz\/samosprava\/dulezite-informace\/dotace\/\" target=\"_blank\" rel=\"noopener noreferrer\">Dotace m\u011bstsk\u00e9 \u010d\u00e1sti Praha 14<\/a><\/li>\n<li><a href=\"https:\/\/www.praha14.cz\/app\/uploads\/sites\/4\/2024\/07\/Analyza-socialnich-sluzeb-P14-v-roce-2024.pdf\" target=\"_blank\" rel=\"noopener\">Anal\u00fdza soci\u00e1ln\u00edch slu\u017eeb Prahy 14 v roce 2024<\/a><\/li>\n<\/ul>\n<p><strong>Pln\u011bn\u00ed KPSS<\/strong>:<\/p>\n<ul>\n<li><a href=\"https:\/\/www.praha14.cz\/app\/uploads\/sites\/4\/2014\/04\/Pln\u011bn\u00ed-KPSS-2012.doc\" target=\"_blank\" rel=\"noopener noreferrer\">Pln\u011bn\u00ed KPSS 2012<\/a><\/li>\n<li><a href=\"https:\/\/www.praha14.cz\/app\/uploads\/sites\/4\/2014\/04\/Pln\u011bn\u00ed-KPSS-2013.doc\" target=\"_blank\" rel=\"noopener noreferrer\">Pln\u011bn\u00ed KPSS 2013<\/a><\/li>\n<li><a href=\"https:\/\/www.praha14.cz\/app\/uploads\/sites\/4\/2014\/04\/Pln\u011bn\u00ed-KPSS-2014.doc\" target=\"_blank\" rel=\"noopener noreferrer\">Pln\u011bn\u00ed KPSS 2014<\/a><\/li>\n<li><a href=\"https:\/\/www.praha14.cz\/app\/uploads\/sites\/4\/2014\/04\/Pln\u011bn\u00ed-KPSS-2015.doc\" target=\"_blank\" rel=\"noopener noreferrer\">Pln\u011bn\u00ed KPSS 2015<\/a><\/li>\n<li><a href=\"https:\/\/www.praha14.cz\/app\/uploads\/sites\/4\/2020\/01\/Pln\u011bn\u00ed-KPSS-2016.pdf\" target=\"_blank\" rel=\"noopener noreferrer\">Pln\u011bn\u00ed KPSS 2016<\/a><\/li>\n<li><a href=\"https:\/\/www.praha14.cz\/app\/uploads\/sites\/4\/2020\/01\/Pln\u011bn\u00ed-KPSS-2017-.pdf\" target=\"_blank\" rel=\"noopener noreferrer\">Pln\u011bn\u00ed KPSS 2017<\/a><\/li>\n<li><a href=\"https:\/\/www.praha14.cz\/app\/uploads\/sites\/4\/2020\/01\/Pln\u011bn\u00ed-SPRSS-2018.pdf\" target=\"_blank\" rel=\"noopener noreferrer\">Pln\u011bn\u00ed SPRSS 2018<\/a><\/li>\n<li><a href=\"https:\/\/www.praha14.cz\/app\/uploads\/sites\/4\/2022\/01\/Plneni-SPRSS-2019-rev.pdf\" target=\"_blank\" rel=\"noopener\">Pln\u011bn\u00ed SPRSS 2019<\/a><\/li>\n<li><a href=\"https:\/\/www.praha14.cz\/app\/uploads\/sites\/4\/2022\/01\/Plneni-SPRSS-2020-finalni-.pdf\" target=\"_blank\" rel=\"noopener\">Pln\u011bn\u00ed SPRSS 2020<\/a><\/li>\n<li><a href=\"https:\/\/www.praha14.cz\/app\/uploads\/sites\/4\/2022\/09\/Plneni-SPRSS-2021-.pdf\" target=\"_blank\" rel=\"noopener\">Pln\u011bn\u00ed SPRSS 2021<\/a><\/li>\n<li><a href=\"https:\/\/www.praha14.cz\/app\/uploads\/sites\/4\/2023\/06\/Plneni-SPRSS-2022_-002.pdf\" target=\"_blank\" rel=\"noopener\">Pln\u011bn\u00ed SPRSS 2022<\/a><\/li>\n<li><a href=\"https:\/\/www.praha14.cz\/app\/uploads\/sites\/4\/2024\/05\/Plneni-SPRSS-2023.pdf\" target=\"_blank\" rel=\"noopener\">Pln\u011bn\u00ed SPRSS 2023<\/a><\/li>\n<li><a href=\"https:\/\/www.praha14.cz\/app\/uploads\/sites\/4\/2025\/10\/Plneni-SPRSS-2024.pdf\" target=\"_blank\" rel=\"noopener\">Pln\u011bn\u00ed SPRSS 2024<\/a><\/li>\n<\/ul>\n<p><strong>Aktualizace KPSS<\/strong><\/p>\n<p><a href=\"https:\/\/www.praha14.cz\/app\/uploads\/sites\/4\/2014\/04\/Opatreni_poKomis_27062011.rtf\">N\u00e1vrh &#8222;Opat\u0159en\u00ed a Aktivit&#8220; aktualizovan\u00e9ho Komunitn\u00edho pl\u00e1nu soci\u00e1ln\u00edch slu\u017eeb pro roky 2012-2014<\/a><br \/>\n<a href=\"https:\/\/www.praha14.cz\/app\/uploads\/sites\/4\/2014\/04\/pripominkovaci_formular_2011.rtf\">P\u0159ipom\u00ednkovac\u00ed formul\u00e1\u0159<\/a><\/p>\n<p>\n\t\t\t\t<\/div>\n\t\t\t<\/div>\n\t\t<\/article><article class=\"panel panel-default\">\n\t\t\t<div class=\"panel-heading\">\n\t\t\t\t<h1 class=\"panel-title\">\n\t\t\t\t\t<a data-toggle=\"collapse\" data-parent=\"#panel_group_1\" href=\"#panel_1_5\" class=\"collapsed\">\n\t\t\t\t\t\tOdkazy\n\t\t\t\t\t<\/a>\n\t\t\t\t<\/h1>\n\t\t\t<\/div>\n\t\t\t<div id=\"panel_1_5\" class=\"panel-collapse collapse\">\n\t\t\t\t<div class=\"panel-body\">\n\t\t\t\t\t<\/p>\n<p><strong>Zde naleznete odkazy na instituce, kter\u00e9 se Komunitn\u00edm pl\u00e1nov\u00e1n\u00edm soci\u00e1ln\u00edch slu\u0159eb zab\u00fdvaj\u00ed.<\/strong><\/p>\n<p>Centrum soci\u00e1ln\u00edch slu\u017eeb Praha (CSSP)<br \/>\n<a title=\"Odkaz do nov\u00e9ho okna\" href=\"http:\/\/www.cssp.cz\/\" target=\"_blank\" rel=\"noopener noreferrer\">www.cssp.cz<\/a><\/p>\n<p>Agora Central Europe<br \/>\n<a title=\"Odkaz do nov\u00e9ho okna\" href=\"http:\/\/www.agora-ce.cz\/\" target=\"_blank\" rel=\"noopener noreferrer\">www.agora-ce.cz<\/a><\/p>\n<p>Ministerstvo pr\u00e1ce a soci\u00e1ln\u00edch v\u011bc\u00ed (sekce soci\u00e1ln\u00ed slu\u017eby)<br \/>\n<a title=\"Odkaz do nov\u00e9ho okna\" href=\"http:\/\/www.mpsv.cz\/\" target=\"_blank\" rel=\"noopener noreferrer\">www.mpsv.cz<\/a><\/p>\n<p>Praha 12 (sekce Komunitn\u00ed pl\u00e1nov\u00e1n\u00ed a EU)<br \/>\n<a title=\"Odkaz do nov\u00e9ho okna\" href=\"http:\/\/www.praha12.cz\/\" target=\"_blank\" rel=\"noopener noreferrer\">www.praha12.cz<\/a><\/p>\n<p>str\u00e1nky \u00da\u0159adu m\u011bstsk\u00e9 \u010d\u00e1sti (\u00daM\u010c) Praha 14<br \/>\n<a title=\"Odkaz do nov\u00e9ho okna\" href=\"https:\/\/www.praha14.cz\/\" target=\"_blank\" rel=\"noopener noreferrer\">www.praha14.cz<\/a><\/p>\n<p>str\u00e1nky m\u011bstsk\u00e9 \u010d\u00e1sti (M\u010c) Praha-Doln\u00ed Po\u010dernice<br \/>\n<a title=\"Odkaz do nov\u00e9ho okna\" href=\"http:\/\/www.praha-dolnipocernice.cz\/\" target=\"_blank\" rel=\"noopener noreferrer\">www.praha-dolnipocernice.cz<\/a><\/p>\n<p>str\u00e1nky magistr\u00e1tu Hlavn\u00edho m\u011bsta (MHM) Praha<br \/>\n<a title=\"Odkaz do nov\u00e9ho okna\" href=\"http:\/\/www.praha.eu\/\" target=\"_blank\" rel=\"noopener noreferrer\">www.praha.eu<\/a><\/p>\n<p>str\u00e1nky m\u011bstsk\u00e9ho \u00fa\u0159adu (M\u00da) Most (m\u011bsto m\u00e1 KP ji\u017e zpracov\u00e1n)<br \/>\n<a title=\"Odkaz do nov\u00e9ho okna\" href=\"http:\/\/www.mesto-most.cz\/\" target=\"_blank\" rel=\"noopener noreferrer\">www.mesto-most.cz<\/a><\/p>\n<p>Ob\u010dansk\u00e9 poradensk\u00e9 st\u0159edisko, o.p.s, Hradec Kr\u00e1lov\u00e9<br \/>\n<a title=\"Odkaz do nov\u00e9ho okna\" href=\"http:\/\/www.ops.cz\/\" target=\"_blank\" rel=\"noopener noreferrer\">www.ops.cz\/<\/a><\/p>\n<p>Centrum komunitn\u00ed pr\u00e1ce \u00dast\u00ed nad Labem<br \/>\n<a title=\"Odkaz do nov\u00e9ho okna\" href=\"http:\/\/www.ckpul.cz\/\" target=\"_blank\" rel=\"noopener noreferrer\">www.ckpul.cz<\/a><\/p>\n<p>Region\u00e1ln\u00ed rozvojov\u00e1 agentura Pardubick\u00e9ho kraje<br \/>\n<a title=\"Odkaz do nov\u00e9ho okna\" href=\"http:\/\/www.rrapk.cz\/\" target=\"_blank\" rel=\"noopener noreferrer\">www.rrapk.cz<\/a><\/p>\n<p>Port\u00e1l pro soci\u00e1ln\u00ed oblast m\u011bsta Prahy (sekce Pl\u00e1nov\u00e1n\u00ed soci\u00e1ln\u00edch slu\u017eeb)<br \/>\n<a title=\"Odkaz do nov\u00e9ho okna\" href=\"https:\/\/socialni.praha.eu\/jnp\/cz\/komunitni_planovani\/index.html\" target=\"_blank\" rel=\"noopener noreferrer\">https:\/\/socialni.praha.eu\/jnp\/cz\/komunitni_planovani\/index.html<\/a><\/p>\n<p>\n\t\t\t\t<\/div>\n\t\t\t<\/div>\n\t\t<\/article><article class=\"panel panel-default\">\n\t\t\t<div class=\"panel-heading\">\n\t\t\t\t<h1 class=\"panel-title\">\n\t\t\t\t\t<a data-toggle=\"collapse\" data-parent=\"#panel_group_1\" href=\"#panel_1_6\" class=\"collapsed\">\n\t\t\t\t\t\tZ\u00e1pisy z jedn\u00e1n\u00ed skupin KPSS\n\t\t\t\t\t<\/a>\n\t\t\t\t<\/h1>\n\t\t\t<\/div>\n\t\t\t<div id=\"panel_1_6\" class=\"panel-collapse collapse\">\n\t\t\t\t<div class=\"panel-body\">\n\t\t\t\t\t<\/p>\n<h5>Pracovn\u00ed skupina Cizinci a men\u0161iny<\/h5>\n<p><strong>Rok 2024<\/strong><\/p>\n<ul>\n<li><a href=\"https:\/\/www.praha14.cz\/app\/uploads\/sites\/4\/2025\/06\/Zapis-Cizinci-a-mensiny-29.4.2024-vc.-SWOT-.pdf\" target=\"_blank\" rel=\"noopener\">Z\u00e1pis \u010d. 1 &#8211; 29. 4. 2024<\/a><\/li>\n<\/ul>\n<p><strong>Rok 2023<\/strong><\/p>\n<ul>\n<li><a href=\"https:\/\/www.praha14.cz\/app\/uploads\/sites\/4\/2025\/06\/Zapis-z-PS-Cizinci-a-mensiny-19.4.2023.pdf\" target=\"_blank\" rel=\"noopener\">Z\u00e1pis \u010d. 1 &#8211; 19. 4. 2023<\/a><\/li>\n<li><a href=\"https:\/\/www.praha14.cz\/app\/uploads\/sites\/4\/2025\/06\/2023-11-30-zapis-z-PS-cizinci-a-mensiny.pdf\" target=\"_blank\" rel=\"noopener\">Z\u00e1pis \u010d. 2 &#8211; 30. 11. 2023<\/a><\/li>\n<\/ul>\n<p><strong>Rok 2022<\/strong><\/p>\n<ul>\n<li><a href=\"https:\/\/www.praha14.cz\/app\/uploads\/sites\/4\/2025\/06\/PS-cizinci-22.05.22-.pdf\" target=\"_blank\" rel=\"noopener\">Z\u00e1pis \u010d. 1 &#8211; 22. 5. 2022<\/a><\/li>\n<\/ul>\n<p><strong>Rok 2021<\/strong><\/p>\n<ul>\n<li><a href=\"https:\/\/www.praha14.cz\/app\/uploads\/sites\/4\/2022\/01\/Pracovni-skupina-2021-Cizinci-a-mensiny.pdf\" target=\"_blank\" rel=\"noopener\">Informace pro rok 2021 (z d\u016fvodu pandemie covid-19 se jedn\u00e1n\u00ed nekonala)<\/a><\/li>\n<\/ul>\n<p><strong>Rok 2020<\/strong><\/p>\n<ul>\n<li><a href=\"https:\/\/www.praha14.cz\/app\/uploads\/sites\/4\/2022\/01\/Zapis-1.-CIZINCI-27-02-2020.pdf\" target=\"_blank\" rel=\"noopener\">Z\u00e1pis \u010d. 1 &#8211; 27. 2. 2020<\/a><\/li>\n<\/ul>\n<p><strong>Rok 2019<\/strong><\/p>\n<ul>\n<li><a href=\"https:\/\/www.praha14.cz\/app\/uploads\/sites\/4\/2022\/01\/Zapis-1.-CIZINCI-28-02-2019.pdf\" target=\"_blank\" rel=\"noopener\">Z\u00e1pis \u010d. 1 &#8211; 28. 2. 2019<\/a><\/li>\n<li><a href=\"https:\/\/www.praha14.cz\/app\/uploads\/sites\/4\/2022\/01\/Zapis-2-PS-cizinci-07.11.19.pdf\" target=\"_blank\" rel=\"noopener\">Z\u00e1pis \u010d. 2 &#8211; 7. 11. 2019<\/a><\/li>\n<\/ul>\n<p><strong>Rok 2018<\/strong><\/p>\n<ul>\n<li><a href=\"https:\/\/www.praha14.cz\/app\/uploads\/sites\/4\/2022\/01\/Zapis-1.-CIZINCI-18-01.2018-1.pdf\" target=\"_blank\" rel=\"noopener\">Z\u00e1pis \u010d. 1 &#8211; 18. 1. 2018<\/a><\/li>\n<li><a href=\"https:\/\/www.praha14.cz\/app\/uploads\/sites\/4\/2022\/01\/Zapis-2.-CIZINCI-12-04-2018.pdf\" target=\"_blank\" rel=\"noopener\">Z\u00e1pis \u010d. 2 &#8211; 12. 4. 2018<\/a><\/li>\n<li><a href=\"https:\/\/www.praha14.cz\/app\/uploads\/sites\/4\/2022\/01\/Zapis-3.-CIZINCI-05-06-2018-.pdf\" target=\"_blank\" rel=\"noopener\">Z\u00e1pis \u010d. 3 &#8211; 5. 6. 2018<\/a><\/li>\n<li><a href=\"https:\/\/www.praha14.cz\/app\/uploads\/sites\/4\/2022\/01\/Zapis-4.-CIZINCI-10-10-2018.pdf\" target=\"_blank\" rel=\"noopener\">Z\u00e1pis \u010d. 4 &#8211; 10. 10. 2018<\/a><\/li>\n<\/ul>\n<p><strong>Rok 2017<\/strong><\/p>\n<ul>\n<li><a href=\"https:\/\/www.praha14.cz\/app\/uploads\/sites\/4\/2022\/01\/Zapis-z-1.PS-ze-dne-22.2.2017.pdf\" target=\"_blank\" rel=\"noopener\">Z\u00e1pis \u010d. 1 &#8211; 22. 2. 2017<\/a><\/li>\n<li><a href=\"https:\/\/www.praha14.cz\/app\/uploads\/sites\/4\/2022\/01\/Zapis-2.-CIZINCI-24-05.2017.pdf\" target=\"_blank\" rel=\"noopener\">Z\u00e1pis \u010d. 2 &#8211; 24. 5. 2017<\/a><\/li>\n<li><a href=\"https:\/\/www.praha14.cz\/app\/uploads\/sites\/4\/2022\/01\/Zapis-3.-CIZINCI-22-09.2017.pdf\" target=\"_blank\" rel=\"noopener\">Z\u00e1pis \u010d. 3 &#8211; 22. 9. 2017<\/a><\/li>\n<\/ul>\n<h5><\/h5>\n<h5>Pracovn\u00ed skupina Rodina, d\u011bti a ml\u00e1de\u017e<\/h5>\n<p><strong>Rok 2024<\/strong><\/p>\n<ul>\n<li><a href=\"https:\/\/www.praha14.cz\/app\/uploads\/sites\/4\/2025\/06\/Zapis-z-pracovni-skupiny-Rodina-17.4.20024-vc.-SWOT.pdf\" target=\"_blank\" rel=\"noopener\">Z\u00e1pis \u010d. 1 &#8211; 17. 4. 2024<\/a><\/li>\n<\/ul>\n<p><strong>Rok 2023<\/strong><\/p>\n<ul>\n<li><a href=\"https:\/\/www.praha14.cz\/app\/uploads\/sites\/4\/2025\/06\/zapis-kp-7_6_2023.pdf\" target=\"_blank\" rel=\"noopener\">Z\u00e1pis \u010d. 1 &#8211; 7. 6. 2023<\/a><\/li>\n<li><a href=\"https:\/\/www.praha14.cz\/app\/uploads\/sites\/4\/2025\/06\/c.2-rodina-deti-a-mladez-zapis-23_10_2023.pdf\" target=\"_blank\" rel=\"noopener\">Z\u00e1pis \u010d.2 &#8211; 23. 10. 2023<\/a><\/li>\n<\/ul>\n<p><strong>Rok 2022<\/strong><\/p>\n<ul>\n<li><a href=\"https:\/\/www.praha14.cz\/app\/uploads\/sites\/4\/2025\/06\/zapis-PS-Rodina-detia-.13_6_2022.pdf\">Z\u00e1pis \u010d. 1 &#8211; 13. 6. 2022<\/a><\/li>\n<li><a href=\"https:\/\/www.praha14.cz\/app\/uploads\/sites\/4\/2025\/06\/zapis-PS-Rodina-detia-.-04_10_2022.pdf\" target=\"_blank\" rel=\"noopener\">Z\u00e1pis \u010d. 2 &#8211; 4. 10. 2022<\/a><\/li>\n<\/ul>\n<p><strong>Rok 2021<\/strong><\/p>\n<ul>\n<li><a href=\"https:\/\/www.praha14.cz\/app\/uploads\/sites\/4\/2022\/01\/1.-zapis_10_11_2021-Rodinadeti-a-mladez.pdf\" target=\"_blank\" rel=\"noopener\">Z\u00e1pis \u010d. 1 &#8211; 10. 11. 2021<\/a><\/li>\n<\/ul>\n<p><strong>Rok 2020<\/strong><\/p>\n<ul>\n<li><a href=\"https:\/\/www.praha14.cz\/app\/uploads\/sites\/4\/2022\/01\/zapis-c.1-RDM-z-19.2.2020.pdf\" target=\"_blank\" rel=\"noopener\">Z\u00e1pis \u010d. 1 &#8211; 19. 2. 2020<\/a><\/li>\n<li><a href=\"https:\/\/www.praha14.cz\/app\/uploads\/sites\/4\/2022\/01\/zapi-c.-2-RDM-z-27.7.2020-1.pdf\" target=\"_blank\" rel=\"noopener\">Z\u00e1pis \u010d. 2 &#8211; 27. 7. 2020<\/a><\/li>\n<\/ul>\n<p><strong>Rok 2019<\/strong><\/p>\n<ul>\n<li><a href=\"https:\/\/www.praha14.cz\/app\/uploads\/sites\/4\/2022\/01\/zapis-c.1-RDM-6_2_2019-.pdf\" target=\"_blank\" rel=\"noopener\">Z\u00e1pis \u010d. 1 &#8211; 6. 2. 2019<\/a><\/li>\n<li><a href=\"https:\/\/www.praha14.cz\/app\/uploads\/sites\/4\/2022\/01\/zapis-c.2-RDM-24_4_2019.pdf\" target=\"_blank\" rel=\"noopener\">Z\u00e1pis \u010d. 2 &#8211; 24. 4. 2019<\/a><\/li>\n<li><a href=\"https:\/\/www.praha14.cz\/app\/uploads\/sites\/4\/2022\/01\/zapis-c.3-RDM-04_09_2019.pdf\" target=\"_blank\" rel=\"noopener\">Z\u00e1pis \u010d. 3 &#8211; 4. 9. 2019<\/a><\/li>\n<li><a href=\"https:\/\/www.praha14.cz\/app\/uploads\/sites\/4\/2022\/01\/zapis-c.4-RDM-27_11_2019.pdf\" target=\"_blank\" rel=\"noopener\">Z\u00e1pis \u010d. 4 &#8211; 27. 11. 2019<\/a><\/li>\n<\/ul>\n<p><strong>Rok 2018<\/strong><\/p>\n<ul>\n<li><a href=\"https:\/\/www.praha14.cz\/app\/uploads\/sites\/4\/2022\/01\/zapis-c.1-RDM-10.1.2018.pdf\" target=\"_blank\" rel=\"noopener\">Z\u00e1pis \u010d. 1 &#8211; 10. 1. 2018<\/a><\/li>\n<li><a href=\"https:\/\/www.praha14.cz\/app\/uploads\/sites\/4\/2022\/01\/zapis-c.2-RDM-11.4.2018-.pdf\" target=\"_blank\" rel=\"noopener\">Z\u00e1pis \u010d. 2 &#8211; 11. 4. 2018<\/a><\/li>\n<li><a href=\"https:\/\/www.praha14.cz\/app\/uploads\/sites\/4\/2022\/01\/zapis-c.3-RDM_13_6_2018.pdf\" target=\"_blank\" rel=\"noopener\">Z\u00e1pis \u010d. 3 &#8211; 13. 6. 2018<\/a><\/li>\n<li><a href=\"https:\/\/www.praha14.cz\/app\/uploads\/sites\/4\/2022\/01\/zapis-c.4-RDM-17.10.2018.pdf\" target=\"_blank\" rel=\"noopener\">Z\u00e1pis \u010d. 4 &#8211; 17. 10. 2018<\/a><\/li>\n<\/ul>\n<p><strong>Rok 2017<\/strong><\/p>\n<ul>\n<li><a href=\"https:\/\/www.praha14.cz\/app\/uploads\/sites\/4\/2022\/01\/zapis-c.1-RDM-15.2.2017.pdf\" target=\"_blank\" rel=\"noopener\">Z\u00e1pis \u010d. 1 &#8211; 15. 2. 2017<\/a><\/li>\n<li><a href=\"https:\/\/www.praha14.cz\/app\/uploads\/sites\/4\/2022\/01\/zapis-c.-2-RDM-10.05.2017.pdf\" target=\"_blank\" rel=\"noopener\">Z\u00e1pis \u010d. 2 &#8211; 10. 5. 2017<\/a><\/li>\n<li><a href=\"https:\/\/www.praha14.cz\/app\/uploads\/sites\/4\/2022\/01\/zapis-c.-3-RDM-20.9.2017.pdf\" target=\"_blank\" rel=\"noopener\">Z\u00e1pis \u010d. 3 &#8211; 20. 9. 2017<\/a><\/li>\n<\/ul>\n<h5>Pracovn\u00ed skupina Senio\u0159i<\/h5>\n<p><strong>Rok 2024<\/strong><\/p>\n<ul>\n<li><a href=\"https:\/\/www.praha14.cz\/app\/uploads\/sites\/4\/2025\/06\/zapis-PS-seniori-a-OZP-4.4.2024.pdf\" target=\"_blank\" rel=\"noopener\">Z\u00e1pis \u010d. 1 &#8211; 4. 4. 2024<\/a><\/li>\n<\/ul>\n<p><strong>Rok 2023<\/strong><\/p>\n<ul>\n<li><a href=\"https:\/\/www.praha14.cz\/app\/uploads\/sites\/4\/2025\/06\/Zapis-c-30.-3.-2023.pdf\" target=\"_blank\" rel=\"noopener\">Z\u00e1pis \u010d. 1 &#8211; 30. 3. 2023<\/a><\/li>\n<li><a href=\"https:\/\/www.praha14.cz\/app\/uploads\/sites\/4\/2025\/06\/zapis-PS-Seniori-a-OZP-25.9.23.pdf\" target=\"_blank\" rel=\"noopener\">Z\u00e1pis \u010d. 2 &#8211; 25. 9. 2023<\/a><\/li>\n<\/ul>\n<p><strong>Rok 2022<\/strong><\/p>\n<ul>\n<li><a href=\"https:\/\/www.praha14.cz\/app\/uploads\/sites\/4\/2025\/06\/zapis-z-jednani-PS-seniori-a-OZP-27.-5.-2022.pdf\">Z\u00e1pis \u010d. 1 &#8211; 27. 5. 2022<\/a><\/li>\n<li><a href=\"https:\/\/www.praha14.cz\/app\/uploads\/sites\/4\/2025\/06\/zapis-z-PS-seniori-a-OZP15.-11.2022.pdf\" target=\"_blank\" rel=\"noopener\">Z\u00e1pis \u010d. 2 &#8211; 15. 11. 2022<\/a><\/li>\n<\/ul>\n<p><strong>Rok 2021<\/strong><\/p>\n<ul>\n<li><a href=\"https:\/\/www.praha14.cz\/app\/uploads\/sites\/4\/2022\/01\/1-zapis-2021-11-02-zapis-z-PS-seniori-.pdf\" target=\"_blank\" rel=\"noopener\">Z\u00e1pis \u010d. 1 &#8211; 11. 2. 2021<\/a><\/li>\n<\/ul>\n<p><strong>Rok 2020<\/strong><\/p>\n<ul>\n<li><a href=\"https:\/\/www.praha14.cz\/app\/uploads\/sites\/4\/2022\/01\/Zapis-c.-1-PS-seniori-17.4.2020.pdf\" target=\"_blank\" rel=\"noopener\">Z\u00e1pis \u010d. 1 &#8211; 17. 4. 2020<\/a><\/li>\n<li><a href=\"https:\/\/www.praha14.cz\/app\/uploads\/sites\/4\/2022\/01\/Zapis-c.-2-PS-seniori-11.6.2020-.pdf\" target=\"_blank\" rel=\"noopener\">Z\u00e1pis \u010d. 2 &#8211; 11. 6. 2020<\/a><\/li>\n<\/ul>\n<p><strong>Rok 2019<\/strong><\/p>\n<ul>\n<li><a href=\"https:\/\/www.praha14.cz\/app\/uploads\/sites\/4\/2022\/01\/Zapis-c.1-PS-seniori-7.3.2019-.pdf\" target=\"_blank\" rel=\"noopener\">Z\u00e1pis \u010d. 1 &#8211; 7. 3. 2019<\/a><\/li>\n<li><a href=\"https:\/\/www.praha14.cz\/app\/uploads\/sites\/4\/2022\/01\/Zapis-c.2-PS-seniori-6.6.2019.pdf\" target=\"_blank\" rel=\"noopener\">Z\u00e1pis \u010d. 2 &#8211; 6. 6. 2019<\/a><\/li>\n<li><a href=\"https:\/\/www.praha14.cz\/app\/uploads\/sites\/4\/2022\/01\/Zapis-c.-3-PS-seniori-24.10.2019.pdf\" target=\"_blank\" rel=\"noopener\">Z\u00e1pis \u010d. 3 &#8211; 24. 10. 2019<\/a><\/li>\n<\/ul>\n<p><strong>Rok 2018<\/strong><\/p>\n<ul>\n<li><a href=\"https:\/\/www.praha14.cz\/app\/uploads\/sites\/4\/2022\/01\/zapis-c.1-PS-seniori-16.1.2018.pdf\" target=\"_blank\" rel=\"noopener\">Z\u00e1pis \u010d. 1 &#8211; 16. 1. 2018<\/a><\/li>\n<li><a href=\"https:\/\/www.praha14.cz\/app\/uploads\/sites\/4\/2022\/01\/Zapis-c.-2-PS-seniori-10.4.2018.pdf\" target=\"_blank\" rel=\"noopener\">Z\u00e1pis \u010d. 2 &#8211; 10. 4. 2018<\/a><\/li>\n<li><a href=\"https:\/\/www.praha14.cz\/app\/uploads\/sites\/4\/2022\/01\/Zapis-c.-3-PS-seniori-12.6.2018.pdf\" target=\"_blank\" rel=\"noopener\">Z\u00e1pis \u010d. 3 &#8211; 12. 6. 2018<\/a><\/li>\n<li><a href=\"https:\/\/www.praha14.cz\/app\/uploads\/sites\/4\/2022\/01\/Zapis_c.4-PS-seniori-20.9.2018.pdf\" target=\"_blank\" rel=\"noopener\">Z\u00e1pis \u010d. 4 &#8211; 20. 9. 2018<\/a><\/li>\n<li><a href=\"https:\/\/www.praha14.cz\/app\/uploads\/sites\/4\/2022\/01\/Zapis-c.-5.-PS-seniori-29.11.2018.pdf\" target=\"_blank\" rel=\"noopener\">Z\u00e1pis \u010d. 5 &#8211; 29. 11. 2018<\/a><\/li>\n<\/ul>\n<p><strong>Rok 2017<\/strong><\/p>\n<ul>\n<li><a href=\"https:\/\/www.praha14.cz\/app\/uploads\/sites\/4\/2022\/01\/Zapis-c.-1-PS-seniori-9.2.2017.pdf\" target=\"_blank\" rel=\"noopener\">Z\u00e1pis \u010d. 1 &#8211; 9. 2. 2017<\/a><\/li>\n<li><a href=\"https:\/\/www.praha14.cz\/app\/uploads\/sites\/4\/2022\/01\/Zapis-c.2-PS-seniori-18.05.2017.pdf\" target=\"_blank\" rel=\"noopener\">Z\u00e1pis \u010d. 2 &#8211; 18. 5. 2017<\/a><\/li>\n<li><a href=\"https:\/\/www.praha14.cz\/app\/uploads\/sites\/4\/2022\/01\/Zapis-c.-3-PS-seniori-02.10.2017.pdf\" target=\"_blank\" rel=\"noopener\">Z\u00e1pis \u010d. 3 &#8211; 2. 10. 2017<\/a><\/li>\n<\/ul>\n<h5>Pracovn\u00ed skupina Osoby se zdravotn\u00edm znev\u00fdhodn\u011bn\u00edm (do konce roku 2021)<\/h5>\n<p><strong>Rok 2021<\/strong><\/p>\n<ul>\n<li><a href=\"https:\/\/www.praha14.cz\/app\/uploads\/sites\/4\/2022\/01\/Pracovni-skupina-2021-OZP.pdf\" target=\"_blank\" rel=\"noopener\">Informace pro rok 2021 (z d\u016fvodu pandemie covid-19 se jedn\u00e1n\u00ed nekonala)<\/a><\/li>\n<\/ul>\n<p><strong>Rok 2020<\/strong><\/p>\n<ul>\n<li><a href=\"https:\/\/www.praha14.cz\/app\/uploads\/sites\/4\/2022\/01\/Zapis-c.-1-z-PS-OZP-24.4.2020.pdf\" target=\"_blank\" rel=\"noopener\">Z\u00e1pis \u010d. 1 &#8211; 24. 4. 2020<\/a><\/li>\n<li><a href=\"https:\/\/www.praha14.cz\/app\/uploads\/sites\/4\/2022\/01\/Zapis-c.2-z-PS-OZP-16.6.2020.pdf\" target=\"_blank\" rel=\"noopener\">Z\u00e1pis \u010d. 2 &#8211; 16. 6. 2020<\/a><\/li>\n<\/ul>\n<p><strong>Rok 2019<\/strong><\/p>\n<ul>\n<li><a href=\"https:\/\/www.praha14.cz\/app\/uploads\/sites\/4\/2022\/01\/zapis-c.1-PS-OZP-29.4.2019.pdf\" target=\"_blank\" rel=\"noopener\">Z\u00e1pis \u010d. 1 &#8211; 29. 4. 2019<\/a><\/li>\n<li><a href=\"https:\/\/www.praha14.cz\/app\/uploads\/sites\/4\/2022\/01\/zapis-c.-2-PS-OZP-16.10.2019.pdf\" target=\"_blank\" rel=\"noopener\">Z\u00e1pis \u010d. 2 &#8211; 16. 10. 2019<\/a><\/li>\n<\/ul>\n<p><strong>Rok 2018<\/strong><\/p>\n<ul>\n<li><a href=\"https:\/\/www.praha14.cz\/app\/uploads\/sites\/4\/2022\/01\/zapis-c.-1-PS-OZP-29.1.2018.pdf\" target=\"_blank\" rel=\"noopener\">Z\u00e1pis \u010d. 1 &#8211; 29. 1. 2018<\/a><\/li>\n<li><a href=\"https:\/\/www.praha14.cz\/app\/uploads\/sites\/4\/2022\/01\/zapis-c.2.PS-OZP-25.4.2018.pdf\" target=\"_blank\" rel=\"noopener\">Z\u00e1pis \u010d. 2 &#8211; 25. 4. 2018<\/a><\/li>\n<li><a href=\"https:\/\/www.praha14.cz\/app\/uploads\/sites\/4\/2022\/01\/zapis-c.3-PS-OZP-25.6.2018.pdf\" target=\"_blank\" rel=\"noopener\">Z\u00e1pis \u010d. 3 &#8211; 25. 6. 2018<\/a><\/li>\n<li><a href=\"https:\/\/www.praha14.cz\/app\/uploads\/sites\/4\/2022\/01\/zapis-c.-4-PS-OZP-15_10_2018_.pdf\" target=\"_blank\" rel=\"noopener\">Z\u00e1pis \u010d. 4 &#8211; 15. 10. 2018<\/a><\/li>\n<\/ul>\n<p><strong>Rok 2017<\/strong><\/p>\n<ul>\n<li><a href=\"https:\/\/www.praha14.cz\/app\/uploads\/sites\/4\/2022\/01\/Zapis_1_OZP_08-02-2017.pdf\" target=\"_blank\" rel=\"noopener\">Z\u00e1pis \u010d. 1 &#8211; 8. 2. 2017<\/a><\/li>\n<li><a href=\"https:\/\/www.praha14.cz\/app\/uploads\/sites\/4\/2022\/01\/Zapis_2_OZP_22-05-2017.pdf\" target=\"_blank\" rel=\"noopener\">Z\u00e1pis \u010d. 2 &#8211; 22. 5. 2017<\/a><\/li>\n<li><a href=\"https:\/\/www.praha14.cz\/app\/uploads\/sites\/4\/2022\/01\/Zapis_3_OZP_02-10-2017.pdf\" target=\"_blank\" rel=\"noopener\">Z\u00e1pis \u010d. 3 &#8211; 2. 10. 2017<\/a><\/li>\n<\/ul>\n<h5>Pracovn\u00ed skupina Osoby ohro\u017een\u00e9 soci\u00e1ln\u00edm vylou\u010den\u00edm<\/h5>\n<p><strong>Rok 2024<\/strong><\/p>\n<ul>\n<li><a href=\"https:\/\/www.praha14.cz\/app\/uploads\/sites\/4\/2025\/06\/2024-04-18-zapis-z-PS-OoSV.pdf\" target=\"_blank\" rel=\"noopener\">Z\u00e1pis \u010d. 1 &#8211; 18. 4. 2024<\/a><\/li>\n<li><a href=\"https:\/\/www.praha14.cz\/app\/uploads\/sites\/4\/2025\/06\/2024-10-17-zapis-z-PS-OoSV.pdf\" target=\"_blank\" rel=\"noopener\">Z\u00e1pis \u010d. 2 &#8211; 17. 10. 2024<\/a><\/li>\n<\/ul>\n<p><strong>Rok 2023<\/strong><\/p>\n<ul>\n<li><a href=\"https:\/\/www.praha14.cz\/app\/uploads\/sites\/4\/2025\/06\/2023-04-20-zapis-z-PS-OoSV.pdf\" target=\"_blank\" rel=\"noopener\">Z\u00e1pis \u010d. 1 &#8211; 20. 4. 2023<\/a><\/li>\n<li><a href=\"https:\/\/www.praha14.cz\/app\/uploads\/sites\/4\/2025\/06\/2023-11-23-zapis-z-PS-OoSV.pdf\" target=\"_blank\" rel=\"noopener\">Z\u00e1pis \u010d. 2 &#8211; 23. 11. 2023<\/a><\/li>\n<\/ul>\n<p><strong>Rok 2022<\/strong><\/p>\n<ul>\n<li><a href=\"https:\/\/www.praha14.cz\/app\/uploads\/sites\/4\/2025\/06\/2022-05-19-zapis-z-PS-OoSV.pdf\" target=\"_blank\" rel=\"noopener\">Z\u00e1pis \u010d. 1 &#8211; 19. 5. 2022<\/a><\/li>\n<li><a href=\"https:\/\/www.praha14.cz\/app\/uploads\/sites\/4\/2025\/06\/8-zapis-2022-11-10-zapis-z-PS-OoSV.pdf\" target=\"_blank\" rel=\"noopener\">Z\u00e1pis \u010d. 2 &#8211; 10. 11. 2022<\/a><\/li>\n<\/ul>\n<p><strong>Rok 2021<\/strong><\/p>\n<ul>\n<li><a href=\"https:\/\/www.praha14.cz\/app\/uploads\/sites\/4\/2022\/01\/1.-zapis-2021-09-09-zapis-z-PS-OoSV_FB.pdf\" target=\"_blank\" rel=\"noopener\">Z\u00e1pis \u010d. 1 &#8211; 9. 9. 2021<\/a><\/li>\n<li><a href=\"https:\/\/www.praha14.cz\/app\/uploads\/sites\/4\/2022\/01\/2.-zapis-2021-11-11-zapis-z-PS-OoSV.pdf\" target=\"_blank\" rel=\"noopener\">Z\u00e1pis \u010d. 2 &#8211; 11. 11. 2021<\/a><\/li>\n<\/ul>\n<p><strong>Rok 2020<\/strong><\/p>\n<ul>\n<li><a href=\"https:\/\/www.praha14.cz\/app\/uploads\/sites\/4\/2022\/01\/1.-zapis-2020-02-06-zapis-z-PS-OoSV.pdf\">Z\u00e1pis \u010d. 1 &#8211; 6. 2. 2020<\/a><\/li>\n<li><a href=\"https:\/\/www.praha14.cz\/app\/uploads\/sites\/4\/2022\/01\/2.-zapis-2020-06-25-zapis-z-PS-OoSV.pdf\" target=\"_blank\" rel=\"noopener\">Z\u00e1pis \u010d. 2 &#8211; 25. 6. 2020<\/a><\/li>\n<\/ul>\n<p><strong>Rok 2019<\/strong><\/p>\n<ul>\n<li><a href=\"https:\/\/www.praha14.cz\/app\/uploads\/sites\/4\/2022\/01\/1.zapis-2019-06-03-zapis-z-jednani-PS-OsSV.pdf\" target=\"_blank\" rel=\"noopener\">Z\u00e1pis \u010d. 1 &#8211; 3. 6. 2019<\/a><\/li>\n<li><a href=\"https:\/\/www.praha14.cz\/app\/uploads\/sites\/4\/2022\/01\/2.-zapis-2019-10-03-zapis-z-jednani-PS-OoSV.pdf\" target=\"_blank\" rel=\"noopener\">Z\u00e1pis \u010d. 2 &#8211; 3. 10. 2019<\/a><\/li>\n<\/ul>\n<h5>Expertn\u00ed (\u0159\u00edd\u00edc\u00ed) pracovn\u00ed skupina<\/h5>\n<ul>\n<li><a href=\"https:\/\/www.praha14.cz\/app\/uploads\/sites\/4\/2022\/04\/zapis-z-Ex.prac_.skupiny-18.5.2020.pdf\" target=\"_blank\" rel=\"noopener\">Z\u00e1pis \u010d. 1 &#8211; 18. 5. 2020<\/a><\/li>\n<li><a href=\"https:\/\/www.praha14.cz\/app\/uploads\/sites\/4\/2022\/04\/Zapis-c.-2-z-expertni-prac.-skup..pdf\" target=\"_blank\" rel=\"noopener\">Z\u00e1pis \u010d. 2 &#8211; 3. 6. 2020<\/a><\/li>\n<li><a href=\"https:\/\/www.praha14.cz\/app\/uploads\/sites\/4\/2022\/04\/zapis-c.-3-z-Expertni-prac-.-skupiny.pdf\" target=\"_blank\" rel=\"noopener\">Z\u00e1pis \u010d. 3 &#8211; 1. 7. 2020<\/a><\/li>\n<li><a href=\"https:\/\/www.praha14.cz\/app\/uploads\/sites\/4\/2022\/04\/zapis-c.-4-srpen-2020.pdf\" target=\"_blank\" rel=\"noopener\">Z\u00e1pis \u010d. 4 &#8211; srpen 2020<\/a><\/li>\n<\/ul>\n<p>\n\t\t\t\t<\/div>\n\t\t\t<\/div>\n\t\t<\/article><article class=\"panel panel-default\">\n\t\t\t<div class=\"panel-heading\">\n\t\t\t\t<h1 class=\"panel-title\">\n\t\t\t\t\t<a data-toggle=\"collapse\" data-parent=\"#panel_group_1\" href=\"#panel_1_7\" class=\"collapsed\">\n\t\t\t\t\t\tArchiv z\u00e1pis\u016f z jedn\u00e1n\u00ed pracovn\u00edch skupin\n\t\t\t\t\t<\/a>\n\t\t\t\t<\/h1>\n\t\t\t<\/div>\n\t\t\t<div id=\"panel_1_7\" class=\"panel-collapse collapse\">\n\t\t\t\t<div class=\"panel-body\">\n\t\t\t\t\t<\/p>\n<p><a href=\"https:\/\/www.praha14.cz\/zivot-na-praze-14\/archiv-zapisu-z-jednani-pracovnich-skupin-komunitni-planovani-socialnich-sluzeb\/\" target=\"_blank\" rel=\"noopener\">Archiv z\u00e1pis\u016f z jedn\u00e1n\u00ed pracovn\u00edch skupin <\/a><\/p>\n<p>\n\t\t\t\t<\/div>\n\t\t\t<\/div>\n\t\t<\/article><\/div><\/section>\n<p>&nbsp;<\/p>\n","protected":false},"excerpt":{"rendered":"<p>&nbsp;<\/p>\n","protected":false},"author":1,"featured_media":0,"parent":1209,"menu_order":0,"comment_status":"closed","ping_status":"open","template":"","meta":{"_acf_changed":false,"footnotes":""},"class_list":["post-286","page","type-page","status-publish","hentry"],"acf":[],"yoast_head":"<!-- This site is optimized with the Yoast SEO plugin v27.2 - https:\/\/yoast.com\/product\/yoast-seo-wordpress\/ -->\n<title>Komunitn\u00ed pl\u00e1nov\u00e1n\u00ed - \u017divot na Praze 14<\/title>\n<meta name=\"robots\" content=\"index, follow, max-snippet:-1, max-image-preview:large, max-video-preview:-1\" \/>\n<link rel=\"canonical\" href=\"https:\/\/www.praha14.cz\/zivot-na-praze-14\/socialni-oblast-2\/komunitni-planovani-socialnich-sluzeb\/\" \/>\n<meta property=\"og:locale\" content=\"cs_CZ\" \/>\n<meta property=\"og:type\" content=\"article\" \/>\n<meta property=\"og:title\" content=\"Komunitn\u00ed pl\u00e1nov\u00e1n\u00ed - \u017divot na Praze 14\" \/>\n<meta property=\"og:description\" content=\"&nbsp;\" \/>\n<meta property=\"og:url\" content=\"https:\/\/www.praha14.cz\/zivot-na-praze-14\/socialni-oblast-2\/komunitni-planovani-socialnich-sluzeb\/\" \/>\n<meta property=\"og:site_name\" content=\"\u017divot na Praze 14\" \/>\n<meta property=\"article:modified_time\" content=\"2025-10-13T07:04:56+00:00\" \/>\n<meta name=\"twitter:card\" content=\"summary_large_image\" \/>\n<meta name=\"twitter:label1\" content=\"Est. reading time\" \/>\n\t<meta name=\"twitter:data1\" content=\"8 minut\" \/>\n<script type=\"application\/ld+json\" class=\"yoast-schema-graph\">{\"@context\":\"https:\/\/schema.org\",\"@graph\":[{\"@type\":\"WebPage\",\"@id\":\"https:\/\/www.praha14.cz\/zivot-na-praze-14\/socialni-oblast-2\/komunitni-planovani-socialnich-sluzeb\/\",\"url\":\"https:\/\/www.praha14.cz\/zivot-na-praze-14\/socialni-oblast-2\/komunitni-planovani-socialnich-sluzeb\/\",\"name\":\"Komunitn\u00ed pl\u00e1nov\u00e1n\u00ed - \u017divot na Praze 14\",\"isPartOf\":{\"@id\":\"https:\/\/www.praha14.cz\/zivot-na-praze-14\/#website\"},\"datePublished\":\"2014-04-28T08:15:41+00:00\",\"dateModified\":\"2025-10-13T07:04:56+00:00\",\"breadcrumb\":{\"@id\":\"https:\/\/www.praha14.cz\/zivot-na-praze-14\/socialni-oblast-2\/komunitni-planovani-socialnich-sluzeb\/#breadcrumb\"},\"inLanguage\":\"cs\",\"potentialAction\":[{\"@type\":\"ReadAction\",\"target\":[\"https:\/\/www.praha14.cz\/zivot-na-praze-14\/socialni-oblast-2\/komunitni-planovani-socialnich-sluzeb\/\"]}]},{\"@type\":\"BreadcrumbList\",\"@id\":\"https:\/\/www.praha14.cz\/zivot-na-praze-14\/socialni-oblast-2\/komunitni-planovani-socialnich-sluzeb\/#breadcrumb\",\"itemListElement\":[{\"@type\":\"ListItem\",\"position\":1,\"name\":\"\u017divot na Praze 14\",\"item\":\"https:\/\/www.praha14.cz\/zivot-na-praze-14\/\"},{\"@type\":\"ListItem\",\"position\":2,\"name\":\"Soci\u00e1ln\u00ed oblast\",\"item\":\"https:\/\/www.praha14.cz\/zivot-na-praze-14\/socialni-oblast-2\/\"},{\"@type\":\"ListItem\",\"position\":3,\"name\":\"Komunitn\u00ed pl\u00e1nov\u00e1n\u00ed\"}]},{\"@type\":\"WebSite\",\"@id\":\"https:\/\/www.praha14.cz\/zivot-na-praze-14\/#website\",\"url\":\"https:\/\/www.praha14.cz\/zivot-na-praze-14\/\",\"name\":\"\u017divot na Praze 14\",\"description\":\"\",\"potentialAction\":[{\"@type\":\"SearchAction\",\"target\":{\"@type\":\"EntryPoint\",\"urlTemplate\":\"https:\/\/www.praha14.cz\/zivot-na-praze-14\/?s={search_term_string}\"},\"query-input\":{\"@type\":\"PropertyValueSpecification\",\"valueRequired\":true,\"valueName\":\"search_term_string\"}}],\"inLanguage\":\"cs\"}]}<\/script>\n<!-- \/ Yoast SEO plugin. -->","yoast_head_json":{"title":"Komunitn\u00ed pl\u00e1nov\u00e1n\u00ed - \u017divot na Praze 14","robots":{"index":"index","follow":"follow","max-snippet":"max-snippet:-1","max-image-preview":"max-image-preview:large","max-video-preview":"max-video-preview:-1"},"canonical":"https:\/\/www.praha14.cz\/zivot-na-praze-14\/socialni-oblast-2\/komunitni-planovani-socialnich-sluzeb\/","og_locale":"cs_CZ","og_type":"article","og_title":"Komunitn\u00ed pl\u00e1nov\u00e1n\u00ed - \u017divot na Praze 14","og_description":"&nbsp;","og_url":"https:\/\/www.praha14.cz\/zivot-na-praze-14\/socialni-oblast-2\/komunitni-planovani-socialnich-sluzeb\/","og_site_name":"\u017divot na Praze 14","article_modified_time":"2025-10-13T07:04:56+00:00","twitter_card":"summary_large_image","twitter_misc":{"Est. reading time":"8 minut"},"schema":{"@context":"https:\/\/schema.org","@graph":[{"@type":"WebPage","@id":"https:\/\/www.praha14.cz\/zivot-na-praze-14\/socialni-oblast-2\/komunitni-planovani-socialnich-sluzeb\/","url":"https:\/\/www.praha14.cz\/zivot-na-praze-14\/socialni-oblast-2\/komunitni-planovani-socialnich-sluzeb\/","name":"Komunitn\u00ed pl\u00e1nov\u00e1n\u00ed - \u017divot na Praze 14","isPartOf":{"@id":"https:\/\/www.praha14.cz\/zivot-na-praze-14\/#website"},"datePublished":"2014-04-28T08:15:41+00:00","dateModified":"2025-10-13T07:04:56+00:00","breadcrumb":{"@id":"https:\/\/www.praha14.cz\/zivot-na-praze-14\/socialni-oblast-2\/komunitni-planovani-socialnich-sluzeb\/#breadcrumb"},"inLanguage":"cs","potentialAction":[{"@type":"ReadAction","target":["https:\/\/www.praha14.cz\/zivot-na-praze-14\/socialni-oblast-2\/komunitni-planovani-socialnich-sluzeb\/"]}]},{"@type":"BreadcrumbList","@id":"https:\/\/www.praha14.cz\/zivot-na-praze-14\/socialni-oblast-2\/komunitni-planovani-socialnich-sluzeb\/#breadcrumb","itemListElement":[{"@type":"ListItem","position":1,"name":"\u017divot na Praze 14","item":"https:\/\/www.praha14.cz\/zivot-na-praze-14\/"},{"@type":"ListItem","position":2,"name":"Soci\u00e1ln\u00ed oblast","item":"https:\/\/www.praha14.cz\/zivot-na-praze-14\/socialni-oblast-2\/"},{"@type":"ListItem","position":3,"name":"Komunitn\u00ed pl\u00e1nov\u00e1n\u00ed"}]},{"@type":"WebSite","@id":"https:\/\/www.praha14.cz\/zivot-na-praze-14\/#website","url":"https:\/\/www.praha14.cz\/zivot-na-praze-14\/","name":"\u017divot na Praze 14","description":"","potentialAction":[{"@type":"SearchAction","target":{"@type":"EntryPoint","urlTemplate":"https:\/\/www.praha14.cz\/zivot-na-praze-14\/?s={search_term_string}"},"query-input":{"@type":"PropertyValueSpecification","valueRequired":true,"valueName":"search_term_string"}}],"inLanguage":"cs"}]}},"_links":{"self":[{"href":"https:\/\/www.praha14.cz\/zivot-na-praze-14\/wp-json\/wp\/v2\/pages\/286","targetHints":{"allow":["GET"]}}],"collection":[{"href":"https:\/\/www.praha14.cz\/zivot-na-praze-14\/wp-json\/wp\/v2\/pages"}],"about":[{"href":"https:\/\/www.praha14.cz\/zivot-na-praze-14\/wp-json\/wp\/v2\/types\/page"}],"author":[{"embeddable":true,"href":"https:\/\/www.praha14.cz\/zivot-na-praze-14\/wp-json\/wp\/v2\/users\/1"}],"replies":[{"embeddable":true,"href":"https:\/\/www.praha14.cz\/zivot-na-praze-14\/wp-json\/wp\/v2\/comments?post=286"}],"version-history":[{"count":19,"href":"https:\/\/www.praha14.cz\/zivot-na-praze-14\/wp-json\/wp\/v2\/pages\/286\/revisions"}],"predecessor-version":[{"id":73221,"href":"https:\/\/www.praha14.cz\/zivot-na-praze-14\/wp-json\/wp\/v2\/pages\/286\/revisions\/73221"}],"up":[{"embeddable":true,"href":"https:\/\/www.praha14.cz\/zivot-na-praze-14\/wp-json\/wp\/v2\/pages\/1209"}],"wp:attachment":[{"href":"https:\/\/www.praha14.cz\/zivot-na-praze-14\/wp-json\/wp\/v2\/media?parent=286"}],"curies":[{"name":"wp","href":"https:\/\/api.w.org\/{rel}","templated":true}]}}