{"id":38840,"date":"2017-09-12T08:56:48","date_gmt":"2017-09-12T08:56:48","guid":{"rendered":"https:\/\/www.praha14.cz\/zivot-na-praze-14\/?page_id=38840"},"modified":"2023-07-31T12:15:39","modified_gmt":"2023-07-31T12:15:39","slug":"vyuziti-pozemku-stare-kyje","status":"publish","type":"page","link":"https:\/\/www.praha14.cz\/zivot-na-praze-14\/uvod-o-praze-14\/uzemni-rozvoj\/vyuziti-pozemku-stare-kyje\/","title":{"rendered":"VYU\u017dIT\u00cd POZEMK\u016e STAR\u00c9 KYJE"},"content":{"rendered":"<p><span style=\"color: #009dde;\"><strong>IDEOV\u00c1 URBANISTICK\u00c1 SOUT\u011a\u017d &#8211; STAR\u00c9 KYJE<\/strong><\/span><\/p>\n<p>(podn\u011bt na Zm\u011bnu \u00daP S\u00da hl. m. Prahy)<\/p>\n<p><span style=\"color: #009dde;\"><strong>Um\u00edst\u011bn\u00ed:<\/strong> <\/span>kat. \u00fazem\u00ed Kyje, oboustrann\u011b p\u0159i ulici Broumarsk\u00e1 mezi Kyjsk\u00fdm rybn\u00edkem na severu a Rokytkou na v\u00fdchod\u011b a jihu.<\/p>\n<p>V lo\u0148sk\u00e9m roce prob\u011bhla ve\u0159ejn\u00e1 urbanistick\u00e1 ideov\u00e1 sout\u011b\u017e o n\u00e1vrh \u201e\u00dazemn\u00ed rozvoj star\u00fdch Kyj\u00ed, potenci\u00e1ln\u00ed nov\u00e9 lok\u00e1ln\u00ed centrum M\u010c Praha 14\u201c. V\u00edt\u011bzn\u00fd projektant zpracov\u00e1v\u00e1 n\u00e1vaznou zastavovac\u00ed studii.<\/p>\n<p>Urbanizovan\u00e9 \u00fazem\u00ed m\u011bstsk\u00e9 \u010d\u00e1sti sest\u00e1v\u00e1, v d\u016fsledku historick\u00e9ho v\u00fdvoje, ze dvou \u0159et\u011bzc\u016f os\u00eddlen\u00ed p\u0159i severn\u00edm a ji\u017en\u00edm okraji spr\u00e1vn\u00edho obvodu. Prostorov\u00e1 rozt\u0159\u00ed\u0161t\u011bnost nepodporuje m\u011bstsk\u00fd charakter prost\u0159ed\u00ed a projevuje se t\u00e9\u017e v \u00farovni identifikace obyvatel s jejich obc\u00ed. J\u00e1dro Kyj\u00ed se vyvinulo mimo radi\u00e1ln\u00ed osy, \u010d\u00edm\u017e se t\u00e9\u017e stabilizovala severoji\u017en\u00ed cesta (dne\u0161n\u00ed ul. Broumarsk\u00e1) \u2013 spojnice obou radi\u00e1l. Podle v\u00fdsledk\u016f ideov\u00e9 sout\u011b\u017ee, z\u00e1v\u011br\u016f poroty a m\u00edn\u011bn\u00ed \u017eadatele m\u016f\u017ee pos\u00edlen\u00ed severoji\u017en\u00ed osy podpo\u0159it propojen\u00ed obou radi\u00e1l a t\u00edm p\u0159isp\u011bt ke scelen\u00ed urb\u00e1nn\u00edho prost\u0159ed\u00ed m\u011bstsk\u00e9 \u010d\u00e1sti.<\/p>\n\n\t\t<style type=\"text\/css\">\n\t\t\t#gallery-1 {\n\t\t\t\tmargin: auto;\n\t\t\t}\n\t\t\t#gallery-1 .gallery-item {\n\t\t\t\tfloat: left;\n\t\t\t\tmargin-top: 10px;\n\t\t\t\ttext-align: center;\n\t\t\t\twidth: 33%;\n\t\t\t}\n\t\t\t#gallery-1 img {\n\t\t\t\tborder: 2px solid #cfcfcf;\n\t\t\t}\n\t\t\t#gallery-1 .gallery-caption {\n\t\t\t\tmargin-left: 0;\n\t\t\t}\n\t\t\t\/* see gallery_shortcode() in wp-includes\/media.php *\/\n\t\t<\/style>\n\t\t<div id='gallery-1' class='gallery galleryid-38840 gallery-columns-3 gallery-size-thumbnail'><dl class='gallery-item'>\n\t\t\t<dt class='gallery-icon landscape'>\n\t\t\t\t<a rel=\"galleryInfomapa\" class=\"thickbox no_icon rl-gallery-link\"  href='https:\/\/www.praha14.cz\/app\/uploads\/sites\/4\/2017\/09\/Broum_mapa.jpg' title=\"\" data-rl_title=\"\" data-rl_caption=\"\" data-rel=\"lightbox-gallery-1\"><img loading=\"lazy\" decoding=\"async\" width=\"150\" height=\"150\" src=\"https:\/\/www.praha14.cz\/app\/uploads\/sites\/4\/2017\/09\/Broum_mapa-150x150.jpg\" class=\"attachment-thumbnail size-thumbnail\" alt=\"Broum_mapa\" srcset=\"https:\/\/www.praha14.cz\/app\/uploads\/sites\/4\/2017\/09\/Broum_mapa-150x150.jpg 150w, https:\/\/www.praha14.cz\/app\/uploads\/sites\/4\/2017\/09\/Broum_mapa-370x370.jpg 370w, https:\/\/www.praha14.cz\/app\/uploads\/sites\/4\/2017\/09\/Broum_mapa-768x768.jpg 768w, https:\/\/www.praha14.cz\/app\/uploads\/sites\/4\/2017\/09\/Broum_mapa.jpg 1000w\" sizes=\"(max-width: 150px) 100vw, 150px\" \/><\/a>\n\t\t\t<\/dt><\/dl><dl class='gallery-item'>\n\t\t\t<dt class='gallery-icon landscape'>\n\t\t\t\t<a rel=\"galleryInfomapa\" class=\"thickbox no_icon rl-gallery-link\"  href='https:\/\/www.praha14.cz\/app\/uploads\/sites\/4\/2017\/09\/Broum_obr1.jpg' title=\"\" data-rl_title=\"\" data-rl_caption=\"\" data-rel=\"lightbox-gallery-1\"><img loading=\"lazy\" decoding=\"async\" width=\"150\" height=\"150\" src=\"https:\/\/www.praha14.cz\/app\/uploads\/sites\/4\/2017\/09\/Broum_obr1-150x150.jpg\" class=\"attachment-thumbnail size-thumbnail\" alt=\"Broum_obr1\" \/><\/a>\n\t\t\t<\/dt><\/dl><dl class='gallery-item'>\n\t\t\t<dt class='gallery-icon landscape'>\n\t\t\t\t<a rel=\"galleryInfomapa\" class=\"thickbox no_icon rl-gallery-link\"  href='https:\/\/www.praha14.cz\/app\/uploads\/sites\/4\/2017\/09\/Broum_obr2.jpg' title=\"\" data-rl_title=\"\" data-rl_caption=\"\" data-rel=\"lightbox-gallery-1\"><img loading=\"lazy\" decoding=\"async\" width=\"150\" height=\"150\" src=\"https:\/\/www.praha14.cz\/app\/uploads\/sites\/4\/2017\/09\/Broum_obr2-150x150.jpg\" class=\"attachment-thumbnail size-thumbnail\" alt=\"Broum_obr2\" \/><\/a>\n\t\t\t<\/dt><\/dl><br style=\"clear: both\" \/><dl class='gallery-item'>\n\t\t\t<dt class='gallery-icon landscape'>\n\t\t\t\t<a rel=\"galleryInfomapa\" class=\"thickbox no_icon rl-gallery-link\"  href='https:\/\/www.praha14.cz\/app\/uploads\/sites\/4\/2017\/09\/Broum_obr3.jpg' title=\"\" data-rl_title=\"\" data-rl_caption=\"\" data-rel=\"lightbox-gallery-1\"><img loading=\"lazy\" decoding=\"async\" width=\"150\" height=\"150\" src=\"https:\/\/www.praha14.cz\/app\/uploads\/sites\/4\/2017\/09\/Broum_obr3-150x150.jpg\" class=\"attachment-thumbnail size-thumbnail\" alt=\"Broum_obr3\" \/><\/a>\n\t\t\t<\/dt><\/dl><dl class='gallery-item'>\n\t\t\t<dt class='gallery-icon landscape'>\n\t\t\t\t<a rel=\"galleryInfomapa\" class=\"thickbox no_icon rl-gallery-link\"  href='https:\/\/www.praha14.cz\/app\/uploads\/sites\/4\/2017\/09\/Broum_obr4.jpg' title=\"\" data-rl_title=\"\" data-rl_caption=\"\" data-rel=\"lightbox-gallery-1\"><img loading=\"lazy\" decoding=\"async\" width=\"150\" height=\"150\" src=\"https:\/\/www.praha14.cz\/app\/uploads\/sites\/4\/2017\/09\/Broum_obr4-150x150.jpg\" class=\"attachment-thumbnail size-thumbnail\" alt=\"Broum_obr4\" \/><\/a>\n\t\t\t<\/dt><\/dl><dl class='gallery-item'>\n\t\t\t<dt class='gallery-icon landscape'>\n\t\t\t\t<a rel=\"galleryInfomapa\" class=\"thickbox no_icon rl-gallery-link\"  href='https:\/\/www.praha14.cz\/app\/uploads\/sites\/4\/2017\/09\/Broum_obr5.jpg' title=\"\" data-rl_title=\"\" data-rl_caption=\"\" data-rel=\"lightbox-gallery-1\"><img loading=\"lazy\" decoding=\"async\" width=\"150\" height=\"150\" src=\"https:\/\/www.praha14.cz\/app\/uploads\/sites\/4\/2017\/09\/Broum_obr5-150x150.jpg\" class=\"attachment-thumbnail size-thumbnail\" alt=\"Broum_obr5\" \/><\/a>\n\t\t\t<\/dt><\/dl><br style=\"clear: both\" \/>\n\t\t<\/div>\n\n<p>&nbsp;<\/p>\n<p><strong><span style=\"color: #009dde;\">ZASTAVOVAC\u00cd STUDIE STAR\u00c9 KYJE<\/span><\/strong><\/p>\n<p><span style=\"color: #009dde;\"><strong>Um\u00edst\u011bn\u00ed: <\/strong><\/span>kat. \u00fazem\u00ed Kyje, oboustrann\u011b p\u0159i ulici Broumarsk\u00e1 mezi Kyjsk\u00fdm rybn\u00edkem na severu a Rokytkou na v\u00fdchod\u011b a jihu.<br \/>\nNa z\u00e1klad\u011b prob\u011bhl\u00e9 urbanistick\u00e9 sout\u011b\u017ee \u201e\u00dazemn\u00ed rozvoj Star\u00fdch Kyj\u00ed\u201c (viz p\u0159edchoz\u00ed bod v sekci Nov\u00e1 v\u00fdstavba) byla v\u00edt\u011bzn\u00fdm t\u00fdmem zpracov\u00e1na Zastavovac\u00ed studie Star\u00e9 Kyje, kter\u00e1 dopracov\u00e1v\u00e1 sout\u011b\u017en\u00ed n\u00e1vrh dle p\u0159ipom\u00ednek poroty a po\u017eadavk\u016f m\u011bstsk\u00e9 \u010d\u00e1sti. Podrobn\u011bji je tak\u00e9 \u0159e\u0161eno \u0161ir\u0161\u00ed \u00fazem\u00ed Kyj\u00ed se v\u0161emi n\u00e1vaznostmi.<\/p>\n<p><strong><span style=\"color: #009dde;\">Projektant:<\/span>\u00a0<\/strong>Headhand architekti, U Obecn\u00edho dvora 7, Praha 1<\/p>\n<p>Cel\u00e1 studie je k dispozici <a title=\"Odkaz do nov\u00e9ho okna\" href=\"https:\/\/www.praha14.cz\/app\/uploads\/2014\/08\/stare_kyje_zastavovaci_studie.pdf\" target=\"_blank\" rel=\"noopener noreferrer\">zde<\/a> (33 stran).<\/p>\n\n\t\t<style type=\"text\/css\">\n\t\t\t#gallery-2 {\n\t\t\t\tmargin: auto;\n\t\t\t}\n\t\t\t#gallery-2 .gallery-item {\n\t\t\t\tfloat: left;\n\t\t\t\tmargin-top: 10px;\n\t\t\t\ttext-align: center;\n\t\t\t\twidth: 33%;\n\t\t\t}\n\t\t\t#gallery-2 img {\n\t\t\t\tborder: 2px solid #cfcfcf;\n\t\t\t}\n\t\t\t#gallery-2 .gallery-caption {\n\t\t\t\tmargin-left: 0;\n\t\t\t}\n\t\t\t\/* see gallery_shortcode() in wp-includes\/media.php *\/\n\t\t<\/style>\n\t\t<div id='gallery-2' class='gallery galleryid-38840 gallery-columns-3 gallery-size-thumbnail'><dl class='gallery-item'>\n\t\t\t<dt class='gallery-icon landscape'>\n\t\t\t\t<a rel=\"galleryInfomapa\" class=\"thickbox no_icon rl-gallery-link\"  href='https:\/\/www.praha14.cz\/app\/uploads\/sites\/4\/2017\/09\/SK_obr1.png' title=\"\" data-rl_title=\"\" data-rl_caption=\"\" data-rel=\"lightbox-gallery-2\"><img loading=\"lazy\" decoding=\"async\" width=\"150\" height=\"150\" src=\"https:\/\/www.praha14.cz\/app\/uploads\/sites\/4\/2017\/09\/SK_obr1-150x150.png\" class=\"attachment-thumbnail size-thumbnail\" alt=\"SK_obr1\" \/><\/a>\n\t\t\t<\/dt><\/dl>\n\t\t\t<br style='clear: both' \/>\n\t\t<\/div>\n\n<p>&nbsp;<\/p>\n<p><span style=\"color: #009dde;\"><strong>REVITALIZACE B\u0158EH\u016e KYJSK\u00c9HO RYBN\u00cdKA <\/strong><\/span><\/p>\n<p><span style=\"color: #009dde;\"><strong>Um\u00edst\u011bn\u00ed:<\/strong><\/span> kat. \u00fazem\u00ed Kyje<\/p>\n<p>C\u00edlem revitalizace b\u0159eh\u016f rybn\u00edka je nal\u00e9zt vhodnou podobu krajinn\u00e9ho zasazen\u00ed rybn\u00edka v\u00a0n\u00edzkopodla\u017en\u00ed z\u00e1stavb\u011b \u00fadol\u00ed Rokytky, vyu\u017e\u00edt jeho potenci\u00e1lu pro zlep\u0161en\u00ed rekrea\u010dn\u00edch a volno\u010dasov\u00fdch aktivit v\u00a0\u00fazem\u00ed, zkvalitnit ve\u0159ejn\u00e1 prostranstv\u00ed, zlep\u0161it prostupnost \u00fazem\u00ed. \u0158e\u0161en\u00e9 \u00fazem\u00ed je rozd\u011bleno do 4 oblast\u00ed (A, B, C, D)<\/p>\n<p><span style=\"color: #009dde;\"><strong>Zadavatel: <\/strong><\/span>M\u010c Praha 14, Brat\u0159\u00ed Vencl\u00edk\u016f 1073\/8, 198 00 Praha 9<\/p>\n<p><strong><span style=\"color: #009dde;\">Projektant:<\/span>\u00a0<\/strong>Architekti Headhand, s.r.o., U Obecn\u00edho dvora 7, Praha 1<\/p>\n<p><strong>Studie 2016<\/strong><\/p>\n\n\t\t<style type=\"text\/css\">\n\t\t\t#gallery-3 {\n\t\t\t\tmargin: auto;\n\t\t\t}\n\t\t\t#gallery-3 .gallery-item {\n\t\t\t\tfloat: left;\n\t\t\t\tmargin-top: 10px;\n\t\t\t\ttext-align: center;\n\t\t\t\twidth: 33%;\n\t\t\t}\n\t\t\t#gallery-3 img {\n\t\t\t\tborder: 2px solid #cfcfcf;\n\t\t\t}\n\t\t\t#gallery-3 .gallery-caption {\n\t\t\t\tmargin-left: 0;\n\t\t\t}\n\t\t\t\/* see gallery_shortcode() in wp-includes\/media.php *\/\n\t\t<\/style>\n\t\t<div id='gallery-3' class='gallery galleryid-38840 gallery-columns-3 gallery-size-thumbnail'><dl class='gallery-item'>\n\t\t\t<dt class='gallery-icon landscape'>\n\t\t\t\t<a rel=\"galleryInfomapa\" class=\"thickbox no_icon rl-gallery-link\"  href='https:\/\/www.praha14.cz\/app\/uploads\/sites\/4\/2017\/09\/01Kyje_revitalizace_b\u0159eh\u016f_3_\u00fap.jpg' title=\"\" data-rl_title=\"\" data-rl_caption=\"\" data-rel=\"lightbox-gallery-3\"><img loading=\"lazy\" decoding=\"async\" width=\"150\" height=\"150\" src=\"https:\/\/www.praha14.cz\/app\/uploads\/sites\/4\/2017\/09\/01Kyje_revitalizace_b\u0159eh\u016f_3_\u00fap-150x150.jpg\" class=\"attachment-thumbnail size-thumbnail\" alt=\"01Kyje_revitalizace_b\u0159eh\u016f_3_\u00fap\" \/><\/a>\n\t\t\t<\/dt><\/dl><dl class='gallery-item'>\n\t\t\t<dt class='gallery-icon landscape'>\n\t\t\t\t<a rel=\"galleryInfomapa\" class=\"thickbox no_icon rl-gallery-link\"  href='https:\/\/www.praha14.cz\/app\/uploads\/sites\/4\/2017\/09\/02Kyje_revitalizace_b\u0159eh\u016f_5_situace.jpg' title=\"\" data-rl_title=\"\" data-rl_caption=\"\" data-rel=\"lightbox-gallery-3\"><img loading=\"lazy\" decoding=\"async\" width=\"150\" height=\"150\" src=\"https:\/\/www.praha14.cz\/app\/uploads\/sites\/4\/2017\/09\/02Kyje_revitalizace_b\u0159eh\u016f_5_situace-150x150.jpg\" class=\"attachment-thumbnail size-thumbnail\" alt=\"02Kyje_revitalizace_b\u0159eh\u016f_5_situace\" \/><\/a>\n\t\t\t<\/dt><\/dl>\n\t\t\t<br style='clear: both' \/>\n\t\t<\/div>\n\n<p>&nbsp;<\/p>\n<p><span style=\"color: #009dde;\"><strong>VYU\u017dIT\u00cd POZEMK\u016e P\u0158I ULICI BROUMARSK\u00c1<\/strong><\/span><\/p>\n<p><span style=\"color: #009dde;\"><strong>Um\u00edst\u011bn\u00ed:<\/strong><\/span> kat. \u00fazem\u00ed Kyje. \u0158e\u0161en\u00fdm \u00fazem\u00edm jsou transforma\u010dn\u00ed a rozvojov\u00e9 plochy p\u0159i ulici Broumarsk\u00e1, mezi Rokytkou a Kyjsk\u00fdm rybn\u00edkem ve Star\u00fdch Kyj\u00edch. Hranice vymezen\u00e9ho \u00fazem\u00ed sleduje lev\u00fd b\u0159eh Rokytky od souvisle zastav\u011bn\u00e9ho \u00fazem\u00ed ulice Hod\u011bjovsk\u00e9 po most Broumarsk\u00e9 ulice, p\u0159ekra\u010duje Broumarskou ulici, zahrnuje \u010d\u00e1st hr\u00e1ze mezi Kyjsk\u00fdm rybn\u00edkem a reten\u010dn\u00ed n\u00e1dr\u017e\u00ed, proch\u00e1z\u00ed Kyjsk\u00fdm rybn\u00edkem a Stupskou a Hod\u011bjovskou ulic\u00ed se vrac\u00ed k Rokytce.<\/p>\n<p>Studie obsahuje n\u00e1vrh koncep\u010dn\u00edho \u0159e\u0161en\u00ed, v\u010detn\u011b urbanistick\u00fdch bilanc\u00ed a stanoven\u00ed z\u00e1kladn\u00edch prostorov\u00fdch z\u00e1sad n\u00e1vrhu, studii proveditelnosti.<\/p>\n<p><span style=\"color: #009dde;\"><strong>Investor: <\/strong><\/span>M\u010c Praha 14, Brat\u0159\u00ed Vencl\u00edk\u016f 1073, 198 21 Praha 9<\/p>\n<p><strong><span style=\"color: #009dde;\">Projektant:<\/span>\u00a0<\/strong>Architekti Headhand, s.r.o., U Obecn\u00edho dvora 7, Praha 1<\/p>\n<p><span style=\"color: #009dde;\"><strong>Plocha \u0159e\u0161en\u00e9ho \u00fazem\u00ed:<\/strong><\/span> 9,56 ha<\/p>\n<p><strong>Studie 2016<\/strong><\/p>\n\n\t\t<style type=\"text\/css\">\n\t\t\t#gallery-4 {\n\t\t\t\tmargin: auto;\n\t\t\t}\n\t\t\t#gallery-4 .gallery-item {\n\t\t\t\tfloat: left;\n\t\t\t\tmargin-top: 10px;\n\t\t\t\ttext-align: center;\n\t\t\t\twidth: 33%;\n\t\t\t}\n\t\t\t#gallery-4 img {\n\t\t\t\tborder: 2px solid #cfcfcf;\n\t\t\t}\n\t\t\t#gallery-4 .gallery-caption {\n\t\t\t\tmargin-left: 0;\n\t\t\t}\n\t\t\t\/* see gallery_shortcode() in wp-includes\/media.php *\/\n\t\t<\/style>\n\t\t<div id='gallery-4' class='gallery galleryid-38840 gallery-columns-3 gallery-size-thumbnail'><dl class='gallery-item'>\n\t\t\t<dt class='gallery-icon landscape'>\n\t\t\t\t<a rel=\"galleryInfomapa\" class=\"thickbox no_icon rl-gallery-link\"  href='https:\/\/www.praha14.cz\/app\/uploads\/sites\/4\/2017\/09\/03BROUMARSK\u00c1_hlavn\u00ed-v\u00fdkres-e1505206465970.jpg' title=\"\" data-rl_title=\"\" data-rl_caption=\"\" data-rel=\"lightbox-gallery-4\"><img loading=\"lazy\" decoding=\"async\" width=\"150\" height=\"150\" src=\"https:\/\/www.praha14.cz\/app\/uploads\/sites\/4\/2017\/09\/03BROUMARSK\u00c1_hlavn\u00ed-v\u00fdkres-150x150.jpg\" class=\"attachment-thumbnail size-thumbnail\" alt=\"03BROUMARSK\u00c1_hlavn\u00ed v\u00fdkres\" \/><\/a>\n\t\t\t<\/dt><\/dl><dl class='gallery-item'>\n\t\t\t<dt class='gallery-icon landscape'>\n\t\t\t\t<a rel=\"galleryInfomapa\" class=\"thickbox no_icon rl-gallery-link\"  href='https:\/\/www.praha14.cz\/app\/uploads\/sites\/4\/2017\/09\/04BROUMARSK\u00c1_vizualizace.jpg' title=\"\" data-rl_title=\"\" data-rl_caption=\"\" data-rel=\"lightbox-gallery-4\"><img loading=\"lazy\" decoding=\"async\" width=\"150\" height=\"150\" src=\"https:\/\/www.praha14.cz\/app\/uploads\/sites\/4\/2017\/09\/04BROUMARSK\u00c1_vizualizace-150x150.jpg\" class=\"attachment-thumbnail size-thumbnail\" alt=\"04BROUMARSK\u00c1_vizualizace\" \/><\/a>\n\t\t\t<\/dt><\/dl>\n\t\t\t<br style='clear: both' \/>\n\t\t<\/div>\n\n<p>&nbsp;<\/p>\n<p><span style=\"color: #009dde;\"><strong>STUPSK\u00c1<\/strong><\/span><\/p>\n<p><strong><span style=\"color: #009dde;\">Investor:<\/span><\/strong> Charlton a.s., V celnici 1031\/4, Praha<\/p>\n<p><strong><span style=\"color: #009dde;\">Projektant :<\/span><\/strong>Schindler Seko architek s.r.o., Wuchterlova 523\/5, Praha 6<\/p>\n<p><strong><span style=\"color: #009dde;\">HPP:<\/span><\/strong>\u00a08 226 m2<\/p>\n<p><strong><span style=\"color: #009dde;\">Kapacita:<\/span><\/strong>\u00a037 \u0159adov\u00fdch dom\u016f, 3 objekty pro retail<\/p>\n<p><strong>Studie 2019<\/strong><\/p>\n\n\t\t<style type=\"text\/css\">\n\t\t\t#gallery-5 {\n\t\t\t\tmargin: auto;\n\t\t\t}\n\t\t\t#gallery-5 .gallery-item {\n\t\t\t\tfloat: left;\n\t\t\t\tmargin-top: 10px;\n\t\t\t\ttext-align: center;\n\t\t\t\twidth: 25%;\n\t\t\t}\n\t\t\t#gallery-5 img {\n\t\t\t\tborder: 2px solid #cfcfcf;\n\t\t\t}\n\t\t\t#gallery-5 .gallery-caption {\n\t\t\t\tmargin-left: 0;\n\t\t\t}\n\t\t\t\/* see gallery_shortcode() in wp-includes\/media.php *\/\n\t\t<\/style>\n\t\t<div id='gallery-5' class='gallery galleryid-38840 gallery-columns-4 gallery-size-thumbnail'><dl class='gallery-item'>\n\t\t\t<dt class='gallery-icon portrait'>\n\t\t\t\t<a rel=\"galleryInfomapa\" class=\"thickbox no_icon rl-gallery-link\"  href='https:\/\/www.praha14.cz\/app\/uploads\/sites\/4\/2021\/06\/Stupsk\u00e1-situace.jpg' title=\"\" data-rl_title=\"\" data-rl_caption=\"\" data-rel=\"lightbox-gallery-5\"><img loading=\"lazy\" decoding=\"async\" width=\"150\" height=\"150\" src=\"https:\/\/www.praha14.cz\/app\/uploads\/sites\/4\/2021\/06\/Stupsk\u00e1-situace-150x150.jpg\" class=\"attachment-thumbnail size-thumbnail\" alt=\"Stupsk\u00e1 situace\" \/><\/a>\n\t\t\t<\/dt><\/dl><dl class='gallery-item'>\n\t\t\t<dt class='gallery-icon landscape'>\n\t\t\t\t<a rel=\"galleryInfomapa\" class=\"thickbox no_icon rl-gallery-link\"  href='https:\/\/www.praha14.cz\/app\/uploads\/sites\/4\/2021\/06\/Stupsk\u00e1-vizualizace-e1622615823618.jpg' title=\"\" data-rl_title=\"\" data-rl_caption=\"\" data-rel=\"lightbox-gallery-5\"><img loading=\"lazy\" decoding=\"async\" width=\"150\" height=\"150\" src=\"https:\/\/www.praha14.cz\/app\/uploads\/sites\/4\/2021\/06\/Stupsk\u00e1-vizualizace-e1622615823618-150x150.jpg\" class=\"attachment-thumbnail size-thumbnail\" alt=\"Stupsk\u00e1 vizualizace\" \/><\/a>\n\t\t\t<\/dt><\/dl><dl class='gallery-item'>\n\t\t\t<dt class='gallery-icon portrait'>\n\t\t\t\t<a rel=\"galleryInfomapa\" class=\"thickbox no_icon rl-gallery-link\"  href='https:\/\/www.praha14.cz\/app\/uploads\/sites\/4\/2021\/06\/Stupsk\u00e1-1NP.png' title=\"\" data-rl_title=\"\" data-rl_caption=\"\" data-rel=\"lightbox-gallery-5\"><img loading=\"lazy\" decoding=\"async\" width=\"150\" height=\"150\" src=\"https:\/\/www.praha14.cz\/app\/uploads\/sites\/4\/2021\/06\/Stupsk\u00e1-1NP-150x150.png\" class=\"attachment-thumbnail size-thumbnail\" alt=\"Stupsk\u00e1 1NP\" \/><\/a>\n\t\t\t<\/dt><\/dl><dl class='gallery-item'>\n\t\t\t<dt class='gallery-icon landscape'>\n\t\t\t\t<a rel=\"galleryInfomapa\" class=\"thickbox no_icon rl-gallery-link\"  href='https:\/\/www.praha14.cz\/app\/uploads\/sites\/4\/2021\/06\/Stupsk\u00e1-\u0159ezy-rotated.jpg' title=\"\" data-rl_title=\"\" data-rl_caption=\"\" data-rel=\"lightbox-gallery-5\"><img loading=\"lazy\" decoding=\"async\" width=\"150\" height=\"150\" src=\"https:\/\/www.praha14.cz\/app\/uploads\/sites\/4\/2021\/06\/Stupsk\u00e1-\u0159ezy-150x150.jpg\" class=\"attachment-thumbnail size-thumbnail\" alt=\"Stupsk\u00e1 \u0159ezy\" \/><\/a>\n\t\t\t<\/dt><\/dl><br style=\"clear: both\" \/>\n\t\t<\/div>\n\n<p>&nbsp;<\/p>\n<p><span style=\"color: #009dde;\"><strong>BIOTOP<\/strong><\/span><\/p>\n<p><span style=\"color: #009dde;\"><strong>Um\u00edst\u011bn\u00ed:<\/strong><\/span> kat. \u00fazem\u00ed Kyje<\/p>\n<p><strong><span style=\"color: #009dde;\">Investor:<\/span> <\/strong>M\u010c Praha 14, Brat\u0159\u00ed Vencl\u00edk\u016f 1073, 198 21 Praha 9<\/p>\n<p><strong><span style=\"color: #009dde;\">Projektant DUR:<\/span>\u00a0<\/strong>Ter\u00e9n Design, s.r.o., Dr. Vrbensk\u00e9ho 2874\/1, 415 01 Teplice<\/p>\n<p><span style=\"color: #009dde;\"><strong>Plocha are\u00e1lu:<\/strong><\/span> 1,34 ha<\/p>\n<p><span style=\"color: #009dde;\"><strong>Doporu\u010den\u00e1 denn\u00ed n\u00e1v\u0161t\u011bvnost are\u00e1lu:<\/strong><\/span> 651 osob (maxim\u00e1ln\u00ed denn\u00ed n\u00e1v\u0161t\u011bvnost 1085 osob)<\/p>\n<p><span style=\"color: #009dde;\"><strong>Parkov\u00e1n\u00ed:<\/strong><\/span>\u00a083 parkovac\u00edch st\u00e1n\u00ed<\/p>\n<p><strong>Zpracov\u00e1n\u00ed DUR\u00a0 2017<\/strong><\/p>\n\n\t\t<style type=\"text\/css\">\n\t\t\t#gallery-6 {\n\t\t\t\tmargin: auto;\n\t\t\t}\n\t\t\t#gallery-6 .gallery-item {\n\t\t\t\tfloat: left;\n\t\t\t\tmargin-top: 10px;\n\t\t\t\ttext-align: center;\n\t\t\t\twidth: 33%;\n\t\t\t}\n\t\t\t#gallery-6 img {\n\t\t\t\tborder: 2px solid #cfcfcf;\n\t\t\t}\n\t\t\t#gallery-6 .gallery-caption {\n\t\t\t\tmargin-left: 0;\n\t\t\t}\n\t\t\t\/* see gallery_shortcode() in wp-includes\/media.php *\/\n\t\t<\/style>\n\t\t<div id='gallery-6' class='gallery galleryid-38840 gallery-columns-3 gallery-size-thumbnail'><dl class='gallery-item'>\n\t\t\t<dt class='gallery-icon landscape'>\n\t\t\t\t<a rel=\"galleryInfomapa\" class=\"thickbox no_icon rl-gallery-link\"  href='https:\/\/www.praha14.cz\/app\/uploads\/sites\/4\/2017\/09\/05BIOTOP-SITUACE.jpg' title=\"\" data-rl_title=\"\" data-rl_caption=\"\" data-rel=\"lightbox-gallery-6\"><img loading=\"lazy\" decoding=\"async\" width=\"150\" height=\"150\" src=\"https:\/\/www.praha14.cz\/app\/uploads\/sites\/4\/2017\/09\/05BIOTOP-SITUACE-150x150.jpg\" class=\"attachment-thumbnail size-thumbnail\" alt=\"05BIOTOP SITUACE\" \/><\/a>\n\t\t\t<\/dt><\/dl><dl class='gallery-item'>\n\t\t\t<dt class='gallery-icon landscape'>\n\t\t\t\t<a rel=\"galleryInfomapa\" class=\"thickbox no_icon rl-gallery-link\"  href='https:\/\/www.praha14.cz\/app\/uploads\/sites\/4\/2017\/09\/06BIOTOP-BUDOVY_MATERI\u00c1LOV\u00c9-\u0158E\u0160EN\u00cd.jpg' title=\"\" data-rl_title=\"\" data-rl_caption=\"\" data-rel=\"lightbox-gallery-6\"><img loading=\"lazy\" decoding=\"async\" width=\"150\" height=\"150\" src=\"https:\/\/www.praha14.cz\/app\/uploads\/sites\/4\/2017\/09\/06BIOTOP-BUDOVY_MATERI\u00c1LOV\u00c9-\u0158E\u0160EN\u00cd-150x150.jpg\" class=\"attachment-thumbnail size-thumbnail\" alt=\"06BIOTOP BUDOVY_MATERI\u00c1LOV\u00c9 \u0158E\u0160EN\u00cd\" \/><\/a>\n\t\t\t<\/dt><\/dl>\n\t\t\t<br style='clear: both' \/>\n\t\t<\/div>\n\n<p>&nbsp;<\/p>\n<p><span style=\"color: #009dde;\"><strong>VOLNO\u010cASOV\u00dd ARE\u00c1L V KYJ\u00cdCH<\/strong><\/span><\/p>\n<p><span style=\"color: #009dde;\"><strong>Um\u00edst\u011bn\u00ed:<\/strong><\/span> kat. \u00fazem\u00ed Kyje<\/p>\n<p><span style=\"color: #009dde;\"><strong>Investor:<\/strong> <span style=\"color: #000000;\">M\u010c Praha 14, Brat\u0159\u00ed Vencl\u00edk\u016f 1073, 198 21 Praha 9<\/span><\/span><\/p>\n<p><span style=\"color: #009dde;\"><strong>Projektant:<\/strong><strong>\u00a0<\/strong><\/span>Hu\u0165 architektury Martin Rajni\u0161, \u00davoz 228\/5, Praha 1<\/p>\n<p>Ideov\u00e1 koncep\u010dn\u00ed studie volno\u010dasov\u00e9ho parku na pozemc\u00edch navazuj\u00edc\u00edch na p\u0159\u00edrodn\u00ed koupali\u0161t\u011b Biotop se z\u00e1kladn\u00edmi prvky \u2013 vodn\u00ed h\u0159i\u0161t\u011b, had, transbord\u00e9r, loub\u00ed a alt\u00e1n s\u00a0p\u00f3diem.<\/p>\n\n\t\t<style type=\"text\/css\">\n\t\t\t#gallery-7 {\n\t\t\t\tmargin: auto;\n\t\t\t}\n\t\t\t#gallery-7 .gallery-item {\n\t\t\t\tfloat: left;\n\t\t\t\tmargin-top: 10px;\n\t\t\t\ttext-align: center;\n\t\t\t\twidth: 25%;\n\t\t\t}\n\t\t\t#gallery-7 img {\n\t\t\t\tborder: 2px solid #cfcfcf;\n\t\t\t}\n\t\t\t#gallery-7 .gallery-caption {\n\t\t\t\tmargin-left: 0;\n\t\t\t}\n\t\t\t\/* see gallery_shortcode() in wp-includes\/media.php *\/\n\t\t<\/style>\n\t\t<div id='gallery-7' class='gallery galleryid-38840 gallery-columns-4 gallery-size-thumbnail'><dl class='gallery-item'>\n\t\t\t<dt class='gallery-icon landscape'>\n\t\t\t\t<a rel=\"galleryInfomapa\" class=\"thickbox no_icon rl-gallery-link\"  href='https:\/\/www.praha14.cz\/app\/uploads\/sites\/4\/2021\/06\/situace-rotated.jpg' title=\"\" data-rl_title=\"\" data-rl_caption=\"\" data-rel=\"lightbox-gallery-7\"><img loading=\"lazy\" decoding=\"async\" width=\"150\" height=\"150\" src=\"https:\/\/www.praha14.cz\/app\/uploads\/sites\/4\/2021\/06\/situace-150x150.jpg\" class=\"attachment-thumbnail size-thumbnail\" alt=\"situace\" \/><\/a>\n\t\t\t<\/dt><\/dl><dl class='gallery-item'>\n\t\t\t<dt class='gallery-icon landscape'>\n\t\t\t\t<a rel=\"galleryInfomapa\" class=\"thickbox no_icon rl-gallery-link\"  href='https:\/\/www.praha14.cz\/app\/uploads\/sites\/4\/2020\/09\/1-transborder-rotated.jpg' title=\"\" data-rl_title=\"\" data-rl_caption=\"\" data-rel=\"lightbox-gallery-7\"><img loading=\"lazy\" decoding=\"async\" width=\"150\" height=\"150\" src=\"https:\/\/www.praha14.cz\/app\/uploads\/sites\/4\/2020\/09\/1-transborder-150x150.jpg\" class=\"attachment-thumbnail size-thumbnail\" alt=\"1 &#8211; transborder\" \/><\/a>\n\t\t\t<\/dt><\/dl><dl class='gallery-item'>\n\t\t\t<dt class='gallery-icon landscape'>\n\t\t\t\t<a rel=\"galleryInfomapa\" class=\"thickbox no_icon rl-gallery-link\"  href='https:\/\/www.praha14.cz\/app\/uploads\/sites\/4\/2020\/09\/3-alt\u00e1n-s-p\u00f3diem-rotated.jpg' title=\"\" data-rl_title=\"\" data-rl_caption=\"\" data-rel=\"lightbox-gallery-7\"><img loading=\"lazy\" decoding=\"async\" width=\"150\" height=\"150\" src=\"https:\/\/www.praha14.cz\/app\/uploads\/sites\/4\/2020\/09\/3-alt\u00e1n-s-p\u00f3diem-150x150.jpg\" class=\"attachment-thumbnail size-thumbnail\" alt=\"3 &#8211; alt\u00e1n s p\u00f3diem\" \/><\/a>\n\t\t\t<\/dt><\/dl><dl class='gallery-item'>\n\t\t\t<dt class='gallery-icon landscape'>\n\t\t\t\t<a rel=\"galleryInfomapa\" class=\"thickbox no_icon rl-gallery-link\"  href='https:\/\/www.praha14.cz\/app\/uploads\/sites\/4\/2021\/06\/vodn\u00ed-h\u0159i\u0161t\u011b-situace-rotated.jpg' title=\"\" data-rl_title=\"\" data-rl_caption=\"\" data-rel=\"lightbox-gallery-7\"><img loading=\"lazy\" decoding=\"async\" width=\"150\" height=\"150\" src=\"https:\/\/www.praha14.cz\/app\/uploads\/sites\/4\/2021\/06\/vodn\u00ed-h\u0159i\u0161t\u011b-situace-150x150.jpg\" class=\"attachment-thumbnail size-thumbnail\" alt=\"vodn\u00ed h\u0159i\u0161t\u011b situace\" \/><\/a>\n\t\t\t<\/dt><\/dl><br style=\"clear: both\" \/><dl class='gallery-item'>\n\t\t\t<dt class='gallery-icon landscape'>\n\t\t\t\t<a rel=\"galleryInfomapa\" class=\"thickbox no_icon rl-gallery-link\"  href='https:\/\/www.praha14.cz\/app\/uploads\/sites\/4\/2021\/06\/viz-1-rotated.jpg' title=\"\" data-rl_title=\"\" data-rl_caption=\"\" data-rel=\"lightbox-gallery-7\"><img loading=\"lazy\" decoding=\"async\" width=\"150\" height=\"150\" src=\"https:\/\/www.praha14.cz\/app\/uploads\/sites\/4\/2021\/06\/viz-1-150x150.jpg\" class=\"attachment-thumbnail size-thumbnail\" alt=\"viz 1\" \/><\/a>\n\t\t\t<\/dt><\/dl><dl class='gallery-item'>\n\t\t\t<dt class='gallery-icon landscape'>\n\t\t\t\t<a rel=\"galleryInfomapa\" class=\"thickbox no_icon rl-gallery-link\"  href='https:\/\/www.praha14.cz\/app\/uploads\/sites\/4\/2021\/06\/viz-2-rotated.jpg' title=\"\" data-rl_title=\"\" data-rl_caption=\"\" data-rel=\"lightbox-gallery-7\"><img loading=\"lazy\" decoding=\"async\" width=\"150\" height=\"150\" src=\"https:\/\/www.praha14.cz\/app\/uploads\/sites\/4\/2021\/06\/viz-2-150x150.jpg\" class=\"attachment-thumbnail size-thumbnail\" alt=\"viz 2\" \/><\/a>\n\t\t\t<\/dt><\/dl><dl class='gallery-item'>\n\t\t\t<dt class='gallery-icon landscape'>\n\t\t\t\t<a rel=\"galleryInfomapa\" class=\"thickbox no_icon rl-gallery-link\"  href='https:\/\/www.praha14.cz\/app\/uploads\/sites\/4\/2021\/06\/viz-3-rotated.jpg' title=\"\" data-rl_title=\"\" data-rl_caption=\"\" data-rel=\"lightbox-gallery-7\"><img loading=\"lazy\" decoding=\"async\" width=\"150\" height=\"150\" src=\"https:\/\/www.praha14.cz\/app\/uploads\/sites\/4\/2021\/06\/viz-3-150x150.jpg\" class=\"attachment-thumbnail size-thumbnail\" alt=\"viz 3\" \/><\/a>\n\t\t\t<\/dt><\/dl><dl class='gallery-item'>\n\t\t\t<dt class='gallery-icon landscape'>\n\t\t\t\t<a rel=\"galleryInfomapa\" class=\"thickbox no_icon rl-gallery-link\"  href='https:\/\/www.praha14.cz\/app\/uploads\/sites\/4\/2021\/06\/viz-4-rotated.jpg' title=\"\" data-rl_title=\"\" data-rl_caption=\"\" data-rel=\"lightbox-gallery-7\"><img loading=\"lazy\" decoding=\"async\" width=\"150\" height=\"150\" src=\"https:\/\/www.praha14.cz\/app\/uploads\/sites\/4\/2021\/06\/viz-4-150x150.jpg\" class=\"attachment-thumbnail size-thumbnail\" alt=\"viz 4\" \/><\/a>\n\t\t\t<\/dt><\/dl><br style=\"clear: both\" \/>\n\t\t<\/div>\n\n<p>&nbsp;<\/p>\n<p><span style=\"color: #009dde;\"><strong>BYTOV\u00c9 DRU\u017dSTVO BROUMARSK\u00c1 \u00a0\u00a0\u00a0\u00a0\u00a0 <\/strong><\/span><\/p>\n<p><strong><span style=\"color: #009dde;\">Um\u00edst\u011bn\u00ed:<\/span>\u00a0<\/strong>kat. \u00fazem\u00ed Kyje, mezi ulic\u00ed Broumarsk\u00e1 na severu a Rokytkou na jihu<\/p>\n<p><span style=\"color: #009dde;\"><strong>Investor:<\/strong>\u00a0<\/span>Bytov\u00e9 dru\u017estvo Broumarsk\u00e1, Metujsk\u00e1 907, Praha 9<\/p>\n<p><span style=\"color: #009dde;\"><strong>Projektant:<\/strong> <\/span>ORTOGONAL s.r.o., Za Kov\u00e1\u0159sk\u00fdm rybn\u00edkem 265, Praha 4<\/p>\n<p>&nbsp;<\/p>\n<p><span style=\"color: #009dde;\"><strong>LOKALITA Z\u00c1PAD<\/strong><\/span><\/p>\n<p><strong><span style=\"color: #009dde;\">HPP:<\/span>\u00a0<\/strong>3 977 m<sup>2<\/sup><\/p>\n<p><span style=\"color: #009dde;\"><strong>Bydlen\u00ed:<\/strong><\/span>\u00a012 \u0159adov\u00fdch dom\u016f,\u00a02 bytov\u00e9 domy 3 + 4 NP<\/p>\n<p><span style=\"color: #009dde;\"><strong>Parkov\u00e1n\u00ed:<\/strong><\/span>\u00a074 parkovac\u00edch m\u00edst<\/p>\n<p><strong><span style=\"color: #009dde;\">Vybaven\u00ed:<\/span>\u00a0<\/strong>nebytov\u00e9 komer\u010dn\u00ed prostory v\u00a0parteru bytov\u00fdch dom\u016f<\/p>\n<p><em>\u00a0<\/em><\/p>\n<p><span style=\"color: #009dde;\"><strong>LOKALITA V\u00ddCHOD<\/strong><\/span><\/p>\n<p><span style=\"color: #009dde;\"><strong>HPP:\u00a0<\/strong><\/span>4 248 m<sup>2<\/sup><\/p>\n<p><span style=\"color: #009dde;\"><strong>Bydlen\u00ed:<\/strong><\/span>\u00a012 \u0159adov\u00fdch dom\u016f,\u00a01 bytov\u00fd d\u016fm 3 + 4 NP<\/p>\n<p><span style=\"color: #009dde;\"><strong>Parkov\u00e1n\u00ed:<\/strong><\/span>\u00a064 parkovac\u00edch m\u00edst<\/p>\n<p><strong><span style=\"color: #009dde;\">Vybaven\u00ed:<\/span>\u00a0<\/strong>nebytov\u00e9 komer\u010dn\u00ed prostory v\u00a0parteru bytov\u00e9ho domu, hasi\u010dsk\u00e1 zbrojnice SDH<\/p>\n<p><strong>Dokumentace pro \u00fazemn\u00ed rozhodnut\u00ed 2023<br \/>\n<a href=\"https:\/\/www.praha14.cz\/app\/uploads\/sites\/4\/2023\/07\/Bytove-druzstvo-Broumarska-KOORDINACNI-SITUACE.pdf\" target=\"_blank\" rel=\"noopener\">Bytov\u00e9 dru\u017estvo Broumarsk\u00e1 koordina\u010dn\u00ed situace<\/a><br \/>\n<\/strong><\/p>\n\n\t\t<style type=\"text\/css\">\n\t\t\t#gallery-8 {\n\t\t\t\tmargin: auto;\n\t\t\t}\n\t\t\t#gallery-8 .gallery-item {\n\t\t\t\tfloat: left;\n\t\t\t\tmargin-top: 10px;\n\t\t\t\ttext-align: center;\n\t\t\t\twidth: 25%;\n\t\t\t}\n\t\t\t#gallery-8 img {\n\t\t\t\tborder: 2px solid #cfcfcf;\n\t\t\t}\n\t\t\t#gallery-8 .gallery-caption {\n\t\t\t\tmargin-left: 0;\n\t\t\t}\n\t\t\t\/* see gallery_shortcode() in wp-includes\/media.php *\/\n\t\t<\/style>\n\t\t<div id='gallery-8' class='gallery galleryid-38840 gallery-columns-4 gallery-size-thumbnail'><dl class='gallery-item'>\n\t\t\t<dt class='gallery-icon landscape'>\n\t\t\t\t<a rel=\"galleryInfomapa\" class=\"thickbox no_icon rl-gallery-link\"  href='https:\/\/www.praha14.cz\/app\/uploads\/sites\/4\/2023\/07\/Bytove-druzstvo-Broumarska-VIZUALIZACE-1.jpg' title=\"\" data-rl_title=\"\" data-rl_caption=\"\" data-rel=\"lightbox-gallery-8\"><img loading=\"lazy\" decoding=\"async\" width=\"150\" height=\"150\" src=\"https:\/\/www.praha14.cz\/app\/uploads\/sites\/4\/2023\/07\/Bytove-druzstvo-Broumarska-VIZUALIZACE-1-150x150.jpg\" class=\"attachment-thumbnail size-thumbnail\" alt=\"Bytov\u00e9 dru\u017estvo Broumarsk\u00e1 VIZUALIZACE 1\" \/><\/a>\n\t\t\t<\/dt><\/dl><dl class='gallery-item'>\n\t\t\t<dt class='gallery-icon landscape'>\n\t\t\t\t<a rel=\"galleryInfomapa\" class=\"thickbox no_icon rl-gallery-link\"  href='https:\/\/www.praha14.cz\/app\/uploads\/sites\/4\/2023\/07\/Bytove-druzstvo-Broumarska-VIZUALIZACE-2.jpg' title=\"\" data-rl_title=\"\" data-rl_caption=\"\" data-rel=\"lightbox-gallery-8\"><img loading=\"lazy\" decoding=\"async\" width=\"150\" height=\"150\" src=\"https:\/\/www.praha14.cz\/app\/uploads\/sites\/4\/2023\/07\/Bytove-druzstvo-Broumarska-VIZUALIZACE-2-150x150.jpg\" class=\"attachment-thumbnail size-thumbnail\" alt=\"Bytov\u00e9 dru\u017estvo Broumarsk\u00e1 VIZUALIZACE 2\" \/><\/a>\n\t\t\t<\/dt><\/dl>\n\t\t\t<br style='clear: both' \/>\n\t\t<\/div>\n\n<p>&nbsp;<\/p>\n","protected":false},"excerpt":{"rendered":"<p>IDEOV\u00c1 URBANISTICK\u00c1 SOUT\u011a\u017d &#8211; STAR\u00c9 KYJE (podn\u011bt na Zm\u011bnu \u00daP S\u00da hl. m. Prahy) Um\u00edst\u011bn\u00ed: kat. \u00fazem\u00ed Kyje, oboustrann\u011b p\u0159i ulici Broumarsk\u00e1 mezi Kyjsk\u00fdm rybn\u00edkem na severu a Rokytkou na v\u00fdchod\u011b a jihu. V lo\u0148sk\u00e9m roce prob\u011bhla ve\u0159ejn\u00e1 urbanistick\u00e1 ideov\u00e1 sout\u011b\u017e o n\u00e1vrh \u201e\u00dazemn\u00ed rozvoj star\u00fdch Kyj\u00ed, potenci\u00e1ln\u00ed nov\u00e9 lok\u00e1ln\u00ed centrum M\u010c Praha 14\u201c. V\u00edt\u011bzn\u00fd&#8230;<\/p>\n","protected":false},"author":1057,"featured_media":0,"parent":66064,"menu_order":0,"comment_status":"closed","ping_status":"closed","template":"","meta":{"_acf_changed":false,"footnotes":""},"class_list":["post-38840","page","type-page","status-publish","hentry"],"acf":[],"yoast_head":"<!-- This site is optimized with the Yoast SEO plugin v27.2 - https:\/\/yoast.com\/product\/yoast-seo-wordpress\/ -->\n<title>VYU\u017dIT\u00cd POZEMK\u016e STAR\u00c9 KYJE - \u017divot na Praze 14<\/title>\n<meta name=\"robots\" content=\"index, follow, max-snippet:-1, max-image-preview:large, max-video-preview:-1\" \/>\n<link rel=\"canonical\" href=\"https:\/\/www.praha14.cz\/zivot-na-praze-14\/uvod-o-praze-14\/uzemni-rozvoj\/vyuziti-pozemku-stare-kyje\/\" \/>\n<meta property=\"og:locale\" content=\"cs_CZ\" \/>\n<meta property=\"og:type\" content=\"article\" \/>\n<meta property=\"og:title\" content=\"VYU\u017dIT\u00cd POZEMK\u016e STAR\u00c9 KYJE - \u017divot na Praze 14\" \/>\n<meta property=\"og:description\" content=\"IDEOV\u00c1 URBANISTICK\u00c1 SOUT\u011a\u017d &#8211; STAR\u00c9 KYJE (podn\u011bt na Zm\u011bnu \u00daP S\u00da hl. m. Prahy) Um\u00edst\u011bn\u00ed: kat. \u00fazem\u00ed Kyje, oboustrann\u011b p\u0159i ulici Broumarsk\u00e1 mezi Kyjsk\u00fdm rybn\u00edkem na severu a Rokytkou na v\u00fdchod\u011b a jihu. V lo\u0148sk\u00e9m roce prob\u011bhla ve\u0159ejn\u00e1 urbanistick\u00e1 ideov\u00e1 sout\u011b\u017e o n\u00e1vrh \u201e\u00dazemn\u00ed rozvoj star\u00fdch Kyj\u00ed, potenci\u00e1ln\u00ed nov\u00e9 lok\u00e1ln\u00ed centrum M\u010c Praha 14\u201c. V\u00edt\u011bzn\u00fd...\" \/>\n<meta property=\"og:url\" content=\"https:\/\/www.praha14.cz\/zivot-na-praze-14\/uvod-o-praze-14\/uzemni-rozvoj\/vyuziti-pozemku-stare-kyje\/\" \/>\n<meta property=\"og:site_name\" content=\"\u017divot na Praze 14\" \/>\n<meta property=\"article:modified_time\" content=\"2023-07-31T12:15:39+00:00\" \/>\n<meta property=\"og:image\" content=\"https:\/\/www.praha14.cz\/app\/uploads\/sites\/4\/2017\/09\/Broum_mapa-150x150.jpg\" \/>\n<meta name=\"twitter:card\" content=\"summary_large_image\" \/>\n<meta name=\"twitter:label1\" content=\"Est. reading time\" \/>\n\t<meta name=\"twitter:data1\" content=\"4 minuty\" \/>\n<script type=\"application\/ld+json\" class=\"yoast-schema-graph\">{\"@context\":\"https:\/\/schema.org\",\"@graph\":[{\"@type\":\"WebPage\",\"@id\":\"https:\/\/www.praha14.cz\/zivot-na-praze-14\/uvod-o-praze-14\/uzemni-rozvoj\/vyuziti-pozemku-stare-kyje\/\",\"url\":\"https:\/\/www.praha14.cz\/zivot-na-praze-14\/uvod-o-praze-14\/uzemni-rozvoj\/vyuziti-pozemku-stare-kyje\/\",\"name\":\"VYU\u017dIT\u00cd POZEMK\u016e STAR\u00c9 KYJE - \u017divot na Praze 14\",\"isPartOf\":{\"@id\":\"https:\/\/www.praha14.cz\/zivot-na-praze-14\/#website\"},\"datePublished\":\"2017-09-12T08:56:48+00:00\",\"dateModified\":\"2023-07-31T12:15:39+00:00\",\"breadcrumb\":{\"@id\":\"https:\/\/www.praha14.cz\/zivot-na-praze-14\/uvod-o-praze-14\/uzemni-rozvoj\/vyuziti-pozemku-stare-kyje\/#breadcrumb\"},\"inLanguage\":\"cs\",\"potentialAction\":[{\"@type\":\"ReadAction\",\"target\":[\"https:\/\/www.praha14.cz\/zivot-na-praze-14\/uvod-o-praze-14\/uzemni-rozvoj\/vyuziti-pozemku-stare-kyje\/\"]}]},{\"@type\":\"BreadcrumbList\",\"@id\":\"https:\/\/www.praha14.cz\/zivot-na-praze-14\/uvod-o-praze-14\/uzemni-rozvoj\/vyuziti-pozemku-stare-kyje\/#breadcrumb\",\"itemListElement\":[{\"@type\":\"ListItem\",\"position\":1,\"name\":\"\u017divot na Praze 14\",\"item\":\"https:\/\/www.praha14.cz\/zivot-na-praze-14\/\"},{\"@type\":\"ListItem\",\"position\":2,\"name\":\"O Praze 14\",\"item\":\"https:\/\/www.praha14.cz\/zivot-na-praze-14\/uvod-o-praze-14\/\"},{\"@type\":\"ListItem\",\"position\":3,\"name\":\"\u00dazemn\u00ed rozvoj\",\"item\":\"https:\/\/www.praha14.cz\/zivot-na-praze-14\/uvod-o-praze-14\/uzemni-rozvoj\/\"},{\"@type\":\"ListItem\",\"position\":4,\"name\":\"VYU\u017dIT\u00cd POZEMK\u016e STAR\u00c9 KYJE\"}]},{\"@type\":\"WebSite\",\"@id\":\"https:\/\/www.praha14.cz\/zivot-na-praze-14\/#website\",\"url\":\"https:\/\/www.praha14.cz\/zivot-na-praze-14\/\",\"name\":\"\u017divot na Praze 14\",\"description\":\"\",\"potentialAction\":[{\"@type\":\"SearchAction\",\"target\":{\"@type\":\"EntryPoint\",\"urlTemplate\":\"https:\/\/www.praha14.cz\/zivot-na-praze-14\/?s={search_term_string}\"},\"query-input\":{\"@type\":\"PropertyValueSpecification\",\"valueRequired\":true,\"valueName\":\"search_term_string\"}}],\"inLanguage\":\"cs\"}]}<\/script>\n<!-- \/ Yoast SEO plugin. -->","yoast_head_json":{"title":"VYU\u017dIT\u00cd POZEMK\u016e STAR\u00c9 KYJE - \u017divot na Praze 14","robots":{"index":"index","follow":"follow","max-snippet":"max-snippet:-1","max-image-preview":"max-image-preview:large","max-video-preview":"max-video-preview:-1"},"canonical":"https:\/\/www.praha14.cz\/zivot-na-praze-14\/uvod-o-praze-14\/uzemni-rozvoj\/vyuziti-pozemku-stare-kyje\/","og_locale":"cs_CZ","og_type":"article","og_title":"VYU\u017dIT\u00cd POZEMK\u016e STAR\u00c9 KYJE - \u017divot na Praze 14","og_description":"IDEOV\u00c1 URBANISTICK\u00c1 SOUT\u011a\u017d &#8211; STAR\u00c9 KYJE (podn\u011bt na Zm\u011bnu \u00daP S\u00da hl. m. Prahy) Um\u00edst\u011bn\u00ed: kat. \u00fazem\u00ed Kyje, oboustrann\u011b p\u0159i ulici Broumarsk\u00e1 mezi Kyjsk\u00fdm rybn\u00edkem na severu a Rokytkou na v\u00fdchod\u011b a jihu. V lo\u0148sk\u00e9m roce prob\u011bhla ve\u0159ejn\u00e1 urbanistick\u00e1 ideov\u00e1 sout\u011b\u017e o n\u00e1vrh \u201e\u00dazemn\u00ed rozvoj star\u00fdch Kyj\u00ed, potenci\u00e1ln\u00ed nov\u00e9 lok\u00e1ln\u00ed centrum M\u010c Praha 14\u201c. V\u00edt\u011bzn\u00fd...","og_url":"https:\/\/www.praha14.cz\/zivot-na-praze-14\/uvod-o-praze-14\/uzemni-rozvoj\/vyuziti-pozemku-stare-kyje\/","og_site_name":"\u017divot na Praze 14","article_modified_time":"2023-07-31T12:15:39+00:00","og_image":[{"url":"https:\/\/www.praha14.cz\/app\/uploads\/sites\/4\/2017\/09\/Broum_mapa-150x150.jpg","type":"","width":"","height":""}],"twitter_card":"summary_large_image","twitter_misc":{"Est. reading time":"4 minuty"},"schema":{"@context":"https:\/\/schema.org","@graph":[{"@type":"WebPage","@id":"https:\/\/www.praha14.cz\/zivot-na-praze-14\/uvod-o-praze-14\/uzemni-rozvoj\/vyuziti-pozemku-stare-kyje\/","url":"https:\/\/www.praha14.cz\/zivot-na-praze-14\/uvod-o-praze-14\/uzemni-rozvoj\/vyuziti-pozemku-stare-kyje\/","name":"VYU\u017dIT\u00cd POZEMK\u016e STAR\u00c9 KYJE - \u017divot na Praze 14","isPartOf":{"@id":"https:\/\/www.praha14.cz\/zivot-na-praze-14\/#website"},"datePublished":"2017-09-12T08:56:48+00:00","dateModified":"2023-07-31T12:15:39+00:00","breadcrumb":{"@id":"https:\/\/www.praha14.cz\/zivot-na-praze-14\/uvod-o-praze-14\/uzemni-rozvoj\/vyuziti-pozemku-stare-kyje\/#breadcrumb"},"inLanguage":"cs","potentialAction":[{"@type":"ReadAction","target":["https:\/\/www.praha14.cz\/zivot-na-praze-14\/uvod-o-praze-14\/uzemni-rozvoj\/vyuziti-pozemku-stare-kyje\/"]}]},{"@type":"BreadcrumbList","@id":"https:\/\/www.praha14.cz\/zivot-na-praze-14\/uvod-o-praze-14\/uzemni-rozvoj\/vyuziti-pozemku-stare-kyje\/#breadcrumb","itemListElement":[{"@type":"ListItem","position":1,"name":"\u017divot na Praze 14","item":"https:\/\/www.praha14.cz\/zivot-na-praze-14\/"},{"@type":"ListItem","position":2,"name":"O Praze 14","item":"https:\/\/www.praha14.cz\/zivot-na-praze-14\/uvod-o-praze-14\/"},{"@type":"ListItem","position":3,"name":"\u00dazemn\u00ed rozvoj","item":"https:\/\/www.praha14.cz\/zivot-na-praze-14\/uvod-o-praze-14\/uzemni-rozvoj\/"},{"@type":"ListItem","position":4,"name":"VYU\u017dIT\u00cd POZEMK\u016e STAR\u00c9 KYJE"}]},{"@type":"WebSite","@id":"https:\/\/www.praha14.cz\/zivot-na-praze-14\/#website","url":"https:\/\/www.praha14.cz\/zivot-na-praze-14\/","name":"\u017divot na Praze 14","description":"","potentialAction":[{"@type":"SearchAction","target":{"@type":"EntryPoint","urlTemplate":"https:\/\/www.praha14.cz\/zivot-na-praze-14\/?s={search_term_string}"},"query-input":{"@type":"PropertyValueSpecification","valueRequired":true,"valueName":"search_term_string"}}],"inLanguage":"cs"}]}},"_links":{"self":[{"href":"https:\/\/www.praha14.cz\/zivot-na-praze-14\/wp-json\/wp\/v2\/pages\/38840","targetHints":{"allow":["GET"]}}],"collection":[{"href":"https:\/\/www.praha14.cz\/zivot-na-praze-14\/wp-json\/wp\/v2\/pages"}],"about":[{"href":"https:\/\/www.praha14.cz\/zivot-na-praze-14\/wp-json\/wp\/v2\/types\/page"}],"author":[{"embeddable":true,"href":"https:\/\/www.praha14.cz\/zivot-na-praze-14\/wp-json\/wp\/v2\/users\/1057"}],"replies":[{"embeddable":true,"href":"https:\/\/www.praha14.cz\/zivot-na-praze-14\/wp-json\/wp\/v2\/comments?post=38840"}],"version-history":[{"count":10,"href":"https:\/\/www.praha14.cz\/zivot-na-praze-14\/wp-json\/wp\/v2\/pages\/38840\/revisions"}],"predecessor-version":[{"id":68096,"href":"https:\/\/www.praha14.cz\/zivot-na-praze-14\/wp-json\/wp\/v2\/pages\/38840\/revisions\/68096"}],"up":[{"embeddable":true,"href":"https:\/\/www.praha14.cz\/zivot-na-praze-14\/wp-json\/wp\/v2\/pages\/66064"}],"wp:attachment":[{"href":"https:\/\/www.praha14.cz\/zivot-na-praze-14\/wp-json\/wp\/v2\/media?parent=38840"}],"curies":[{"name":"wp","href":"https:\/\/api.w.org\/{rel}","templated":true}]}}