{"id":55189,"date":"2020-06-09T10:41:24","date_gmt":"2020-06-09T10:41:24","guid":{"rendered":"https:\/\/www.praha14.cz\/zivot-na-praze-14\/?page_id=55189"},"modified":"2022-03-16T11:03:46","modified_gmt":"2022-03-16T11:03:46","slug":"cyklistika-1","status":"publish","type":"page","link":"https:\/\/www.praha14.cz\/zivot-na-praze-14\/cyklistika-1\/","title":{"rendered":"Cyklistika"},"content":{"rendered":"<p><span style=\"color: #009dde;\"><strong>Cyklostezka<\/strong><\/span><br \/>\nStavebn\u011b upraven\u00e1 a dopravn\u00edm zna\u010den\u00edm vymezen\u00e1 komunikace ur\u010den\u00e1 cyklist\u016fm, brusla\u0159\u016fm, kolob\u011b\u017ek\u00e1\u0159\u016fm apod., p\u0159\u00edpadn\u011b i chodc\u016fm.<\/p>\n<p><span style=\"color: #009dde;\"><strong>Cyklotrasa<br \/>\n<\/strong><\/span>Komunikace vhodn\u00e9 pro j\u00edzdu na j\u00edzdn\u00edm kole (zna\u010deno \u017elut\u00fdmi sm\u011brovkami).<\/p>\n<section class=\"p14-panel-group\"><div id=\"panel_group_1\" class=\"panel-group\"><article class=\"panel panel-default\">\n\t\t\t<div class=\"panel-heading\">\n\t\t\t\t<h1 class=\"panel-title\">\n\t\t\t\t\t<a data-toggle=\"collapse\" data-parent=\"#panel_group_1\" href=\"#panel_1_1\" class=\"collapsed\">\n\t\t\t\t\t\tCyklotrasa \u010cR \u010d. 1\n\t\t\t\t\t<\/a>\n\t\t\t\t<\/h1>\n\t\t\t<\/div>\n\t\t\t<div id=\"panel_1_1\" class=\"panel-collapse collapse\">\n\t\t\t\t<div class=\"panel-body\">\n\t\t\t\t\t<\/p>\n<h5>Prahou 14 proch\u00e1z\u00ed cyklotrasa \u010cR \u010d.1, kter\u00e1 m\u00e1 spojit Prahu s Brnem.<\/h5>\n<p>&nbsp;<\/p>\n<p><span style=\"color: #009dde;\"><strong>Cyklotrasa \u010d. 1 v Praze 14 a v Doln\u00edch Po\u010dernic\u00edch<\/strong><\/span><\/p>\n<p>Na \u00fazem\u00ed Prahy 14 vede trasa vesm\u011bs po ve\u0159ejn\u00fdch komunikac\u00edch, jej\u00ed cesta v\u0161ak je volena ulicemi s co nejmen\u0161\u00edm automobilov\u00fdm provozem. Na dvou m\u00edstech je t\u0159eba zdolat schody, ale v p\u0159\u00edpad\u011b n\u00e1dra\u017e\u00ed Praha-Kyje ji\u017e M\u010c Praha 14 zbudovala n\u00e1jezdy. Schody za Pr\u016fmyslovou ulic\u00ed le\u017e\u00ed na \u00fazem\u00ed Prahy 9. *)<\/p>\n<p>Vzd\u00e1lenost z centra do Doln\u00edch Po\u010dernic je 16 km.<br \/>\nZ cyklotrasy \u010d.1 je mo\u017eno odbo\u010dit na v\u00fdchod\u011b v Doln\u00edch Po\u010dernic\u00edch na cyklotrasu \u010cR \u010d. 14, kter\u00e1 povede do Nymburka, nebo na cyklostezku <abbr title=\"\u010cern\u00fd Most - Doln\u00ed Po\u010dernice\">\u010cM-DP<\/abbr> (viz n\u00ed\u017ee) a potom pokra\u010dovat komunikacemi s\u00eddli\u0161t\u011b \u010cern\u00fd Most na cyklotrasu 0035 do Horn\u00edch Po\u010dernic.<\/p>\n<p>&nbsp;<\/p>\n<p><span style=\"color: #009dde;\"><strong>Po cyklotrase \u010d. 1 z Prahy 14 do centra<\/strong><\/span><\/p>\n<p>Cyklotrasa \u010d.1 vede od hranice Prahy 14 na Pr\u016fmyslov\u00e9 ulici dol\u016f zalesn\u011bn\u00fdm svahem U Hloub\u011bt\u00ednsk\u00e9 vinice, d\u00e1le kolem Ho\u0159ej\u0161\u00edho rybn\u00edka, p\u0159es Hrdlo\u0159ezy (strm\u00e9 stoup\u00e1n\u00ed) a ji\u017en\u00ed hranici Vyso\u010dan a\u017e ke Spojovac\u00ed ulici. V tomto \u00faseku je to p\u0159\u00edjemn\u00e1 cesta bu\u010f v zeleni nebo po silnici s minim\u00e1ln\u00edm provozem. Po zdol\u00e1n\u00ed Spojovac\u00ed ulice je mo\u017eno pokra\u010dovat d\u00e1le p\u0159es Balk\u00e1n a Pra\u017ea\u010dku na V\u00edtkov a odtud bu\u010f do centra nebo na \u017di\u017ekov.<\/p>\n<p>*) Novou variantou cesty mezi Kyjsk\u00fdm rybn\u00edkem a stoup\u00e1n\u00edm kolem zahr\u00e1dek v Hrdlo\u0159ez\u00edch je \u010d\u00e1st cyklotrasy \u010d. A25, kter\u00e1 vede kolem zahr\u00e1dk\u00e1\u0159sk\u00e9 kolonie u trati v Kyj\u00edch (proti sklen\u00edk\u016fm), podjede Pr\u016fmyslovou ulici a tra\u0165 a vede pozd\u011bji podle Rokytky, v jej\u00edm\u017e ohybu se p\u0159ej\u00ed\u017ed\u00ed m\u016fstek a pokra\u010duje se vpravo. Najedeme na ni tak, \u017ee v Kyj\u00edch nad restaurac\u00ed u Eriky opust\u00edme cyklotrasu \u010d. 1, kter\u00e1 na rohu zahr\u00e1dk\u00e1\u0159sk\u00e9 kolonie odbo\u010duje vpravo do kopce, a d\u00e1me se rovn\u011b mezi trat\u00ed a plotem zahr\u00e1dek. Cesta je po de\u0161ti bl\u00e1tiv\u00e1, tak\u00e9 vede \u010d\u00e1ste\u010dn\u011b po panelech, ale vede po rovin\u011b a eliminuje nep\u0159\u00edjemn\u00fd sjezd od Pr\u016fmyslov\u00e9 ulice ubo\u010d\u00edm U Hloub\u011bt\u00ednsk\u00e9 vinice.<\/p>\n<p>&nbsp;<\/p>\n<p><strong><span style=\"color: #009dde;\">Po cyklotrase \u010d. 1 z Prahy 14 na jihov\u00fdchod<\/span><\/strong><\/p>\n<p>Trasa je d\u00e1le zna\u010dena od k\u0159i\u017eovatky \u010ceskobrodsk\u00e9 s ulic\u00ed N\u00e1rodn\u00edch hrdin\u016f ji\u017en\u00edm sm\u011brem na Dube\u010d. Zat\u00edm je mo\u017eno jet z Po\u010dernic po ul. N\u00e1rodn\u00edch hrdin\u016f a v m\u00edst\u011b, kde se objev\u00ed cyklotrasa <abbr title=\"Hostavice - \u0160t\u011brboholy\">HO-\u0160T<\/abbr>, odbo\u010dit doleva na nezna\u010denou p\u0159\u00edjemnou asfaltku pod\u00e9l Hostavick\u00e9ho potoka a dojet na silnici na Dube\u010d. Tam ji\u017e op\u011bt pokra\u010duje zna\u010den\u00e1 cyklotrasa \u010d.1 na Kr\u00e1lovice a K\u0159enice. \u010casem povede a\u017e do Brna.<\/p>\n<h5><\/h5>\n<p>&nbsp;<\/p>\n<h5><a href=\"https:\/\/www.praha14.cz\/app\/uploads\/sites\/4\/2014\/04\/cyklo_velka.jpg\" data-rel=\"lightbox-image-0\" data-rl_title=\"\" data-rl_caption=\"\" title=\"\"><img loading=\"lazy\" decoding=\"async\" src=\"https:\/\/www.praha14.cz\/app\/uploads\/sites\/4\/2014\/04\/cyklo_velka-150x150.jpg\" alt=\"cyklo_velka\" width=\"150\" height=\"150\" \/><\/a><\/h5>\n<p>\n\t\t\t\t<\/div>\n\t\t\t<\/div>\n\t\t<\/article><article class=\"panel panel-default\">\n\t\t\t<div class=\"panel-heading\">\n\t\t\t\t<h1 class=\"panel-title\">\n\t\t\t\t\t<a data-toggle=\"collapse\" data-parent=\"#panel_group_1\" href=\"#panel_1_2\" class=\"collapsed\">\n\t\t\t\t\t\tCyklostezka \u010cern\u00fd Most - Doln\u00ed Po\u010dernice\n\t\t\t\t\t<\/a>\n\t\t\t\t<\/h1>\n\t\t\t<\/div>\n\t\t\t<div id=\"panel_1_2\" class=\"panel-collapse collapse\">\n\t\t\t\t<div class=\"panel-body\">\n\t\t\t\t\t<\/p>\n<p>Dne 19.9.2005 byl otev\u0159en p\u016flkilometrov\u00fd \u00fasek cyklostezky z \u010cern\u00e9ho Mostu do Doln\u00edch Po\u010dernic (\u00fasek od skateparku p\u0159i Bryksov\u011b ulici k Marti\u0148\u00e1ku). Jedn\u00e1 se o prvn\u00ed opravdovou cyklostezku v Praze 14, kter\u00e1 je spole\u010dn\u00e1 pro cyklisty a chodce.<\/p>\n<p>Cyklostezka je cel\u00e1 \u0159e\u0161ena v \u0161\u00ed\u0159ce 3m s obrubn\u00edky, ji\u017en\u011b od skateparku je um\u00edst\u011bna kruhov\u00e1 k\u0159i\u017eovatka o vn\u011bj\u0161\u00edm pr\u016fm\u011bru 8m.<br \/>\nPovrch cyklostezky je z \u017eivice, vnit\u0159n\u00ed kruh kruhov\u00e9 k\u0159i\u017eovatky je vyv\u00fd\u0161en\u00fd a vydl\u00e1\u017ed\u011bn\u00fd.<br \/>\nCyklostezka bude po obou stran\u00e1ch lemov\u00e1na zelen\u00fdm p\u00e1sem, v ji\u017en\u00ed \u010d\u00e1sti o \u0161\u00ed\u0159ce 3,0m, v \u010d\u00e1sti severn\u011b od kruhov\u00e9 k\u0159i\u017eovatky v \u0161\u00ed\u0159ce cca 1,5m. V n\u011bm bude \u0159e\u0161eno odvodn\u011bn\u00ed do zatravn\u011bn\u00fdch vsakovac\u00edch p\u0159\u00edkop\u016f a v\u00fdsadba aleje z listnat\u00fdch \u010di jehli\u010dnat\u00fdch d\u0159evin.<\/p>\n<p>Jedete-li od Marti\u0148\u00e1ku (nebo od Doln\u00edch Po\u010dernic) na \u010cern\u00fd Most I, je lep\u0161\u00ed vyu\u017e\u00edt vyasfaltovavanou (a na rozd\u00edl od cyklostezky osv\u011btlenou) asfaltku od zahr\u00e1dk\u00e1\u0159sk\u00e9 kolonie st\u00e1le rovn\u011b do ulice Arno\u0161ta Valenty.<\/p>\n<p>&nbsp;<\/p>\n<p><a href=\"https:\/\/www.praha14.cz\/app\/uploads\/sites\/4\/2014\/04\/cyklo_CMDP.jpg\" data-rel=\"lightbox-image-1\" data-rl_title=\"\" data-rl_caption=\"\" title=\"\"><img loading=\"lazy\" decoding=\"async\" src=\"https:\/\/www.praha14.cz\/app\/uploads\/sites\/4\/2014\/04\/cyklo_CMDP-150x150.jpg\" alt=\"cyklo_CMDP\" width=\"150\" height=\"150\" \/><\/a><\/p>\n<p>\n\t\t\t\t<\/div>\n\t\t\t<\/div>\n\t\t<\/article><article class=\"panel panel-default\">\n\t\t\t<div class=\"panel-heading\">\n\t\t\t\t<h1 class=\"panel-title\">\n\t\t\t\t\t<a data-toggle=\"collapse\" data-parent=\"#panel_group_1\" href=\"#panel_1_3\" class=\"collapsed\">\n\t\t\t\t\t\tCyklotrasa Hostavice - \u0160t\u011brboholy\n\t\t\t\t\t<\/a>\n\t\t\t\t<\/h1>\n\t\t\t<\/div>\n\t\t\t<div id=\"panel_1_3\" class=\"panel-collapse collapse\">\n\t\t\t\t<div class=\"panel-body\">\n\t\t\t\t\t<\/p>\n<p>Tato zna\u010den\u00e1 cyklotrasa vede po \u00fazem\u00ed Prahy 14 jen mal\u00fd kousek. V Hostavic\u00edch u kone\u010dn\u00e9 autobusu 110 se odd\u011bluje od cyklotrasy \u010d. 1 ji\u017en\u00edm sm\u011brem p\u0159es \u010ceskobrodskou ulici, potom se jede po asfaltov\u00e9 cest\u011b kolem p\u0159\u00edrodn\u00edho are\u00e1lu a Hostavick\u00e9ho potoka a\u017e k ulici N\u00e1rodn\u00edch hrdin\u016f, odkud zna\u010den\u00e1 trasa <abbr title=\"Hostavice - \u0160t\u011brboholy\">HO-\u0160T<\/abbr> pokra\u010duje vpravo po odd\u011blen\u00e9m dl\u00e1\u017ed\u011bn\u00e9m chodn\u00edku do \u0160t\u011brbohol. Chcete-li zase nav\u00e1zat na cyklotrasu \u010d. 1, sta\u010d\u00ed na k\u0159i\u017eovatce cyklotrasy <abbr title=\"Hostavice - \u0160t\u011brboholy\">HO-\u0160T<\/abbr> s ulic\u00ed N\u00e1rodn\u00edch hrdin\u016f pokra\u010dovat rovn\u011b pod\u00e9l Hostavick\u00e9ho potoka po nov\u00e9 asfaltce a\u017e na silnici ze \u0160t\u011brbohol do Dub\u010de.\n\t\t\t\t<\/div>\n\t\t\t<\/div>\n\t\t<\/article><article class=\"panel panel-default\">\n\t\t\t<div class=\"panel-heading\">\n\t\t\t\t<h1 class=\"panel-title\">\n\t\t\t\t\t<a data-toggle=\"collapse\" data-parent=\"#panel_group_1\" href=\"#panel_1_4\" class=\"collapsed\">\n\t\t\t\t\t\tCyklostezka ke Sv\u00e9pravick\u00fdm rybn\u00edk\u016fm a Xaverovsk\u00e9mu h\u00e1ji\n\t\t\t\t\t<\/a>\n\t\t\t\t<\/h1>\n\t\t\t<\/div>\n\t\t\t<div id=\"panel_1_4\" class=\"panel-collapse collapse\">\n\t\t\t\t<div class=\"panel-body\">\n\t\t\t\t\t<\/p>\n<p>Na tuto cyklostezku se dotaneme od Centra \u010cern\u00fd Most podjezdem pod V\u00fdchodn\u00ed spojkou, za n\u00edm se odbo\u010d\u00ed vpravo k \u010dist\u00edrn\u011b odpadn\u00edch vod, kde na asfaltku navazuje cyklostezka kolem rybn\u00edk\u016f na Sv\u00e9pravick\u00e9m potoce. Ta kon\u010d\u00ed p\u0159i Dobro\u0161ovsk\u00e9 ulici nedaleko podchodu pod d\u00e1lnic\u00ed D 11 (na Pod\u011bbrady). Podchodem se dostaneme k silni\u010dce vedouc\u00ed ke &#8222;koupac\u00edmu&#8220; Sv\u00e9pravick\u00e9mu rybn\u00edku a ke Xaverovsk\u00e9mu h\u00e1ji.<\/p>\n<p>&nbsp;<\/p>\n<p><a href=\"https:\/\/www.praha14.cz\/app\/uploads\/sites\/4\/2014\/04\/svepravice.jpg\" data-rel=\"lightbox-image-2\" data-rl_title=\"\" data-rl_caption=\"\" title=\"\"><img loading=\"lazy\" decoding=\"async\" src=\"https:\/\/www.praha14.cz\/app\/uploads\/sites\/4\/2014\/04\/svepravice-150x150.jpg\" alt=\"svepravice\" width=\"137\" height=\"137\" \/><\/a><\/p>\n<p>\n\t\t\t\t<\/div>\n\t\t\t<\/div>\n\t\t<\/article><article class=\"panel panel-default\">\n\t\t\t<div class=\"panel-heading\">\n\t\t\t\t<h1 class=\"panel-title\">\n\t\t\t\t\t<a data-toggle=\"collapse\" data-parent=\"#panel_group_1\" href=\"#panel_1_5\" class=\"collapsed\">\n\t\t\t\t\t\tZ Hloub\u011bt\u00edna do centra\n\t\t\t\t\t<\/a>\n\t\t\t\t<\/h1>\n\t\t\t<\/div>\n\t\t\t<div id=\"panel_1_5\" class=\"panel-collapse collapse\">\n\t\t\t\t<div class=\"panel-body\">\n\t\t\t\t\t<\/p>\n<p>Pro romantiky a nep\u0159\u00e1tele ko\u010d\u00e1rk\u016f a brusla\u0159\u016f &#8211; zna\u010den\u00e9 i nezna\u010den\u00e9 trasy, \u010d\u00e1ste\u010dn\u011b cyklostezky, v map\u011b vyzna\u010dena tyrkysovou linkou.<\/p>\n<p>Na tuto cestu je mo\u017eno nav\u00e1zat z cyklotrasy \u010d. 1 v m\u00edst\u011b, kde \u010d. 1 p\u0159eklenuje Pr\u016fmyslovou ulici (z ulice V Chaloupk\u00e1ch). Za m\u016fstkem (po schodech dol\u016f, n\u00e1jezd st\u00e1le chyb\u00ed) se pokra\u010duje po lesn\u00ed cest\u011b z kopce dol\u016f a prvn\u00ed odbo\u010dkou vpravo dol\u016f se dostaneme na schody k hr\u00e1zi Ho\u0159ej\u0161\u00edho rybn\u00edka. U rybn\u00edka se vyd\u00e1me po proudu Rokytky (vpravo) bu\u010f romanti\u010dt\u011bj\u0161\u00ed, u\u017e\u0161\u00ed, kamenit\u011bj\u0161\u00ed a m\u00edrn\u011b del\u0161\u00ed cestou po prav\u00e9m b\u0159ehu nebo po p\u0159ejet\u00ed hr\u00e1ze \u0161i\u0159\u0161\u00ed a povrchem p\u0159\u00edjemn\u011bj\u0161\u00ed cestou po lev\u00e9m b\u0159ehu (d\u00e1le od vody), av\u0161ak po\u0159\u00e1d je\u0161t\u011b s ne p\u0159\u00edli\u0161 v\u00e1bn\u00fdm okol\u00edm. Ob\u011b cesty se spoj\u00ed na lev\u00e9m b\u0159ehu, kdy z prav\u00e9ho b\u0159ehu p\u0159ed vyjet\u00edm na k\u0159i\u017eovatce Kbelsk\u00e1-Pod\u011bbradsk\u00e9 p\u0159ejedeme Rokytku po m\u016fstku. Mineme b\u00fdval\u00fd Kej\u0159\u016fv ml\u00fdn, kter\u00fd se po rekonstrukci stal sou\u010d\u00e1st\u00ed nov\u00e9ho minis\u00eddli\u0161t\u011b, a po podjet\u00ed b\u00fdval\u00e9 vle\u010dky vyjedeme na Pod\u011bbradskou ulici u \u010cSPH Benzina. Na druh\u00e9 stran\u011b Pod\u011bbradsk\u00e9 v bl\u00edzkosti b\u00fdval\u00e9ho \u017eelezni\u010dn\u00edho mostu najdeme dal\u0161\u00ed cestu pod\u00e9l Rokytky. V po\u010d\u00e1te\u010dn\u00ed \u010d\u00e1sti je t\u0159eba d\u00e1vat pozor na cestu kv\u016fli kamen\u016fm, cesta se v\u0161ak st\u00e1le zlep\u0161uje a neuhneme-li od Rokytky, vyvede n\u00e1s na Freyovu ulici proti ulici Na B\u0159ehu. V tun\u00fdlku na za\u010d\u00e1tku tohoto \u00faseku jsou vybudov\u00e1ny hat\u011b pro lep\u0161\u00ed pr\u016fjezd nejnep\u0159\u00edjemn\u011bj\u0161\u00edm p\u00eds\u010dit\u00fdm \u00fasekem v tomto tunelu.<\/p>\n<p>Za Freyovou ulic\u00ed u\u017e vede regul\u00e9rn\u00ed cyklostezka KO-FR po lev\u00e9m b\u0159ehu Rokytky a\u017e k Sokolovsk\u00e9 ulici a za n\u00ed d\u00e1le po\u0159\u00e1d pod\u00e9l Rokytky a\u017e do oblasti Kol\u010davky, kde je nutno na konci cyklostezky po odbo\u010den\u00ed od Rokytky vyhledat podchod pod \u010dty\u0159proudou \u010cuprovou ulic\u00ed. Po vyjet\u00ed z podchodu pokra\u010dujeme zp\u011bt kousek pod\u00e9l d\u00e1lnice sm\u011brem k Libni, sjedeme na nov\u011b vydl\u00e1\u017ed\u011bnou cestu pod\u00e9l Rokytky, prvn\u00edm m\u016fstkem se dostaneme na jej\u00ed prav\u00fd b\u0159eh a po n\u011bm pokra\u010dujeme po nov\u00e9 kr\u00e1sn\u00e9 cyklostezce s pouli\u010dn\u00edm osv\u011btlen\u00edm(otev\u0159ena v z\u00e1\u0159\u00ed 2009) a d\u00e1le a\u017e na Elsnicovo n\u00e1m\u011bst\u00ed. Dodr\u017e\u00edme-li na n\u00e1m\u011bst\u00ed sm\u011br Rokytky, zase na ni po chv\u00edli naraz\u00edme a pokra\u010dujeme a\u017e ke slep\u00e9mu rameni Vltavy, p\u0159es kter\u00e9 se po vratech a zna\u010den\u00e9 cest\u011b dostaneme na Libe\u0148sk\u00fd ostrov. Projet\u00edm oblouku Libe\u0148sk\u00e9ho mostu nav\u00e1\u017eeme na cyklostezku p\u0159es Rohansk\u00fd ostrov, po n\u00e1b\u0159e\u017e\u00ed kolem hotelu Hilton a ke \u0160tef\u00e1nikovu mostu. Po projet\u00ed pod mostem se dostaneme na n\u00e1plavku a vyjedeme a\u017e na n\u00e1m\u011bst\u00ed Jana Palacha. A\u017e sem zcela bez aut (krom\u011b p\u0159echodu Pod\u011bbradsk\u00e9, Freyovy a Sokolovsk\u00e9 ulice, tak\u00e9 na Libe\u0148sk\u00e9m ostrov\u011b u bazar\u016f se k\u0159\u00ed\u017e\u00ed silnice).<\/p>\n<p>&nbsp;<\/p>\n<p><span style=\"color: #009dde;\"><strong>Nov\u00e1 varianta:<\/strong><\/span><\/p>\n<p>Do Freyovy ulice se tak\u00e9 dostaneme po nov\u00e9 cyklostezce Freyova-Pod\u011bbradsk\u00e1-Ho\u0159ej\u0161\u00ed rybn\u00edk (tzv. mili\u00f3nov\u00e9 &#8211; viz tak\u00e9 n\u00ed\u017ee), na kterou se dostaneme bu\u010f u Kej\u0159ova ml\u00fdna (bl\u00edzko \u010cSPH Benzina), nebo na druh\u00e9 stran\u011b Pod\u011bbradsk\u00e9 (oboj\u00ed po schodech). Ti, kte\u0159\u00ed se cht\u011bj\u00ed u\u017e\u00edt, mohou nastoupit na tuto stezku hned na jej\u00edm za\u010d\u00e1tku na z\u00e1padn\u00edm b\u0159ehu Ho\u0159ej\u0161\u00edho rybn\u00edka, kam se dostanou po v\u00fd\u0161e popsan\u00e9 trase \u010d. 1.<\/p>\n<p>&nbsp;<\/p>\n<p><a href=\"https:\/\/www.praha14.cz\/app\/uploads\/sites\/4\/2014\/04\/hloub_manes.jpg\" data-rel=\"lightbox-image-3\" data-rl_title=\"\" data-rl_caption=\"\" title=\"\"><img loading=\"lazy\" decoding=\"async\" src=\"https:\/\/www.praha14.cz\/app\/uploads\/sites\/4\/2014\/04\/hloub_manes-150x150.jpg\" alt=\"hloub_manes\" width=\"150\" height=\"150\" \/><\/a>\n\t\t\t\t<\/div>\n\t\t\t<\/div>\n\t\t<\/article><article class=\"panel panel-default\">\n\t\t\t<div class=\"panel-heading\">\n\t\t\t\t<h1 class=\"panel-title\">\n\t\t\t\t\t<a data-toggle=\"collapse\" data-parent=\"#panel_group_1\" href=\"#panel_1_6\" class=\"collapsed\">\n\t\t\t\t\t\tCyklostezka Freyova-Pod\u011bbradsk\u00e1-Ho\u0159ej\u0161\u00ed rybn\u00edk\n\t\t\t\t\t<\/a>\n\t\t\t\t<\/h1>\n\t\t\t<\/div>\n\t\t\t<div id=\"panel_1_6\" class=\"panel-collapse collapse\">\n\t\t\t\t<div class=\"panel-body\">\n\t\t\t\t\t<\/p>\n<h5>&#8222;mili\u00f3nov\u00e1&#8220; nebo &#8222;zlat\u00e1&#8220;<\/h5>\n<p>Stezka za\u010d\u00edn\u00e1 \u00fasekem u Ho\u0159ej\u0161\u00edho rybn\u00edka a a\u017e po Freyovu ulici vede po trase b\u00fdval\u00e9 \u017eelezni\u010dn\u00ed vle\u010dky.<br \/>\nNa obou str\u00e1n\u00e1ch mostu p\u0159es Pod\u011bbradskou ulici (b\u00fdval\u00fd \u017eelezni\u010dn\u00ed) jsou vybudov\u00e1ny schody (????) bez vod\u00edc\u00edch li\u0161t.<\/p>\n<p>Byl vybudov\u00e1n nov\u00fd most p\u0159es Ocel\u00e1\u0159skou a zrekonstruov\u00e1n most p\u0159es Freyovu. Ji\u017e bylo hotovo i pon\u011bkud krkolomn\u00e9 spojen\u00ed mostu p\u0159es Ocel\u00e1\u0159skou a mostu p\u0159es Freyovu. Od podzimu 2011 je ale most p\u0159es Ocel\u00e1\u0159skou p\u0159eru\u0161en kv\u016fli v\u00fdstavb\u011b \u00fadajn\u011b nejvy\u0161\u0161\u00edho bytov\u00e9ho domu v \u010cesku. Nech\u00e1te-li se p\u0159i j\u00edzd\u011b ve sm\u011bru z Vyso\u010dan do Hloub\u011bt\u00edna zl\u00e1kat \u0161ipkou cyklostezky na tento most, mus\u00edte za chvilku dol\u016f po schodech. Lep\u0161\u00ed je p\u0159ejet Ocel\u00e1\u0159skou po p\u0159echodu. N\u00e1sledn\u011b ov\u0161em mus\u00edte zdolat toto.<\/p>\n<p>\u00dazem\u00ed ur\u010den\u00e9 pro budouc\u00ed o\u017eiven\u00ed je ohrani\u010deno p\u0159ibli\u017en\u011b ulicemi Freyova, Kolbenova, Kbelsk\u00e1, Pr\u016fmyslov\u00e1, Pod\u011bbradsk\u00e1 a tokem Rokytky.<\/p>\n<p>Veden\u00ed trasy od ulice Freyova d\u00e1le na v\u00fdchod se sice m\u00edrn\u011b odkl\u00e1n\u00ed od vlastn\u00edho toku Rokytky, ale p\u0159ekon\u00e1 \u00fazem\u00ed efektivn\u011b (?) po t\u011blese b\u00fdval\u00e9 \u017eelezni\u010dn\u00ed vle\u010dky. P\u00e1te\u0159n\u00ed komunikace pro cyklisty je tvo\u0159ena samostatnou stezkou pro p\u011b\u0161\u00ed a cyklisty \u0161\u00ed\u0159ky 3,5 m, m\u00e1 asfaltov\u00fd povrch a mimo\u00farov\u0148ov\u011b p\u0159ekon\u00e1 v\u0161echny kolm\u00e9 vozidlov\u00e9 komunikace, p\u0159edev\u0161\u00edm frekventovan\u00e9 ulice Freyovu a Ocel\u00e1\u0159skou, a d\u00e1le ulici U Elektry, kter\u00e1 bude slou\u017eit dopravn\u00ed obsluze chystan\u00fdch obytn\u00fdch komplex\u016f, a samoz\u0159ejm\u011b tak\u00e9 ulici Pod\u011bbradskou. Pr\u00e1v\u011b tyto mostn\u00ed objekty se pod\u00edlely na vysok\u00fdch n\u00e1kladech stavby.<\/p>\n<p>&nbsp;<\/p>\n<p><strong>Celkov\u00e1 d\u00e9lka pl\u00e1novan\u00e9 stavby je t\u00e9m\u011b\u0159 3,2 km.<\/strong> Stezka navazuje na ji\u017e hotov\u00fd \u00fasek trasy &#8222;KO-FR&#8220;, vedouc\u00ed z uzlu Balabenka, a p\u0159eklenuje \u00fazem\u00ed Vyso\u010dan sm\u011brem k Hloub\u011bt\u00ednu a Hrdlo\u0159ez\u016fm.<br \/>\nSnahou je v t\u00e9 souvislosti p\u0159ezna\u010dit navazuj\u00edc\u00ed veden\u00ed cyklotrasy \u010d. 1 tak, aby se vyhnula nebezpe\u010dn\u00e9mu a prakticky nesj\u00edzdn\u00e9mu \u00faseku v lesoparku p\u0159i ulici Pr\u016fmyslov\u00e1 v\u010detn\u011b jej\u00edho p\u0159ekon\u00e1v\u00e1n\u00ed po l\u00e1vce se schody. P\u0159\u00edprava t\u00e9to navazuj\u00edc\u00ed tzv. druh\u00e9 etapy je ale st\u00e1le odlo\u017eena &#8222;ad acta&#8220; kv\u016fli nevypo\u0159\u00e1dan\u00fdm majetkopr\u00e1vn\u00edm vztah\u016fm na dot\u010den\u00fdch pozemc\u00edch nebo nesouhlas\u016fm majitel\u016f pozemk\u016f. Do trasy uva\u017eovan\u00e9 stezky pro cyklisty zde tak\u00e9 zasahuje stavba modernizace \u017eelezni\u010dn\u00edho koridoru. Konkr\u00e9tn\u011bj\u0161\u00ed v\u00fdsledky se daj\u00ed v brzk\u00e9 dob\u011b \u010dekat sp\u00ed\u0161e na z\u00e1padn\u00edm napojen\u00ed budovan\u00e9 trasy pro cyklisty, kde se ji\u017e chyst\u00e1 propojen\u00ed Pelc-Tyrolky a Kol\u010davky.<\/p>\n<p>Nav\u0161tivte str\u00e1nky Magistr\u00e1tu <a title=\"Str\u00e1nky Magistr\u00e1tu - do nov\u00e9ho okna\" href=\"https:\/\/www.praha.eu\/jnp\/cz\/doprava\/cyklisticka\/index.html\" target=\"_blank\" rel=\"noopener noreferrer\">Cyklistick\u00e1 doprava<\/a>&nbsp;&nbsp;&nbsp;(nov\u00e9 projekty, aktuality apod.).<\/p>\n<p>Velmi dob\u0159e je vedena tak\u00e9 str\u00e1nka <a title=\"Odkaz do nov\u00e9ho okna\" href=\"https:\/\/mestemnakole.cz\/\" target=\"_blank\" rel=\"noopener noreferrer\">www.mestemnakole.cz<\/a>&nbsp;&nbsp;&nbsp;s odkazem na cyklomapu Prahy.<\/p>\n<p>&nbsp;<\/p>\n<p><a href=\"https:\/\/www.praha14.cz\/app\/uploads\/sites\/4\/2014\/04\/fre_podebr_horryb.jpg\" data-rel=\"lightbox-image-4\" data-rl_title=\"\" data-rl_caption=\"\" title=\"\"><img loading=\"lazy\" decoding=\"async\" src=\"https:\/\/www.praha14.cz\/app\/uploads\/sites\/4\/2014\/04\/fre_podebr_horryb.jpg\" alt=\"fre_podebr_horryb\" width=\"577\" height=\"342\" \/><\/a><\/p>\n<p><span style=\"float: none; background-color: transparent; color: #333333; cursor: text; font-family: Georgia,'Times New Roman','Bitstream Charter',Times,serif; font-size: 16px; font-style: normal; font-variant: normal; font-weight: 400; letter-spacing: normal; text-align: left; text-decoration: none; text-indent: 0px; text-transform: none;\">\n\t\t\t\t<\/div>\n\t\t\t<\/div>\n\t\t<\/article><article class=\"panel panel-default\">\n\t\t\t<div class=\"panel-heading\">\n\t\t\t\t<h1 class=\"panel-title\">\n\t\t\t\t\t<a data-toggle=\"collapse\" data-parent=\"#panel_group_1\" href=\"#panel_1_7\" class=\"collapsed\">\n\t\t\t\t\t\tCyklomapa Prahy 14\n\t\t\t\t\t<\/a>\n\t\t\t\t<\/h1>\n\t\t\t<\/div>\n\t\t\t<div id=\"panel_1_7\" class=\"panel-collapse collapse\">\n\t\t\t\t<div class=\"panel-body\">\n\t\t\t\t\t<\/span><\/p>\n<p><a href=\"https:\/\/www.praha14.cz\/zivot-na-praze-14\/cyklomapa-prahy-14\/\" target=\"_blank\" rel=\"noopener noreferrer\">Cyklomapa Prahy 14<\/a><\/p>\n<p>\n\t\t\t\t<\/div>\n\t\t\t<\/div>\n\t\t<\/article><article class=\"panel panel-default\">\n\t\t\t<div class=\"panel-heading\">\n\t\t\t\t<h1 class=\"panel-title\">\n\t\t\t\t\t<a data-toggle=\"collapse\" data-parent=\"#panel_group_1\" href=\"#panel_1_8\" class=\"collapsed\">\n\t\t\t\t\t\tPra\u017esk\u00e1 cyklomagistr\u00e1la\n\t\t\t\t\t<\/a>\n\t\t\t\t<\/h1>\n\t\t\t<\/div>\n\t\t\t<div id=\"panel_1_8\" class=\"panel-collapse collapse\">\n\t\t\t\t<div class=\"panel-body\">\n\t\t\t\t\t<\/p>\n<p><a href=\"https:\/\/www.praha14.cz\/zivot-na-praze-14\/prazska-cyklomagistrala\/\" target=\"_blank\" rel=\"noopener noreferrer\">Pra\u017esk\u00e1 cyklomagistr\u00e1la<\/a><\/p>\n<p>\n\t\t\t\t<\/div>\n\t\t\t<\/div>\n\t\t<\/article><\/div><\/section>\n<p>&nbsp;<\/p>\n<p>&nbsp;<\/p>\n<p>&nbsp;<\/p>\n<p>&nbsp;<\/p>\n<p>&nbsp;<\/p>\n","protected":false},"excerpt":{"rendered":"<p>Cyklostezka Stavebn\u011b upraven\u00e1 a dopravn\u00edm zna\u010den\u00edm vymezen\u00e1 komunikace ur\u010den\u00e1 cyklist\u016fm, brusla\u0159\u016fm, kolob\u011b\u017ek\u00e1\u0159\u016fm apod., p\u0159\u00edpadn\u011b i chodc\u016fm. Cyklotrasa Komunikace vhodn\u00e9 pro j\u00edzdu na j\u00edzdn\u00edm kole (zna\u010deno \u017elut\u00fdmi sm\u011brovkami). &nbsp; &nbsp; &nbsp; &nbsp; &nbsp;<\/p>\n","protected":false},"author":6,"featured_media":0,"parent":0,"menu_order":0,"comment_status":"closed","ping_status":"closed","template":"","meta":{"_acf_changed":false,"footnotes":""},"class_list":["post-55189","page","type-page","status-publish","hentry"],"acf":[],"yoast_head":"<!-- This site is optimized with the Yoast SEO plugin v27.2 - https:\/\/yoast.com\/product\/yoast-seo-wordpress\/ -->\n<title>Cyklistika - \u017divot na Praze 14<\/title>\n<meta name=\"robots\" content=\"index, follow, max-snippet:-1, max-image-preview:large, max-video-preview:-1\" \/>\n<link rel=\"canonical\" href=\"https:\/\/www.praha14.cz\/zivot-na-praze-14\/cyklistika-1\/\" \/>\n<meta property=\"og:locale\" content=\"cs_CZ\" \/>\n<meta property=\"og:type\" content=\"article\" \/>\n<meta property=\"og:title\" content=\"Cyklistika - \u017divot na Praze 14\" \/>\n<meta property=\"og:description\" content=\"Cyklostezka Stavebn\u011b upraven\u00e1 a dopravn\u00edm zna\u010den\u00edm vymezen\u00e1 komunikace ur\u010den\u00e1 cyklist\u016fm, brusla\u0159\u016fm, kolob\u011b\u017ek\u00e1\u0159\u016fm apod., p\u0159\u00edpadn\u011b i chodc\u016fm. Cyklotrasa Komunikace vhodn\u00e9 pro j\u00edzdu na j\u00edzdn\u00edm kole (zna\u010deno \u017elut\u00fdmi sm\u011brovkami). &nbsp; &nbsp; &nbsp; &nbsp; &nbsp;\" \/>\n<meta property=\"og:url\" content=\"https:\/\/www.praha14.cz\/zivot-na-praze-14\/cyklistika-1\/\" \/>\n<meta property=\"og:site_name\" content=\"\u017divot na Praze 14\" \/>\n<meta property=\"article:modified_time\" content=\"2022-03-16T11:03:46+00:00\" \/>\n<meta property=\"og:image\" content=\"https:\/\/www.praha14.cz\/app\/uploads\/sites\/4\/2014\/04\/cyklo_velka-150x150.jpg\" \/>\n<meta name=\"twitter:card\" content=\"summary_large_image\" \/>\n<meta name=\"twitter:label1\" content=\"Est. reading time\" \/>\n\t<meta name=\"twitter:data1\" content=\"11 minut\" \/>\n<script type=\"application\/ld+json\" class=\"yoast-schema-graph\">{\"@context\":\"https:\/\/schema.org\",\"@graph\":[{\"@type\":\"WebPage\",\"@id\":\"https:\/\/www.praha14.cz\/zivot-na-praze-14\/cyklistika-1\/\",\"url\":\"https:\/\/www.praha14.cz\/zivot-na-praze-14\/cyklistika-1\/\",\"name\":\"Cyklistika - \u017divot na Praze 14\",\"isPartOf\":{\"@id\":\"https:\/\/www.praha14.cz\/zivot-na-praze-14\/#website\"},\"primaryImageOfPage\":{\"@id\":\"https:\/\/www.praha14.cz\/zivot-na-praze-14\/cyklistika-1\/#primaryimage\"},\"image\":{\"@id\":\"https:\/\/www.praha14.cz\/zivot-na-praze-14\/cyklistika-1\/#primaryimage\"},\"thumbnailUrl\":\"https:\/\/www.praha14.cz\/app\/uploads\/sites\/4\/2014\/04\/cyklo_velka-150x150.jpg\",\"datePublished\":\"2020-06-09T10:41:24+00:00\",\"dateModified\":\"2022-03-16T11:03:46+00:00\",\"breadcrumb\":{\"@id\":\"https:\/\/www.praha14.cz\/zivot-na-praze-14\/cyklistika-1\/#breadcrumb\"},\"inLanguage\":\"cs\",\"potentialAction\":[{\"@type\":\"ReadAction\",\"target\":[\"https:\/\/www.praha14.cz\/zivot-na-praze-14\/cyklistika-1\/\"]}]},{\"@type\":\"ImageObject\",\"inLanguage\":\"cs\",\"@id\":\"https:\/\/www.praha14.cz\/zivot-na-praze-14\/cyklistika-1\/#primaryimage\",\"url\":\"https:\/\/www.praha14.cz\/app\/uploads\/sites\/4\/2014\/04\/cyklo_velka-150x150.jpg\",\"contentUrl\":\"https:\/\/www.praha14.cz\/app\/uploads\/sites\/4\/2014\/04\/cyklo_velka-150x150.jpg\"},{\"@type\":\"BreadcrumbList\",\"@id\":\"https:\/\/www.praha14.cz\/zivot-na-praze-14\/cyklistika-1\/#breadcrumb\",\"itemListElement\":[{\"@type\":\"ListItem\",\"position\":1,\"name\":\"\u017divot na Praze 14\",\"item\":\"https:\/\/www.praha14.cz\/zivot-na-praze-14\/\"},{\"@type\":\"ListItem\",\"position\":2,\"name\":\"Cyklistika\"}]},{\"@type\":\"WebSite\",\"@id\":\"https:\/\/www.praha14.cz\/zivot-na-praze-14\/#website\",\"url\":\"https:\/\/www.praha14.cz\/zivot-na-praze-14\/\",\"name\":\"\u017divot na Praze 14\",\"description\":\"\",\"potentialAction\":[{\"@type\":\"SearchAction\",\"target\":{\"@type\":\"EntryPoint\",\"urlTemplate\":\"https:\/\/www.praha14.cz\/zivot-na-praze-14\/?s={search_term_string}\"},\"query-input\":{\"@type\":\"PropertyValueSpecification\",\"valueRequired\":true,\"valueName\":\"search_term_string\"}}],\"inLanguage\":\"cs\"}]}<\/script>\n<!-- \/ Yoast SEO plugin. -->","yoast_head_json":{"title":"Cyklistika - \u017divot na Praze 14","robots":{"index":"index","follow":"follow","max-snippet":"max-snippet:-1","max-image-preview":"max-image-preview:large","max-video-preview":"max-video-preview:-1"},"canonical":"https:\/\/www.praha14.cz\/zivot-na-praze-14\/cyklistika-1\/","og_locale":"cs_CZ","og_type":"article","og_title":"Cyklistika - \u017divot na Praze 14","og_description":"Cyklostezka Stavebn\u011b upraven\u00e1 a dopravn\u00edm zna\u010den\u00edm vymezen\u00e1 komunikace ur\u010den\u00e1 cyklist\u016fm, brusla\u0159\u016fm, kolob\u011b\u017ek\u00e1\u0159\u016fm apod., p\u0159\u00edpadn\u011b i chodc\u016fm. Cyklotrasa Komunikace vhodn\u00e9 pro j\u00edzdu na j\u00edzdn\u00edm kole (zna\u010deno \u017elut\u00fdmi sm\u011brovkami). &nbsp; &nbsp; &nbsp; &nbsp; &nbsp;","og_url":"https:\/\/www.praha14.cz\/zivot-na-praze-14\/cyklistika-1\/","og_site_name":"\u017divot na Praze 14","article_modified_time":"2022-03-16T11:03:46+00:00","og_image":[{"url":"https:\/\/www.praha14.cz\/app\/uploads\/sites\/4\/2014\/04\/cyklo_velka-150x150.jpg","type":"","width":"","height":""}],"twitter_card":"summary_large_image","twitter_misc":{"Est. reading time":"11 minut"},"schema":{"@context":"https:\/\/schema.org","@graph":[{"@type":"WebPage","@id":"https:\/\/www.praha14.cz\/zivot-na-praze-14\/cyklistika-1\/","url":"https:\/\/www.praha14.cz\/zivot-na-praze-14\/cyklistika-1\/","name":"Cyklistika - \u017divot na Praze 14","isPartOf":{"@id":"https:\/\/www.praha14.cz\/zivot-na-praze-14\/#website"},"primaryImageOfPage":{"@id":"https:\/\/www.praha14.cz\/zivot-na-praze-14\/cyklistika-1\/#primaryimage"},"image":{"@id":"https:\/\/www.praha14.cz\/zivot-na-praze-14\/cyklistika-1\/#primaryimage"},"thumbnailUrl":"https:\/\/www.praha14.cz\/app\/uploads\/sites\/4\/2014\/04\/cyklo_velka-150x150.jpg","datePublished":"2020-06-09T10:41:24+00:00","dateModified":"2022-03-16T11:03:46+00:00","breadcrumb":{"@id":"https:\/\/www.praha14.cz\/zivot-na-praze-14\/cyklistika-1\/#breadcrumb"},"inLanguage":"cs","potentialAction":[{"@type":"ReadAction","target":["https:\/\/www.praha14.cz\/zivot-na-praze-14\/cyklistika-1\/"]}]},{"@type":"ImageObject","inLanguage":"cs","@id":"https:\/\/www.praha14.cz\/zivot-na-praze-14\/cyklistika-1\/#primaryimage","url":"https:\/\/www.praha14.cz\/app\/uploads\/sites\/4\/2014\/04\/cyklo_velka-150x150.jpg","contentUrl":"https:\/\/www.praha14.cz\/app\/uploads\/sites\/4\/2014\/04\/cyklo_velka-150x150.jpg"},{"@type":"BreadcrumbList","@id":"https:\/\/www.praha14.cz\/zivot-na-praze-14\/cyklistika-1\/#breadcrumb","itemListElement":[{"@type":"ListItem","position":1,"name":"\u017divot na Praze 14","item":"https:\/\/www.praha14.cz\/zivot-na-praze-14\/"},{"@type":"ListItem","position":2,"name":"Cyklistika"}]},{"@type":"WebSite","@id":"https:\/\/www.praha14.cz\/zivot-na-praze-14\/#website","url":"https:\/\/www.praha14.cz\/zivot-na-praze-14\/","name":"\u017divot na Praze 14","description":"","potentialAction":[{"@type":"SearchAction","target":{"@type":"EntryPoint","urlTemplate":"https:\/\/www.praha14.cz\/zivot-na-praze-14\/?s={search_term_string}"},"query-input":{"@type":"PropertyValueSpecification","valueRequired":true,"valueName":"search_term_string"}}],"inLanguage":"cs"}]}},"_links":{"self":[{"href":"https:\/\/www.praha14.cz\/zivot-na-praze-14\/wp-json\/wp\/v2\/pages\/55189","targetHints":{"allow":["GET"]}}],"collection":[{"href":"https:\/\/www.praha14.cz\/zivot-na-praze-14\/wp-json\/wp\/v2\/pages"}],"about":[{"href":"https:\/\/www.praha14.cz\/zivot-na-praze-14\/wp-json\/wp\/v2\/types\/page"}],"author":[{"embeddable":true,"href":"https:\/\/www.praha14.cz\/zivot-na-praze-14\/wp-json\/wp\/v2\/users\/6"}],"replies":[{"embeddable":true,"href":"https:\/\/www.praha14.cz\/zivot-na-praze-14\/wp-json\/wp\/v2\/comments?post=55189"}],"version-history":[{"count":6,"href":"https:\/\/www.praha14.cz\/zivot-na-praze-14\/wp-json\/wp\/v2\/pages\/55189\/revisions"}],"predecessor-version":[{"id":62198,"href":"https:\/\/www.praha14.cz\/zivot-na-praze-14\/wp-json\/wp\/v2\/pages\/55189\/revisions\/62198"}],"wp:attachment":[{"href":"https:\/\/www.praha14.cz\/zivot-na-praze-14\/wp-json\/wp\/v2\/media?parent=55189"}],"curies":[{"name":"wp","href":"https:\/\/api.w.org\/{rel}","templated":true}]}}