{"id":58578,"date":"2021-05-17T07:01:54","date_gmt":"2021-05-17T07:01:54","guid":{"rendered":"https:\/\/www.praha14.cz\/zivot-na-praze-14\/?page_id=58578"},"modified":"2023-07-27T12:19:23","modified_gmt":"2023-07-27T12:19:23","slug":"dokumenty","status":"publish","type":"page","link":"https:\/\/www.praha14.cz\/zivot-na-praze-14\/globalni-odpovednost\/dokumenty\/","title":{"rendered":"Dokumenty"},"content":{"rendered":"<p><img loading=\"lazy\" decoding=\"async\" class=\"wp-image-58688 alignleft\" title=\"Pl\u00e1n - glob\u00e1ln\u00ed odpov\u011bdnost\" src=\"https:\/\/www.praha14.cz\/app\/uploads\/sites\/4\/2021\/05\/positive-dark-skinned-woman-demonstrates-her-plan-about-cleaning-earth-points-ligh-bulb-center-planet-wears-yellow-shirt-bothered-with-environmental-conservation-1-370x247.jpg\" alt=\"Pl\u00e1n - glob\u00e1ln\u00ed odpov\u011bdnost\" width=\"297\" height=\"198\" srcset=\"https:\/\/www.praha14.cz\/app\/uploads\/sites\/4\/2021\/05\/positive-dark-skinned-woman-demonstrates-her-plan-about-cleaning-earth-points-ligh-bulb-center-planet-wears-yellow-shirt-bothered-with-environmental-conservation-1-370x247.jpg 370w, https:\/\/www.praha14.cz\/app\/uploads\/sites\/4\/2021\/05\/positive-dark-skinned-woman-demonstrates-her-plan-about-cleaning-earth-points-ligh-bulb-center-planet-wears-yellow-shirt-bothered-with-environmental-conservation-1-1024x683.jpg 1024w, https:\/\/www.praha14.cz\/app\/uploads\/sites\/4\/2021\/05\/positive-dark-skinned-woman-demonstrates-her-plan-about-cleaning-earth-points-ligh-bulb-center-planet-wears-yellow-shirt-bothered-with-environmental-conservation-1-768x512.jpg 768w, https:\/\/www.praha14.cz\/app\/uploads\/sites\/4\/2021\/05\/positive-dark-skinned-woman-demonstrates-her-plan-about-cleaning-earth-points-ligh-bulb-center-planet-wears-yellow-shirt-bothered-with-environmental-conservation-1.jpg 1500w\" sizes=\"(max-width: 297px) 100vw, 297px\" \/><\/p>\n<p>V souladu s rozhodnut\u00edm veden\u00ed M\u010c Praha 14 d\u00e1le rozv\u00edjet syst\u00e9m a p\u0159\u00edstup ke glob\u00e1ln\u00ed odpov\u011bdnosti byl v r\u00e1mci projektu Optimalizace proces\u016f a profesionalizace \u00daM\u010c Praha 14 III. podpo\u0159en\u00e9ho z prost\u0159edk\u016f EU (OP Zam\u011bstnanost) pod veden\u00edm Pracovn\u00ed skupiny pro glob\u00e1ln\u00ed odpov\u011bdnost (d\u00e1le jen PS GLO) zpracov\u00e1n dokument <strong><a href=\"https:\/\/www.praha14.cz\/app\/uploads\/sites\/4\/2021\/12\/PRGO_komplet.pdf\" target=\"_blank\" rel=\"noopener\">\u201ePl\u00e1n rozvoje glob\u00e1ln\u00ed odpov\u011bdnosti M\u010c Praha 14\u201c<\/a><\/strong>. Tento dokument byl schv\u00e1len Radou m\u011bstsk\u00e9 \u010d\u00e1sti dne 13. 12. 2021 <a href=\"https:\/\/www.praha14.cz\/app\/uploads\/sites\/4\/2021\/12\/Usn_RMC_schvaleni_PRGO.pdf\" target=\"_blank\" rel=\"noopener\">usnesen\u00edm \u010d. 854\/RM\u010c\/2021<\/a>. Neodd\u011blitelnou p\u0159\u00edlohou dokumentu je \u201eKlimatick\u00fd pl\u00e1n M\u010c Praha 14\u201c, kter\u00fd vznikal sou\u010dasn\u011b. Spole\u010dn\u00fdm v\u00fdstupem obou dokument\u016f je ak\u010dn\u00ed pl\u00e1n, p\u0159i\u010dem\u017e konkr\u00e9tn\u00ed opat\u0159en\u00ed jsou navr\u017eena tak, aby byla realizovateln\u00e1 na \u00fazem\u00ed M\u010c Praha 14. Dokument je platn\u00fd pro obdob\u00ed 2022 \u2013 2024.<\/p>\n<p>Glob\u00e1ln\u011b odpov\u011bdn\u00fd p\u0159\u00edstup bude aplikov\u00e1n i na chod \u00daM\u010c Praha 14 a to formou aktualizovan\u00fdch intern\u00edch dokument\u016f, kter\u00e9 souvisej\u00ed s touto problematikou a jsou z\u00e1vazn\u00e9 pro zam\u011bstnance \u00daM\u010c Praha 14 a zam\u011bstnance organizac\u00ed z\u0159\u00edzen\u00fdch M\u010c Praha 14 (p. o. Praha 14 kulturn\u00ed, z\u00e1kladn\u00ed a mate\u0159sk\u00e9 \u0161koly, apod.).<\/p>\n<p><strong>Monitoring a implementace \u201eAk\u010dn\u00edho pl\u00e1nu\u201c Pl\u00e1nu rozvoje glob\u00e1ln\u00ed odpov\u011bdnosti (AP PRGO):<\/strong><br \/>\nPl\u00e1n rozvoje glob\u00e1ln\u00ed odpov\u011bdnosti m\u00e1 jako ka\u017ed\u00fd strategick\u00fd dokument sv\u016fj Ak\u010dn\u00ed pl\u00e1n, v n\u011bm\u017e jsou stanovena a pojmenov\u00e1na konkr\u00e9tn\u00ed opat\u0159en\u00ed, u nich\u017e je stanoven gestor, odborn\u00fd garant a indik\u00e1tor pln\u011bn\u00ed pro snaz\u0161\u00ed hodnocen\u00ed. Realizac\u00ed t\u011bchto opat\u0159en\u00ed by m\u011blo doj\u00edt k napln\u011bn\u00ed vize.<\/p>\n<p>&nbsp;<\/p>\n<p style=\"text-align: center;\"><strong>Vize M\u010c Praha 14 v oblasti glob\u00e1ln\u00ed odpov\u011bdnosti<br \/>\n<span style=\"color: #99cc00;\"><em>M\u011bstsk\u00e1 \u010d\u00e1st Praha 14 je spole\u010densky odpov\u011bdn\u00e1, inspiruj\u00edc\u00ed, udr\u017eiteln\u011b se rozv\u00edjej\u00edc\u00ed m\u011bstsk\u00e1 \u010d\u00e1st, jej\u00ed\u017e obyvatel\u00e9 jsou znal\u00ed problematiky glob\u00e1ln\u00ed spole\u010densk\u00e9 odpov\u011bdnosti, uv\u011bdom\u011bl\u00ed a aktivn\u00ed. M\u011bstsk\u00e1 \u010d\u00e1st Praha 14 je iniciativn\u00ed a otev\u0159en\u00e1 partnerstv\u00edm, je p\u0159\u00e1telsk\u00e1, spolupracuj\u00edc\u00ed, podporuj\u00edc\u00ed a komunikuj\u00edc\u00ed.<\/em><\/span><\/strong><\/p>\n<p>&nbsp;<\/p>\n<p>Spr\u00e1vce dokumentu ve spolupr\u00e1ci s odborn\u00fdmi garanty jednotliv\u00fdch opat\u0159en\u00ed zajist\u00ed monitoring stavu pln\u011bn\u00ed &#8211; realizaci opat\u0159en\u00ed a ka\u017edoro\u010dn\u011b zpr\u00e1vu o pln\u011bn\u00ed AP PRGO, kter\u00e1 bude p\u0159edlo\u017eena Rad\u011b M\u010c Praha\u00a014 ke schv\u00e1len\u00ed. Po druh\u00e9m roce existence dokumentu bude mimo zpr\u00e1vy o pln\u011bn\u00ed AP PRGO p\u0159edlo\u017een Rad\u011b M\u010c Praha 14 i n\u00e1vrh na aktualizaci AP PRGO pro dal\u0161\u00ed dvoulet\u00e9 obdob\u00ed.<\/p>\n<p><a href=\"https:\/\/www.praha14.cz\/app\/uploads\/sites\/4\/2023\/07\/Priloha-c.-1-Plneni-Akcniho-planu-PRGO-za-rok-2022.pdf\" target=\"_blank\" rel=\"noopener\">Pln\u011bn\u00ed AP PRGO za rok 2022<\/a>\u00a0vzala na v\u011bdom\u00ed RM\u010c Praha 14 dne 24. 7. 2023 <a href=\"https:\/\/usneseni.praha14.cz\/usneseni\/usneseni\/3303\" target=\"_blank\" rel=\"noopener\">usn. \u010d. 442\/RM\u010c\/2023<\/a>.<\/p>\n<p>&nbsp;<\/p>\n<p>&nbsp;<\/p>\n","protected":false},"excerpt":{"rendered":"<p>V souladu s rozhodnut\u00edm veden\u00ed M\u010c Praha 14 d\u00e1le rozv\u00edjet syst\u00e9m a p\u0159\u00edstup ke glob\u00e1ln\u00ed odpov\u011bdnosti byl v r\u00e1mci projektu Optimalizace proces\u016f a profesionalizace \u00daM\u010c Praha 14 III. podpo\u0159en\u00e9ho z prost\u0159edk\u016f EU (OP Zam\u011bstnanost) pod veden\u00edm Pracovn\u00ed skupiny pro glob\u00e1ln\u00ed odpov\u011bdnost (d\u00e1le jen PS GLO) zpracov\u00e1n dokument \u201ePl\u00e1n rozvoje glob\u00e1ln\u00ed odpov\u011bdnosti M\u010c Praha 14\u201c. Tento&#8230;<\/p>\n","protected":false},"author":1057,"featured_media":0,"parent":58551,"menu_order":0,"comment_status":"closed","ping_status":"closed","template":"","meta":{"_acf_changed":false,"footnotes":""},"class_list":["post-58578","page","type-page","status-publish","hentry"],"acf":[],"yoast_head":"<!-- This site is optimized with the Yoast SEO plugin v27.2 - https:\/\/yoast.com\/product\/yoast-seo-wordpress\/ -->\n<title>Dokumenty - \u017divot na Praze 14<\/title>\n<meta name=\"robots\" content=\"index, follow, max-snippet:-1, max-image-preview:large, max-video-preview:-1\" \/>\n<link rel=\"canonical\" href=\"https:\/\/www.praha14.cz\/zivot-na-praze-14\/globalni-odpovednost\/dokumenty\/\" \/>\n<meta property=\"og:locale\" content=\"cs_CZ\" \/>\n<meta property=\"og:type\" content=\"article\" \/>\n<meta property=\"og:title\" content=\"Dokumenty - \u017divot na Praze 14\" \/>\n<meta property=\"og:description\" content=\"V souladu s rozhodnut\u00edm veden\u00ed M\u010c Praha 14 d\u00e1le rozv\u00edjet syst\u00e9m a p\u0159\u00edstup ke glob\u00e1ln\u00ed odpov\u011bdnosti byl v r\u00e1mci projektu Optimalizace proces\u016f a profesionalizace \u00daM\u010c Praha 14 III. podpo\u0159en\u00e9ho z prost\u0159edk\u016f EU (OP Zam\u011bstnanost) pod veden\u00edm Pracovn\u00ed skupiny pro glob\u00e1ln\u00ed odpov\u011bdnost (d\u00e1le jen PS GLO) zpracov\u00e1n dokument \u201ePl\u00e1n rozvoje glob\u00e1ln\u00ed odpov\u011bdnosti M\u010c Praha 14\u201c. Tento...\" \/>\n<meta property=\"og:url\" content=\"https:\/\/www.praha14.cz\/zivot-na-praze-14\/globalni-odpovednost\/dokumenty\/\" \/>\n<meta property=\"og:site_name\" content=\"\u017divot na Praze 14\" \/>\n<meta property=\"article:modified_time\" content=\"2023-07-27T12:19:23+00:00\" \/>\n<meta property=\"og:image\" content=\"https:\/\/www.praha14.cz\/app\/uploads\/sites\/4\/2021\/05\/positive-dark-skinned-woman-demonstrates-her-plan-about-cleaning-earth-points-ligh-bulb-center-planet-wears-yellow-shirt-bothered-with-environmental-conservation-1-370x247.jpg\" \/>\n<meta name=\"twitter:card\" content=\"summary_large_image\" \/>\n<meta name=\"twitter:label1\" content=\"Est. reading time\" \/>\n\t<meta name=\"twitter:data1\" content=\"3 minuty\" \/>\n<script type=\"application\/ld+json\" class=\"yoast-schema-graph\">{\"@context\":\"https:\/\/schema.org\",\"@graph\":[{\"@type\":\"WebPage\",\"@id\":\"https:\/\/www.praha14.cz\/zivot-na-praze-14\/globalni-odpovednost\/dokumenty\/\",\"url\":\"https:\/\/www.praha14.cz\/zivot-na-praze-14\/globalni-odpovednost\/dokumenty\/\",\"name\":\"Dokumenty - \u017divot na Praze 14\",\"isPartOf\":{\"@id\":\"https:\/\/www.praha14.cz\/zivot-na-praze-14\/#website\"},\"primaryImageOfPage\":{\"@id\":\"https:\/\/www.praha14.cz\/zivot-na-praze-14\/globalni-odpovednost\/dokumenty\/#primaryimage\"},\"image\":{\"@id\":\"https:\/\/www.praha14.cz\/zivot-na-praze-14\/globalni-odpovednost\/dokumenty\/#primaryimage\"},\"thumbnailUrl\":\"https:\/\/www.praha14.cz\/app\/uploads\/sites\/4\/2021\/05\/positive-dark-skinned-woman-demonstrates-her-plan-about-cleaning-earth-points-ligh-bulb-center-planet-wears-yellow-shirt-bothered-with-environmental-conservation-1-370x247.jpg\",\"datePublished\":\"2021-05-17T07:01:54+00:00\",\"dateModified\":\"2023-07-27T12:19:23+00:00\",\"breadcrumb\":{\"@id\":\"https:\/\/www.praha14.cz\/zivot-na-praze-14\/globalni-odpovednost\/dokumenty\/#breadcrumb\"},\"inLanguage\":\"cs\",\"potentialAction\":[{\"@type\":\"ReadAction\",\"target\":[\"https:\/\/www.praha14.cz\/zivot-na-praze-14\/globalni-odpovednost\/dokumenty\/\"]}]},{\"@type\":\"ImageObject\",\"inLanguage\":\"cs\",\"@id\":\"https:\/\/www.praha14.cz\/zivot-na-praze-14\/globalni-odpovednost\/dokumenty\/#primaryimage\",\"url\":\"https:\/\/www.praha14.cz\/app\/uploads\/sites\/4\/2021\/05\/positive-dark-skinned-woman-demonstrates-her-plan-about-cleaning-earth-points-ligh-bulb-center-planet-wears-yellow-shirt-bothered-with-environmental-conservation-1-370x247.jpg\",\"contentUrl\":\"https:\/\/www.praha14.cz\/app\/uploads\/sites\/4\/2021\/05\/positive-dark-skinned-woman-demonstrates-her-plan-about-cleaning-earth-points-ligh-bulb-center-planet-wears-yellow-shirt-bothered-with-environmental-conservation-1-370x247.jpg\"},{\"@type\":\"BreadcrumbList\",\"@id\":\"https:\/\/www.praha14.cz\/zivot-na-praze-14\/globalni-odpovednost\/dokumenty\/#breadcrumb\",\"itemListElement\":[{\"@type\":\"ListItem\",\"position\":1,\"name\":\"\u017divot na Praze 14\",\"item\":\"https:\/\/www.praha14.cz\/zivot-na-praze-14\/\"},{\"@type\":\"ListItem\",\"position\":2,\"name\":\"Glob\u00e1ln\u00ed odpov\u011bdnost\",\"item\":\"https:\/\/www.praha14.cz\/zivot-na-praze-14\/globalni-odpovednost\/\"},{\"@type\":\"ListItem\",\"position\":3,\"name\":\"Dokumenty\"}]},{\"@type\":\"WebSite\",\"@id\":\"https:\/\/www.praha14.cz\/zivot-na-praze-14\/#website\",\"url\":\"https:\/\/www.praha14.cz\/zivot-na-praze-14\/\",\"name\":\"\u017divot na Praze 14\",\"description\":\"\",\"potentialAction\":[{\"@type\":\"SearchAction\",\"target\":{\"@type\":\"EntryPoint\",\"urlTemplate\":\"https:\/\/www.praha14.cz\/zivot-na-praze-14\/?s={search_term_string}\"},\"query-input\":{\"@type\":\"PropertyValueSpecification\",\"valueRequired\":true,\"valueName\":\"search_term_string\"}}],\"inLanguage\":\"cs\"}]}<\/script>\n<!-- \/ Yoast SEO plugin. -->","yoast_head_json":{"title":"Dokumenty - \u017divot na Praze 14","robots":{"index":"index","follow":"follow","max-snippet":"max-snippet:-1","max-image-preview":"max-image-preview:large","max-video-preview":"max-video-preview:-1"},"canonical":"https:\/\/www.praha14.cz\/zivot-na-praze-14\/globalni-odpovednost\/dokumenty\/","og_locale":"cs_CZ","og_type":"article","og_title":"Dokumenty - \u017divot na Praze 14","og_description":"V souladu s rozhodnut\u00edm veden\u00ed M\u010c Praha 14 d\u00e1le rozv\u00edjet syst\u00e9m a p\u0159\u00edstup ke glob\u00e1ln\u00ed odpov\u011bdnosti byl v r\u00e1mci projektu Optimalizace proces\u016f a profesionalizace \u00daM\u010c Praha 14 III. podpo\u0159en\u00e9ho z prost\u0159edk\u016f EU (OP Zam\u011bstnanost) pod veden\u00edm Pracovn\u00ed skupiny pro glob\u00e1ln\u00ed odpov\u011bdnost (d\u00e1le jen PS GLO) zpracov\u00e1n dokument \u201ePl\u00e1n rozvoje glob\u00e1ln\u00ed odpov\u011bdnosti M\u010c Praha 14\u201c. Tento...","og_url":"https:\/\/www.praha14.cz\/zivot-na-praze-14\/globalni-odpovednost\/dokumenty\/","og_site_name":"\u017divot na Praze 14","article_modified_time":"2023-07-27T12:19:23+00:00","og_image":[{"url":"https:\/\/www.praha14.cz\/app\/uploads\/sites\/4\/2021\/05\/positive-dark-skinned-woman-demonstrates-her-plan-about-cleaning-earth-points-ligh-bulb-center-planet-wears-yellow-shirt-bothered-with-environmental-conservation-1-370x247.jpg","type":"","width":"","height":""}],"twitter_card":"summary_large_image","twitter_misc":{"Est. reading time":"3 minuty"},"schema":{"@context":"https:\/\/schema.org","@graph":[{"@type":"WebPage","@id":"https:\/\/www.praha14.cz\/zivot-na-praze-14\/globalni-odpovednost\/dokumenty\/","url":"https:\/\/www.praha14.cz\/zivot-na-praze-14\/globalni-odpovednost\/dokumenty\/","name":"Dokumenty - \u017divot na Praze 14","isPartOf":{"@id":"https:\/\/www.praha14.cz\/zivot-na-praze-14\/#website"},"primaryImageOfPage":{"@id":"https:\/\/www.praha14.cz\/zivot-na-praze-14\/globalni-odpovednost\/dokumenty\/#primaryimage"},"image":{"@id":"https:\/\/www.praha14.cz\/zivot-na-praze-14\/globalni-odpovednost\/dokumenty\/#primaryimage"},"thumbnailUrl":"https:\/\/www.praha14.cz\/app\/uploads\/sites\/4\/2021\/05\/positive-dark-skinned-woman-demonstrates-her-plan-about-cleaning-earth-points-ligh-bulb-center-planet-wears-yellow-shirt-bothered-with-environmental-conservation-1-370x247.jpg","datePublished":"2021-05-17T07:01:54+00:00","dateModified":"2023-07-27T12:19:23+00:00","breadcrumb":{"@id":"https:\/\/www.praha14.cz\/zivot-na-praze-14\/globalni-odpovednost\/dokumenty\/#breadcrumb"},"inLanguage":"cs","potentialAction":[{"@type":"ReadAction","target":["https:\/\/www.praha14.cz\/zivot-na-praze-14\/globalni-odpovednost\/dokumenty\/"]}]},{"@type":"ImageObject","inLanguage":"cs","@id":"https:\/\/www.praha14.cz\/zivot-na-praze-14\/globalni-odpovednost\/dokumenty\/#primaryimage","url":"https:\/\/www.praha14.cz\/app\/uploads\/sites\/4\/2021\/05\/positive-dark-skinned-woman-demonstrates-her-plan-about-cleaning-earth-points-ligh-bulb-center-planet-wears-yellow-shirt-bothered-with-environmental-conservation-1-370x247.jpg","contentUrl":"https:\/\/www.praha14.cz\/app\/uploads\/sites\/4\/2021\/05\/positive-dark-skinned-woman-demonstrates-her-plan-about-cleaning-earth-points-ligh-bulb-center-planet-wears-yellow-shirt-bothered-with-environmental-conservation-1-370x247.jpg"},{"@type":"BreadcrumbList","@id":"https:\/\/www.praha14.cz\/zivot-na-praze-14\/globalni-odpovednost\/dokumenty\/#breadcrumb","itemListElement":[{"@type":"ListItem","position":1,"name":"\u017divot na Praze 14","item":"https:\/\/www.praha14.cz\/zivot-na-praze-14\/"},{"@type":"ListItem","position":2,"name":"Glob\u00e1ln\u00ed odpov\u011bdnost","item":"https:\/\/www.praha14.cz\/zivot-na-praze-14\/globalni-odpovednost\/"},{"@type":"ListItem","position":3,"name":"Dokumenty"}]},{"@type":"WebSite","@id":"https:\/\/www.praha14.cz\/zivot-na-praze-14\/#website","url":"https:\/\/www.praha14.cz\/zivot-na-praze-14\/","name":"\u017divot na Praze 14","description":"","potentialAction":[{"@type":"SearchAction","target":{"@type":"EntryPoint","urlTemplate":"https:\/\/www.praha14.cz\/zivot-na-praze-14\/?s={search_term_string}"},"query-input":{"@type":"PropertyValueSpecification","valueRequired":true,"valueName":"search_term_string"}}],"inLanguage":"cs"}]}},"_links":{"self":[{"href":"https:\/\/www.praha14.cz\/zivot-na-praze-14\/wp-json\/wp\/v2\/pages\/58578","targetHints":{"allow":["GET"]}}],"collection":[{"href":"https:\/\/www.praha14.cz\/zivot-na-praze-14\/wp-json\/wp\/v2\/pages"}],"about":[{"href":"https:\/\/www.praha14.cz\/zivot-na-praze-14\/wp-json\/wp\/v2\/types\/page"}],"author":[{"embeddable":true,"href":"https:\/\/www.praha14.cz\/zivot-na-praze-14\/wp-json\/wp\/v2\/users\/1057"}],"replies":[{"embeddable":true,"href":"https:\/\/www.praha14.cz\/zivot-na-praze-14\/wp-json\/wp\/v2\/comments?post=58578"}],"version-history":[{"count":12,"href":"https:\/\/www.praha14.cz\/zivot-na-praze-14\/wp-json\/wp\/v2\/pages\/58578\/revisions"}],"predecessor-version":[{"id":68070,"href":"https:\/\/www.praha14.cz\/zivot-na-praze-14\/wp-json\/wp\/v2\/pages\/58578\/revisions\/68070"}],"up":[{"embeddable":true,"href":"https:\/\/www.praha14.cz\/zivot-na-praze-14\/wp-json\/wp\/v2\/pages\/58551"}],"wp:attachment":[{"href":"https:\/\/www.praha14.cz\/zivot-na-praze-14\/wp-json\/wp\/v2\/media?parent=58578"}],"curies":[{"name":"wp","href":"https:\/\/api.w.org\/{rel}","templated":true}]}}