{"id":58598,"date":"2021-05-18T09:07:32","date_gmt":"2021-05-18T09:07:32","guid":{"rendered":"https:\/\/www.praha14.cz\/zivot-na-praze-14\/?page_id=58598"},"modified":"2023-01-17T12:31:35","modified_gmt":"2023-01-17T12:31:35","slug":"verejny-prostor","status":"publish","type":"page","link":"https:\/\/www.praha14.cz\/zivot-na-praze-14\/globalni-odpovednost\/verejny-prostor\/","title":{"rendered":"Ve\u0159ejn\u00fd prostor a budovy"},"content":{"rendered":"<p><a href=\"https:\/\/www.praha14.cz\/app\/uploads\/sites\/4\/2021\/06\/columnas-santalaia.jpg\" data-rel=\"lightbox-image-0\" data-rl_title=\"\" data-rl_caption=\"\" title=\"\"><img loading=\"lazy\" decoding=\"async\" class=\" wp-image-58976 alignleft\" src=\"https:\/\/www.praha14.cz\/app\/uploads\/sites\/4\/2021\/06\/columnas-santalaia.jpg\" alt=\"zelen\u00e9 budovy\" width=\"273\" height=\"169\" srcset=\"https:\/\/www.praha14.cz\/app\/uploads\/sites\/4\/2021\/06\/columnas-santalaia.jpg 974w, https:\/\/www.praha14.cz\/app\/uploads\/sites\/4\/2021\/06\/columnas-santalaia-370x229.jpg 370w, https:\/\/www.praha14.cz\/app\/uploads\/sites\/4\/2021\/06\/columnas-santalaia-768x476.jpg 768w\" sizes=\"(max-width: 273px) 100vw, 273px\" \/><\/a>To, jestli se ve m\u011bst\u011b c\u00edt\u00edme dob\u0159e, z\u00e1sadn\u00edm zp\u016fsobem souvis\u00ed s kvalitou jeho ve\u0159ejn\u00e9ho prostoru. M\u011bstskou \u010d\u00e1st a \u017eivot v n\u00ed vn\u00edm\u00e1me a hodnot\u00edme p\u0159edev\u0161\u00edm podle charakteru ulic, n\u00e1m\u011bst\u00ed, park\u016f, komunikac\u00ed a dal\u0161\u00edch ve\u0159ejn\u011b p\u0159\u00edstupn\u00fdch prostranstv\u00ed. V\u00a0r\u00e1mci glob\u00e1ln\u00ed odpov\u011bdnosti se bohu\u017eel \u010d\u00edm d\u00e1l \u010dast\u011bji setk\u00e1v\u00e1me s\u00a0n\u00e1sledky klimatick\u00fdch zm\u011bn, kter\u00e9 n\u00e1m \u017eivot ve ve\u0159ejn\u00e9m prostoru komplikuj\u00ed.\u00a0 Je to proto, \u017ee vzhledem ke koncentraci obyvatel a majetku pat\u0159\u00ed zastaven\u00e1 \u00fazem\u00ed z pohledu dopadu n\u00e1sledk\u016f klimatick\u00fdch zm\u011bn k v\u00fdrazn\u011b citliv\u011bj\u0161\u00edm syst\u00e9m\u016fm. Pro efektivn\u00ed omezen\u00ed n\u00e1sledk\u016f klimatick\u00fdch zm\u011bn je tedy t\u0159eba integrovan\u011b pl\u00e1novat dal\u0161\u00ed v\u00fdstavbu s\u00a0pou\u017eit\u00edm preventivn\u00edch opat\u0159en\u00ed a d\u016fsledn\u011b dodr\u017eovat opat\u0159en\u00ed sni\u017euj\u00edc\u00ed prohlouben\u00ed dopad\u016f klimatick\u00fdch zm\u011bn. V\u0161echna opat\u0159en\u00ed sm\u011b\u0159uj\u00edc\u00ed k\u00a0n\u00e1prav\u011b a udr\u017een\u00ed ur\u010dit\u00e9ho stavu je t\u0159eba uchopit koncep\u010dn\u011b, realizovat koordinovan\u011b, systematicky a ve spolupr\u00e1ci s\u00a0dal\u0161\u00edmi subjekty, kter\u00e9 vstupuj\u00ed do proces\u016f rozvoje \u00fazem\u00ed, maj\u00ed zde vlastnick\u00e1 \u010di jin\u00e1 pr\u00e1va nebo zde \u201epouze\u201c \u017eij\u00ed a existuj\u00ed.<\/p>\n<p>Oblast ve\u0159ejn\u00e9ho prostoru a budov se proto zam\u011b\u0159uje na to, aby byl ve\u0159ejn\u00fd prostor na M\u010c Praha 14 pro sou\u010dasn\u00e9 i budouc\u00ed generace st\u00e1le p\u0159\u00edv\u011btiv\u00fd, komfortn\u00ed a dostate\u010dn\u011b zvy\u0161oval kvalitu lidsk\u00e9ho \u017eivota.<\/p>\n<p><strong><u>Mezi hlavn\u00ed specifick\u00e9 c\u00edle pat\u0159\u00ed:<\/u><\/strong><\/p>\n<ul>\n<li>Klimatick\u00fdm zm\u011bn\u00e1m p\u0159izp\u016fsoben\u00e9 budovy v majetku \u010di spr\u00e1v\u011b M\u010c<\/li>\n<li>Klimatick\u00fdm zm\u011bn\u00e1m p\u0159izp\u016fsoben\u00e9 ve\u0159ejn\u00e9 prostory v\u00a0majetku \u010di spr\u00e1v\u011b M\u010c<\/li>\n<li>Udr\u017eiteln\u00e9 hospoda\u0159en\u00ed M\u010c a p\u0159\u00edsp\u011bvkov\u00fdch organizac\u00ed<\/li>\n<\/ul>\n<section class=\"p14-panel-group\"><div id=\"panel_group_1\" class=\"panel-group\"><br \/>\n<article class=\"panel panel-default\">\n\t\t\t<div class=\"panel-heading\">\n\t\t\t\t<h1 class=\"panel-title\">\n\t\t\t\t\t<a data-toggle=\"collapse\" data-parent=\"#panel_group_1\" href=\"#panel_1_1\" class=\"collapsed\">\n\t\t\t\t\t\tKlimatick\u00fdm zm\u011bn\u00e1m p\u0159izp\u016fsoben\u00e9 budovy v majetku \u010di spr\u00e1v\u011b M\u010c\n\t\t\t\t\t<\/a>\n\t\t\t\t<\/h1>\n\t\t\t<\/div>\n\t\t\t<div id=\"panel_1_1\" class=\"panel-collapse collapse\">\n\t\t\t\t<div class=\"panel-body\">\n\t\t\t\t\t<\/p>\n<p>\n\t\t\t\t<\/div>\n\t\t\t<\/div>\n\t\t<\/article><article class=\"panel panel-default\">\n\t\t\t<div class=\"panel-heading\">\n\t\t\t\t<h1 class=\"panel-title\">\n\t\t\t\t\t<a data-toggle=\"collapse\" data-parent=\"#panel_group_1\" href=\"#panel_1_2\" class=\"collapsed\">\n\t\t\t\t\t\tKlimatick\u00fdm zm\u011bn\u00e1m p\u0159izp\u016fsoben\u00e9 ve\u0159ejn\u00e9 prostory v majetku \u010di spr\u00e1v\u011b M\u010c\n\t\t\t\t\t<\/a>\n\t\t\t\t<\/h1>\n\t\t\t<\/div>\n\t\t\t<div id=\"panel_1_2\" class=\"panel-collapse collapse\">\n\t\t\t\t<div class=\"panel-body\">\n\t\t\t\t\t<\/p>\n<p>\n\t\t\t\t<\/div>\n\t\t\t<\/div>\n\t\t<\/article><article class=\"panel panel-default\">\n\t\t\t<div class=\"panel-heading\">\n\t\t\t\t<h1 class=\"panel-title\">\n\t\t\t\t\t<a data-toggle=\"collapse\" data-parent=\"#panel_group_1\" href=\"#panel_1_3\" class=\"collapsed\">\n\t\t\t\t\t\tUdr\u017eiteln\u00e9 hospoda\u0159en\u00ed M\u010c a p\u0159\u00edsp\u011bvkov\u00fdch organizac\u00ed\n\t\t\t\t\t<\/a>\n\t\t\t\t<\/h1>\n\t\t\t<\/div>\n\t\t\t<div id=\"panel_1_3\" class=\"panel-collapse collapse\">\n\t\t\t\t<div class=\"panel-body\">\n\t\t\t\t\t<\/p>\n<p><a href=\"https:\/\/www.praha14.cz\/app\/uploads\/sites\/4\/2020\/01\/dostbyloplastu_tyrkysova-1.jpg\" data-rel=\"lightbox-image-1\" data-rl_title=\"\" data-rl_caption=\"\" title=\"\"><img loading=\"lazy\" decoding=\"async\" class=\" wp-image-52768 alignleft\" src=\"https:\/\/www.praha14.cz\/app\/uploads\/sites\/4\/2020\/01\/dostbyloplastu_tyrkysova-1.jpg\" alt=\"\" width=\"114\" height=\"65\" srcset=\"https:\/\/www.praha14.cz\/app\/uploads\/sites\/4\/2020\/01\/dostbyloplastu_tyrkysova-1.jpg 1078w, https:\/\/www.praha14.cz\/app\/uploads\/sites\/4\/2020\/01\/dostbyloplastu_tyrkysova-1-370x212.jpg 370w, https:\/\/www.praha14.cz\/app\/uploads\/sites\/4\/2020\/01\/dostbyloplastu_tyrkysova-1-1024x586.jpg 1024w, https:\/\/www.praha14.cz\/app\/uploads\/sites\/4\/2020\/01\/dostbyloplastu_tyrkysova-1-768x440.jpg 768w\" sizes=\"(max-width: 114px) 100vw, 114px\" \/><\/a><\/p>\n<p style=\"text-align: center;\">V\u00a0roce 2019 si M\u010c Praha 14 stanovila\u00a0<strong><a href=\"https:\/\/www.cr2030.cz\/zavazky\/plast\/mene-odpadu-z-uradu-mc-praha-14\/\" target=\"_blank\" rel=\"noopener noreferrer\">dobrovoln\u00fd<\/a><a href=\"https:\/\/www.cr2030.cz\/zavazky\/plast\/mene-odpadu-z-uradu-mc-praha-14\/\" target=\"_blank\" rel=\"noopener noreferrer\">\u00a0z\u00e1vazek<\/a>\u00a0v\u00a0kampani<\/strong>\u00a0<strong>\u201eDost bylo plastu\u201c, <\/strong>kterou realizuje M\u017dP. Jednotliv\u00e1 opat\u0159en\u00ed jsou zapracov\u00e1na do intern\u00edch dokument\u016f pro zam\u011bstnance \u00daM\u010c Praha 14 a p\u0159\u00edsp\u011bvkov\u00e9 organizace M\u010c Praha 14. Z\u00e1rove\u0148 se prol\u00ednaj\u00ed do\u00a0<a href=\"https:\/\/www.praha14.cz\/samosprava\/dulezite-informace\/dotace\/\" target=\"_blank\" rel=\"noopener noreferrer\"><strong>dota\u010dn\u00edho programu M\u010c Praha 14<\/strong><\/a>.<\/p>\n<p>&nbsp;<\/p>\n<p>&nbsp;<\/p>\n<p><strong>OPAT\u0158EN\u00cd:<\/strong><\/p>\n<ul>\n<li>Jednor\u00e1zov\u00e1 balen\u00ed cukr\u016f a ml\u00ed\u010dek do k\u00e1vy \u2013 nahrazeno n\u00e1kupem gastro balen\u00ed, v\u00a0kancel\u00e1\u0159\u00edch jsou k\u00a0dispozici cuk\u0159enky a d\u017eb\u00e1nky na k\u00e1vu.<\/li>\n<li>N\u00e1kup balen\u00fdch vod \u2013 nahrazeno po\u0159\u00edzen\u00edm d\u017eb\u00e1nk\u016f do kancel\u00e1\u0159\u00ed, v\u0161ude v\u00a0budov\u00e1ch je p\u0159\u00edstup k pitn\u00e9 vod\u011b. Ve dnech vymezen\u00fdch z\u00e1konem je zaji\u0161t\u011bn odpov\u00eddaj\u00edc\u00ed pitn\u00fd re\u017eim.<\/li>\n<li>Jednor\u00e1zov\u00e9 n\u00e1dob\u00ed \u2013 nahrazeno opakovan\u011b pou\u017eiteln\u00fdmi variantami.<\/li>\n<li>Igelitov\u00e9 ta\u0161ky pro pot\u0159eby M\u010c \u2013 nahrazeno n\u00e1kupem l\u00e1tkov\u00fdch \u010di pap\u00edrov\u00fdch ta\u0161ek.<\/li>\n<li>Dopln\u011bn\u00ed aktu\u00e1ln\u00edch druh\u016f n\u00e1dob na t\u0159\u00edd\u011bn\u00fd odpad v\u00a0budov\u00e1ch \u00daM\u010c Praha 14.<\/li>\n<li>Jednor\u00e1zov\u00e9 obaly pro dov\u00e1\u017een\u00e9 ob\u011bdy \u2013 ve spolupr\u00e1ci s\u00a0dodavateli j\u00eddel nahrazeno opakovan\u011b pou\u017eiteln\u00fdmi obaly.<\/li>\n<li>Jednor\u00e1zov\u00e9 n\u00e1dob\u00ed na akc\u00edch pro ve\u0159ejnost \u2013 nahrazeno opakovan\u011b pou\u017eiteln\u00fdmi variantami. Vyu\u017eit\u00ed jednor\u00e1zov\u00fdch obal\u016f sn\u00ed\u017eeno na minimum s podm\u00ednkou zaji\u0161t\u011bn\u00ed spr\u00e1vn\u00e9ho t\u0159\u00edd\u011bn\u00ed. M\u010c zajistila vratn\u00e9 kel\u00edmky pro pou\u017eit\u00ed na akc\u00edch M\u010c Praha 14 a dal\u0161\u00edch organizac\u00ed.<\/li>\n<li>P\u0159i realizaci akc\u00ed pro ve\u0159ejnost zajistit spr\u00e1vn\u00e9 t\u0159\u00edd\u011bn\u00ed v\u0161ech druh\u016f odpad\u016f.<\/li>\n<\/ul>\n<p><a href=\"https:\/\/www.praha14.cz\/app\/uploads\/sites\/4\/2021\/06\/DSCF7262-scaled.jpg\" target=\"_blank\" rel=\"noopener noreferrer\" data-rel=\"lightbox-image-2\" data-rl_title=\"\" data-rl_caption=\"\" title=\"\"><img loading=\"lazy\" decoding=\"async\" class=\"wp-image-58991 alignnone\" src=\"https:\/\/www.praha14.cz\/app\/uploads\/sites\/4\/2021\/06\/DSCF7262-scaled.jpg\" alt=\"Vratn\u00e9 kel\u00edmky\" width=\"444\" height=\"296\" srcset=\"https:\/\/www.praha14.cz\/app\/uploads\/sites\/4\/2021\/06\/DSCF7262-scaled.jpg 2560w, https:\/\/www.praha14.cz\/app\/uploads\/sites\/4\/2021\/06\/DSCF7262-370x247.jpg 370w, https:\/\/www.praha14.cz\/app\/uploads\/sites\/4\/2021\/06\/DSCF7262-1024x683.jpg 1024w, https:\/\/www.praha14.cz\/app\/uploads\/sites\/4\/2021\/06\/DSCF7262-768x512.jpg 768w, https:\/\/www.praha14.cz\/app\/uploads\/sites\/4\/2021\/06\/DSCF7262-1536x1024.jpg 1536w, https:\/\/www.praha14.cz\/app\/uploads\/sites\/4\/2021\/06\/DSCF7262-2048x1366.jpg 2048w\" sizes=\"(max-width: 444px) 100vw, 444px\" \/><\/a><\/p>\n<p style=\"text-align: right;\">23. ledna 2020<\/p>\n<p>\n\t\t\t\t<\/div>\n\t\t\t<\/div>\n\t\t<\/article><\/div><\/section>\n<p>&nbsp;<\/p>\n","protected":false},"excerpt":{"rendered":"<p>To, jestli se ve m\u011bst\u011b c\u00edt\u00edme dob\u0159e, z\u00e1sadn\u00edm zp\u016fsobem souvis\u00ed s kvalitou jeho ve\u0159ejn\u00e9ho prostoru. M\u011bstskou \u010d\u00e1st a \u017eivot v n\u00ed vn\u00edm\u00e1me a hodnot\u00edme p\u0159edev\u0161\u00edm podle charakteru ulic, n\u00e1m\u011bst\u00ed, park\u016f, komunikac\u00ed a dal\u0161\u00edch ve\u0159ejn\u011b p\u0159\u00edstupn\u00fdch prostranstv\u00ed. V\u00a0r\u00e1mci glob\u00e1ln\u00ed odpov\u011bdnosti se bohu\u017eel \u010d\u00edm d\u00e1l \u010dast\u011bji setk\u00e1v\u00e1me s\u00a0n\u00e1sledky klimatick\u00fdch zm\u011bn, kter\u00e9 n\u00e1m \u017eivot ve ve\u0159ejn\u00e9m prostoru komplikuj\u00ed.\u00a0&#8230;<\/p>\n","protected":false},"author":1057,"featured_media":0,"parent":58551,"menu_order":0,"comment_status":"closed","ping_status":"closed","template":"","meta":{"_acf_changed":false,"footnotes":""},"class_list":["post-58598","page","type-page","status-publish","hentry"],"acf":[],"yoast_head":"<!-- This site is optimized with the Yoast SEO plugin v27.2 - https:\/\/yoast.com\/product\/yoast-seo-wordpress\/ -->\n<title>Ve\u0159ejn\u00fd prostor a budovy - \u017divot na Praze 14<\/title>\n<meta name=\"robots\" content=\"index, follow, max-snippet:-1, max-image-preview:large, max-video-preview:-1\" \/>\n<link rel=\"canonical\" href=\"https:\/\/www.praha14.cz\/zivot-na-praze-14\/globalni-odpovednost\/verejny-prostor\/\" \/>\n<meta property=\"og:locale\" content=\"cs_CZ\" \/>\n<meta property=\"og:type\" content=\"article\" \/>\n<meta property=\"og:title\" content=\"Ve\u0159ejn\u00fd prostor a budovy - \u017divot na Praze 14\" \/>\n<meta property=\"og:description\" content=\"To, jestli se ve m\u011bst\u011b c\u00edt\u00edme dob\u0159e, z\u00e1sadn\u00edm zp\u016fsobem souvis\u00ed s kvalitou jeho ve\u0159ejn\u00e9ho prostoru. M\u011bstskou \u010d\u00e1st a \u017eivot v n\u00ed vn\u00edm\u00e1me a hodnot\u00edme p\u0159edev\u0161\u00edm podle charakteru ulic, n\u00e1m\u011bst\u00ed, park\u016f, komunikac\u00ed a dal\u0161\u00edch ve\u0159ejn\u011b p\u0159\u00edstupn\u00fdch prostranstv\u00ed. V\u00a0r\u00e1mci glob\u00e1ln\u00ed odpov\u011bdnosti se bohu\u017eel \u010d\u00edm d\u00e1l \u010dast\u011bji setk\u00e1v\u00e1me s\u00a0n\u00e1sledky klimatick\u00fdch zm\u011bn, kter\u00e9 n\u00e1m \u017eivot ve ve\u0159ejn\u00e9m prostoru komplikuj\u00ed.\u00a0...\" \/>\n<meta property=\"og:url\" content=\"https:\/\/www.praha14.cz\/zivot-na-praze-14\/globalni-odpovednost\/verejny-prostor\/\" \/>\n<meta property=\"og:site_name\" content=\"\u017divot na Praze 14\" \/>\n<meta property=\"article:modified_time\" content=\"2023-01-17T12:31:35+00:00\" \/>\n<meta property=\"og:image\" content=\"https:\/\/www.praha14.cz\/app\/uploads\/sites\/4\/2021\/06\/columnas-santalaia.jpg\" \/>\n<meta name=\"twitter:card\" content=\"summary_large_image\" \/>\n<meta name=\"twitter:label1\" content=\"Est. reading time\" \/>\n\t<meta name=\"twitter:data1\" content=\"3 minuty\" \/>\n<script type=\"application\/ld+json\" class=\"yoast-schema-graph\">{\"@context\":\"https:\/\/schema.org\",\"@graph\":[{\"@type\":\"WebPage\",\"@id\":\"https:\/\/www.praha14.cz\/zivot-na-praze-14\/globalni-odpovednost\/verejny-prostor\/\",\"url\":\"https:\/\/www.praha14.cz\/zivot-na-praze-14\/globalni-odpovednost\/verejny-prostor\/\",\"name\":\"Ve\u0159ejn\u00fd prostor a budovy - \u017divot na Praze 14\",\"isPartOf\":{\"@id\":\"https:\/\/www.praha14.cz\/zivot-na-praze-14\/#website\"},\"primaryImageOfPage\":{\"@id\":\"https:\/\/www.praha14.cz\/zivot-na-praze-14\/globalni-odpovednost\/verejny-prostor\/#primaryimage\"},\"image\":{\"@id\":\"https:\/\/www.praha14.cz\/zivot-na-praze-14\/globalni-odpovednost\/verejny-prostor\/#primaryimage\"},\"thumbnailUrl\":\"https:\/\/www.praha14.cz\/app\/uploads\/sites\/4\/2021\/06\/columnas-santalaia.jpg\",\"datePublished\":\"2021-05-18T09:07:32+00:00\",\"dateModified\":\"2023-01-17T12:31:35+00:00\",\"breadcrumb\":{\"@id\":\"https:\/\/www.praha14.cz\/zivot-na-praze-14\/globalni-odpovednost\/verejny-prostor\/#breadcrumb\"},\"inLanguage\":\"cs\",\"potentialAction\":[{\"@type\":\"ReadAction\",\"target\":[\"https:\/\/www.praha14.cz\/zivot-na-praze-14\/globalni-odpovednost\/verejny-prostor\/\"]}]},{\"@type\":\"ImageObject\",\"inLanguage\":\"cs\",\"@id\":\"https:\/\/www.praha14.cz\/zivot-na-praze-14\/globalni-odpovednost\/verejny-prostor\/#primaryimage\",\"url\":\"https:\/\/www.praha14.cz\/app\/uploads\/sites\/4\/2021\/06\/columnas-santalaia.jpg\",\"contentUrl\":\"https:\/\/www.praha14.cz\/app\/uploads\/sites\/4\/2021\/06\/columnas-santalaia.jpg\"},{\"@type\":\"BreadcrumbList\",\"@id\":\"https:\/\/www.praha14.cz\/zivot-na-praze-14\/globalni-odpovednost\/verejny-prostor\/#breadcrumb\",\"itemListElement\":[{\"@type\":\"ListItem\",\"position\":1,\"name\":\"\u017divot na Praze 14\",\"item\":\"https:\/\/www.praha14.cz\/zivot-na-praze-14\/\"},{\"@type\":\"ListItem\",\"position\":2,\"name\":\"Glob\u00e1ln\u00ed odpov\u011bdnost\",\"item\":\"https:\/\/www.praha14.cz\/zivot-na-praze-14\/globalni-odpovednost\/\"},{\"@type\":\"ListItem\",\"position\":3,\"name\":\"Ve\u0159ejn\u00fd prostor a budovy\"}]},{\"@type\":\"WebSite\",\"@id\":\"https:\/\/www.praha14.cz\/zivot-na-praze-14\/#website\",\"url\":\"https:\/\/www.praha14.cz\/zivot-na-praze-14\/\",\"name\":\"\u017divot na Praze 14\",\"description\":\"\",\"potentialAction\":[{\"@type\":\"SearchAction\",\"target\":{\"@type\":\"EntryPoint\",\"urlTemplate\":\"https:\/\/www.praha14.cz\/zivot-na-praze-14\/?s={search_term_string}\"},\"query-input\":{\"@type\":\"PropertyValueSpecification\",\"valueRequired\":true,\"valueName\":\"search_term_string\"}}],\"inLanguage\":\"cs\"}]}<\/script>\n<!-- \/ Yoast SEO plugin. -->","yoast_head_json":{"title":"Ve\u0159ejn\u00fd prostor a budovy - \u017divot na Praze 14","robots":{"index":"index","follow":"follow","max-snippet":"max-snippet:-1","max-image-preview":"max-image-preview:large","max-video-preview":"max-video-preview:-1"},"canonical":"https:\/\/www.praha14.cz\/zivot-na-praze-14\/globalni-odpovednost\/verejny-prostor\/","og_locale":"cs_CZ","og_type":"article","og_title":"Ve\u0159ejn\u00fd prostor a budovy - \u017divot na Praze 14","og_description":"To, jestli se ve m\u011bst\u011b c\u00edt\u00edme dob\u0159e, z\u00e1sadn\u00edm zp\u016fsobem souvis\u00ed s kvalitou jeho ve\u0159ejn\u00e9ho prostoru. M\u011bstskou \u010d\u00e1st a \u017eivot v n\u00ed vn\u00edm\u00e1me a hodnot\u00edme p\u0159edev\u0161\u00edm podle charakteru ulic, n\u00e1m\u011bst\u00ed, park\u016f, komunikac\u00ed a dal\u0161\u00edch ve\u0159ejn\u011b p\u0159\u00edstupn\u00fdch prostranstv\u00ed. V\u00a0r\u00e1mci glob\u00e1ln\u00ed odpov\u011bdnosti se bohu\u017eel \u010d\u00edm d\u00e1l \u010dast\u011bji setk\u00e1v\u00e1me s\u00a0n\u00e1sledky klimatick\u00fdch zm\u011bn, kter\u00e9 n\u00e1m \u017eivot ve ve\u0159ejn\u00e9m prostoru komplikuj\u00ed.\u00a0...","og_url":"https:\/\/www.praha14.cz\/zivot-na-praze-14\/globalni-odpovednost\/verejny-prostor\/","og_site_name":"\u017divot na Praze 14","article_modified_time":"2023-01-17T12:31:35+00:00","og_image":[{"url":"https:\/\/www.praha14.cz\/app\/uploads\/sites\/4\/2021\/06\/columnas-santalaia.jpg","type":"","width":"","height":""}],"twitter_card":"summary_large_image","twitter_misc":{"Est. reading time":"3 minuty"},"schema":{"@context":"https:\/\/schema.org","@graph":[{"@type":"WebPage","@id":"https:\/\/www.praha14.cz\/zivot-na-praze-14\/globalni-odpovednost\/verejny-prostor\/","url":"https:\/\/www.praha14.cz\/zivot-na-praze-14\/globalni-odpovednost\/verejny-prostor\/","name":"Ve\u0159ejn\u00fd prostor a budovy - \u017divot na Praze 14","isPartOf":{"@id":"https:\/\/www.praha14.cz\/zivot-na-praze-14\/#website"},"primaryImageOfPage":{"@id":"https:\/\/www.praha14.cz\/zivot-na-praze-14\/globalni-odpovednost\/verejny-prostor\/#primaryimage"},"image":{"@id":"https:\/\/www.praha14.cz\/zivot-na-praze-14\/globalni-odpovednost\/verejny-prostor\/#primaryimage"},"thumbnailUrl":"https:\/\/www.praha14.cz\/app\/uploads\/sites\/4\/2021\/06\/columnas-santalaia.jpg","datePublished":"2021-05-18T09:07:32+00:00","dateModified":"2023-01-17T12:31:35+00:00","breadcrumb":{"@id":"https:\/\/www.praha14.cz\/zivot-na-praze-14\/globalni-odpovednost\/verejny-prostor\/#breadcrumb"},"inLanguage":"cs","potentialAction":[{"@type":"ReadAction","target":["https:\/\/www.praha14.cz\/zivot-na-praze-14\/globalni-odpovednost\/verejny-prostor\/"]}]},{"@type":"ImageObject","inLanguage":"cs","@id":"https:\/\/www.praha14.cz\/zivot-na-praze-14\/globalni-odpovednost\/verejny-prostor\/#primaryimage","url":"https:\/\/www.praha14.cz\/app\/uploads\/sites\/4\/2021\/06\/columnas-santalaia.jpg","contentUrl":"https:\/\/www.praha14.cz\/app\/uploads\/sites\/4\/2021\/06\/columnas-santalaia.jpg"},{"@type":"BreadcrumbList","@id":"https:\/\/www.praha14.cz\/zivot-na-praze-14\/globalni-odpovednost\/verejny-prostor\/#breadcrumb","itemListElement":[{"@type":"ListItem","position":1,"name":"\u017divot na Praze 14","item":"https:\/\/www.praha14.cz\/zivot-na-praze-14\/"},{"@type":"ListItem","position":2,"name":"Glob\u00e1ln\u00ed odpov\u011bdnost","item":"https:\/\/www.praha14.cz\/zivot-na-praze-14\/globalni-odpovednost\/"},{"@type":"ListItem","position":3,"name":"Ve\u0159ejn\u00fd prostor a budovy"}]},{"@type":"WebSite","@id":"https:\/\/www.praha14.cz\/zivot-na-praze-14\/#website","url":"https:\/\/www.praha14.cz\/zivot-na-praze-14\/","name":"\u017divot na Praze 14","description":"","potentialAction":[{"@type":"SearchAction","target":{"@type":"EntryPoint","urlTemplate":"https:\/\/www.praha14.cz\/zivot-na-praze-14\/?s={search_term_string}"},"query-input":{"@type":"PropertyValueSpecification","valueRequired":true,"valueName":"search_term_string"}}],"inLanguage":"cs"}]}},"_links":{"self":[{"href":"https:\/\/www.praha14.cz\/zivot-na-praze-14\/wp-json\/wp\/v2\/pages\/58598","targetHints":{"allow":["GET"]}}],"collection":[{"href":"https:\/\/www.praha14.cz\/zivot-na-praze-14\/wp-json\/wp\/v2\/pages"}],"about":[{"href":"https:\/\/www.praha14.cz\/zivot-na-praze-14\/wp-json\/wp\/v2\/types\/page"}],"author":[{"embeddable":true,"href":"https:\/\/www.praha14.cz\/zivot-na-praze-14\/wp-json\/wp\/v2\/users\/1057"}],"replies":[{"embeddable":true,"href":"https:\/\/www.praha14.cz\/zivot-na-praze-14\/wp-json\/wp\/v2\/comments?post=58598"}],"version-history":[{"count":5,"href":"https:\/\/www.praha14.cz\/zivot-na-praze-14\/wp-json\/wp\/v2\/pages\/58598\/revisions"}],"predecessor-version":[{"id":58994,"href":"https:\/\/www.praha14.cz\/zivot-na-praze-14\/wp-json\/wp\/v2\/pages\/58598\/revisions\/58994"}],"up":[{"embeddable":true,"href":"https:\/\/www.praha14.cz\/zivot-na-praze-14\/wp-json\/wp\/v2\/pages\/58551"}],"wp:attachment":[{"href":"https:\/\/www.praha14.cz\/zivot-na-praze-14\/wp-json\/wp\/v2\/media?parent=58598"}],"curies":[{"name":"wp","href":"https:\/\/api.w.org\/{rel}","templated":true}]}}