{"id":58604,"date":"2021-05-18T09:09:02","date_gmt":"2021-05-18T09:09:02","guid":{"rendered":"https:\/\/www.praha14.cz\/zivot-na-praze-14\/?page_id=58604"},"modified":"2023-02-01T08:14:19","modified_gmt":"2023-02-01T08:14:19","slug":"mestska-zelen-a-parky","status":"publish","type":"page","link":"https:\/\/www.praha14.cz\/zivot-na-praze-14\/globalni-odpovednost\/mestska-zelen-a-parky\/","title":{"rendered":"M\u011bstsk\u00e1 zele\u0148 a parky"},"content":{"rendered":"<p><img loading=\"lazy\" decoding=\"async\" class=\"alignleft wp-image-58694\" title=\"Central park\" src=\"https:\/\/www.praha14.cz\/app\/uploads\/sites\/4\/2021\/05\/Central-park-5b-scaled.jpg\" alt=\"Central park\" width=\"297\" height=\"198\" srcset=\"https:\/\/www.praha14.cz\/app\/uploads\/sites\/4\/2021\/05\/Central-park-5b-scaled.jpg 2560w, https:\/\/www.praha14.cz\/app\/uploads\/sites\/4\/2021\/05\/Central-park-5b-370x247.jpg 370w, https:\/\/www.praha14.cz\/app\/uploads\/sites\/4\/2021\/05\/Central-park-5b-1024x683.jpg 1024w, https:\/\/www.praha14.cz\/app\/uploads\/sites\/4\/2021\/05\/Central-park-5b-768x512.jpg 768w, https:\/\/www.praha14.cz\/app\/uploads\/sites\/4\/2021\/05\/Central-park-5b-1536x1024.jpg 1536w, https:\/\/www.praha14.cz\/app\/uploads\/sites\/4\/2021\/05\/Central-park-5b-2048x1365.jpg 2048w\" sizes=\"(max-width: 297px) 100vw, 297px\" \/>M\u010c je ze 71 % pokryt\u00e1 zelen\u00ed, p\u0159i\u010dem\u017e jde o ned\u00edlnou sou\u010d\u00e1st \u00fazem\u00ed, kter\u00e9 je d\u00e1le tvo\u0159eno obytnou i komer\u010dn\u00ed z\u00e1stavbou a komunikacemi a ob\u010dany je vn\u00edm\u00e1no jako pobytov\u00fd celek. Dle jejich po\u017eadavk\u016f by tento prostor m\u011bl b\u00fdt \u00fa\u010deln\u011b uzp\u016fsoben\u00fd, dostate\u010dn\u011b vybaven\u00fd a z\u00e1rove\u0148 p\u0159\u00edjemn\u00fd pro \u017eivot, tedy s v\u00fdrazn\u00fdm objemem zelen\u011b a p\u0159\u00edrodn\u00edho prostoru pro klidov\u00fd re\u017eim a tr\u00e1ven\u00ed voln\u00e9ho \u010dasu.<\/p>\n<p>Z\u00e1m\u011brem M\u010c v\u00a0t\u00e9to oblasti je realizovat takov\u00e1 opat\u0159en\u00ed, kter\u00e1 povedou k\u00a0zachov\u00e1n\u00ed sou\u010dasn\u00e9ho stavu zelen\u011b, zaji\u0161t\u011bn\u00ed jej\u00ed vhodn\u00e9 \u00fadr\u017eby a obnovu \u010di rozumn\u00e9 dopln\u011bn\u00ed prvk\u016f zelen\u011b a to s\u00a0ohledem na\u00a0majetkov\u00e9 a pr\u00e1vn\u00ed vztahy.<\/p>\n<p><strong><u>Mezi hlavn\u00ed specifick\u00e9 c\u00edle pat\u0159\u00ed:<\/u><\/strong><\/p>\n<ul>\n<li>Podpo\u0159en\u00e1 biodiverzita a p\u0159\u00edrod\u011b bl\u00edzk\u00e1 \u00fadr\u017eba travnat\u00fdch ploch<\/li>\n<li>Revitalizovan\u00e9\/obnoven\u00e9 parky, zahrady, lesy a dal\u0161\u00ed zelen\u00e9 ve\u0159ejn\u00e9 plochy<\/li>\n<\/ul>\n<p>Vzhledem k\u00a0tomu, \u017ee velk\u00e1 \u010d\u00e1st zelen\u011b na \u00fazem\u00ed M\u010c Praha 14 je spravov\u00e1na hl. m. Praha, je t\u0159eba ve\u0161ker\u00e9 z\u00e1sahy koordinovat s\u00a0dal\u0161\u00edmi subjekty a za podpory odborn\u00edk\u016f iniciovat a implementovat opat\u0159en\u00ed p\u0159\u00edrod\u011b bl\u00edzk\u00e1.<\/p>\n<section class=\"p14-panel-group\"><div id=\"panel_group_1\" class=\"panel-group\"><br \/>\n<article class=\"panel panel-default\">\n\t\t\t<div class=\"panel-heading\">\n\t\t\t\t<h1 class=\"panel-title\">\n\t\t\t\t\t<a data-toggle=\"collapse\" data-parent=\"#panel_group_1\" href=\"#panel_1_1\" class=\"collapsed\">\n\t\t\t\t\t\tPodpo\u0159en\u00e1 biodiverzita a p\u0159\u00edrod\u011b bl\u00edzk\u00e1 \u00fadr\u017eba travnat\u00fdch ploch\n\t\t\t\t\t<\/a>\n\t\t\t\t<\/h1>\n\t\t\t<\/div>\n\t\t\t<div id=\"panel_1_1\" class=\"panel-collapse collapse\">\n\t\t\t\t<div class=\"panel-body\">\n\t\t\t\t\t\n\t\t\t\t<\/div>\n\t\t\t<\/div>\n\t\t<\/article><br \/>\n<article class=\"panel panel-default\">\n\t\t\t<div class=\"panel-heading\">\n\t\t\t\t<h1 class=\"panel-title\">\n\t\t\t\t\t<a data-toggle=\"collapse\" data-parent=\"#panel_group_1\" href=\"#panel_1_2\" class=\"collapsed\">\n\t\t\t\t\t\tRevitalizovan\u00e9\/obnoven\u00e9 parky, zahrady, lesy a dal\u0161\u00ed zelen\u00e9 ve\u0159ejn\u00e9 plochy\n\t\t\t\t\t<\/a>\n\t\t\t\t<\/h1>\n\t\t\t<\/div>\n\t\t\t<div id=\"panel_1_2\" class=\"panel-collapse collapse\">\n\t\t\t\t<div class=\"panel-body\">\n\t\t\t\t\t\n\t\t\t\t<\/div>\n\t\t\t<\/div>\n\t\t<\/article><br \/>\n<\/div><\/section>\n","protected":false},"excerpt":{"rendered":"<p>M\u010c je ze 71 % pokryt\u00e1 zelen\u00ed, p\u0159i\u010dem\u017e jde o ned\u00edlnou sou\u010d\u00e1st \u00fazem\u00ed, kter\u00e9 je d\u00e1le tvo\u0159eno obytnou i komer\u010dn\u00ed z\u00e1stavbou a komunikacemi a ob\u010dany je vn\u00edm\u00e1no jako pobytov\u00fd celek. Dle jejich po\u017eadavk\u016f by tento prostor m\u011bl b\u00fdt \u00fa\u010deln\u011b uzp\u016fsoben\u00fd, dostate\u010dn\u011b vybaven\u00fd a z\u00e1rove\u0148 p\u0159\u00edjemn\u00fd pro \u017eivot, tedy s v\u00fdrazn\u00fdm objemem zelen\u011b a p\u0159\u00edrodn\u00edho prostoru&#8230;<\/p>\n","protected":false},"author":1057,"featured_media":0,"parent":58551,"menu_order":0,"comment_status":"closed","ping_status":"closed","template":"","meta":{"_acf_changed":false,"footnotes":""},"class_list":["post-58604","page","type-page","status-publish","hentry"],"acf":[],"yoast_head":"<!-- This site is optimized with the Yoast SEO plugin v27.2 - https:\/\/yoast.com\/product\/yoast-seo-wordpress\/ -->\n<title>M\u011bstsk\u00e1 zele\u0148 a parky - \u017divot na Praze 14<\/title>\n<meta name=\"robots\" content=\"index, follow, max-snippet:-1, max-image-preview:large, max-video-preview:-1\" \/>\n<link rel=\"canonical\" href=\"https:\/\/www.praha14.cz\/zivot-na-praze-14\/globalni-odpovednost\/mestska-zelen-a-parky\/\" \/>\n<meta property=\"og:locale\" content=\"cs_CZ\" \/>\n<meta property=\"og:type\" content=\"article\" \/>\n<meta property=\"og:title\" content=\"M\u011bstsk\u00e1 zele\u0148 a parky - \u017divot na Praze 14\" \/>\n<meta property=\"og:description\" content=\"M\u010c je ze 71 % pokryt\u00e1 zelen\u00ed, p\u0159i\u010dem\u017e jde o ned\u00edlnou sou\u010d\u00e1st \u00fazem\u00ed, kter\u00e9 je d\u00e1le tvo\u0159eno obytnou i komer\u010dn\u00ed z\u00e1stavbou a komunikacemi a ob\u010dany je vn\u00edm\u00e1no jako pobytov\u00fd celek. Dle jejich po\u017eadavk\u016f by tento prostor m\u011bl b\u00fdt \u00fa\u010deln\u011b uzp\u016fsoben\u00fd, dostate\u010dn\u011b vybaven\u00fd a z\u00e1rove\u0148 p\u0159\u00edjemn\u00fd pro \u017eivot, tedy s v\u00fdrazn\u00fdm objemem zelen\u011b a p\u0159\u00edrodn\u00edho prostoru...\" \/>\n<meta property=\"og:url\" content=\"https:\/\/www.praha14.cz\/zivot-na-praze-14\/globalni-odpovednost\/mestska-zelen-a-parky\/\" \/>\n<meta property=\"og:site_name\" content=\"\u017divot na Praze 14\" \/>\n<meta property=\"article:modified_time\" content=\"2023-02-01T08:14:19+00:00\" \/>\n<meta property=\"og:image\" content=\"https:\/\/www.praha14.cz\/app\/uploads\/sites\/4\/2021\/05\/Central-park-5b-scaled.jpg\" \/>\n<meta name=\"twitter:card\" content=\"summary_large_image\" \/>\n<meta name=\"twitter:label1\" content=\"Est. reading time\" \/>\n\t<meta name=\"twitter:data1\" content=\"2 minuty\" \/>\n<script type=\"application\/ld+json\" class=\"yoast-schema-graph\">{\"@context\":\"https:\/\/schema.org\",\"@graph\":[{\"@type\":\"WebPage\",\"@id\":\"https:\/\/www.praha14.cz\/zivot-na-praze-14\/globalni-odpovednost\/mestska-zelen-a-parky\/\",\"url\":\"https:\/\/www.praha14.cz\/zivot-na-praze-14\/globalni-odpovednost\/mestska-zelen-a-parky\/\",\"name\":\"M\u011bstsk\u00e1 zele\u0148 a parky - \u017divot na Praze 14\",\"isPartOf\":{\"@id\":\"https:\/\/www.praha14.cz\/zivot-na-praze-14\/#website\"},\"primaryImageOfPage\":{\"@id\":\"https:\/\/www.praha14.cz\/zivot-na-praze-14\/globalni-odpovednost\/mestska-zelen-a-parky\/#primaryimage\"},\"image\":{\"@id\":\"https:\/\/www.praha14.cz\/zivot-na-praze-14\/globalni-odpovednost\/mestska-zelen-a-parky\/#primaryimage\"},\"thumbnailUrl\":\"https:\/\/www.praha14.cz\/app\/uploads\/sites\/4\/2021\/05\/Central-park-5b-scaled.jpg\",\"datePublished\":\"2021-05-18T09:09:02+00:00\",\"dateModified\":\"2023-02-01T08:14:19+00:00\",\"breadcrumb\":{\"@id\":\"https:\/\/www.praha14.cz\/zivot-na-praze-14\/globalni-odpovednost\/mestska-zelen-a-parky\/#breadcrumb\"},\"inLanguage\":\"cs\",\"potentialAction\":[{\"@type\":\"ReadAction\",\"target\":[\"https:\/\/www.praha14.cz\/zivot-na-praze-14\/globalni-odpovednost\/mestska-zelen-a-parky\/\"]}]},{\"@type\":\"ImageObject\",\"inLanguage\":\"cs\",\"@id\":\"https:\/\/www.praha14.cz\/zivot-na-praze-14\/globalni-odpovednost\/mestska-zelen-a-parky\/#primaryimage\",\"url\":\"https:\/\/www.praha14.cz\/app\/uploads\/sites\/4\/2021\/05\/Central-park-5b-scaled.jpg\",\"contentUrl\":\"https:\/\/www.praha14.cz\/app\/uploads\/sites\/4\/2021\/05\/Central-park-5b-scaled.jpg\"},{\"@type\":\"BreadcrumbList\",\"@id\":\"https:\/\/www.praha14.cz\/zivot-na-praze-14\/globalni-odpovednost\/mestska-zelen-a-parky\/#breadcrumb\",\"itemListElement\":[{\"@type\":\"ListItem\",\"position\":1,\"name\":\"\u017divot na Praze 14\",\"item\":\"https:\/\/www.praha14.cz\/zivot-na-praze-14\/\"},{\"@type\":\"ListItem\",\"position\":2,\"name\":\"Glob\u00e1ln\u00ed odpov\u011bdnost\",\"item\":\"https:\/\/www.praha14.cz\/zivot-na-praze-14\/globalni-odpovednost\/\"},{\"@type\":\"ListItem\",\"position\":3,\"name\":\"M\u011bstsk\u00e1 zele\u0148 a parky\"}]},{\"@type\":\"WebSite\",\"@id\":\"https:\/\/www.praha14.cz\/zivot-na-praze-14\/#website\",\"url\":\"https:\/\/www.praha14.cz\/zivot-na-praze-14\/\",\"name\":\"\u017divot na Praze 14\",\"description\":\"\",\"potentialAction\":[{\"@type\":\"SearchAction\",\"target\":{\"@type\":\"EntryPoint\",\"urlTemplate\":\"https:\/\/www.praha14.cz\/zivot-na-praze-14\/?s={search_term_string}\"},\"query-input\":{\"@type\":\"PropertyValueSpecification\",\"valueRequired\":true,\"valueName\":\"search_term_string\"}}],\"inLanguage\":\"cs\"}]}<\/script>\n<!-- \/ Yoast SEO plugin. -->","yoast_head_json":{"title":"M\u011bstsk\u00e1 zele\u0148 a parky - \u017divot na Praze 14","robots":{"index":"index","follow":"follow","max-snippet":"max-snippet:-1","max-image-preview":"max-image-preview:large","max-video-preview":"max-video-preview:-1"},"canonical":"https:\/\/www.praha14.cz\/zivot-na-praze-14\/globalni-odpovednost\/mestska-zelen-a-parky\/","og_locale":"cs_CZ","og_type":"article","og_title":"M\u011bstsk\u00e1 zele\u0148 a parky - \u017divot na Praze 14","og_description":"M\u010c je ze 71 % pokryt\u00e1 zelen\u00ed, p\u0159i\u010dem\u017e jde o ned\u00edlnou sou\u010d\u00e1st \u00fazem\u00ed, kter\u00e9 je d\u00e1le tvo\u0159eno obytnou i komer\u010dn\u00ed z\u00e1stavbou a komunikacemi a ob\u010dany je vn\u00edm\u00e1no jako pobytov\u00fd celek. Dle jejich po\u017eadavk\u016f by tento prostor m\u011bl b\u00fdt \u00fa\u010deln\u011b uzp\u016fsoben\u00fd, dostate\u010dn\u011b vybaven\u00fd a z\u00e1rove\u0148 p\u0159\u00edjemn\u00fd pro \u017eivot, tedy s v\u00fdrazn\u00fdm objemem zelen\u011b a p\u0159\u00edrodn\u00edho prostoru...","og_url":"https:\/\/www.praha14.cz\/zivot-na-praze-14\/globalni-odpovednost\/mestska-zelen-a-parky\/","og_site_name":"\u017divot na Praze 14","article_modified_time":"2023-02-01T08:14:19+00:00","og_image":[{"url":"https:\/\/www.praha14.cz\/app\/uploads\/sites\/4\/2021\/05\/Central-park-5b-scaled.jpg","type":"","width":"","height":""}],"twitter_card":"summary_large_image","twitter_misc":{"Est. reading time":"2 minuty"},"schema":{"@context":"https:\/\/schema.org","@graph":[{"@type":"WebPage","@id":"https:\/\/www.praha14.cz\/zivot-na-praze-14\/globalni-odpovednost\/mestska-zelen-a-parky\/","url":"https:\/\/www.praha14.cz\/zivot-na-praze-14\/globalni-odpovednost\/mestska-zelen-a-parky\/","name":"M\u011bstsk\u00e1 zele\u0148 a parky - \u017divot na Praze 14","isPartOf":{"@id":"https:\/\/www.praha14.cz\/zivot-na-praze-14\/#website"},"primaryImageOfPage":{"@id":"https:\/\/www.praha14.cz\/zivot-na-praze-14\/globalni-odpovednost\/mestska-zelen-a-parky\/#primaryimage"},"image":{"@id":"https:\/\/www.praha14.cz\/zivot-na-praze-14\/globalni-odpovednost\/mestska-zelen-a-parky\/#primaryimage"},"thumbnailUrl":"https:\/\/www.praha14.cz\/app\/uploads\/sites\/4\/2021\/05\/Central-park-5b-scaled.jpg","datePublished":"2021-05-18T09:09:02+00:00","dateModified":"2023-02-01T08:14:19+00:00","breadcrumb":{"@id":"https:\/\/www.praha14.cz\/zivot-na-praze-14\/globalni-odpovednost\/mestska-zelen-a-parky\/#breadcrumb"},"inLanguage":"cs","potentialAction":[{"@type":"ReadAction","target":["https:\/\/www.praha14.cz\/zivot-na-praze-14\/globalni-odpovednost\/mestska-zelen-a-parky\/"]}]},{"@type":"ImageObject","inLanguage":"cs","@id":"https:\/\/www.praha14.cz\/zivot-na-praze-14\/globalni-odpovednost\/mestska-zelen-a-parky\/#primaryimage","url":"https:\/\/www.praha14.cz\/app\/uploads\/sites\/4\/2021\/05\/Central-park-5b-scaled.jpg","contentUrl":"https:\/\/www.praha14.cz\/app\/uploads\/sites\/4\/2021\/05\/Central-park-5b-scaled.jpg"},{"@type":"BreadcrumbList","@id":"https:\/\/www.praha14.cz\/zivot-na-praze-14\/globalni-odpovednost\/mestska-zelen-a-parky\/#breadcrumb","itemListElement":[{"@type":"ListItem","position":1,"name":"\u017divot na Praze 14","item":"https:\/\/www.praha14.cz\/zivot-na-praze-14\/"},{"@type":"ListItem","position":2,"name":"Glob\u00e1ln\u00ed odpov\u011bdnost","item":"https:\/\/www.praha14.cz\/zivot-na-praze-14\/globalni-odpovednost\/"},{"@type":"ListItem","position":3,"name":"M\u011bstsk\u00e1 zele\u0148 a parky"}]},{"@type":"WebSite","@id":"https:\/\/www.praha14.cz\/zivot-na-praze-14\/#website","url":"https:\/\/www.praha14.cz\/zivot-na-praze-14\/","name":"\u017divot na Praze 14","description":"","potentialAction":[{"@type":"SearchAction","target":{"@type":"EntryPoint","urlTemplate":"https:\/\/www.praha14.cz\/zivot-na-praze-14\/?s={search_term_string}"},"query-input":{"@type":"PropertyValueSpecification","valueRequired":true,"valueName":"search_term_string"}}],"inLanguage":"cs"}]}},"_links":{"self":[{"href":"https:\/\/www.praha14.cz\/zivot-na-praze-14\/wp-json\/wp\/v2\/pages\/58604","targetHints":{"allow":["GET"]}}],"collection":[{"href":"https:\/\/www.praha14.cz\/zivot-na-praze-14\/wp-json\/wp\/v2\/pages"}],"about":[{"href":"https:\/\/www.praha14.cz\/zivot-na-praze-14\/wp-json\/wp\/v2\/types\/page"}],"author":[{"embeddable":true,"href":"https:\/\/www.praha14.cz\/zivot-na-praze-14\/wp-json\/wp\/v2\/users\/1057"}],"replies":[{"embeddable":true,"href":"https:\/\/www.praha14.cz\/zivot-na-praze-14\/wp-json\/wp\/v2\/comments?post=58604"}],"version-history":[{"count":7,"href":"https:\/\/www.praha14.cz\/zivot-na-praze-14\/wp-json\/wp\/v2\/pages\/58604\/revisions"}],"predecessor-version":[{"id":66053,"href":"https:\/\/www.praha14.cz\/zivot-na-praze-14\/wp-json\/wp\/v2\/pages\/58604\/revisions\/66053"}],"up":[{"embeddable":true,"href":"https:\/\/www.praha14.cz\/zivot-na-praze-14\/wp-json\/wp\/v2\/pages\/58551"}],"wp:attachment":[{"href":"https:\/\/www.praha14.cz\/zivot-na-praze-14\/wp-json\/wp\/v2\/media?parent=58604"}],"curies":[{"name":"wp","href":"https:\/\/api.w.org\/{rel}","templated":true}]}}